{"id":1,"date":"2020-07-15T15:22:39","date_gmt":"2020-07-15T15:22:39","guid":{"rendered":"https:\/\/www.africa-press.com\/niger\/?page_id=1"},"modified":"2021-03-27T17:40:02","modified_gmt":"2021-03-27T17:40:02","slug":"niger","status":"publish","type":"page","link":"https:\/\/www.africa-press.net\/benin\/","title":{"rendered":"Benin"},"content":{"rendered":"<div id=\"td_uid_1_69f066d15a238\" class=\"tdc-zone\"><div class=\"tdc_zone td_uid_1_69f066d15a23f_rand  wpb_row td-pb-row\"  >\n<style scoped>\n\n\/* custom css *\/\n.td_uid_1_69f066d15a23f_rand {\r\n                    min-height: 0;\r\n                }\n<\/style><div id=\"td_uid_2_69f066d15a420\" class=\"tdc-row\"><div id=\"news-title\" class=\"vc_row vc_custom_1506623668660 td_uid_2_69f066d15a423_rand  wpb_row td-pb-row\" >\n<style scoped>\n\n\/* tdc_composer_block - inline css att *\/\n.vc_custom_1506623668660{border-top-width: 5px !important;border-right-width: 5px !important;border-bottom-width: 5px !important;border-left-width: 5px !important;border-left-color: #ffffff !important;border-right-color: #ffffff !important;border-top-color: #ffffff !important;border-bottom-color: #ffffff !important;}\n\/* custom css *\/\n.td_uid_2_69f066d15a423_rand {\r\n                    min-height: 0;\r\n                }\n<\/style><div class=\"vc_column td_uid_3_69f066d15a589_rand  wpb_column vc_column_container tdc-column td-pb-span12\">\n<style scoped>\n\n\/* custom css *\/\n.td_uid_3_69f066d15a589_rand {\r\n                    vertical-align: baseline;\r\n                }\n<\/style><div class=\"wpb_wrapper\"><div class=\"td-big-grid-slide td_block_wrap\" id=\"iosSlider_td_uid_4_69f066d15a73c\"><div class=\"td-theme-slider td_block_inner\" id=\"td_uid_4_69f066d15a73c\"><div class=\"td_block_wrap td_block_big_grid_2 item td_uid_5_69f066d15dc63_rand td-grid-style-1 td-hover-1 td-big-grids td-pb-border-top td_block_template_1\"  data-td-block-uid=\"td_uid_5_69f066d15dc63\" ><div id=td_uid_5_69f066d15dc63 class=\"td_block_inner\"><div class=\"td-big-grid-wrapper\">\r\n        <div class=\"td_module_mx9 td-animation-stack td-big-grid-post-0 td-big-grid-post td-big-thumb\">\r\n            <div class=\"td-module-thumb\"><a href=\"https:\/\/www.africa-press.net\/benin\/politique\/annulation-de-voix-justifiee-par-la-cour-pour-2026\" rel=\"bookmark\" class=\"td-image-wrap\" title=\"Annulation de Voix Justifi\u00e9e par la Cour pour 2026\"><img loading=\"lazy\" decoding=\"async\" class=\"entry-thumb\" src=\"data:image\/png;base64,iVBORw0KGgoAAAANSUhEUgAAAuUAAAHmAQMAAADuiGKOAAAAA1BMVEWurq51dlI4AAAAAXRSTlMmkutdmwAAAENJREFUeNrtwYEAAAAAw6D7Ux9gCtUAAAAAAAAAAAAAAAAAAAAAAAAAAAAAAAAAAAAAAAAAAAAAAAAAAAAAAAAAAIgDsnQAAavKUH8AAAAASUVORK5CYII=\" alt=\"Annulation de Voix Justifi\u00e9e par la Cour pour 2026\" title=\"Annulation de Voix Justifi\u00e9e par la Cour pour 2026\" data-type=\"image_tag\" data-img-url=\"https:\/\/static.africa-press.net\/benin\/sites\/46\/2026\/04\/sm_1776564700.752035-741x486.jpg\"  width=\"741\" height=\"486\" \/><\/a><\/div>            <div class=\"td-meta-info-container\">\r\n                <div class=\"td-meta-align\">\r\n                    <div class=\"td-big-grid-meta\">\r\n                                                <h3 class=\"entry-title td-module-title\"><a href=\"https:\/\/www.africa-press.net\/benin\/politique\/annulation-de-voix-justifiee-par-la-cour-pour-2026\" rel=\"bookmark\" title=\"Annulation de Voix Justifi\u00e9e par la Cour pour 2026\">Annulation de Voix Justifi\u00e9e par la Cour pour 2026<\/a><\/h3>                    <\/div>\r\n                    <div class=\"td-module-meta-info\">\r\n                                                <span class=\"td-post-date\"><time class=\"entry-date updated td-module-date\" datetime=\"2026-04-18T22:51:11+00:00\" >2026-04-18<\/time><\/span>                    <\/div>\r\n                <\/div>\r\n            <\/div>\r\n\r\n        <\/div>\r\n\r\n        <div class=\"td-big-grid-scroll\">\r\n        <div class=\"td_module_mx10 td-animation-stack td-big-grid-post-1 td-big-grid-post td-small-thumb\">\r\n            <div class=\"td-module-thumb\"><a href=\"https:\/\/www.africa-press.net\/benin\/politique\/attaque-a-segbana-quatre-civils-tues-six-assaillants-neutralises\" rel=\"bookmark\" class=\"td-image-wrap\" title=\"Attaque \u00e0 S\u00e9gbana: quatre civils tu\u00e9s, six assaillants neutralis\u00e9s\"><img loading=\"lazy\" decoding=\"async\" class=\"entry-thumb\" src=\"data:image\/png;base64,iVBORw0KGgoAAAANSUhEUgAAAUQAAACgAQMAAABOhoelAAAAA1BMVEWurq51dlI4AAAAAXRSTlMmkutdmwAAAB1JREFUWMPtwTEBAAAAwiD7p\/ZdCGAAAAAAAAAQBxpAAAH8le3bAAAAAElFTkSuQmCC\" alt=\"Attaque \u00e0 S\u00e9gbana: quatre civils tu\u00e9s, six assaillants neutralis\u00e9s\" title=\"Attaque \u00e0 S\u00e9gbana: quatre civils tu\u00e9s, six assaillants neutralis\u00e9s\" data-type=\"image_tag\" data-img-url=\"https:\/\/static.africa-press.net\/benin\/sites\/46\/2026\/03\/sm_1773516151.374672-324x160.jpg\"  width=\"324\" height=\"160\" \/><\/a><\/div>            <div class=\"td-meta-info-container\">\r\n                <div class=\"td-meta-align\">\r\n                    <div class=\"td-big-grid-meta\">\r\n                                                <h3 class=\"entry-title td-module-title\"><a href=\"https:\/\/www.africa-press.net\/benin\/politique\/attaque-a-segbana-quatre-civils-tues-six-assaillants-neutralises\" rel=\"bookmark\" title=\"Attaque \u00e0 S\u00e9gbana: quatre civils tu\u00e9s, six assaillants neutralis\u00e9s\">Attaque \u00e0 S\u00e9gbana: quatre civils tu\u00e9s, six assaillants neutralis\u00e9s<\/a><\/h3>                    <\/div>\r\n                <\/div>\r\n            <\/div>\r\n\r\n        <\/div>\r\n\r\n        \r\n        <div class=\"td_module_mx10 td-animation-stack td-big-grid-post-2 td-big-grid-post td-small-thumb\">\r\n            <div class=\"td-module-thumb\"><a href=\"https:\/\/www.africa-press.net\/benin\/politique\/presidentielle-2026-haac-regule-campagne-mediatique\" rel=\"bookmark\" class=\"td-image-wrap\" title=\"Pr\u00e9sidentielle 2026: HAAC R\u00e9gule Campagne M\u00e9diatique\"><img loading=\"lazy\" decoding=\"async\" class=\"entry-thumb\" src=\"data:image\/png;base64,iVBORw0KGgoAAAANSUhEUgAAAUQAAACgAQMAAABOhoelAAAAA1BMVEWurq51dlI4AAAAAXRSTlMmkutdmwAAAB1JREFUWMPtwTEBAAAAwiD7p\/ZdCGAAAAAAAAAQBxpAAAH8le3bAAAAAElFTkSuQmCC\" alt=\"Pr\u00e9sidentielle 2026: HAAC R\u00e9gule Campagne M\u00e9diatique\" title=\"Pr\u00e9sidentielle 2026: HAAC R\u00e9gule Campagne M\u00e9diatique\" data-type=\"image_tag\" data-img-url=\"https:\/\/static.africa-press.net\/benin\/sites\/46\/2026\/03\/sm_1773439401.564646-324x160.jpg\"  width=\"324\" height=\"160\" \/><\/a><\/div>            <div class=\"td-meta-info-container\">\r\n                <div class=\"td-meta-align\">\r\n                    <div class=\"td-big-grid-meta\">\r\n                                                <h3 class=\"entry-title td-module-title\"><a href=\"https:\/\/www.africa-press.net\/benin\/politique\/presidentielle-2026-haac-regule-campagne-mediatique\" rel=\"bookmark\" title=\"Pr\u00e9sidentielle 2026: HAAC R\u00e9gule Campagne M\u00e9diatique\">Pr\u00e9sidentielle 2026: HAAC R\u00e9gule Campagne M\u00e9diatique<\/a><\/h3>                    <\/div>\r\n                <\/div>\r\n            <\/div>\r\n\r\n        <\/div>\r\n\r\n        \r\n        <div class=\"td_module_mx10 td-animation-stack td-big-grid-post-3 td-big-grid-post td-small-thumb\">\r\n            <div class=\"td-module-thumb\"><a href=\"https:\/\/www.africa-press.net\/benin\/politique\/presidentielle-2026-calendrier-du-premier-tour\" rel=\"bookmark\" class=\"td-image-wrap\" title=\"Pre\u0301sidentielle 2026: Calendrier Du Premier Tour\"><img loading=\"lazy\" decoding=\"async\" class=\"entry-thumb\" src=\"data:image\/png;base64,iVBORw0KGgoAAAANSUhEUgAAAUQAAACgAQMAAABOhoelAAAAA1BMVEWurq51dlI4AAAAAXRSTlMmkutdmwAAAB1JREFUWMPtwTEBAAAAwiD7p\/ZdCGAAAAAAAAAQBxpAAAH8le3bAAAAAElFTkSuQmCC\" alt=\"Pre\u0301sidentielle 2026: Calendrier Du Premier Tour\" title=\"Pre\u0301sidentielle 2026: Calendrier Du Premier Tour\" data-type=\"image_tag\" data-img-url=\"https:\/\/static.africa-press.net\/benin\/sites\/46\/2026\/02\/sm_1772046789.488113-324x160.jpg\"  width=\"324\" height=\"160\" \/><\/a><\/div>            <div class=\"td-meta-info-container\">\r\n                <div class=\"td-meta-align\">\r\n                    <div class=\"td-big-grid-meta\">\r\n                                                <h3 class=\"entry-title td-module-title\"><a href=\"https:\/\/www.africa-press.net\/benin\/politique\/presidentielle-2026-calendrier-du-premier-tour\" rel=\"bookmark\" title=\"Pre\u0301sidentielle 2026: Calendrier Du Premier Tour\">Pre\u0301sidentielle 2026: Calendrier Du Premier Tour<\/a><\/h3>                    <\/div>\r\n                <\/div>\r\n            <\/div>\r\n\r\n        <\/div>\r\n\r\n        <\/div><\/div><div class=\"clearfix\"><\/div><\/div><\/div> <!-- .\/block --><div class=\"td_block_wrap td_block_big_grid_2 item td_uid_6_69f066d161d14_rand td-grid-style-1 td-hover-1 td-big-grids td-pb-border-top td_block_template_1\"  data-td-block-uid=\"td_uid_6_69f066d161d14\" ><div id=td_uid_6_69f066d161d14 class=\"td_block_inner\"><div class=\"td-big-grid-wrapper\">\r\n        <div class=\"td_module_mx9 td-animation-stack td-big-grid-post-0 td-big-grid-post td-big-thumb\">\r\n            <div class=\"td-module-thumb\"><a href=\"https:\/\/www.africa-press.net\/benin\/politique\/recommandations-ndi-pour-les-elections-presidentielles-2026\" rel=\"bookmark\" class=\"td-image-wrap\" title=\"Recommandations NDI Pour Les \u00c9lections Pr\u00e9sidentielles 2026\"><img loading=\"lazy\" decoding=\"async\" class=\"entry-thumb\" src=\"data:image\/png;base64,iVBORw0KGgoAAAANSUhEUgAAAuUAAAHmAQMAAADuiGKOAAAAA1BMVEWurq51dlI4AAAAAXRSTlMmkutdmwAAAENJREFUeNrtwYEAAAAAw6D7Ux9gCtUAAAAAAAAAAAAAAAAAAAAAAAAAAAAAAAAAAAAAAAAAAAAAAAAAAAAAAAAAAIgDsnQAAavKUH8AAAAASUVORK5CYII=\" alt=\"Recommandations NDI Pour Les \u00c9lections Pr\u00e9sidentielles 2026\" title=\"Recommandations NDI Pour Les \u00c9lections Pr\u00e9sidentielles 2026\" data-type=\"image_tag\" data-img-url=\"https:\/\/static.africa-press.net\/benin\/sites\/46\/2026\/02\/sm_1771873069.374612-741x486.jpg\"  width=\"741\" height=\"486\" \/><\/a><\/div>            <div class=\"td-meta-info-container\">\r\n                <div class=\"td-meta-align\">\r\n                    <div class=\"td-big-grid-meta\">\r\n                                                <h3 class=\"entry-title td-module-title\"><a href=\"https:\/\/www.africa-press.net\/benin\/politique\/recommandations-ndi-pour-les-elections-presidentielles-2026\" rel=\"bookmark\" title=\"Recommandations NDI Pour Les \u00c9lections Pr\u00e9sidentielles 2026\">Recommandations NDI Pour Les \u00c9lections Pr\u00e9sidentielles 2026<\/a><\/h3>                    <\/div>\r\n                    <div class=\"td-module-meta-info\">\r\n                                                <span class=\"td-post-date\"><time class=\"entry-date updated td-module-date\" datetime=\"2026-02-23T18:38:23+00:00\" >2026-02-23<\/time><\/span>                    <\/div>\r\n                <\/div>\r\n            <\/div>\r\n\r\n        <\/div>\r\n\r\n        <div class=\"td-big-grid-scroll\">\r\n        <div class=\"td_module_mx10 td-animation-stack td-big-grid-post-1 td-big-grid-post td-small-thumb\">\r\n            <div class=\"td-module-thumb\"><a href=\"https:\/\/www.africa-press.net\/benin\/politique\/benin-talon-refuse-de-reamenager-son-gouvernement\" rel=\"bookmark\" class=\"td-image-wrap\" title=\"Be\u0301nin: Talon Refuse de Re\u0301ame\u0301nager Son Gouvernement\"><img loading=\"lazy\" decoding=\"async\" class=\"entry-thumb\" src=\"data:image\/png;base64,iVBORw0KGgoAAAANSUhEUgAAAUQAAACgAQMAAABOhoelAAAAA1BMVEWurq51dlI4AAAAAXRSTlMmkutdmwAAAB1JREFUWMPtwTEBAAAAwiD7p\/ZdCGAAAAAAAAAQBxpAAAH8le3bAAAAAElFTkSuQmCC\" alt=\"Be\u0301nin: Talon Refuse de Re\u0301ame\u0301nager Son Gouvernement\" title=\"Be\u0301nin: Talon Refuse de Re\u0301ame\u0301nager Son Gouvernement\" data-type=\"image_tag\" data-img-url=\"https:\/\/static.africa-press.net\/benin\/sites\/46\/2026\/02\/sm_1771629271.466871-324x160.jpg\"  width=\"324\" height=\"160\" \/><\/a><\/div>            <div class=\"td-meta-info-container\">\r\n                <div class=\"td-meta-align\">\r\n                    <div class=\"td-big-grid-meta\">\r\n                                                <h3 class=\"entry-title td-module-title\"><a href=\"https:\/\/www.africa-press.net\/benin\/politique\/benin-talon-refuse-de-reamenager-son-gouvernement\" rel=\"bookmark\" title=\"Be\u0301nin: Talon Refuse de Re\u0301ame\u0301nager Son Gouvernement\">Be\u0301nin: Talon Refuse de Re\u0301ame\u0301nager Son Gouvernement<\/a><\/h3>                    <\/div>\r\n                <\/div>\r\n            <\/div>\r\n\r\n        <\/div>\r\n\r\n        \r\n        <div class=\"td_module_mx10 td-animation-stack td-big-grid-post-2 td-big-grid-post td-small-thumb\">\r\n            <div class=\"td-module-thumb\"><a href=\"https:\/\/www.africa-press.net\/benin\/politique\/le-japon-et-le-benin-renforcent-leur-dialogue-academique\" rel=\"bookmark\" class=\"td-image-wrap\" title=\"Le Japon Et Le B\u00e9nin Renforcent Leur Dialogue Acad\u00e9mique\"><img loading=\"lazy\" decoding=\"async\" class=\"entry-thumb\" src=\"data:image\/png;base64,iVBORw0KGgoAAAANSUhEUgAAAUQAAACgAQMAAABOhoelAAAAA1BMVEWurq51dlI4AAAAAXRSTlMmkutdmwAAAB1JREFUWMPtwTEBAAAAwiD7p\/ZdCGAAAAAAAAAQBxpAAAH8le3bAAAAAElFTkSuQmCC\" alt=\"Le Japon Et Le B\u00e9nin Renforcent Leur Dialogue Acad\u00e9mique\" title=\"Le Japon Et Le B\u00e9nin Renforcent Leur Dialogue Acad\u00e9mique\" data-type=\"image_tag\" data-img-url=\"https:\/\/static.africa-press.net\/benin\/sites\/46\/2026\/02\/sm_1771270745.049672-324x160.jpg\"  width=\"324\" height=\"160\" \/><\/a><\/div>            <div class=\"td-meta-info-container\">\r\n                <div class=\"td-meta-align\">\r\n                    <div class=\"td-big-grid-meta\">\r\n                                                <h3 class=\"entry-title td-module-title\"><a href=\"https:\/\/www.africa-press.net\/benin\/politique\/le-japon-et-le-benin-renforcent-leur-dialogue-academique\" rel=\"bookmark\" title=\"Le Japon Et Le B\u00e9nin Renforcent Leur Dialogue Acad\u00e9mique\">Le Japon Et Le B\u00e9nin Renforcent Leur Dialogue Acad\u00e9mique<\/a><\/h3>                    <\/div>\r\n                <\/div>\r\n            <\/div>\r\n\r\n        <\/div>\r\n\r\n        \r\n        <div class=\"td_module_mx10 td-animation-stack td-big-grid-post-3 td-big-grid-post td-small-thumb\">\r\n            <div class=\"td-module-thumb\"><a href=\"https:\/\/www.africa-press.net\/benin\/politique\/putsch-manque-au-benin-reaction-du-general-tiani\" rel=\"bookmark\" class=\"td-image-wrap\" title=\"Putsch Manque\u0301 Au Be\u0301nin: Re\u0301action Du Ge\u0301ne\u0301ral Tiani\"><img loading=\"lazy\" decoding=\"async\" class=\"entry-thumb\" src=\"data:image\/png;base64,iVBORw0KGgoAAAANSUhEUgAAAUQAAACgAQMAAABOhoelAAAAA1BMVEWurq51dlI4AAAAAXRSTlMmkutdmwAAAB1JREFUWMPtwTEBAAAAwiD7p\/ZdCGAAAAAAAAAQBxpAAAH8le3bAAAAAElFTkSuQmCC\" alt=\"Putsch Manque\u0301 Au Be\u0301nin: Re\u0301action Du Ge\u0301ne\u0301ral Tiani\" title=\"Putsch Manque\u0301 Au Be\u0301nin: Re\u0301action Du Ge\u0301ne\u0301ral Tiani\" data-type=\"image_tag\" data-img-url=\"https:\/\/static.africa-press.net\/benin\/sites\/46\/2026\/02\/sm_1771090181.734366-324x160.jpg\"  width=\"324\" height=\"160\" \/><\/a><\/div>            <div class=\"td-meta-info-container\">\r\n                <div class=\"td-meta-align\">\r\n                    <div class=\"td-big-grid-meta\">\r\n                                                <h3 class=\"entry-title td-module-title\"><a href=\"https:\/\/www.africa-press.net\/benin\/politique\/putsch-manque-au-benin-reaction-du-general-tiani\" rel=\"bookmark\" title=\"Putsch Manque\u0301 Au Be\u0301nin: Re\u0301action Du Ge\u0301ne\u0301ral Tiani\">Putsch Manque\u0301 Au Be\u0301nin: Re\u0301action Du Ge\u0301ne\u0301ral Tiani<\/a><\/h3>                    <\/div>\r\n                <\/div>\r\n            <\/div>\r\n\r\n        <\/div>\r\n\r\n        <\/div><\/div><div class=\"clearfix\"><\/div><\/div><\/div> <!-- .\/block --><\/div><i class = \"td-icon-left\"><\/i><i class = \"td-icon-right\"><\/i><\/div><\/div><\/div><\/div><\/div><div id=\"td_uid_4_69f066d165794\" class=\"tdc-row\"><div class=\"vc_row td_uid_7_69f066d165799_rand  wpb_row td-pb-row\" >\n<style scoped>\n\n\/* custom css *\/\n.td_uid_7_69f066d165799_rand {\r\n                    min-height: 0;\r\n                }\n<\/style><div class=\"vc_column td_uid_8_69f066d165913_rand  wpb_column vc_column_container tdc-column td-pb-span8\">\n<style scoped>\n\n\/* custom css *\/\n.td_uid_8_69f066d165913_rand {\r\n                    vertical-align: baseline;\r\n                }\n\/* inline tdc_css att *\/\n\n.td_uid_8_69f066d165913_rand{\nposition:relative;\n}\n\n<\/style>\n<div class=\"td_uid_5_69f066d165910_rand_style td-element-style\" ><style>\n.td_uid_5_69f066d165910_rand_style{\nbackground-color:#ffffff !important;\n}\n <\/style><\/div><div class=\"wpb_wrapper\"><div class=\"td_block_wrap td_block_9 td_uid_9_69f066d165a84_rand td-pb-border-top td_block_template_1 td-column-2 td_block_padding td_block_bot_line\"  data-td-block-uid=\"td_uid_9_69f066d165a84\" >\n<style>\n.td-theme-wrap .td_uid_9_69f066d165a84_rand .td-pulldown-filter-link:hover,\r\n            .td-theme-wrap .td_uid_9_69f066d165a84_rand .td-subcat-item a:hover,\r\n            .td-theme-wrap .td_uid_9_69f066d165a84_rand .td-subcat-item .td-cur-simple-item {\r\n                color: #1e73be;\r\n            }\r\n\r\n            .td-theme-wrap .td_uid_9_69f066d165a84_rand .block-title > *,\r\n            .td-theme-wrap .td_uid_9_69f066d165a84_rand .td-subcat-dropdown:hover .td-subcat-more {\r\n                background-color: #1e73be;\r\n            }\r\n            .td-theme-wrap .td-footer-wrapper .td_uid_9_69f066d165a84_rand .block-title > * {\r\n                padding: 6px 7px 5px;\r\n                line-height: 1;\r\n            }\r\n\r\n            .td-theme-wrap .td_uid_9_69f066d165a84_rand .block-title {\r\n                border-color: #1e73be;\r\n            }\r\n\r\n            \r\n            .td-theme-wrap .td_uid_9_69f066d165a84_rand .td_module_wrap:hover .entry-title a,\r\n            .td-theme-wrap .td_uid_9_69f066d165a84_rand .td_quote_on_blocks,\r\n            .td-theme-wrap .td_uid_9_69f066d165a84_rand .td-opacity-cat .td-post-category:hover,\r\n            .td-theme-wrap .td_uid_9_69f066d165a84_rand .td-opacity-read .td-read-more a:hover,\r\n            .td-theme-wrap .td_uid_9_69f066d165a84_rand .td-opacity-author .td-post-author-name a:hover,\r\n            .td-theme-wrap .td_uid_9_69f066d165a84_rand .td-instagram-user a {\r\n                color: #1e73be;\r\n            }\r\n\r\n            .td-theme-wrap .td_uid_9_69f066d165a84_rand .td-next-prev-wrap a:hover,\r\n            .td-theme-wrap .td_uid_9_69f066d165a84_rand .td-load-more-wrap a:hover {\r\n                background-color: #1e73be;\r\n                border-color: #1e73be;\r\n            }\r\n\r\n            .td-theme-wrap .td_uid_9_69f066d165a84_rand .td-read-more a,\r\n            .td-theme-wrap .td_uid_9_69f066d165a84_rand .td-weather-information:before,\r\n            .td-theme-wrap .td_uid_9_69f066d165a84_rand .td-weather-week:before,\r\n            .td-theme-wrap .td_uid_9_69f066d165a84_rand .td-exchange-header:before,\r\n            .td-theme-wrap .td-footer-wrapper .td_uid_9_69f066d165a84_rand .td-post-category,\r\n            .td-theme-wrap .td_uid_9_69f066d165a84_rand .td-post-category:hover {\r\n                background-color: #1e73be;\r\n            }\n\/* inline tdc_css att *\/\n\n\/* desktop *\/ @media(min-width: 1141px) { .td_uid_9_69f066d165a84_rand { \ndisplay:none !important;\n} }\n\n\/* portrait *\/\n@media (min-width: 768px) and (max-width: 1018px)\n{\n.td_uid_9_69f066d165a84_rand{\ndisplay:none !important;\n}\n}\n\n\/* landscape *\/\n@media (min-width: 1019px) and (max-width: 1140px)\n{\n.td_uid_9_69f066d165a84_rand{\ndisplay:none !important;\n}\n}\n\n<\/style><script>var block_td_uid_9_69f066d165a84 = new tdBlock();\nblock_td_uid_9_69f066d165a84.id = \"td_uid_9_69f066d165a84\";\nblock_td_uid_9_69f066d165a84.atts = '{\"custom_title\":\"Toutes les nouvelles\",\"category_id\":\"10\",\"limit\":\"10\",\"header_color\":\"#1e73be\",\"separator\":\"\",\"tdc_css\":\"eyJwb3J0cmFpdCI6eyJkaXNwbGF5Ijoibm9uZSJ9LCJwb3J0cmFpdF9tYXhfd2lkdGgiOjEwMTgsInBvcnRyYWl0X21pbl93aWR0aCI6NzY4LCJsYW5kc2NhcGUiOnsiZGlzcGxheSI6Im5vbmUifSwibGFuZHNjYXBlX21heF93aWR0aCI6MTE0MCwibGFuZHNjYXBlX21pbl93aWR0aCI6MTAxOSwiYWxsIjp7ImRpc3BsYXkiOiJub25lIn19\",\"custom_url\":\"\",\"block_template_id\":\"\",\"m8_tl\":\"\",\"post_ids\":\"\",\"category_ids\":\"\",\"tag_slug\":\"\",\"autors_id\":\"\",\"installed_post_types\":\"\",\"sort\":\"\",\"offset\":\"\",\"show_modified_date\":\"\",\"el_class\":\"\",\"td_ajax_filter_type\":\"\",\"td_ajax_filter_ids\":\"\",\"td_filter_default_txt\":\"All\",\"td_ajax_preloading\":\"\",\"f_header_font_header\":\"\",\"f_header_font_title\":\"Block header\",\"f_header_font_settings\":\"\",\"f_header_font_family\":\"\",\"f_header_font_size\":\"\",\"f_header_font_line_height\":\"\",\"f_header_font_style\":\"\",\"f_header_font_weight\":\"\",\"f_header_font_transform\":\"\",\"f_header_font_spacing\":\"\",\"f_header_\":\"\",\"f_ajax_font_title\":\"Ajax categories\",\"f_ajax_font_settings\":\"\",\"f_ajax_font_family\":\"\",\"f_ajax_font_size\":\"\",\"f_ajax_font_line_height\":\"\",\"f_ajax_font_style\":\"\",\"f_ajax_font_weight\":\"\",\"f_ajax_font_transform\":\"\",\"f_ajax_font_spacing\":\"\",\"f_ajax_\":\"\",\"f_more_font_title\":\"Load more button\",\"f_more_font_settings\":\"\",\"f_more_font_family\":\"\",\"f_more_font_size\":\"\",\"f_more_font_line_height\":\"\",\"f_more_font_style\":\"\",\"f_more_font_weight\":\"\",\"f_more_font_transform\":\"\",\"f_more_font_spacing\":\"\",\"f_more_\":\"\",\"m8f_title_font_header\":\"\",\"m8f_title_font_title\":\"Article title\",\"m8f_title_font_settings\":\"\",\"m8f_title_font_family\":\"\",\"m8f_title_font_size\":\"\",\"m8f_title_font_line_height\":\"\",\"m8f_title_font_style\":\"\",\"m8f_title_font_weight\":\"\",\"m8f_title_font_transform\":\"\",\"m8f_title_font_spacing\":\"\",\"m8f_title_\":\"\",\"m8f_cat_font_title\":\"Article category tag\",\"m8f_cat_font_settings\":\"\",\"m8f_cat_font_family\":\"\",\"m8f_cat_font_size\":\"\",\"m8f_cat_font_line_height\":\"\",\"m8f_cat_font_style\":\"\",\"m8f_cat_font_weight\":\"\",\"m8f_cat_font_transform\":\"\",\"m8f_cat_font_spacing\":\"\",\"m8f_cat_\":\"\",\"m8f_meta_font_title\":\"Article meta info\",\"m8f_meta_font_settings\":\"\",\"m8f_meta_font_family\":\"\",\"m8f_meta_font_size\":\"\",\"m8f_meta_font_line_height\":\"\",\"m8f_meta_font_style\":\"\",\"m8f_meta_font_weight\":\"\",\"m8f_meta_font_transform\":\"\",\"m8f_meta_font_spacing\":\"\",\"m8f_meta_\":\"\",\"ajax_pagination\":\"\",\"ajax_pagination_infinite_stop\":\"\",\"css\":\"\",\"td_column_number\":2,\"color_preset\":\"\",\"border_top\":\"\",\"class\":\"td_uid_9_69f066d165a84_rand\",\"tdc_css_class\":\"td_uid_9_69f066d165a84_rand\",\"tdc_css_class_style\":\"td_uid_9_69f066d165a84_rand_style\"}';\nblock_td_uid_9_69f066d165a84.td_column_number = \"2\";\nblock_td_uid_9_69f066d165a84.block_type = \"td_block_9\";\nblock_td_uid_9_69f066d165a84.post_count = \"10\";\nblock_td_uid_9_69f066d165a84.found_posts = \"18047\";\nblock_td_uid_9_69f066d165a84.header_color = \"#1e73be\";\nblock_td_uid_9_69f066d165a84.ajax_pagination_infinite_stop = \"\";\nblock_td_uid_9_69f066d165a84.max_num_pages = \"1805\";\ntdBlocksArray.push(block_td_uid_9_69f066d165a84);\n<\/script><div class=\"td-block-title-wrap\"><h4 class=\"block-title td-block-title\"><span class=\"td-pulldown-size\">Toutes les nouvelles<\/span><\/h4><\/div><div id=td_uid_9_69f066d165a84 class=\"td_block_inner\">\n\n\t<div class=\"td-block-row\">\n\n\t<div class=\"td-block-span6\">\n\r\n        <div class=\"td_module_8 td_module_wrap\">\r\n\r\n            <div class=\"item-details\">\r\n                <h3 class=\"entry-title td-module-title\"><a href=\"https:\/\/www.africa-press.net\/benin\/sports\/mondial-u17-amazones-battent-burkina-faso-au-second-tour\" rel=\"bookmark\" title=\"Mondial U17: Amazones Battent Burkina Faso Au Second Tour\">Mondial U17: Amazones Battent Burkina Faso Au Second Tour<\/a><\/h3>\r\n                <div class=\"td-module-meta-info\">\r\n                                                            <span class=\"td-post-date\"><time class=\"entry-date updated td-module-date\" datetime=\"2026-04-18T22:59:19+00:00\" >2026-04-18<\/time><\/span>                                    <\/div>\r\n            <\/div>\r\n\r\n            \r\n        <\/div>\r\n\r\n        \n\t<\/div> <!-- .\/td-block-span6 -->\n\n\t<div class=\"td-block-span6\">\n\r\n        <div class=\"td_module_8 td_module_wrap\">\r\n\r\n            <div class=\"item-details\">\r\n                <h3 class=\"entry-title td-module-title\"><a href=\"https:\/\/www.africa-press.net\/benin\/toutes-les-actualites\/benin-commissaire-et-adjoint-demis-apres-braquage\" rel=\"bookmark\" title=\"Be\u0301nin: Commissaire et Adjoint De\u0301mis Apre\u0300s Braquage\">Be\u0301nin: Commissaire et Adjoint De\u0301mis Apre\u0300s Braquage<\/a><\/h3>\r\n                <div class=\"td-module-meta-info\">\r\n                                                            <span class=\"td-post-date\"><time class=\"entry-date updated td-module-date\" datetime=\"2026-04-18T22:59:08+00:00\" >2026-04-18<\/time><\/span>                                    <\/div>\r\n            <\/div>\r\n\r\n            \r\n        <\/div>\r\n\r\n        \n\t<\/div> <!-- .\/td-block-span6 --><\/div><!--.\/row-fluid-->\n\n\t<div class=\"td-block-row\">\n\n\t<div class=\"td-block-span6\">\n\r\n        <div class=\"td_module_8 td_module_wrap\">\r\n\r\n            <div class=\"item-details\">\r\n                <h3 class=\"entry-title td-module-title\"><a href=\"https:\/\/www.africa-press.net\/benin\/politique\/parlement-examine-trente-textes-en-premiere-session-2026\" rel=\"bookmark\" title=\"Parlement Examine Trente Textes en Premi\u00e8re Session 2026\">Parlement Examine Trente Textes en Premi\u00e8re Session 2026<\/a><\/h3>\r\n                <div class=\"td-module-meta-info\">\r\n                                                            <span class=\"td-post-date\"><time class=\"entry-date updated td-module-date\" datetime=\"2026-04-18T22:59:01+00:00\" >2026-04-18<\/time><\/span>                                    <\/div>\r\n            <\/div>\r\n\r\n            \r\n        <\/div>\r\n\r\n        \n\t<\/div> <!-- .\/td-block-span6 -->\n\n\t<div class=\"td-block-span6\">\n\r\n        <div class=\"td_module_8 td_module_wrap\">\r\n\r\n            <div class=\"item-details\">\r\n                <h3 class=\"entry-title td-module-title\"><a href=\"https:\/\/www.africa-press.net\/benin\/toutes-les-actualites\/deces-de-nathalie-baye-mere-de-laura-smet\" rel=\"bookmark\" title=\"D\u00e9c\u00e8s de Nathalie Baye, m\u00e8re de Laura Smet\">D\u00e9c\u00e8s de Nathalie Baye, m\u00e8re de Laura Smet<\/a><\/h3>\r\n                <div class=\"td-module-meta-info\">\r\n                                                            <span class=\"td-post-date\"><time class=\"entry-date updated td-module-date\" datetime=\"2026-04-18T22:58:50+00:00\" >2026-04-18<\/time><\/span>                                    <\/div>\r\n            <\/div>\r\n\r\n            \r\n        <\/div>\r\n\r\n        \n\t<\/div> <!-- .\/td-block-span6 --><\/div><!--.\/row-fluid-->\n\n\t<div class=\"td-block-row\">\n\n\t<div class=\"td-block-span6\">\n\r\n        <div class=\"td_module_8 td_module_wrap\">\r\n\r\n            <div class=\"item-details\">\r\n                <h3 class=\"entry-title td-module-title\"><a href=\"https:\/\/www.africa-press.net\/benin\/politique\/deces-de-lepouse-du-ministre-rachidi-gbadamassi\" rel=\"bookmark\" title=\"D\u00e9c\u00e8s de l&rsquo;\u00e9pouse du ministre Rachidi Gbadamassi\">D\u00e9c\u00e8s de l&rsquo;\u00e9pouse du ministre Rachidi Gbadamassi<\/a><\/h3>\r\n                <div class=\"td-module-meta-info\">\r\n                                                            <span class=\"td-post-date\"><time class=\"entry-date updated td-module-date\" datetime=\"2026-04-18T22:58:43+00:00\" >2026-04-18<\/time><\/span>                                    <\/div>\r\n            <\/div>\r\n\r\n            \r\n        <\/div>\r\n\r\n        \n\t<\/div> <!-- .\/td-block-span6 -->\n\n\t<div class=\"td-block-span6\">\n\r\n        <div class=\"td_module_8 td_module_wrap\">\r\n\r\n            <div class=\"item-details\">\r\n                <h3 class=\"entry-title td-module-title\"><a href=\"https:\/\/www.africa-press.net\/benin\/politique\/rachid-rguibi-loue-la-democratie-beninoise\" rel=\"bookmark\" title=\"Rachid Rguibi Loue La D\u00e9mocratie B\u00e9ninoise\">Rachid Rguibi Loue La D\u00e9mocratie B\u00e9ninoise<\/a><\/h3>\r\n                <div class=\"td-module-meta-info\">\r\n                                                            <span class=\"td-post-date\"><time class=\"entry-date updated td-module-date\" datetime=\"2026-04-18T22:58:35+00:00\" >2026-04-18<\/time><\/span>                                    <\/div>\r\n            <\/div>\r\n\r\n            \r\n        <\/div>\r\n\r\n        \n\t<\/div> <!-- .\/td-block-span6 --><\/div><!--.\/row-fluid-->\n\n\t<div class=\"td-block-row\">\n\n\t<div class=\"td-block-span6\">\n\r\n        <div class=\"td_module_8 td_module_wrap\">\r\n\r\n            <div class=\"item-details\">\r\n                <h3 class=\"entry-title td-module-title\"><a href=\"https:\/\/www.africa-press.net\/benin\/toutes-les-actualites\/agbaza-et-epouse-plaident-non-coupable-devant-la-criet\" rel=\"bookmark\" title=\"Agbaza Et \u00c9pouse Plaident Non Coupable Devant La CRIET\">Agbaza Et \u00c9pouse Plaident Non Coupable Devant La CRIET<\/a><\/h3>\r\n                <div class=\"td-module-meta-info\">\r\n                                                            <span class=\"td-post-date\"><time class=\"entry-date updated td-module-date\" datetime=\"2026-04-18T22:58:16+00:00\" >2026-04-18<\/time><\/span>                                    <\/div>\r\n            <\/div>\r\n\r\n            \r\n        <\/div>\r\n\r\n        \n\t<\/div> <!-- .\/td-block-span6 -->\n\n\t<div class=\"td-block-span6\">\n\r\n        <div class=\"td_module_8 td_module_wrap\">\r\n\r\n            <div class=\"item-details\">\r\n                <h3 class=\"entry-title td-module-title\"><a href=\"https:\/\/www.africa-press.net\/benin\/toutes-les-actualites\/cotonou-lancement-de-chantiers-pour-ecoles-et-police\" rel=\"bookmark\" title=\"Cotonou Lancement de Chantiers pour \u00c9coles et Police\">Cotonou Lancement de Chantiers pour \u00c9coles et Police<\/a><\/h3>\r\n                <div class=\"td-module-meta-info\">\r\n                                                            <span class=\"td-post-date\"><time class=\"entry-date updated td-module-date\" datetime=\"2026-04-18T22:58:04+00:00\" >2026-04-18<\/time><\/span>                                    <\/div>\r\n            <\/div>\r\n\r\n            \r\n        <\/div>\r\n\r\n        \n\t<\/div> <!-- .\/td-block-span6 --><\/div><!--.\/row-fluid-->\n\n\t<div class=\"td-block-row\">\n\n\t<div class=\"td-block-span6\">\n\r\n        <div class=\"td_module_8 td_module_wrap\">\r\n\r\n            <div class=\"item-details\">\r\n                <h3 class=\"entry-title td-module-title\"><a href=\"https:\/\/www.africa-press.net\/benin\/economie\/ecobank-annonce-augmentation-de-21-de-son-benefice\" rel=\"bookmark\" title=\"Ecobank Annonce Augmentation de 21 % de Son B\u00e9n\u00e9fice\">Ecobank Annonce Augmentation de 21 % de Son B\u00e9n\u00e9fice<\/a><\/h3>\r\n                <div class=\"td-module-meta-info\">\r\n                                                            <span class=\"td-post-date\"><time class=\"entry-date updated td-module-date\" datetime=\"2026-04-18T22:57:57+00:00\" >2026-04-18<\/time><\/span>                                    <\/div>\r\n            <\/div>\r\n\r\n            \r\n        <\/div>\r\n\r\n        \n\t<\/div> <!-- .\/td-block-span6 -->\n\n\t<div class=\"td-block-span6\">\n\r\n        <div class=\"td_module_8 td_module_wrap\">\r\n\r\n            <div class=\"item-details\">\r\n                <h3 class=\"entry-title td-module-title\"><a href=\"https:\/\/www.africa-press.net\/benin\/politique\/felix-antoine-tshisekedi-felicite-romuald-wadagni\" rel=\"bookmark\" title=\"F\u00e9lix-Antoine Tshisekedi F\u00e9licite Romuald Wadagni\">F\u00e9lix-Antoine Tshisekedi F\u00e9licite Romuald Wadagni<\/a><\/h3>\r\n                <div class=\"td-module-meta-info\">\r\n                                                            <span class=\"td-post-date\"><time class=\"entry-date updated td-module-date\" datetime=\"2026-04-18T22:57:32+00:00\" >2026-04-18<\/time><\/span>                                    <\/div>\r\n            <\/div>\r\n\r\n            \r\n        <\/div>\r\n\r\n        \n\t<\/div> <!-- .\/td-block-span6 --><\/div><!--.\/row-fluid--><\/div><\/div> <!-- .\/block --><div class=\"vc_row_inner td_uid_10_69f066d17922c_rand  vc_row vc_inner wpb_row td-pb-row\" >\n<style scoped>\n\n\/* custom css *\/\n.td_uid_10_69f066d17922c_rand {\r\n                    position: relative !important;\r\n                    top: 0;\r\n                    transform: none;\r\n                    -webkit-transform: none;\r\n                }\n<\/style><div class=\"vc_column_inner td_uid_11_69f066d179331_rand  wpb_column vc_column_container tdc-inner-column td-pb-span12\">\n<style scoped>\n\n\/* custom css *\/\n.td_uid_11_69f066d179331_rand {\r\n                    vertical-align: baseline;\r\n                }\n<\/style><div class=\"vc_column-inner\"><div class=\"wpb_wrapper\"><div class=\"wpb_wrapper td_block_wrap vc_raw_html td_uid_12_69f066d1793ca_rand \"><div class=\"td-fix-index\"><div class=\"td-block-title-wrap\"><h4 class=\"block-title\"><a href=\"\/benin\/Politique\" class=\"td-pulldown-size\">Politique<\/a><\/h4><\/div><\/div><\/div><\/div><\/div><\/div><\/div><div id=\"main-box\" class=\"vc_row_inner td_uid_13_69f066d1793fa_rand  vc_row vc_inner wpb_row td-pb-row\" >\n<style scoped>\n\n\/* custom css *\/\n.td_uid_13_69f066d1793fa_rand {\r\n                    position: relative !important;\r\n                    top: 0;\r\n                    transform: none;\r\n                    -webkit-transform: none;\r\n                }\n<\/style><div class=\"vc_column_inner td_uid_14_69f066d1794ad_rand  wpb_column vc_column_container tdc-inner-column td-pb-span6\">\n<style scoped>\n\n\/* custom css *\/\n.td_uid_14_69f066d1794ad_rand {\r\n                    vertical-align: baseline;\r\n                }\n<\/style><div class=\"vc_column-inner\"><div class=\"wpb_wrapper\"><div class=\"td_block_wrap td_block_18 td_uid_15_69f066d17958d_rand td_with_ajax_pagination td-pb-border-top td_block_template_1 td-column-1\"  data-td-block-uid=\"td_uid_15_69f066d17958d\" ><script>var block_td_uid_15_69f066d17958d = new tdBlock();\nblock_td_uid_15_69f066d17958d.id = \"td_uid_15_69f066d17958d\";\nblock_td_uid_15_69f066d17958d.atts = '{\"category_id\":\"2\",\"limit\":\"3\",\"ajax_pagination\":\"next_prev\",\"separator\":\"\",\"custom_title\":\"\",\"custom_url\":\"\",\"block_template_id\":\"\",\"mx8_tl\":\"\",\"m10_tl\":\"\",\"m10_el\":\"\",\"mx2_tl\":\"\",\"post_ids\":\"\",\"category_ids\":\"\",\"tag_slug\":\"\",\"autors_id\":\"\",\"installed_post_types\":\"\",\"sort\":\"\",\"offset\":\"\",\"show_modified_date\":\"\",\"el_class\":\"\",\"td_ajax_filter_type\":\"\",\"td_ajax_filter_ids\":\"\",\"td_filter_default_txt\":\"All\",\"td_ajax_preloading\":\"\",\"f_header_font_header\":\"\",\"f_header_font_title\":\"Block header\",\"f_header_font_settings\":\"\",\"f_header_font_family\":\"\",\"f_header_font_size\":\"\",\"f_header_font_line_height\":\"\",\"f_header_font_style\":\"\",\"f_header_font_weight\":\"\",\"f_header_font_transform\":\"\",\"f_header_font_spacing\":\"\",\"f_header_\":\"\",\"f_ajax_font_title\":\"Ajax categories\",\"f_ajax_font_settings\":\"\",\"f_ajax_font_family\":\"\",\"f_ajax_font_size\":\"\",\"f_ajax_font_line_height\":\"\",\"f_ajax_font_style\":\"\",\"f_ajax_font_weight\":\"\",\"f_ajax_font_transform\":\"\",\"f_ajax_font_spacing\":\"\",\"f_ajax_\":\"\",\"f_more_font_title\":\"Load more button\",\"f_more_font_settings\":\"\",\"f_more_font_family\":\"\",\"f_more_font_size\":\"\",\"f_more_font_line_height\":\"\",\"f_more_font_style\":\"\",\"f_more_font_weight\":\"\",\"f_more_font_transform\":\"\",\"f_more_font_spacing\":\"\",\"f_more_\":\"\",\"mx8f_title_font_header\":\"\",\"mx8f_title_font_title\":\"Article title\",\"mx8f_title_font_settings\":\"\",\"mx8f_title_font_family\":\"\",\"mx8f_title_font_size\":\"\",\"mx8f_title_font_line_height\":\"\",\"mx8f_title_font_style\":\"\",\"mx8f_title_font_weight\":\"\",\"mx8f_title_font_transform\":\"\",\"mx8f_title_font_spacing\":\"\",\"mx8f_title_\":\"\",\"mx8f_cat_font_title\":\"Article category tag\",\"mx8f_cat_font_settings\":\"\",\"mx8f_cat_font_family\":\"\",\"mx8f_cat_font_size\":\"\",\"mx8f_cat_font_line_height\":\"\",\"mx8f_cat_font_style\":\"\",\"mx8f_cat_font_weight\":\"\",\"mx8f_cat_font_transform\":\"\",\"mx8f_cat_font_spacing\":\"\",\"mx8f_cat_\":\"\",\"mx8f_meta_font_title\":\"Article meta info\",\"mx8f_meta_font_settings\":\"\",\"mx8f_meta_font_family\":\"\",\"mx8f_meta_font_size\":\"\",\"mx8f_meta_font_line_height\":\"\",\"mx8f_meta_font_style\":\"\",\"mx8f_meta_font_weight\":\"\",\"mx8f_meta_font_transform\":\"\",\"mx8f_meta_font_spacing\":\"\",\"mx8f_meta_\":\"\",\"m10f_title_font_header\":\"\",\"m10f_title_font_title\":\"Article title\",\"m10f_title_font_settings\":\"\",\"m10f_title_font_family\":\"\",\"m10f_title_font_size\":\"\",\"m10f_title_font_line_height\":\"\",\"m10f_title_font_style\":\"\",\"m10f_title_font_weight\":\"\",\"m10f_title_font_transform\":\"\",\"m10f_title_font_spacing\":\"\",\"m10f_title_\":\"\",\"m10f_cat_font_title\":\"Article category tag\",\"m10f_cat_font_settings\":\"\",\"m10f_cat_font_family\":\"\",\"m10f_cat_font_size\":\"\",\"m10f_cat_font_line_height\":\"\",\"m10f_cat_font_style\":\"\",\"m10f_cat_font_weight\":\"\",\"m10f_cat_font_transform\":\"\",\"m10f_cat_font_spacing\":\"\",\"m10f_cat_\":\"\",\"m10f_meta_font_title\":\"Article meta info\",\"m10f_meta_font_settings\":\"\",\"m10f_meta_font_family\":\"\",\"m10f_meta_font_size\":\"\",\"m10f_meta_font_line_height\":\"\",\"m10f_meta_font_style\":\"\",\"m10f_meta_font_weight\":\"\",\"m10f_meta_font_transform\":\"\",\"m10f_meta_font_spacing\":\"\",\"m10f_meta_\":\"\",\"m10f_ex_font_title\":\"Article excerpt\",\"m10f_ex_font_settings\":\"\",\"m10f_ex_font_family\":\"\",\"m10f_ex_font_size\":\"\",\"m10f_ex_font_line_height\":\"\",\"m10f_ex_font_style\":\"\",\"m10f_ex_font_weight\":\"\",\"m10f_ex_font_transform\":\"\",\"m10f_ex_font_spacing\":\"\",\"m10f_ex_\":\"\",\"mx2f_title_font_header\":\"\",\"mx2f_title_font_title\":\"Article title\",\"mx2f_title_font_settings\":\"\",\"mx2f_title_font_family\":\"\",\"mx2f_title_font_size\":\"\",\"mx2f_title_font_line_height\":\"\",\"mx2f_title_font_style\":\"\",\"mx2f_title_font_weight\":\"\",\"mx2f_title_font_transform\":\"\",\"mx2f_title_font_spacing\":\"\",\"mx2f_title_\":\"\",\"mx2f_cat_font_title\":\"Article category tag\",\"mx2f_cat_font_settings\":\"\",\"mx2f_cat_font_family\":\"\",\"mx2f_cat_font_size\":\"\",\"mx2f_cat_font_line_height\":\"\",\"mx2f_cat_font_style\":\"\",\"mx2f_cat_font_weight\":\"\",\"mx2f_cat_font_transform\":\"\",\"mx2f_cat_font_spacing\":\"\",\"mx2f_cat_\":\"\",\"mx2f_meta_font_title\":\"Article meta info\",\"mx2f_meta_font_settings\":\"\",\"mx2f_meta_font_family\":\"\",\"mx2f_meta_font_size\":\"\",\"mx2f_meta_font_line_height\":\"\",\"mx2f_meta_font_style\":\"\",\"mx2f_meta_font_weight\":\"\",\"mx2f_meta_font_transform\":\"\",\"mx2f_meta_font_spacing\":\"\",\"mx2f_meta_\":\"\",\"ajax_pagination_infinite_stop\":\"\",\"css\":\"\",\"tdc_css\":\"\",\"td_column_number\":1,\"header_color\":\"\",\"color_preset\":\"\",\"border_top\":\"\",\"class\":\"td_uid_15_69f066d17958d_rand\",\"tdc_css_class\":\"td_uid_15_69f066d17958d_rand\",\"tdc_css_class_style\":\"td_uid_15_69f066d17958d_rand_style\"}';\nblock_td_uid_15_69f066d17958d.td_column_number = \"1\";\nblock_td_uid_15_69f066d17958d.block_type = \"td_block_18\";\nblock_td_uid_15_69f066d17958d.post_count = \"3\";\nblock_td_uid_15_69f066d17958d.found_posts = \"4070\";\nblock_td_uid_15_69f066d17958d.header_color = \"\";\nblock_td_uid_15_69f066d17958d.ajax_pagination_infinite_stop = \"\";\nblock_td_uid_15_69f066d17958d.max_num_pages = \"1357\";\ntdBlocksArray.push(block_td_uid_15_69f066d17958d);\n<\/script><div class=\"td-block-title-wrap\"><\/div><div id=td_uid_15_69f066d17958d class=\"td_block_inner td-column-1\">\r\n        <div class=\"td_module_mx8 td_module_wrap td-animation-stack\">\r\n            <div class=\"meta-info-container\">\r\n                <div class=\"td-module-thumb\"><a href=\"https:\/\/www.africa-press.net\/benin\/politique\/parlement-examine-trente-textes-en-premiere-session-2026\" rel=\"bookmark\" class=\"td-image-wrap\" title=\"Parlement Examine Trente Textes en Premi\u00e8re Session 2026\"><img loading=\"lazy\" decoding=\"async\" class=\"entry-thumb\" src=\"data:image\/png;base64,iVBORw0KGgoAAAANSUhEUgAAArgAAAGBAQMAAAC3k1CUAAAAA1BMVEWurq51dlI4AAAAAXRSTlMmkutdmwAAADdJREFUeNrtwTEBAAAAwiD7p7bETmAAAAAAAAAAAAAAAAAAAAAAAAAAAAAAAAAAAAAAAAAAAEDuhFgAARFpDB8AAAAASUVORK5CYII=\" alt=\"Parlement Examine Trente Textes en Premi\u00e8re Session 2026\" title=\"Parlement Examine Trente Textes en Premi\u00e8re Session 2026\" data-type=\"image_tag\" data-img-url=\"https:\/\/static.africa-press.net\/benin\/sites\/46\/2026\/04\/sm_1776565319.936701-696x385.jpg\"  width=\"696\" height=\"385\" \/><\/a><\/div>\r\n                <div class=\"td-module-meta-info\">\r\n                    <h3 class=\"entry-title td-module-title\"><a href=\"https:\/\/www.africa-press.net\/benin\/politique\/parlement-examine-trente-textes-en-premiere-session-2026\" rel=\"bookmark\" title=\"Parlement Examine Trente Textes en Premi\u00e8re Session 2026\">Parlement Examine Trente Textes en Premi\u00e8re Session 2026<\/a><\/h3>                                        <span class=\"td-author-date\">\r\n                                                <span class=\"td-post-date\"><time class=\"entry-date updated td-module-date\" datetime=\"2026-04-18T22:59:01+00:00\" >2026-04-18<\/time><\/span>                                            <\/span>\r\n                <\/div>\r\n            <\/div>\r\n\r\n        <\/div>\r\n\r\n        \r\n        <div class=\"td_module_mx2 td_module_wrap td-animation-stack\">\r\n\r\n            <div class=\"td-module-thumb\"><a href=\"https:\/\/www.africa-press.net\/benin\/politique\/deces-de-lepouse-du-ministre-rachidi-gbadamassi\" rel=\"bookmark\" class=\"td-image-wrap\" title=\"D\u00e9c\u00e8s de l&rsquo;\u00e9pouse du ministre Rachidi Gbadamassi\"><img loading=\"lazy\" decoding=\"async\" class=\"entry-thumb\" src=\"data:image\/png;base64,iVBORw0KGgoAAAANSUhEUgAAAFAAAAA8AQMAAADL6a\/PAAAAA1BMVEWurq51dlI4AAAAAXRSTlMmkutdmwAAAA5JREFUKM9jGAWjYJABAAKUAAHoEAeuAAAAAElFTkSuQmCC\" alt=\"D\u00e9c\u00e8s de l&#039;\u00e9pouse du ministre Rachidi Gbadamassi\" title=\"D\u00e9c\u00e8s de l&rsquo;\u00e9pouse du ministre Rachidi Gbadamassi\" data-type=\"image_tag\" data-img-url=\"https:\/\/static.africa-press.net\/benin\/sites\/46\/2026\/04\/sm_1776565267.335291-80x60.jpg\"  width=\"80\" height=\"60\" \/><\/a><\/div>\r\n            <div class=\"item-details\">\r\n                <h3 class=\"entry-title td-module-title\"><a href=\"https:\/\/www.africa-press.net\/benin\/politique\/deces-de-lepouse-du-ministre-rachidi-gbadamassi\" rel=\"bookmark\" title=\"D\u00e9c\u00e8s de l&rsquo;\u00e9pouse du ministre Rachidi Gbadamassi\">D\u00e9c\u00e8s de l&rsquo;\u00e9pouse du ministre Rachidi Gbadamassi<\/a><\/h3>                <div class=\"td-module-meta-info\">\r\n                                                            <span class=\"td-post-date\"><time class=\"entry-date updated td-module-date\" datetime=\"2026-04-18T22:58:43+00:00\" >2026-04-18<\/time><\/span>                                    <\/div>\r\n            <\/div>\r\n\r\n        <\/div>\r\n\r\n        \r\n        <div class=\"td_module_mx2 td_module_wrap td-animation-stack\">\r\n\r\n            <div class=\"td-module-thumb\"><a href=\"https:\/\/www.africa-press.net\/benin\/politique\/rachid-rguibi-loue-la-democratie-beninoise\" rel=\"bookmark\" class=\"td-image-wrap\" title=\"Rachid Rguibi Loue La D\u00e9mocratie B\u00e9ninoise\"><img loading=\"lazy\" decoding=\"async\" class=\"entry-thumb\" src=\"data:image\/png;base64,iVBORw0KGgoAAAANSUhEUgAAAFAAAAA8AQMAAADL6a\/PAAAAA1BMVEWurq51dlI4AAAAAXRSTlMmkutdmwAAAA5JREFUKM9jGAWjYJABAAKUAAHoEAeuAAAAAElFTkSuQmCC\" alt=\"Rachid Rguibi Loue La D\u00e9mocratie B\u00e9ninoise\" title=\"Rachid Rguibi Loue La D\u00e9mocratie B\u00e9ninoise\" data-type=\"image_tag\" data-img-url=\"https:\/\/static.africa-press.net\/benin\/sites\/46\/2026\/04\/sm_1776565253.346214-80x60.jpg\"  width=\"80\" height=\"60\" \/><\/a><\/div>\r\n            <div class=\"item-details\">\r\n                <h3 class=\"entry-title td-module-title\"><a href=\"https:\/\/www.africa-press.net\/benin\/politique\/rachid-rguibi-loue-la-democratie-beninoise\" rel=\"bookmark\" title=\"Rachid Rguibi Loue La D\u00e9mocratie B\u00e9ninoise\">Rachid Rguibi Loue La D\u00e9mocratie B\u00e9ninoise<\/a><\/h3>                <div class=\"td-module-meta-info\">\r\n                                                            <span class=\"td-post-date\"><time class=\"entry-date updated td-module-date\" datetime=\"2026-04-18T22:58:35+00:00\" >2026-04-18<\/time><\/span>                                    <\/div>\r\n            <\/div>\r\n\r\n        <\/div>\r\n\r\n        <\/div><div class=\"td-next-prev-wrap\"><a href=\"#\" class=\"td-ajax-prev-page ajax-page-disabled\" id=\"prev-page-td_uid_15_69f066d17958d\" data-td_block_id=\"td_uid_15_69f066d17958d\"><i class=\"td-icon-font td-icon-menu-left\"><\/i><\/a><a href=\"#\"  class=\"td-ajax-next-page\" id=\"next-page-td_uid_15_69f066d17958d\" data-td_block_id=\"td_uid_15_69f066d17958d\"><i class=\"td-icon-font td-icon-menu-right\"><\/i><\/a><\/div><\/div> <!-- .\/block --><\/div><\/div><\/div><div class=\"vc_column_inner td_uid_16_69f066d189ce7_rand  wpb_column vc_column_container tdc-inner-column td-pb-span6\">\n<style scoped>\n\n\/* custom css *\/\n.td_uid_16_69f066d189ce7_rand {\r\n                    vertical-align: baseline;\r\n                }\n<\/style><div class=\"vc_column-inner\"><div class=\"wpb_wrapper\"><div class=\"td_block_wrap td_block_7 td_uid_17_69f066d189dff_rand td-pb-border-top td_block_template_1 td-column-1 td_block_padding\"  data-td-block-uid=\"td_uid_17_69f066d189dff\" >\n<style>\n\n\/* inline tdc_css att *\/\n\n\/* phone *\/\n@media (max-width: 767px)\n{\n.td_uid_17_69f066d189dff_rand{\ndisplay:none !important;\n}\n}\n\n<\/style><script>var block_td_uid_17_69f066d189dff = new tdBlock();\nblock_td_uid_17_69f066d189dff.id = \"td_uid_17_69f066d189dff\";\nblock_td_uid_17_69f066d189dff.atts = '{\"category_id\":\"2\",\"limit\":\"4\",\"offset\":\"3\",\"tdc_css\":\"eyJwaG9uZSI6eyJkaXNwbGF5Ijoibm9uZSJ9LCJwaG9uZV9tYXhfd2lkdGgiOjc2N30=\",\"separator\":\"\",\"custom_title\":\"\",\"custom_url\":\"\",\"block_template_id\":\"\",\"m6_tl\":\"\",\"post_ids\":\"\",\"category_ids\":\"\",\"tag_slug\":\"\",\"autors_id\":\"\",\"installed_post_types\":\"\",\"sort\":\"\",\"show_modified_date\":\"\",\"el_class\":\"\",\"td_ajax_filter_type\":\"\",\"td_ajax_filter_ids\":\"\",\"td_filter_default_txt\":\"All\",\"td_ajax_preloading\":\"\",\"f_header_font_header\":\"\",\"f_header_font_title\":\"Block header\",\"f_header_font_settings\":\"\",\"f_header_font_family\":\"\",\"f_header_font_size\":\"\",\"f_header_font_line_height\":\"\",\"f_header_font_style\":\"\",\"f_header_font_weight\":\"\",\"f_header_font_transform\":\"\",\"f_header_font_spacing\":\"\",\"f_header_\":\"\",\"f_ajax_font_title\":\"Ajax categories\",\"f_ajax_font_settings\":\"\",\"f_ajax_font_family\":\"\",\"f_ajax_font_size\":\"\",\"f_ajax_font_line_height\":\"\",\"f_ajax_font_style\":\"\",\"f_ajax_font_weight\":\"\",\"f_ajax_font_transform\":\"\",\"f_ajax_font_spacing\":\"\",\"f_ajax_\":\"\",\"f_more_font_title\":\"Load more button\",\"f_more_font_settings\":\"\",\"f_more_font_family\":\"\",\"f_more_font_size\":\"\",\"f_more_font_line_height\":\"\",\"f_more_font_style\":\"\",\"f_more_font_weight\":\"\",\"f_more_font_transform\":\"\",\"f_more_font_spacing\":\"\",\"f_more_\":\"\",\"m6f_title_font_header\":\"\",\"m6f_title_font_title\":\"Article title\",\"m6f_title_font_settings\":\"\",\"m6f_title_font_family\":\"\",\"m6f_title_font_size\":\"\",\"m6f_title_font_line_height\":\"\",\"m6f_title_font_style\":\"\",\"m6f_title_font_weight\":\"\",\"m6f_title_font_transform\":\"\",\"m6f_title_font_spacing\":\"\",\"m6f_title_\":\"\",\"m6f_cat_font_title\":\"Article category tag\",\"m6f_cat_font_settings\":\"\",\"m6f_cat_font_family\":\"\",\"m6f_cat_font_size\":\"\",\"m6f_cat_font_line_height\":\"\",\"m6f_cat_font_style\":\"\",\"m6f_cat_font_weight\":\"\",\"m6f_cat_font_transform\":\"\",\"m6f_cat_font_spacing\":\"\",\"m6f_cat_\":\"\",\"m6f_meta_font_title\":\"Article meta info\",\"m6f_meta_font_settings\":\"\",\"m6f_meta_font_family\":\"\",\"m6f_meta_font_size\":\"\",\"m6f_meta_font_line_height\":\"\",\"m6f_meta_font_style\":\"\",\"m6f_meta_font_weight\":\"\",\"m6f_meta_font_transform\":\"\",\"m6f_meta_font_spacing\":\"\",\"m6f_meta_\":\"\",\"ajax_pagination\":\"\",\"ajax_pagination_infinite_stop\":\"\",\"css\":\"\",\"td_column_number\":1,\"header_color\":\"\",\"color_preset\":\"\",\"border_top\":\"\",\"class\":\"td_uid_17_69f066d189dff_rand\",\"tdc_css_class\":\"td_uid_17_69f066d189dff_rand\",\"tdc_css_class_style\":\"td_uid_17_69f066d189dff_rand_style\"}';\nblock_td_uid_17_69f066d189dff.td_column_number = \"1\";\nblock_td_uid_17_69f066d189dff.block_type = \"td_block_7\";\nblock_td_uid_17_69f066d189dff.post_count = \"4\";\nblock_td_uid_17_69f066d189dff.found_posts = \"4070\";\nblock_td_uid_17_69f066d189dff.header_color = \"\";\nblock_td_uid_17_69f066d189dff.ajax_pagination_infinite_stop = \"\";\nblock_td_uid_17_69f066d189dff.max_num_pages = \"1017\";\ntdBlocksArray.push(block_td_uid_17_69f066d189dff);\n<\/script><div class=\"td-block-title-wrap\"><\/div><div id=td_uid_17_69f066d189dff class=\"td_block_inner\">\n\n\t<div class=\"td-block-span12\">\n\r\n        <div class=\"td_module_6 td_module_wrap td-animation-stack\">\r\n\r\n        <div class=\"td-module-thumb\"><a href=\"https:\/\/www.africa-press.net\/benin\/politique\/felix-antoine-tshisekedi-felicite-romuald-wadagni\" rel=\"bookmark\" class=\"td-image-wrap\" title=\"F\u00e9lix-Antoine Tshisekedi F\u00e9licite Romuald Wadagni\"><img loading=\"lazy\" decoding=\"async\" class=\"entry-thumb\" src=\"data:image\/png;base64,iVBORw0KGgoAAAANSUhEUgAAAGQAAABGAQMAAAAASKMqAAAAA1BMVEWurq51dlI4AAAAAXRSTlMmkutdmwAAABBJREFUKM9jGAWjYBQMKwAAA9QAAQWBn6cAAAAASUVORK5CYII=\" alt=\"F\u00e9lix-Antoine Tshisekedi F\u00e9licite Romuald Wadagni\" title=\"F\u00e9lix-Antoine Tshisekedi F\u00e9licite Romuald Wadagni\" data-type=\"image_tag\" data-img-url=\"https:\/\/static.africa-press.net\/benin\/sites\/46\/2026\/04\/sm_1776565067.086442-100x70.jpg\"  width=\"100\" height=\"70\" \/><\/a><\/div>\r\n        <div class=\"item-details\">\r\n            <h3 class=\"entry-title td-module-title\"><a href=\"https:\/\/www.africa-press.net\/benin\/politique\/felix-antoine-tshisekedi-felicite-romuald-wadagni\" rel=\"bookmark\" title=\"F\u00e9lix-Antoine Tshisekedi F\u00e9licite Romuald Wadagni\">F\u00e9lix-Antoine Tshisekedi F\u00e9licite Romuald Wadagni<\/a><\/h3>            <div class=\"td-module-meta-info\">\r\n                                                <span class=\"td-post-date\"><time class=\"entry-date updated td-module-date\" datetime=\"2026-04-18T22:57:32+00:00\" >2026-04-18<\/time><\/span>                            <\/div>\r\n        <\/div>\r\n\r\n        <\/div>\r\n\r\n        \n\t<\/div> <!-- .\/td-block-span12 -->\n\n\t<div class=\"td-block-span12\">\n\r\n        <div class=\"td_module_6 td_module_wrap td-animation-stack\">\r\n\r\n        <div class=\"td-module-thumb\"><a href=\"https:\/\/www.africa-press.net\/benin\/politique\/diligences-avant-designation-des-acteurs-pour-cep-2026\" rel=\"bookmark\" class=\"td-image-wrap\" title=\"Diligences Avant D\u00e9signation des Acteurs pour CEP 2026\"><img loading=\"lazy\" decoding=\"async\" class=\"entry-thumb\" src=\"data:image\/png;base64,iVBORw0KGgoAAAANSUhEUgAAAGQAAABGAQMAAAAASKMqAAAAA1BMVEWurq51dlI4AAAAAXRSTlMmkutdmwAAABBJREFUKM9jGAWjYBQMKwAAA9QAAQWBn6cAAAAASUVORK5CYII=\" alt=\"Diligences Avant D\u00e9signation des Acteurs pour CEP 2026\" title=\"Diligences Avant D\u00e9signation des Acteurs pour CEP 2026\" data-type=\"image_tag\" data-img-url=\"https:\/\/static.africa-press.net\/benin\/sites\/46\/2026\/04\/sm_1776565021.032523-100x70.jpg\"  width=\"100\" height=\"70\" \/><\/a><\/div>\r\n        <div class=\"item-details\">\r\n            <h3 class=\"entry-title td-module-title\"><a href=\"https:\/\/www.africa-press.net\/benin\/politique\/diligences-avant-designation-des-acteurs-pour-cep-2026\" rel=\"bookmark\" title=\"Diligences Avant D\u00e9signation des Acteurs pour CEP 2026\">Diligences Avant D\u00e9signation des Acteurs pour CEP 2026<\/a><\/h3>            <div class=\"td-module-meta-info\">\r\n                                                <span class=\"td-post-date\"><time class=\"entry-date updated td-module-date\" datetime=\"2026-04-18T22:53:50+00:00\" >2026-04-18<\/time><\/span>                            <\/div>\r\n        <\/div>\r\n\r\n        <\/div>\r\n\r\n        \n\t<\/div> <!-- .\/td-block-span12 -->\n\n\t<div class=\"td-block-span12\">\n\r\n        <div class=\"td_module_6 td_module_wrap td-animation-stack\">\r\n\r\n        <div class=\"td-module-thumb\"><a href=\"https:\/\/www.africa-press.net\/benin\/politique\/leonard-dossou-prend-presidence-de-lunpme-au-benin\" rel=\"bookmark\" class=\"td-image-wrap\" title=\"L\u00e9onard Dossou Prend Pr\u00e9sidence de l&rsquo;UNPME au B\u00e9nin\"><img loading=\"lazy\" decoding=\"async\" class=\"entry-thumb\" src=\"data:image\/png;base64,iVBORw0KGgoAAAANSUhEUgAAAGQAAABGAQMAAAAASKMqAAAAA1BMVEWurq51dlI4AAAAAXRSTlMmkutdmwAAABBJREFUKM9jGAWjYBQMKwAAA9QAAQWBn6cAAAAASUVORK5CYII=\" alt=\"L\u00e9onard Dossou Prend Pr\u00e9sidence de l&#039;UNPME au B\u00e9nin\" title=\"L\u00e9onard Dossou Prend Pr\u00e9sidence de l&rsquo;UNPME au B\u00e9nin\" data-type=\"image_tag\" data-img-url=\"https:\/\/static.africa-press.net\/benin\/sites\/46\/2026\/04\/sm_1776565008.144297-100x70.jpg\"  width=\"100\" height=\"70\" \/><\/a><\/div>\r\n        <div class=\"item-details\">\r\n            <h3 class=\"entry-title td-module-title\"><a href=\"https:\/\/www.africa-press.net\/benin\/politique\/leonard-dossou-prend-presidence-de-lunpme-au-benin\" rel=\"bookmark\" title=\"L\u00e9onard Dossou Prend Pr\u00e9sidence de l&rsquo;UNPME au B\u00e9nin\">L\u00e9onard Dossou Prend Pr\u00e9sidence de l&rsquo;UNPME au B\u00e9nin<\/a><\/h3>            <div class=\"td-module-meta-info\">\r\n                                                <span class=\"td-post-date\"><time class=\"entry-date updated td-module-date\" datetime=\"2026-04-18T22:53:32+00:00\" >2026-04-18<\/time><\/span>                            <\/div>\r\n        <\/div>\r\n\r\n        <\/div>\r\n\r\n        \n\t<\/div> <!-- .\/td-block-span12 -->\n\n\t<div class=\"td-block-span12\">\n\r\n        <div class=\"td_module_6 td_module_wrap td-animation-stack\">\r\n\r\n        <div class=\"td-module-thumb\"><a href=\"https:\/\/www.africa-press.net\/benin\/politique\/romuald-wadagni-pretera-serment-le-24-mai-2026\" rel=\"bookmark\" class=\"td-image-wrap\" title=\"Romuald Wadagni Pr\u00eatera Serment Le 24 Mai 2026\"><img loading=\"lazy\" decoding=\"async\" class=\"entry-thumb\" src=\"data:image\/png;base64,iVBORw0KGgoAAAANSUhEUgAAAGQAAABGAQMAAAAASKMqAAAAA1BMVEWurq51dlI4AAAAAXRSTlMmkutdmwAAABBJREFUKM9jGAWjYBQMKwAAA9QAAQWBn6cAAAAASUVORK5CYII=\" alt=\"Romuald Wadagni Pr\u00eatera Serment Le 24 Mai 2026\" title=\"Romuald Wadagni Pr\u00eatera Serment Le 24 Mai 2026\" data-type=\"image_tag\" data-img-url=\"https:\/\/static.africa-press.net\/benin\/sites\/46\/2026\/04\/sm_1776564980.253667-100x70.jpg\"  width=\"100\" height=\"70\" \/><\/a><\/div>\r\n        <div class=\"item-details\">\r\n            <h3 class=\"entry-title td-module-title\"><a href=\"https:\/\/www.africa-press.net\/benin\/politique\/romuald-wadagni-pretera-serment-le-24-mai-2026\" rel=\"bookmark\" title=\"Romuald Wadagni Pr\u00eatera Serment Le 24 Mai 2026\">Romuald Wadagni Pr\u00eatera Serment Le 24 Mai 2026<\/a><\/h3>            <div class=\"td-module-meta-info\">\r\n                                                <span class=\"td-post-date\"><time class=\"entry-date updated td-module-date\" datetime=\"2026-04-18T22:53:25+00:00\" >2026-04-18<\/time><\/span>                            <\/div>\r\n        <\/div>\r\n\r\n        <\/div>\r\n\r\n        \n\t<\/div> <!-- .\/td-block-span12 --><\/div><\/div> <!-- .\/block --><\/div><\/div><\/div><\/div><div class=\"tdm_block td_block_wrap tdm_block_button td_uid_18_69f066d1a068a_rand tdm-block-button-inline tdm-content-horiz-right td-pb-border-top main-box-btn-green-en td_block_template_1\"  data-td-block-uid=\"td_uid_18_69f066d1a068a\"     >\n<style>\n.td_uid_19_69f066d1c3ab2 i:first-child {\r\n\t\t\t\t\tmargin-right: 14px;\r\n\t\t\t\t}\n<\/style><div class=\"tds-button td-fix-index\"><a \r\n                href=\"\/benin\/Politique\" \r\n                class=\"tds-button1 tdm-btn tdm-btn-sm td_uid_19_69f066d1c3ab2\"  target=\"_blank\" ><i class=\"tdc-font-fa tdc-font-fa-arrow-right\"><\/i><span class=\"tdm-btn-text\">Plus de Nouvelles<\/span><\/a><\/div><\/div><div class=\"wpb_wrapper td_block_wrap vc_raw_html td_uid_20_69f066d1c4785_rand \"><div class=\"td-fix-index\"><div class=\"td-block-title-wrap\"><h4 class=\"block-title\"><a href=\"\/benin\/economie\" class=\"td-pulldown-size\">\u00c9conomie<\/a><\/h4><\/div><\/div><\/div><div id=\"main-box\" class=\"vc_row_inner td_uid_21_69f066d1c47cb_rand  vc_row vc_inner wpb_row td-pb-row\" >\n<style scoped>\n\n\/* custom css *\/\n.td_uid_21_69f066d1c47cb_rand {\r\n                    position: relative !important;\r\n                    top: 0;\r\n                    transform: none;\r\n                    -webkit-transform: none;\r\n                }\n<\/style><div class=\"vc_column_inner td_uid_22_69f066d1c48fe_rand  wpb_column vc_column_container tdc-inner-column td-pb-span6\">\n<style scoped>\n\n\/* custom css *\/\n.td_uid_22_69f066d1c48fe_rand {\r\n                    vertical-align: baseline;\r\n                }\n<\/style><div class=\"vc_column-inner\"><div class=\"wpb_wrapper\"><div class=\"td_block_wrap td_block_18 td_uid_23_69f066d1c4a18_rand td_with_ajax_pagination td-pb-border-top td_block_template_1 td-column-1\"  data-td-block-uid=\"td_uid_23_69f066d1c4a18\" ><script>var block_td_uid_23_69f066d1c4a18 = new tdBlock();\nblock_td_uid_23_69f066d1c4a18.id = \"td_uid_23_69f066d1c4a18\";\nblock_td_uid_23_69f066d1c4a18.atts = '{\"category_id\":\"3\",\"limit\":\"3\",\"ajax_pagination\":\"next_prev\",\"separator\":\"\",\"custom_title\":\"\",\"custom_url\":\"\",\"block_template_id\":\"\",\"mx8_tl\":\"\",\"m10_tl\":\"\",\"m10_el\":\"\",\"mx2_tl\":\"\",\"post_ids\":\"\",\"category_ids\":\"\",\"tag_slug\":\"\",\"autors_id\":\"\",\"installed_post_types\":\"\",\"sort\":\"\",\"offset\":\"\",\"show_modified_date\":\"\",\"el_class\":\"\",\"td_ajax_filter_type\":\"\",\"td_ajax_filter_ids\":\"\",\"td_filter_default_txt\":\"All\",\"td_ajax_preloading\":\"\",\"f_header_font_header\":\"\",\"f_header_font_title\":\"Block header\",\"f_header_font_settings\":\"\",\"f_header_font_family\":\"\",\"f_header_font_size\":\"\",\"f_header_font_line_height\":\"\",\"f_header_font_style\":\"\",\"f_header_font_weight\":\"\",\"f_header_font_transform\":\"\",\"f_header_font_spacing\":\"\",\"f_header_\":\"\",\"f_ajax_font_title\":\"Ajax categories\",\"f_ajax_font_settings\":\"\",\"f_ajax_font_family\":\"\",\"f_ajax_font_size\":\"\",\"f_ajax_font_line_height\":\"\",\"f_ajax_font_style\":\"\",\"f_ajax_font_weight\":\"\",\"f_ajax_font_transform\":\"\",\"f_ajax_font_spacing\":\"\",\"f_ajax_\":\"\",\"f_more_font_title\":\"Load more button\",\"f_more_font_settings\":\"\",\"f_more_font_family\":\"\",\"f_more_font_size\":\"\",\"f_more_font_line_height\":\"\",\"f_more_font_style\":\"\",\"f_more_font_weight\":\"\",\"f_more_font_transform\":\"\",\"f_more_font_spacing\":\"\",\"f_more_\":\"\",\"mx8f_title_font_header\":\"\",\"mx8f_title_font_title\":\"Article title\",\"mx8f_title_font_settings\":\"\",\"mx8f_title_font_family\":\"\",\"mx8f_title_font_size\":\"\",\"mx8f_title_font_line_height\":\"\",\"mx8f_title_font_style\":\"\",\"mx8f_title_font_weight\":\"\",\"mx8f_title_font_transform\":\"\",\"mx8f_title_font_spacing\":\"\",\"mx8f_title_\":\"\",\"mx8f_cat_font_title\":\"Article category tag\",\"mx8f_cat_font_settings\":\"\",\"mx8f_cat_font_family\":\"\",\"mx8f_cat_font_size\":\"\",\"mx8f_cat_font_line_height\":\"\",\"mx8f_cat_font_style\":\"\",\"mx8f_cat_font_weight\":\"\",\"mx8f_cat_font_transform\":\"\",\"mx8f_cat_font_spacing\":\"\",\"mx8f_cat_\":\"\",\"mx8f_meta_font_title\":\"Article meta info\",\"mx8f_meta_font_settings\":\"\",\"mx8f_meta_font_family\":\"\",\"mx8f_meta_font_size\":\"\",\"mx8f_meta_font_line_height\":\"\",\"mx8f_meta_font_style\":\"\",\"mx8f_meta_font_weight\":\"\",\"mx8f_meta_font_transform\":\"\",\"mx8f_meta_font_spacing\":\"\",\"mx8f_meta_\":\"\",\"m10f_title_font_header\":\"\",\"m10f_title_font_title\":\"Article title\",\"m10f_title_font_settings\":\"\",\"m10f_title_font_family\":\"\",\"m10f_title_font_size\":\"\",\"m10f_title_font_line_height\":\"\",\"m10f_title_font_style\":\"\",\"m10f_title_font_weight\":\"\",\"m10f_title_font_transform\":\"\",\"m10f_title_font_spacing\":\"\",\"m10f_title_\":\"\",\"m10f_cat_font_title\":\"Article category tag\",\"m10f_cat_font_settings\":\"\",\"m10f_cat_font_family\":\"\",\"m10f_cat_font_size\":\"\",\"m10f_cat_font_line_height\":\"\",\"m10f_cat_font_style\":\"\",\"m10f_cat_font_weight\":\"\",\"m10f_cat_font_transform\":\"\",\"m10f_cat_font_spacing\":\"\",\"m10f_cat_\":\"\",\"m10f_meta_font_title\":\"Article meta info\",\"m10f_meta_font_settings\":\"\",\"m10f_meta_font_family\":\"\",\"m10f_meta_font_size\":\"\",\"m10f_meta_font_line_height\":\"\",\"m10f_meta_font_style\":\"\",\"m10f_meta_font_weight\":\"\",\"m10f_meta_font_transform\":\"\",\"m10f_meta_font_spacing\":\"\",\"m10f_meta_\":\"\",\"m10f_ex_font_title\":\"Article excerpt\",\"m10f_ex_font_settings\":\"\",\"m10f_ex_font_family\":\"\",\"m10f_ex_font_size\":\"\",\"m10f_ex_font_line_height\":\"\",\"m10f_ex_font_style\":\"\",\"m10f_ex_font_weight\":\"\",\"m10f_ex_font_transform\":\"\",\"m10f_ex_font_spacing\":\"\",\"m10f_ex_\":\"\",\"mx2f_title_font_header\":\"\",\"mx2f_title_font_title\":\"Article title\",\"mx2f_title_font_settings\":\"\",\"mx2f_title_font_family\":\"\",\"mx2f_title_font_size\":\"\",\"mx2f_title_font_line_height\":\"\",\"mx2f_title_font_style\":\"\",\"mx2f_title_font_weight\":\"\",\"mx2f_title_font_transform\":\"\",\"mx2f_title_font_spacing\":\"\",\"mx2f_title_\":\"\",\"mx2f_cat_font_title\":\"Article category tag\",\"mx2f_cat_font_settings\":\"\",\"mx2f_cat_font_family\":\"\",\"mx2f_cat_font_size\":\"\",\"mx2f_cat_font_line_height\":\"\",\"mx2f_cat_font_style\":\"\",\"mx2f_cat_font_weight\":\"\",\"mx2f_cat_font_transform\":\"\",\"mx2f_cat_font_spacing\":\"\",\"mx2f_cat_\":\"\",\"mx2f_meta_font_title\":\"Article meta info\",\"mx2f_meta_font_settings\":\"\",\"mx2f_meta_font_family\":\"\",\"mx2f_meta_font_size\":\"\",\"mx2f_meta_font_line_height\":\"\",\"mx2f_meta_font_style\":\"\",\"mx2f_meta_font_weight\":\"\",\"mx2f_meta_font_transform\":\"\",\"mx2f_meta_font_spacing\":\"\",\"mx2f_meta_\":\"\",\"ajax_pagination_infinite_stop\":\"\",\"css\":\"\",\"tdc_css\":\"\",\"td_column_number\":1,\"header_color\":\"\",\"color_preset\":\"\",\"border_top\":\"\",\"class\":\"td_uid_23_69f066d1c4a18_rand\",\"tdc_css_class\":\"td_uid_23_69f066d1c4a18_rand\",\"tdc_css_class_style\":\"td_uid_23_69f066d1c4a18_rand_style\"}';\nblock_td_uid_23_69f066d1c4a18.td_column_number = \"1\";\nblock_td_uid_23_69f066d1c4a18.block_type = \"td_block_18\";\nblock_td_uid_23_69f066d1c4a18.post_count = \"3\";\nblock_td_uid_23_69f066d1c4a18.found_posts = \"1356\";\nblock_td_uid_23_69f066d1c4a18.header_color = \"\";\nblock_td_uid_23_69f066d1c4a18.ajax_pagination_infinite_stop = \"\";\nblock_td_uid_23_69f066d1c4a18.max_num_pages = \"452\";\ntdBlocksArray.push(block_td_uid_23_69f066d1c4a18);\n<\/script><div class=\"td-block-title-wrap\"><\/div><div id=td_uid_23_69f066d1c4a18 class=\"td_block_inner td-column-1\">\r\n        <div class=\"td_module_mx8 td_module_wrap td-animation-stack\">\r\n            <div class=\"meta-info-container\">\r\n                <div class=\"td-module-thumb\"><a href=\"https:\/\/www.africa-press.net\/benin\/economie\/ecobank-annonce-augmentation-de-21-de-son-benefice\" rel=\"bookmark\" class=\"td-image-wrap\" title=\"Ecobank Annonce Augmentation de 21 % de Son B\u00e9n\u00e9fice\"><img loading=\"lazy\" decoding=\"async\" class=\"entry-thumb\" src=\"data:image\/png;base64,iVBORw0KGgoAAAANSUhEUgAAArgAAAGBAQMAAAC3k1CUAAAAA1BMVEWurq51dlI4AAAAAXRSTlMmkutdmwAAADdJREFUeNrtwTEBAAAAwiD7p7bETmAAAAAAAAAAAAAAAAAAAAAAAAAAAAAAAAAAAAAAAAAAAEDuhFgAARFpDB8AAAAASUVORK5CYII=\" alt=\"Ecobank Annonce Augmentation de 21 % de Son B\u00e9n\u00e9fice\" title=\"Ecobank Annonce Augmentation de 21 % de Son B\u00e9n\u00e9fice\" data-type=\"image_tag\" data-img-url=\"https:\/\/static.africa-press.net\/benin\/sites\/46\/2026\/04\/sm_1776565197.188222-696x385.jpg\"  width=\"696\" height=\"385\" \/><\/a><\/div>\r\n                <div class=\"td-module-meta-info\">\r\n                    <h3 class=\"entry-title td-module-title\"><a href=\"https:\/\/www.africa-press.net\/benin\/economie\/ecobank-annonce-augmentation-de-21-de-son-benefice\" rel=\"bookmark\" title=\"Ecobank Annonce Augmentation de 21 % de Son B\u00e9n\u00e9fice\">Ecobank Annonce Augmentation de 21 % de Son B\u00e9n\u00e9fice<\/a><\/h3>                                        <span class=\"td-author-date\">\r\n                                                <span class=\"td-post-date\"><time class=\"entry-date updated td-module-date\" datetime=\"2026-04-18T22:57:57+00:00\" >2026-04-18<\/time><\/span>                                            <\/span>\r\n                <\/div>\r\n            <\/div>\r\n\r\n        <\/div>\r\n\r\n        \r\n        <div class=\"td_module_mx2 td_module_wrap td-animation-stack\">\r\n\r\n            <div class=\"td-module-thumb\"><a href=\"https:\/\/www.africa-press.net\/benin\/economie\/pensions-cnss-fnrb-paiement-unique-des-20-mars\" rel=\"bookmark\" class=\"td-image-wrap\" title=\"Pensions CNSS-FNRB: Paiement Unique D\u00e8s 20 Mars\"><img loading=\"lazy\" decoding=\"async\" class=\"entry-thumb\" src=\"data:image\/png;base64,iVBORw0KGgoAAAANSUhEUgAAAFAAAAA8AQMAAADL6a\/PAAAAA1BMVEWurq51dlI4AAAAAXRSTlMmkutdmwAAAA5JREFUKM9jGAWjYJABAAKUAAHoEAeuAAAAAElFTkSuQmCC\" alt=\"Pensions CNSS-FNRB: Paiement Unique D\u00e8s 20 Mars\" title=\"Pensions CNSS-FNRB: Paiement Unique D\u00e8s 20 Mars\" data-type=\"image_tag\" data-img-url=\"https:\/\/static.africa-press.net\/benin\/sites\/46\/2026\/03\/sm_1773877460.94147-80x60.jpg\"  width=\"80\" height=\"60\" \/><\/a><\/div>\r\n            <div class=\"item-details\">\r\n                <h3 class=\"entry-title td-module-title\"><a href=\"https:\/\/www.africa-press.net\/benin\/economie\/pensions-cnss-fnrb-paiement-unique-des-20-mars\" rel=\"bookmark\" title=\"Pensions CNSS-FNRB: Paiement Unique D\u00e8s 20 Mars\">Pensions CNSS-FNRB: Paiement Unique D\u00e8s 20 Mars<\/a><\/h3>                <div class=\"td-module-meta-info\">\r\n                                                            <span class=\"td-post-date\"><time class=\"entry-date updated td-module-date\" datetime=\"2026-03-17T22:49:40+00:00\" >2026-03-17<\/time><\/span>                                    <\/div>\r\n            <\/div>\r\n\r\n        <\/div>\r\n\r\n        \r\n        <div class=\"td_module_mx2 td_module_wrap td-animation-stack\">\r\n\r\n            <div class=\"td-module-thumb\"><a href=\"https:\/\/www.africa-press.net\/benin\/politique\/fermeture-dormuz-lafrique-peut%e2%80%90elle-combler-le-manque\" rel=\"bookmark\" class=\"td-image-wrap\" title=\"Fermeture D\u2019Ormuz: L\u2019Afrique Peut\u2010Elle Combler le Manque?\"><img loading=\"lazy\" decoding=\"async\" class=\"entry-thumb\" src=\"data:image\/png;base64,iVBORw0KGgoAAAANSUhEUgAAAFAAAAA8AQMAAADL6a\/PAAAAA1BMVEWurq51dlI4AAAAAXRSTlMmkutdmwAAAA5JREFUKM9jGAWjYJABAAKUAAHoEAeuAAAAAElFTkSuQmCC\" alt=\"Fermeture D\u2019Ormuz: L\u2019Afrique Peut\u2010Elle Combler le Manque?\" title=\"Fermeture D\u2019Ormuz: L\u2019Afrique Peut\u2010Elle Combler le Manque?\" data-type=\"image_tag\" data-img-url=\"https:\/\/static.africa-press.net\/benin\/sites\/46\/2026\/04\/sm_1776630298.694898-80x60.jpg\"  width=\"80\" height=\"60\" \/><\/a><\/div>\r\n            <div class=\"item-details\">\r\n                <h3 class=\"entry-title td-module-title\"><a href=\"https:\/\/www.africa-press.net\/benin\/politique\/fermeture-dormuz-lafrique-peut%e2%80%90elle-combler-le-manque\" rel=\"bookmark\" title=\"Fermeture D\u2019Ormuz: L\u2019Afrique Peut\u2010Elle Combler le Manque?\">Fermeture D\u2019Ormuz: L\u2019Afrique Peut\u2010Elle Combler le Manque?<\/a><\/h3>                <div class=\"td-module-meta-info\">\r\n                                                            <span class=\"td-post-date\"><time class=\"entry-date updated td-module-date\" datetime=\"2026-03-17T16:40:00+00:00\" >2026-03-17<\/time><\/span>                                    <\/div>\r\n            <\/div>\r\n\r\n        <\/div>\r\n\r\n        <\/div><div class=\"td-next-prev-wrap\"><a href=\"#\" class=\"td-ajax-prev-page ajax-page-disabled\" id=\"prev-page-td_uid_23_69f066d1c4a18\" data-td_block_id=\"td_uid_23_69f066d1c4a18\"><i class=\"td-icon-font td-icon-menu-left\"><\/i><\/a><a href=\"#\"  class=\"td-ajax-next-page\" id=\"next-page-td_uid_23_69f066d1c4a18\" data-td_block_id=\"td_uid_23_69f066d1c4a18\"><i class=\"td-icon-font td-icon-menu-right\"><\/i><\/a><\/div><\/div> <!-- .\/block --><\/div><\/div><\/div><div class=\"vc_column_inner td_uid_24_69f066d1ccde3_rand  wpb_column vc_column_container tdc-inner-column td-pb-span6\">\n<style scoped>\n\n\/* custom css *\/\n.td_uid_24_69f066d1ccde3_rand {\r\n                    vertical-align: baseline;\r\n                }\n<\/style><div class=\"vc_column-inner\"><div class=\"wpb_wrapper\"><div class=\"td_block_wrap td_block_7 td_uid_25_69f066d1ccebf_rand td-pb-border-top td_block_template_1 td-column-1 td_block_padding\"  data-td-block-uid=\"td_uid_25_69f066d1ccebf\" >\n<style>\n\n\/* inline tdc_css att *\/\n\n\/* phone *\/\n@media (max-width: 767px)\n{\n.td_uid_25_69f066d1ccebf_rand{\ndisplay:none !important;\n}\n}\n\n<\/style><script>var block_td_uid_25_69f066d1ccebf = new tdBlock();\nblock_td_uid_25_69f066d1ccebf.id = \"td_uid_25_69f066d1ccebf\";\nblock_td_uid_25_69f066d1ccebf.atts = '{\"category_id\":\"3\",\"limit\":\"4\",\"offset\":\"3\",\"tdc_css\":\"eyJwaG9uZSI6eyJkaXNwbGF5Ijoibm9uZSJ9LCJwaG9uZV9tYXhfd2lkdGgiOjc2N30=\",\"separator\":\"\",\"custom_title\":\"\",\"custom_url\":\"\",\"block_template_id\":\"\",\"m6_tl\":\"\",\"post_ids\":\"\",\"category_ids\":\"\",\"tag_slug\":\"\",\"autors_id\":\"\",\"installed_post_types\":\"\",\"sort\":\"\",\"show_modified_date\":\"\",\"el_class\":\"\",\"td_ajax_filter_type\":\"\",\"td_ajax_filter_ids\":\"\",\"td_filter_default_txt\":\"All\",\"td_ajax_preloading\":\"\",\"f_header_font_header\":\"\",\"f_header_font_title\":\"Block header\",\"f_header_font_settings\":\"\",\"f_header_font_family\":\"\",\"f_header_font_size\":\"\",\"f_header_font_line_height\":\"\",\"f_header_font_style\":\"\",\"f_header_font_weight\":\"\",\"f_header_font_transform\":\"\",\"f_header_font_spacing\":\"\",\"f_header_\":\"\",\"f_ajax_font_title\":\"Ajax categories\",\"f_ajax_font_settings\":\"\",\"f_ajax_font_family\":\"\",\"f_ajax_font_size\":\"\",\"f_ajax_font_line_height\":\"\",\"f_ajax_font_style\":\"\",\"f_ajax_font_weight\":\"\",\"f_ajax_font_transform\":\"\",\"f_ajax_font_spacing\":\"\",\"f_ajax_\":\"\",\"f_more_font_title\":\"Load more button\",\"f_more_font_settings\":\"\",\"f_more_font_family\":\"\",\"f_more_font_size\":\"\",\"f_more_font_line_height\":\"\",\"f_more_font_style\":\"\",\"f_more_font_weight\":\"\",\"f_more_font_transform\":\"\",\"f_more_font_spacing\":\"\",\"f_more_\":\"\",\"m6f_title_font_header\":\"\",\"m6f_title_font_title\":\"Article title\",\"m6f_title_font_settings\":\"\",\"m6f_title_font_family\":\"\",\"m6f_title_font_size\":\"\",\"m6f_title_font_line_height\":\"\",\"m6f_title_font_style\":\"\",\"m6f_title_font_weight\":\"\",\"m6f_title_font_transform\":\"\",\"m6f_title_font_spacing\":\"\",\"m6f_title_\":\"\",\"m6f_cat_font_title\":\"Article category tag\",\"m6f_cat_font_settings\":\"\",\"m6f_cat_font_family\":\"\",\"m6f_cat_font_size\":\"\",\"m6f_cat_font_line_height\":\"\",\"m6f_cat_font_style\":\"\",\"m6f_cat_font_weight\":\"\",\"m6f_cat_font_transform\":\"\",\"m6f_cat_font_spacing\":\"\",\"m6f_cat_\":\"\",\"m6f_meta_font_title\":\"Article meta info\",\"m6f_meta_font_settings\":\"\",\"m6f_meta_font_family\":\"\",\"m6f_meta_font_size\":\"\",\"m6f_meta_font_line_height\":\"\",\"m6f_meta_font_style\":\"\",\"m6f_meta_font_weight\":\"\",\"m6f_meta_font_transform\":\"\",\"m6f_meta_font_spacing\":\"\",\"m6f_meta_\":\"\",\"ajax_pagination\":\"\",\"ajax_pagination_infinite_stop\":\"\",\"css\":\"\",\"td_column_number\":1,\"header_color\":\"\",\"color_preset\":\"\",\"border_top\":\"\",\"class\":\"td_uid_25_69f066d1ccebf_rand\",\"tdc_css_class\":\"td_uid_25_69f066d1ccebf_rand\",\"tdc_css_class_style\":\"td_uid_25_69f066d1ccebf_rand_style\"}';\nblock_td_uid_25_69f066d1ccebf.td_column_number = \"1\";\nblock_td_uid_25_69f066d1ccebf.block_type = \"td_block_7\";\nblock_td_uid_25_69f066d1ccebf.post_count = \"4\";\nblock_td_uid_25_69f066d1ccebf.found_posts = \"1356\";\nblock_td_uid_25_69f066d1ccebf.header_color = \"\";\nblock_td_uid_25_69f066d1ccebf.ajax_pagination_infinite_stop = \"\";\nblock_td_uid_25_69f066d1ccebf.max_num_pages = \"339\";\ntdBlocksArray.push(block_td_uid_25_69f066d1ccebf);\n<\/script><div class=\"td-block-title-wrap\"><\/div><div id=td_uid_25_69f066d1ccebf class=\"td_block_inner\">\n\n\t<div class=\"td-block-span12\">\n\r\n        <div class=\"td_module_6 td_module_wrap td-animation-stack\">\r\n\r\n        <div class=\"td-module-thumb\"><a href=\"https:\/\/www.africa-press.net\/benin\/economie\/trois-ecoles-agricoles-a-bassila-ouesse-et-ze\" rel=\"bookmark\" class=\"td-image-wrap\" title=\"Trois \u00c9coles Agricoles \u00e0 Bassila Ouess\u00e8 et Z\u00e8\"><img loading=\"lazy\" decoding=\"async\" class=\"entry-thumb\" src=\"data:image\/png;base64,iVBORw0KGgoAAAANSUhEUgAAAGQAAABGAQMAAAAASKMqAAAAA1BMVEWurq51dlI4AAAAAXRSTlMmkutdmwAAABBJREFUKM9jGAWjYBQMKwAAA9QAAQWBn6cAAAAASUVORK5CYII=\" alt=\"Trois \u00c9coles Agricoles \u00e0 Bassila Ouess\u00e8 et Z\u00e8\" title=\"Trois \u00c9coles Agricoles \u00e0 Bassila Ouess\u00e8 et Z\u00e8\" data-type=\"image_tag\" data-img-url=\"https:\/\/static.africa-press.net\/benin\/sites\/46\/2026\/03\/sm_1773439888.050874-100x70.jpg\"  width=\"100\" height=\"70\" \/><\/a><\/div>\r\n        <div class=\"item-details\">\r\n            <h3 class=\"entry-title td-module-title\"><a href=\"https:\/\/www.africa-press.net\/benin\/economie\/trois-ecoles-agricoles-a-bassila-ouesse-et-ze\" rel=\"bookmark\" title=\"Trois \u00c9coles Agricoles \u00e0 Bassila Ouess\u00e8 et Z\u00e8\">Trois \u00c9coles Agricoles \u00e0 Bassila Ouess\u00e8 et Z\u00e8<\/a><\/h3>            <div class=\"td-module-meta-info\">\r\n                                                <span class=\"td-post-date\"><time class=\"entry-date updated td-module-date\" datetime=\"2026-03-12T21:13:55+00:00\" >2026-03-12<\/time><\/span>                            <\/div>\r\n        <\/div>\r\n\r\n        <\/div>\r\n\r\n        \n\t<\/div> <!-- .\/td-block-span12 -->\n\n\t<div class=\"td-block-span12\">\n\r\n        <div class=\"td_module_6 td_module_wrap td-animation-stack\">\r\n\r\n        <div class=\"td-module-thumb\"><a href=\"https:\/\/www.africa-press.net\/benin\/economie\/logements-sociaux-et-energie-solaire-avec-le-fonds-saoudien\" rel=\"bookmark\" class=\"td-image-wrap\" title=\"Logements Sociaux Et \u00c9nergie Solaire Avec Le Fonds Saoudien\"><img loading=\"lazy\" decoding=\"async\" class=\"entry-thumb\" src=\"data:image\/png;base64,iVBORw0KGgoAAAANSUhEUgAAAGQAAABGAQMAAAAASKMqAAAAA1BMVEWurq51dlI4AAAAAXRSTlMmkutdmwAAABBJREFUKM9jGAWjYBQMKwAAA9QAAQWBn6cAAAAASUVORK5CYII=\" alt=\"Logements Sociaux Et \u00c9nergie Solaire Avec Le Fonds Saoudien\" title=\"Logements Sociaux Et \u00c9nergie Solaire Avec Le Fonds Saoudien\" data-type=\"image_tag\" data-img-url=\"https:\/\/static.africa-press.net\/benin\/sites\/46\/2026\/02\/sm_1772214237.428559-100x70.jpg\"  width=\"100\" height=\"70\" \/><\/a><\/div>\r\n        <div class=\"item-details\">\r\n            <h3 class=\"entry-title td-module-title\"><a href=\"https:\/\/www.africa-press.net\/benin\/economie\/logements-sociaux-et-energie-solaire-avec-le-fonds-saoudien\" rel=\"bookmark\" title=\"Logements Sociaux Et \u00c9nergie Solaire Avec Le Fonds Saoudien\">Logements Sociaux Et \u00c9nergie Solaire Avec Le Fonds Saoudien<\/a><\/h3>            <div class=\"td-module-meta-info\">\r\n                                                <span class=\"td-post-date\"><time class=\"entry-date updated td-module-date\" datetime=\"2026-02-27T17:17:54+00:00\" >2026-02-27<\/time><\/span>                            <\/div>\r\n        <\/div>\r\n\r\n        <\/div>\r\n\r\n        \n\t<\/div> <!-- .\/td-block-span12 -->\n\n\t<div class=\"td-block-span12\">\n\r\n        <div class=\"td_module_6 td_module_wrap td-animation-stack\">\r\n\r\n        <div class=\"td-module-thumb\"><a href=\"https:\/\/www.africa-press.net\/benin\/economie\/cotonou-sirat-lancement-des-travaux-carrefour-unafrica\" rel=\"bookmark\" class=\"td-image-wrap\" title=\"Cotonou SIRAT Lancement des Travaux Carrefour Unafrica\"><img loading=\"lazy\" decoding=\"async\" class=\"entry-thumb\" src=\"data:image\/png;base64,iVBORw0KGgoAAAANSUhEUgAAAGQAAABGAQMAAAAASKMqAAAAA1BMVEWurq51dlI4AAAAAXRSTlMmkutdmwAAABBJREFUKM9jGAWjYBQMKwAAA9QAAQWBn6cAAAAASUVORK5CYII=\" alt=\"Cotonou SIRAT Lancement des Travaux Carrefour Unafrica\" title=\"Cotonou SIRAT Lancement des Travaux Carrefour Unafrica\" data-type=\"image_tag\" data-img-url=\"https:\/\/static.africa-press.net\/benin\/sites\/46\/2026\/02\/sm_1771962344.222643-100x70.jpg\"  width=\"100\" height=\"70\" \/><\/a><\/div>\r\n        <div class=\"item-details\">\r\n            <h3 class=\"entry-title td-module-title\"><a href=\"https:\/\/www.africa-press.net\/benin\/economie\/cotonou-sirat-lancement-des-travaux-carrefour-unafrica\" rel=\"bookmark\" title=\"Cotonou SIRAT Lancement des Travaux Carrefour Unafrica\">Cotonou SIRAT Lancement des Travaux Carrefour Unafrica<\/a><\/h3>            <div class=\"td-module-meta-info\">\r\n                                                <span class=\"td-post-date\"><time class=\"entry-date updated td-module-date\" datetime=\"2026-02-24T19:16:43+00:00\" >2026-02-24<\/time><\/span>                            <\/div>\r\n        <\/div>\r\n\r\n        <\/div>\r\n\r\n        \n\t<\/div> <!-- .\/td-block-span12 -->\n\n\t<div class=\"td-block-span12\">\n\r\n        <div class=\"td_module_6 td_module_wrap td-animation-stack\">\r\n\r\n        <div class=\"td-module-thumb\"><a href=\"https:\/\/www.africa-press.net\/benin\/economie\/afrodad-plaide-pour-refondre-la-charte-africaine\" rel=\"bookmark\" class=\"td-image-wrap\" title=\"Afrodad Plaide Pour Refondre La Charte Africaine\"><img loading=\"lazy\" decoding=\"async\" class=\"entry-thumb\" src=\"data:image\/png;base64,iVBORw0KGgoAAAANSUhEUgAAAGQAAABGAQMAAAAASKMqAAAAA1BMVEWurq51dlI4AAAAAXRSTlMmkutdmwAAABBJREFUKM9jGAWjYBQMKwAAA9QAAQWBn6cAAAAASUVORK5CYII=\" alt=\"Afrodad Plaide Pour Refondre La Charte Africaine\" title=\"Afrodad Plaide Pour Refondre La Charte Africaine\" data-type=\"image_tag\" data-img-url=\"https:\/\/static.africa-press.net\/benin\/sites\/46\/2026\/02\/sm_1771873339.298629-100x70.jpg\"  width=\"100\" height=\"70\" \/><\/a><\/div>\r\n        <div class=\"item-details\">\r\n            <h3 class=\"entry-title td-module-title\"><a href=\"https:\/\/www.africa-press.net\/benin\/economie\/afrodad-plaide-pour-refondre-la-charte-africaine\" rel=\"bookmark\" title=\"Afrodad Plaide Pour Refondre La Charte Africaine\">Afrodad Plaide Pour Refondre La Charte Africaine<\/a><\/h3>            <div class=\"td-module-meta-info\">\r\n                                                <span class=\"td-post-date\"><time class=\"entry-date updated td-module-date\" datetime=\"2026-02-23T18:41:38+00:00\" >2026-02-23<\/time><\/span>                            <\/div>\r\n        <\/div>\r\n\r\n        <\/div>\r\n\r\n        \n\t<\/div> <!-- .\/td-block-span12 --><\/div><\/div> <!-- .\/block --><\/div><\/div><\/div><\/div><div class=\"tdm_block td_block_wrap tdm_block_button td_uid_26_69f066d1d4a67_rand tdm-block-button-inline tdm-content-horiz-right td-pb-border-top main-box-btn-green-en td_block_template_1\"  data-td-block-uid=\"td_uid_26_69f066d1d4a67\"     >\n<style>\n.td_uid_27_69f066d1d4dec i:first-child {\r\n\t\t\t\t\tmargin-right: 14px;\r\n\t\t\t\t}\n<\/style><div class=\"tds-button td-fix-index\"><a \r\n                href=\"\/benin\/economie\" \r\n                class=\"tds-button1 tdm-btn tdm-btn-sm td_uid_27_69f066d1d4dec\"  target=\"_blank\" ><i class=\"tdc-font-fa tdc-font-fa-arrow-right\"><\/i><span class=\"tdm-btn-text\">Plus de Nouvelles<\/span><\/a><\/div><\/div><div class=\"wpb_wrapper td_block_wrap vc_raw_html td_uid_28_69f066d1d4ffa_rand \"><div class=\"td-fix-index\"><div class=\"td-block-title-wrap\"><h4 class=\"block-title\"><a href=\"\/benin\/communaute\" class=\"td-pulldown-size\">Communaut\u00e9<\/a><\/h4><\/div><\/div><\/div><div id=\"main-box\" class=\"vc_row_inner td_uid_29_69f066d1d5022_rand  vc_row vc_inner wpb_row td-pb-row\" >\n<style scoped>\n\n\/* custom css *\/\n.td_uid_29_69f066d1d5022_rand {\r\n                    position: relative !important;\r\n                    top: 0;\r\n                    transform: none;\r\n                    -webkit-transform: none;\r\n                }\n<\/style><div class=\"vc_column_inner td_uid_30_69f066d1d50af_rand  wpb_column vc_column_container tdc-inner-column td-pb-span6\">\n<style scoped>\n\n\/* custom css *\/\n.td_uid_30_69f066d1d50af_rand {\r\n                    vertical-align: baseline;\r\n                }\n<\/style><div class=\"vc_column-inner\"><div class=\"wpb_wrapper\"><div class=\"td_block_wrap td_block_18 td_uid_31_69f066d1d513e_rand td_with_ajax_pagination td-pb-border-top td_block_template_1 td-column-1\"  data-td-block-uid=\"td_uid_31_69f066d1d513e\" ><script>var block_td_uid_31_69f066d1d513e = new tdBlock();\nblock_td_uid_31_69f066d1d513e.id = \"td_uid_31_69f066d1d513e\";\nblock_td_uid_31_69f066d1d513e.atts = '{\"category_id\":\"21\",\"limit\":\"3\",\"ajax_pagination\":\"next_prev\",\"separator\":\"\",\"custom_title\":\"\",\"custom_url\":\"\",\"block_template_id\":\"\",\"mx8_tl\":\"\",\"m10_tl\":\"\",\"m10_el\":\"\",\"mx2_tl\":\"\",\"post_ids\":\"\",\"category_ids\":\"\",\"tag_slug\":\"\",\"autors_id\":\"\",\"installed_post_types\":\"\",\"sort\":\"\",\"offset\":\"\",\"show_modified_date\":\"\",\"el_class\":\"\",\"td_ajax_filter_type\":\"\",\"td_ajax_filter_ids\":\"\",\"td_filter_default_txt\":\"All\",\"td_ajax_preloading\":\"\",\"f_header_font_header\":\"\",\"f_header_font_title\":\"Block header\",\"f_header_font_settings\":\"\",\"f_header_font_family\":\"\",\"f_header_font_size\":\"\",\"f_header_font_line_height\":\"\",\"f_header_font_style\":\"\",\"f_header_font_weight\":\"\",\"f_header_font_transform\":\"\",\"f_header_font_spacing\":\"\",\"f_header_\":\"\",\"f_ajax_font_title\":\"Ajax categories\",\"f_ajax_font_settings\":\"\",\"f_ajax_font_family\":\"\",\"f_ajax_font_size\":\"\",\"f_ajax_font_line_height\":\"\",\"f_ajax_font_style\":\"\",\"f_ajax_font_weight\":\"\",\"f_ajax_font_transform\":\"\",\"f_ajax_font_spacing\":\"\",\"f_ajax_\":\"\",\"f_more_font_title\":\"Load more button\",\"f_more_font_settings\":\"\",\"f_more_font_family\":\"\",\"f_more_font_size\":\"\",\"f_more_font_line_height\":\"\",\"f_more_font_style\":\"\",\"f_more_font_weight\":\"\",\"f_more_font_transform\":\"\",\"f_more_font_spacing\":\"\",\"f_more_\":\"\",\"mx8f_title_font_header\":\"\",\"mx8f_title_font_title\":\"Article title\",\"mx8f_title_font_settings\":\"\",\"mx8f_title_font_family\":\"\",\"mx8f_title_font_size\":\"\",\"mx8f_title_font_line_height\":\"\",\"mx8f_title_font_style\":\"\",\"mx8f_title_font_weight\":\"\",\"mx8f_title_font_transform\":\"\",\"mx8f_title_font_spacing\":\"\",\"mx8f_title_\":\"\",\"mx8f_cat_font_title\":\"Article category tag\",\"mx8f_cat_font_settings\":\"\",\"mx8f_cat_font_family\":\"\",\"mx8f_cat_font_size\":\"\",\"mx8f_cat_font_line_height\":\"\",\"mx8f_cat_font_style\":\"\",\"mx8f_cat_font_weight\":\"\",\"mx8f_cat_font_transform\":\"\",\"mx8f_cat_font_spacing\":\"\",\"mx8f_cat_\":\"\",\"mx8f_meta_font_title\":\"Article meta info\",\"mx8f_meta_font_settings\":\"\",\"mx8f_meta_font_family\":\"\",\"mx8f_meta_font_size\":\"\",\"mx8f_meta_font_line_height\":\"\",\"mx8f_meta_font_style\":\"\",\"mx8f_meta_font_weight\":\"\",\"mx8f_meta_font_transform\":\"\",\"mx8f_meta_font_spacing\":\"\",\"mx8f_meta_\":\"\",\"m10f_title_font_header\":\"\",\"m10f_title_font_title\":\"Article title\",\"m10f_title_font_settings\":\"\",\"m10f_title_font_family\":\"\",\"m10f_title_font_size\":\"\",\"m10f_title_font_line_height\":\"\",\"m10f_title_font_style\":\"\",\"m10f_title_font_weight\":\"\",\"m10f_title_font_transform\":\"\",\"m10f_title_font_spacing\":\"\",\"m10f_title_\":\"\",\"m10f_cat_font_title\":\"Article category tag\",\"m10f_cat_font_settings\":\"\",\"m10f_cat_font_family\":\"\",\"m10f_cat_font_size\":\"\",\"m10f_cat_font_line_height\":\"\",\"m10f_cat_font_style\":\"\",\"m10f_cat_font_weight\":\"\",\"m10f_cat_font_transform\":\"\",\"m10f_cat_font_spacing\":\"\",\"m10f_cat_\":\"\",\"m10f_meta_font_title\":\"Article meta info\",\"m10f_meta_font_settings\":\"\",\"m10f_meta_font_family\":\"\",\"m10f_meta_font_size\":\"\",\"m10f_meta_font_line_height\":\"\",\"m10f_meta_font_style\":\"\",\"m10f_meta_font_weight\":\"\",\"m10f_meta_font_transform\":\"\",\"m10f_meta_font_spacing\":\"\",\"m10f_meta_\":\"\",\"m10f_ex_font_title\":\"Article excerpt\",\"m10f_ex_font_settings\":\"\",\"m10f_ex_font_family\":\"\",\"m10f_ex_font_size\":\"\",\"m10f_ex_font_line_height\":\"\",\"m10f_ex_font_style\":\"\",\"m10f_ex_font_weight\":\"\",\"m10f_ex_font_transform\":\"\",\"m10f_ex_font_spacing\":\"\",\"m10f_ex_\":\"\",\"mx2f_title_font_header\":\"\",\"mx2f_title_font_title\":\"Article title\",\"mx2f_title_font_settings\":\"\",\"mx2f_title_font_family\":\"\",\"mx2f_title_font_size\":\"\",\"mx2f_title_font_line_height\":\"\",\"mx2f_title_font_style\":\"\",\"mx2f_title_font_weight\":\"\",\"mx2f_title_font_transform\":\"\",\"mx2f_title_font_spacing\":\"\",\"mx2f_title_\":\"\",\"mx2f_cat_font_title\":\"Article category tag\",\"mx2f_cat_font_settings\":\"\",\"mx2f_cat_font_family\":\"\",\"mx2f_cat_font_size\":\"\",\"mx2f_cat_font_line_height\":\"\",\"mx2f_cat_font_style\":\"\",\"mx2f_cat_font_weight\":\"\",\"mx2f_cat_font_transform\":\"\",\"mx2f_cat_font_spacing\":\"\",\"mx2f_cat_\":\"\",\"mx2f_meta_font_title\":\"Article meta info\",\"mx2f_meta_font_settings\":\"\",\"mx2f_meta_font_family\":\"\",\"mx2f_meta_font_size\":\"\",\"mx2f_meta_font_line_height\":\"\",\"mx2f_meta_font_style\":\"\",\"mx2f_meta_font_weight\":\"\",\"mx2f_meta_font_transform\":\"\",\"mx2f_meta_font_spacing\":\"\",\"mx2f_meta_\":\"\",\"ajax_pagination_infinite_stop\":\"\",\"css\":\"\",\"tdc_css\":\"\",\"td_column_number\":1,\"header_color\":\"\",\"color_preset\":\"\",\"border_top\":\"\",\"class\":\"td_uid_31_69f066d1d513e_rand\",\"tdc_css_class\":\"td_uid_31_69f066d1d513e_rand\",\"tdc_css_class_style\":\"td_uid_31_69f066d1d513e_rand_style\"}';\nblock_td_uid_31_69f066d1d513e.td_column_number = \"1\";\nblock_td_uid_31_69f066d1d513e.block_type = \"td_block_18\";\nblock_td_uid_31_69f066d1d513e.post_count = \"3\";\nblock_td_uid_31_69f066d1d513e.found_posts = \"5400\";\nblock_td_uid_31_69f066d1d513e.header_color = \"\";\nblock_td_uid_31_69f066d1d513e.ajax_pagination_infinite_stop = \"\";\nblock_td_uid_31_69f066d1d513e.max_num_pages = \"1800\";\ntdBlocksArray.push(block_td_uid_31_69f066d1d513e);\n<\/script><div class=\"td-block-title-wrap\"><\/div><div id=td_uid_31_69f066d1d513e class=\"td_block_inner td-column-1\">\r\n        <div class=\"td_module_mx8 td_module_wrap td-animation-stack\">\r\n            <div class=\"meta-info-container\">\r\n                <div class=\"td-module-thumb\"><a href=\"https:\/\/www.africa-press.net\/benin\/toutes-les-actualites\/benin-commissaire-et-adjoint-demis-apres-braquage\" rel=\"bookmark\" class=\"td-image-wrap\" title=\"Be\u0301nin: Commissaire et Adjoint De\u0301mis Apre\u0300s Braquage\"><img loading=\"lazy\" decoding=\"async\" class=\"entry-thumb\" src=\"data:image\/png;base64,iVBORw0KGgoAAAANSUhEUgAAArgAAAGBAQMAAAC3k1CUAAAAA1BMVEWurq51dlI4AAAAAXRSTlMmkutdmwAAADdJREFUeNrtwTEBAAAAwiD7p7bETmAAAAAAAAAAAAAAAAAAAAAAAAAAAAAAAAAAAAAAAAAAAEDuhFgAARFpDB8AAAAASUVORK5CYII=\" alt=\"Be\u0301nin: Commissaire et Adjoint De\u0301mis Apre\u0300s Braquage\" title=\"Be\u0301nin: Commissaire et Adjoint De\u0301mis Apre\u0300s Braquage\" data-type=\"image_tag\" data-img-url=\"https:\/\/static.africa-press.net\/benin\/sites\/46\/2026\/04\/sm_1776565342.459581-696x385.jpg\"  width=\"696\" height=\"385\" \/><\/a><\/div>\r\n                <div class=\"td-module-meta-info\">\r\n                    <h3 class=\"entry-title td-module-title\"><a href=\"https:\/\/www.africa-press.net\/benin\/toutes-les-actualites\/benin-commissaire-et-adjoint-demis-apres-braquage\" rel=\"bookmark\" title=\"Be\u0301nin: Commissaire et Adjoint De\u0301mis Apre\u0300s Braquage\">Be\u0301nin: Commissaire et Adjoint De\u0301mis Apre\u0300s Braquage<\/a><\/h3>                                        <span class=\"td-author-date\">\r\n                                                <span class=\"td-post-date\"><time class=\"entry-date updated td-module-date\" datetime=\"2026-04-18T22:59:08+00:00\" >2026-04-18<\/time><\/span>                                            <\/span>\r\n                <\/div>\r\n            <\/div>\r\n\r\n        <\/div>\r\n\r\n        \r\n        <div class=\"td_module_mx2 td_module_wrap td-animation-stack\">\r\n\r\n            <div class=\"td-module-thumb\"><a href=\"https:\/\/www.africa-press.net\/benin\/toutes-les-actualites\/deces-de-nathalie-baye-mere-de-laura-smet\" rel=\"bookmark\" class=\"td-image-wrap\" title=\"D\u00e9c\u00e8s de Nathalie Baye, m\u00e8re de Laura Smet\"><img loading=\"lazy\" decoding=\"async\" class=\"entry-thumb\" src=\"data:image\/png;base64,iVBORw0KGgoAAAANSUhEUgAAAFAAAAA8AQMAAADL6a\/PAAAAA1BMVEWurq51dlI4AAAAAXRSTlMmkutdmwAAAA5JREFUKM9jGAWjYJABAAKUAAHoEAeuAAAAAElFTkSuQmCC\" alt=\"D\u00e9c\u00e8s de Nathalie Baye, m\u00e8re de Laura Smet\" title=\"D\u00e9c\u00e8s de Nathalie Baye, m\u00e8re de Laura Smet\" data-type=\"image_tag\" data-img-url=\"https:\/\/static.africa-press.net\/benin\/sites\/46\/2026\/04\/sm_1776565300.590219-80x60.jpg\"  width=\"80\" height=\"60\" \/><\/a><\/div>\r\n            <div class=\"item-details\">\r\n                <h3 class=\"entry-title td-module-title\"><a href=\"https:\/\/www.africa-press.net\/benin\/toutes-les-actualites\/deces-de-nathalie-baye-mere-de-laura-smet\" rel=\"bookmark\" title=\"D\u00e9c\u00e8s de Nathalie Baye, m\u00e8re de Laura Smet\">D\u00e9c\u00e8s de Nathalie Baye, m\u00e8re de Laura Smet<\/a><\/h3>                <div class=\"td-module-meta-info\">\r\n                                                            <span class=\"td-post-date\"><time class=\"entry-date updated td-module-date\" datetime=\"2026-04-18T22:58:50+00:00\" >2026-04-18<\/time><\/span>                                    <\/div>\r\n            <\/div>\r\n\r\n        <\/div>\r\n\r\n        \r\n        <div class=\"td_module_mx2 td_module_wrap td-animation-stack\">\r\n\r\n            <div class=\"td-module-thumb\"><a href=\"https:\/\/www.africa-press.net\/benin\/toutes-les-actualites\/agbaza-et-epouse-plaident-non-coupable-devant-la-criet\" rel=\"bookmark\" class=\"td-image-wrap\" title=\"Agbaza Et \u00c9pouse Plaident Non Coupable Devant La CRIET\"><img loading=\"lazy\" decoding=\"async\" class=\"entry-thumb\" src=\"data:image\/png;base64,iVBORw0KGgoAAAANSUhEUgAAAFAAAAA8AQMAAADL6a\/PAAAAA1BMVEWurq51dlI4AAAAAXRSTlMmkutdmwAAAA5JREFUKM9jGAWjYJABAAKUAAHoEAeuAAAAAElFTkSuQmCC\" alt=\"Agbaza Et \u00c9pouse Plaident Non Coupable Devant La CRIET\" title=\"Agbaza Et \u00c9pouse Plaident Non Coupable Devant La CRIET\" data-type=\"image_tag\" data-img-url=\"https:\/\/static.africa-press.net\/benin\/sites\/46\/2026\/04\/sm_1776565237.349486-80x60.jpg\"  width=\"80\" height=\"60\" \/><\/a><\/div>\r\n            <div class=\"item-details\">\r\n                <h3 class=\"entry-title td-module-title\"><a href=\"https:\/\/www.africa-press.net\/benin\/toutes-les-actualites\/agbaza-et-epouse-plaident-non-coupable-devant-la-criet\" rel=\"bookmark\" title=\"Agbaza Et \u00c9pouse Plaident Non Coupable Devant La CRIET\">Agbaza Et \u00c9pouse Plaident Non Coupable Devant La CRIET<\/a><\/h3>                <div class=\"td-module-meta-info\">\r\n                                                            <span class=\"td-post-date\"><time class=\"entry-date updated td-module-date\" datetime=\"2026-04-18T22:58:16+00:00\" >2026-04-18<\/time><\/span>                                    <\/div>\r\n            <\/div>\r\n\r\n        <\/div>\r\n\r\n        <\/div><div class=\"td-next-prev-wrap\"><a href=\"#\" class=\"td-ajax-prev-page ajax-page-disabled\" id=\"prev-page-td_uid_31_69f066d1d513e\" data-td_block_id=\"td_uid_31_69f066d1d513e\"><i class=\"td-icon-font td-icon-menu-left\"><\/i><\/a><a href=\"#\"  class=\"td-ajax-next-page\" id=\"next-page-td_uid_31_69f066d1d513e\" data-td_block_id=\"td_uid_31_69f066d1d513e\"><i class=\"td-icon-font td-icon-menu-right\"><\/i><\/a><\/div><\/div> <!-- .\/block --><\/div><\/div><\/div><div class=\"vc_column_inner td_uid_32_69f066d20b80b_rand  wpb_column vc_column_container tdc-inner-column td-pb-span6\">\n<style scoped>\n\n\/* custom css *\/\n.td_uid_32_69f066d20b80b_rand {\r\n                    vertical-align: baseline;\r\n                }\n<\/style><div class=\"vc_column-inner\"><div class=\"wpb_wrapper\"><div class=\"td_block_wrap td_block_7 td_uid_33_69f066d20b8eb_rand td-pb-border-top td_block_template_1 td-column-1 td_block_padding\"  data-td-block-uid=\"td_uid_33_69f066d20b8eb\" >\n<style>\n\n\/* inline tdc_css att *\/\n\n\/* phone *\/\n@media (max-width: 767px)\n{\n.td_uid_33_69f066d20b8eb_rand{\ndisplay:none !important;\n}\n}\n\n<\/style><script>var block_td_uid_33_69f066d20b8eb = new tdBlock();\nblock_td_uid_33_69f066d20b8eb.id = \"td_uid_33_69f066d20b8eb\";\nblock_td_uid_33_69f066d20b8eb.atts = '{\"category_id\":\"21\",\"limit\":\"4\",\"offset\":\"3\",\"tdc_css\":\"eyJwaG9uZSI6eyJkaXNwbGF5Ijoibm9uZSJ9LCJwaG9uZV9tYXhfd2lkdGgiOjc2N30=\",\"separator\":\"\",\"custom_title\":\"\",\"custom_url\":\"\",\"block_template_id\":\"\",\"m6_tl\":\"\",\"post_ids\":\"\",\"category_ids\":\"\",\"tag_slug\":\"\",\"autors_id\":\"\",\"installed_post_types\":\"\",\"sort\":\"\",\"show_modified_date\":\"\",\"el_class\":\"\",\"td_ajax_filter_type\":\"\",\"td_ajax_filter_ids\":\"\",\"td_filter_default_txt\":\"All\",\"td_ajax_preloading\":\"\",\"f_header_font_header\":\"\",\"f_header_font_title\":\"Block header\",\"f_header_font_settings\":\"\",\"f_header_font_family\":\"\",\"f_header_font_size\":\"\",\"f_header_font_line_height\":\"\",\"f_header_font_style\":\"\",\"f_header_font_weight\":\"\",\"f_header_font_transform\":\"\",\"f_header_font_spacing\":\"\",\"f_header_\":\"\",\"f_ajax_font_title\":\"Ajax categories\",\"f_ajax_font_settings\":\"\",\"f_ajax_font_family\":\"\",\"f_ajax_font_size\":\"\",\"f_ajax_font_line_height\":\"\",\"f_ajax_font_style\":\"\",\"f_ajax_font_weight\":\"\",\"f_ajax_font_transform\":\"\",\"f_ajax_font_spacing\":\"\",\"f_ajax_\":\"\",\"f_more_font_title\":\"Load more button\",\"f_more_font_settings\":\"\",\"f_more_font_family\":\"\",\"f_more_font_size\":\"\",\"f_more_font_line_height\":\"\",\"f_more_font_style\":\"\",\"f_more_font_weight\":\"\",\"f_more_font_transform\":\"\",\"f_more_font_spacing\":\"\",\"f_more_\":\"\",\"m6f_title_font_header\":\"\",\"m6f_title_font_title\":\"Article title\",\"m6f_title_font_settings\":\"\",\"m6f_title_font_family\":\"\",\"m6f_title_font_size\":\"\",\"m6f_title_font_line_height\":\"\",\"m6f_title_font_style\":\"\",\"m6f_title_font_weight\":\"\",\"m6f_title_font_transform\":\"\",\"m6f_title_font_spacing\":\"\",\"m6f_title_\":\"\",\"m6f_cat_font_title\":\"Article category tag\",\"m6f_cat_font_settings\":\"\",\"m6f_cat_font_family\":\"\",\"m6f_cat_font_size\":\"\",\"m6f_cat_font_line_height\":\"\",\"m6f_cat_font_style\":\"\",\"m6f_cat_font_weight\":\"\",\"m6f_cat_font_transform\":\"\",\"m6f_cat_font_spacing\":\"\",\"m6f_cat_\":\"\",\"m6f_meta_font_title\":\"Article meta info\",\"m6f_meta_font_settings\":\"\",\"m6f_meta_font_family\":\"\",\"m6f_meta_font_size\":\"\",\"m6f_meta_font_line_height\":\"\",\"m6f_meta_font_style\":\"\",\"m6f_meta_font_weight\":\"\",\"m6f_meta_font_transform\":\"\",\"m6f_meta_font_spacing\":\"\",\"m6f_meta_\":\"\",\"ajax_pagination\":\"\",\"ajax_pagination_infinite_stop\":\"\",\"css\":\"\",\"td_column_number\":1,\"header_color\":\"\",\"color_preset\":\"\",\"border_top\":\"\",\"class\":\"td_uid_33_69f066d20b8eb_rand\",\"tdc_css_class\":\"td_uid_33_69f066d20b8eb_rand\",\"tdc_css_class_style\":\"td_uid_33_69f066d20b8eb_rand_style\"}';\nblock_td_uid_33_69f066d20b8eb.td_column_number = \"1\";\nblock_td_uid_33_69f066d20b8eb.block_type = \"td_block_7\";\nblock_td_uid_33_69f066d20b8eb.post_count = \"4\";\nblock_td_uid_33_69f066d20b8eb.found_posts = \"5400\";\nblock_td_uid_33_69f066d20b8eb.header_color = \"\";\nblock_td_uid_33_69f066d20b8eb.ajax_pagination_infinite_stop = \"\";\nblock_td_uid_33_69f066d20b8eb.max_num_pages = \"1350\";\ntdBlocksArray.push(block_td_uid_33_69f066d20b8eb);\n<\/script><div class=\"td-block-title-wrap\"><\/div><div id=td_uid_33_69f066d20b8eb class=\"td_block_inner\">\n\n\t<div class=\"td-block-span12\">\n\r\n        <div class=\"td_module_6 td_module_wrap td-animation-stack\">\r\n\r\n        <div class=\"td-module-thumb\"><a href=\"https:\/\/www.africa-press.net\/benin\/toutes-les-actualites\/cotonou-lancement-de-chantiers-pour-ecoles-et-police\" rel=\"bookmark\" class=\"td-image-wrap\" title=\"Cotonou Lancement de Chantiers pour \u00c9coles et Police\"><img loading=\"lazy\" decoding=\"async\" class=\"entry-thumb\" src=\"data:image\/png;base64,iVBORw0KGgoAAAANSUhEUgAAAGQAAABGAQMAAAAASKMqAAAAA1BMVEWurq51dlI4AAAAAXRSTlMmkutdmwAAABBJREFUKM9jGAWjYBQMKwAAA9QAAQWBn6cAAAAASUVORK5CYII=\" alt=\"Cotonou Lancement de Chantiers pour \u00c9coles et Police\" title=\"Cotonou Lancement de Chantiers pour \u00c9coles et Police\" data-type=\"image_tag\" data-img-url=\"https:\/\/static.africa-press.net\/benin\/sites\/46\/2026\/04\/sm_1776565217.963226-100x70.jpg\"  width=\"100\" height=\"70\" \/><\/a><\/div>\r\n        <div class=\"item-details\">\r\n            <h3 class=\"entry-title td-module-title\"><a href=\"https:\/\/www.africa-press.net\/benin\/toutes-les-actualites\/cotonou-lancement-de-chantiers-pour-ecoles-et-police\" rel=\"bookmark\" title=\"Cotonou Lancement de Chantiers pour \u00c9coles et Police\">Cotonou Lancement de Chantiers pour \u00c9coles et Police<\/a><\/h3>            <div class=\"td-module-meta-info\">\r\n                                                <span class=\"td-post-date\"><time class=\"entry-date updated td-module-date\" datetime=\"2026-04-18T22:58:04+00:00\" >2026-04-18<\/time><\/span>                            <\/div>\r\n        <\/div>\r\n\r\n        <\/div>\r\n\r\n        \n\t<\/div> <!-- .\/td-block-span12 -->\n\n\t<div class=\"td-block-span12\">\n\r\n        <div class=\"td_module_6 td_module_wrap td-animation-stack\">\r\n\r\n        <div class=\"td-module-thumb\"><a href=\"https:\/\/www.africa-press.net\/benin\/politique\/diligences-avant-designation-des-acteurs-pour-cep-2026\" rel=\"bookmark\" class=\"td-image-wrap\" title=\"Diligences Avant D\u00e9signation des Acteurs pour CEP 2026\"><img loading=\"lazy\" decoding=\"async\" class=\"entry-thumb\" src=\"data:image\/png;base64,iVBORw0KGgoAAAANSUhEUgAAAGQAAABGAQMAAAAASKMqAAAAA1BMVEWurq51dlI4AAAAAXRSTlMmkutdmwAAABBJREFUKM9jGAWjYBQMKwAAA9QAAQWBn6cAAAAASUVORK5CYII=\" alt=\"Diligences Avant D\u00e9signation des Acteurs pour CEP 2026\" title=\"Diligences Avant D\u00e9signation des Acteurs pour CEP 2026\" data-type=\"image_tag\" data-img-url=\"https:\/\/static.africa-press.net\/benin\/sites\/46\/2026\/04\/sm_1776565021.032523-100x70.jpg\"  width=\"100\" height=\"70\" \/><\/a><\/div>\r\n        <div class=\"item-details\">\r\n            <h3 class=\"entry-title td-module-title\"><a href=\"https:\/\/www.africa-press.net\/benin\/politique\/diligences-avant-designation-des-acteurs-pour-cep-2026\" rel=\"bookmark\" title=\"Diligences Avant D\u00e9signation des Acteurs pour CEP 2026\">Diligences Avant D\u00e9signation des Acteurs pour CEP 2026<\/a><\/h3>            <div class=\"td-module-meta-info\">\r\n                                                <span class=\"td-post-date\"><time class=\"entry-date updated td-module-date\" datetime=\"2026-04-18T22:53:50+00:00\" >2026-04-18<\/time><\/span>                            <\/div>\r\n        <\/div>\r\n\r\n        <\/div>\r\n\r\n        \n\t<\/div> <!-- .\/td-block-span12 -->\n\n\t<div class=\"td-block-span12\">\n\r\n        <div class=\"td_module_6 td_module_wrap td-animation-stack\">\r\n\r\n        <div class=\"td-module-thumb\"><a href=\"https:\/\/www.africa-press.net\/benin\/toutes-les-actualites\/natitingou-encadre-circulation-tricycles-pour-securite-routiere\" rel=\"bookmark\" class=\"td-image-wrap\" title=\"Natitingou Encadre Circulation Tricycles Pour S\u00e9curit\u00e9 Routi\u00e8re\"><img loading=\"lazy\" decoding=\"async\" class=\"entry-thumb\" src=\"data:image\/png;base64,iVBORw0KGgoAAAANSUhEUgAAAGQAAABGAQMAAAAASKMqAAAAA1BMVEWurq51dlI4AAAAAXRSTlMmkutdmwAAABBJREFUKM9jGAWjYBQMKwAAA9QAAQWBn6cAAAAASUVORK5CYII=\" alt=\"Natitingou Encadre Circulation Tricycles Pour S\u00e9curit\u00e9 Routi\u00e8re\" title=\"Natitingou Encadre Circulation Tricycles Pour S\u00e9curit\u00e9 Routi\u00e8re\" data-type=\"image_tag\" data-img-url=\"https:\/\/static.africa-press.net\/benin\/sites\/46\/2026\/04\/sm_1776564955.756579-100x70.jpg\"  width=\"100\" height=\"70\" \/><\/a><\/div>\r\n        <div class=\"item-details\">\r\n            <h3 class=\"entry-title td-module-title\"><a href=\"https:\/\/www.africa-press.net\/benin\/toutes-les-actualites\/natitingou-encadre-circulation-tricycles-pour-securite-routiere\" rel=\"bookmark\" title=\"Natitingou Encadre Circulation Tricycles Pour S\u00e9curit\u00e9 Routi\u00e8re\">Natitingou Encadre Circulation Tricycles Pour S\u00e9curit\u00e9 Routi\u00e8re<\/a><\/h3>            <div class=\"td-module-meta-info\">\r\n                                                <span class=\"td-post-date\"><time class=\"entry-date updated td-module-date\" datetime=\"2026-04-18T22:53:16+00:00\" >2026-04-18<\/time><\/span>                            <\/div>\r\n        <\/div>\r\n\r\n        <\/div>\r\n\r\n        \n\t<\/div> <!-- .\/td-block-span12 -->\n\n\t<div class=\"td-block-span12\">\n\r\n        <div class=\"td_module_6 td_module_wrap td-animation-stack\">\r\n\r\n        <div class=\"td-module-thumb\"><a href=\"https:\/\/www.africa-press.net\/benin\/toutes-les-actualites\/abomey-envisage-taxe-sur-services-sonorisation-et-location\" rel=\"bookmark\" class=\"td-image-wrap\" title=\"Abomey Envisage Taxe Sur Services Sonorisation et Location\"><img loading=\"lazy\" decoding=\"async\" class=\"entry-thumb\" src=\"data:image\/png;base64,iVBORw0KGgoAAAANSUhEUgAAAGQAAABGAQMAAAAASKMqAAAAA1BMVEWurq51dlI4AAAAAXRSTlMmkutdmwAAABBJREFUKM9jGAWjYBQMKwAAA9QAAQWBn6cAAAAASUVORK5CYII=\" alt=\"Abomey Envisage Taxe Sur Services Sonorisation et Location\" title=\"Abomey Envisage Taxe Sur Services Sonorisation et Location\" data-type=\"image_tag\" data-img-url=\"https:\/\/static.africa-press.net\/benin\/sites\/46\/2026\/04\/sm_1776564904.856737-100x70.jpg\"  width=\"100\" height=\"70\" \/><\/a><\/div>\r\n        <div class=\"item-details\">\r\n            <h3 class=\"entry-title td-module-title\"><a href=\"https:\/\/www.africa-press.net\/benin\/toutes-les-actualites\/abomey-envisage-taxe-sur-services-sonorisation-et-location\" rel=\"bookmark\" title=\"Abomey Envisage Taxe Sur Services Sonorisation et Location\">Abomey Envisage Taxe Sur Services Sonorisation et Location<\/a><\/h3>            <div class=\"td-module-meta-info\">\r\n                                                <span class=\"td-post-date\"><time class=\"entry-date updated td-module-date\" datetime=\"2026-04-18T22:52:49+00:00\" >2026-04-18<\/time><\/span>                            <\/div>\r\n        <\/div>\r\n\r\n        <\/div>\r\n\r\n        \n\t<\/div> <!-- .\/td-block-span12 --><\/div><\/div> <!-- .\/block --><\/div><\/div><\/div><\/div><div class=\"tdm_block td_block_wrap tdm_block_button td_uid_34_69f066d23125d_rand tdm-block-button-inline tdm-content-horiz-right td-pb-border-top main-box-btn-green-en td_block_template_1\"  data-td-block-uid=\"td_uid_34_69f066d23125d\"     >\n<style>\n.td_uid_35_69f066d2315d5 i:first-child {\r\n\t\t\t\t\tmargin-right: 14px;\r\n\t\t\t\t}\n<\/style><div class=\"tds-button td-fix-index\"><a \r\n                href=\"\/benin\/communaute\" \r\n                class=\"tds-button1 tdm-btn tdm-btn-sm td_uid_35_69f066d2315d5\"  target=\"_blank\" ><i class=\"tdc-font-fa tdc-font-fa-arrow-right\"><\/i><span class=\"tdm-btn-text\">Plus de Nouvelles<\/span><\/a><\/div><\/div><div class=\"wpb_wrapper td_block_wrap vc_raw_html td_uid_36_69f066d2317dc_rand \"><div class=\"td-fix-index\"><div class=\"td-block-title-wrap\"><h4 class=\"block-title\"><a href=\"\/benin\/parties\" class=\"td-pulldown-size\">Parties<\/a><\/h4><\/div><\/div><\/div><div id=\"main-box\" class=\"vc_row_inner td_uid_37_69f066d231803_rand  vc_row vc_inner wpb_row td-pb-row\" >\n<style scoped>\n\n\/* custom css *\/\n.td_uid_37_69f066d231803_rand {\r\n                    position: relative !important;\r\n                    top: 0;\r\n                    transform: none;\r\n                    -webkit-transform: none;\r\n                }\n<\/style><div class=\"vc_column_inner td_uid_38_69f066d231891_rand  wpb_column vc_column_container tdc-inner-column td-pb-span6\">\n<style scoped>\n\n\/* custom css *\/\n.td_uid_38_69f066d231891_rand {\r\n                    vertical-align: baseline;\r\n                }\n<\/style><div class=\"vc_column-inner\"><div class=\"wpb_wrapper\"><div class=\"td_block_wrap td_block_18 td_uid_39_69f066d231924_rand td_with_ajax_pagination td-pb-border-top td_block_template_1 td-column-1\"  data-td-block-uid=\"td_uid_39_69f066d231924\" ><script>var block_td_uid_39_69f066d231924 = new tdBlock();\nblock_td_uid_39_69f066d231924.id = \"td_uid_39_69f066d231924\";\nblock_td_uid_39_69f066d231924.atts = '{\"category_id\":\"4\",\"limit\":\"3\",\"ajax_pagination\":\"next_prev\",\"separator\":\"\",\"custom_title\":\"\",\"custom_url\":\"\",\"block_template_id\":\"\",\"mx8_tl\":\"\",\"m10_tl\":\"\",\"m10_el\":\"\",\"mx2_tl\":\"\",\"post_ids\":\"\",\"category_ids\":\"\",\"tag_slug\":\"\",\"autors_id\":\"\",\"installed_post_types\":\"\",\"sort\":\"\",\"offset\":\"\",\"show_modified_date\":\"\",\"el_class\":\"\",\"td_ajax_filter_type\":\"\",\"td_ajax_filter_ids\":\"\",\"td_filter_default_txt\":\"All\",\"td_ajax_preloading\":\"\",\"f_header_font_header\":\"\",\"f_header_font_title\":\"Block header\",\"f_header_font_settings\":\"\",\"f_header_font_family\":\"\",\"f_header_font_size\":\"\",\"f_header_font_line_height\":\"\",\"f_header_font_style\":\"\",\"f_header_font_weight\":\"\",\"f_header_font_transform\":\"\",\"f_header_font_spacing\":\"\",\"f_header_\":\"\",\"f_ajax_font_title\":\"Ajax categories\",\"f_ajax_font_settings\":\"\",\"f_ajax_font_family\":\"\",\"f_ajax_font_size\":\"\",\"f_ajax_font_line_height\":\"\",\"f_ajax_font_style\":\"\",\"f_ajax_font_weight\":\"\",\"f_ajax_font_transform\":\"\",\"f_ajax_font_spacing\":\"\",\"f_ajax_\":\"\",\"f_more_font_title\":\"Load more button\",\"f_more_font_settings\":\"\",\"f_more_font_family\":\"\",\"f_more_font_size\":\"\",\"f_more_font_line_height\":\"\",\"f_more_font_style\":\"\",\"f_more_font_weight\":\"\",\"f_more_font_transform\":\"\",\"f_more_font_spacing\":\"\",\"f_more_\":\"\",\"mx8f_title_font_header\":\"\",\"mx8f_title_font_title\":\"Article title\",\"mx8f_title_font_settings\":\"\",\"mx8f_title_font_family\":\"\",\"mx8f_title_font_size\":\"\",\"mx8f_title_font_line_height\":\"\",\"mx8f_title_font_style\":\"\",\"mx8f_title_font_weight\":\"\",\"mx8f_title_font_transform\":\"\",\"mx8f_title_font_spacing\":\"\",\"mx8f_title_\":\"\",\"mx8f_cat_font_title\":\"Article category tag\",\"mx8f_cat_font_settings\":\"\",\"mx8f_cat_font_family\":\"\",\"mx8f_cat_font_size\":\"\",\"mx8f_cat_font_line_height\":\"\",\"mx8f_cat_font_style\":\"\",\"mx8f_cat_font_weight\":\"\",\"mx8f_cat_font_transform\":\"\",\"mx8f_cat_font_spacing\":\"\",\"mx8f_cat_\":\"\",\"mx8f_meta_font_title\":\"Article meta info\",\"mx8f_meta_font_settings\":\"\",\"mx8f_meta_font_family\":\"\",\"mx8f_meta_font_size\":\"\",\"mx8f_meta_font_line_height\":\"\",\"mx8f_meta_font_style\":\"\",\"mx8f_meta_font_weight\":\"\",\"mx8f_meta_font_transform\":\"\",\"mx8f_meta_font_spacing\":\"\",\"mx8f_meta_\":\"\",\"m10f_title_font_header\":\"\",\"m10f_title_font_title\":\"Article title\",\"m10f_title_font_settings\":\"\",\"m10f_title_font_family\":\"\",\"m10f_title_font_size\":\"\",\"m10f_title_font_line_height\":\"\",\"m10f_title_font_style\":\"\",\"m10f_title_font_weight\":\"\",\"m10f_title_font_transform\":\"\",\"m10f_title_font_spacing\":\"\",\"m10f_title_\":\"\",\"m10f_cat_font_title\":\"Article category tag\",\"m10f_cat_font_settings\":\"\",\"m10f_cat_font_family\":\"\",\"m10f_cat_font_size\":\"\",\"m10f_cat_font_line_height\":\"\",\"m10f_cat_font_style\":\"\",\"m10f_cat_font_weight\":\"\",\"m10f_cat_font_transform\":\"\",\"m10f_cat_font_spacing\":\"\",\"m10f_cat_\":\"\",\"m10f_meta_font_title\":\"Article meta info\",\"m10f_meta_font_settings\":\"\",\"m10f_meta_font_family\":\"\",\"m10f_meta_font_size\":\"\",\"m10f_meta_font_line_height\":\"\",\"m10f_meta_font_style\":\"\",\"m10f_meta_font_weight\":\"\",\"m10f_meta_font_transform\":\"\",\"m10f_meta_font_spacing\":\"\",\"m10f_meta_\":\"\",\"m10f_ex_font_title\":\"Article excerpt\",\"m10f_ex_font_settings\":\"\",\"m10f_ex_font_family\":\"\",\"m10f_ex_font_size\":\"\",\"m10f_ex_font_line_height\":\"\",\"m10f_ex_font_style\":\"\",\"m10f_ex_font_weight\":\"\",\"m10f_ex_font_transform\":\"\",\"m10f_ex_font_spacing\":\"\",\"m10f_ex_\":\"\",\"mx2f_title_font_header\":\"\",\"mx2f_title_font_title\":\"Article title\",\"mx2f_title_font_settings\":\"\",\"mx2f_title_font_family\":\"\",\"mx2f_title_font_size\":\"\",\"mx2f_title_font_line_height\":\"\",\"mx2f_title_font_style\":\"\",\"mx2f_title_font_weight\":\"\",\"mx2f_title_font_transform\":\"\",\"mx2f_title_font_spacing\":\"\",\"mx2f_title_\":\"\",\"mx2f_cat_font_title\":\"Article category tag\",\"mx2f_cat_font_settings\":\"\",\"mx2f_cat_font_family\":\"\",\"mx2f_cat_font_size\":\"\",\"mx2f_cat_font_line_height\":\"\",\"mx2f_cat_font_style\":\"\",\"mx2f_cat_font_weight\":\"\",\"mx2f_cat_font_transform\":\"\",\"mx2f_cat_font_spacing\":\"\",\"mx2f_cat_\":\"\",\"mx2f_meta_font_title\":\"Article meta info\",\"mx2f_meta_font_settings\":\"\",\"mx2f_meta_font_family\":\"\",\"mx2f_meta_font_size\":\"\",\"mx2f_meta_font_line_height\":\"\",\"mx2f_meta_font_style\":\"\",\"mx2f_meta_font_weight\":\"\",\"mx2f_meta_font_transform\":\"\",\"mx2f_meta_font_spacing\":\"\",\"mx2f_meta_\":\"\",\"ajax_pagination_infinite_stop\":\"\",\"css\":\"\",\"tdc_css\":\"\",\"td_column_number\":1,\"header_color\":\"\",\"color_preset\":\"\",\"border_top\":\"\",\"class\":\"td_uid_39_69f066d231924_rand\",\"tdc_css_class\":\"td_uid_39_69f066d231924_rand\",\"tdc_css_class_style\":\"td_uid_39_69f066d231924_rand_style\"}';\nblock_td_uid_39_69f066d231924.td_column_number = \"1\";\nblock_td_uid_39_69f066d231924.block_type = \"td_block_18\";\nblock_td_uid_39_69f066d231924.post_count = \"3\";\nblock_td_uid_39_69f066d231924.found_posts = \"60\";\nblock_td_uid_39_69f066d231924.header_color = \"\";\nblock_td_uid_39_69f066d231924.ajax_pagination_infinite_stop = \"\";\nblock_td_uid_39_69f066d231924.max_num_pages = \"20\";\ntdBlocksArray.push(block_td_uid_39_69f066d231924);\n<\/script><div class=\"td-block-title-wrap\"><\/div><div id=td_uid_39_69f066d231924 class=\"td_block_inner td-column-1\">\r\n        <div class=\"td_module_mx8 td_module_wrap td-animation-stack\">\r\n            <div class=\"meta-info-container\">\r\n                <div class=\"td-module-thumb\"><a href=\"https:\/\/www.africa-press.net\/benin\/politique\/prison-et-amende-requises-contre-julien-kande-kansou\" rel=\"bookmark\" class=\"td-image-wrap\" title=\"Prison et amende requises contre Julien Kand\u00e9 Kansou\"><img loading=\"lazy\" decoding=\"async\" class=\"entry-thumb\" src=\"data:image\/png;base64,iVBORw0KGgoAAAANSUhEUgAAArgAAAGBAQMAAAC3k1CUAAAAA1BMVEWurq51dlI4AAAAAXRSTlMmkutdmwAAADdJREFUeNrtwTEBAAAAwiD7p7bETmAAAAAAAAAAAAAAAAAAAAAAAAAAAAAAAAAAAAAAAAAAAEDuhFgAARFpDB8AAAAASUVORK5CYII=\" alt=\"Prison et amende requises contre Julien Kand\u00e9 Kansou\" title=\"Prison et amende requises contre Julien Kand\u00e9 Kansou\" data-type=\"image_tag\" data-img-url=\"https:\/\/static.africa-press.net\/benin\/sites\/46\/2026\/03\/sm_1773877744.557721-696x385.jpg\"  width=\"696\" height=\"385\" \/><\/a><\/div>\r\n                <div class=\"td-module-meta-info\">\r\n                    <h3 class=\"entry-title td-module-title\"><a href=\"https:\/\/www.africa-press.net\/benin\/politique\/prison-et-amende-requises-contre-julien-kande-kansou\" rel=\"bookmark\" title=\"Prison et amende requises contre Julien Kand\u00e9 Kansou\">Prison et amende requises contre Julien Kand\u00e9 Kansou<\/a><\/h3>                                        <span class=\"td-author-date\">\r\n                                                <span class=\"td-post-date\"><time class=\"entry-date updated td-module-date\" datetime=\"2026-03-18T22:53:14+00:00\" >2026-03-18<\/time><\/span>                                            <\/span>\r\n                <\/div>\r\n            <\/div>\r\n\r\n        <\/div>\r\n\r\n        \r\n        <div class=\"td_module_mx2 td_module_wrap td-animation-stack\">\r\n\r\n            <div class=\"td-module-thumb\"><a href=\"https:\/\/www.africa-press.net\/benin\/politique\/democrates-prets-a-rencontrer-fcbe-pour-2026\" rel=\"bookmark\" class=\"td-image-wrap\" title=\"D\u00e9mocrates Pr\u00eats \u00e0 Rencontrer FCBE pour 2026\"><img loading=\"lazy\" decoding=\"async\" class=\"entry-thumb\" src=\"data:image\/png;base64,iVBORw0KGgoAAAANSUhEUgAAAFAAAAA8AQMAAADL6a\/PAAAAA1BMVEWurq51dlI4AAAAAXRSTlMmkutdmwAAAA5JREFUKM9jGAWjYJABAAKUAAHoEAeuAAAAAElFTkSuQmCC\" alt=\"D\u00e9mocrates Pr\u00eats \u00e0 Rencontrer FCBE pour 2026\" title=\"D\u00e9mocrates Pr\u00eats \u00e0 Rencontrer FCBE pour 2026\" data-type=\"image_tag\" data-img-url=\"https:\/\/static.africa-press.net\/benin\/sites\/46\/2026\/03\/sm_1773516188.408526-80x60.jpg\"  width=\"80\" height=\"60\" \/><\/a><\/div>\r\n            <div class=\"item-details\">\r\n                <h3 class=\"entry-title td-module-title\"><a href=\"https:\/\/www.africa-press.net\/benin\/politique\/democrates-prets-a-rencontrer-fcbe-pour-2026\" rel=\"bookmark\" title=\"D\u00e9mocrates Pr\u00eats \u00e0 Rencontrer FCBE pour 2026\">D\u00e9mocrates Pr\u00eats \u00e0 Rencontrer FCBE pour 2026<\/a><\/h3>                <div class=\"td-module-meta-info\">\r\n                                                            <span class=\"td-post-date\"><time class=\"entry-date updated td-module-date\" datetime=\"2026-03-14T18:35:05+00:00\" >2026-03-14<\/time><\/span>                                    <\/div>\r\n            <\/div>\r\n\r\n        <\/div>\r\n\r\n        \r\n        <div class=\"td_module_mx2 td_module_wrap td-animation-stack\">\r\n\r\n            <div class=\"td-module-thumb\"><a href=\"https:\/\/www.africa-press.net\/benin\/politique\/conclusion-des-travaux-de-la-coordination-nationale-du-parti-ld\" rel=\"bookmark\" class=\"td-image-wrap\" title=\"Conclusion Des Travaux De La Coordination Nationale Du Parti LD\"><img loading=\"lazy\" decoding=\"async\" class=\"entry-thumb\" src=\"data:image\/png;base64,iVBORw0KGgoAAAANSUhEUgAAAFAAAAA8AQMAAADL6a\/PAAAAA1BMVEWurq51dlI4AAAAAXRSTlMmkutdmwAAAA5JREFUKM9jGAWjYJABAAKUAAHoEAeuAAAAAElFTkSuQmCC\" alt=\"Conclusion Des Travaux De La Coordination Nationale Du Parti LD\" title=\"Conclusion Des Travaux De La Coordination Nationale Du Parti LD\" data-type=\"image_tag\" data-img-url=\"https:\/\/static.africa-press.net\/benin\/sites\/46\/2026\/03\/sm_1773516169.438445-80x60.jpg\"  width=\"80\" height=\"60\" \/><\/a><\/div>\r\n            <div class=\"item-details\">\r\n                <h3 class=\"entry-title td-module-title\"><a href=\"https:\/\/www.africa-press.net\/benin\/politique\/conclusion-des-travaux-de-la-coordination-nationale-du-parti-ld\" rel=\"bookmark\" title=\"Conclusion Des Travaux De La Coordination Nationale Du Parti LD\">Conclusion Des Travaux De La Coordination Nationale Du Parti LD<\/a><\/h3>                <div class=\"td-module-meta-info\">\r\n                                                            <span class=\"td-post-date\"><time class=\"entry-date updated td-module-date\" datetime=\"2026-03-14T18:34:52+00:00\" >2026-03-14<\/time><\/span>                                    <\/div>\r\n            <\/div>\r\n\r\n        <\/div>\r\n\r\n        <\/div><div class=\"td-next-prev-wrap\"><a href=\"#\" class=\"td-ajax-prev-page ajax-page-disabled\" id=\"prev-page-td_uid_39_69f066d231924\" data-td_block_id=\"td_uid_39_69f066d231924\"><i class=\"td-icon-font td-icon-menu-left\"><\/i><\/a><a href=\"#\"  class=\"td-ajax-next-page\" id=\"next-page-td_uid_39_69f066d231924\" data-td_block_id=\"td_uid_39_69f066d231924\"><i class=\"td-icon-font td-icon-menu-right\"><\/i><\/a><\/div><\/div> <!-- .\/block --><\/div><\/div><\/div><div class=\"vc_column_inner td_uid_40_69f066d2373e0_rand  wpb_column vc_column_container tdc-inner-column td-pb-span6\">\n<style scoped>\n\n\/* custom css *\/\n.td_uid_40_69f066d2373e0_rand {\r\n                    vertical-align: baseline;\r\n                }\n<\/style><div class=\"vc_column-inner\"><div class=\"wpb_wrapper\"><div class=\"td_block_wrap td_block_7 td_uid_41_69f066d237541_rand td-pb-border-top td_block_template_1 td-column-1 td_block_padding\"  data-td-block-uid=\"td_uid_41_69f066d237541\" >\n<style>\n\n\/* inline tdc_css att *\/\n\n\/* phone *\/\n@media (max-width: 767px)\n{\n.td_uid_41_69f066d237541_rand{\ndisplay:none !important;\n}\n}\n\n<\/style><script>var block_td_uid_41_69f066d237541 = new tdBlock();\nblock_td_uid_41_69f066d237541.id = \"td_uid_41_69f066d237541\";\nblock_td_uid_41_69f066d237541.atts = '{\"category_id\":\"4\",\"limit\":\"4\",\"offset\":\"3\",\"tdc_css\":\"eyJwaG9uZSI6eyJkaXNwbGF5Ijoibm9uZSJ9LCJwaG9uZV9tYXhfd2lkdGgiOjc2N30=\",\"separator\":\"\",\"custom_title\":\"\",\"custom_url\":\"\",\"block_template_id\":\"\",\"m6_tl\":\"\",\"post_ids\":\"\",\"category_ids\":\"\",\"tag_slug\":\"\",\"autors_id\":\"\",\"installed_post_types\":\"\",\"sort\":\"\",\"show_modified_date\":\"\",\"el_class\":\"\",\"td_ajax_filter_type\":\"\",\"td_ajax_filter_ids\":\"\",\"td_filter_default_txt\":\"All\",\"td_ajax_preloading\":\"\",\"f_header_font_header\":\"\",\"f_header_font_title\":\"Block header\",\"f_header_font_settings\":\"\",\"f_header_font_family\":\"\",\"f_header_font_size\":\"\",\"f_header_font_line_height\":\"\",\"f_header_font_style\":\"\",\"f_header_font_weight\":\"\",\"f_header_font_transform\":\"\",\"f_header_font_spacing\":\"\",\"f_header_\":\"\",\"f_ajax_font_title\":\"Ajax categories\",\"f_ajax_font_settings\":\"\",\"f_ajax_font_family\":\"\",\"f_ajax_font_size\":\"\",\"f_ajax_font_line_height\":\"\",\"f_ajax_font_style\":\"\",\"f_ajax_font_weight\":\"\",\"f_ajax_font_transform\":\"\",\"f_ajax_font_spacing\":\"\",\"f_ajax_\":\"\",\"f_more_font_title\":\"Load more button\",\"f_more_font_settings\":\"\",\"f_more_font_family\":\"\",\"f_more_font_size\":\"\",\"f_more_font_line_height\":\"\",\"f_more_font_style\":\"\",\"f_more_font_weight\":\"\",\"f_more_font_transform\":\"\",\"f_more_font_spacing\":\"\",\"f_more_\":\"\",\"m6f_title_font_header\":\"\",\"m6f_title_font_title\":\"Article title\",\"m6f_title_font_settings\":\"\",\"m6f_title_font_family\":\"\",\"m6f_title_font_size\":\"\",\"m6f_title_font_line_height\":\"\",\"m6f_title_font_style\":\"\",\"m6f_title_font_weight\":\"\",\"m6f_title_font_transform\":\"\",\"m6f_title_font_spacing\":\"\",\"m6f_title_\":\"\",\"m6f_cat_font_title\":\"Article category tag\",\"m6f_cat_font_settings\":\"\",\"m6f_cat_font_family\":\"\",\"m6f_cat_font_size\":\"\",\"m6f_cat_font_line_height\":\"\",\"m6f_cat_font_style\":\"\",\"m6f_cat_font_weight\":\"\",\"m6f_cat_font_transform\":\"\",\"m6f_cat_font_spacing\":\"\",\"m6f_cat_\":\"\",\"m6f_meta_font_title\":\"Article meta info\",\"m6f_meta_font_settings\":\"\",\"m6f_meta_font_family\":\"\",\"m6f_meta_font_size\":\"\",\"m6f_meta_font_line_height\":\"\",\"m6f_meta_font_style\":\"\",\"m6f_meta_font_weight\":\"\",\"m6f_meta_font_transform\":\"\",\"m6f_meta_font_spacing\":\"\",\"m6f_meta_\":\"\",\"ajax_pagination\":\"\",\"ajax_pagination_infinite_stop\":\"\",\"css\":\"\",\"td_column_number\":1,\"header_color\":\"\",\"color_preset\":\"\",\"border_top\":\"\",\"class\":\"td_uid_41_69f066d237541_rand\",\"tdc_css_class\":\"td_uid_41_69f066d237541_rand\",\"tdc_css_class_style\":\"td_uid_41_69f066d237541_rand_style\"}';\nblock_td_uid_41_69f066d237541.td_column_number = \"1\";\nblock_td_uid_41_69f066d237541.block_type = \"td_block_7\";\nblock_td_uid_41_69f066d237541.post_count = \"4\";\nblock_td_uid_41_69f066d237541.found_posts = \"60\";\nblock_td_uid_41_69f066d237541.header_color = \"\";\nblock_td_uid_41_69f066d237541.ajax_pagination_infinite_stop = \"\";\nblock_td_uid_41_69f066d237541.max_num_pages = \"15\";\ntdBlocksArray.push(block_td_uid_41_69f066d237541);\n<\/script><div class=\"td-block-title-wrap\"><\/div><div id=td_uid_41_69f066d237541 class=\"td_block_inner\">\n\n\t<div class=\"td-block-span12\">\n\r\n        <div class=\"td_module_6 td_module_wrap td-animation-stack\">\r\n\r\n        <div class=\"td-module-thumb\"><a href=\"https:\/\/www.africa-press.net\/benin\/politique\/eric-houndete-prend-linterim-des-democrates-au-benin\" rel=\"bookmark\" class=\"td-image-wrap\" title=\"\u00c9ric Hound\u00e9t\u00e9 Prend l&rsquo;Int\u00e9rim des D\u00e9mocrates au B\u00e9nin\"><img loading=\"lazy\" decoding=\"async\" class=\"entry-thumb\" src=\"data:image\/png;base64,iVBORw0KGgoAAAANSUhEUgAAAGQAAABGAQMAAAAASKMqAAAAA1BMVEWurq51dlI4AAAAAXRSTlMmkutdmwAAABBJREFUKM9jGAWjYBQMKwAAA9QAAQWBn6cAAAAASUVORK5CYII=\" alt=\"\u00c9ric Hound\u00e9t\u00e9 Prend l&#039;Int\u00e9rim des D\u00e9mocrates au B\u00e9nin\" title=\"\u00c9ric Hound\u00e9t\u00e9 Prend l&rsquo;Int\u00e9rim des D\u00e9mocrates au B\u00e9nin\" data-type=\"image_tag\" data-img-url=\"https:\/\/static.africa-press.net\/benin\/sites\/46\/2026\/03\/sm_1773439419.715326-100x70.jpg\"  width=\"100\" height=\"70\" \/><\/a><\/div>\r\n        <div class=\"item-details\">\r\n            <h3 class=\"entry-title td-module-title\"><a href=\"https:\/\/www.africa-press.net\/benin\/politique\/eric-houndete-prend-linterim-des-democrates-au-benin\" rel=\"bookmark\" title=\"\u00c9ric Hound\u00e9t\u00e9 Prend l&rsquo;Int\u00e9rim des D\u00e9mocrates au B\u00e9nin\">\u00c9ric Hound\u00e9t\u00e9 Prend l&rsquo;Int\u00e9rim des D\u00e9mocrates au B\u00e9nin<\/a><\/h3>            <div class=\"td-module-meta-info\">\r\n                                                <span class=\"td-post-date\"><time class=\"entry-date updated td-module-date\" datetime=\"2026-03-13T21:08:55+00:00\" >2026-03-13<\/time><\/span>                            <\/div>\r\n        <\/div>\r\n\r\n        <\/div>\r\n\r\n        \n\t<\/div> <!-- .\/td-block-span12 -->\n\n\t<div class=\"td-block-span12\">\n\r\n        <div class=\"td_module_6 td_module_wrap td-animation-stack\">\r\n\r\n        <div class=\"td-module-thumb\"><a href=\"https:\/\/www.africa-press.net\/benin\/politique\/crise-democrates-tebe-pessimiste-sur-avenir-parti\" rel=\"bookmark\" class=\"td-image-wrap\" title=\"Crise D\u00e9mocrates: T\u00e8b\u00e8 Pessimiste Sur Avenir Parti\"><img loading=\"lazy\" decoding=\"async\" class=\"entry-thumb\" src=\"data:image\/png;base64,iVBORw0KGgoAAAANSUhEUgAAAGQAAABGAQMAAAAASKMqAAAAA1BMVEWurq51dlI4AAAAAXRSTlMmkutdmwAAABBJREFUKM9jGAWjYBQMKwAAA9QAAQWBn6cAAAAASUVORK5CYII=\" alt=\"Crise D\u00e9mocrates: T\u00e8b\u00e8 Pessimiste Sur Avenir Parti\" title=\"Crise D\u00e9mocrates: T\u00e8b\u00e8 Pessimiste Sur Avenir Parti\" data-type=\"image_tag\" data-img-url=\"https:\/\/static.africa-press.net\/benin\/sites\/46\/2026\/03\/sm_1773439627.369476-100x70.jpg\"  width=\"100\" height=\"70\" \/><\/a><\/div>\r\n        <div class=\"item-details\">\r\n            <h3 class=\"entry-title td-module-title\"><a href=\"https:\/\/www.africa-press.net\/benin\/politique\/crise-democrates-tebe-pessimiste-sur-avenir-parti\" rel=\"bookmark\" title=\"Crise D\u00e9mocrates: T\u00e8b\u00e8 Pessimiste Sur Avenir Parti\">Crise D\u00e9mocrates: T\u00e8b\u00e8 Pessimiste Sur Avenir Parti<\/a><\/h3>            <div class=\"td-module-meta-info\">\r\n                                                <span class=\"td-post-date\"><time class=\"entry-date updated td-module-date\" datetime=\"2026-03-12T21:11:14+00:00\" >2026-03-12<\/time><\/span>                            <\/div>\r\n        <\/div>\r\n\r\n        <\/div>\r\n\r\n        \n\t<\/div> <!-- .\/td-block-span12 -->\n\n\t<div class=\"td-block-span12\">\n\r\n        <div class=\"td_module_6 td_module_wrap td-animation-stack\">\r\n\r\n        <div class=\"td-module-thumb\"><a href=\"https:\/\/www.africa-press.net\/benin\/politique\/up-r-interdit-nominations-aux-nouveaux-maires\" rel=\"bookmark\" class=\"td-image-wrap\" title=\"UP-R Interdit Nominations aux Nouveaux Maires\"><img loading=\"lazy\" decoding=\"async\" class=\"entry-thumb\" src=\"data:image\/png;base64,iVBORw0KGgoAAAANSUhEUgAAAGQAAABGAQMAAAAASKMqAAAAA1BMVEWurq51dlI4AAAAAXRSTlMmkutdmwAAABBJREFUKM9jGAWjYBQMKwAAA9QAAQWBn6cAAAAASUVORK5CYII=\" alt=\"UP-R Interdit Nominations aux Nouveaux Maires\" title=\"UP-R Interdit Nominations aux Nouveaux Maires\" data-type=\"image_tag\" data-img-url=\"https:\/\/static.africa-press.net\/benin\/sites\/46\/2026\/02\/sm_1772134629.453681-100x70.jpg\"  width=\"100\" height=\"70\" \/><\/a><\/div>\r\n        <div class=\"item-details\">\r\n            <h3 class=\"entry-title td-module-title\"><a href=\"https:\/\/www.africa-press.net\/benin\/politique\/up-r-interdit-nominations-aux-nouveaux-maires\" rel=\"bookmark\" title=\"UP-R Interdit Nominations aux Nouveaux Maires\">UP-R Interdit Nominations aux Nouveaux Maires<\/a><\/h3>            <div class=\"td-module-meta-info\">\r\n                                                <span class=\"td-post-date\"><time class=\"entry-date updated td-module-date\" datetime=\"2026-02-26T19:09:44+00:00\" >2026-02-26<\/time><\/span>                            <\/div>\r\n        <\/div>\r\n\r\n        <\/div>\r\n\r\n        \n\t<\/div> <!-- .\/td-block-span12 -->\n\n\t<div class=\"td-block-span12\">\n\r\n        <div class=\"td_module_6 td_module_wrap td-animation-stack\">\r\n\r\n        <div class=\"td-module-thumb\"><a href=\"https:\/\/www.africa-press.net\/benin\/politique\/benin-suspendu-du-bloc-republicain-bertin-koovi-minimise\" rel=\"bookmark\" class=\"td-image-wrap\" title=\"B\u00e9nin Suspendu Du Bloc R\u00e9publicain Bertin Koovi Minimise\"><img loading=\"lazy\" decoding=\"async\" class=\"entry-thumb\" src=\"data:image\/png;base64,iVBORw0KGgoAAAANSUhEUgAAAGQAAABGAQMAAAAASKMqAAAAA1BMVEWurq51dlI4AAAAAXRSTlMmkutdmwAAABBJREFUKM9jGAWjYBQMKwAAA9QAAQWBn6cAAAAASUVORK5CYII=\" alt=\"B\u00e9nin Suspendu Du Bloc R\u00e9publicain Bertin Koovi Minimise\" title=\"B\u00e9nin Suspendu Du Bloc R\u00e9publicain Bertin Koovi Minimise\" data-type=\"image_tag\" data-img-url=\"https:\/\/static.africa-press.net\/benin\/sites\/46\/2026\/02\/sm_1771629313.495955-100x70.jpg\"  width=\"100\" height=\"70\" \/><\/a><\/div>\r\n        <div class=\"item-details\">\r\n            <h3 class=\"entry-title td-module-title\"><a href=\"https:\/\/www.africa-press.net\/benin\/politique\/benin-suspendu-du-bloc-republicain-bertin-koovi-minimise\" rel=\"bookmark\" title=\"B\u00e9nin Suspendu Du Bloc R\u00e9publicain Bertin Koovi Minimise\">B\u00e9nin Suspendu Du Bloc R\u00e9publicain Bertin Koovi Minimise<\/a><\/h3>            <div class=\"td-module-meta-info\">\r\n                                                <span class=\"td-post-date\"><time class=\"entry-date updated td-module-date\" datetime=\"2026-02-20T22:49:34+00:00\" >2026-02-20<\/time><\/span>                            <\/div>\r\n        <\/div>\r\n\r\n        <\/div>\r\n\r\n        \n\t<\/div> <!-- .\/td-block-span12 --><\/div><\/div> <!-- .\/block --><\/div><\/div><\/div><\/div><div class=\"tdm_block td_block_wrap tdm_block_button td_uid_42_69f066d23ab69_rand tdm-block-button-inline tdm-content-horiz-right td-pb-border-top main-box-btn-green-en td_block_template_1\"  data-td-block-uid=\"td_uid_42_69f066d23ab69\"     >\n<style>\n.td_uid_43_69f066d23b167 i:first-child {\r\n\t\t\t\t\tmargin-right: 14px;\r\n\t\t\t\t}\n<\/style><div class=\"tds-button td-fix-index\"><a \r\n                href=\"\/benin\/parties\" \r\n                class=\"tds-button1 tdm-btn tdm-btn-sm td_uid_43_69f066d23b167\"  target=\"_blank\" ><i class=\"tdc-font-fa tdc-font-fa-arrow-right\"><\/i><span class=\"tdm-btn-text\">Plus de Nouvelles<\/span><\/a><\/div><\/div><\/div><\/div><div class=\"vc_column td_uid_44_69f066d23b58e_rand all-news-block wpb_column vc_column_container tdc-column td-pb-span4\">\n<style scoped>\n\n\/* custom css *\/\n.td_uid_44_69f066d23b58e_rand {\r\n                    vertical-align: baseline;\r\n                }\n<\/style><div class=\"wpb_wrapper\"><div class=\"td_block_wrap td_block_9 td_uid_45_69f066d23b6d3_rand td-pb-border-top td_block_template_1 td-column-1 td_block_padding td_block_bot_line\"  data-td-block-uid=\"td_uid_45_69f066d23b6d3\" >\n<style>\n.td-theme-wrap .td_uid_45_69f066d23b6d3_rand .td-pulldown-filter-link:hover,\r\n            .td-theme-wrap .td_uid_45_69f066d23b6d3_rand .td-subcat-item a:hover,\r\n            .td-theme-wrap .td_uid_45_69f066d23b6d3_rand .td-subcat-item .td-cur-simple-item {\r\n                color: #1e73be;\r\n            }\r\n\r\n            .td-theme-wrap .td_uid_45_69f066d23b6d3_rand .block-title > *,\r\n            .td-theme-wrap .td_uid_45_69f066d23b6d3_rand .td-subcat-dropdown:hover .td-subcat-more {\r\n                background-color: #1e73be;\r\n            }\r\n            .td-theme-wrap .td-footer-wrapper .td_uid_45_69f066d23b6d3_rand .block-title > * {\r\n                padding: 6px 7px 5px;\r\n                line-height: 1;\r\n            }\r\n\r\n            .td-theme-wrap .td_uid_45_69f066d23b6d3_rand .block-title {\r\n                border-color: #1e73be;\r\n            }\r\n\r\n            \r\n            .td-theme-wrap .td_uid_45_69f066d23b6d3_rand .td_module_wrap:hover .entry-title a,\r\n            .td-theme-wrap .td_uid_45_69f066d23b6d3_rand .td_quote_on_blocks,\r\n            .td-theme-wrap .td_uid_45_69f066d23b6d3_rand .td-opacity-cat .td-post-category:hover,\r\n            .td-theme-wrap .td_uid_45_69f066d23b6d3_rand .td-opacity-read .td-read-more a:hover,\r\n            .td-theme-wrap .td_uid_45_69f066d23b6d3_rand .td-opacity-author .td-post-author-name a:hover,\r\n            .td-theme-wrap .td_uid_45_69f066d23b6d3_rand .td-instagram-user a {\r\n                color: #1e73be;\r\n            }\r\n\r\n            .td-theme-wrap .td_uid_45_69f066d23b6d3_rand .td-next-prev-wrap a:hover,\r\n            .td-theme-wrap .td_uid_45_69f066d23b6d3_rand .td-load-more-wrap a:hover {\r\n                background-color: #1e73be;\r\n                border-color: #1e73be;\r\n            }\r\n\r\n            .td-theme-wrap .td_uid_45_69f066d23b6d3_rand .td-read-more a,\r\n            .td-theme-wrap .td_uid_45_69f066d23b6d3_rand .td-weather-information:before,\r\n            .td-theme-wrap .td_uid_45_69f066d23b6d3_rand .td-weather-week:before,\r\n            .td-theme-wrap .td_uid_45_69f066d23b6d3_rand .td-exchange-header:before,\r\n            .td-theme-wrap .td-footer-wrapper .td_uid_45_69f066d23b6d3_rand .td-post-category,\r\n            .td-theme-wrap .td_uid_45_69f066d23b6d3_rand .td-post-category:hover {\r\n                background-color: #1e73be;\r\n            }\n<\/style><script>var block_td_uid_45_69f066d23b6d3 = new tdBlock();\nblock_td_uid_45_69f066d23b6d3.id = \"td_uid_45_69f066d23b6d3\";\nblock_td_uid_45_69f066d23b6d3.atts = '{\"custom_title\":\"Toutes les actualit\\u00e9s\",\"category_id\":\"10\",\"limit\":\"75\",\"header_color\":\"#1e73be\",\"separator\":\"\",\"custom_url\":\"\\\/benin\\\/toutes-les-actualites\",\"block_template_id\":\"\",\"m8_tl\":\"\",\"post_ids\":\"\",\"category_ids\":\"\",\"tag_slug\":\"\",\"autors_id\":\"\",\"installed_post_types\":\"\",\"sort\":\"\",\"offset\":\"\",\"show_modified_date\":\"\",\"el_class\":\"\",\"td_ajax_filter_type\":\"\",\"td_ajax_filter_ids\":\"\",\"td_filter_default_txt\":\"All\",\"td_ajax_preloading\":\"\",\"f_header_font_header\":\"\",\"f_header_font_title\":\"Block header\",\"f_header_font_settings\":\"\",\"f_header_font_family\":\"\",\"f_header_font_size\":\"\",\"f_header_font_line_height\":\"\",\"f_header_font_style\":\"\",\"f_header_font_weight\":\"\",\"f_header_font_transform\":\"\",\"f_header_font_spacing\":\"\",\"f_header_\":\"\",\"f_ajax_font_title\":\"Ajax categories\",\"f_ajax_font_settings\":\"\",\"f_ajax_font_family\":\"\",\"f_ajax_font_size\":\"\",\"f_ajax_font_line_height\":\"\",\"f_ajax_font_style\":\"\",\"f_ajax_font_weight\":\"\",\"f_ajax_font_transform\":\"\",\"f_ajax_font_spacing\":\"\",\"f_ajax_\":\"\",\"f_more_font_title\":\"Load more button\",\"f_more_font_settings\":\"\",\"f_more_font_family\":\"\",\"f_more_font_size\":\"\",\"f_more_font_line_height\":\"\",\"f_more_font_style\":\"\",\"f_more_font_weight\":\"\",\"f_more_font_transform\":\"\",\"f_more_font_spacing\":\"\",\"f_more_\":\"\",\"m8f_title_font_header\":\"\",\"m8f_title_font_title\":\"Article title\",\"m8f_title_font_settings\":\"\",\"m8f_title_font_family\":\"\",\"m8f_title_font_size\":\"\",\"m8f_title_font_line_height\":\"\",\"m8f_title_font_style\":\"\",\"m8f_title_font_weight\":\"\",\"m8f_title_font_transform\":\"\",\"m8f_title_font_spacing\":\"\",\"m8f_title_\":\"\",\"m8f_cat_font_title\":\"Article category tag\",\"m8f_cat_font_settings\":\"\",\"m8f_cat_font_family\":\"\",\"m8f_cat_font_size\":\"\",\"m8f_cat_font_line_height\":\"\",\"m8f_cat_font_style\":\"\",\"m8f_cat_font_weight\":\"\",\"m8f_cat_font_transform\":\"\",\"m8f_cat_font_spacing\":\"\",\"m8f_cat_\":\"\",\"m8f_meta_font_title\":\"Article meta info\",\"m8f_meta_font_settings\":\"\",\"m8f_meta_font_family\":\"\",\"m8f_meta_font_size\":\"\",\"m8f_meta_font_line_height\":\"\",\"m8f_meta_font_style\":\"\",\"m8f_meta_font_weight\":\"\",\"m8f_meta_font_transform\":\"\",\"m8f_meta_font_spacing\":\"\",\"m8f_meta_\":\"\",\"ajax_pagination\":\"\",\"ajax_pagination_infinite_stop\":\"\",\"css\":\"\",\"tdc_css\":\"\",\"td_column_number\":1,\"color_preset\":\"\",\"border_top\":\"\",\"class\":\"td_uid_45_69f066d23b6d3_rand\",\"tdc_css_class\":\"td_uid_45_69f066d23b6d3_rand\",\"tdc_css_class_style\":\"td_uid_45_69f066d23b6d3_rand_style\"}';\nblock_td_uid_45_69f066d23b6d3.td_column_number = \"1\";\nblock_td_uid_45_69f066d23b6d3.block_type = \"td_block_9\";\nblock_td_uid_45_69f066d23b6d3.post_count = \"75\";\nblock_td_uid_45_69f066d23b6d3.found_posts = \"18047\";\nblock_td_uid_45_69f066d23b6d3.header_color = \"#1e73be\";\nblock_td_uid_45_69f066d23b6d3.ajax_pagination_infinite_stop = \"\";\nblock_td_uid_45_69f066d23b6d3.max_num_pages = \"241\";\ntdBlocksArray.push(block_td_uid_45_69f066d23b6d3);\n<\/script><div class=\"td-block-title-wrap\"><h4 class=\"block-title td-block-title\"><a href=\"\/benin\/toutes-les-actualites\" class=\"td-pulldown-size\">Toutes les actualit\u00e9s<\/a><\/h4><\/div><div id=td_uid_45_69f066d23b6d3 class=\"td_block_inner\">\n\n\t<div class=\"td-block-span12\">\n\r\n        <div class=\"td_module_8 td_module_wrap\">\r\n\r\n            <div class=\"item-details\">\r\n                <h3 class=\"entry-title td-module-title\"><a href=\"https:\/\/www.africa-press.net\/benin\/sports\/mondial-u17-amazones-battent-burkina-faso-au-second-tour\" rel=\"bookmark\" title=\"Mondial U17: Amazones Battent Burkina Faso Au Second Tour\">Mondial U17: Amazones Battent Burkina Faso Au Second Tour<\/a><\/h3>\r\n                <div class=\"td-module-meta-info\">\r\n                                                            <span class=\"td-post-date\"><time class=\"entry-date updated td-module-date\" datetime=\"2026-04-18T22:59:19+00:00\" >2026-04-18<\/time><\/span>                                    <\/div>\r\n            <\/div>\r\n\r\n            \r\n        <\/div>\r\n\r\n        \n\t<\/div> <!-- .\/td-block-span12 -->\n\n\t<div class=\"td-block-span12\">\n\r\n        <div class=\"td_module_8 td_module_wrap\">\r\n\r\n            <div class=\"item-details\">\r\n                <h3 class=\"entry-title td-module-title\"><a href=\"https:\/\/www.africa-press.net\/benin\/toutes-les-actualites\/benin-commissaire-et-adjoint-demis-apres-braquage\" rel=\"bookmark\" title=\"Be\u0301nin: Commissaire et Adjoint De\u0301mis Apre\u0300s Braquage\">Be\u0301nin: Commissaire et Adjoint De\u0301mis Apre\u0300s Braquage<\/a><\/h3>\r\n                <div class=\"td-module-meta-info\">\r\n                                                            <span class=\"td-post-date\"><time class=\"entry-date updated td-module-date\" datetime=\"2026-04-18T22:59:08+00:00\" >2026-04-18<\/time><\/span>                                    <\/div>\r\n            <\/div>\r\n\r\n            \r\n        <\/div>\r\n\r\n        \n\t<\/div> <!-- .\/td-block-span12 -->\n\n\t<div class=\"td-block-span12\">\n\r\n        <div class=\"td_module_8 td_module_wrap\">\r\n\r\n            <div class=\"item-details\">\r\n                <h3 class=\"entry-title td-module-title\"><a href=\"https:\/\/www.africa-press.net\/benin\/politique\/parlement-examine-trente-textes-en-premiere-session-2026\" rel=\"bookmark\" title=\"Parlement Examine Trente Textes en Premi\u00e8re Session 2026\">Parlement Examine Trente Textes en Premi\u00e8re Session 2026<\/a><\/h3>\r\n                <div class=\"td-module-meta-info\">\r\n                                                            <span class=\"td-post-date\"><time class=\"entry-date updated td-module-date\" datetime=\"2026-04-18T22:59:01+00:00\" >2026-04-18<\/time><\/span>                                    <\/div>\r\n            <\/div>\r\n\r\n            \r\n        <\/div>\r\n\r\n        \n\t<\/div> <!-- .\/td-block-span12 -->\n\n\t<div class=\"td-block-span12\">\n\r\n        <div class=\"td_module_8 td_module_wrap\">\r\n\r\n            <div class=\"item-details\">\r\n                <h3 class=\"entry-title td-module-title\"><a href=\"https:\/\/www.africa-press.net\/benin\/toutes-les-actualites\/deces-de-nathalie-baye-mere-de-laura-smet\" rel=\"bookmark\" title=\"D\u00e9c\u00e8s de Nathalie Baye, m\u00e8re de Laura Smet\">D\u00e9c\u00e8s de Nathalie Baye, m\u00e8re de Laura Smet<\/a><\/h3>\r\n                <div class=\"td-module-meta-info\">\r\n                                                            <span class=\"td-post-date\"><time class=\"entry-date updated td-module-date\" datetime=\"2026-04-18T22:58:50+00:00\" >2026-04-18<\/time><\/span>                                    <\/div>\r\n            <\/div>\r\n\r\n            \r\n        <\/div>\r\n\r\n        \n\t<\/div> <!-- .\/td-block-span12 -->\n\n\t<div class=\"td-block-span12\">\n\r\n        <div class=\"td_module_8 td_module_wrap\">\r\n\r\n            <div class=\"item-details\">\r\n                <h3 class=\"entry-title td-module-title\"><a href=\"https:\/\/www.africa-press.net\/benin\/politique\/deces-de-lepouse-du-ministre-rachidi-gbadamassi\" rel=\"bookmark\" title=\"D\u00e9c\u00e8s de l&rsquo;\u00e9pouse du ministre Rachidi Gbadamassi\">D\u00e9c\u00e8s de l&rsquo;\u00e9pouse du ministre Rachidi Gbadamassi<\/a><\/h3>\r\n                <div class=\"td-module-meta-info\">\r\n                                                            <span class=\"td-post-date\"><time class=\"entry-date updated td-module-date\" datetime=\"2026-04-18T22:58:43+00:00\" >2026-04-18<\/time><\/span>                                    <\/div>\r\n            <\/div>\r\n\r\n            \r\n        <\/div>\r\n\r\n        \n\t<\/div> <!-- .\/td-block-span12 -->\n\n\t<div class=\"td-block-span12\">\n\r\n        <div class=\"td_module_8 td_module_wrap\">\r\n\r\n            <div class=\"item-details\">\r\n                <h3 class=\"entry-title td-module-title\"><a href=\"https:\/\/www.africa-press.net\/benin\/politique\/rachid-rguibi-loue-la-democratie-beninoise\" rel=\"bookmark\" title=\"Rachid Rguibi Loue La D\u00e9mocratie B\u00e9ninoise\">Rachid Rguibi Loue La D\u00e9mocratie B\u00e9ninoise<\/a><\/h3>\r\n                <div class=\"td-module-meta-info\">\r\n                                                            <span class=\"td-post-date\"><time class=\"entry-date updated td-module-date\" datetime=\"2026-04-18T22:58:35+00:00\" >2026-04-18<\/time><\/span>                                    <\/div>\r\n            <\/div>\r\n\r\n            \r\n        <\/div>\r\n\r\n        \n\t<\/div> <!-- .\/td-block-span12 -->\n\n\t<div class=\"td-block-span12\">\n\r\n        <div class=\"td_module_8 td_module_wrap\">\r\n\r\n            <div class=\"item-details\">\r\n                <h3 class=\"entry-title td-module-title\"><a href=\"https:\/\/www.africa-press.net\/benin\/toutes-les-actualites\/agbaza-et-epouse-plaident-non-coupable-devant-la-criet\" rel=\"bookmark\" title=\"Agbaza Et \u00c9pouse Plaident Non Coupable Devant La CRIET\">Agbaza Et \u00c9pouse Plaident Non Coupable Devant La CRIET<\/a><\/h3>\r\n                <div class=\"td-module-meta-info\">\r\n                                                            <span class=\"td-post-date\"><time class=\"entry-date updated td-module-date\" datetime=\"2026-04-18T22:58:16+00:00\" >2026-04-18<\/time><\/span>                                    <\/div>\r\n            <\/div>\r\n\r\n            \r\n        <\/div>\r\n\r\n        \n\t<\/div> <!-- .\/td-block-span12 -->\n\n\t<div class=\"td-block-span12\">\n\r\n        <div class=\"td_module_8 td_module_wrap\">\r\n\r\n            <div class=\"item-details\">\r\n                <h3 class=\"entry-title td-module-title\"><a href=\"https:\/\/www.africa-press.net\/benin\/toutes-les-actualites\/cotonou-lancement-de-chantiers-pour-ecoles-et-police\" rel=\"bookmark\" title=\"Cotonou Lancement de Chantiers pour \u00c9coles et Police\">Cotonou Lancement de Chantiers pour \u00c9coles et Police<\/a><\/h3>\r\n                <div class=\"td-module-meta-info\">\r\n                                                            <span class=\"td-post-date\"><time class=\"entry-date updated td-module-date\" datetime=\"2026-04-18T22:58:04+00:00\" >2026-04-18<\/time><\/span>                                    <\/div>\r\n            <\/div>\r\n\r\n            \r\n        <\/div>\r\n\r\n        \n\t<\/div> <!-- .\/td-block-span12 -->\n\n\t<div class=\"td-block-span12\">\n\r\n        <div class=\"td_module_8 td_module_wrap\">\r\n\r\n            <div class=\"item-details\">\r\n                <h3 class=\"entry-title td-module-title\"><a href=\"https:\/\/www.africa-press.net\/benin\/economie\/ecobank-annonce-augmentation-de-21-de-son-benefice\" rel=\"bookmark\" title=\"Ecobank Annonce Augmentation de 21 % de Son B\u00e9n\u00e9fice\">Ecobank Annonce Augmentation de 21 % de Son B\u00e9n\u00e9fice<\/a><\/h3>\r\n                <div class=\"td-module-meta-info\">\r\n                                                            <span class=\"td-post-date\"><time class=\"entry-date updated td-module-date\" datetime=\"2026-04-18T22:57:57+00:00\" >2026-04-18<\/time><\/span>                                    <\/div>\r\n            <\/div>\r\n\r\n            \r\n        <\/div>\r\n\r\n        \n\t<\/div> <!-- .\/td-block-span12 -->\n\n\t<div class=\"td-block-span12\">\n\r\n        <div class=\"td_module_8 td_module_wrap\">\r\n\r\n            <div class=\"item-details\">\r\n                <h3 class=\"entry-title td-module-title\"><a href=\"https:\/\/www.africa-press.net\/benin\/politique\/felix-antoine-tshisekedi-felicite-romuald-wadagni\" rel=\"bookmark\" title=\"F\u00e9lix-Antoine Tshisekedi F\u00e9licite Romuald Wadagni\">F\u00e9lix-Antoine Tshisekedi F\u00e9licite Romuald Wadagni<\/a><\/h3>\r\n                <div class=\"td-module-meta-info\">\r\n                                                            <span class=\"td-post-date\"><time class=\"entry-date updated td-module-date\" datetime=\"2026-04-18T22:57:32+00:00\" >2026-04-18<\/time><\/span>                                    <\/div>\r\n            <\/div>\r\n\r\n            \r\n        <\/div>\r\n\r\n        \n\t<\/div> <!-- .\/td-block-span12 -->\n\n\t<div class=\"td-block-span12\">\n\r\n        <div class=\"td_module_8 td_module_wrap\">\r\n\r\n            <div class=\"item-details\">\r\n                <h3 class=\"entry-title td-module-title\"><a href=\"https:\/\/www.africa-press.net\/benin\/politique\/diligences-avant-designation-des-acteurs-pour-cep-2026\" rel=\"bookmark\" title=\"Diligences Avant D\u00e9signation des Acteurs pour CEP 2026\">Diligences Avant D\u00e9signation des Acteurs pour CEP 2026<\/a><\/h3>\r\n                <div class=\"td-module-meta-info\">\r\n                                                            <span class=\"td-post-date\"><time class=\"entry-date updated td-module-date\" datetime=\"2026-04-18T22:53:50+00:00\" >2026-04-18<\/time><\/span>                                    <\/div>\r\n            <\/div>\r\n\r\n            \r\n        <\/div>\r\n\r\n        \n\t<\/div> <!-- .\/td-block-span12 -->\n\n\t<div class=\"td-block-span12\">\n\r\n        <div class=\"td_module_8 td_module_wrap\">\r\n\r\n            <div class=\"item-details\">\r\n                <h3 class=\"entry-title td-module-title\"><a href=\"https:\/\/www.africa-press.net\/benin\/politique\/leonard-dossou-prend-presidence-de-lunpme-au-benin\" rel=\"bookmark\" title=\"L\u00e9onard Dossou Prend Pr\u00e9sidence de l&rsquo;UNPME au B\u00e9nin\">L\u00e9onard Dossou Prend Pr\u00e9sidence de l&rsquo;UNPME au B\u00e9nin<\/a><\/h3>\r\n                <div class=\"td-module-meta-info\">\r\n                                                            <span class=\"td-post-date\"><time class=\"entry-date updated td-module-date\" datetime=\"2026-04-18T22:53:32+00:00\" >2026-04-18<\/time><\/span>                                    <\/div>\r\n            <\/div>\r\n\r\n            \r\n        <\/div>\r\n\r\n        \n\t<\/div> <!-- .\/td-block-span12 -->\n\n\t<div class=\"td-block-span12\">\n\r\n        <div class=\"td_module_8 td_module_wrap\">\r\n\r\n            <div class=\"item-details\">\r\n                <h3 class=\"entry-title td-module-title\"><a href=\"https:\/\/www.africa-press.net\/benin\/politique\/romuald-wadagni-pretera-serment-le-24-mai-2026\" rel=\"bookmark\" title=\"Romuald Wadagni Pr\u00eatera Serment Le 24 Mai 2026\">Romuald Wadagni Pr\u00eatera Serment Le 24 Mai 2026<\/a><\/h3>\r\n                <div class=\"td-module-meta-info\">\r\n                                                            <span class=\"td-post-date\"><time class=\"entry-date updated td-module-date\" datetime=\"2026-04-18T22:53:25+00:00\" >2026-04-18<\/time><\/span>                                    <\/div>\r\n            <\/div>\r\n\r\n            \r\n        <\/div>\r\n\r\n        \n\t<\/div> <!-- .\/td-block-span12 -->\n\n\t<div class=\"td-block-span12\">\n\r\n        <div class=\"td_module_8 td_module_wrap\">\r\n\r\n            <div class=\"item-details\">\r\n                <h3 class=\"entry-title td-module-title\"><a href=\"https:\/\/www.africa-press.net\/benin\/toutes-les-actualites\/natitingou-encadre-circulation-tricycles-pour-securite-routiere\" rel=\"bookmark\" title=\"Natitingou Encadre Circulation Tricycles Pour S\u00e9curit\u00e9 Routi\u00e8re\">Natitingou Encadre Circulation Tricycles Pour S\u00e9curit\u00e9 Routi\u00e8re<\/a><\/h3>\r\n                <div class=\"td-module-meta-info\">\r\n                                                            <span class=\"td-post-date\"><time class=\"entry-date updated td-module-date\" datetime=\"2026-04-18T22:53:16+00:00\" >2026-04-18<\/time><\/span>                                    <\/div>\r\n            <\/div>\r\n\r\n            \r\n        <\/div>\r\n\r\n        \n\t<\/div> <!-- .\/td-block-span12 -->\n\n\t<div class=\"td-block-span12\">\n\r\n        <div class=\"td_module_8 td_module_wrap\">\r\n\r\n            <div class=\"item-details\">\r\n                <h3 class=\"entry-title td-module-title\"><a href=\"https:\/\/www.africa-press.net\/benin\/politique\/felicitations-de-tinubu-a-wadagni-pour-son-election\" rel=\"bookmark\" title=\"F\u00e9licitations de Tinubu \u00e0 Wadagni pour son \u00e9lection\">F\u00e9licitations de Tinubu \u00e0 Wadagni pour son \u00e9lection<\/a><\/h3>\r\n                <div class=\"td-module-meta-info\">\r\n                                                            <span class=\"td-post-date\"><time class=\"entry-date updated td-module-date\" datetime=\"2026-04-18T22:53:09+00:00\" >2026-04-18<\/time><\/span>                                    <\/div>\r\n            <\/div>\r\n\r\n            \r\n        <\/div>\r\n\r\n        \n\t<\/div> <!-- .\/td-block-span12 -->\n\n\t<div class=\"td-block-span12\">\n\r\n        <div class=\"td_module_8 td_module_wrap\">\r\n\r\n            <div class=\"item-details\">\r\n                <h3 class=\"entry-title td-module-title\"><a href=\"https:\/\/www.africa-press.net\/benin\/politique\/geometres-experts-hors-du-champ-commercial-au-benin\" rel=\"bookmark\" title=\"G\u00e9om\u00e8tres-Experts Hors Du Champ Commercial Au B\u00e9nin\">G\u00e9om\u00e8tres-Experts Hors Du Champ Commercial Au B\u00e9nin<\/a><\/h3>\r\n                <div class=\"td-module-meta-info\">\r\n                                                            <span class=\"td-post-date\"><time class=\"entry-date updated td-module-date\" datetime=\"2026-04-18T22:52:55+00:00\" >2026-04-18<\/time><\/span>                                    <\/div>\r\n            <\/div>\r\n\r\n            \r\n        <\/div>\r\n\r\n        \n\t<\/div> <!-- .\/td-block-span12 -->\n\n\t<div class=\"td-block-span12\">\n\r\n        <div class=\"td_module_8 td_module_wrap\">\r\n\r\n            <div class=\"item-details\">\r\n                <h3 class=\"entry-title td-module-title\"><a href=\"https:\/\/www.africa-press.net\/benin\/toutes-les-actualites\/abomey-envisage-taxe-sur-services-sonorisation-et-location\" rel=\"bookmark\" title=\"Abomey Envisage Taxe Sur Services Sonorisation et Location\">Abomey Envisage Taxe Sur Services Sonorisation et Location<\/a><\/h3>\r\n                <div class=\"td-module-meta-info\">\r\n                                                            <span class=\"td-post-date\"><time class=\"entry-date updated td-module-date\" datetime=\"2026-04-18T22:52:49+00:00\" >2026-04-18<\/time><\/span>                                    <\/div>\r\n            <\/div>\r\n\r\n            \r\n        <\/div>\r\n\r\n        \n\t<\/div> <!-- .\/td-block-span12 -->\n\n\t<div class=\"td-block-span12\">\n\r\n        <div class=\"td_module_8 td_module_wrap\">\r\n\r\n            <div class=\"item-details\">\r\n                <h3 class=\"entry-title td-module-title\"><a href=\"https:\/\/www.africa-press.net\/benin\/toutes-les-actualites\/unicef-et-chine-fournissent-600-concentrateurs-doxygene\" rel=\"bookmark\" title=\"UNICEF Et Chine Fournissent 600 Concentrateurs D&rsquo;Oxyg\u00e8ne\">UNICEF Et Chine Fournissent 600 Concentrateurs D&rsquo;Oxyg\u00e8ne<\/a><\/h3>\r\n                <div class=\"td-module-meta-info\">\r\n                                                            <span class=\"td-post-date\"><time class=\"entry-date updated td-module-date\" datetime=\"2026-04-18T22:52:43+00:00\" >2026-04-18<\/time><\/span>                                    <\/div>\r\n            <\/div>\r\n\r\n            \r\n        <\/div>\r\n\r\n        \n\t<\/div> <!-- .\/td-block-span12 -->\n\n\t<div class=\"td-block-span12\">\n\r\n        <div class=\"td_module_8 td_module_wrap\">\r\n\r\n            <div class=\"item-details\">\r\n                <h3 class=\"entry-title td-module-title\"><a href=\"https:\/\/www.africa-press.net\/benin\/politique\/benin-boni-yayi-appelle-a-lunite-des-beninois\" rel=\"bookmark\" title=\"Be\u0301nin: Boni Yayi Appelle a\u0300 L&rsquo;Unite\u0301 des Be\u0301ninois\">Be\u0301nin: Boni Yayi Appelle a\u0300 L&rsquo;Unite\u0301 des Be\u0301ninois<\/a><\/h3>\r\n                <div class=\"td-module-meta-info\">\r\n                                                            <span class=\"td-post-date\"><time class=\"entry-date updated td-module-date\" datetime=\"2026-04-18T22:52:37+00:00\" >2026-04-18<\/time><\/span>                                    <\/div>\r\n            <\/div>\r\n\r\n            \r\n        <\/div>\r\n\r\n        \n\t<\/div> <!-- .\/td-block-span12 -->\n\n\t<div class=\"td-block-span12\">\n\r\n        <div class=\"td_module_8 td_module_wrap\">\r\n\r\n            <div class=\"item-details\">\r\n                <h3 class=\"entry-title td-module-title\"><a href=\"https:\/\/www.africa-press.net\/benin\/politique\/boni-yayi-felicite-romuald-wadagni-pour-sa-gouvernance\" rel=\"bookmark\" title=\"Boni Yayi F\u00e9licite Romuald Wadagni Pour Sa Gouvernance\">Boni Yayi F\u00e9licite Romuald Wadagni Pour Sa Gouvernance<\/a><\/h3>\r\n                <div class=\"td-module-meta-info\">\r\n                                                            <span class=\"td-post-date\"><time class=\"entry-date updated td-module-date\" datetime=\"2026-04-18T22:52:29+00:00\" >2026-04-18<\/time><\/span>                                    <\/div>\r\n            <\/div>\r\n\r\n            \r\n        <\/div>\r\n\r\n        \n\t<\/div> <!-- .\/td-block-span12 -->\n\n\t<div class=\"td-block-span12\">\n\r\n        <div class=\"td_module_8 td_module_wrap\">\r\n\r\n            <div class=\"item-details\">\r\n                <h3 class=\"entry-title td-module-title\"><a href=\"https:\/\/www.africa-press.net\/benin\/politique\/le-benin-emet-un-deuxieme-mandat-darret-contre-kemi-seba\" rel=\"bookmark\" title=\"Le B\u00e9nin \u00e9met un deuxi\u00e8me mandat d\u2019arr\u00eat contre Kemi Seba\">Le B\u00e9nin \u00e9met un deuxi\u00e8me mandat d\u2019arr\u00eat contre Kemi Seba<\/a><\/h3>\r\n                <div class=\"td-module-meta-info\">\r\n                                                            <span class=\"td-post-date\"><time class=\"entry-date updated td-module-date\" datetime=\"2026-04-18T22:52:21+00:00\" >2026-04-18<\/time><\/span>                                    <\/div>\r\n            <\/div>\r\n\r\n            \r\n        <\/div>\r\n\r\n        \n\t<\/div> <!-- .\/td-block-span12 -->\n\n\t<div class=\"td-block-span12\">\n\r\n        <div class=\"td_module_8 td_module_wrap\">\r\n\r\n            <div class=\"item-details\">\r\n                <h3 class=\"entry-title td-module-title\"><a href=\"https:\/\/www.africa-press.net\/benin\/toutes-les-actualites\/travaux-du-parcours-rituel-pour-la-gaani-2026\" rel=\"bookmark\" title=\"Travaux du Parcours Rituel pour la Gaani 2026\">Travaux du Parcours Rituel pour la Gaani 2026<\/a><\/h3>\r\n                <div class=\"td-module-meta-info\">\r\n                                                            <span class=\"td-post-date\"><time class=\"entry-date updated td-module-date\" datetime=\"2026-04-18T22:52:14+00:00\" >2026-04-18<\/time><\/span>                                    <\/div>\r\n            <\/div>\r\n\r\n            \r\n        <\/div>\r\n\r\n        \n\t<\/div> <!-- .\/td-block-span12 -->\n\n\t<div class=\"td-block-span12\">\n\r\n        <div class=\"td_module_8 td_module_wrap\">\r\n\r\n            <div class=\"item-details\">\r\n                <h3 class=\"entry-title td-module-title\"><a href=\"https:\/\/www.africa-press.net\/benin\/politique\/union-africaine-felicite-romuald-wadagni-pour-elections\" rel=\"bookmark\" title=\"Union Africaine F\u00e9licite Romuald Wadagni Pour \u00c9lections\">Union Africaine F\u00e9licite Romuald Wadagni Pour \u00c9lections<\/a><\/h3>\r\n                <div class=\"td-module-meta-info\">\r\n                                                            <span class=\"td-post-date\"><time class=\"entry-date updated td-module-date\" datetime=\"2026-04-18T22:52:08+00:00\" >2026-04-18<\/time><\/span>                                    <\/div>\r\n            <\/div>\r\n\r\n            \r\n        <\/div>\r\n\r\n        \n\t<\/div> <!-- .\/td-block-span12 -->\n\n\t<div class=\"td-block-span12\">\n\r\n        <div class=\"td_module_8 td_module_wrap\">\r\n\r\n            <div class=\"item-details\">\r\n                <h3 class=\"entry-title td-module-title\"><a href=\"https:\/\/www.africa-press.net\/benin\/politique\/brice-hondi-se-rejouit-de-la-validation-du-scrutin\" rel=\"bookmark\" title=\"Brice Hondi Se R\u00e9jouit de la Validation du Scrutin\">Brice Hondi Se R\u00e9jouit de la Validation du Scrutin<\/a><\/h3>\r\n                <div class=\"td-module-meta-info\">\r\n                                                            <span class=\"td-post-date\"><time class=\"entry-date updated td-module-date\" datetime=\"2026-04-18T22:52:00+00:00\" >2026-04-18<\/time><\/span>                                    <\/div>\r\n            <\/div>\r\n\r\n            \r\n        <\/div>\r\n\r\n        \n\t<\/div> <!-- .\/td-block-span12 -->\n\n\t<div class=\"td-block-span12\">\n\r\n        <div class=\"td_module_8 td_module_wrap\">\r\n\r\n            <div class=\"item-details\">\r\n                <h3 class=\"entry-title td-module-title\"><a href=\"https:\/\/www.africa-press.net\/benin\/toutes-les-actualites\/benin-fixe-epreuve-psychotechnique-douanes-25-avril\" rel=\"bookmark\" title=\"B\u00e9nin Fixe \u00c9preuve Psychotechnique Douanes 25 Avril\">B\u00e9nin Fixe \u00c9preuve Psychotechnique Douanes 25 Avril<\/a><\/h3>\r\n                <div class=\"td-module-meta-info\">\r\n                                                            <span class=\"td-post-date\"><time class=\"entry-date updated td-module-date\" datetime=\"2026-04-18T22:51:53+00:00\" >2026-04-18<\/time><\/span>                                    <\/div>\r\n            <\/div>\r\n\r\n            \r\n        <\/div>\r\n\r\n        \n\t<\/div> <!-- .\/td-block-span12 -->\n\n\t<div class=\"td-block-span12\">\n\r\n        <div class=\"td_module_8 td_module_wrap\">\r\n\r\n            <div class=\"item-details\">\r\n                <h3 class=\"entry-title td-module-title\"><a href=\"https:\/\/www.africa-press.net\/benin\/politique\/pascal-tigri-remplace-a-la-tete-des-forces-speciales\" rel=\"bookmark\" title=\"Pascal Tigri Remplac\u00e9 \u00e0 la T\u00eate des Forces Sp\u00e9ciales\">Pascal Tigri Remplac\u00e9 \u00e0 la T\u00eate des Forces Sp\u00e9ciales<\/a><\/h3>\r\n                <div class=\"td-module-meta-info\">\r\n                                                            <span class=\"td-post-date\"><time class=\"entry-date updated td-module-date\" datetime=\"2026-04-18T22:51:45+00:00\" >2026-04-18<\/time><\/span>                                    <\/div>\r\n            <\/div>\r\n\r\n            \r\n        <\/div>\r\n\r\n        \n\t<\/div> <!-- .\/td-block-span12 -->\n\n\t<div class=\"td-block-span12\">\n\r\n        <div class=\"td_module_8 td_module_wrap\">\r\n\r\n            <div class=\"item-details\">\r\n                <h3 class=\"entry-title td-module-title\"><a href=\"https:\/\/www.africa-press.net\/benin\/politique\/irregularites-lors-de-la-presidentielle-du-12-avril-2026\" rel=\"bookmark\" title=\"Irr\u00e9gularit\u00e9s lors de la pr\u00e9sidentielle du 12 avril 2026\">Irr\u00e9gularit\u00e9s lors de la pr\u00e9sidentielle du 12 avril 2026<\/a><\/h3>\r\n                <div class=\"td-module-meta-info\">\r\n                                                            <span class=\"td-post-date\"><time class=\"entry-date updated td-module-date\" datetime=\"2026-04-18T22:51:20+00:00\" >2026-04-18<\/time><\/span>                                    <\/div>\r\n            <\/div>\r\n\r\n            \r\n        <\/div>\r\n\r\n        \n\t<\/div> <!-- .\/td-block-span12 -->\n\n\t<div class=\"td-block-span12\">\n\r\n        <div class=\"td_module_8 td_module_wrap\">\r\n\r\n            <div class=\"item-details\">\r\n                <h3 class=\"entry-title td-module-title\"><a href=\"https:\/\/www.africa-press.net\/benin\/politique\/annulation-de-voix-justifiee-par-la-cour-pour-2026\" rel=\"bookmark\" title=\"Annulation de Voix Justifi\u00e9e par la Cour pour 2026\">Annulation de Voix Justifi\u00e9e par la Cour pour 2026<\/a><\/h3>\r\n                <div class=\"td-module-meta-info\">\r\n                                                            <span class=\"td-post-date\"><time class=\"entry-date updated td-module-date\" datetime=\"2026-04-18T22:51:11+00:00\" >2026-04-18<\/time><\/span>                                    <\/div>\r\n            <\/div>\r\n\r\n            \r\n        <\/div>\r\n\r\n        \n\t<\/div> <!-- .\/td-block-span12 -->\n\n\t<div class=\"td-block-span12\">\n\r\n        <div class=\"td_module_8 td_module_wrap\">\r\n\r\n            <div class=\"item-details\">\r\n                <h3 class=\"entry-title td-module-title\"><a href=\"https:\/\/www.africa-press.net\/benin\/politique\/effondrement-a-koussigou-montagne-mission-officielle-envoyee\" rel=\"bookmark\" title=\"Effondrement a\u0300 Koussigou Montagne: Mission Officielle Envoye\u0301e\">Effondrement a\u0300 Koussigou Montagne: Mission Officielle Envoye\u0301e<\/a><\/h3>\r\n                <div class=\"td-module-meta-info\">\r\n                                                            <span class=\"td-post-date\"><time class=\"entry-date updated td-module-date\" datetime=\"2026-04-18T22:50:53+00:00\" >2026-04-18<\/time><\/span>                                    <\/div>\r\n            <\/div>\r\n\r\n            \r\n        <\/div>\r\n\r\n        \n\t<\/div> <!-- .\/td-block-span12 -->\n\n\t<div class=\"td-block-span12\">\n\r\n        <div class=\"td_module_8 td_module_wrap\">\r\n\r\n            <div class=\"item-details\">\r\n                <h3 class=\"entry-title td-module-title\"><a href=\"https:\/\/www.africa-press.net\/benin\/toutes-les-actualites\/natitingou-lanm-lutte-contre-fraudes-alimentaires\" rel=\"bookmark\" title=\"Natitingou L&rsquo;ANM Lutte Contre Fraudes Alimentaires\">Natitingou L&rsquo;ANM Lutte Contre Fraudes Alimentaires<\/a><\/h3>\r\n                <div class=\"td-module-meta-info\">\r\n                                                            <span class=\"td-post-date\"><time class=\"entry-date updated td-module-date\" datetime=\"2026-04-18T22:49:35+00:00\" >2026-04-18<\/time><\/span>                                    <\/div>\r\n            <\/div>\r\n\r\n            \r\n        <\/div>\r\n\r\n        \n\t<\/div> <!-- .\/td-block-span12 -->\n\n\t<div class=\"td-block-span12\">\n\r\n        <div class=\"td_module_8 td_module_wrap\">\r\n\r\n            <div class=\"item-details\">\r\n                <h3 class=\"entry-title td-module-title\"><a href=\"https:\/\/www.africa-press.net\/benin\/toutes-les-actualites\/ia-identifie-mutations-genetiques-de-maladies-rares-2\" rel=\"bookmark\" title=\"IA Identifie Mutations G\u00e9n\u00e9tiques de Maladies Rares\">IA Identifie Mutations G\u00e9n\u00e9tiques de Maladies Rares<\/a><\/h3>\r\n                <div class=\"td-module-meta-info\">\r\n                                                            <span class=\"td-post-date\"><time class=\"entry-date updated td-module-date\" datetime=\"2026-03-31T00:13:33+00:00\" >2026-03-31<\/time><\/span>                                    <\/div>\r\n            <\/div>\r\n\r\n            \r\n        <\/div>\r\n\r\n        \n\t<\/div> <!-- .\/td-block-span12 -->\n\n\t<div class=\"td-block-span12\">\n\r\n        <div class=\"td_module_8 td_module_wrap\">\r\n\r\n            <div class=\"item-details\">\r\n                <h3 class=\"entry-title td-module-title\"><a href=\"https:\/\/www.africa-press.net\/benin\/toutes-les-actualites\/box-internet-fibre-la-tres-haute-vitesse-et-nos-usages\" rel=\"bookmark\" title=\"Box Internet Fibre: La Tre\u0300s Haute Vitesse et Nos Usages\">Box Internet Fibre: La Tre\u0300s Haute Vitesse et Nos Usages<\/a><\/h3>\r\n                <div class=\"td-module-meta-info\">\r\n                                                            <span class=\"td-post-date\"><time class=\"entry-date updated td-module-date\" datetime=\"2026-03-31T00:13:32+00:00\" >2026-03-31<\/time><\/span>                                    <\/div>\r\n            <\/div>\r\n\r\n            \r\n        <\/div>\r\n\r\n        \n\t<\/div> <!-- .\/td-block-span12 -->\n\n\t<div class=\"td-block-span12\">\n\r\n        <div class=\"td_module_8 td_module_wrap\">\r\n\r\n            <div class=\"item-details\">\r\n                <h3 class=\"entry-title td-module-title\"><a href=\"https:\/\/www.africa-press.net\/benin\/sports\/senegal-celebre-sa-victoire-a-la-can-au-stade-de-france\" rel=\"bookmark\" title=\"S\u00e9n\u00e9gal C\u00e9l\u00e8bre Sa Victoire \u00e0 la CAN au Stade de France\">S\u00e9n\u00e9gal C\u00e9l\u00e8bre Sa Victoire \u00e0 la CAN au Stade de France<\/a><\/h3>\r\n                <div class=\"td-module-meta-info\">\r\n                                                            <span class=\"td-post-date\"><time class=\"entry-date updated td-module-date\" datetime=\"2026-03-29T21:04:00+00:00\" >2026-03-29<\/time><\/span>                                    <\/div>\r\n            <\/div>\r\n\r\n            \r\n        <\/div>\r\n\r\n        \n\t<\/div> <!-- .\/td-block-span12 -->\n\n\t<div class=\"td-block-span12\">\n\r\n        <div class=\"td_module_8 td_module_wrap\">\r\n\r\n            <div class=\"item-details\">\r\n                <h3 class=\"entry-title td-module-title\"><a href=\"https:\/\/www.africa-press.net\/benin\/sports\/vol-a-lhotel-de-lequipe-nationale-du-ghana-en-autriche\" rel=\"bookmark\" title=\"Vol \u00e0 l&rsquo;h\u00f4tel de l&rsquo;\u00e9quipe nationale du Ghana en Autriche\">Vol \u00e0 l&rsquo;h\u00f4tel de l&rsquo;\u00e9quipe nationale du Ghana en Autriche<\/a><\/h3>\r\n                <div class=\"td-module-meta-info\">\r\n                                                            <span class=\"td-post-date\"><time class=\"entry-date updated td-module-date\" datetime=\"2026-03-29T21:02:00+00:00\" >2026-03-29<\/time><\/span>                                    <\/div>\r\n            <\/div>\r\n\r\n            \r\n        <\/div>\r\n\r\n        \n\t<\/div> <!-- .\/td-block-span12 -->\n\n\t<div class=\"td-block-span12\">\n\r\n        <div class=\"td_module_8 td_module_wrap\">\r\n\r\n            <div class=\"item-details\">\r\n                <h3 class=\"entry-title td-module-title\"><a href=\"https:\/\/www.africa-press.net\/benin\/sports\/dakar-se-prepare-pour-les-jeux-olympiques-de-la-jeunesse\" rel=\"bookmark\" title=\"Dakar Se Pr\u00e9pare Pour Les Jeux Olympiques De La Jeunesse\">Dakar Se Pr\u00e9pare Pour Les Jeux Olympiques De La Jeunesse<\/a><\/h3>\r\n                <div class=\"td-module-meta-info\">\r\n                                                            <span class=\"td-post-date\"><time class=\"entry-date updated td-module-date\" datetime=\"2026-03-29T21:00:00+00:00\" >2026-03-29<\/time><\/span>                                    <\/div>\r\n            <\/div>\r\n\r\n            \r\n        <\/div>\r\n\r\n        \n\t<\/div> <!-- .\/td-block-span12 -->\n\n\t<div class=\"td-block-span12\">\n\r\n        <div class=\"td_module_8 td_module_wrap\">\r\n\r\n            <div class=\"item-details\">\r\n                <h3 class=\"entry-title td-module-title\"><a href=\"https:\/\/www.africa-press.net\/benin\/sports\/football-la-can-va-passer-de-24-a-28-equipes-en-2028\" rel=\"bookmark\" title=\"Football: la CAN Va Passer de 24 A\u0300 28 E\u0301quipes en 2028\">Football: la CAN Va Passer de 24 A\u0300 28 E\u0301quipes en 2028<\/a><\/h3>\r\n                <div class=\"td-module-meta-info\">\r\n                                                            <span class=\"td-post-date\"><time class=\"entry-date updated td-module-date\" datetime=\"2026-03-29T20:56:00+00:00\" >2026-03-29<\/time><\/span>                                    <\/div>\r\n            <\/div>\r\n\r\n            \r\n        <\/div>\r\n\r\n        \n\t<\/div> <!-- .\/td-block-span12 -->\n\n\t<div class=\"td-block-span12\">\n\r\n        <div class=\"td_module_8 td_module_wrap\">\r\n\r\n            <div class=\"item-details\">\r\n                <h3 class=\"entry-title td-module-title\"><a href=\"https:\/\/www.africa-press.net\/benin\/sports\/barrages-intercontinentaux-espoir-de-la-rdc-en-coupe\" rel=\"bookmark\" title=\"Barrages Intercontinentaux: Espoir de la RDC en Coupe\">Barrages Intercontinentaux: Espoir de la RDC en Coupe<\/a><\/h3>\r\n                <div class=\"td-module-meta-info\">\r\n                                                            <span class=\"td-post-date\"><time class=\"entry-date updated td-module-date\" datetime=\"2026-03-29T20:44:00+00:00\" >2026-03-29<\/time><\/span>                                    <\/div>\r\n            <\/div>\r\n\r\n            \r\n        <\/div>\r\n\r\n        \n\t<\/div> <!-- .\/td-block-span12 -->\n\n\t<div class=\"td-block-span12\">\n\r\n        <div class=\"td_module_8 td_module_wrap\">\r\n\r\n            <div class=\"item-details\">\r\n                <h3 class=\"entry-title td-module-title\"><a href=\"https:\/\/www.africa-press.net\/benin\/toutes-les-actualites\/wikipedia-a-25-ans-lavenir-face-a-lia\" rel=\"bookmark\" title=\"Wikipe\u0301dia A\u0300 25 Ans: L&rsquo;Avenir Face A\u0300 L&rsquo;IA\">Wikipe\u0301dia A\u0300 25 Ans: L&rsquo;Avenir Face A\u0300 L&rsquo;IA<\/a><\/h3>\r\n                <div class=\"td-module-meta-info\">\r\n                                                            <span class=\"td-post-date\"><time class=\"entry-date updated td-module-date\" datetime=\"2026-03-29T00:13:21+00:00\" >2026-03-29<\/time><\/span>                                    <\/div>\r\n            <\/div>\r\n\r\n            \r\n        <\/div>\r\n\r\n        \n\t<\/div> <!-- .\/td-block-span12 -->\n\n\t<div class=\"td-block-span12\">\n\r\n        <div class=\"td_module_8 td_module_wrap\">\r\n\r\n            <div class=\"item-details\">\r\n                <h3 class=\"entry-title td-module-title\"><a href=\"https:\/\/www.africa-press.net\/benin\/toutes-les-actualites\/le-fardier-precurseur-de-lautomobile\" rel=\"bookmark\" title=\"Le Fardier, pr\u00e9curseur de l&rsquo;automobile\">Le Fardier, pr\u00e9curseur de l&rsquo;automobile<\/a><\/h3>\r\n                <div class=\"td-module-meta-info\">\r\n                                                            <span class=\"td-post-date\"><time class=\"entry-date updated td-module-date\" datetime=\"2026-03-29T00:13:20+00:00\" >2026-03-29<\/time><\/span>                                    <\/div>\r\n            <\/div>\r\n\r\n            \r\n        <\/div>\r\n\r\n        \n\t<\/div> <!-- .\/td-block-span12 -->\n\n\t<div class=\"td-block-span12\">\n\r\n        <div class=\"td_module_8 td_module_wrap\">\r\n\r\n            <div class=\"item-details\">\r\n                <h3 class=\"entry-title td-module-title\"><a href=\"https:\/\/www.africa-press.net\/benin\/toutes-les-actualites\/voici-le-robot-autonome-le-plus-petit-du-monde\" rel=\"bookmark\" title=\"Voici le robot autonome le plus petit du monde\">Voici le robot autonome le plus petit du monde<\/a><\/h3>\r\n                <div class=\"td-module-meta-info\">\r\n                                                            <span class=\"td-post-date\"><time class=\"entry-date updated td-module-date\" datetime=\"2026-03-29T00:13:19+00:00\" >2026-03-29<\/time><\/span>                                    <\/div>\r\n            <\/div>\r\n\r\n            \r\n        <\/div>\r\n\r\n        \n\t<\/div> <!-- .\/td-block-span12 -->\n\n\t<div class=\"td-block-span12\">\n\r\n        <div class=\"td_module_8 td_module_wrap\">\r\n\r\n            <div class=\"item-details\">\r\n                <h3 class=\"entry-title td-module-title\"><a href=\"https:\/\/www.africa-press.net\/benin\/toutes-les-actualites\/chatgpt-et-sante-mentale-un-chatbot-ne-remplace-pas-lhumain\" rel=\"bookmark\" title=\"ChatGPT Et Sante\u0301 Mentale: Un Chatbot Ne Remplace Pas L&rsquo;Humain\">ChatGPT Et Sante\u0301 Mentale: Un Chatbot Ne Remplace Pas L&rsquo;Humain<\/a><\/h3>\r\n                <div class=\"td-module-meta-info\">\r\n                                                            <span class=\"td-post-date\"><time class=\"entry-date updated td-module-date\" datetime=\"2026-03-28T00:13:11+00:00\" >2026-03-28<\/time><\/span>                                    <\/div>\r\n            <\/div>\r\n\r\n            \r\n        <\/div>\r\n\r\n        \n\t<\/div> <!-- .\/td-block-span12 -->\n\n\t<div class=\"td-block-span12\">\n\r\n        <div class=\"td_module_8 td_module_wrap\">\r\n\r\n            <div class=\"item-details\">\r\n                <h3 class=\"entry-title td-module-title\"><a href=\"https:\/\/www.africa-press.net\/benin\/toutes-les-actualites\/du-garage-au-geant-de-la-technologie-apple-fete-ses-50-ans\" rel=\"bookmark\" title=\"Du Garage Au G\u00e9ant De La Technologie Apple F\u00eate Ses 50 Ans\">Du Garage Au G\u00e9ant De La Technologie Apple F\u00eate Ses 50 Ans<\/a><\/h3>\r\n                <div class=\"td-module-meta-info\">\r\n                                                            <span class=\"td-post-date\"><time class=\"entry-date updated td-module-date\" datetime=\"2026-03-28T00:13:10+00:00\" >2026-03-28<\/time><\/span>                                    <\/div>\r\n            <\/div>\r\n\r\n            \r\n        <\/div>\r\n\r\n        \n\t<\/div> <!-- .\/td-block-span12 -->\n\n\t<div class=\"td-block-span12\">\n\r\n        <div class=\"td_module_8 td_module_wrap\">\r\n\r\n            <div class=\"item-details\">\r\n                <h3 class=\"entry-title td-module-title\"><a href=\"https:\/\/www.africa-press.net\/benin\/toutes-les-actualites\/australie-menace-les-geants-numeriques-pour-enfants\" rel=\"bookmark\" title=\"Australie Menace Les G\u00e9ants Num\u00e9riques Pour Enfants\">Australie Menace Les G\u00e9ants Num\u00e9riques Pour Enfants<\/a><\/h3>\r\n                <div class=\"td-module-meta-info\">\r\n                                                            <span class=\"td-post-date\"><time class=\"entry-date updated td-module-date\" datetime=\"2026-03-28T00:13:09+00:00\" >2026-03-28<\/time><\/span>                                    <\/div>\r\n            <\/div>\r\n\r\n            \r\n        <\/div>\r\n\r\n        \n\t<\/div> <!-- .\/td-block-span12 -->\n\n\t<div class=\"td-block-span12\">\n\r\n        <div class=\"td_module_8 td_module_wrap\">\r\n\r\n            <div class=\"item-details\">\r\n                <h3 class=\"entry-title td-module-title\"><a href=\"https:\/\/www.africa-press.net\/benin\/toutes-les-actualites\/drones-lintelligence-artificielle-a-loffensive\" rel=\"bookmark\" title=\"Drones: L&rsquo;Intelligence Artificielle A\u0300 L&rsquo;Offensive\">Drones: L&rsquo;Intelligence Artificielle A\u0300 L&rsquo;Offensive<\/a><\/h3>\r\n                <div class=\"td-module-meta-info\">\r\n                                                            <span class=\"td-post-date\"><time class=\"entry-date updated td-module-date\" datetime=\"2026-03-28T00:13:08+00:00\" >2026-03-28<\/time><\/span>                                    <\/div>\r\n            <\/div>\r\n\r\n            \r\n        <\/div>\r\n\r\n        \n\t<\/div> <!-- .\/td-block-span12 -->\n\n\t<div class=\"td-block-span12\">\n\r\n        <div class=\"td_module_8 td_module_wrap\">\r\n\r\n            <div class=\"item-details\">\r\n                <h3 class=\"entry-title td-module-title\"><a href=\"https:\/\/www.africa-press.net\/benin\/toutes-les-actualites\/guide-pour-choisir-son-equipement-pc-gaming\" rel=\"bookmark\" title=\"Guide Pour Choisir Son \u00c9quipement PC Gaming\">Guide Pour Choisir Son \u00c9quipement PC Gaming<\/a><\/h3>\r\n                <div class=\"td-module-meta-info\">\r\n                                                            <span class=\"td-post-date\"><time class=\"entry-date updated td-module-date\" datetime=\"2026-03-28T00:13:08+00:00\" >2026-03-28<\/time><\/span>                                    <\/div>\r\n            <\/div>\r\n\r\n            \r\n        <\/div>\r\n\r\n        \n\t<\/div> <!-- .\/td-block-span12 -->\n\n\t<div class=\"td-block-span12\">\n\r\n        <div class=\"td_module_8 td_module_wrap\">\r\n\r\n            <div class=\"item-details\">\r\n                <h3 class=\"entry-title td-module-title\"><a href=\"https:\/\/www.africa-press.net\/benin\/toutes-les-actualites\/municipales-2026-desinformation-limitee-malgre-ia\" rel=\"bookmark\" title=\"Municipales 2026: De\u0301sinformation Limite\u0301e Malgre\u0301 IA\">Municipales 2026: De\u0301sinformation Limite\u0301e Malgre\u0301 IA<\/a><\/h3>\r\n                <div class=\"td-module-meta-info\">\r\n                                                            <span class=\"td-post-date\"><time class=\"entry-date updated td-module-date\" datetime=\"2026-03-28T00:13:07+00:00\" >2026-03-28<\/time><\/span>                                    <\/div>\r\n            <\/div>\r\n\r\n            \r\n        <\/div>\r\n\r\n        \n\t<\/div> <!-- .\/td-block-span12 -->\n\n\t<div class=\"td-block-span12\">\n\r\n        <div class=\"td_module_8 td_module_wrap\">\r\n\r\n            <div class=\"item-details\">\r\n                <h3 class=\"entry-title td-module-title\"><a href=\"https:\/\/www.africa-press.net\/benin\/toutes-les-actualites\/cachalots-utilisent-des-coups-de-tete-selon-drone\" rel=\"bookmark\" title=\"Cachalots Utilisent des Coups de T\u00eate Selon Drone\">Cachalots Utilisent des Coups de T\u00eate Selon Drone<\/a><\/h3>\r\n                <div class=\"td-module-meta-info\">\r\n                                                            <span class=\"td-post-date\"><time class=\"entry-date updated td-module-date\" datetime=\"2026-03-27T00:13:01+00:00\" >2026-03-27<\/time><\/span>                                    <\/div>\r\n            <\/div>\r\n\r\n            \r\n        <\/div>\r\n\r\n        \n\t<\/div> <!-- .\/td-block-span12 -->\n\n\t<div class=\"td-block-span12\">\n\r\n        <div class=\"td_module_8 td_module_wrap\">\r\n\r\n            <div class=\"item-details\">\r\n                <h3 class=\"entry-title td-module-title\"><a href=\"https:\/\/www.africa-press.net\/benin\/toutes-les-actualites\/chronique-lethique-de-lia-selon-saint-musk\" rel=\"bookmark\" title=\"CHRONIQUE. L&rsquo;\u00e9thique de l&rsquo;IA selon Saint Musk\">CHRONIQUE. L&rsquo;\u00e9thique de l&rsquo;IA selon Saint Musk<\/a><\/h3>\r\n                <div class=\"td-module-meta-info\">\r\n                                                            <span class=\"td-post-date\"><time class=\"entry-date updated td-module-date\" datetime=\"2026-03-27T00:13:00+00:00\" >2026-03-27<\/time><\/span>                                    <\/div>\r\n            <\/div>\r\n\r\n            \r\n        <\/div>\r\n\r\n        \n\t<\/div> <!-- .\/td-block-span12 -->\n\n\t<div class=\"td-block-span12\">\n\r\n        <div class=\"td_module_8 td_module_wrap\">\r\n\r\n            <div class=\"item-details\">\r\n                <h3 class=\"entry-title td-module-title\"><a href=\"https:\/\/www.africa-press.net\/benin\/toutes-les-actualites\/nvidia-lance-des-puces-pour-centres-de-donnees-spatiaux\" rel=\"bookmark\" title=\"Nvidia Lance Des Puces Pour Centres De Donn\u00e9es Spatiaux\">Nvidia Lance Des Puces Pour Centres De Donn\u00e9es Spatiaux<\/a><\/h3>\r\n                <div class=\"td-module-meta-info\">\r\n                                                            <span class=\"td-post-date\"><time class=\"entry-date updated td-module-date\" datetime=\"2026-03-27T00:13:00+00:00\" >2026-03-27<\/time><\/span>                                    <\/div>\r\n            <\/div>\r\n\r\n            \r\n        <\/div>\r\n\r\n        \n\t<\/div> <!-- .\/td-block-span12 -->\n\n\t<div class=\"td-block-span12\">\n\r\n        <div class=\"td_module_8 td_module_wrap\">\r\n\r\n            <div class=\"item-details\">\r\n                <h3 class=\"entry-title td-module-title\"><a href=\"https:\/\/www.africa-press.net\/benin\/toutes-les-actualites\/lia-en-proie-a-un-abrutissement\" rel=\"bookmark\" title=\"L&rsquo;IA en proie \u00e0 un \u00ab\u00a0abrutissement\u00a0\u00bb\">L&rsquo;IA en proie \u00e0 un \u00ab\u00a0abrutissement\u00a0\u00bb<\/a><\/h3>\r\n                <div class=\"td-module-meta-info\">\r\n                                                            <span class=\"td-post-date\"><time class=\"entry-date updated td-module-date\" datetime=\"2026-03-27T00:12:59+00:00\" >2026-03-27<\/time><\/span>                                    <\/div>\r\n            <\/div>\r\n\r\n            \r\n        <\/div>\r\n\r\n        \n\t<\/div> <!-- .\/td-block-span12 -->\n\n\t<div class=\"td-block-span12\">\n\r\n        <div class=\"td_module_8 td_module_wrap\">\r\n\r\n            <div class=\"item-details\">\r\n                <h3 class=\"entry-title td-module-title\"><a href=\"https:\/\/www.africa-press.net\/benin\/toutes-les-actualites\/architectes-de-lia-elus-personnalites-de-lannee-2025\" rel=\"bookmark\" title=\"Architectes De L&rsquo;IA \u00c9lus Personnalit\u00e9s De L&rsquo;Ann\u00e9e 2025\">Architectes De L&rsquo;IA \u00c9lus Personnalit\u00e9s De L&rsquo;Ann\u00e9e 2025<\/a><\/h3>\r\n                <div class=\"td-module-meta-info\">\r\n                                                            <span class=\"td-post-date\"><time class=\"entry-date updated td-module-date\" datetime=\"2026-03-27T00:12:58+00:00\" >2026-03-27<\/time><\/span>                                    <\/div>\r\n            <\/div>\r\n\r\n            \r\n        <\/div>\r\n\r\n        \n\t<\/div> <!-- .\/td-block-span12 -->\n\n\t<div class=\"td-block-span12\">\n\r\n        <div class=\"td_module_8 td_module_wrap\">\r\n\r\n            <div class=\"item-details\">\r\n                <h3 class=\"entry-title td-module-title\"><a href=\"https:\/\/www.africa-press.net\/benin\/toutes-les-actualites\/mercedes-bmw-stellantis-abandonnent-aides-autonomes\" rel=\"bookmark\" title=\"Mercedes BMW Stellantis Abandonnent Aides Autonomes\">Mercedes BMW Stellantis Abandonnent Aides Autonomes<\/a><\/h3>\r\n                <div class=\"td-module-meta-info\">\r\n                                                            <span class=\"td-post-date\"><time class=\"entry-date updated td-module-date\" datetime=\"2026-03-27T00:12:57+00:00\" >2026-03-27<\/time><\/span>                                    <\/div>\r\n            <\/div>\r\n\r\n            \r\n        <\/div>\r\n\r\n        \n\t<\/div> <!-- .\/td-block-span12 -->\n\n\t<div class=\"td-block-span12\">\n\r\n        <div class=\"td_module_8 td_module_wrap\">\r\n\r\n            <div class=\"item-details\">\r\n                <h3 class=\"entry-title td-module-title\"><a href=\"https:\/\/www.africa-press.net\/benin\/politique\/onu-declare-la-traite-des-esclaves-crime-contre-lhumanite\" rel=\"bookmark\" title=\"ONU D\u00e9clare La Traite Des Esclaves Crime Contre L&rsquo;Humanit\u00e9\">ONU D\u00e9clare La Traite Des Esclaves Crime Contre L&rsquo;Humanit\u00e9<\/a><\/h3>\r\n                <div class=\"td-module-meta-info\">\r\n                                                            <span class=\"td-post-date\"><time class=\"entry-date updated td-module-date\" datetime=\"2026-03-26T17:50:00+00:00\" >2026-03-26<\/time><\/span>                                    <\/div>\r\n            <\/div>\r\n\r\n            \r\n        <\/div>\r\n\r\n        \n\t<\/div> <!-- .\/td-block-span12 -->\n\n\t<div class=\"td-block-span12\">\n\r\n        <div class=\"td_module_8 td_module_wrap\">\r\n\r\n            <div class=\"item-details\">\r\n                <h3 class=\"entry-title td-module-title\"><a href=\"https:\/\/www.africa-press.net\/benin\/toutes-les-actualites\/ia-comme-monstre-de-frankenstein-rapport-viral\" rel=\"bookmark\" title=\"IA Comme Monstre de Frankenstein: Rapport Viral\">IA Comme Monstre de Frankenstein: Rapport Viral<\/a><\/h3>\r\n                <div class=\"td-module-meta-info\">\r\n                                                            <span class=\"td-post-date\"><time class=\"entry-date updated td-module-date\" datetime=\"2026-03-26T00:12:52+00:00\" >2026-03-26<\/time><\/span>                                    <\/div>\r\n            <\/div>\r\n\r\n            \r\n        <\/div>\r\n\r\n        \n\t<\/div> <!-- .\/td-block-span12 -->\n\n\t<div class=\"td-block-span12\">\n\r\n        <div class=\"td_module_8 td_module_wrap\">\r\n\r\n            <div class=\"item-details\">\r\n                <h3 class=\"entry-title td-module-title\"><a href=\"https:\/\/www.africa-press.net\/benin\/toutes-les-actualites\/enfants-finlandais-traversent-la-baltique-en-aeroglisseur\" rel=\"bookmark\" title=\"Enfants Finlandais Traversent la Baltique en A\u00e9roglisseur\">Enfants Finlandais Traversent la Baltique en A\u00e9roglisseur<\/a><\/h3>\r\n                <div class=\"td-module-meta-info\">\r\n                                                            <span class=\"td-post-date\"><time class=\"entry-date updated td-module-date\" datetime=\"2026-03-26T00:12:52+00:00\" >2026-03-26<\/time><\/span>                                    <\/div>\r\n            <\/div>\r\n\r\n            \r\n        <\/div>\r\n\r\n        \n\t<\/div> <!-- .\/td-block-span12 -->\n\n\t<div class=\"td-block-span12\">\n\r\n        <div class=\"td_module_8 td_module_wrap\">\r\n\r\n            <div class=\"item-details\">\r\n                <h3 class=\"entry-title td-module-title\"><a href=\"https:\/\/www.africa-press.net\/benin\/toutes-les-actualites\/explosion-des-smartphones-doccasion-et-ecologie\" rel=\"bookmark\" title=\"Explosion Des Smartphones D&rsquo;Occasion Et \u00c9cologie\">Explosion Des Smartphones D&rsquo;Occasion Et \u00c9cologie<\/a><\/h3>\r\n                <div class=\"td-module-meta-info\">\r\n                                                            <span class=\"td-post-date\"><time class=\"entry-date updated td-module-date\" datetime=\"2026-03-26T00:12:51+00:00\" >2026-03-26<\/time><\/span>                                    <\/div>\r\n            <\/div>\r\n\r\n            \r\n        <\/div>\r\n\r\n        \n\t<\/div> <!-- .\/td-block-span12 -->\n\n\t<div class=\"td-block-span12\">\n\r\n        <div class=\"td_module_8 td_module_wrap\">\r\n\r\n            <div class=\"item-details\">\r\n                <h3 class=\"entry-title td-module-title\"><a href=\"https:\/\/www.africa-press.net\/benin\/toutes-les-actualites\/mentez-sur-internet-dejouer-la-manipulation-numerique\" rel=\"bookmark\" title=\"Mentez Sur Internet D\u00e9jouer La Manipulation Num\u00e9rique\">Mentez Sur Internet D\u00e9jouer La Manipulation Num\u00e9rique<\/a><\/h3>\r\n                <div class=\"td-module-meta-info\">\r\n                                                            <span class=\"td-post-date\"><time class=\"entry-date updated td-module-date\" datetime=\"2026-03-26T00:12:50+00:00\" >2026-03-26<\/time><\/span>                                    <\/div>\r\n            <\/div>\r\n\r\n            \r\n        <\/div>\r\n\r\n        \n\t<\/div> <!-- .\/td-block-span12 -->\n\n\t<div class=\"td-block-span12\">\n\r\n        <div class=\"td_module_8 td_module_wrap\">\r\n\r\n            <div class=\"item-details\">\r\n                <h3 class=\"entry-title td-module-title\"><a href=\"https:\/\/www.africa-press.net\/benin\/toutes-les-actualites\/pentagone-choisit-openai-apres-avoir-ecarte-anthropic\" rel=\"bookmark\" title=\"Pentagone Choisit OpenAI Apr\u00e8s Avoir \u00c9cart\u00e9 Anthropic\">Pentagone Choisit OpenAI Apr\u00e8s Avoir \u00c9cart\u00e9 Anthropic<\/a><\/h3>\r\n                <div class=\"td-module-meta-info\">\r\n                                                            <span class=\"td-post-date\"><time class=\"entry-date updated td-module-date\" datetime=\"2026-03-26T00:12:50+00:00\" >2026-03-26<\/time><\/span>                                    <\/div>\r\n            <\/div>\r\n\r\n            \r\n        <\/div>\r\n\r\n        \n\t<\/div> <!-- .\/td-block-span12 -->\n\n\t<div class=\"td-block-span12\">\n\r\n        <div class=\"td_module_8 td_module_wrap\">\r\n\r\n            <div class=\"item-details\">\r\n                <h3 class=\"entry-title td-module-title\"><a href=\"https:\/\/www.africa-press.net\/benin\/toutes-les-actualites\/les-ours-bruns-dalaska-reconnus-un-par-un-par-ia\" rel=\"bookmark\" title=\"Les ours bruns d\u2019Alaska reconnus un par un par IA\">Les ours bruns d\u2019Alaska reconnus un par un par IA<\/a><\/h3>\r\n                <div class=\"td-module-meta-info\">\r\n                                                            <span class=\"td-post-date\"><time class=\"entry-date updated td-module-date\" datetime=\"2026-03-25T00:12:45+00:00\" >2026-03-25<\/time><\/span>                                    <\/div>\r\n            <\/div>\r\n\r\n            \r\n        <\/div>\r\n\r\n        \n\t<\/div> <!-- .\/td-block-span12 -->\n\n\t<div class=\"td-block-span12\">\n\r\n        <div class=\"td_module_8 td_module_wrap\">\r\n\r\n            <div class=\"item-details\">\r\n                <h3 class=\"entry-title td-module-title\"><a href=\"https:\/\/www.africa-press.net\/benin\/toutes-les-actualites\/touche-pas-a-ma-vf-comediens-de-doublage-et-ia\" rel=\"bookmark\" title=\"Touche Pas A\u0300 Ma VF: Come\u0301diens de Doublage et IA\">Touche Pas A\u0300 Ma VF: Come\u0301diens de Doublage et IA<\/a><\/h3>\r\n                <div class=\"td-module-meta-info\">\r\n                                                            <span class=\"td-post-date\"><time class=\"entry-date updated td-module-date\" datetime=\"2026-03-25T00:12:44+00:00\" >2026-03-25<\/time><\/span>                                    <\/div>\r\n            <\/div>\r\n\r\n            \r\n        <\/div>\r\n\r\n        \n\t<\/div> <!-- .\/td-block-span12 -->\n\n\t<div class=\"td-block-span12\">\n\r\n        <div class=\"td_module_8 td_module_wrap\">\r\n\r\n            <div class=\"item-details\">\r\n                <h3 class=\"entry-title td-module-title\"><a href=\"https:\/\/www.africa-press.net\/benin\/toutes-les-actualites\/amazon-utilise-lia-pour-la-production-televisuelle\" rel=\"bookmark\" title=\"Amazon Utilise l&rsquo;IA Pour La Production T\u00e9l\u00e9visuelle\">Amazon Utilise l&rsquo;IA Pour La Production T\u00e9l\u00e9visuelle<\/a><\/h3>\r\n                <div class=\"td-module-meta-info\">\r\n                                                            <span class=\"td-post-date\"><time class=\"entry-date updated td-module-date\" datetime=\"2026-03-25T00:12:44+00:00\" >2026-03-25<\/time><\/span>                                    <\/div>\r\n            <\/div>\r\n\r\n            \r\n        <\/div>\r\n\r\n        \n\t<\/div> <!-- .\/td-block-span12 -->\n\n\t<div class=\"td-block-span12\">\n\r\n        <div class=\"td_module_8 td_module_wrap\">\r\n\r\n            <div class=\"item-details\">\r\n                <h3 class=\"entry-title td-module-title\"><a href=\"https:\/\/www.africa-press.net\/benin\/toutes-les-actualites\/la-fin-du-web-quand-lia-remodele-internet\" rel=\"bookmark\" title=\"La Fin Du Web Quand L&rsquo;IA Remod\u00e8le Internet\">La Fin Du Web Quand L&rsquo;IA Remod\u00e8le Internet<\/a><\/h3>\r\n                <div class=\"td-module-meta-info\">\r\n                                                            <span class=\"td-post-date\"><time class=\"entry-date updated td-module-date\" datetime=\"2026-03-25T00:12:43+00:00\" >2026-03-25<\/time><\/span>                                    <\/div>\r\n            <\/div>\r\n\r\n            \r\n        <\/div>\r\n\r\n        \n\t<\/div> <!-- .\/td-block-span12 -->\n\n\t<div class=\"td-block-span12\">\n\r\n        <div class=\"td_module_8 td_module_wrap\">\r\n\r\n            <div class=\"item-details\">\r\n                <h3 class=\"entry-title td-module-title\"><a href=\"https:\/\/www.africa-press.net\/benin\/toutes-les-actualites\/cybermenace-2025-annee-des-premieres-attaques-par-lia\" rel=\"bookmark\" title=\"Cybermenace: 2025, Anne\u0301e des Premie\u0300res Attaques par l&rsquo;IA\">Cybermenace: 2025, Anne\u0301e des Premie\u0300res Attaques par l&rsquo;IA<\/a><\/h3>\r\n                <div class=\"td-module-meta-info\">\r\n                                                            <span class=\"td-post-date\"><time class=\"entry-date updated td-module-date\" datetime=\"2026-03-25T00:12:42+00:00\" >2026-03-25<\/time><\/span>                                    <\/div>\r\n            <\/div>\r\n\r\n            \r\n        <\/div>\r\n\r\n        \n\t<\/div> <!-- .\/td-block-span12 -->\n\n\t<div class=\"td-block-span12\">\n\r\n        <div class=\"td_module_8 td_module_wrap\">\r\n\r\n            <div class=\"item-details\">\r\n                <h3 class=\"entry-title td-module-title\"><a href=\"https:\/\/www.africa-press.net\/benin\/sports\/rassemblement-des-leopards-pour-barrages-mondial-2026\" rel=\"bookmark\" title=\"Rassemblement des L\u00e9opards pour Barrages Mondial 2026\">Rassemblement des L\u00e9opards pour Barrages Mondial 2026<\/a><\/h3>\r\n                <div class=\"td-module-meta-info\">\r\n                                                            <span class=\"td-post-date\"><time class=\"entry-date updated td-module-date\" datetime=\"2026-03-24T21:28:00+00:00\" >2026-03-24<\/time><\/span>                                    <\/div>\r\n            <\/div>\r\n\r\n            \r\n        <\/div>\r\n\r\n        \n\t<\/div> <!-- .\/td-block-span12 -->\n\n\t<div class=\"td-block-span12\">\n\r\n        <div class=\"td_module_8 td_module_wrap\">\r\n\r\n            <div class=\"item-details\">\r\n                <h3 class=\"entry-title td-module-title\"><a href=\"https:\/\/www.africa-press.net\/benin\/sports\/maniema-union-eliminee-en-quart-de-finale-de-la-caf\" rel=\"bookmark\" title=\"Maniema Union \u00c9limin\u00e9e En Quart De Finale De La CAF\">Maniema Union \u00c9limin\u00e9e En Quart De Finale De La CAF<\/a><\/h3>\r\n                <div class=\"td-module-meta-info\">\r\n                                                            <span class=\"td-post-date\"><time class=\"entry-date updated td-module-date\" datetime=\"2026-03-24T21:26:00+00:00\" >2026-03-24<\/time><\/span>                                    <\/div>\r\n            <\/div>\r\n\r\n            \r\n        <\/div>\r\n\r\n        \n\t<\/div> <!-- .\/td-block-span12 -->\n\n\t<div class=\"td-block-span12\">\n\r\n        <div class=\"td_module_8 td_module_wrap\">\r\n\r\n            <div class=\"item-details\">\r\n                <h3 class=\"entry-title td-module-title\"><a href=\"https:\/\/www.africa-press.net\/benin\/sports\/cedric-bakambu-vers-un-jackpot-au-qatar-apres-la-coupe\" rel=\"bookmark\" title=\"C\u00e9dric Bakambu Vers Un Jackpot Au Qatar Apr\u00e8s La Coupe\">C\u00e9dric Bakambu Vers Un Jackpot Au Qatar Apr\u00e8s La Coupe<\/a><\/h3>\r\n                <div class=\"td-module-meta-info\">\r\n                                                            <span class=\"td-post-date\"><time class=\"entry-date updated td-module-date\" datetime=\"2026-03-24T21:20:00+00:00\" >2026-03-24<\/time><\/span>                                    <\/div>\r\n            <\/div>\r\n\r\n            \r\n        <\/div>\r\n\r\n        \n\t<\/div> <!-- .\/td-block-span12 -->\n\n\t<div class=\"td-block-span12\">\n\r\n        <div class=\"td_module_8 td_module_wrap\">\r\n\r\n            <div class=\"item-details\">\r\n                <h3 class=\"entry-title td-module-title\"><a href=\"https:\/\/www.africa-press.net\/benin\/toutes-les-actualites\/interdiction-des-reseaux-sociaux-pour-moins-de-15-ans\" rel=\"bookmark\" title=\"Interdiction des R\u00e9seaux Sociaux Pour Moins de 15 Ans\">Interdiction des R\u00e9seaux Sociaux Pour Moins de 15 Ans<\/a><\/h3>\r\n                <div class=\"td-module-meta-info\">\r\n                                                            <span class=\"td-post-date\"><time class=\"entry-date updated td-module-date\" datetime=\"2026-03-24T00:12:37+00:00\" >2026-03-24<\/time><\/span>                                    <\/div>\r\n            <\/div>\r\n\r\n            \r\n        <\/div>\r\n\r\n        \n\t<\/div> <!-- .\/td-block-span12 -->\n\n\t<div class=\"td-block-span12\">\n\r\n        <div class=\"td_module_8 td_module_wrap\">\r\n\r\n            <div class=\"item-details\">\r\n                <h3 class=\"entry-title td-module-title\"><a href=\"https:\/\/www.africa-press.net\/benin\/toutes-les-actualites\/municipales-le-velo-a-trouve-des-ailes-en-six-ans\" rel=\"bookmark\" title=\"Municipales: Le Ve\u0301lo A Trouve\u0301 Des Ailes En Six Ans\">Municipales: Le Ve\u0301lo A Trouve\u0301 Des Ailes En Six Ans<\/a><\/h3>\r\n                <div class=\"td-module-meta-info\">\r\n                                                            <span class=\"td-post-date\"><time class=\"entry-date updated td-module-date\" datetime=\"2026-03-24T00:12:37+00:00\" >2026-03-24<\/time><\/span>                                    <\/div>\r\n            <\/div>\r\n\r\n            \r\n        <\/div>\r\n\r\n        \n\t<\/div> <!-- .\/td-block-span12 -->\n\n\t<div class=\"td-block-span12\">\n\r\n        <div class=\"td_module_8 td_module_wrap\">\r\n\r\n            <div class=\"item-details\">\r\n                <h3 class=\"entry-title td-module-title\"><a href=\"https:\/\/www.africa-press.net\/benin\/toutes-les-actualites\/de-fille-dagriculteurs-a-pionniere-du-gps\" rel=\"bookmark\" title=\"De Fille D&rsquo;Agriculteurs \u00c0 Pionni\u00e8re Du GPS\">De Fille D&rsquo;Agriculteurs \u00c0 Pionni\u00e8re Du GPS<\/a><\/h3>\r\n                <div class=\"td-module-meta-info\">\r\n                                                            <span class=\"td-post-date\"><time class=\"entry-date updated td-module-date\" datetime=\"2026-03-24T00:12:36+00:00\" >2026-03-24<\/time><\/span>                                    <\/div>\r\n            <\/div>\r\n\r\n            \r\n        <\/div>\r\n\r\n        \n\t<\/div> <!-- .\/td-block-span12 -->\n\n\t<div class=\"td-block-span12\">\n\r\n        <div class=\"td_module_8 td_module_wrap\">\r\n\r\n            <div class=\"item-details\">\r\n                <h3 class=\"entry-title td-module-title\"><a href=\"https:\/\/www.africa-press.net\/benin\/toutes-les-actualites\/robot-humanoide-gonflable-changeant-de-taille-2\" rel=\"bookmark\" title=\"Robot Humano\u00efde Gonflable Changeant de Taille\">Robot Humano\u00efde Gonflable Changeant de Taille<\/a><\/h3>\r\n                <div class=\"td-module-meta-info\">\r\n                                                            <span class=\"td-post-date\"><time class=\"entry-date updated td-module-date\" datetime=\"2026-03-24T00:12:35+00:00\" >2026-03-24<\/time><\/span>                                    <\/div>\r\n            <\/div>\r\n\r\n            \r\n        <\/div>\r\n\r\n        \n\t<\/div> <!-- .\/td-block-span12 -->\n\n\t<div class=\"td-block-span12\">\n\r\n        <div class=\"td_module_8 td_module_wrap\">\r\n\r\n            <div class=\"item-details\">\r\n                <h3 class=\"entry-title td-module-title\"><a href=\"https:\/\/www.africa-press.net\/benin\/toutes-les-actualites\/ia-evalue-votre-risque-de-maladies-pendant-votre-sommeil-2\" rel=\"bookmark\" title=\"IA \u00c9value Votre Risque De Maladies Pendant Votre Sommeil\">IA \u00c9value Votre Risque De Maladies Pendant Votre Sommeil<\/a><\/h3>\r\n                <div class=\"td-module-meta-info\">\r\n                                                            <span class=\"td-post-date\"><time class=\"entry-date updated td-module-date\" datetime=\"2026-03-24T00:12:35+00:00\" >2026-03-24<\/time><\/span>                                    <\/div>\r\n            <\/div>\r\n\r\n            \r\n        <\/div>\r\n\r\n        \n\t<\/div> <!-- .\/td-block-span12 -->\n\n\t<div class=\"td-block-span12\">\n\r\n        <div class=\"td_module_8 td_module_wrap\">\r\n\r\n            <div class=\"item-details\">\r\n                <h3 class=\"entry-title td-module-title\"><a href=\"https:\/\/www.africa-press.net\/benin\/toutes-les-actualites\/tempete-solaire-et-risques-pour-artemis-ii\" rel=\"bookmark\" title=\"Temp\u00eate Solaire et Risques pour Artemis II\">Temp\u00eate Solaire et Risques pour Artemis II<\/a><\/h3>\r\n                <div class=\"td-module-meta-info\">\r\n                                                            <span class=\"td-post-date\"><time class=\"entry-date updated td-module-date\" datetime=\"2026-03-23T00:12:29+00:00\" >2026-03-23<\/time><\/span>                                    <\/div>\r\n            <\/div>\r\n\r\n            \r\n        <\/div>\r\n\r\n        \n\t<\/div> <!-- .\/td-block-span12 -->\n\n\t<div class=\"td-block-span12\">\n\r\n        <div class=\"td_module_8 td_module_wrap\">\r\n\r\n            <div class=\"item-details\">\r\n                <h3 class=\"entry-title td-module-title\"><a href=\"https:\/\/www.africa-press.net\/benin\/toutes-les-actualites\/la-longue-histoire-dune-galaxie-reconstituee\" rel=\"bookmark\" title=\"La Longue Histoire D&rsquo;une Galaxie Reconstitu\u00e9e\">La Longue Histoire D&rsquo;une Galaxie Reconstitu\u00e9e<\/a><\/h3>\r\n                <div class=\"td-module-meta-info\">\r\n                                                            <span class=\"td-post-date\"><time class=\"entry-date updated td-module-date\" datetime=\"2026-03-23T00:12:28+00:00\" >2026-03-23<\/time><\/span>                                    <\/div>\r\n            <\/div>\r\n\r\n            \r\n        <\/div>\r\n\r\n        \n\t<\/div> <!-- .\/td-block-span12 -->\n\n\t<div class=\"td-block-span12\">\n\r\n        <div class=\"td_module_8 td_module_wrap\">\r\n\r\n            <div class=\"item-details\">\r\n                <h3 class=\"entry-title td-module-title\"><a href=\"https:\/\/www.africa-press.net\/benin\/toutes-les-actualites\/reprise-en-main-politique-et-industrielle-americaine\" rel=\"bookmark\" title=\"Reprise en Main Politique et Industrielle Am\u00e9ricaine\">Reprise en Main Politique et Industrielle Am\u00e9ricaine<\/a><\/h3>\r\n                <div class=\"td-module-meta-info\">\r\n                                                            <span class=\"td-post-date\"><time class=\"entry-date updated td-module-date\" datetime=\"2026-03-23T00:12:27+00:00\" >2026-03-23<\/time><\/span>                                    <\/div>\r\n            <\/div>\r\n\r\n            \r\n        <\/div>\r\n\r\n        \n\t<\/div> <!-- .\/td-block-span12 -->\n\n\t<div class=\"td-block-span12\">\n\r\n        <div class=\"td_module_8 td_module_wrap\">\r\n\r\n            <div class=\"item-details\">\r\n                <h3 class=\"entry-title td-module-title\"><a href=\"https:\/\/www.africa-press.net\/benin\/toutes-les-actualites\/projet-derniere-chance-une-epopee-scientifique\" rel=\"bookmark\" title=\"Projet Derni\u00e8re Chance Une \u00c9pop\u00e9e Scientifique\">Projet Derni\u00e8re Chance Une \u00c9pop\u00e9e Scientifique<\/a><\/h3>\r\n                <div class=\"td-module-meta-info\">\r\n                                                            <span class=\"td-post-date\"><time class=\"entry-date updated td-module-date\" datetime=\"2026-03-23T00:12:26+00:00\" >2026-03-23<\/time><\/span>                                    <\/div>\r\n            <\/div>\r\n\r\n            \r\n        <\/div>\r\n\r\n        \n\t<\/div> <!-- .\/td-block-span12 --><\/div><\/div> <!-- .\/block --><\/div><\/div><\/div><\/div><div id=\"td_uid_25_69f066d25f492\" class=\"tdc-row\"><div class=\"vc_row vc_custom_1506947545730 td_uid_46_69f066d25f499_rand user-select wpb_row td-pb-row\" >\n<style scoped>\n\n\/* tdc_composer_block - inline css att *\/\n.vc_custom_1506947545730{border-top-width: 5px !important;border-right-width: 5px !important;border-bottom-width: 5px !important;border-left-width: 5px !important;border-left-color: #1e612a !important;border-left-style: solid !important;border-right-color: #1e612a !important;border-right-style: solid !important;border-top-color: #1e612a !important;border-top-style: solid !important;border-bottom-color: #1e612a !important;border-bottom-style: solid !important;}\n\/* custom css *\/\n.td_uid_46_69f066d25f499_rand {\r\n                    min-height: 0;\r\n                }\n<\/style><div class=\"vc_column td_uid_47_69f066d25f617_rand  wpb_column vc_column_container tdc-column td-pb-span12\">\n<style scoped>\n\n\/* custom css *\/\n.td_uid_47_69f066d25f617_rand {\r\n                    vertical-align: baseline;\r\n                }\n<\/style><div class=\"wpb_wrapper\"><div class=\"wpb_wrapper wpb_text_column td_block_wrap td_block_wrap vc_column_text td_uid_48_69f066d25f6fd_rand user-select-title td-pb-border-top td_block_template_1\"  data-td-block-uid=\"td_uid_48_69f066d25f6fd\" ><div class=\"td-block-title-wrap\"><\/div><div class=\"td-fix-index\"><p>\u00c9lection des lecteurs<\/p>\n<\/div><\/div><div class=\"vc_row_inner td_uid_49_69f066d25ff83_rand  vc_row vc_inner wpb_row td-pb-row\" >\n<style scoped>\n\n\/* custom css *\/\n.td_uid_49_69f066d25ff83_rand {\r\n                    position: relative !important;\r\n                    top: 0;\r\n                    transform: none;\r\n                    -webkit-transform: none;\r\n                }\n<\/style><div class=\"vc_column_inner td_uid_50_69f066d260082_rand  wpb_column vc_column_container tdc-inner-column td-pb-span6\">\n<style scoped>\n\n\/* custom css *\/\n.td_uid_50_69f066d260082_rand {\r\n                    vertical-align: baseline;\r\n                }\n<\/style><div class=\"vc_column-inner\"><div class=\"wpb_wrapper\"><div class=\"td_block_wrap td_block_19 td_uid_51_69f066d26018f_rand td-pb-border-top td_block_template_1 td-column-1\"  data-td-block-uid=\"td_uid_51_69f066d26018f\" ><script>var block_td_uid_51_69f066d26018f = new tdBlock();\nblock_td_uid_51_69f066d26018f.id = \"td_uid_51_69f066d26018f\";\nblock_td_uid_51_69f066d26018f.atts = '{\"sort\":\"popular7\",\"limit\":\"3\",\"separator\":\"\",\"custom_title\":\"\",\"custom_url\":\"\",\"block_template_id\":\"\",\"mx1_tl\":\"\",\"mx2_tl\":\"\",\"post_ids\":\"\",\"category_id\":\"\",\"category_ids\":\"\",\"tag_slug\":\"\",\"autors_id\":\"\",\"installed_post_types\":\"\",\"offset\":\"\",\"show_modified_date\":\"\",\"el_class\":\"\",\"td_ajax_filter_type\":\"\",\"td_ajax_filter_ids\":\"\",\"td_filter_default_txt\":\"All\",\"td_ajax_preloading\":\"\",\"f_header_font_header\":\"\",\"f_header_font_title\":\"Block header\",\"f_header_font_settings\":\"\",\"f_header_font_family\":\"\",\"f_header_font_size\":\"\",\"f_header_font_line_height\":\"\",\"f_header_font_style\":\"\",\"f_header_font_weight\":\"\",\"f_header_font_transform\":\"\",\"f_header_font_spacing\":\"\",\"f_header_\":\"\",\"f_ajax_font_title\":\"Ajax categories\",\"f_ajax_font_settings\":\"\",\"f_ajax_font_family\":\"\",\"f_ajax_font_size\":\"\",\"f_ajax_font_line_height\":\"\",\"f_ajax_font_style\":\"\",\"f_ajax_font_weight\":\"\",\"f_ajax_font_transform\":\"\",\"f_ajax_font_spacing\":\"\",\"f_ajax_\":\"\",\"f_more_font_title\":\"Load more button\",\"f_more_font_settings\":\"\",\"f_more_font_family\":\"\",\"f_more_font_size\":\"\",\"f_more_font_line_height\":\"\",\"f_more_font_style\":\"\",\"f_more_font_weight\":\"\",\"f_more_font_transform\":\"\",\"f_more_font_spacing\":\"\",\"f_more_\":\"\",\"mx1f_title_font_header\":\"\",\"mx1f_title_font_title\":\"Article title\",\"mx1f_title_font_settings\":\"\",\"mx1f_title_font_family\":\"\",\"mx1f_title_font_size\":\"\",\"mx1f_title_font_line_height\":\"\",\"mx1f_title_font_style\":\"\",\"mx1f_title_font_weight\":\"\",\"mx1f_title_font_transform\":\"\",\"mx1f_title_font_spacing\":\"\",\"mx1f_title_\":\"\",\"mx1f_cat_font_title\":\"Article category tag\",\"mx1f_cat_font_settings\":\"\",\"mx1f_cat_font_family\":\"\",\"mx1f_cat_font_size\":\"\",\"mx1f_cat_font_line_height\":\"\",\"mx1f_cat_font_style\":\"\",\"mx1f_cat_font_weight\":\"\",\"mx1f_cat_font_transform\":\"\",\"mx1f_cat_font_spacing\":\"\",\"mx1f_cat_\":\"\",\"mx1f_meta_font_title\":\"Article meta info\",\"mx1f_meta_font_settings\":\"\",\"mx1f_meta_font_family\":\"\",\"mx1f_meta_font_size\":\"\",\"mx1f_meta_font_line_height\":\"\",\"mx1f_meta_font_style\":\"\",\"mx1f_meta_font_weight\":\"\",\"mx1f_meta_font_transform\":\"\",\"mx1f_meta_font_spacing\":\"\",\"mx1f_meta_\":\"\",\"mx2f_title_font_header\":\"\",\"mx2f_title_font_title\":\"Article title\",\"mx2f_title_font_settings\":\"\",\"mx2f_title_font_family\":\"\",\"mx2f_title_font_size\":\"\",\"mx2f_title_font_line_height\":\"\",\"mx2f_title_font_style\":\"\",\"mx2f_title_font_weight\":\"\",\"mx2f_title_font_transform\":\"\",\"mx2f_title_font_spacing\":\"\",\"mx2f_title_\":\"\",\"mx2f_cat_font_title\":\"Article category tag\",\"mx2f_cat_font_settings\":\"\",\"mx2f_cat_font_family\":\"\",\"mx2f_cat_font_size\":\"\",\"mx2f_cat_font_line_height\":\"\",\"mx2f_cat_font_style\":\"\",\"mx2f_cat_font_weight\":\"\",\"mx2f_cat_font_transform\":\"\",\"mx2f_cat_font_spacing\":\"\",\"mx2f_cat_\":\"\",\"mx2f_meta_font_title\":\"Article meta info\",\"mx2f_meta_font_settings\":\"\",\"mx2f_meta_font_family\":\"\",\"mx2f_meta_font_size\":\"\",\"mx2f_meta_font_line_height\":\"\",\"mx2f_meta_font_style\":\"\",\"mx2f_meta_font_weight\":\"\",\"mx2f_meta_font_transform\":\"\",\"mx2f_meta_font_spacing\":\"\",\"mx2f_meta_\":\"\",\"ajax_pagination\":\"\",\"ajax_pagination_infinite_stop\":\"\",\"css\":\"\",\"tdc_css\":\"\",\"td_column_number\":1,\"header_color\":\"\",\"color_preset\":\"\",\"border_top\":\"\",\"class\":\"td_uid_51_69f066d26018f_rand\",\"tdc_css_class\":\"td_uid_51_69f066d26018f_rand\",\"tdc_css_class_style\":\"td_uid_51_69f066d26018f_rand_style\"}';\nblock_td_uid_51_69f066d26018f.td_column_number = \"1\";\nblock_td_uid_51_69f066d26018f.block_type = \"td_block_19\";\nblock_td_uid_51_69f066d26018f.post_count = \"3\";\nblock_td_uid_51_69f066d26018f.found_posts = \"8260\";\nblock_td_uid_51_69f066d26018f.header_color = \"\";\nblock_td_uid_51_69f066d26018f.ajax_pagination_infinite_stop = \"\";\nblock_td_uid_51_69f066d26018f.max_num_pages = \"2754\";\ntdBlocksArray.push(block_td_uid_51_69f066d26018f);\n<\/script><div class=\"td-block-title-wrap\"><\/div><div id=td_uid_51_69f066d26018f class=\"td_block_inner td-column-1\">\r\n        <div class=\"td_module_mx1 td_module_wrap td-animation-stack\">\r\n            <div class=\"td-module-thumb\"><a href=\"https:\/\/www.africa-press.net\/benin\/toutes-les-actualites\/explosion-des-smartphones-doccasion-et-ecologie\" rel=\"bookmark\" class=\"td-image-wrap\" title=\"Explosion Des Smartphones D&rsquo;Occasion Et \u00c9cologie\"><img loading=\"lazy\" decoding=\"async\" class=\"entry-thumb\" src=\"data:image\/png;base64,iVBORw0KGgoAAAANSUhEUgAAAWQAAADcAQMAAAB9O0nPAAAAA1BMVEWurq51dlI4AAAAAXRSTlMmkutdmwAAACBJREFUaN7twTEBAAAAwiD7p7bDbmAAAAAAAAAAAABAdieIAAGQh2mWAAAAAElFTkSuQmCC\" alt=\"Explosion Des Smartphones D&#039;Occasion Et \u00c9cologie\" title=\"Explosion Des Smartphones D&rsquo;Occasion Et \u00c9cologie\" data-type=\"image_tag\" data-img-url=\"https:\/\/static.africa-press.net\/benin\/sites\/46\/2026\/04\/sm_1776482004.492932-356x220.jpg\"  width=\"356\" height=\"220\" \/><\/a><\/div>\r\n            <div class=\"td-module-meta-info\">\r\n                <h3 class=\"entry-title td-module-title\"><a href=\"https:\/\/www.africa-press.net\/benin\/toutes-les-actualites\/explosion-des-smartphones-doccasion-et-ecologie\" rel=\"bookmark\" title=\"Explosion Des Smartphones D&rsquo;Occasion Et \u00c9cologie\">Explosion Des Smartphones D&rsquo;Occasion Et \u00c9cologie<\/a><\/h3>                <div class=\"td-editor-date\">\r\n                                        <span class=\"td-author-date\">\r\n                                                <span class=\"td-post-date\"><time class=\"entry-date updated td-module-date\" datetime=\"2026-03-26T00:12:51+00:00\" >2026-03-26<\/time><\/span>                    <\/span>\r\n                <\/div>\r\n            <\/div>\r\n\r\n        <\/div>\r\n\r\n        \r\n        <div class=\"td_module_mx2 td_module_wrap td-animation-stack\">\r\n\r\n            <div class=\"td-module-thumb\"><a href=\"https:\/\/www.africa-press.net\/benin\/toutes-les-actualites\/cybermenace-2025-annee-des-premieres-attaques-par-lia\" rel=\"bookmark\" class=\"td-image-wrap\" title=\"Cybermenace: 2025, Anne\u0301e des Premie\u0300res Attaques par l&rsquo;IA\"><img loading=\"lazy\" decoding=\"async\" class=\"entry-thumb\" src=\"data:image\/png;base64,iVBORw0KGgoAAAANSUhEUgAAAFAAAAA8AQMAAADL6a\/PAAAAA1BMVEWurq51dlI4AAAAAXRSTlMmkutdmwAAAA5JREFUKM9jGAWjYJABAAKUAAHoEAeuAAAAAElFTkSuQmCC\" alt=\"Cybermenace: 2025, Anne\u0301e des Premie\u0300res Attaques par l&#039;IA\" title=\"Cybermenace: 2025, Anne\u0301e des Premie\u0300res Attaques par l&rsquo;IA\" data-type=\"image_tag\" data-img-url=\"https:\/\/static.africa-press.net\/benin\/sites\/46\/2026\/04\/sm_1776481280.973731-80x60.jpg\"  width=\"80\" height=\"60\" \/><\/a><\/div>\r\n            <div class=\"item-details\">\r\n                <h3 class=\"entry-title td-module-title\"><a href=\"https:\/\/www.africa-press.net\/benin\/toutes-les-actualites\/cybermenace-2025-annee-des-premieres-attaques-par-lia\" rel=\"bookmark\" title=\"Cybermenace: 2025, Anne\u0301e des Premie\u0300res Attaques par l&rsquo;IA\">Cybermenace: 2025, Anne\u0301e des Premie\u0300res Attaques par l&rsquo;IA<\/a><\/h3>                <div class=\"td-module-meta-info\">\r\n                                                            <span class=\"td-post-date\"><time class=\"entry-date updated td-module-date\" datetime=\"2026-03-25T00:12:42+00:00\" >2026-03-25<\/time><\/span>                                    <\/div>\r\n            <\/div>\r\n\r\n        <\/div>\r\n\r\n        \r\n        <div class=\"td_module_mx2 td_module_wrap td-animation-stack\">\r\n\r\n            <div class=\"td-module-thumb\"><a href=\"https:\/\/www.africa-press.net\/benin\/politique\/rachid-rguibi-loue-la-democratie-beninoise\" rel=\"bookmark\" class=\"td-image-wrap\" title=\"Rachid Rguibi Loue La D\u00e9mocratie B\u00e9ninoise\"><img loading=\"lazy\" decoding=\"async\" class=\"entry-thumb\" src=\"data:image\/png;base64,iVBORw0KGgoAAAANSUhEUgAAAFAAAAA8AQMAAADL6a\/PAAAAA1BMVEWurq51dlI4AAAAAXRSTlMmkutdmwAAAA5JREFUKM9jGAWjYJABAAKUAAHoEAeuAAAAAElFTkSuQmCC\" alt=\"Rachid Rguibi Loue La D\u00e9mocratie B\u00e9ninoise\" title=\"Rachid Rguibi Loue La D\u00e9mocratie B\u00e9ninoise\" data-type=\"image_tag\" data-img-url=\"https:\/\/static.africa-press.net\/benin\/sites\/46\/2026\/04\/sm_1776565253.346214-80x60.jpg\"  width=\"80\" height=\"60\" \/><\/a><\/div>\r\n            <div class=\"item-details\">\r\n                <h3 class=\"entry-title td-module-title\"><a href=\"https:\/\/www.africa-press.net\/benin\/politique\/rachid-rguibi-loue-la-democratie-beninoise\" rel=\"bookmark\" title=\"Rachid Rguibi Loue La D\u00e9mocratie B\u00e9ninoise\">Rachid Rguibi Loue La D\u00e9mocratie B\u00e9ninoise<\/a><\/h3>                <div class=\"td-module-meta-info\">\r\n                                                            <span class=\"td-post-date\"><time class=\"entry-date updated td-module-date\" datetime=\"2026-04-18T22:58:35+00:00\" >2026-04-18<\/time><\/span>                                    <\/div>\r\n            <\/div>\r\n\r\n        <\/div>\r\n\r\n        <\/div><\/div> <!-- .\/block --><\/div><\/div><\/div><div class=\"vc_column_inner td_uid_52_69f066d295706_rand  wpb_column vc_column_container tdc-inner-column td-pb-span6\">\n<style scoped>\n\n\/* custom css *\/\n.td_uid_52_69f066d295706_rand {\r\n                    vertical-align: baseline;\r\n                }\n<\/style><div class=\"vc_column-inner\"><div class=\"wpb_wrapper\"><div class=\"td_block_wrap td_block_7 td_uid_53_69f066d295795_rand td-pb-border-top td_block_template_1 td-column-1 td_block_padding\"  data-td-block-uid=\"td_uid_53_69f066d295795\" >\n<style>\n\n\/* inline tdc_css att *\/\n\n\/* phone *\/\n@media (max-width: 767px)\n{\n.td_uid_53_69f066d295795_rand{\ndisplay:none !important;\n}\n}\n\n<\/style><script>var block_td_uid_53_69f066d295795 = new tdBlock();\nblock_td_uid_53_69f066d295795.id = \"td_uid_53_69f066d295795\";\nblock_td_uid_53_69f066d295795.atts = '{\"sort\":\"popular7\",\"limit\":\"4\",\"offset\":\"3\",\"tdc_css\":\"eyJwaG9uZSI6eyJkaXNwbGF5Ijoibm9uZSJ9LCJwaG9uZV9tYXhfd2lkdGgiOjc2N30=\",\"separator\":\"\",\"custom_title\":\"\",\"custom_url\":\"\",\"block_template_id\":\"\",\"m6_tl\":\"\",\"post_ids\":\"\",\"category_id\":\"\",\"category_ids\":\"\",\"tag_slug\":\"\",\"autors_id\":\"\",\"installed_post_types\":\"\",\"show_modified_date\":\"\",\"el_class\":\"\",\"td_ajax_filter_type\":\"\",\"td_ajax_filter_ids\":\"\",\"td_filter_default_txt\":\"All\",\"td_ajax_preloading\":\"\",\"f_header_font_header\":\"\",\"f_header_font_title\":\"Block header\",\"f_header_font_settings\":\"\",\"f_header_font_family\":\"\",\"f_header_font_size\":\"\",\"f_header_font_line_height\":\"\",\"f_header_font_style\":\"\",\"f_header_font_weight\":\"\",\"f_header_font_transform\":\"\",\"f_header_font_spacing\":\"\",\"f_header_\":\"\",\"f_ajax_font_title\":\"Ajax categories\",\"f_ajax_font_settings\":\"\",\"f_ajax_font_family\":\"\",\"f_ajax_font_size\":\"\",\"f_ajax_font_line_height\":\"\",\"f_ajax_font_style\":\"\",\"f_ajax_font_weight\":\"\",\"f_ajax_font_transform\":\"\",\"f_ajax_font_spacing\":\"\",\"f_ajax_\":\"\",\"f_more_font_title\":\"Load more button\",\"f_more_font_settings\":\"\",\"f_more_font_family\":\"\",\"f_more_font_size\":\"\",\"f_more_font_line_height\":\"\",\"f_more_font_style\":\"\",\"f_more_font_weight\":\"\",\"f_more_font_transform\":\"\",\"f_more_font_spacing\":\"\",\"f_more_\":\"\",\"m6f_title_font_header\":\"\",\"m6f_title_font_title\":\"Article title\",\"m6f_title_font_settings\":\"\",\"m6f_title_font_family\":\"\",\"m6f_title_font_size\":\"\",\"m6f_title_font_line_height\":\"\",\"m6f_title_font_style\":\"\",\"m6f_title_font_weight\":\"\",\"m6f_title_font_transform\":\"\",\"m6f_title_font_spacing\":\"\",\"m6f_title_\":\"\",\"m6f_cat_font_title\":\"Article category tag\",\"m6f_cat_font_settings\":\"\",\"m6f_cat_font_family\":\"\",\"m6f_cat_font_size\":\"\",\"m6f_cat_font_line_height\":\"\",\"m6f_cat_font_style\":\"\",\"m6f_cat_font_weight\":\"\",\"m6f_cat_font_transform\":\"\",\"m6f_cat_font_spacing\":\"\",\"m6f_cat_\":\"\",\"m6f_meta_font_title\":\"Article meta info\",\"m6f_meta_font_settings\":\"\",\"m6f_meta_font_family\":\"\",\"m6f_meta_font_size\":\"\",\"m6f_meta_font_line_height\":\"\",\"m6f_meta_font_style\":\"\",\"m6f_meta_font_weight\":\"\",\"m6f_meta_font_transform\":\"\",\"m6f_meta_font_spacing\":\"\",\"m6f_meta_\":\"\",\"ajax_pagination\":\"\",\"ajax_pagination_infinite_stop\":\"\",\"css\":\"\",\"td_column_number\":1,\"header_color\":\"\",\"color_preset\":\"\",\"border_top\":\"\",\"class\":\"td_uid_53_69f066d295795_rand\",\"tdc_css_class\":\"td_uid_53_69f066d295795_rand\",\"tdc_css_class_style\":\"td_uid_53_69f066d295795_rand_style\"}';\nblock_td_uid_53_69f066d295795.td_column_number = \"1\";\nblock_td_uid_53_69f066d295795.block_type = \"td_block_7\";\nblock_td_uid_53_69f066d295795.post_count = \"4\";\nblock_td_uid_53_69f066d295795.found_posts = \"8260\";\nblock_td_uid_53_69f066d295795.header_color = \"\";\nblock_td_uid_53_69f066d295795.ajax_pagination_infinite_stop = \"\";\nblock_td_uid_53_69f066d295795.max_num_pages = \"2065\";\ntdBlocksArray.push(block_td_uid_53_69f066d295795);\n<\/script><div class=\"td-block-title-wrap\"><\/div><div id=td_uid_53_69f066d295795 class=\"td_block_inner\">\n\n\t<div class=\"td-block-span12\">\n\r\n        <div class=\"td_module_6 td_module_wrap td-animation-stack\">\r\n\r\n        <div class=\"td-module-thumb\"><a href=\"https:\/\/www.africa-press.net\/benin\/politique\/prof-ouinsavi-critique-le-mode-de-designation-au-cames\" rel=\"bookmark\" class=\"td-image-wrap\" title=\"Prof Ouinsavi critique le mode de d\u00e9signation au CAMES\"><img loading=\"lazy\" decoding=\"async\" class=\"entry-thumb\" src=\"data:image\/png;base64,iVBORw0KGgoAAAANSUhEUgAAAGQAAABGAQMAAAAASKMqAAAAA1BMVEWurq51dlI4AAAAAXRSTlMmkutdmwAAABBJREFUKM9jGAWjYBQMKwAAA9QAAQWBn6cAAAAASUVORK5CYII=\" alt=\"Prof Ouinsavi critique le mode de d\u00e9signation au CAMES\" title=\"Prof Ouinsavi critique le mode de d\u00e9signation au CAMES\" data-type=\"image_tag\" data-img-url=\"https:\/\/static.africa-press.net\/benin\/sites\/46\/2022\/05\/postQueueImg_8-62925dec8d2cd-100x70.jpg\"  width=\"100\" height=\"70\" \/><\/a><\/div>\r\n        <div class=\"item-details\">\r\n            <h3 class=\"entry-title td-module-title\"><a href=\"https:\/\/www.africa-press.net\/benin\/politique\/prof-ouinsavi-critique-le-mode-de-designation-au-cames\" rel=\"bookmark\" title=\"Prof Ouinsavi critique le mode de d\u00e9signation au CAMES\">Prof Ouinsavi critique le mode de d\u00e9signation au CAMES<\/a><\/h3>            <div class=\"td-module-meta-info\">\r\n                                                <span class=\"td-post-date\"><time class=\"entry-date updated td-module-date\" datetime=\"2022-05-28T17:26:37+00:00\" >2022-05-28<\/time><\/span>                            <\/div>\r\n        <\/div>\r\n\r\n        <\/div>\r\n\r\n        \n\t<\/div> <!-- .\/td-block-span12 -->\n\n\t<div class=\"td-block-span12\">\n\r\n        <div class=\"td_module_6 td_module_wrap td-animation-stack\">\r\n\r\n        <div class=\"td-module-thumb\"><a href=\"https:\/\/www.africa-press.net\/benin\/politique\/un-an-apres-son-depart-du-gouvernement-aurelien-agbenonci-devoile-son-nouveau-job\" rel=\"bookmark\" class=\"td-image-wrap\" title=\"un an apr\u00e8s son d\u00e9part du gouvernement, Aur\u00e9lien Agb\u00e9nonci d\u00e9voile son nouveau job\"><img loading=\"lazy\" decoding=\"async\" class=\"entry-thumb\" src=\"data:image\/png;base64,iVBORw0KGgoAAAANSUhEUgAAAGQAAABGAQMAAAAASKMqAAAAA1BMVEWurq51dlI4AAAAAXRSTlMmkutdmwAAABBJREFUKM9jGAWjYBQMKwAAA9QAAQWBn6cAAAAASUVORK5CYII=\" alt=\"un an apr\u00e8s son d\u00e9part du gouvernement, Aur\u00e9lien Agb\u00e9nonci d\u00e9voile son nouveau job\" title=\"un an apr\u00e8s son d\u00e9part du gouvernement, Aur\u00e9lien Agb\u00e9nonci d\u00e9voile son nouveau job\" data-type=\"image_tag\" data-img-url=\"https:\/\/static.africa-press.net\/benin\/sites\/46\/2024\/05\/sm_1715535957.302838-100x70.jpg\"  width=\"100\" height=\"70\" \/><\/a><\/div>\r\n        <div class=\"item-details\">\r\n            <h3 class=\"entry-title td-module-title\"><a href=\"https:\/\/www.africa-press.net\/benin\/politique\/un-an-apres-son-depart-du-gouvernement-aurelien-agbenonci-devoile-son-nouveau-job\" rel=\"bookmark\" title=\"un an apr\u00e8s son d\u00e9part du gouvernement, Aur\u00e9lien Agb\u00e9nonci d\u00e9voile son nouveau job\">un an apr\u00e8s son d\u00e9part du gouvernement, Aur\u00e9lien Agb\u00e9nonci d\u00e9voile son...<\/a><\/h3>            <div class=\"td-module-meta-info\">\r\n                                                <span class=\"td-post-date\"><time class=\"entry-date updated td-module-date\" datetime=\"2024-05-12T21:07:49+00:00\" >2024-05-12<\/time><\/span>                            <\/div>\r\n        <\/div>\r\n\r\n        <\/div>\r\n\r\n        \n\t<\/div> <!-- .\/td-block-span12 -->\n\n\t<div class=\"td-block-span12\">\n\r\n        <div class=\"td_module_6 td_module_wrap td-animation-stack\">\r\n\r\n        <div class=\"td-module-thumb\"><a href=\"https:\/\/www.africa-press.net\/benin\/toutes-les-actualites\/australie-menace-les-geants-numeriques-pour-enfants\" rel=\"bookmark\" class=\"td-image-wrap\" title=\"Australie Menace Les G\u00e9ants Num\u00e9riques Pour Enfants\"><img loading=\"lazy\" decoding=\"async\" class=\"entry-thumb\" src=\"data:image\/png;base64,iVBORw0KGgoAAAANSUhEUgAAAGQAAABGAQMAAAAASKMqAAAAA1BMVEWurq51dlI4AAAAAXRSTlMmkutdmwAAABBJREFUKM9jGAWjYBQMKwAAA9QAAQWBn6cAAAAASUVORK5CYII=\" alt=\"Australie Menace Les G\u00e9ants Num\u00e9riques Pour Enfants\" title=\"Australie Menace Les G\u00e9ants Num\u00e9riques Pour Enfants\" data-type=\"image_tag\" data-img-url=\"https:\/\/static.africa-press.net\/benin\/sites\/46\/2026\/04\/sm_1776483142.057737-100x70.jpg\"  width=\"100\" height=\"70\" \/><\/a><\/div>\r\n        <div class=\"item-details\">\r\n            <h3 class=\"entry-title td-module-title\"><a href=\"https:\/\/www.africa-press.net\/benin\/toutes-les-actualites\/australie-menace-les-geants-numeriques-pour-enfants\" rel=\"bookmark\" title=\"Australie Menace Les G\u00e9ants Num\u00e9riques Pour Enfants\">Australie Menace Les G\u00e9ants Num\u00e9riques Pour Enfants<\/a><\/h3>            <div class=\"td-module-meta-info\">\r\n                                                <span class=\"td-post-date\"><time class=\"entry-date updated td-module-date\" datetime=\"2026-03-28T00:13:09+00:00\" >2026-03-28<\/time><\/span>                            <\/div>\r\n        <\/div>\r\n\r\n        <\/div>\r\n\r\n        \n\t<\/div> <!-- .\/td-block-span12 -->\n\n\t<div class=\"td-block-span12\">\n\r\n        <div class=\"td_module_6 td_module_wrap td-animation-stack\">\r\n\r\n        <div class=\"td-module-thumb\"><a href=\"https:\/\/www.africa-press.net\/benin\/toutes-les-actualites\/tiktokeur-billy-place-sous-mandat-de-depot\" rel=\"bookmark\" class=\"td-image-wrap\" title=\"Tiktokeur Billy Place\u0301 sous Mandat de De\u0301po\u0302t\"><img loading=\"lazy\" decoding=\"async\" class=\"entry-thumb\" src=\"data:image\/png;base64,iVBORw0KGgoAAAANSUhEUgAAAGQAAABGAQMAAAAASKMqAAAAA1BMVEWurq51dlI4AAAAAXRSTlMmkutdmwAAABBJREFUKM9jGAWjYBQMKwAAA9QAAQWBn6cAAAAASUVORK5CYII=\" alt=\"Tiktokeur Billy Place\u0301 sous Mandat de De\u0301po\u0302t\" title=\"Tiktokeur Billy Place\u0301 sous Mandat de De\u0301po\u0302t\" data-type=\"image_tag\" data-img-url=\"https:\/\/static.africa-press.net\/benin\/sites\/46\/2026\/03\/sm_1773877256.550664-100x70.jpg\"  width=\"100\" height=\"70\" \/><\/a><\/div>\r\n        <div class=\"item-details\">\r\n            <h3 class=\"entry-title td-module-title\"><a href=\"https:\/\/www.africa-press.net\/benin\/toutes-les-actualites\/tiktokeur-billy-place-sous-mandat-de-depot\" rel=\"bookmark\" title=\"Tiktokeur Billy Place\u0301 sous Mandat de De\u0301po\u0302t\">Tiktokeur Billy Place\u0301 sous Mandat de De\u0301po\u0302t<\/a><\/h3>            <div class=\"td-module-meta-info\">\r\n                                                <span class=\"td-post-date\"><time class=\"entry-date updated td-module-date\" datetime=\"2026-03-18T22:43:16+00:00\" >2026-03-18<\/time><\/span>                            <\/div>\r\n        <\/div>\r\n\r\n        <\/div>\r\n\r\n        \n\t<\/div> <!-- .\/td-block-span12 --><\/div><\/div> <!-- .\/block --><\/div><\/div><\/div><\/div><\/div><\/div><\/div><\/div><div id=\"td_uid_30_69f066d2c8840\" class=\"tdc-row\"><div class=\"vc_row td_uid_54_69f066d2c8845_rand  wpb_row td-pb-row\" >\n<style scoped>\n\n\/* custom css *\/\n.td_uid_54_69f066d2c8845_rand {\r\n                    min-height: 0;\r\n                }\n<\/style><div class=\"vc_column td_uid_55_69f066d2c89b0_rand ar-newsbox wpb_column vc_column_container tdc-column td-pb-span8\">\n<style scoped>\n\n\/* custom css *\/\n.td_uid_55_69f066d2c89b0_rand {\r\n                    vertical-align: baseline;\r\n                }\n<\/style><div class=\"wpb_wrapper\"><div class=\"vc_row_inner td_uid_56_69f066d2c8a6c_rand  vc_row vc_inner wpb_row td-pb-row\" >\n<style scoped>\n\n\/* custom css *\/\n.td_uid_56_69f066d2c8a6c_rand {\r\n                    position: relative !important;\r\n                    top: 0;\r\n                    transform: none;\r\n                    -webkit-transform: none;\r\n                }\n<\/style><div class=\"vc_column_inner td_uid_57_69f066d2c8ae0_rand  wpb_column vc_column_container tdc-inner-column td-pb-span12\">\n<style scoped>\n\n\/* custom css *\/\n.td_uid_57_69f066d2c8ae0_rand {\r\n                    vertical-align: baseline;\r\n                }\n<\/style><div class=\"vc_column-inner\"><div class=\"wpb_wrapper\"><div class=\"wpb_wrapper td_block_wrap vc_raw_html td_uid_58_69f066d2c8b2e_rand \"><div class=\"td-fix-index\"><div class=\"td-block-title-wrap\"><h4 class=\"block-title\"><a href=\"\/benin\/culture-et-art\" class=\"td-pulldown-size\">Culture et Art<\/a><\/h4><\/div><\/div><\/div><\/div><\/div><\/div><\/div><div id=\"main-box\" class=\"vc_row_inner td_uid_59_69f066d2c8b58_rand  vc_row vc_inner wpb_row td-pb-row\" >\n<style scoped>\n\n\/* custom css *\/\n.td_uid_59_69f066d2c8b58_rand {\r\n                    position: relative !important;\r\n                    top: 0;\r\n                    transform: none;\r\n                    -webkit-transform: none;\r\n                }\n<\/style><div class=\"vc_column_inner td_uid_60_69f066d2c8bdd_rand  wpb_column vc_column_container tdc-inner-column td-pb-span6\">\n<style scoped>\n\n\/* custom css *\/\n.td_uid_60_69f066d2c8bdd_rand {\r\n                    vertical-align: baseline;\r\n                }\n<\/style><div class=\"vc_column-inner\"><div class=\"wpb_wrapper\"><div class=\"td_block_wrap td_block_18 td_uid_61_69f066d2c8c67_rand td_with_ajax_pagination td-pb-border-top td_block_template_1 td-column-1\"  data-td-block-uid=\"td_uid_61_69f066d2c8c67\" ><script>var block_td_uid_61_69f066d2c8c67 = new tdBlock();\nblock_td_uid_61_69f066d2c8c67.id = \"td_uid_61_69f066d2c8c67\";\nblock_td_uid_61_69f066d2c8c67.atts = '{\"category_id\":\"5\",\"limit\":\"3\",\"ajax_pagination\":\"next_prev\",\"separator\":\"\",\"custom_title\":\"\",\"custom_url\":\"\",\"block_template_id\":\"\",\"mx8_tl\":\"\",\"m10_tl\":\"\",\"m10_el\":\"\",\"mx2_tl\":\"\",\"post_ids\":\"\",\"category_ids\":\"\",\"tag_slug\":\"\",\"autors_id\":\"\",\"installed_post_types\":\"\",\"sort\":\"\",\"offset\":\"\",\"show_modified_date\":\"\",\"el_class\":\"\",\"td_ajax_filter_type\":\"\",\"td_ajax_filter_ids\":\"\",\"td_filter_default_txt\":\"All\",\"td_ajax_preloading\":\"\",\"f_header_font_header\":\"\",\"f_header_font_title\":\"Block header\",\"f_header_font_settings\":\"\",\"f_header_font_family\":\"\",\"f_header_font_size\":\"\",\"f_header_font_line_height\":\"\",\"f_header_font_style\":\"\",\"f_header_font_weight\":\"\",\"f_header_font_transform\":\"\",\"f_header_font_spacing\":\"\",\"f_header_\":\"\",\"f_ajax_font_title\":\"Ajax categories\",\"f_ajax_font_settings\":\"\",\"f_ajax_font_family\":\"\",\"f_ajax_font_size\":\"\",\"f_ajax_font_line_height\":\"\",\"f_ajax_font_style\":\"\",\"f_ajax_font_weight\":\"\",\"f_ajax_font_transform\":\"\",\"f_ajax_font_spacing\":\"\",\"f_ajax_\":\"\",\"f_more_font_title\":\"Load more button\",\"f_more_font_settings\":\"\",\"f_more_font_family\":\"\",\"f_more_font_size\":\"\",\"f_more_font_line_height\":\"\",\"f_more_font_style\":\"\",\"f_more_font_weight\":\"\",\"f_more_font_transform\":\"\",\"f_more_font_spacing\":\"\",\"f_more_\":\"\",\"mx8f_title_font_header\":\"\",\"mx8f_title_font_title\":\"Article title\",\"mx8f_title_font_settings\":\"\",\"mx8f_title_font_family\":\"\",\"mx8f_title_font_size\":\"\",\"mx8f_title_font_line_height\":\"\",\"mx8f_title_font_style\":\"\",\"mx8f_title_font_weight\":\"\",\"mx8f_title_font_transform\":\"\",\"mx8f_title_font_spacing\":\"\",\"mx8f_title_\":\"\",\"mx8f_cat_font_title\":\"Article category tag\",\"mx8f_cat_font_settings\":\"\",\"mx8f_cat_font_family\":\"\",\"mx8f_cat_font_size\":\"\",\"mx8f_cat_font_line_height\":\"\",\"mx8f_cat_font_style\":\"\",\"mx8f_cat_font_weight\":\"\",\"mx8f_cat_font_transform\":\"\",\"mx8f_cat_font_spacing\":\"\",\"mx8f_cat_\":\"\",\"mx8f_meta_font_title\":\"Article meta info\",\"mx8f_meta_font_settings\":\"\",\"mx8f_meta_font_family\":\"\",\"mx8f_meta_font_size\":\"\",\"mx8f_meta_font_line_height\":\"\",\"mx8f_meta_font_style\":\"\",\"mx8f_meta_font_weight\":\"\",\"mx8f_meta_font_transform\":\"\",\"mx8f_meta_font_spacing\":\"\",\"mx8f_meta_\":\"\",\"m10f_title_font_header\":\"\",\"m10f_title_font_title\":\"Article title\",\"m10f_title_font_settings\":\"\",\"m10f_title_font_family\":\"\",\"m10f_title_font_size\":\"\",\"m10f_title_font_line_height\":\"\",\"m10f_title_font_style\":\"\",\"m10f_title_font_weight\":\"\",\"m10f_title_font_transform\":\"\",\"m10f_title_font_spacing\":\"\",\"m10f_title_\":\"\",\"m10f_cat_font_title\":\"Article category tag\",\"m10f_cat_font_settings\":\"\",\"m10f_cat_font_family\":\"\",\"m10f_cat_font_size\":\"\",\"m10f_cat_font_line_height\":\"\",\"m10f_cat_font_style\":\"\",\"m10f_cat_font_weight\":\"\",\"m10f_cat_font_transform\":\"\",\"m10f_cat_font_spacing\":\"\",\"m10f_cat_\":\"\",\"m10f_meta_font_title\":\"Article meta info\",\"m10f_meta_font_settings\":\"\",\"m10f_meta_font_family\":\"\",\"m10f_meta_font_size\":\"\",\"m10f_meta_font_line_height\":\"\",\"m10f_meta_font_style\":\"\",\"m10f_meta_font_weight\":\"\",\"m10f_meta_font_transform\":\"\",\"m10f_meta_font_spacing\":\"\",\"m10f_meta_\":\"\",\"m10f_ex_font_title\":\"Article excerpt\",\"m10f_ex_font_settings\":\"\",\"m10f_ex_font_family\":\"\",\"m10f_ex_font_size\":\"\",\"m10f_ex_font_line_height\":\"\",\"m10f_ex_font_style\":\"\",\"m10f_ex_font_weight\":\"\",\"m10f_ex_font_transform\":\"\",\"m10f_ex_font_spacing\":\"\",\"m10f_ex_\":\"\",\"mx2f_title_font_header\":\"\",\"mx2f_title_font_title\":\"Article title\",\"mx2f_title_font_settings\":\"\",\"mx2f_title_font_family\":\"\",\"mx2f_title_font_size\":\"\",\"mx2f_title_font_line_height\":\"\",\"mx2f_title_font_style\":\"\",\"mx2f_title_font_weight\":\"\",\"mx2f_title_font_transform\":\"\",\"mx2f_title_font_spacing\":\"\",\"mx2f_title_\":\"\",\"mx2f_cat_font_title\":\"Article category tag\",\"mx2f_cat_font_settings\":\"\",\"mx2f_cat_font_family\":\"\",\"mx2f_cat_font_size\":\"\",\"mx2f_cat_font_line_height\":\"\",\"mx2f_cat_font_style\":\"\",\"mx2f_cat_font_weight\":\"\",\"mx2f_cat_font_transform\":\"\",\"mx2f_cat_font_spacing\":\"\",\"mx2f_cat_\":\"\",\"mx2f_meta_font_title\":\"Article meta info\",\"mx2f_meta_font_settings\":\"\",\"mx2f_meta_font_family\":\"\",\"mx2f_meta_font_size\":\"\",\"mx2f_meta_font_line_height\":\"\",\"mx2f_meta_font_style\":\"\",\"mx2f_meta_font_weight\":\"\",\"mx2f_meta_font_transform\":\"\",\"mx2f_meta_font_spacing\":\"\",\"mx2f_meta_\":\"\",\"ajax_pagination_infinite_stop\":\"\",\"css\":\"\",\"tdc_css\":\"\",\"td_column_number\":1,\"header_color\":\"\",\"color_preset\":\"\",\"border_top\":\"\",\"class\":\"td_uid_61_69f066d2c8c67_rand\",\"tdc_css_class\":\"td_uid_61_69f066d2c8c67_rand\",\"tdc_css_class_style\":\"td_uid_61_69f066d2c8c67_rand_style\"}';\nblock_td_uid_61_69f066d2c8c67.td_column_number = \"1\";\nblock_td_uid_61_69f066d2c8c67.block_type = \"td_block_18\";\nblock_td_uid_61_69f066d2c8c67.post_count = \"3\";\nblock_td_uid_61_69f066d2c8c67.found_posts = \"187\";\nblock_td_uid_61_69f066d2c8c67.header_color = \"\";\nblock_td_uid_61_69f066d2c8c67.ajax_pagination_infinite_stop = \"\";\nblock_td_uid_61_69f066d2c8c67.max_num_pages = \"63\";\ntdBlocksArray.push(block_td_uid_61_69f066d2c8c67);\n<\/script><div class=\"td-block-title-wrap\"><\/div><div id=td_uid_61_69f066d2c8c67 class=\"td_block_inner td-column-1\">\r\n        <div class=\"td_module_mx8 td_module_wrap td-animation-stack\">\r\n            <div class=\"meta-info-container\">\r\n                <div class=\"td-module-thumb\"><a href=\"https:\/\/www.africa-press.net\/benin\/culture-et-art\/vodun-days-2026-succes-salue-par-le-gouvernement\" rel=\"bookmark\" class=\"td-image-wrap\" title=\"Vodun Days 2026: Succ\u00e8s Salu\u00e9 par le Gouvernement\"><img loading=\"lazy\" decoding=\"async\" class=\"entry-thumb\" src=\"data:image\/png;base64,iVBORw0KGgoAAAANSUhEUgAAArgAAAGBAQMAAAC3k1CUAAAAA1BMVEWurq51dlI4AAAAAXRSTlMmkutdmwAAADdJREFUeNrtwTEBAAAAwiD7p7bETmAAAAAAAAAAAAAAAAAAAAAAAAAAAAAAAAAAAAAAAAAAAEDuhFgAARFpDB8AAAAASUVORK5CYII=\" alt=\"Vodun Days 2026: Succ\u00e8s Salu\u00e9 par le Gouvernement\" title=\"Vodun Days 2026: Succ\u00e8s Salu\u00e9 par le Gouvernement\" data-type=\"image_tag\" data-img-url=\"https:\/\/static.africa-press.net\/benin\/sites\/46\/2026\/01\/sm_1769107142.695762-696x385.jpg\"  width=\"696\" height=\"385\" \/><\/a><\/div>\r\n                <div class=\"td-module-meta-info\">\r\n                    <h3 class=\"entry-title td-module-title\"><a href=\"https:\/\/www.africa-press.net\/benin\/culture-et-art\/vodun-days-2026-succes-salue-par-le-gouvernement\" rel=\"bookmark\" title=\"Vodun Days 2026: Succ\u00e8s Salu\u00e9 par le Gouvernement\">Vodun Days 2026: Succ\u00e8s Salu\u00e9 par le Gouvernement<\/a><\/h3>                                        <span class=\"td-author-date\">\r\n                                                <span class=\"td-post-date\"><time class=\"entry-date updated td-module-date\" datetime=\"2026-01-22T18:11:29+00:00\" >2026-01-22<\/time><\/span>                                            <\/span>\r\n                <\/div>\r\n            <\/div>\r\n\r\n        <\/div>\r\n\r\n        \r\n        <div class=\"td_module_mx2 td_module_wrap td-animation-stack\">\r\n\r\n            <div class=\"td-module-thumb\"><a href=\"https:\/\/www.africa-press.net\/benin\/culture-et-art\/investissement-de-1250-milliards-dans-culture-et-tourisme\" rel=\"bookmark\" class=\"td-image-wrap\" title=\"Investissement de 1250 Milliards dans Culture et Tourisme\"><img loading=\"lazy\" decoding=\"async\" class=\"entry-thumb\" src=\"data:image\/png;base64,iVBORw0KGgoAAAANSUhEUgAAAFAAAAA8AQMAAADL6a\/PAAAAA1BMVEWurq51dlI4AAAAAXRSTlMmkutdmwAAAA5JREFUKM9jGAWjYJABAAKUAAHoEAeuAAAAAElFTkSuQmCC\" alt=\"Investissement de 1250 Milliards dans Culture et Tourisme\" title=\"Investissement de 1250 Milliards dans Culture et Tourisme\" data-type=\"image_tag\" data-img-url=\"https:\/\/static.africa-press.net\/benin\/sites\/46\/2026\/01\/sm_1767638785.238297-80x60.jpg\"  width=\"80\" height=\"60\" \/><\/a><\/div>\r\n            <div class=\"item-details\">\r\n                <h3 class=\"entry-title td-module-title\"><a href=\"https:\/\/www.africa-press.net\/benin\/culture-et-art\/investissement-de-1250-milliards-dans-culture-et-tourisme\" rel=\"bookmark\" title=\"Investissement de 1250 Milliards dans Culture et Tourisme\">Investissement de 1250 Milliards dans Culture et Tourisme<\/a><\/h3>                <div class=\"td-module-meta-info\">\r\n                                                            <span class=\"td-post-date\"><time class=\"entry-date updated td-module-date\" datetime=\"2026-01-05T18:26:03+00:00\" >2026-01-05<\/time><\/span>                                    <\/div>\r\n            <\/div>\r\n\r\n        <\/div>\r\n\r\n        \r\n        <div class=\"td_module_mx2 td_module_wrap td-animation-stack\">\r\n\r\n            <div class=\"td-module-thumb\"><a href=\"https:\/\/www.africa-press.net\/benin\/culture-et-art\/netflix-rachete-warner-bros-discovery-pour-83-milliards\" rel=\"bookmark\" class=\"td-image-wrap\" title=\"Netflix Rach\u00e8te Warner Bros Discovery Pour 83 Milliards\"><img loading=\"lazy\" decoding=\"async\" class=\"entry-thumb\" src=\"data:image\/png;base64,iVBORw0KGgoAAAANSUhEUgAAAFAAAAA8AQMAAADL6a\/PAAAAA1BMVEWurq51dlI4AAAAAXRSTlMmkutdmwAAAA5JREFUKM9jGAWjYJABAAKUAAHoEAeuAAAAAElFTkSuQmCC\" alt=\"Netflix Rach\u00e8te Warner Bros Discovery Pour 83 Milliards\" title=\"Netflix Rach\u00e8te Warner Bros Discovery Pour 83 Milliards\" data-type=\"image_tag\" data-img-url=\"https:\/\/static.africa-press.net\/benin\/sites\/46\/2025\/12\/sm_1766953732.802161-80x60.jpg\"  width=\"80\" height=\"60\" \/><\/a><\/div>\r\n            <div class=\"item-details\">\r\n                <h3 class=\"entry-title td-module-title\"><a href=\"https:\/\/www.africa-press.net\/benin\/culture-et-art\/netflix-rachete-warner-bros-discovery-pour-83-milliards\" rel=\"bookmark\" title=\"Netflix Rach\u00e8te Warner Bros Discovery Pour 83 Milliards\">Netflix Rach\u00e8te Warner Bros Discovery Pour 83 Milliards<\/a><\/h3>                <div class=\"td-module-meta-info\">\r\n                                                            <span class=\"td-post-date\"><time class=\"entry-date updated td-module-date\" datetime=\"2025-12-28T19:58:42+00:00\" >2025-12-28<\/time><\/span>                                    <\/div>\r\n            <\/div>\r\n\r\n        <\/div>\r\n\r\n        <\/div><div class=\"td-next-prev-wrap\"><a href=\"#\" class=\"td-ajax-prev-page ajax-page-disabled\" id=\"prev-page-td_uid_61_69f066d2c8c67\" data-td_block_id=\"td_uid_61_69f066d2c8c67\"><i class=\"td-icon-font td-icon-menu-left\"><\/i><\/a><a href=\"#\"  class=\"td-ajax-next-page\" id=\"next-page-td_uid_61_69f066d2c8c67\" data-td_block_id=\"td_uid_61_69f066d2c8c67\"><i class=\"td-icon-font td-icon-menu-right\"><\/i><\/a><\/div><\/div> <!-- .\/block --><\/div><\/div><\/div><div class=\"vc_column_inner td_uid_62_69f066d2cbb68_rand  wpb_column vc_column_container tdc-inner-column td-pb-span6\">\n<style scoped>\n\n\/* custom css *\/\n.td_uid_62_69f066d2cbb68_rand {\r\n                    vertical-align: baseline;\r\n                }\n<\/style><div class=\"vc_column-inner\"><div class=\"wpb_wrapper\"><div class=\"td_block_wrap td_block_7 td_uid_63_69f066d2cbc09_rand td-pb-border-top td_block_template_1 td-column-1 td_block_padding\"  data-td-block-uid=\"td_uid_63_69f066d2cbc09\" >\n<style>\n\n\/* inline tdc_css att *\/\n\n\/* phone *\/\n@media (max-width: 767px)\n{\n.td_uid_63_69f066d2cbc09_rand{\ndisplay:none !important;\n}\n}\n\n<\/style><script>var block_td_uid_63_69f066d2cbc09 = new tdBlock();\nblock_td_uid_63_69f066d2cbc09.id = \"td_uid_63_69f066d2cbc09\";\nblock_td_uid_63_69f066d2cbc09.atts = '{\"category_id\":\"5\",\"limit\":\"4\",\"offset\":\"3\",\"tdc_css\":\"eyJwaG9uZSI6eyJkaXNwbGF5Ijoibm9uZSJ9LCJwaG9uZV9tYXhfd2lkdGgiOjc2N30=\",\"separator\":\"\",\"custom_title\":\"\",\"custom_url\":\"\",\"block_template_id\":\"\",\"m6_tl\":\"\",\"post_ids\":\"\",\"category_ids\":\"\",\"tag_slug\":\"\",\"autors_id\":\"\",\"installed_post_types\":\"\",\"sort\":\"\",\"show_modified_date\":\"\",\"el_class\":\"\",\"td_ajax_filter_type\":\"\",\"td_ajax_filter_ids\":\"\",\"td_filter_default_txt\":\"All\",\"td_ajax_preloading\":\"\",\"f_header_font_header\":\"\",\"f_header_font_title\":\"Block header\",\"f_header_font_settings\":\"\",\"f_header_font_family\":\"\",\"f_header_font_size\":\"\",\"f_header_font_line_height\":\"\",\"f_header_font_style\":\"\",\"f_header_font_weight\":\"\",\"f_header_font_transform\":\"\",\"f_header_font_spacing\":\"\",\"f_header_\":\"\",\"f_ajax_font_title\":\"Ajax categories\",\"f_ajax_font_settings\":\"\",\"f_ajax_font_family\":\"\",\"f_ajax_font_size\":\"\",\"f_ajax_font_line_height\":\"\",\"f_ajax_font_style\":\"\",\"f_ajax_font_weight\":\"\",\"f_ajax_font_transform\":\"\",\"f_ajax_font_spacing\":\"\",\"f_ajax_\":\"\",\"f_more_font_title\":\"Load more button\",\"f_more_font_settings\":\"\",\"f_more_font_family\":\"\",\"f_more_font_size\":\"\",\"f_more_font_line_height\":\"\",\"f_more_font_style\":\"\",\"f_more_font_weight\":\"\",\"f_more_font_transform\":\"\",\"f_more_font_spacing\":\"\",\"f_more_\":\"\",\"m6f_title_font_header\":\"\",\"m6f_title_font_title\":\"Article title\",\"m6f_title_font_settings\":\"\",\"m6f_title_font_family\":\"\",\"m6f_title_font_size\":\"\",\"m6f_title_font_line_height\":\"\",\"m6f_title_font_style\":\"\",\"m6f_title_font_weight\":\"\",\"m6f_title_font_transform\":\"\",\"m6f_title_font_spacing\":\"\",\"m6f_title_\":\"\",\"m6f_cat_font_title\":\"Article category tag\",\"m6f_cat_font_settings\":\"\",\"m6f_cat_font_family\":\"\",\"m6f_cat_font_size\":\"\",\"m6f_cat_font_line_height\":\"\",\"m6f_cat_font_style\":\"\",\"m6f_cat_font_weight\":\"\",\"m6f_cat_font_transform\":\"\",\"m6f_cat_font_spacing\":\"\",\"m6f_cat_\":\"\",\"m6f_meta_font_title\":\"Article meta info\",\"m6f_meta_font_settings\":\"\",\"m6f_meta_font_family\":\"\",\"m6f_meta_font_size\":\"\",\"m6f_meta_font_line_height\":\"\",\"m6f_meta_font_style\":\"\",\"m6f_meta_font_weight\":\"\",\"m6f_meta_font_transform\":\"\",\"m6f_meta_font_spacing\":\"\",\"m6f_meta_\":\"\",\"ajax_pagination\":\"\",\"ajax_pagination_infinite_stop\":\"\",\"css\":\"\",\"td_column_number\":1,\"header_color\":\"\",\"color_preset\":\"\",\"border_top\":\"\",\"class\":\"td_uid_63_69f066d2cbc09_rand\",\"tdc_css_class\":\"td_uid_63_69f066d2cbc09_rand\",\"tdc_css_class_style\":\"td_uid_63_69f066d2cbc09_rand_style\"}';\nblock_td_uid_63_69f066d2cbc09.td_column_number = \"1\";\nblock_td_uid_63_69f066d2cbc09.block_type = \"td_block_7\";\nblock_td_uid_63_69f066d2cbc09.post_count = \"4\";\nblock_td_uid_63_69f066d2cbc09.found_posts = \"187\";\nblock_td_uid_63_69f066d2cbc09.header_color = \"\";\nblock_td_uid_63_69f066d2cbc09.ajax_pagination_infinite_stop = \"\";\nblock_td_uid_63_69f066d2cbc09.max_num_pages = \"46\";\ntdBlocksArray.push(block_td_uid_63_69f066d2cbc09);\n<\/script><div class=\"td-block-title-wrap\"><\/div><div id=td_uid_63_69f066d2cbc09 class=\"td_block_inner\">\n\n\t<div class=\"td-block-span12\">\n\r\n        <div class=\"td_module_6 td_module_wrap td-animation-stack\">\r\n\r\n        <div class=\"td-module-thumb\"><a href=\"https:\/\/www.africa-press.net\/benin\/culture-et-art\/ouidah-trois-hotels-de-luxe-bientot-construits-a-avlekete\" rel=\"bookmark\" class=\"td-image-wrap\" title=\"Ouidah: Trois h\u00f4tels de luxe bient\u00f4t construits \u00e0 Avl\u00e9k\u00e9t\u00e9\"><img loading=\"lazy\" decoding=\"async\" class=\"entry-thumb\" src=\"data:image\/png;base64,iVBORw0KGgoAAAANSUhEUgAAAGQAAABGAQMAAAAASKMqAAAAA1BMVEWurq51dlI4AAAAAXRSTlMmkutdmwAAABBJREFUKM9jGAWjYBQMKwAAA9QAAQWBn6cAAAAASUVORK5CYII=\" alt=\"Ouidah: Trois h\u00f4tels de luxe bient\u00f4t construits \u00e0 Avl\u00e9k\u00e9t\u00e9\" title=\"Ouidah: Trois h\u00f4tels de luxe bient\u00f4t construits \u00e0 Avl\u00e9k\u00e9t\u00e9\" data-type=\"image_tag\" data-img-url=\"https:\/\/static.africa-press.net\/benin\/sites\/46\/2025\/09\/sm_1758820306.140909-100x70.jpg\"  width=\"100\" height=\"70\" \/><\/a><\/div>\r\n        <div class=\"item-details\">\r\n            <h3 class=\"entry-title td-module-title\"><a href=\"https:\/\/www.africa-press.net\/benin\/culture-et-art\/ouidah-trois-hotels-de-luxe-bientot-construits-a-avlekete\" rel=\"bookmark\" title=\"Ouidah: Trois h\u00f4tels de luxe bient\u00f4t construits \u00e0 Avl\u00e9k\u00e9t\u00e9\">Ouidah: Trois h\u00f4tels de luxe bient\u00f4t construits \u00e0 Avl\u00e9k\u00e9t\u00e9<\/a><\/h3>            <div class=\"td-module-meta-info\">\r\n                                                <span class=\"td-post-date\"><time class=\"entry-date updated td-module-date\" datetime=\"2025-09-25T20:14:57+00:00\" >2025-09-25<\/time><\/span>                            <\/div>\r\n        <\/div>\r\n\r\n        <\/div>\r\n\r\n        \n\t<\/div> <!-- .\/td-block-span12 -->\n\n\t<div class=\"td-block-span12\">\n\r\n        <div class=\"td_module_6 td_module_wrap td-animation-stack\">\r\n\r\n        <div class=\"td-module-thumb\"><a href=\"https:\/\/www.africa-press.net\/benin\/culture-et-art\/demolition-du-monument-dentree-de-la-cite-historique\" rel=\"bookmark\" class=\"td-image-wrap\" title=\"D\u00e9molition du Monument d&rsquo;Entr\u00e9e de la Cit\u00e9 Historique\"><img loading=\"lazy\" decoding=\"async\" class=\"entry-thumb\" src=\"data:image\/png;base64,iVBORw0KGgoAAAANSUhEUgAAAGQAAABGAQMAAAAASKMqAAAAA1BMVEWurq51dlI4AAAAAXRSTlMmkutdmwAAABBJREFUKM9jGAWjYBQMKwAAA9QAAQWBn6cAAAAASUVORK5CYII=\" alt=\"D\u00e9molition du Monument d&#039;Entr\u00e9e de la Cit\u00e9 Historique\" title=\"D\u00e9molition du Monument d&rsquo;Entr\u00e9e de la Cit\u00e9 Historique\" data-type=\"image_tag\" data-img-url=\"https:\/\/static.africa-press.net\/benin\/sites\/46\/2025\/09\/sm_1758757577.07422-100x70.jpg\"  width=\"100\" height=\"70\" \/><\/a><\/div>\r\n        <div class=\"item-details\">\r\n            <h3 class=\"entry-title td-module-title\"><a href=\"https:\/\/www.africa-press.net\/benin\/culture-et-art\/demolition-du-monument-dentree-de-la-cite-historique\" rel=\"bookmark\" title=\"D\u00e9molition du Monument d&rsquo;Entr\u00e9e de la Cit\u00e9 Historique\">D\u00e9molition du Monument d&rsquo;Entr\u00e9e de la Cit\u00e9 Historique<\/a><\/h3>            <div class=\"td-module-meta-info\">\r\n                                                <span class=\"td-post-date\"><time class=\"entry-date updated td-module-date\" datetime=\"2025-09-24T23:02:53+00:00\" >2025-09-24<\/time><\/span>                            <\/div>\r\n        <\/div>\r\n\r\n        <\/div>\r\n\r\n        \n\t<\/div> <!-- .\/td-block-span12 -->\n\n\t<div class=\"td-block-span12\">\n\r\n        <div class=\"td_module_6 td_module_wrap td-animation-stack\">\r\n\r\n        <div class=\"td-module-thumb\"><a href=\"https:\/\/www.africa-press.net\/benin\/culture-et-art\/locarno-et-lausanne-ouvrent-lecran-a-lafrique\" rel=\"bookmark\" class=\"td-image-wrap\" title=\"Locarno et Lausanne Ouvrent L&rsquo;\u00c9cran \u00c0 L&rsquo;Afrique\"><img loading=\"lazy\" decoding=\"async\" class=\"entry-thumb\" src=\"data:image\/png;base64,iVBORw0KGgoAAAANSUhEUgAAAGQAAABGAQMAAAAASKMqAAAAA1BMVEWurq51dlI4AAAAAXRSTlMmkutdmwAAABBJREFUKM9jGAWjYBQMKwAAA9QAAQWBn6cAAAAASUVORK5CYII=\" alt=\"Locarno et Lausanne Ouvrent L&#039;\u00c9cran \u00c0 L&#039;Afrique\" title=\"Locarno et Lausanne Ouvrent L&rsquo;\u00c9cran \u00c0 L&rsquo;Afrique\" data-type=\"image_tag\" data-img-url=\"https:\/\/static.africa-press.net\/benin\/sites\/46\/2025\/08\/sm_1754667498.481848-100x70.jpg\"  width=\"100\" height=\"70\" \/><\/a><\/div>\r\n        <div class=\"item-details\">\r\n            <h3 class=\"entry-title td-module-title\"><a href=\"https:\/\/www.africa-press.net\/benin\/culture-et-art\/locarno-et-lausanne-ouvrent-lecran-a-lafrique\" rel=\"bookmark\" title=\"Locarno et Lausanne Ouvrent L&rsquo;\u00c9cran \u00c0 L&rsquo;Afrique\">Locarno et Lausanne Ouvrent L&rsquo;\u00c9cran \u00c0 L&rsquo;Afrique<\/a><\/h3>            <div class=\"td-module-meta-info\">\r\n                                                <span class=\"td-post-date\"><time class=\"entry-date updated td-module-date\" datetime=\"2025-08-08T18:34:28+00:00\" >2025-08-08<\/time><\/span>                            <\/div>\r\n        <\/div>\r\n\r\n        <\/div>\r\n\r\n        \n\t<\/div> <!-- .\/td-block-span12 -->\n\n\t<div class=\"td-block-span12\">\n\r\n        <div class=\"td_module_6 td_module_wrap td-animation-stack\">\r\n\r\n        <div class=\"td-module-thumb\"><a href=\"https:\/\/www.africa-press.net\/benin\/culture-et-art\/premiere-femme-africaine-cineaste-du-senegal\" rel=\"bookmark\" class=\"td-image-wrap\" title=\"Premi\u00e8re Femme Africaine Cin\u00e9aste du S\u00e9n\u00e9gal\"><img loading=\"lazy\" decoding=\"async\" class=\"entry-thumb\" src=\"data:image\/png;base64,iVBORw0KGgoAAAANSUhEUgAAAGQAAABGAQMAAAAASKMqAAAAA1BMVEWurq51dlI4AAAAAXRSTlMmkutdmwAAABBJREFUKM9jGAWjYBQMKwAAA9QAAQWBn6cAAAAASUVORK5CYII=\" alt=\"Premi\u00e8re Femme Africaine Cin\u00e9aste du S\u00e9n\u00e9gal\" title=\"Premi\u00e8re Femme Africaine Cin\u00e9aste du S\u00e9n\u00e9gal\" data-type=\"image_tag\" data-img-url=\"https:\/\/static.africa-press.net\/benin\/sites\/46\/2025\/08\/sm_1754057202.126297-100x70.jpg\"  width=\"100\" height=\"70\" \/><\/a><\/div>\r\n        <div class=\"item-details\">\r\n            <h3 class=\"entry-title td-module-title\"><a href=\"https:\/\/www.africa-press.net\/benin\/culture-et-art\/premiere-femme-africaine-cineaste-du-senegal\" rel=\"bookmark\" title=\"Premi\u00e8re Femme Africaine Cin\u00e9aste du S\u00e9n\u00e9gal\">Premi\u00e8re Femme Africaine Cin\u00e9aste du S\u00e9n\u00e9gal<\/a><\/h3>            <div class=\"td-module-meta-info\">\r\n                                                <span class=\"td-post-date\"><time class=\"entry-date updated td-module-date\" datetime=\"2025-08-01T17:18:18+00:00\" >2025-08-01<\/time><\/span>                            <\/div>\r\n        <\/div>\r\n\r\n        <\/div>\r\n\r\n        \n\t<\/div> <!-- .\/td-block-span12 --><\/div><\/div> <!-- .\/block --><\/div><\/div><\/div><\/div><div class=\"tdm_block td_block_wrap tdm_block_button td_uid_64_69f066d2cee6e_rand tdm-block-button-inline tdm-content-horiz-right td-pb-border-top main-box-btn-green-en td_block_template_1\"  data-td-block-uid=\"td_uid_64_69f066d2cee6e\"     >\n<style>\n.td_uid_65_69f066d2cf1c8 i:first-child {\r\n\t\t\t\t\tmargin-right: 14px;\r\n\t\t\t\t}\n<\/style><div class=\"tds-button td-fix-index\"><a \r\n                href=\"\/benin\/culture-et-art\" \r\n                class=\"tds-button1 tdm-btn tdm-btn-sm td_uid_65_69f066d2cf1c8\"  target=\"_blank\" ><i class=\"tdc-font-fa tdc-font-fa-arrow-right\"><\/i><span class=\"tdm-btn-text\">Plus de Nouvelles<\/span><\/a><\/div><\/div><div class=\"wpb_wrapper td_block_wrap vc_raw_html td_uid_66_69f066d2cf3b1_rand \"><div class=\"td-fix-index\"><div class=\"td-block-title-wrap\"><h4 class=\"block-title\"><a href=\"\/benin\/Sports\" class=\"td-pulldown-size\">Sports<\/a><\/h4><\/div><\/div><\/div><div id=\"main-box\" class=\"vc_row_inner td_uid_67_69f066d2cf3d7_rand  vc_row vc_inner wpb_row td-pb-row\" >\n<style scoped>\n\n\/* custom css *\/\n.td_uid_67_69f066d2cf3d7_rand {\r\n                    position: relative !important;\r\n                    top: 0;\r\n                    transform: none;\r\n                    -webkit-transform: none;\r\n                }\n<\/style><div class=\"vc_column_inner td_uid_68_69f066d2cf45a_rand  wpb_column vc_column_container tdc-inner-column td-pb-span6\">\n<style scoped>\n\n\/* custom css *\/\n.td_uid_68_69f066d2cf45a_rand {\r\n                    vertical-align: baseline;\r\n                }\n<\/style><div class=\"vc_column-inner\"><div class=\"wpb_wrapper\"><div class=\"td_block_wrap td_block_18 td_uid_69_69f066d2cf4e0_rand td_with_ajax_pagination td-pb-border-top td_block_template_1 td-column-1\"  data-td-block-uid=\"td_uid_69_69f066d2cf4e0\" ><script>var block_td_uid_69_69f066d2cf4e0 = new tdBlock();\nblock_td_uid_69_69f066d2cf4e0.id = \"td_uid_69_69f066d2cf4e0\";\nblock_td_uid_69_69f066d2cf4e0.atts = '{\"category_id\":\"6\",\"limit\":\"3\",\"ajax_pagination\":\"next_prev\",\"separator\":\"\",\"custom_title\":\"\",\"custom_url\":\"\",\"block_template_id\":\"\",\"mx8_tl\":\"\",\"m10_tl\":\"\",\"m10_el\":\"\",\"mx2_tl\":\"\",\"post_ids\":\"\",\"category_ids\":\"\",\"tag_slug\":\"\",\"autors_id\":\"\",\"installed_post_types\":\"\",\"sort\":\"\",\"offset\":\"\",\"show_modified_date\":\"\",\"el_class\":\"\",\"td_ajax_filter_type\":\"\",\"td_ajax_filter_ids\":\"\",\"td_filter_default_txt\":\"All\",\"td_ajax_preloading\":\"\",\"f_header_font_header\":\"\",\"f_header_font_title\":\"Block header\",\"f_header_font_settings\":\"\",\"f_header_font_family\":\"\",\"f_header_font_size\":\"\",\"f_header_font_line_height\":\"\",\"f_header_font_style\":\"\",\"f_header_font_weight\":\"\",\"f_header_font_transform\":\"\",\"f_header_font_spacing\":\"\",\"f_header_\":\"\",\"f_ajax_font_title\":\"Ajax categories\",\"f_ajax_font_settings\":\"\",\"f_ajax_font_family\":\"\",\"f_ajax_font_size\":\"\",\"f_ajax_font_line_height\":\"\",\"f_ajax_font_style\":\"\",\"f_ajax_font_weight\":\"\",\"f_ajax_font_transform\":\"\",\"f_ajax_font_spacing\":\"\",\"f_ajax_\":\"\",\"f_more_font_title\":\"Load more button\",\"f_more_font_settings\":\"\",\"f_more_font_family\":\"\",\"f_more_font_size\":\"\",\"f_more_font_line_height\":\"\",\"f_more_font_style\":\"\",\"f_more_font_weight\":\"\",\"f_more_font_transform\":\"\",\"f_more_font_spacing\":\"\",\"f_more_\":\"\",\"mx8f_title_font_header\":\"\",\"mx8f_title_font_title\":\"Article title\",\"mx8f_title_font_settings\":\"\",\"mx8f_title_font_family\":\"\",\"mx8f_title_font_size\":\"\",\"mx8f_title_font_line_height\":\"\",\"mx8f_title_font_style\":\"\",\"mx8f_title_font_weight\":\"\",\"mx8f_title_font_transform\":\"\",\"mx8f_title_font_spacing\":\"\",\"mx8f_title_\":\"\",\"mx8f_cat_font_title\":\"Article category tag\",\"mx8f_cat_font_settings\":\"\",\"mx8f_cat_font_family\":\"\",\"mx8f_cat_font_size\":\"\",\"mx8f_cat_font_line_height\":\"\",\"mx8f_cat_font_style\":\"\",\"mx8f_cat_font_weight\":\"\",\"mx8f_cat_font_transform\":\"\",\"mx8f_cat_font_spacing\":\"\",\"mx8f_cat_\":\"\",\"mx8f_meta_font_title\":\"Article meta info\",\"mx8f_meta_font_settings\":\"\",\"mx8f_meta_font_family\":\"\",\"mx8f_meta_font_size\":\"\",\"mx8f_meta_font_line_height\":\"\",\"mx8f_meta_font_style\":\"\",\"mx8f_meta_font_weight\":\"\",\"mx8f_meta_font_transform\":\"\",\"mx8f_meta_font_spacing\":\"\",\"mx8f_meta_\":\"\",\"m10f_title_font_header\":\"\",\"m10f_title_font_title\":\"Article title\",\"m10f_title_font_settings\":\"\",\"m10f_title_font_family\":\"\",\"m10f_title_font_size\":\"\",\"m10f_title_font_line_height\":\"\",\"m10f_title_font_style\":\"\",\"m10f_title_font_weight\":\"\",\"m10f_title_font_transform\":\"\",\"m10f_title_font_spacing\":\"\",\"m10f_title_\":\"\",\"m10f_cat_font_title\":\"Article category tag\",\"m10f_cat_font_settings\":\"\",\"m10f_cat_font_family\":\"\",\"m10f_cat_font_size\":\"\",\"m10f_cat_font_line_height\":\"\",\"m10f_cat_font_style\":\"\",\"m10f_cat_font_weight\":\"\",\"m10f_cat_font_transform\":\"\",\"m10f_cat_font_spacing\":\"\",\"m10f_cat_\":\"\",\"m10f_meta_font_title\":\"Article meta info\",\"m10f_meta_font_settings\":\"\",\"m10f_meta_font_family\":\"\",\"m10f_meta_font_size\":\"\",\"m10f_meta_font_line_height\":\"\",\"m10f_meta_font_style\":\"\",\"m10f_meta_font_weight\":\"\",\"m10f_meta_font_transform\":\"\",\"m10f_meta_font_spacing\":\"\",\"m10f_meta_\":\"\",\"m10f_ex_font_title\":\"Article excerpt\",\"m10f_ex_font_settings\":\"\",\"m10f_ex_font_family\":\"\",\"m10f_ex_font_size\":\"\",\"m10f_ex_font_line_height\":\"\",\"m10f_ex_font_style\":\"\",\"m10f_ex_font_weight\":\"\",\"m10f_ex_font_transform\":\"\",\"m10f_ex_font_spacing\":\"\",\"m10f_ex_\":\"\",\"mx2f_title_font_header\":\"\",\"mx2f_title_font_title\":\"Article title\",\"mx2f_title_font_settings\":\"\",\"mx2f_title_font_family\":\"\",\"mx2f_title_font_size\":\"\",\"mx2f_title_font_line_height\":\"\",\"mx2f_title_font_style\":\"\",\"mx2f_title_font_weight\":\"\",\"mx2f_title_font_transform\":\"\",\"mx2f_title_font_spacing\":\"\",\"mx2f_title_\":\"\",\"mx2f_cat_font_title\":\"Article category tag\",\"mx2f_cat_font_settings\":\"\",\"mx2f_cat_font_family\":\"\",\"mx2f_cat_font_size\":\"\",\"mx2f_cat_font_line_height\":\"\",\"mx2f_cat_font_style\":\"\",\"mx2f_cat_font_weight\":\"\",\"mx2f_cat_font_transform\":\"\",\"mx2f_cat_font_spacing\":\"\",\"mx2f_cat_\":\"\",\"mx2f_meta_font_title\":\"Article meta info\",\"mx2f_meta_font_settings\":\"\",\"mx2f_meta_font_family\":\"\",\"mx2f_meta_font_size\":\"\",\"mx2f_meta_font_line_height\":\"\",\"mx2f_meta_font_style\":\"\",\"mx2f_meta_font_weight\":\"\",\"mx2f_meta_font_transform\":\"\",\"mx2f_meta_font_spacing\":\"\",\"mx2f_meta_\":\"\",\"ajax_pagination_infinite_stop\":\"\",\"css\":\"\",\"tdc_css\":\"\",\"td_column_number\":1,\"header_color\":\"\",\"color_preset\":\"\",\"border_top\":\"\",\"class\":\"td_uid_69_69f066d2cf4e0_rand\",\"tdc_css_class\":\"td_uid_69_69f066d2cf4e0_rand\",\"tdc_css_class_style\":\"td_uid_69_69f066d2cf4e0_rand_style\"}';\nblock_td_uid_69_69f066d2cf4e0.td_column_number = \"1\";\nblock_td_uid_69_69f066d2cf4e0.block_type = \"td_block_18\";\nblock_td_uid_69_69f066d2cf4e0.post_count = \"3\";\nblock_td_uid_69_69f066d2cf4e0.found_posts = \"2754\";\nblock_td_uid_69_69f066d2cf4e0.header_color = \"\";\nblock_td_uid_69_69f066d2cf4e0.ajax_pagination_infinite_stop = \"\";\nblock_td_uid_69_69f066d2cf4e0.max_num_pages = \"918\";\ntdBlocksArray.push(block_td_uid_69_69f066d2cf4e0);\n<\/script><div class=\"td-block-title-wrap\"><\/div><div id=td_uid_69_69f066d2cf4e0 class=\"td_block_inner td-column-1\">\r\n        <div class=\"td_module_mx8 td_module_wrap td-animation-stack\">\r\n            <div class=\"meta-info-container\">\r\n                <div class=\"td-module-thumb\"><a href=\"https:\/\/www.africa-press.net\/benin\/sports\/mondial-u17-amazones-battent-burkina-faso-au-second-tour\" rel=\"bookmark\" class=\"td-image-wrap\" title=\"Mondial U17: Amazones Battent Burkina Faso Au Second Tour\"><img loading=\"lazy\" decoding=\"async\" class=\"entry-thumb\" src=\"data:image\/png;base64,iVBORw0KGgoAAAANSUhEUgAAArgAAAGBAQMAAAC3k1CUAAAAA1BMVEWurq51dlI4AAAAAXRSTlMmkutdmwAAADdJREFUeNrtwTEBAAAAwiD7p7bETmAAAAAAAAAAAAAAAAAAAAAAAAAAAAAAAAAAAAAAAAAAAEDuhFgAARFpDB8AAAAASUVORK5CYII=\" alt=\"Mondial U17: Amazones Battent Burkina Faso Au Second Tour\" title=\"Mondial U17: Amazones Battent Burkina Faso Au Second Tour\" data-type=\"image_tag\" data-img-url=\"https:\/\/static.africa-press.net\/benin\/sites\/46\/2026\/04\/sm_1776565381.408937-696x385.jpg\"  width=\"696\" height=\"385\" \/><\/a><\/div>\r\n                <div class=\"td-module-meta-info\">\r\n                    <h3 class=\"entry-title td-module-title\"><a href=\"https:\/\/www.africa-press.net\/benin\/sports\/mondial-u17-amazones-battent-burkina-faso-au-second-tour\" rel=\"bookmark\" title=\"Mondial U17: Amazones Battent Burkina Faso Au Second Tour\">Mondial U17: Amazones Battent Burkina Faso Au Second Tour<\/a><\/h3>                                        <span class=\"td-author-date\">\r\n                                                <span class=\"td-post-date\"><time class=\"entry-date updated td-module-date\" datetime=\"2026-04-18T22:59:19+00:00\" >2026-04-18<\/time><\/span>                                            <\/span>\r\n                <\/div>\r\n            <\/div>\r\n\r\n        <\/div>\r\n\r\n        \r\n        <div class=\"td_module_mx2 td_module_wrap td-animation-stack\">\r\n\r\n            <div class=\"td-module-thumb\"><a href=\"https:\/\/www.africa-press.net\/benin\/sports\/senegal-celebre-sa-victoire-a-la-can-au-stade-de-france\" rel=\"bookmark\" class=\"td-image-wrap\" title=\"S\u00e9n\u00e9gal C\u00e9l\u00e8bre Sa Victoire \u00e0 la CAN au Stade de France\"><img loading=\"lazy\" decoding=\"async\" class=\"entry-thumb\" src=\"data:image\/png;base64,iVBORw0KGgoAAAANSUhEUgAAAFAAAAA8AQMAAADL6a\/PAAAAA1BMVEWurq51dlI4AAAAAXRSTlMmkutdmwAAAA5JREFUKM9jGAWjYJABAAKUAAHoEAeuAAAAAElFTkSuQmCC\" alt=\"S\u00e9n\u00e9gal C\u00e9l\u00e8bre Sa Victoire \u00e0 la CAN au Stade de France\" title=\"S\u00e9n\u00e9gal C\u00e9l\u00e8bre Sa Victoire \u00e0 la CAN au Stade de France\" data-type=\"image_tag\" data-img-url=\"https:\/\/static.africa-press.net\/benin\/sites\/46\/2026\/04\/sm_1776593108.814476-80x60.jpg\"  width=\"80\" height=\"60\" \/><\/a><\/div>\r\n            <div class=\"item-details\">\r\n                <h3 class=\"entry-title td-module-title\"><a href=\"https:\/\/www.africa-press.net\/benin\/sports\/senegal-celebre-sa-victoire-a-la-can-au-stade-de-france\" rel=\"bookmark\" title=\"S\u00e9n\u00e9gal C\u00e9l\u00e8bre Sa Victoire \u00e0 la CAN au Stade de France\">S\u00e9n\u00e9gal C\u00e9l\u00e8bre Sa Victoire \u00e0 la CAN au Stade de France<\/a><\/h3>                <div class=\"td-module-meta-info\">\r\n                                                            <span class=\"td-post-date\"><time class=\"entry-date updated td-module-date\" datetime=\"2026-03-29T21:04:00+00:00\" >2026-03-29<\/time><\/span>                                    <\/div>\r\n            <\/div>\r\n\r\n        <\/div>\r\n\r\n        \r\n        <div class=\"td_module_mx2 td_module_wrap td-animation-stack\">\r\n\r\n            <div class=\"td-module-thumb\"><a href=\"https:\/\/www.africa-press.net\/benin\/sports\/vol-a-lhotel-de-lequipe-nationale-du-ghana-en-autriche\" rel=\"bookmark\" class=\"td-image-wrap\" title=\"Vol \u00e0 l&rsquo;h\u00f4tel de l&rsquo;\u00e9quipe nationale du Ghana en Autriche\"><img loading=\"lazy\" decoding=\"async\" class=\"entry-thumb\" src=\"data:image\/png;base64,iVBORw0KGgoAAAANSUhEUgAAAFAAAAA8AQMAAADL6a\/PAAAAA1BMVEWurq51dlI4AAAAAXRSTlMmkutdmwAAAA5JREFUKM9jGAWjYJABAAKUAAHoEAeuAAAAAElFTkSuQmCC\" alt=\"Vol \u00e0 l&#039;h\u00f4tel de l&#039;\u00e9quipe nationale du Ghana en Autriche\" title=\"Vol \u00e0 l&rsquo;h\u00f4tel de l&rsquo;\u00e9quipe nationale du Ghana en Autriche\" data-type=\"image_tag\" data-img-url=\"https:\/\/static.africa-press.net\/benin\/sites\/46\/2026\/04\/sm_1776593001.981076-80x60.jpg\"  width=\"80\" height=\"60\" \/><\/a><\/div>\r\n            <div class=\"item-details\">\r\n                <h3 class=\"entry-title td-module-title\"><a href=\"https:\/\/www.africa-press.net\/benin\/sports\/vol-a-lhotel-de-lequipe-nationale-du-ghana-en-autriche\" rel=\"bookmark\" title=\"Vol \u00e0 l&rsquo;h\u00f4tel de l&rsquo;\u00e9quipe nationale du Ghana en Autriche\">Vol \u00e0 l&rsquo;h\u00f4tel de l&rsquo;\u00e9quipe nationale du Ghana en Autriche<\/a><\/h3>                <div class=\"td-module-meta-info\">\r\n                                                            <span class=\"td-post-date\"><time class=\"entry-date updated td-module-date\" datetime=\"2026-03-29T21:02:00+00:00\" >2026-03-29<\/time><\/span>                                    <\/div>\r\n            <\/div>\r\n\r\n        <\/div>\r\n\r\n        <\/div><div class=\"td-next-prev-wrap\"><a href=\"#\" class=\"td-ajax-prev-page ajax-page-disabled\" id=\"prev-page-td_uid_69_69f066d2cf4e0\" data-td_block_id=\"td_uid_69_69f066d2cf4e0\"><i class=\"td-icon-font td-icon-menu-left\"><\/i><\/a><a href=\"#\"  class=\"td-ajax-next-page\" id=\"next-page-td_uid_69_69f066d2cf4e0\" data-td_block_id=\"td_uid_69_69f066d2cf4e0\"><i class=\"td-icon-font td-icon-menu-right\"><\/i><\/a><\/div><\/div> <!-- .\/block --><\/div><\/div><\/div><div class=\"vc_column_inner td_uid_70_69f066d2d6f3b_rand  wpb_column vc_column_container tdc-inner-column td-pb-span6\">\n<style scoped>\n\n\/* custom css *\/\n.td_uid_70_69f066d2d6f3b_rand {\r\n                    vertical-align: baseline;\r\n                }\n<\/style><div class=\"vc_column-inner\"><div class=\"wpb_wrapper\"><div class=\"td_block_wrap td_block_7 td_uid_71_69f066d2d6fd1_rand td-pb-border-top td_block_template_1 td-column-1 td_block_padding\"  data-td-block-uid=\"td_uid_71_69f066d2d6fd1\" >\n<style>\n\n\/* inline tdc_css att *\/\n\n\/* phone *\/\n@media (max-width: 767px)\n{\n.td_uid_71_69f066d2d6fd1_rand{\ndisplay:none !important;\n}\n}\n\n<\/style><script>var block_td_uid_71_69f066d2d6fd1 = new tdBlock();\nblock_td_uid_71_69f066d2d6fd1.id = \"td_uid_71_69f066d2d6fd1\";\nblock_td_uid_71_69f066d2d6fd1.atts = '{\"category_id\":\"6\",\"limit\":\"4\",\"offset\":\"3\",\"tdc_css\":\"eyJwaG9uZSI6eyJkaXNwbGF5Ijoibm9uZSJ9LCJwaG9uZV9tYXhfd2lkdGgiOjc2N30=\",\"separator\":\"\",\"custom_title\":\"\",\"custom_url\":\"\",\"block_template_id\":\"\",\"m6_tl\":\"\",\"post_ids\":\"\",\"category_ids\":\"\",\"tag_slug\":\"\",\"autors_id\":\"\",\"installed_post_types\":\"\",\"sort\":\"\",\"show_modified_date\":\"\",\"el_class\":\"\",\"td_ajax_filter_type\":\"\",\"td_ajax_filter_ids\":\"\",\"td_filter_default_txt\":\"All\",\"td_ajax_preloading\":\"\",\"f_header_font_header\":\"\",\"f_header_font_title\":\"Block header\",\"f_header_font_settings\":\"\",\"f_header_font_family\":\"\",\"f_header_font_size\":\"\",\"f_header_font_line_height\":\"\",\"f_header_font_style\":\"\",\"f_header_font_weight\":\"\",\"f_header_font_transform\":\"\",\"f_header_font_spacing\":\"\",\"f_header_\":\"\",\"f_ajax_font_title\":\"Ajax categories\",\"f_ajax_font_settings\":\"\",\"f_ajax_font_family\":\"\",\"f_ajax_font_size\":\"\",\"f_ajax_font_line_height\":\"\",\"f_ajax_font_style\":\"\",\"f_ajax_font_weight\":\"\",\"f_ajax_font_transform\":\"\",\"f_ajax_font_spacing\":\"\",\"f_ajax_\":\"\",\"f_more_font_title\":\"Load more button\",\"f_more_font_settings\":\"\",\"f_more_font_family\":\"\",\"f_more_font_size\":\"\",\"f_more_font_line_height\":\"\",\"f_more_font_style\":\"\",\"f_more_font_weight\":\"\",\"f_more_font_transform\":\"\",\"f_more_font_spacing\":\"\",\"f_more_\":\"\",\"m6f_title_font_header\":\"\",\"m6f_title_font_title\":\"Article title\",\"m6f_title_font_settings\":\"\",\"m6f_title_font_family\":\"\",\"m6f_title_font_size\":\"\",\"m6f_title_font_line_height\":\"\",\"m6f_title_font_style\":\"\",\"m6f_title_font_weight\":\"\",\"m6f_title_font_transform\":\"\",\"m6f_title_font_spacing\":\"\",\"m6f_title_\":\"\",\"m6f_cat_font_title\":\"Article category tag\",\"m6f_cat_font_settings\":\"\",\"m6f_cat_font_family\":\"\",\"m6f_cat_font_size\":\"\",\"m6f_cat_font_line_height\":\"\",\"m6f_cat_font_style\":\"\",\"m6f_cat_font_weight\":\"\",\"m6f_cat_font_transform\":\"\",\"m6f_cat_font_spacing\":\"\",\"m6f_cat_\":\"\",\"m6f_meta_font_title\":\"Article meta info\",\"m6f_meta_font_settings\":\"\",\"m6f_meta_font_family\":\"\",\"m6f_meta_font_size\":\"\",\"m6f_meta_font_line_height\":\"\",\"m6f_meta_font_style\":\"\",\"m6f_meta_font_weight\":\"\",\"m6f_meta_font_transform\":\"\",\"m6f_meta_font_spacing\":\"\",\"m6f_meta_\":\"\",\"ajax_pagination\":\"\",\"ajax_pagination_infinite_stop\":\"\",\"css\":\"\",\"td_column_number\":1,\"header_color\":\"\",\"color_preset\":\"\",\"border_top\":\"\",\"class\":\"td_uid_71_69f066d2d6fd1_rand\",\"tdc_css_class\":\"td_uid_71_69f066d2d6fd1_rand\",\"tdc_css_class_style\":\"td_uid_71_69f066d2d6fd1_rand_style\"}';\nblock_td_uid_71_69f066d2d6fd1.td_column_number = \"1\";\nblock_td_uid_71_69f066d2d6fd1.block_type = \"td_block_7\";\nblock_td_uid_71_69f066d2d6fd1.post_count = \"4\";\nblock_td_uid_71_69f066d2d6fd1.found_posts = \"2754\";\nblock_td_uid_71_69f066d2d6fd1.header_color = \"\";\nblock_td_uid_71_69f066d2d6fd1.ajax_pagination_infinite_stop = \"\";\nblock_td_uid_71_69f066d2d6fd1.max_num_pages = \"688\";\ntdBlocksArray.push(block_td_uid_71_69f066d2d6fd1);\n<\/script><div class=\"td-block-title-wrap\"><\/div><div id=td_uid_71_69f066d2d6fd1 class=\"td_block_inner\">\n\n\t<div class=\"td-block-span12\">\n\r\n        <div class=\"td_module_6 td_module_wrap td-animation-stack\">\r\n\r\n        <div class=\"td-module-thumb\"><a href=\"https:\/\/www.africa-press.net\/benin\/sports\/dakar-se-prepare-pour-les-jeux-olympiques-de-la-jeunesse\" rel=\"bookmark\" class=\"td-image-wrap\" title=\"Dakar Se Pr\u00e9pare Pour Les Jeux Olympiques De La Jeunesse\"><img loading=\"lazy\" decoding=\"async\" class=\"entry-thumb\" src=\"data:image\/png;base64,iVBORw0KGgoAAAANSUhEUgAAAGQAAABGAQMAAAAASKMqAAAAA1BMVEWurq51dlI4AAAAAXRSTlMmkutdmwAAABBJREFUKM9jGAWjYBQMKwAAA9QAAQWBn6cAAAAASUVORK5CYII=\" alt=\"Dakar Se Pr\u00e9pare Pour Les Jeux Olympiques De La Jeunesse\" title=\"Dakar Se Pr\u00e9pare Pour Les Jeux Olympiques De La Jeunesse\" data-type=\"image_tag\" data-img-url=\"https:\/\/static.africa-press.net\/benin\/sites\/46\/2026\/04\/sm_1776592900.154296-100x70.jpg\"  width=\"100\" height=\"70\" \/><\/a><\/div>\r\n        <div class=\"item-details\">\r\n            <h3 class=\"entry-title td-module-title\"><a href=\"https:\/\/www.africa-press.net\/benin\/sports\/dakar-se-prepare-pour-les-jeux-olympiques-de-la-jeunesse\" rel=\"bookmark\" title=\"Dakar Se Pr\u00e9pare Pour Les Jeux Olympiques De La Jeunesse\">Dakar Se Pr\u00e9pare Pour Les Jeux Olympiques De La Jeunesse<\/a><\/h3>            <div class=\"td-module-meta-info\">\r\n                                                <span class=\"td-post-date\"><time class=\"entry-date updated td-module-date\" datetime=\"2026-03-29T21:00:00+00:00\" >2026-03-29<\/time><\/span>                            <\/div>\r\n        <\/div>\r\n\r\n        <\/div>\r\n\r\n        \n\t<\/div> <!-- .\/td-block-span12 -->\n\n\t<div class=\"td-block-span12\">\n\r\n        <div class=\"td_module_6 td_module_wrap td-animation-stack\">\r\n\r\n        <div class=\"td-module-thumb\"><a href=\"https:\/\/www.africa-press.net\/benin\/sports\/football-la-can-va-passer-de-24-a-28-equipes-en-2028\" rel=\"bookmark\" class=\"td-image-wrap\" title=\"Football: la CAN Va Passer de 24 A\u0300 28 E\u0301quipes en 2028\"><img loading=\"lazy\" decoding=\"async\" class=\"entry-thumb\" src=\"data:image\/png;base64,iVBORw0KGgoAAAANSUhEUgAAAGQAAABGAQMAAAAASKMqAAAAA1BMVEWurq51dlI4AAAAAXRSTlMmkutdmwAAABBJREFUKM9jGAWjYBQMKwAAA9QAAQWBn6cAAAAASUVORK5CYII=\" alt=\"Football: la CAN Va Passer de 24 A\u0300 28 E\u0301quipes en 2028\" title=\"Football: la CAN Va Passer de 24 A\u0300 28 E\u0301quipes en 2028\" data-type=\"image_tag\" data-img-url=\"https:\/\/static.africa-press.net\/benin\/sites\/46\/2026\/04\/sm_1776592766.663306-100x70.jpg\"  width=\"100\" height=\"70\" \/><\/a><\/div>\r\n        <div class=\"item-details\">\r\n            <h3 class=\"entry-title td-module-title\"><a href=\"https:\/\/www.africa-press.net\/benin\/sports\/football-la-can-va-passer-de-24-a-28-equipes-en-2028\" rel=\"bookmark\" title=\"Football: la CAN Va Passer de 24 A\u0300 28 E\u0301quipes en 2028\">Football: la CAN Va Passer de 24 A\u0300 28 E\u0301quipes en...<\/a><\/h3>            <div class=\"td-module-meta-info\">\r\n                                                <span class=\"td-post-date\"><time class=\"entry-date updated td-module-date\" datetime=\"2026-03-29T20:56:00+00:00\" >2026-03-29<\/time><\/span>                            <\/div>\r\n        <\/div>\r\n\r\n        <\/div>\r\n\r\n        \n\t<\/div> <!-- .\/td-block-span12 -->\n\n\t<div class=\"td-block-span12\">\n\r\n        <div class=\"td_module_6 td_module_wrap td-animation-stack\">\r\n\r\n        <div class=\"td-module-thumb\"><a href=\"https:\/\/www.africa-press.net\/benin\/sports\/barrages-intercontinentaux-espoir-de-la-rdc-en-coupe\" rel=\"bookmark\" class=\"td-image-wrap\" title=\"Barrages Intercontinentaux: Espoir de la RDC en Coupe\"><img loading=\"lazy\" decoding=\"async\" class=\"entry-thumb\" src=\"data:image\/png;base64,iVBORw0KGgoAAAANSUhEUgAAAGQAAABGAQMAAAAASKMqAAAAA1BMVEWurq51dlI4AAAAAXRSTlMmkutdmwAAABBJREFUKM9jGAWjYBQMKwAAA9QAAQWBn6cAAAAASUVORK5CYII=\" alt=\"Barrages Intercontinentaux: Espoir de la RDC en Coupe\" title=\"Barrages Intercontinentaux: Espoir de la RDC en Coupe\" data-type=\"image_tag\" data-img-url=\"https:\/\/static.africa-press.net\/benin\/sites\/46\/2026\/04\/sm_1776592460.407133-100x70.jpg\"  width=\"100\" height=\"70\" \/><\/a><\/div>\r\n        <div class=\"item-details\">\r\n            <h3 class=\"entry-title td-module-title\"><a href=\"https:\/\/www.africa-press.net\/benin\/sports\/barrages-intercontinentaux-espoir-de-la-rdc-en-coupe\" rel=\"bookmark\" title=\"Barrages Intercontinentaux: Espoir de la RDC en Coupe\">Barrages Intercontinentaux: Espoir de la RDC en Coupe<\/a><\/h3>            <div class=\"td-module-meta-info\">\r\n                                                <span class=\"td-post-date\"><time class=\"entry-date updated td-module-date\" datetime=\"2026-03-29T20:44:00+00:00\" >2026-03-29<\/time><\/span>                            <\/div>\r\n        <\/div>\r\n\r\n        <\/div>\r\n\r\n        \n\t<\/div> <!-- .\/td-block-span12 -->\n\n\t<div class=\"td-block-span12\">\n\r\n        <div class=\"td_module_6 td_module_wrap td-animation-stack\">\r\n\r\n        <div class=\"td-module-thumb\"><a href=\"https:\/\/www.africa-press.net\/benin\/sports\/rassemblement-des-leopards-pour-barrages-mondial-2026\" rel=\"bookmark\" class=\"td-image-wrap\" title=\"Rassemblement des L\u00e9opards pour Barrages Mondial 2026\"><img loading=\"lazy\" decoding=\"async\" class=\"entry-thumb\" src=\"data:image\/png;base64,iVBORw0KGgoAAAANSUhEUgAAAGQAAABGAQMAAAAASKMqAAAAA1BMVEWurq51dlI4AAAAAXRSTlMmkutdmwAAABBJREFUKM9jGAWjYBQMKwAAA9QAAQWBn6cAAAAASUVORK5CYII=\" alt=\"Rassemblement des L\u00e9opards pour Barrages Mondial 2026\" title=\"Rassemblement des L\u00e9opards pour Barrages Mondial 2026\" data-type=\"image_tag\" data-img-url=\"https:\/\/static.africa-press.net\/benin\/sites\/46\/2026\/04\/sm_1776593733.641953-100x70.jpg\"  width=\"100\" height=\"70\" \/><\/a><\/div>\r\n        <div class=\"item-details\">\r\n            <h3 class=\"entry-title td-module-title\"><a href=\"https:\/\/www.africa-press.net\/benin\/sports\/rassemblement-des-leopards-pour-barrages-mondial-2026\" rel=\"bookmark\" title=\"Rassemblement des L\u00e9opards pour Barrages Mondial 2026\">Rassemblement des L\u00e9opards pour Barrages Mondial 2026<\/a><\/h3>            <div class=\"td-module-meta-info\">\r\n                                                <span class=\"td-post-date\"><time class=\"entry-date updated td-module-date\" datetime=\"2026-03-24T21:28:00+00:00\" >2026-03-24<\/time><\/span>                            <\/div>\r\n        <\/div>\r\n\r\n        <\/div>\r\n\r\n        \n\t<\/div> <!-- .\/td-block-span12 --><\/div><\/div> <!-- .\/block --><\/div><\/div><\/div><\/div><div class=\"tdm_block td_block_wrap tdm_block_button td_uid_72_69f066d2dea01_rand tdm-block-button-inline tdm-content-horiz-right td-pb-border-top main-box-btn-green-en td_block_template_1\"  data-td-block-uid=\"td_uid_72_69f066d2dea01\"     >\n<style>\n.td_uid_73_69f066d2ded2e i:first-child {\r\n\t\t\t\t\tmargin-right: 14px;\r\n\t\t\t\t}\n<\/style><div class=\"tds-button td-fix-index\"><a \r\n                href=\"\/benin\/Sports\" \r\n                class=\"tds-button1 tdm-btn tdm-btn-sm td_uid_73_69f066d2ded2e\"  target=\"_blank\" ><i class=\"tdc-font-fa tdc-font-fa-arrow-right\"><\/i><span class=\"tdm-btn-text\">Plus de Nouvelles<\/span><\/a><\/div><\/div><div class=\"wpb_wrapper td_block_wrap vc_raw_html td_uid_74_69f066d2def0b_rand \"><div class=\"td-fix-index\"><div class=\"td-block-title-wrap\"><h4 class=\"block-title\"><a href=\"\/benin\/Dossiers\" class=\"td-pulldown-size\">Dossiers<\/a><\/h4><\/div><\/div><\/div><div id=\"main-box\" class=\"vc_row_inner td_uid_75_69f066d2def2f_rand  vc_row vc_inner wpb_row td-pb-row\" >\n<style scoped>\n\n\/* custom css *\/\n.td_uid_75_69f066d2def2f_rand {\r\n                    position: relative !important;\r\n                    top: 0;\r\n                    transform: none;\r\n                    -webkit-transform: none;\r\n                }\n<\/style><div class=\"vc_column_inner td_uid_76_69f066d2defb3_rand  wpb_column vc_column_container tdc-inner-column td-pb-span6\">\n<style scoped>\n\n\/* custom css *\/\n.td_uid_76_69f066d2defb3_rand {\r\n                    vertical-align: baseline;\r\n                }\n<\/style><div class=\"vc_column-inner\"><div class=\"wpb_wrapper\"><div class=\"td_block_wrap td_block_18 td_uid_77_69f066d2df03b_rand td_with_ajax_pagination td-pb-border-top td_block_template_1 td-column-1\"  data-td-block-uid=\"td_uid_77_69f066d2df03b\" ><script>var block_td_uid_77_69f066d2df03b = new tdBlock();\nblock_td_uid_77_69f066d2df03b.id = \"td_uid_77_69f066d2df03b\";\nblock_td_uid_77_69f066d2df03b.atts = '{\"category_id\":\"7\",\"limit\":\"3\",\"ajax_pagination\":\"next_prev\",\"tdc_css\":\"\",\"separator\":\"\",\"custom_title\":\"\",\"custom_url\":\"\",\"block_template_id\":\"\",\"mx8_tl\":\"\",\"m10_tl\":\"\",\"m10_el\":\"\",\"mx2_tl\":\"\",\"post_ids\":\"\",\"category_ids\":\"\",\"tag_slug\":\"\",\"autors_id\":\"\",\"installed_post_types\":\"\",\"sort\":\"\",\"offset\":\"\",\"show_modified_date\":\"\",\"el_class\":\"\",\"td_ajax_filter_type\":\"\",\"td_ajax_filter_ids\":\"\",\"td_filter_default_txt\":\"All\",\"td_ajax_preloading\":\"\",\"f_header_font_header\":\"\",\"f_header_font_title\":\"Block header\",\"f_header_font_settings\":\"\",\"f_header_font_family\":\"\",\"f_header_font_size\":\"\",\"f_header_font_line_height\":\"\",\"f_header_font_style\":\"\",\"f_header_font_weight\":\"\",\"f_header_font_transform\":\"\",\"f_header_font_spacing\":\"\",\"f_header_\":\"\",\"f_ajax_font_title\":\"Ajax categories\",\"f_ajax_font_settings\":\"\",\"f_ajax_font_family\":\"\",\"f_ajax_font_size\":\"\",\"f_ajax_font_line_height\":\"\",\"f_ajax_font_style\":\"\",\"f_ajax_font_weight\":\"\",\"f_ajax_font_transform\":\"\",\"f_ajax_font_spacing\":\"\",\"f_ajax_\":\"\",\"f_more_font_title\":\"Load more button\",\"f_more_font_settings\":\"\",\"f_more_font_family\":\"\",\"f_more_font_size\":\"\",\"f_more_font_line_height\":\"\",\"f_more_font_style\":\"\",\"f_more_font_weight\":\"\",\"f_more_font_transform\":\"\",\"f_more_font_spacing\":\"\",\"f_more_\":\"\",\"mx8f_title_font_header\":\"\",\"mx8f_title_font_title\":\"Article title\",\"mx8f_title_font_settings\":\"\",\"mx8f_title_font_family\":\"\",\"mx8f_title_font_size\":\"\",\"mx8f_title_font_line_height\":\"\",\"mx8f_title_font_style\":\"\",\"mx8f_title_font_weight\":\"\",\"mx8f_title_font_transform\":\"\",\"mx8f_title_font_spacing\":\"\",\"mx8f_title_\":\"\",\"mx8f_cat_font_title\":\"Article category tag\",\"mx8f_cat_font_settings\":\"\",\"mx8f_cat_font_family\":\"\",\"mx8f_cat_font_size\":\"\",\"mx8f_cat_font_line_height\":\"\",\"mx8f_cat_font_style\":\"\",\"mx8f_cat_font_weight\":\"\",\"mx8f_cat_font_transform\":\"\",\"mx8f_cat_font_spacing\":\"\",\"mx8f_cat_\":\"\",\"mx8f_meta_font_title\":\"Article meta info\",\"mx8f_meta_font_settings\":\"\",\"mx8f_meta_font_family\":\"\",\"mx8f_meta_font_size\":\"\",\"mx8f_meta_font_line_height\":\"\",\"mx8f_meta_font_style\":\"\",\"mx8f_meta_font_weight\":\"\",\"mx8f_meta_font_transform\":\"\",\"mx8f_meta_font_spacing\":\"\",\"mx8f_meta_\":\"\",\"m10f_title_font_header\":\"\",\"m10f_title_font_title\":\"Article title\",\"m10f_title_font_settings\":\"\",\"m10f_title_font_family\":\"\",\"m10f_title_font_size\":\"\",\"m10f_title_font_line_height\":\"\",\"m10f_title_font_style\":\"\",\"m10f_title_font_weight\":\"\",\"m10f_title_font_transform\":\"\",\"m10f_title_font_spacing\":\"\",\"m10f_title_\":\"\",\"m10f_cat_font_title\":\"Article category tag\",\"m10f_cat_font_settings\":\"\",\"m10f_cat_font_family\":\"\",\"m10f_cat_font_size\":\"\",\"m10f_cat_font_line_height\":\"\",\"m10f_cat_font_style\":\"\",\"m10f_cat_font_weight\":\"\",\"m10f_cat_font_transform\":\"\",\"m10f_cat_font_spacing\":\"\",\"m10f_cat_\":\"\",\"m10f_meta_font_title\":\"Article meta info\",\"m10f_meta_font_settings\":\"\",\"m10f_meta_font_family\":\"\",\"m10f_meta_font_size\":\"\",\"m10f_meta_font_line_height\":\"\",\"m10f_meta_font_style\":\"\",\"m10f_meta_font_weight\":\"\",\"m10f_meta_font_transform\":\"\",\"m10f_meta_font_spacing\":\"\",\"m10f_meta_\":\"\",\"m10f_ex_font_title\":\"Article excerpt\",\"m10f_ex_font_settings\":\"\",\"m10f_ex_font_family\":\"\",\"m10f_ex_font_size\":\"\",\"m10f_ex_font_line_height\":\"\",\"m10f_ex_font_style\":\"\",\"m10f_ex_font_weight\":\"\",\"m10f_ex_font_transform\":\"\",\"m10f_ex_font_spacing\":\"\",\"m10f_ex_\":\"\",\"mx2f_title_font_header\":\"\",\"mx2f_title_font_title\":\"Article title\",\"mx2f_title_font_settings\":\"\",\"mx2f_title_font_family\":\"\",\"mx2f_title_font_size\":\"\",\"mx2f_title_font_line_height\":\"\",\"mx2f_title_font_style\":\"\",\"mx2f_title_font_weight\":\"\",\"mx2f_title_font_transform\":\"\",\"mx2f_title_font_spacing\":\"\",\"mx2f_title_\":\"\",\"mx2f_cat_font_title\":\"Article category tag\",\"mx2f_cat_font_settings\":\"\",\"mx2f_cat_font_family\":\"\",\"mx2f_cat_font_size\":\"\",\"mx2f_cat_font_line_height\":\"\",\"mx2f_cat_font_style\":\"\",\"mx2f_cat_font_weight\":\"\",\"mx2f_cat_font_transform\":\"\",\"mx2f_cat_font_spacing\":\"\",\"mx2f_cat_\":\"\",\"mx2f_meta_font_title\":\"Article meta info\",\"mx2f_meta_font_settings\":\"\",\"mx2f_meta_font_family\":\"\",\"mx2f_meta_font_size\":\"\",\"mx2f_meta_font_line_height\":\"\",\"mx2f_meta_font_style\":\"\",\"mx2f_meta_font_weight\":\"\",\"mx2f_meta_font_transform\":\"\",\"mx2f_meta_font_spacing\":\"\",\"mx2f_meta_\":\"\",\"ajax_pagination_infinite_stop\":\"\",\"css\":\"\",\"td_column_number\":1,\"header_color\":\"\",\"color_preset\":\"\",\"border_top\":\"\",\"class\":\"td_uid_77_69f066d2df03b_rand\",\"tdc_css_class\":\"td_uid_77_69f066d2df03b_rand\",\"tdc_css_class_style\":\"td_uid_77_69f066d2df03b_rand_style\"}';\nblock_td_uid_77_69f066d2df03b.td_column_number = \"1\";\nblock_td_uid_77_69f066d2df03b.block_type = \"td_block_18\";\nblock_td_uid_77_69f066d2df03b.post_count = \"3\";\nblock_td_uid_77_69f066d2df03b.found_posts = \"374\";\nblock_td_uid_77_69f066d2df03b.header_color = \"\";\nblock_td_uid_77_69f066d2df03b.ajax_pagination_infinite_stop = \"\";\nblock_td_uid_77_69f066d2df03b.max_num_pages = \"125\";\ntdBlocksArray.push(block_td_uid_77_69f066d2df03b);\n<\/script><div class=\"td-block-title-wrap\"><\/div><div id=td_uid_77_69f066d2df03b class=\"td_block_inner td-column-1\">\r\n        <div class=\"td_module_mx8 td_module_wrap td-animation-stack\">\r\n            <div class=\"meta-info-container\">\r\n                <div class=\"td-module-thumb\"><a href=\"https:\/\/www.africa-press.net\/benin\/politique\/fermeture-dormuz-lafrique-peut%e2%80%90elle-combler-le-manque\" rel=\"bookmark\" class=\"td-image-wrap\" title=\"Fermeture D\u2019Ormuz: L\u2019Afrique Peut\u2010Elle Combler le Manque?\"><img loading=\"lazy\" decoding=\"async\" class=\"entry-thumb\" src=\"data:image\/png;base64,iVBORw0KGgoAAAANSUhEUgAAArgAAAGBAQMAAAC3k1CUAAAAA1BMVEWurq51dlI4AAAAAXRSTlMmkutdmwAAADdJREFUeNrtwTEBAAAAwiD7p7bETmAAAAAAAAAAAAAAAAAAAAAAAAAAAAAAAAAAAAAAAAAAAEDuhFgAARFpDB8AAAAASUVORK5CYII=\" alt=\"Fermeture D\u2019Ormuz: L\u2019Afrique Peut\u2010Elle Combler le Manque?\" title=\"Fermeture D\u2019Ormuz: L\u2019Afrique Peut\u2010Elle Combler le Manque?\" data-type=\"image_tag\" data-img-url=\"https:\/\/static.africa-press.net\/benin\/sites\/46\/2026\/04\/sm_1776630298.694898-696x385.jpg\"  width=\"696\" height=\"385\" \/><\/a><\/div>\r\n                <div class=\"td-module-meta-info\">\r\n                    <h3 class=\"entry-title td-module-title\"><a href=\"https:\/\/www.africa-press.net\/benin\/politique\/fermeture-dormuz-lafrique-peut%e2%80%90elle-combler-le-manque\" rel=\"bookmark\" title=\"Fermeture D\u2019Ormuz: L\u2019Afrique Peut\u2010Elle Combler le Manque?\">Fermeture D\u2019Ormuz: L\u2019Afrique Peut\u2010Elle Combler le Manque?<\/a><\/h3>                                        <span class=\"td-author-date\">\r\n                                                <span class=\"td-post-date\"><time class=\"entry-date updated td-module-date\" datetime=\"2026-03-17T16:40:00+00:00\" >2026-03-17<\/time><\/span>                                            <\/span>\r\n                <\/div>\r\n            <\/div>\r\n\r\n        <\/div>\r\n\r\n        \r\n        <div class=\"td_module_mx2 td_module_wrap td-animation-stack\">\r\n\r\n            <div class=\"td-module-thumb\"><a href=\"https:\/\/www.africa-press.net\/benin\/politique\/benin-talon-refuse-de-reamenager-son-gouvernement\" rel=\"bookmark\" class=\"td-image-wrap\" title=\"Be\u0301nin: Talon Refuse de Re\u0301ame\u0301nager Son Gouvernement\"><img loading=\"lazy\" decoding=\"async\" class=\"entry-thumb\" src=\"data:image\/png;base64,iVBORw0KGgoAAAANSUhEUgAAAFAAAAA8AQMAAADL6a\/PAAAAA1BMVEWurq51dlI4AAAAAXRSTlMmkutdmwAAAA5JREFUKM9jGAWjYJABAAKUAAHoEAeuAAAAAElFTkSuQmCC\" alt=\"Be\u0301nin: Talon Refuse de Re\u0301ame\u0301nager Son Gouvernement\" title=\"Be\u0301nin: Talon Refuse de Re\u0301ame\u0301nager Son Gouvernement\" data-type=\"image_tag\" data-img-url=\"https:\/\/static.africa-press.net\/benin\/sites\/46\/2026\/02\/sm_1771629271.466871-80x60.jpg\"  width=\"80\" height=\"60\" \/><\/a><\/div>\r\n            <div class=\"item-details\">\r\n                <h3 class=\"entry-title td-module-title\"><a href=\"https:\/\/www.africa-press.net\/benin\/politique\/benin-talon-refuse-de-reamenager-son-gouvernement\" rel=\"bookmark\" title=\"Be\u0301nin: Talon Refuse de Re\u0301ame\u0301nager Son Gouvernement\">Be\u0301nin: Talon Refuse de Re\u0301ame\u0301nager Son Gouvernement<\/a><\/h3>                <div class=\"td-module-meta-info\">\r\n                                                            <span class=\"td-post-date\"><time class=\"entry-date updated td-module-date\" datetime=\"2026-02-20T22:49:24+00:00\" >2026-02-20<\/time><\/span>                                    <\/div>\r\n            <\/div>\r\n\r\n        <\/div>\r\n\r\n        \r\n        <div class=\"td_module_mx2 td_module_wrap td-animation-stack\">\r\n\r\n            <div class=\"td-module-thumb\"><a href=\"https:\/\/www.africa-press.net\/benin\/economie\/consequences-sanitaires-dramatiques-apres-coups-usaid\" rel=\"bookmark\" class=\"td-image-wrap\" title=\"Cons\u00e9quences Sanitaires Dramatiques Apr\u00e8s Coups USAID\"><img loading=\"lazy\" decoding=\"async\" class=\"entry-thumb\" src=\"data:image\/png;base64,iVBORw0KGgoAAAANSUhEUgAAAFAAAAA8AQMAAADL6a\/PAAAAA1BMVEWurq51dlI4AAAAAXRSTlMmkutdmwAAAA5JREFUKM9jGAWjYJABAAKUAAHoEAeuAAAAAElFTkSuQmCC\" alt=\"Cons\u00e9quences Sanitaires Dramatiques Apr\u00e8s Coups USAID\" title=\"Cons\u00e9quences Sanitaires Dramatiques Apr\u00e8s Coups USAID\" data-type=\"image_tag\" data-img-url=\"https:\/\/static.africa-press.net\/benin\/sites\/46\/2026\/01\/sm_1769376477.871151-80x60.jpg\"  width=\"80\" height=\"60\" \/><\/a><\/div>\r\n            <div class=\"item-details\">\r\n                <h3 class=\"entry-title td-module-title\"><a href=\"https:\/\/www.africa-press.net\/benin\/economie\/consequences-sanitaires-dramatiques-apres-coups-usaid\" rel=\"bookmark\" title=\"Cons\u00e9quences Sanitaires Dramatiques Apr\u00e8s Coups USAID\">Cons\u00e9quences Sanitaires Dramatiques Apr\u00e8s Coups USAID<\/a><\/h3>                <div class=\"td-module-meta-info\">\r\n                                                            <span class=\"td-post-date\"><time class=\"entry-date updated td-module-date\" datetime=\"2026-01-25T21:05:18+00:00\" >2026-01-25<\/time><\/span>                                    <\/div>\r\n            <\/div>\r\n\r\n        <\/div>\r\n\r\n        <\/div><div class=\"td-next-prev-wrap\"><a href=\"#\" class=\"td-ajax-prev-page ajax-page-disabled\" id=\"prev-page-td_uid_77_69f066d2df03b\" data-td_block_id=\"td_uid_77_69f066d2df03b\"><i class=\"td-icon-font td-icon-menu-left\"><\/i><\/a><a href=\"#\"  class=\"td-ajax-next-page\" id=\"next-page-td_uid_77_69f066d2df03b\" data-td_block_id=\"td_uid_77_69f066d2df03b\"><i class=\"td-icon-font td-icon-menu-right\"><\/i><\/a><\/div><\/div> <!-- .\/block --><\/div><\/div><\/div><div class=\"vc_column_inner td_uid_78_69f066d2e2477_rand  wpb_column vc_column_container tdc-inner-column td-pb-span6\">\n<style scoped>\n\n\/* custom css *\/\n.td_uid_78_69f066d2e2477_rand {\r\n                    vertical-align: baseline;\r\n                }\n<\/style><div class=\"vc_column-inner\"><div class=\"wpb_wrapper\"><div class=\"td_block_wrap td_block_7 td_uid_79_69f066d2e250c_rand td-pb-border-top td_block_template_1 td-column-1 td_block_padding\"  data-td-block-uid=\"td_uid_79_69f066d2e250c\" >\n<style>\n\n\/* inline tdc_css att *\/\n\n\/* phone *\/\n@media (max-width: 767px)\n{\n.td_uid_79_69f066d2e250c_rand{\ndisplay:none !important;\n}\n}\n\n<\/style><script>var block_td_uid_79_69f066d2e250c = new tdBlock();\nblock_td_uid_79_69f066d2e250c.id = \"td_uid_79_69f066d2e250c\";\nblock_td_uid_79_69f066d2e250c.atts = '{\"category_id\":\"7\",\"limit\":\"4\",\"offset\":\"3\",\"tdc_css\":\"eyJwaG9uZSI6eyJkaXNwbGF5Ijoibm9uZSJ9LCJwaG9uZV9tYXhfd2lkdGgiOjc2N30=\",\"separator\":\"\",\"custom_title\":\"\",\"custom_url\":\"\",\"block_template_id\":\"\",\"m6_tl\":\"\",\"post_ids\":\"\",\"category_ids\":\"\",\"tag_slug\":\"\",\"autors_id\":\"\",\"installed_post_types\":\"\",\"sort\":\"\",\"show_modified_date\":\"\",\"el_class\":\"\",\"td_ajax_filter_type\":\"\",\"td_ajax_filter_ids\":\"\",\"td_filter_default_txt\":\"All\",\"td_ajax_preloading\":\"\",\"f_header_font_header\":\"\",\"f_header_font_title\":\"Block header\",\"f_header_font_settings\":\"\",\"f_header_font_family\":\"\",\"f_header_font_size\":\"\",\"f_header_font_line_height\":\"\",\"f_header_font_style\":\"\",\"f_header_font_weight\":\"\",\"f_header_font_transform\":\"\",\"f_header_font_spacing\":\"\",\"f_header_\":\"\",\"f_ajax_font_title\":\"Ajax categories\",\"f_ajax_font_settings\":\"\",\"f_ajax_font_family\":\"\",\"f_ajax_font_size\":\"\",\"f_ajax_font_line_height\":\"\",\"f_ajax_font_style\":\"\",\"f_ajax_font_weight\":\"\",\"f_ajax_font_transform\":\"\",\"f_ajax_font_spacing\":\"\",\"f_ajax_\":\"\",\"f_more_font_title\":\"Load more button\",\"f_more_font_settings\":\"\",\"f_more_font_family\":\"\",\"f_more_font_size\":\"\",\"f_more_font_line_height\":\"\",\"f_more_font_style\":\"\",\"f_more_font_weight\":\"\",\"f_more_font_transform\":\"\",\"f_more_font_spacing\":\"\",\"f_more_\":\"\",\"m6f_title_font_header\":\"\",\"m6f_title_font_title\":\"Article title\",\"m6f_title_font_settings\":\"\",\"m6f_title_font_family\":\"\",\"m6f_title_font_size\":\"\",\"m6f_title_font_line_height\":\"\",\"m6f_title_font_style\":\"\",\"m6f_title_font_weight\":\"\",\"m6f_title_font_transform\":\"\",\"m6f_title_font_spacing\":\"\",\"m6f_title_\":\"\",\"m6f_cat_font_title\":\"Article category tag\",\"m6f_cat_font_settings\":\"\",\"m6f_cat_font_family\":\"\",\"m6f_cat_font_size\":\"\",\"m6f_cat_font_line_height\":\"\",\"m6f_cat_font_style\":\"\",\"m6f_cat_font_weight\":\"\",\"m6f_cat_font_transform\":\"\",\"m6f_cat_font_spacing\":\"\",\"m6f_cat_\":\"\",\"m6f_meta_font_title\":\"Article meta info\",\"m6f_meta_font_settings\":\"\",\"m6f_meta_font_family\":\"\",\"m6f_meta_font_size\":\"\",\"m6f_meta_font_line_height\":\"\",\"m6f_meta_font_style\":\"\",\"m6f_meta_font_weight\":\"\",\"m6f_meta_font_transform\":\"\",\"m6f_meta_font_spacing\":\"\",\"m6f_meta_\":\"\",\"ajax_pagination\":\"\",\"ajax_pagination_infinite_stop\":\"\",\"css\":\"\",\"td_column_number\":1,\"header_color\":\"\",\"color_preset\":\"\",\"border_top\":\"\",\"class\":\"td_uid_79_69f066d2e250c_rand\",\"tdc_css_class\":\"td_uid_79_69f066d2e250c_rand\",\"tdc_css_class_style\":\"td_uid_79_69f066d2e250c_rand_style\"}';\nblock_td_uid_79_69f066d2e250c.td_column_number = \"1\";\nblock_td_uid_79_69f066d2e250c.block_type = \"td_block_7\";\nblock_td_uid_79_69f066d2e250c.post_count = \"4\";\nblock_td_uid_79_69f066d2e250c.found_posts = \"374\";\nblock_td_uid_79_69f066d2e250c.header_color = \"\";\nblock_td_uid_79_69f066d2e250c.ajax_pagination_infinite_stop = \"\";\nblock_td_uid_79_69f066d2e250c.max_num_pages = \"93\";\ntdBlocksArray.push(block_td_uid_79_69f066d2e250c);\n<\/script><div class=\"td-block-title-wrap\"><\/div><div id=td_uid_79_69f066d2e250c class=\"td_block_inner\">\n\n\t<div class=\"td-block-span12\">\n\r\n        <div class=\"td_module_6 td_module_wrap td-animation-stack\">\r\n\r\n        <div class=\"td-module-thumb\"><a href=\"https:\/\/www.africa-press.net\/benin\/politique\/portrait-du-prochain-president-du-benin-selon-les-religieux\" rel=\"bookmark\" class=\"td-image-wrap\" title=\"Portrait Du Prochain Pr\u00e9sident Du B\u00e9nin Selon Les Religieux\"><img loading=\"lazy\" decoding=\"async\" class=\"entry-thumb\" src=\"data:image\/png;base64,iVBORw0KGgoAAAANSUhEUgAAAGQAAABGAQMAAAAASKMqAAAAA1BMVEWurq51dlI4AAAAAXRSTlMmkutdmwAAABBJREFUKM9jGAWjYBQMKwAAA9QAAQWBn6cAAAAASUVORK5CYII=\" alt=\"Portrait Du Prochain Pr\u00e9sident Du B\u00e9nin Selon Les Religieux\" title=\"Portrait Du Prochain Pr\u00e9sident Du B\u00e9nin Selon Les Religieux\" data-type=\"image_tag\" data-img-url=\"https:\/\/static.africa-press.net\/benin\/sites\/46\/2026\/01\/sm_1769191486.415818-100x70.jpg\"  width=\"100\" height=\"70\" \/><\/a><\/div>\r\n        <div class=\"item-details\">\r\n            <h3 class=\"entry-title td-module-title\"><a href=\"https:\/\/www.africa-press.net\/benin\/politique\/portrait-du-prochain-president-du-benin-selon-les-religieux\" rel=\"bookmark\" title=\"Portrait Du Prochain Pr\u00e9sident Du B\u00e9nin Selon Les Religieux\">Portrait Du Prochain Pr\u00e9sident Du B\u00e9nin Selon Les Religieux<\/a><\/h3>            <div class=\"td-module-meta-info\">\r\n                                                <span class=\"td-post-date\"><time class=\"entry-date updated td-module-date\" datetime=\"2026-01-23T17:24:55+00:00\" >2026-01-23<\/time><\/span>                            <\/div>\r\n        <\/div>\r\n\r\n        <\/div>\r\n\r\n        \n\t<\/div> <!-- .\/td-block-span12 -->\n\n\t<div class=\"td-block-span12\">\n\r\n        <div class=\"td_module_6 td_module_wrap td-animation-stack\">\r\n\r\n        <div class=\"td-module-thumb\"><a href=\"https:\/\/www.africa-press.net\/benin\/politique\/ou-est-passe-pascal-tigri-chef-des-putschistes-beninois\" rel=\"bookmark\" class=\"td-image-wrap\" title=\"O\u00f9 Est Pass\u00e9 Pascal Tigri Chef Des Putschistes B\u00e9ninois\"><img loading=\"lazy\" decoding=\"async\" class=\"entry-thumb\" src=\"data:image\/png;base64,iVBORw0KGgoAAAANSUhEUgAAAGQAAABGAQMAAAAASKMqAAAAA1BMVEWurq51dlI4AAAAAXRSTlMmkutdmwAAABBJREFUKM9jGAWjYBQMKwAAA9QAAQWBn6cAAAAASUVORK5CYII=\" alt=\"O\u00f9 Est Pass\u00e9 Pascal Tigri Chef Des Putschistes B\u00e9ninois\" title=\"O\u00f9 Est Pass\u00e9 Pascal Tigri Chef Des Putschistes B\u00e9ninois\" data-type=\"image_tag\" data-img-url=\"https:\/\/static.africa-press.net\/benin\/sites\/46\/2025\/12\/sm_1766173532.776034-100x70.jpg\"  width=\"100\" height=\"70\" \/><\/a><\/div>\r\n        <div class=\"item-details\">\r\n            <h3 class=\"entry-title td-module-title\"><a href=\"https:\/\/www.africa-press.net\/benin\/politique\/ou-est-passe-pascal-tigri-chef-des-putschistes-beninois\" rel=\"bookmark\" title=\"O\u00f9 Est Pass\u00e9 Pascal Tigri Chef Des Putschistes B\u00e9ninois\">O\u00f9 Est Pass\u00e9 Pascal Tigri Chef Des Putschistes B\u00e9ninois<\/a><\/h3>            <div class=\"td-module-meta-info\">\r\n                                                <span class=\"td-post-date\"><time class=\"entry-date updated td-module-date\" datetime=\"2025-12-19T18:19:11+00:00\" >2025-12-19<\/time><\/span>                            <\/div>\r\n        <\/div>\r\n\r\n        <\/div>\r\n\r\n        \n\t<\/div> <!-- .\/td-block-span12 -->\n\n\t<div class=\"td-block-span12\">\n\r\n        <div class=\"td_module_6 td_module_wrap td-animation-stack\">\r\n\r\n        <div class=\"td-module-thumb\"><a href=\"https:\/\/www.africa-press.net\/benin\/politique\/benin-et-togo-des-voisins-si-eloignes-par-la-politique\" rel=\"bookmark\" class=\"td-image-wrap\" title=\"Be\u0301nin et Togo: des Voisins si E\u0301loigne\u0301s par la Politique\"><img loading=\"lazy\" decoding=\"async\" class=\"entry-thumb\" src=\"data:image\/png;base64,iVBORw0KGgoAAAANSUhEUgAAAGQAAABGAQMAAAAASKMqAAAAA1BMVEWurq51dlI4AAAAAXRSTlMmkutdmwAAABBJREFUKM9jGAWjYBQMKwAAA9QAAQWBn6cAAAAASUVORK5CYII=\" alt=\"Be\u0301nin et Togo: des Voisins si E\u0301loigne\u0301s par la Politique\" title=\"Be\u0301nin et Togo: des Voisins si E\u0301loigne\u0301s par la Politique\" data-type=\"image_tag\" data-img-url=\"https:\/\/static.africa-press.net\/benin\/sites\/46\/2025\/12\/sm_1765920829.392304-100x70.jpg\"  width=\"100\" height=\"70\" \/><\/a><\/div>\r\n        <div class=\"item-details\">\r\n            <h3 class=\"entry-title td-module-title\"><a href=\"https:\/\/www.africa-press.net\/benin\/politique\/benin-et-togo-des-voisins-si-eloignes-par-la-politique\" rel=\"bookmark\" title=\"Be\u0301nin et Togo: des Voisins si E\u0301loigne\u0301s par la Politique\">Be\u0301nin et Togo: des Voisins si E\u0301loigne\u0301s par la Politique<\/a><\/h3>            <div class=\"td-module-meta-info\">\r\n                                                <span class=\"td-post-date\"><time class=\"entry-date updated td-module-date\" datetime=\"2025-12-16T20:35:10+00:00\" >2025-12-16<\/time><\/span>                            <\/div>\r\n        <\/div>\r\n\r\n        <\/div>\r\n\r\n        \n\t<\/div> <!-- .\/td-block-span12 -->\n\n\t<div class=\"td-block-span12\">\n\r\n        <div class=\"td_module_6 td_module_wrap td-animation-stack\">\r\n\r\n        <div class=\"td-module-thumb\"><a href=\"https:\/\/www.africa-press.net\/benin\/dossiers\/coups-detat-en-afrique-de-louest-et-democratie-variable\" rel=\"bookmark\" class=\"td-image-wrap\" title=\"Coups D&rsquo;\u00c9tat En Afrique De L&rsquo;Ouest Et D\u00e9mocratie Variable\"><img loading=\"lazy\" decoding=\"async\" class=\"entry-thumb\" src=\"data:image\/png;base64,iVBORw0KGgoAAAANSUhEUgAAAGQAAABGAQMAAAAASKMqAAAAA1BMVEWurq51dlI4AAAAAXRSTlMmkutdmwAAABBJREFUKM9jGAWjYBQMKwAAA9QAAQWBn6cAAAAASUVORK5CYII=\" alt=\"Coups D&#039;\u00c9tat En Afrique De L&#039;Ouest Et D\u00e9mocratie Variable\" title=\"Coups D&rsquo;\u00c9tat En Afrique De L&rsquo;Ouest Et D\u00e9mocratie Variable\" data-type=\"image_tag\" data-img-url=\"https:\/\/static.africa-press.net\/benin\/sites\/46\/2025\/12\/sm_1765843134.298194-100x70.jpg\"  width=\"100\" height=\"70\" \/><\/a><\/div>\r\n        <div class=\"item-details\">\r\n            <h3 class=\"entry-title td-module-title\"><a href=\"https:\/\/www.africa-press.net\/benin\/dossiers\/coups-detat-en-afrique-de-louest-et-democratie-variable\" rel=\"bookmark\" title=\"Coups D&rsquo;\u00c9tat En Afrique De L&rsquo;Ouest Et D\u00e9mocratie Variable\">Coups D&rsquo;\u00c9tat En Afrique De L&rsquo;Ouest Et D\u00e9mocratie Variable<\/a><\/h3>            <div class=\"td-module-meta-info\">\r\n                                                <span class=\"td-post-date\"><time class=\"entry-date updated td-module-date\" datetime=\"2025-12-15T23:36:06+00:00\" >2025-12-15<\/time><\/span>                            <\/div>\r\n        <\/div>\r\n\r\n        <\/div>\r\n\r\n        \n\t<\/div> <!-- .\/td-block-span12 --><\/div><\/div> <!-- .\/block --><\/div><\/div><\/div><\/div><div class=\"tdm_block td_block_wrap tdm_block_button td_uid_80_69f066d2e5f57_rand tdm-block-button-inline tdm-content-horiz-right td-pb-border-top main-box-btn-green-en td_block_template_1\"  data-td-block-uid=\"td_uid_80_69f066d2e5f57\"     >\n<style>\n.td_uid_81_69f066d2e62df i:first-child {\r\n\t\t\t\t\tmargin-right: 14px;\r\n\t\t\t\t}\n<\/style><div class=\"tds-button td-fix-index\"><a \r\n                href=\"\/benin\/Dossiers\" \r\n                class=\"tds-button1 tdm-btn tdm-btn-sm td_uid_81_69f066d2e62df\"  target=\"_blank\" ><i class=\"tdc-font-fa tdc-font-fa-arrow-right\"><\/i><span class=\"tdm-btn-text\">Plus de Nouvelles<\/span><\/a><\/div><\/div><div class=\"wpb_wrapper td_block_wrap vc_raw_html td_uid_82_69f066d2e6503_rand \"><div class=\"td-fix-index\"><div class=\"td-block-title-wrap\"><h4 class=\"block-title\"><a href=\"\/benin\/Photos\" class=\"td-pulldown-size\">Photos<\/a><\/h4><\/div><\/div><\/div><div id=\"main-box\" class=\"vc_row_inner td_uid_83_69f066d2e6532_rand  vc_row vc_inner wpb_row td-pb-row\" >\n<style scoped>\n\n\/* custom css *\/\n.td_uid_83_69f066d2e6532_rand {\r\n                    position: relative !important;\r\n                    top: 0;\r\n                    transform: none;\r\n                    -webkit-transform: none;\r\n                }\n<\/style><div class=\"vc_column_inner td_uid_84_69f066d2e65c7_rand  wpb_column vc_column_container tdc-inner-column td-pb-span6\">\n<style scoped>\n\n\/* custom css *\/\n.td_uid_84_69f066d2e65c7_rand {\r\n                    vertical-align: baseline;\r\n                }\n<\/style><div class=\"vc_column-inner\"><div class=\"wpb_wrapper\"><div class=\"td_block_wrap td_block_18 td_uid_85_69f066d2e665e_rand td_with_ajax_pagination td-pb-border-top td_block_template_1 td-column-1\"  data-td-block-uid=\"td_uid_85_69f066d2e665e\" ><script>var block_td_uid_85_69f066d2e665e = new tdBlock();\nblock_td_uid_85_69f066d2e665e.id = \"td_uid_85_69f066d2e665e\";\nblock_td_uid_85_69f066d2e665e.atts = '{\"category_id\":\"8\",\"limit\":\"3\",\"ajax_pagination\":\"next_prev\",\"separator\":\"\",\"custom_title\":\"\",\"custom_url\":\"\",\"block_template_id\":\"\",\"mx8_tl\":\"\",\"m10_tl\":\"\",\"m10_el\":\"\",\"mx2_tl\":\"\",\"post_ids\":\"\",\"category_ids\":\"\",\"tag_slug\":\"\",\"autors_id\":\"\",\"installed_post_types\":\"\",\"sort\":\"\",\"offset\":\"\",\"show_modified_date\":\"\",\"el_class\":\"\",\"td_ajax_filter_type\":\"\",\"td_ajax_filter_ids\":\"\",\"td_filter_default_txt\":\"All\",\"td_ajax_preloading\":\"\",\"f_header_font_header\":\"\",\"f_header_font_title\":\"Block header\",\"f_header_font_settings\":\"\",\"f_header_font_family\":\"\",\"f_header_font_size\":\"\",\"f_header_font_line_height\":\"\",\"f_header_font_style\":\"\",\"f_header_font_weight\":\"\",\"f_header_font_transform\":\"\",\"f_header_font_spacing\":\"\",\"f_header_\":\"\",\"f_ajax_font_title\":\"Ajax categories\",\"f_ajax_font_settings\":\"\",\"f_ajax_font_family\":\"\",\"f_ajax_font_size\":\"\",\"f_ajax_font_line_height\":\"\",\"f_ajax_font_style\":\"\",\"f_ajax_font_weight\":\"\",\"f_ajax_font_transform\":\"\",\"f_ajax_font_spacing\":\"\",\"f_ajax_\":\"\",\"f_more_font_title\":\"Load more button\",\"f_more_font_settings\":\"\",\"f_more_font_family\":\"\",\"f_more_font_size\":\"\",\"f_more_font_line_height\":\"\",\"f_more_font_style\":\"\",\"f_more_font_weight\":\"\",\"f_more_font_transform\":\"\",\"f_more_font_spacing\":\"\",\"f_more_\":\"\",\"mx8f_title_font_header\":\"\",\"mx8f_title_font_title\":\"Article title\",\"mx8f_title_font_settings\":\"\",\"mx8f_title_font_family\":\"\",\"mx8f_title_font_size\":\"\",\"mx8f_title_font_line_height\":\"\",\"mx8f_title_font_style\":\"\",\"mx8f_title_font_weight\":\"\",\"mx8f_title_font_transform\":\"\",\"mx8f_title_font_spacing\":\"\",\"mx8f_title_\":\"\",\"mx8f_cat_font_title\":\"Article category tag\",\"mx8f_cat_font_settings\":\"\",\"mx8f_cat_font_family\":\"\",\"mx8f_cat_font_size\":\"\",\"mx8f_cat_font_line_height\":\"\",\"mx8f_cat_font_style\":\"\",\"mx8f_cat_font_weight\":\"\",\"mx8f_cat_font_transform\":\"\",\"mx8f_cat_font_spacing\":\"\",\"mx8f_cat_\":\"\",\"mx8f_meta_font_title\":\"Article meta info\",\"mx8f_meta_font_settings\":\"\",\"mx8f_meta_font_family\":\"\",\"mx8f_meta_font_size\":\"\",\"mx8f_meta_font_line_height\":\"\",\"mx8f_meta_font_style\":\"\",\"mx8f_meta_font_weight\":\"\",\"mx8f_meta_font_transform\":\"\",\"mx8f_meta_font_spacing\":\"\",\"mx8f_meta_\":\"\",\"m10f_title_font_header\":\"\",\"m10f_title_font_title\":\"Article title\",\"m10f_title_font_settings\":\"\",\"m10f_title_font_family\":\"\",\"m10f_title_font_size\":\"\",\"m10f_title_font_line_height\":\"\",\"m10f_title_font_style\":\"\",\"m10f_title_font_weight\":\"\",\"m10f_title_font_transform\":\"\",\"m10f_title_font_spacing\":\"\",\"m10f_title_\":\"\",\"m10f_cat_font_title\":\"Article category tag\",\"m10f_cat_font_settings\":\"\",\"m10f_cat_font_family\":\"\",\"m10f_cat_font_size\":\"\",\"m10f_cat_font_line_height\":\"\",\"m10f_cat_font_style\":\"\",\"m10f_cat_font_weight\":\"\",\"m10f_cat_font_transform\":\"\",\"m10f_cat_font_spacing\":\"\",\"m10f_cat_\":\"\",\"m10f_meta_font_title\":\"Article meta info\",\"m10f_meta_font_settings\":\"\",\"m10f_meta_font_family\":\"\",\"m10f_meta_font_size\":\"\",\"m10f_meta_font_line_height\":\"\",\"m10f_meta_font_style\":\"\",\"m10f_meta_font_weight\":\"\",\"m10f_meta_font_transform\":\"\",\"m10f_meta_font_spacing\":\"\",\"m10f_meta_\":\"\",\"m10f_ex_font_title\":\"Article excerpt\",\"m10f_ex_font_settings\":\"\",\"m10f_ex_font_family\":\"\",\"m10f_ex_font_size\":\"\",\"m10f_ex_font_line_height\":\"\",\"m10f_ex_font_style\":\"\",\"m10f_ex_font_weight\":\"\",\"m10f_ex_font_transform\":\"\",\"m10f_ex_font_spacing\":\"\",\"m10f_ex_\":\"\",\"mx2f_title_font_header\":\"\",\"mx2f_title_font_title\":\"Article title\",\"mx2f_title_font_settings\":\"\",\"mx2f_title_font_family\":\"\",\"mx2f_title_font_size\":\"\",\"mx2f_title_font_line_height\":\"\",\"mx2f_title_font_style\":\"\",\"mx2f_title_font_weight\":\"\",\"mx2f_title_font_transform\":\"\",\"mx2f_title_font_spacing\":\"\",\"mx2f_title_\":\"\",\"mx2f_cat_font_title\":\"Article category tag\",\"mx2f_cat_font_settings\":\"\",\"mx2f_cat_font_family\":\"\",\"mx2f_cat_font_size\":\"\",\"mx2f_cat_font_line_height\":\"\",\"mx2f_cat_font_style\":\"\",\"mx2f_cat_font_weight\":\"\",\"mx2f_cat_font_transform\":\"\",\"mx2f_cat_font_spacing\":\"\",\"mx2f_cat_\":\"\",\"mx2f_meta_font_title\":\"Article meta info\",\"mx2f_meta_font_settings\":\"\",\"mx2f_meta_font_family\":\"\",\"mx2f_meta_font_size\":\"\",\"mx2f_meta_font_line_height\":\"\",\"mx2f_meta_font_style\":\"\",\"mx2f_meta_font_weight\":\"\",\"mx2f_meta_font_transform\":\"\",\"mx2f_meta_font_spacing\":\"\",\"mx2f_meta_\":\"\",\"ajax_pagination_infinite_stop\":\"\",\"css\":\"\",\"tdc_css\":\"\",\"td_column_number\":1,\"header_color\":\"\",\"color_preset\":\"\",\"border_top\":\"\",\"class\":\"td_uid_85_69f066d2e665e_rand\",\"tdc_css_class\":\"td_uid_85_69f066d2e665e_rand\",\"tdc_css_class_style\":\"td_uid_85_69f066d2e665e_rand_style\"}';\nblock_td_uid_85_69f066d2e665e.td_column_number = \"1\";\nblock_td_uid_85_69f066d2e665e.block_type = \"td_block_18\";\nblock_td_uid_85_69f066d2e665e.post_count = \"3\";\nblock_td_uid_85_69f066d2e665e.found_posts = \"15\";\nblock_td_uid_85_69f066d2e665e.header_color = \"\";\nblock_td_uid_85_69f066d2e665e.ajax_pagination_infinite_stop = \"\";\nblock_td_uid_85_69f066d2e665e.max_num_pages = \"5\";\ntdBlocksArray.push(block_td_uid_85_69f066d2e665e);\n<\/script><div class=\"td-block-title-wrap\"><\/div><div id=td_uid_85_69f066d2e665e class=\"td_block_inner td-column-1\">\r\n        <div class=\"td_module_mx8 td_module_wrap td-animation-stack\">\r\n            <div class=\"meta-info-container\">\r\n                <div class=\"td-module-thumb\"><a href=\"https:\/\/www.africa-press.net\/benin\/politique\/africa-korede-awards-2023-louis-vlavonou-recoit-le-prix-or-special\" rel=\"bookmark\" class=\"td-image-wrap\" title=\"Africa Kor\u00e9d\u00e9 Awards 2023: Louis Vlavonou re\u00e7oit le prix Or sp\u00e9cial\"><img loading=\"lazy\" decoding=\"async\" class=\"entry-thumb\" src=\"data:image\/png;base64,iVBORw0KGgoAAAANSUhEUgAAArgAAAGBAQMAAAC3k1CUAAAAA1BMVEWurq51dlI4AAAAAXRSTlMmkutdmwAAADdJREFUeNrtwTEBAAAAwiD7p7bETmAAAAAAAAAAAAAAAAAAAAAAAAAAAAAAAAAAAAAAAAAAAEDuhFgAARFpDB8AAAAASUVORK5CYII=\" alt=\"Africa Kor\u00e9d\u00e9 Awards 2023: Louis Vlavonou re\u00e7oit le prix Or sp\u00e9cial\" title=\"Africa Kor\u00e9d\u00e9 Awards 2023: Louis Vlavonou re\u00e7oit le prix Or sp\u00e9cial\" data-type=\"image_tag\" data-img-url=\"https:\/\/static.africa-press.net\/benin\/sites\/46\/2023\/12\/sm_1702981447.980767-696x385.jpg\"  width=\"696\" height=\"385\" \/><\/a><\/div>\r\n                <div class=\"td-module-meta-info\">\r\n                    <h3 class=\"entry-title td-module-title\"><a href=\"https:\/\/www.africa-press.net\/benin\/politique\/africa-korede-awards-2023-louis-vlavonou-recoit-le-prix-or-special\" rel=\"bookmark\" title=\"Africa Kor\u00e9d\u00e9 Awards 2023: Louis Vlavonou re\u00e7oit le prix Or sp\u00e9cial\">Africa Kor\u00e9d\u00e9 Awards 2023: Louis Vlavonou re\u00e7oit le prix Or sp\u00e9cial<\/a><\/h3>                                        <span class=\"td-author-date\">\r\n                                                <span class=\"td-post-date\"><time class=\"entry-date updated td-module-date\" datetime=\"2023-12-19T12:54:23+00:00\" >2023-12-19<\/time><\/span>                                            <\/span>\r\n                <\/div>\r\n            <\/div>\r\n\r\n        <\/div>\r\n\r\n        \r\n        <div class=\"td_module_mx2 td_module_wrap td-animation-stack\">\r\n\r\n            <div class=\"td-module-thumb\"><a href=\"https:\/\/www.africa-press.net\/benin\/photo\/sommet-de-cooperation-scientifique-et-economique-entre-liran-et-les-pays-dafrique-de-louest\" rel=\"bookmark\" class=\"td-image-wrap\" title=\"Sommet de coop\u00e9ration scientifique et \u00e9conomique entre l&rsquo;Iran et les pays d&rsquo;Afrique de l&rsquo;Ouest\"><img loading=\"lazy\" decoding=\"async\" class=\"entry-thumb\" src=\"data:image\/png;base64,iVBORw0KGgoAAAANSUhEUgAAAFAAAAA8AQMAAADL6a\/PAAAAA1BMVEWurq51dlI4AAAAAXRSTlMmkutdmwAAAA5JREFUKM9jGAWjYJABAAKUAAHoEAeuAAAAAElFTkSuQmCC\" alt=\"Sommet de coop\u00e9ration scientifique et \u00e9conomique entre l&#039;Iran et les pays d&#039;Afrique de l&#039;Ouest\" title=\"Sommet de coop\u00e9ration scientifique et \u00e9conomique entre l&rsquo;Iran et les pays d&rsquo;Afrique de l&rsquo;Ouest\" data-type=\"image_tag\" data-img-url=\"https:\/\/static.africa-press.net\/benin\/sites\/46\/2023\/03\/postQueueImg_1678300851.96-80x60.jpg\"  width=\"80\" height=\"60\" \/><\/a><\/div>\r\n            <div class=\"item-details\">\r\n                <h3 class=\"entry-title td-module-title\"><a href=\"https:\/\/www.africa-press.net\/benin\/photo\/sommet-de-cooperation-scientifique-et-economique-entre-liran-et-les-pays-dafrique-de-louest\" rel=\"bookmark\" title=\"Sommet de coop\u00e9ration scientifique et \u00e9conomique entre l&rsquo;Iran et les pays d&rsquo;Afrique de l&rsquo;Ouest\">Sommet de coop\u00e9ration scientifique et \u00e9conomique entre l&rsquo;Iran et les pays d&rsquo;Afrique de l&rsquo;Ouest<\/a><\/h3>                <div class=\"td-module-meta-info\">\r\n                                                            <span class=\"td-post-date\"><time class=\"entry-date updated td-module-date\" datetime=\"2023-03-08T13:07:51+00:00\" >2023-03-08<\/time><\/span>                                    <\/div>\r\n            <\/div>\r\n\r\n        <\/div>\r\n\r\n        \r\n        <div class=\"td_module_mx2 td_module_wrap td-animation-stack\">\r\n\r\n            <div class=\"td-module-thumb\"><a href=\"https:\/\/www.africa-press.net\/benin\/photo\/rencontre-de-raeisi-avec-les-participants-a-la-conference-sur-lafrique-de-louest\" rel=\"bookmark\" class=\"td-image-wrap\" title=\"Rencontre de Raeisi avec les participants \u00e0 la conf\u00e9rence sur l&rsquo;Afrique de l&rsquo;Ouest\"><img loading=\"lazy\" decoding=\"async\" class=\"entry-thumb\" src=\"data:image\/png;base64,iVBORw0KGgoAAAANSUhEUgAAAFAAAAA8AQMAAADL6a\/PAAAAA1BMVEWurq51dlI4AAAAAXRSTlMmkutdmwAAAA5JREFUKM9jGAWjYJABAAKUAAHoEAeuAAAAAElFTkSuQmCC\" alt=\"Rencontre de Raeisi avec les participants \u00e0 la conf\u00e9rence sur l&#039;Afrique de l&#039;Ouest\" title=\"Rencontre de Raeisi avec les participants \u00e0 la conf\u00e9rence sur l&rsquo;Afrique de l&rsquo;Ouest\" data-type=\"image_tag\" data-img-url=\"https:\/\/static.africa-press.net\/benin\/sites\/46\/2023\/03\/postQueueImg_1678301066.19-80x60.jpg\"  width=\"80\" height=\"60\" \/><\/a><\/div>\r\n            <div class=\"item-details\">\r\n                <h3 class=\"entry-title td-module-title\"><a href=\"https:\/\/www.africa-press.net\/benin\/photo\/rencontre-de-raeisi-avec-les-participants-a-la-conference-sur-lafrique-de-louest\" rel=\"bookmark\" title=\"Rencontre de Raeisi avec les participants \u00e0 la conf\u00e9rence sur l&rsquo;Afrique de l&rsquo;Ouest\">Rencontre de Raeisi avec les participants \u00e0 la conf\u00e9rence sur l&rsquo;Afrique de l&rsquo;Ouest<\/a><\/h3>                <div class=\"td-module-meta-info\">\r\n                                                            <span class=\"td-post-date\"><time class=\"entry-date updated td-module-date\" datetime=\"2023-03-08T13:00:09+00:00\" >2023-03-08<\/time><\/span>                                    <\/div>\r\n            <\/div>\r\n\r\n        <\/div>\r\n\r\n        <\/div><div class=\"td-next-prev-wrap\"><a href=\"#\" class=\"td-ajax-prev-page ajax-page-disabled\" id=\"prev-page-td_uid_85_69f066d2e665e\" data-td_block_id=\"td_uid_85_69f066d2e665e\"><i class=\"td-icon-font td-icon-menu-left\"><\/i><\/a><a href=\"#\"  class=\"td-ajax-next-page\" id=\"next-page-td_uid_85_69f066d2e665e\" data-td_block_id=\"td_uid_85_69f066d2e665e\"><i class=\"td-icon-font td-icon-menu-right\"><\/i><\/a><\/div><\/div> <!-- .\/block --><\/div><\/div><\/div><div class=\"vc_column_inner td_uid_86_69f066d2e9994_rand  wpb_column vc_column_container tdc-inner-column td-pb-span6\">\n<style scoped>\n\n\/* custom css *\/\n.td_uid_86_69f066d2e9994_rand {\r\n                    vertical-align: baseline;\r\n                }\n<\/style><div class=\"vc_column-inner\"><div class=\"wpb_wrapper\"><div class=\"td_block_wrap td_block_7 td_uid_87_69f066d2e9a51_rand td-pb-border-top td_block_template_1 td-column-1 td_block_padding\"  data-td-block-uid=\"td_uid_87_69f066d2e9a51\" >\n<style>\n\n\/* inline tdc_css att *\/\n\n\/* phone *\/\n@media (max-width: 767px)\n{\n.td_uid_87_69f066d2e9a51_rand{\ndisplay:none !important;\n}\n}\n\n<\/style><script>var block_td_uid_87_69f066d2e9a51 = new tdBlock();\nblock_td_uid_87_69f066d2e9a51.id = \"td_uid_87_69f066d2e9a51\";\nblock_td_uid_87_69f066d2e9a51.atts = '{\"category_id\":\"8\",\"limit\":\"4\",\"offset\":\"3\",\"tdc_css\":\"eyJwaG9uZSI6eyJkaXNwbGF5Ijoibm9uZSJ9LCJwaG9uZV9tYXhfd2lkdGgiOjc2N30=\",\"separator\":\"\",\"custom_title\":\"\",\"custom_url\":\"\",\"block_template_id\":\"\",\"m6_tl\":\"\",\"post_ids\":\"\",\"category_ids\":\"\",\"tag_slug\":\"\",\"autors_id\":\"\",\"installed_post_types\":\"\",\"sort\":\"\",\"show_modified_date\":\"\",\"el_class\":\"\",\"td_ajax_filter_type\":\"\",\"td_ajax_filter_ids\":\"\",\"td_filter_default_txt\":\"All\",\"td_ajax_preloading\":\"\",\"f_header_font_header\":\"\",\"f_header_font_title\":\"Block header\",\"f_header_font_settings\":\"\",\"f_header_font_family\":\"\",\"f_header_font_size\":\"\",\"f_header_font_line_height\":\"\",\"f_header_font_style\":\"\",\"f_header_font_weight\":\"\",\"f_header_font_transform\":\"\",\"f_header_font_spacing\":\"\",\"f_header_\":\"\",\"f_ajax_font_title\":\"Ajax categories\",\"f_ajax_font_settings\":\"\",\"f_ajax_font_family\":\"\",\"f_ajax_font_size\":\"\",\"f_ajax_font_line_height\":\"\",\"f_ajax_font_style\":\"\",\"f_ajax_font_weight\":\"\",\"f_ajax_font_transform\":\"\",\"f_ajax_font_spacing\":\"\",\"f_ajax_\":\"\",\"f_more_font_title\":\"Load more button\",\"f_more_font_settings\":\"\",\"f_more_font_family\":\"\",\"f_more_font_size\":\"\",\"f_more_font_line_height\":\"\",\"f_more_font_style\":\"\",\"f_more_font_weight\":\"\",\"f_more_font_transform\":\"\",\"f_more_font_spacing\":\"\",\"f_more_\":\"\",\"m6f_title_font_header\":\"\",\"m6f_title_font_title\":\"Article title\",\"m6f_title_font_settings\":\"\",\"m6f_title_font_family\":\"\",\"m6f_title_font_size\":\"\",\"m6f_title_font_line_height\":\"\",\"m6f_title_font_style\":\"\",\"m6f_title_font_weight\":\"\",\"m6f_title_font_transform\":\"\",\"m6f_title_font_spacing\":\"\",\"m6f_title_\":\"\",\"m6f_cat_font_title\":\"Article category tag\",\"m6f_cat_font_settings\":\"\",\"m6f_cat_font_family\":\"\",\"m6f_cat_font_size\":\"\",\"m6f_cat_font_line_height\":\"\",\"m6f_cat_font_style\":\"\",\"m6f_cat_font_weight\":\"\",\"m6f_cat_font_transform\":\"\",\"m6f_cat_font_spacing\":\"\",\"m6f_cat_\":\"\",\"m6f_meta_font_title\":\"Article meta info\",\"m6f_meta_font_settings\":\"\",\"m6f_meta_font_family\":\"\",\"m6f_meta_font_size\":\"\",\"m6f_meta_font_line_height\":\"\",\"m6f_meta_font_style\":\"\",\"m6f_meta_font_weight\":\"\",\"m6f_meta_font_transform\":\"\",\"m6f_meta_font_spacing\":\"\",\"m6f_meta_\":\"\",\"ajax_pagination\":\"\",\"ajax_pagination_infinite_stop\":\"\",\"css\":\"\",\"td_column_number\":1,\"header_color\":\"\",\"color_preset\":\"\",\"border_top\":\"\",\"class\":\"td_uid_87_69f066d2e9a51_rand\",\"tdc_css_class\":\"td_uid_87_69f066d2e9a51_rand\",\"tdc_css_class_style\":\"td_uid_87_69f066d2e9a51_rand_style\"}';\nblock_td_uid_87_69f066d2e9a51.td_column_number = \"1\";\nblock_td_uid_87_69f066d2e9a51.block_type = \"td_block_7\";\nblock_td_uid_87_69f066d2e9a51.post_count = \"4\";\nblock_td_uid_87_69f066d2e9a51.found_posts = \"15\";\nblock_td_uid_87_69f066d2e9a51.header_color = \"\";\nblock_td_uid_87_69f066d2e9a51.ajax_pagination_infinite_stop = \"\";\nblock_td_uid_87_69f066d2e9a51.max_num_pages = \"3\";\ntdBlocksArray.push(block_td_uid_87_69f066d2e9a51);\n<\/script><div class=\"td-block-title-wrap\"><\/div><div id=td_uid_87_69f066d2e9a51 class=\"td_block_inner\">\n\n\t<div class=\"td-block-span12\">\n\r\n        <div class=\"td_module_6 td_module_wrap td-animation-stack\">\r\n\r\n        <div class=\"td-module-thumb\"><a href=\"https:\/\/www.africa-press.net\/benin\/photo\/benin-lartiste-jah-baba-victime-dun-grave-accident-de-voiture-photos\" rel=\"bookmark\" class=\"td-image-wrap\" title=\"B\u00e9nin: l\u2019artiste Jah Baba victime d\u2019un grave accident de voiture (photos)\"><img loading=\"lazy\" decoding=\"async\" class=\"entry-thumb\" src=\"data:image\/png;base64,iVBORw0KGgoAAAANSUhEUgAAAGQAAABGAQMAAAAASKMqAAAAA1BMVEWurq51dlI4AAAAAXRSTlMmkutdmwAAABBJREFUKM9jGAWjYBQMKwAAA9QAAQWBn6cAAAAASUVORK5CYII=\" alt=\"B\u00e9nin: l\u2019artiste Jah Baba victime d\u2019un grave accident de voiture (photos)\" title=\"B\u00e9nin: l\u2019artiste Jah Baba victime d\u2019un grave accident de voiture (photos)\" data-type=\"image_tag\" data-img-url=\"https:\/\/static.africa-press.net\/benin\/sites\/46\/2022\/12\/postQueueImg_1672043361.96-100x70.jpg\"  width=\"100\" height=\"70\" \/><\/a><\/div>\r\n        <div class=\"item-details\">\r\n            <h3 class=\"entry-title td-module-title\"><a href=\"https:\/\/www.africa-press.net\/benin\/photo\/benin-lartiste-jah-baba-victime-dun-grave-accident-de-voiture-photos\" rel=\"bookmark\" title=\"B\u00e9nin: l\u2019artiste Jah Baba victime d\u2019un grave accident de voiture (photos)\">B\u00e9nin: l\u2019artiste Jah Baba victime d\u2019un grave accident de voiture (photos)<\/a><\/h3>            <div class=\"td-module-meta-info\">\r\n                                                <span class=\"td-post-date\"><time class=\"entry-date updated td-module-date\" datetime=\"2022-12-26T11:58:29+00:00\" >2022-12-26<\/time><\/span>                            <\/div>\r\n        <\/div>\r\n\r\n        <\/div>\r\n\r\n        \n\t<\/div> <!-- .\/td-block-span12 -->\n\n\t<div class=\"td-block-span12\">\n\r\n        <div class=\"td_module_6 td_module_wrap td-animation-stack\">\r\n\r\n        <div class=\"td-module-thumb\"><a href=\"https:\/\/www.africa-press.net\/benin\/photo\/en-images-expo-venez-a-la-rencontre-des-fleuves-au-musee-des-confluences-de-lyon\" rel=\"bookmark\" class=\"td-image-wrap\" title=\"EN IMAGES. Expo\u00a0: venez \u00e0 la rencontre des fleuves au Mus\u00e9e des Confluences de Lyon\"><img loading=\"lazy\" decoding=\"async\" class=\"entry-thumb\" src=\"data:image\/png;base64,iVBORw0KGgoAAAANSUhEUgAAAGQAAABGAQMAAAAASKMqAAAAA1BMVEWurq51dlI4AAAAAXRSTlMmkutdmwAAABBJREFUKM9jGAWjYBQMKwAAA9QAAQWBn6cAAAAASUVORK5CYII=\" alt=\"EN IMAGES. Expo\u00a0: venez \u00e0 la rencontre des fleuves au Mus\u00e9e des Confluences de Lyon\" title=\"EN IMAGES. Expo\u00a0: venez \u00e0 la rencontre des fleuves au Mus\u00e9e des Confluences de Lyon\" data-type=\"image_tag\" data-img-url=\"https:\/\/static.africa-press.net\/benin\/sites\/46\/2022\/11\/postQueueImg_1669133478.42-100x70.jpg\"  width=\"100\" height=\"70\" \/><\/a><\/div>\r\n        <div class=\"item-details\">\r\n            <h3 class=\"entry-title td-module-title\"><a href=\"https:\/\/www.africa-press.net\/benin\/photo\/en-images-expo-venez-a-la-rencontre-des-fleuves-au-musee-des-confluences-de-lyon\" rel=\"bookmark\" title=\"EN IMAGES. Expo\u00a0: venez \u00e0 la rencontre des fleuves au Mus\u00e9e des Confluences de Lyon\">EN IMAGES. Expo\u00a0: venez \u00e0 la rencontre des fleuves au Mus\u00e9e...<\/a><\/h3>            <div class=\"td-module-meta-info\">\r\n                                                <span class=\"td-post-date\"><time class=\"entry-date updated td-module-date\" datetime=\"2022-11-26T12:00:00+00:00\" >2022-11-26<\/time><\/span>                            <\/div>\r\n        <\/div>\r\n\r\n        <\/div>\r\n\r\n        \n\t<\/div> <!-- .\/td-block-span12 -->\n\n\t<div class=\"td-block-span12\">\n\r\n        <div class=\"td_module_6 td_module_wrap td-animation-stack\">\r\n\r\n        <div class=\"td-module-thumb\"><a href=\"https:\/\/www.africa-press.net\/benin\/photo\/benin-la-vraie-fausse-mort-du-journaliste-nicaise-miguel\" rel=\"bookmark\" class=\"td-image-wrap\" title=\"B\u00e9nin: la vraie-fausse mort du journaliste Nicaise Miguel\"><img loading=\"lazy\" decoding=\"async\" class=\"entry-thumb\" src=\"data:image\/png;base64,iVBORw0KGgoAAAANSUhEUgAAAGQAAABGAQMAAAAASKMqAAAAA1BMVEWurq51dlI4AAAAAXRSTlMmkutdmwAAABBJREFUKM9jGAWjYBQMKwAAA9QAAQWBn6cAAAAASUVORK5CYII=\" alt=\"B\u00e9nin: la vraie-fausse mort du journaliste Nicaise Miguel\" title=\"B\u00e9nin: la vraie-fausse mort du journaliste Nicaise Miguel\" data-type=\"image_tag\" data-img-url=\"https:\/\/static.africa-press.net\/benin\/sites\/46\/2022\/10\/postQueueImg_10-63559b281f37b-100x70.jpg\"  width=\"100\" height=\"70\" \/><\/a><\/div>\r\n        <div class=\"item-details\">\r\n            <h3 class=\"entry-title td-module-title\"><a href=\"https:\/\/www.africa-press.net\/benin\/photo\/benin-la-vraie-fausse-mort-du-journaliste-nicaise-miguel\" rel=\"bookmark\" title=\"B\u00e9nin: la vraie-fausse mort du journaliste Nicaise Miguel\">B\u00e9nin: la vraie-fausse mort du journaliste Nicaise Miguel<\/a><\/h3>            <div class=\"td-module-meta-info\">\r\n                                                <span class=\"td-post-date\"><time class=\"entry-date updated td-module-date\" datetime=\"2022-10-23T19:41:36+00:00\" >2022-10-23<\/time><\/span>                            <\/div>\r\n        <\/div>\r\n\r\n        <\/div>\r\n\r\n        \n\t<\/div> <!-- .\/td-block-span12 -->\n\n\t<div class=\"td-block-span12\">\n\r\n        <div class=\"td_module_6 td_module_wrap td-animation-stack\">\r\n\r\n        <div class=\"td-module-thumb\"><a href=\"https:\/\/www.africa-press.net\/benin\/culture-et-art\/benin-les-explications-de-wilfried-leandre-houngbedji-sur-la-creation-du-fdac\" rel=\"bookmark\" class=\"td-image-wrap\" title=\"B\u00e9nin: les explications de Wilfried L\u00e9andre Houngb\u00e9dji sur la cr\u00e9ation du FDAC\"><img loading=\"lazy\" decoding=\"async\" class=\"entry-thumb\" src=\"data:image\/png;base64,iVBORw0KGgoAAAANSUhEUgAAAGQAAABGAQMAAAAASKMqAAAAA1BMVEWurq51dlI4AAAAAXRSTlMmkutdmwAAABBJREFUKM9jGAWjYBQMKwAAA9QAAQWBn6cAAAAASUVORK5CYII=\" alt=\"B\u00e9nin: les explications de Wilfried L\u00e9andre Houngb\u00e9dji sur la cr\u00e9ation du FDAC\" title=\"B\u00e9nin: les explications de Wilfried L\u00e9andre Houngb\u00e9dji sur la cr\u00e9ation du FDAC\" data-type=\"image_tag\" data-img-url=\"https:\/\/static.africa-press.net\/benin\/sites\/46\/2022\/10\/postQueueImg_11-6354265a0e0be-100x70.jpg\"  width=\"100\" height=\"70\" \/><\/a><\/div>\r\n        <div class=\"item-details\">\r\n            <h3 class=\"entry-title td-module-title\"><a href=\"https:\/\/www.africa-press.net\/benin\/culture-et-art\/benin-les-explications-de-wilfried-leandre-houngbedji-sur-la-creation-du-fdac\" rel=\"bookmark\" title=\"B\u00e9nin: les explications de Wilfried L\u00e9andre Houngb\u00e9dji sur la cr\u00e9ation du FDAC\">B\u00e9nin: les explications de Wilfried L\u00e9andre Houngb\u00e9dji sur la cr\u00e9ation du...<\/a><\/h3>            <div class=\"td-module-meta-info\">\r\n                                                <span class=\"td-post-date\"><time class=\"entry-date updated td-module-date\" datetime=\"2022-10-22T17:05:50+00:00\" >2022-10-22<\/time><\/span>                            <\/div>\r\n        <\/div>\r\n\r\n        <\/div>\r\n\r\n        \n\t<\/div> <!-- .\/td-block-span12 --><\/div><\/div> <!-- .\/block --><\/div><\/div><\/div><\/div><div class=\"tdm_block td_block_wrap tdm_block_button td_uid_88_69f066d2ecc5d_rand tdm-block-button-inline tdm-content-horiz-right td-pb-border-top main-box-btn-green-en td_block_template_1\"  data-td-block-uid=\"td_uid_88_69f066d2ecc5d\"     >\n<style>\n.td_uid_89_69f066d2ed01f i:first-child {\r\n\t\t\t\t\tmargin-right: 14px;\r\n\t\t\t\t}\n<\/style><div class=\"tds-button td-fix-index\"><a \r\n                href=\"\/benin\/Photos\" \r\n                class=\"tds-button1 tdm-btn tdm-btn-sm td_uid_89_69f066d2ed01f\"  target=\"_blank\" ><i class=\"tdc-font-fa tdc-font-fa-arrow-right\"><\/i><span class=\"tdm-btn-text\">Plus de Nouvelles<\/span><\/a><\/div><\/div><div class=\"wpb_wrapper td_block_wrap vc_raw_html td_uid_90_69f066d2ed22a_rand \"><div class=\"td-fix-index\"><div class=\"td-block-title-wrap\"><h4 class=\"block-title\"><a href=\"\/benin\/video\" class=\"td-pulldown-size\">Vid\u00e9o<\/a><\/h4><\/div><\/div><\/div><div id=\"main-box\" class=\"vc_row_inner td_uid_91_69f066d2ed252_rand  vc_row vc_inner wpb_row td-pb-row\" >\n<style scoped>\n\n\/* custom css *\/\n.td_uid_91_69f066d2ed252_rand {\r\n                    position: relative !important;\r\n                    top: 0;\r\n                    transform: none;\r\n                    -webkit-transform: none;\r\n                }\n<\/style><div class=\"vc_column_inner td_uid_92_69f066d2ed2e0_rand  wpb_column vc_column_container tdc-inner-column td-pb-span6\">\n<style scoped>\n\n\/* custom css *\/\n.td_uid_92_69f066d2ed2e0_rand {\r\n                    vertical-align: baseline;\r\n                }\n<\/style><div class=\"vc_column-inner\"><div class=\"wpb_wrapper\"><div class=\"td_block_wrap td_block_18 td_uid_93_69f066d2ed37a_rand td_with_ajax_pagination td-pb-border-top td_block_template_1 td-column-1\"  data-td-block-uid=\"td_uid_93_69f066d2ed37a\" ><script>var block_td_uid_93_69f066d2ed37a = new tdBlock();\nblock_td_uid_93_69f066d2ed37a.id = \"td_uid_93_69f066d2ed37a\";\nblock_td_uid_93_69f066d2ed37a.atts = '{\"category_id\":\"9\",\"limit\":\"3\",\"ajax_pagination\":\"next_prev\",\"separator\":\"\",\"custom_title\":\"\",\"custom_url\":\"\",\"block_template_id\":\"\",\"mx8_tl\":\"\",\"m10_tl\":\"\",\"m10_el\":\"\",\"mx2_tl\":\"\",\"post_ids\":\"\",\"category_ids\":\"\",\"tag_slug\":\"\",\"autors_id\":\"\",\"installed_post_types\":\"\",\"sort\":\"\",\"offset\":\"\",\"show_modified_date\":\"\",\"el_class\":\"\",\"td_ajax_filter_type\":\"\",\"td_ajax_filter_ids\":\"\",\"td_filter_default_txt\":\"All\",\"td_ajax_preloading\":\"\",\"f_header_font_header\":\"\",\"f_header_font_title\":\"Block header\",\"f_header_font_settings\":\"\",\"f_header_font_family\":\"\",\"f_header_font_size\":\"\",\"f_header_font_line_height\":\"\",\"f_header_font_style\":\"\",\"f_header_font_weight\":\"\",\"f_header_font_transform\":\"\",\"f_header_font_spacing\":\"\",\"f_header_\":\"\",\"f_ajax_font_title\":\"Ajax categories\",\"f_ajax_font_settings\":\"\",\"f_ajax_font_family\":\"\",\"f_ajax_font_size\":\"\",\"f_ajax_font_line_height\":\"\",\"f_ajax_font_style\":\"\",\"f_ajax_font_weight\":\"\",\"f_ajax_font_transform\":\"\",\"f_ajax_font_spacing\":\"\",\"f_ajax_\":\"\",\"f_more_font_title\":\"Load more button\",\"f_more_font_settings\":\"\",\"f_more_font_family\":\"\",\"f_more_font_size\":\"\",\"f_more_font_line_height\":\"\",\"f_more_font_style\":\"\",\"f_more_font_weight\":\"\",\"f_more_font_transform\":\"\",\"f_more_font_spacing\":\"\",\"f_more_\":\"\",\"mx8f_title_font_header\":\"\",\"mx8f_title_font_title\":\"Article title\",\"mx8f_title_font_settings\":\"\",\"mx8f_title_font_family\":\"\",\"mx8f_title_font_size\":\"\",\"mx8f_title_font_line_height\":\"\",\"mx8f_title_font_style\":\"\",\"mx8f_title_font_weight\":\"\",\"mx8f_title_font_transform\":\"\",\"mx8f_title_font_spacing\":\"\",\"mx8f_title_\":\"\",\"mx8f_cat_font_title\":\"Article category tag\",\"mx8f_cat_font_settings\":\"\",\"mx8f_cat_font_family\":\"\",\"mx8f_cat_font_size\":\"\",\"mx8f_cat_font_line_height\":\"\",\"mx8f_cat_font_style\":\"\",\"mx8f_cat_font_weight\":\"\",\"mx8f_cat_font_transform\":\"\",\"mx8f_cat_font_spacing\":\"\",\"mx8f_cat_\":\"\",\"mx8f_meta_font_title\":\"Article meta info\",\"mx8f_meta_font_settings\":\"\",\"mx8f_meta_font_family\":\"\",\"mx8f_meta_font_size\":\"\",\"mx8f_meta_font_line_height\":\"\",\"mx8f_meta_font_style\":\"\",\"mx8f_meta_font_weight\":\"\",\"mx8f_meta_font_transform\":\"\",\"mx8f_meta_font_spacing\":\"\",\"mx8f_meta_\":\"\",\"m10f_title_font_header\":\"\",\"m10f_title_font_title\":\"Article title\",\"m10f_title_font_settings\":\"\",\"m10f_title_font_family\":\"\",\"m10f_title_font_size\":\"\",\"m10f_title_font_line_height\":\"\",\"m10f_title_font_style\":\"\",\"m10f_title_font_weight\":\"\",\"m10f_title_font_transform\":\"\",\"m10f_title_font_spacing\":\"\",\"m10f_title_\":\"\",\"m10f_cat_font_title\":\"Article category tag\",\"m10f_cat_font_settings\":\"\",\"m10f_cat_font_family\":\"\",\"m10f_cat_font_size\":\"\",\"m10f_cat_font_line_height\":\"\",\"m10f_cat_font_style\":\"\",\"m10f_cat_font_weight\":\"\",\"m10f_cat_font_transform\":\"\",\"m10f_cat_font_spacing\":\"\",\"m10f_cat_\":\"\",\"m10f_meta_font_title\":\"Article meta info\",\"m10f_meta_font_settings\":\"\",\"m10f_meta_font_family\":\"\",\"m10f_meta_font_size\":\"\",\"m10f_meta_font_line_height\":\"\",\"m10f_meta_font_style\":\"\",\"m10f_meta_font_weight\":\"\",\"m10f_meta_font_transform\":\"\",\"m10f_meta_font_spacing\":\"\",\"m10f_meta_\":\"\",\"m10f_ex_font_title\":\"Article excerpt\",\"m10f_ex_font_settings\":\"\",\"m10f_ex_font_family\":\"\",\"m10f_ex_font_size\":\"\",\"m10f_ex_font_line_height\":\"\",\"m10f_ex_font_style\":\"\",\"m10f_ex_font_weight\":\"\",\"m10f_ex_font_transform\":\"\",\"m10f_ex_font_spacing\":\"\",\"m10f_ex_\":\"\",\"mx2f_title_font_header\":\"\",\"mx2f_title_font_title\":\"Article title\",\"mx2f_title_font_settings\":\"\",\"mx2f_title_font_family\":\"\",\"mx2f_title_font_size\":\"\",\"mx2f_title_font_line_height\":\"\",\"mx2f_title_font_style\":\"\",\"mx2f_title_font_weight\":\"\",\"mx2f_title_font_transform\":\"\",\"mx2f_title_font_spacing\":\"\",\"mx2f_title_\":\"\",\"mx2f_cat_font_title\":\"Article category tag\",\"mx2f_cat_font_settings\":\"\",\"mx2f_cat_font_family\":\"\",\"mx2f_cat_font_size\":\"\",\"mx2f_cat_font_line_height\":\"\",\"mx2f_cat_font_style\":\"\",\"mx2f_cat_font_weight\":\"\",\"mx2f_cat_font_transform\":\"\",\"mx2f_cat_font_spacing\":\"\",\"mx2f_cat_\":\"\",\"mx2f_meta_font_title\":\"Article meta info\",\"mx2f_meta_font_settings\":\"\",\"mx2f_meta_font_family\":\"\",\"mx2f_meta_font_size\":\"\",\"mx2f_meta_font_line_height\":\"\",\"mx2f_meta_font_style\":\"\",\"mx2f_meta_font_weight\":\"\",\"mx2f_meta_font_transform\":\"\",\"mx2f_meta_font_spacing\":\"\",\"mx2f_meta_\":\"\",\"ajax_pagination_infinite_stop\":\"\",\"css\":\"\",\"tdc_css\":\"\",\"td_column_number\":1,\"header_color\":\"\",\"color_preset\":\"\",\"border_top\":\"\",\"class\":\"td_uid_93_69f066d2ed37a_rand\",\"tdc_css_class\":\"td_uid_93_69f066d2ed37a_rand\",\"tdc_css_class_style\":\"td_uid_93_69f066d2ed37a_rand_style\"}';\nblock_td_uid_93_69f066d2ed37a.td_column_number = \"1\";\nblock_td_uid_93_69f066d2ed37a.block_type = \"td_block_18\";\nblock_td_uid_93_69f066d2ed37a.post_count = \"3\";\nblock_td_uid_93_69f066d2ed37a.found_posts = \"33\";\nblock_td_uid_93_69f066d2ed37a.header_color = \"\";\nblock_td_uid_93_69f066d2ed37a.ajax_pagination_infinite_stop = \"\";\nblock_td_uid_93_69f066d2ed37a.max_num_pages = \"11\";\ntdBlocksArray.push(block_td_uid_93_69f066d2ed37a);\n<\/script><div class=\"td-block-title-wrap\"><\/div><div id=td_uid_93_69f066d2ed37a class=\"td_block_inner td-column-1\">\r\n        <div class=\"td_module_mx8 td_module_wrap td-animation-stack\">\r\n            <div class=\"meta-info-container\">\r\n                <div class=\"td-module-thumb\"><a href=\"https:\/\/www.africa-press.net\/benin\/sports\/taraji-esperance-est-vs-mazembe-tpm-3-0\" rel=\"bookmark\" class=\"td-image-wrap\" title=\"Taraji Esperance EST vs Mazembe TPM 3-0\"><img loading=\"lazy\" decoding=\"async\" class=\"entry-thumb\" src=\"data:image\/png;base64,iVBORw0KGgoAAAANSUhEUgAAArgAAAGBAQMAAAC3k1CUAAAAA1BMVEWurq51dlI4AAAAAXRSTlMmkutdmwAAADdJREFUeNrtwTEBAAAAwiD7p7bETmAAAAAAAAAAAAAAAAAAAAAAAAAAAAAAAAAAAAAAAAAAAEDuhFgAARFpDB8AAAAASUVORK5CYII=\" alt=\"Taraji Esperance EST vs Mazembe TPM 3-0\" title=\"Taraji Esperance EST vs Mazembe TPM 3-0\" data-type=\"image_tag\" data-img-url=\"https:\/\/static.africa-press.net\/benin\/sites\/46\/2023\/10\/sm_1698439872.122798-696x385.jpg\"  width=\"696\" height=\"385\" \/><\/a><\/div>\r\n                <div class=\"td-module-meta-info\">\r\n                    <h3 class=\"entry-title td-module-title\"><a href=\"https:\/\/www.africa-press.net\/benin\/sports\/taraji-esperance-est-vs-mazembe-tpm-3-0\" rel=\"bookmark\" title=\"Taraji Esperance EST vs Mazembe TPM 3-0\">Taraji Esperance EST vs Mazembe TPM 3-0<\/a><\/h3>                                        <span class=\"td-author-date\">\r\n                                                <span class=\"td-post-date\"><time class=\"entry-date updated td-module-date\" datetime=\"2023-10-28T00:15:59+00:00\" >2023-10-28<\/time><\/span>                                            <\/span>\r\n                <\/div>\r\n            <\/div>\r\n\r\n        <\/div>\r\n\r\n        \r\n        <div class=\"td_module_mx2 td_module_wrap td-animation-stack\">\r\n\r\n            <div class=\"td-module-thumb\"><a href=\"https:\/\/www.africa-press.net\/benin\/politique\/emmanuel-macron-humilie-la-rencontre-du-president-francais-avec-un-ministre-du-benin-moquee-sur-les-reseaux-sociaux\" rel=\"bookmark\" class=\"td-image-wrap\" title=\"Emmanuel Macron humili\u00e9 ? La rencontre du pr\u00e9sident fran\u00e7ais avec un ministre du B\u00e9nin moqu\u00e9e sur les r\u00e9seaux sociaux\"><img loading=\"lazy\" decoding=\"async\" class=\"entry-thumb\" src=\"data:image\/png;base64,iVBORw0KGgoAAAANSUhEUgAAAFAAAAA8AQMAAADL6a\/PAAAAA1BMVEWurq51dlI4AAAAAXRSTlMmkutdmwAAAA5JREFUKM9jGAWjYJABAAKUAAHoEAeuAAAAAElFTkSuQmCC\" alt=\"Emmanuel Macron humili\u00e9 ? La rencontre du pr\u00e9sident fran\u00e7ais avec un ministre du B\u00e9nin moqu\u00e9e sur les r\u00e9seaux sociaux\" title=\"Emmanuel Macron humili\u00e9 ? La rencontre du pr\u00e9sident fran\u00e7ais avec un ministre du B\u00e9nin moqu\u00e9e sur les r\u00e9seaux sociaux\" data-type=\"image_tag\" data-img-url=\"https:\/\/static.africa-press.net\/benin\/sites\/46\/2022\/07\/postQueueImg_1-62e6a97e318ae-80x60.jpg\"  width=\"80\" height=\"60\" \/><\/a><\/div>\r\n            <div class=\"item-details\">\r\n                <h3 class=\"entry-title td-module-title\"><a href=\"https:\/\/www.africa-press.net\/benin\/politique\/emmanuel-macron-humilie-la-rencontre-du-president-francais-avec-un-ministre-du-benin-moquee-sur-les-reseaux-sociaux\" rel=\"bookmark\" title=\"Emmanuel Macron humili\u00e9 ? La rencontre du pr\u00e9sident fran\u00e7ais avec un ministre du B\u00e9nin moqu\u00e9e sur les r\u00e9seaux sociaux\">Emmanuel Macron humili\u00e9 ? La rencontre du pr\u00e9sident fran\u00e7ais avec un ministre du B\u00e9nin moqu\u00e9e sur les r\u00e9seaux sociaux<\/a><\/h3>                <div class=\"td-module-meta-info\">\r\n                                                            <span class=\"td-post-date\"><time class=\"entry-date updated td-module-date\" datetime=\"2022-07-31T15:24:42+00:00\" >2022-07-31<\/time><\/span>                                    <\/div>\r\n            <\/div>\r\n\r\n        <\/div>\r\n\r\n        \r\n        <div class=\"td_module_mx2 td_module_wrap td-animation-stack\">\r\n\r\n            <div class=\"td-module-thumb\"><a href=\"https:\/\/www.africa-press.net\/benin\/economie\/romuald-wadagni-evoque-les-solutions-du-benin-face-aux-penuries-et-a-linflation\" rel=\"bookmark\" class=\"td-image-wrap\" title=\"Romuald Wadagni \u00e9voque les solutions du B\u00e9nin face aux p\u00e9nuries et \u00e0 l\u2019inflation\"><img loading=\"lazy\" decoding=\"async\" class=\"entry-thumb\" src=\"data:image\/png;base64,iVBORw0KGgoAAAANSUhEUgAAAFAAAAA8AQMAAADL6a\/PAAAAA1BMVEWurq51dlI4AAAAAXRSTlMmkutdmwAAAA5JREFUKM9jGAWjYJABAAKUAAHoEAeuAAAAAElFTkSuQmCC\" alt=\"Romuald Wadagni \u00e9voque les solutions du B\u00e9nin face aux p\u00e9nuries et \u00e0 l\u2019inflation\" title=\"Romuald Wadagni \u00e9voque les solutions du B\u00e9nin face aux p\u00e9nuries et \u00e0 l\u2019inflation\" data-type=\"image_tag\" data-img-url=\"https:\/\/static.africa-press.net\/benin\/sites\/46\/2022\/06\/postQueueImg_11-62a88f73a1e34-80x60.jpg\"  width=\"80\" height=\"60\" \/><\/a><\/div>\r\n            <div class=\"item-details\">\r\n                <h3 class=\"entry-title td-module-title\"><a href=\"https:\/\/www.africa-press.net\/benin\/economie\/romuald-wadagni-evoque-les-solutions-du-benin-face-aux-penuries-et-a-linflation\" rel=\"bookmark\" title=\"Romuald Wadagni \u00e9voque les solutions du B\u00e9nin face aux p\u00e9nuries et \u00e0 l\u2019inflation\">Romuald Wadagni \u00e9voque les solutions du B\u00e9nin face aux p\u00e9nuries et \u00e0 l\u2019inflation<\/a><\/h3>                <div class=\"td-module-meta-info\">\r\n                                                            <span class=\"td-post-date\"><time class=\"entry-date updated td-module-date\" datetime=\"2022-06-14T13:31:04+00:00\" >2022-06-14<\/time><\/span>                                    <\/div>\r\n            <\/div>\r\n\r\n        <\/div>\r\n\r\n        <\/div><div class=\"td-next-prev-wrap\"><a href=\"#\" class=\"td-ajax-prev-page ajax-page-disabled\" id=\"prev-page-td_uid_93_69f066d2ed37a\" data-td_block_id=\"td_uid_93_69f066d2ed37a\"><i class=\"td-icon-font td-icon-menu-left\"><\/i><\/a><a href=\"#\"  class=\"td-ajax-next-page\" id=\"next-page-td_uid_93_69f066d2ed37a\" data-td_block_id=\"td_uid_93_69f066d2ed37a\"><i class=\"td-icon-font td-icon-menu-right\"><\/i><\/a><\/div><\/div> <!-- .\/block --><\/div><\/div><\/div><div class=\"vc_column_inner td_uid_94_69f066d2f0772_rand  wpb_column vc_column_container tdc-inner-column td-pb-span6\">\n<style scoped>\n\n\/* custom css *\/\n.td_uid_94_69f066d2f0772_rand {\r\n                    vertical-align: baseline;\r\n                }\n<\/style><div class=\"vc_column-inner\"><div class=\"wpb_wrapper\"><div class=\"td_block_wrap td_block_7 td_uid_95_69f066d2f0825_rand td-pb-border-top td_block_template_1 td-column-1 td_block_padding\"  data-td-block-uid=\"td_uid_95_69f066d2f0825\" >\n<style>\n\n\/* inline tdc_css att *\/\n\n\/* phone *\/\n@media (max-width: 767px)\n{\n.td_uid_95_69f066d2f0825_rand{\ndisplay:none !important;\n}\n}\n\n<\/style><script>var block_td_uid_95_69f066d2f0825 = new tdBlock();\nblock_td_uid_95_69f066d2f0825.id = \"td_uid_95_69f066d2f0825\";\nblock_td_uid_95_69f066d2f0825.atts = '{\"category_id\":\"9\",\"limit\":\"4\",\"offset\":\"3\",\"tdc_css\":\"eyJwaG9uZSI6eyJkaXNwbGF5Ijoibm9uZSJ9LCJwaG9uZV9tYXhfd2lkdGgiOjc2N30=\",\"separator\":\"\",\"custom_title\":\"\",\"custom_url\":\"\",\"block_template_id\":\"\",\"m6_tl\":\"\",\"post_ids\":\"\",\"category_ids\":\"\",\"tag_slug\":\"\",\"autors_id\":\"\",\"installed_post_types\":\"\",\"sort\":\"\",\"show_modified_date\":\"\",\"el_class\":\"\",\"td_ajax_filter_type\":\"\",\"td_ajax_filter_ids\":\"\",\"td_filter_default_txt\":\"All\",\"td_ajax_preloading\":\"\",\"f_header_font_header\":\"\",\"f_header_font_title\":\"Block header\",\"f_header_font_settings\":\"\",\"f_header_font_family\":\"\",\"f_header_font_size\":\"\",\"f_header_font_line_height\":\"\",\"f_header_font_style\":\"\",\"f_header_font_weight\":\"\",\"f_header_font_transform\":\"\",\"f_header_font_spacing\":\"\",\"f_header_\":\"\",\"f_ajax_font_title\":\"Ajax categories\",\"f_ajax_font_settings\":\"\",\"f_ajax_font_family\":\"\",\"f_ajax_font_size\":\"\",\"f_ajax_font_line_height\":\"\",\"f_ajax_font_style\":\"\",\"f_ajax_font_weight\":\"\",\"f_ajax_font_transform\":\"\",\"f_ajax_font_spacing\":\"\",\"f_ajax_\":\"\",\"f_more_font_title\":\"Load more button\",\"f_more_font_settings\":\"\",\"f_more_font_family\":\"\",\"f_more_font_size\":\"\",\"f_more_font_line_height\":\"\",\"f_more_font_style\":\"\",\"f_more_font_weight\":\"\",\"f_more_font_transform\":\"\",\"f_more_font_spacing\":\"\",\"f_more_\":\"\",\"m6f_title_font_header\":\"\",\"m6f_title_font_title\":\"Article title\",\"m6f_title_font_settings\":\"\",\"m6f_title_font_family\":\"\",\"m6f_title_font_size\":\"\",\"m6f_title_font_line_height\":\"\",\"m6f_title_font_style\":\"\",\"m6f_title_font_weight\":\"\",\"m6f_title_font_transform\":\"\",\"m6f_title_font_spacing\":\"\",\"m6f_title_\":\"\",\"m6f_cat_font_title\":\"Article category tag\",\"m6f_cat_font_settings\":\"\",\"m6f_cat_font_family\":\"\",\"m6f_cat_font_size\":\"\",\"m6f_cat_font_line_height\":\"\",\"m6f_cat_font_style\":\"\",\"m6f_cat_font_weight\":\"\",\"m6f_cat_font_transform\":\"\",\"m6f_cat_font_spacing\":\"\",\"m6f_cat_\":\"\",\"m6f_meta_font_title\":\"Article meta info\",\"m6f_meta_font_settings\":\"\",\"m6f_meta_font_family\":\"\",\"m6f_meta_font_size\":\"\",\"m6f_meta_font_line_height\":\"\",\"m6f_meta_font_style\":\"\",\"m6f_meta_font_weight\":\"\",\"m6f_meta_font_transform\":\"\",\"m6f_meta_font_spacing\":\"\",\"m6f_meta_\":\"\",\"ajax_pagination\":\"\",\"ajax_pagination_infinite_stop\":\"\",\"css\":\"\",\"td_column_number\":1,\"header_color\":\"\",\"color_preset\":\"\",\"border_top\":\"\",\"class\":\"td_uid_95_69f066d2f0825_rand\",\"tdc_css_class\":\"td_uid_95_69f066d2f0825_rand\",\"tdc_css_class_style\":\"td_uid_95_69f066d2f0825_rand_style\"}';\nblock_td_uid_95_69f066d2f0825.td_column_number = \"1\";\nblock_td_uid_95_69f066d2f0825.block_type = \"td_block_7\";\nblock_td_uid_95_69f066d2f0825.post_count = \"4\";\nblock_td_uid_95_69f066d2f0825.found_posts = \"33\";\nblock_td_uid_95_69f066d2f0825.header_color = \"\";\nblock_td_uid_95_69f066d2f0825.ajax_pagination_infinite_stop = \"\";\nblock_td_uid_95_69f066d2f0825.max_num_pages = \"8\";\ntdBlocksArray.push(block_td_uid_95_69f066d2f0825);\n<\/script><div class=\"td-block-title-wrap\"><\/div><div id=td_uid_95_69f066d2f0825 class=\"td_block_inner\">\n\n\t<div class=\"td-block-span12\">\n\r\n        <div class=\"td_module_6 td_module_wrap td-animation-stack\">\r\n\r\n        <div class=\"td-module-thumb\"><a href=\"https:\/\/www.africa-press.net\/benin\/video\/des-scientifiques-creent-un-poisson-biohybride-a-partir-de-cellules-cardiaques-video\" rel=\"bookmark\" class=\"td-image-wrap\" title=\"Des scientifiques cr\u00e9ent un poisson biohybride \u00e0 partir de cellules cardiaques \u2013 vid\u00e9o\"><img loading=\"lazy\" decoding=\"async\" class=\"entry-thumb\" src=\"data:image\/png;base64,iVBORw0KGgoAAAANSUhEUgAAAGQAAABGAQMAAAAASKMqAAAAA1BMVEWurq51dlI4AAAAAXRSTlMmkutdmwAAABBJREFUKM9jGAWjYBQMKwAAA9QAAQWBn6cAAAAASUVORK5CYII=\" alt=\"Des scientifiques cr\u00e9ent un poisson biohybride \u00e0 partir de cellules cardiaques \u2013 vid\u00e9o\" title=\"Des scientifiques cr\u00e9ent un poisson biohybride \u00e0 partir de cellules cardiaques \u2013 vid\u00e9o\" data-type=\"image_tag\" data-img-url=\"https:\/\/static.africa-press.net\/benin\/sites\/46\/2022\/02\/img-62094d2f4794b-100x70.jpg\"  width=\"100\" height=\"70\" \/><\/a><\/div>\r\n        <div class=\"item-details\">\r\n            <h3 class=\"entry-title td-module-title\"><a href=\"https:\/\/www.africa-press.net\/benin\/video\/des-scientifiques-creent-un-poisson-biohybride-a-partir-de-cellules-cardiaques-video\" rel=\"bookmark\" title=\"Des scientifiques cr\u00e9ent un poisson biohybride \u00e0 partir de cellules cardiaques \u2013 vid\u00e9o\">Des scientifiques cr\u00e9ent un poisson biohybride \u00e0 partir de cellules cardiaques...<\/a><\/h3>            <div class=\"td-module-meta-info\">\r\n                                                <span class=\"td-post-date\"><time class=\"entry-date updated td-module-date\" datetime=\"2022-02-13T16:28:00+00:00\" >2022-02-13<\/time><\/span>                            <\/div>\r\n        <\/div>\r\n\r\n        <\/div>\r\n\r\n        \n\t<\/div> <!-- .\/td-block-span12 -->\n\n\t<div class=\"td-block-span12\">\n\r\n        <div class=\"td_module_6 td_module_wrap td-animation-stack\">\r\n\r\n        <div class=\"td-module-thumb\"><a href=\"https:\/\/www.africa-press.net\/benin\/homepage-french\/can-2022-le-senegal-sacre-champion-dafrique\" rel=\"bookmark\" class=\"td-image-wrap\" title=\"CAN 2022 : le S\u00e9n\u00e9gal sacr\u00e9\u00a0champion\u00a0d&rsquo;Afrique\"><img loading=\"lazy\" decoding=\"async\" class=\"entry-thumb\" src=\"data:image\/png;base64,iVBORw0KGgoAAAANSUhEUgAAAGQAAABGAQMAAAAASKMqAAAAA1BMVEWurq51dlI4AAAAAXRSTlMmkutdmwAAABBJREFUKM9jGAWjYBQMKwAAA9QAAQWBn6cAAAAASUVORK5CYII=\" alt=\"CAN 2022 : le S\u00e9n\u00e9gal sacr\u00e9\u00a0champion\u00a0d&#039;Afrique\" title=\"CAN 2022 : le S\u00e9n\u00e9gal sacr\u00e9\u00a0champion\u00a0d&rsquo;Afrique\" data-type=\"image_tag\" data-img-url=\"https:\/\/static.africa-press.net\/benin\/sites\/46\/2022\/02\/img-620053650ce2c-100x70.jpg\"  width=\"100\" height=\"70\" \/><\/a><\/div>\r\n        <div class=\"item-details\">\r\n            <h3 class=\"entry-title td-module-title\"><a href=\"https:\/\/www.africa-press.net\/benin\/homepage-french\/can-2022-le-senegal-sacre-champion-dafrique\" rel=\"bookmark\" title=\"CAN 2022 : le S\u00e9n\u00e9gal sacr\u00e9\u00a0champion\u00a0d&rsquo;Afrique\">CAN 2022 : le S\u00e9n\u00e9gal sacr\u00e9\u00a0champion\u00a0d&rsquo;Afrique<\/a><\/h3>            <div class=\"td-module-meta-info\">\r\n                                                <span class=\"td-post-date\"><time class=\"entry-date updated td-module-date\" datetime=\"2022-02-06T22:44:51+00:00\" >2022-02-06<\/time><\/span>                            <\/div>\r\n        <\/div>\r\n\r\n        <\/div>\r\n\r\n        \n\t<\/div> <!-- .\/td-block-span12 -->\n\n\t<div class=\"td-block-span12\">\n\r\n        <div class=\"td_module_6 td_module_wrap td-animation-stack\">\r\n\r\n        <div class=\"td-module-thumb\"><a href=\"https:\/\/www.africa-press.net\/benin\/sports\/can-2021-le-cameroun-revient-de-loin-et-prend-le-bronze\" rel=\"bookmark\" class=\"td-image-wrap\" title=\"CAN 2021 : Le Cameroun revient de loin et prend le bronze !\"><img loading=\"lazy\" decoding=\"async\" class=\"entry-thumb\" src=\"data:image\/png;base64,iVBORw0KGgoAAAANSUhEUgAAAGQAAABGAQMAAAAASKMqAAAAA1BMVEWurq51dlI4AAAAAXRSTlMmkutdmwAAABBJREFUKM9jGAWjYBQMKwAAA9QAAQWBn6cAAAAASUVORK5CYII=\" alt=\"CAN 2021 : Le Cameroun revient de loin et prend le bronze !\" title=\"CAN 2021 : Le Cameroun revient de loin et prend le bronze !\" data-type=\"image_tag\" data-img-url=\"https:\/\/static.africa-press.net\/benin\/sites\/46\/2022\/02\/img-61ff2fd9df999-100x70.jpg\"  width=\"100\" height=\"70\" \/><\/a><\/div>\r\n        <div class=\"item-details\">\r\n            <h3 class=\"entry-title td-module-title\"><a href=\"https:\/\/www.africa-press.net\/benin\/sports\/can-2021-le-cameroun-revient-de-loin-et-prend-le-bronze\" rel=\"bookmark\" title=\"CAN 2021 : Le Cameroun revient de loin et prend le bronze !\">CAN 2021 : Le Cameroun revient de loin et prend le...<\/a><\/h3>            <div class=\"td-module-meta-info\">\r\n                                                <span class=\"td-post-date\"><time class=\"entry-date updated td-module-date\" datetime=\"2022-02-06T00:37:02+00:00\" >2022-02-06<\/time><\/span>                            <\/div>\r\n        <\/div>\r\n\r\n        <\/div>\r\n\r\n        \n\t<\/div> <!-- .\/td-block-span12 -->\n\n\t<div class=\"td-block-span12\">\n\r\n        <div class=\"td_module_6 td_module_wrap td-animation-stack\">\r\n\r\n        <div class=\"td-module-thumb\"><a href=\"https:\/\/www.africa-press.net\/benin\/homepage-french\/can-2022-les-pharaons-eliminent-le-cameroun-et-rejoignent-la-finale\" rel=\"bookmark\" class=\"td-image-wrap\" title=\"CAN 2022 : les Pharaons \u00e9liminent le Cameroun et rejoignent la finale\"><img loading=\"lazy\" decoding=\"async\" class=\"entry-thumb\" src=\"data:image\/png;base64,iVBORw0KGgoAAAANSUhEUgAAAGQAAABGAQMAAAAASKMqAAAAA1BMVEWurq51dlI4AAAAAXRSTlMmkutdmwAAABBJREFUKM9jGAWjYBQMKwAAA9QAAQWBn6cAAAAASUVORK5CYII=\" alt=\"CAN 2022 : les Pharaons \u00e9liminent le Cameroun et rejoignent la finale\" title=\"CAN 2022 : les Pharaons \u00e9liminent le Cameroun et rejoignent la finale\" data-type=\"image_tag\" data-img-url=\"https:\/\/static.africa-press.net\/benin\/sites\/46\/2022\/02\/img-61fc7a9f6aa33-100x70.jpg\"  width=\"100\" height=\"70\" \/><\/a><\/div>\r\n        <div class=\"item-details\">\r\n            <h3 class=\"entry-title td-module-title\"><a href=\"https:\/\/www.africa-press.net\/benin\/homepage-french\/can-2022-les-pharaons-eliminent-le-cameroun-et-rejoignent-la-finale\" rel=\"bookmark\" title=\"CAN 2022 : les Pharaons \u00e9liminent le Cameroun et rejoignent la finale\">CAN 2022 : les Pharaons \u00e9liminent le Cameroun et rejoignent la...<\/a><\/h3>            <div class=\"td-module-meta-info\">\r\n                                                <span class=\"td-post-date\"><time class=\"entry-date updated td-module-date\" datetime=\"2022-02-04T00:13:08+00:00\" >2022-02-04<\/time><\/span>                            <\/div>\r\n        <\/div>\r\n\r\n        <\/div>\r\n\r\n        \n\t<\/div> <!-- .\/td-block-span12 --><\/div><\/div> <!-- .\/block --><\/div><\/div><\/div><\/div><div class=\"tdm_block td_block_wrap tdm_block_button td_uid_96_69f066d2f407a_rand tdm-block-button-inline tdm-content-horiz-right td-pb-border-top main-box-btn-green-en td_block_template_1\"  data-td-block-uid=\"td_uid_96_69f066d2f407a\"     >\n<style>\n.td_uid_97_69f066d30022b i:first-child {\r\n\t\t\t\t\tmargin-right: 14px;\r\n\t\t\t\t}\n<\/style><div class=\"tds-button td-fix-index\"><a \r\n                href=\"\/benin\/video\" \r\n                class=\"tds-button1 tdm-btn tdm-btn-sm td_uid_97_69f066d30022b\"  target=\"_blank\" ><i class=\"tdc-font-fa tdc-font-fa-arrow-right\"><\/i><span class=\"tdm-btn-text\">Plus de Nouvelles<\/span><\/a><\/div><\/div><div class=\"wpb_wrapper td_block_wrap vc_raw_html td_uid_98_69f066d3004b0_rand \"><div class=\"td-fix-index\"><div class=\"td-block-title-wrap\"><h4 class=\"block-title\"><a href=\"\/benin\/Divers\" class=\"td-pulldown-size\">Divers<\/a><\/h4><\/div><\/div><\/div><div id=\"main-box\" class=\"vc_row_inner td_uid_99_69f066d3004de_rand  vc_row vc_inner wpb_row td-pb-row\" >\n<style scoped>\n\n\/* custom css *\/\n.td_uid_99_69f066d3004de_rand {\r\n                    position: relative !important;\r\n                    top: 0;\r\n                    transform: none;\r\n                    -webkit-transform: none;\r\n                }\n<\/style><div class=\"vc_column_inner td_uid_100_69f066d30058b_rand  wpb_column vc_column_container tdc-inner-column td-pb-span6\">\n<style scoped>\n\n\/* custom css *\/\n.td_uid_100_69f066d30058b_rand {\r\n                    vertical-align: baseline;\r\n                }\n<\/style><div class=\"vc_column-inner\"><div class=\"wpb_wrapper\"><div class=\"td_block_wrap td_block_18 td_uid_101_69f066d300636_rand td_with_ajax_pagination td-pb-border-top td_block_template_1 td-column-1\"  data-td-block-uid=\"td_uid_101_69f066d300636\" ><script>var block_td_uid_101_69f066d300636 = new tdBlock();\nblock_td_uid_101_69f066d300636.id = \"td_uid_101_69f066d300636\";\nblock_td_uid_101_69f066d300636.atts = '{\"category_id\":\"22\",\"limit\":\"3\",\"ajax_pagination\":\"next_prev\",\"separator\":\"\",\"custom_title\":\"\",\"custom_url\":\"\",\"block_template_id\":\"\",\"mx8_tl\":\"\",\"m10_tl\":\"\",\"m10_el\":\"\",\"mx2_tl\":\"\",\"post_ids\":\"\",\"category_ids\":\"\",\"tag_slug\":\"\",\"autors_id\":\"\",\"installed_post_types\":\"\",\"sort\":\"\",\"offset\":\"\",\"show_modified_date\":\"\",\"el_class\":\"\",\"td_ajax_filter_type\":\"\",\"td_ajax_filter_ids\":\"\",\"td_filter_default_txt\":\"All\",\"td_ajax_preloading\":\"\",\"f_header_font_header\":\"\",\"f_header_font_title\":\"Block header\",\"f_header_font_settings\":\"\",\"f_header_font_family\":\"\",\"f_header_font_size\":\"\",\"f_header_font_line_height\":\"\",\"f_header_font_style\":\"\",\"f_header_font_weight\":\"\",\"f_header_font_transform\":\"\",\"f_header_font_spacing\":\"\",\"f_header_\":\"\",\"f_ajax_font_title\":\"Ajax categories\",\"f_ajax_font_settings\":\"\",\"f_ajax_font_family\":\"\",\"f_ajax_font_size\":\"\",\"f_ajax_font_line_height\":\"\",\"f_ajax_font_style\":\"\",\"f_ajax_font_weight\":\"\",\"f_ajax_font_transform\":\"\",\"f_ajax_font_spacing\":\"\",\"f_ajax_\":\"\",\"f_more_font_title\":\"Load more button\",\"f_more_font_settings\":\"\",\"f_more_font_family\":\"\",\"f_more_font_size\":\"\",\"f_more_font_line_height\":\"\",\"f_more_font_style\":\"\",\"f_more_font_weight\":\"\",\"f_more_font_transform\":\"\",\"f_more_font_spacing\":\"\",\"f_more_\":\"\",\"mx8f_title_font_header\":\"\",\"mx8f_title_font_title\":\"Article title\",\"mx8f_title_font_settings\":\"\",\"mx8f_title_font_family\":\"\",\"mx8f_title_font_size\":\"\",\"mx8f_title_font_line_height\":\"\",\"mx8f_title_font_style\":\"\",\"mx8f_title_font_weight\":\"\",\"mx8f_title_font_transform\":\"\",\"mx8f_title_font_spacing\":\"\",\"mx8f_title_\":\"\",\"mx8f_cat_font_title\":\"Article category tag\",\"mx8f_cat_font_settings\":\"\",\"mx8f_cat_font_family\":\"\",\"mx8f_cat_font_size\":\"\",\"mx8f_cat_font_line_height\":\"\",\"mx8f_cat_font_style\":\"\",\"mx8f_cat_font_weight\":\"\",\"mx8f_cat_font_transform\":\"\",\"mx8f_cat_font_spacing\":\"\",\"mx8f_cat_\":\"\",\"mx8f_meta_font_title\":\"Article meta info\",\"mx8f_meta_font_settings\":\"\",\"mx8f_meta_font_family\":\"\",\"mx8f_meta_font_size\":\"\",\"mx8f_meta_font_line_height\":\"\",\"mx8f_meta_font_style\":\"\",\"mx8f_meta_font_weight\":\"\",\"mx8f_meta_font_transform\":\"\",\"mx8f_meta_font_spacing\":\"\",\"mx8f_meta_\":\"\",\"m10f_title_font_header\":\"\",\"m10f_title_font_title\":\"Article title\",\"m10f_title_font_settings\":\"\",\"m10f_title_font_family\":\"\",\"m10f_title_font_size\":\"\",\"m10f_title_font_line_height\":\"\",\"m10f_title_font_style\":\"\",\"m10f_title_font_weight\":\"\",\"m10f_title_font_transform\":\"\",\"m10f_title_font_spacing\":\"\",\"m10f_title_\":\"\",\"m10f_cat_font_title\":\"Article category tag\",\"m10f_cat_font_settings\":\"\",\"m10f_cat_font_family\":\"\",\"m10f_cat_font_size\":\"\",\"m10f_cat_font_line_height\":\"\",\"m10f_cat_font_style\":\"\",\"m10f_cat_font_weight\":\"\",\"m10f_cat_font_transform\":\"\",\"m10f_cat_font_spacing\":\"\",\"m10f_cat_\":\"\",\"m10f_meta_font_title\":\"Article meta info\",\"m10f_meta_font_settings\":\"\",\"m10f_meta_font_family\":\"\",\"m10f_meta_font_size\":\"\",\"m10f_meta_font_line_height\":\"\",\"m10f_meta_font_style\":\"\",\"m10f_meta_font_weight\":\"\",\"m10f_meta_font_transform\":\"\",\"m10f_meta_font_spacing\":\"\",\"m10f_meta_\":\"\",\"m10f_ex_font_title\":\"Article excerpt\",\"m10f_ex_font_settings\":\"\",\"m10f_ex_font_family\":\"\",\"m10f_ex_font_size\":\"\",\"m10f_ex_font_line_height\":\"\",\"m10f_ex_font_style\":\"\",\"m10f_ex_font_weight\":\"\",\"m10f_ex_font_transform\":\"\",\"m10f_ex_font_spacing\":\"\",\"m10f_ex_\":\"\",\"mx2f_title_font_header\":\"\",\"mx2f_title_font_title\":\"Article title\",\"mx2f_title_font_settings\":\"\",\"mx2f_title_font_family\":\"\",\"mx2f_title_font_size\":\"\",\"mx2f_title_font_line_height\":\"\",\"mx2f_title_font_style\":\"\",\"mx2f_title_font_weight\":\"\",\"mx2f_title_font_transform\":\"\",\"mx2f_title_font_spacing\":\"\",\"mx2f_title_\":\"\",\"mx2f_cat_font_title\":\"Article category tag\",\"mx2f_cat_font_settings\":\"\",\"mx2f_cat_font_family\":\"\",\"mx2f_cat_font_size\":\"\",\"mx2f_cat_font_line_height\":\"\",\"mx2f_cat_font_style\":\"\",\"mx2f_cat_font_weight\":\"\",\"mx2f_cat_font_transform\":\"\",\"mx2f_cat_font_spacing\":\"\",\"mx2f_cat_\":\"\",\"mx2f_meta_font_title\":\"Article meta info\",\"mx2f_meta_font_settings\":\"\",\"mx2f_meta_font_family\":\"\",\"mx2f_meta_font_size\":\"\",\"mx2f_meta_font_line_height\":\"\",\"mx2f_meta_font_style\":\"\",\"mx2f_meta_font_weight\":\"\",\"mx2f_meta_font_transform\":\"\",\"mx2f_meta_font_spacing\":\"\",\"mx2f_meta_\":\"\",\"ajax_pagination_infinite_stop\":\"\",\"css\":\"\",\"tdc_css\":\"\",\"td_column_number\":1,\"header_color\":\"\",\"color_preset\":\"\",\"border_top\":\"\",\"class\":\"td_uid_101_69f066d300636_rand\",\"tdc_css_class\":\"td_uid_101_69f066d300636_rand\",\"tdc_css_class_style\":\"td_uid_101_69f066d300636_rand_style\"}';\nblock_td_uid_101_69f066d300636.td_column_number = \"1\";\nblock_td_uid_101_69f066d300636.block_type = \"td_block_18\";\nblock_td_uid_101_69f066d300636.post_count = \"3\";\nblock_td_uid_101_69f066d300636.found_posts = \"3987\";\nblock_td_uid_101_69f066d300636.header_color = \"\";\nblock_td_uid_101_69f066d300636.ajax_pagination_infinite_stop = \"\";\nblock_td_uid_101_69f066d300636.max_num_pages = \"1329\";\ntdBlocksArray.push(block_td_uid_101_69f066d300636);\n<\/script><div class=\"td-block-title-wrap\"><\/div><div id=td_uid_101_69f066d300636 class=\"td_block_inner td-column-1\">\r\n        <div class=\"td_module_mx8 td_module_wrap td-animation-stack\">\r\n            <div class=\"meta-info-container\">\r\n                <div class=\"td-module-thumb\"><a href=\"https:\/\/www.africa-press.net\/benin\/toutes-les-actualites\/ia-identifie-mutations-genetiques-de-maladies-rares-2\" rel=\"bookmark\" class=\"td-image-wrap\" title=\"IA Identifie Mutations G\u00e9n\u00e9tiques de Maladies Rares\"><img loading=\"lazy\" decoding=\"async\" class=\"entry-thumb\" src=\"data:image\/png;base64,iVBORw0KGgoAAAANSUhEUgAAArgAAAGBAQMAAAC3k1CUAAAAA1BMVEWurq51dlI4AAAAAXRSTlMmkutdmwAAADdJREFUeNrtwTEBAAAAwiD7p7bETmAAAAAAAAAAAAAAAAAAAAAAAAAAAAAAAAAAAAAAAAAAAEDuhFgAARFpDB8AAAAASUVORK5CYII=\" alt=\"IA Identifie Mutations G\u00e9n\u00e9tiques de Maladies Rares\" title=\"IA Identifie Mutations G\u00e9n\u00e9tiques de Maladies Rares\" data-type=\"image_tag\" data-img-url=\"https:\/\/static.africa-press.net\/benin\/sites\/46\/2026\/04\/sm_1776483877.305931-696x385.jpg\"  width=\"696\" height=\"385\" \/><\/a><\/div>\r\n                <div class=\"td-module-meta-info\">\r\n                    <h3 class=\"entry-title td-module-title\"><a href=\"https:\/\/www.africa-press.net\/benin\/toutes-les-actualites\/ia-identifie-mutations-genetiques-de-maladies-rares-2\" rel=\"bookmark\" title=\"IA Identifie Mutations G\u00e9n\u00e9tiques de Maladies Rares\">IA Identifie Mutations G\u00e9n\u00e9tiques de Maladies Rares<\/a><\/h3>                                        <span class=\"td-author-date\">\r\n                                                <span class=\"td-post-date\"><time class=\"entry-date updated td-module-date\" datetime=\"2026-03-31T00:13:33+00:00\" >2026-03-31<\/time><\/span>                                            <\/span>\r\n                <\/div>\r\n            <\/div>\r\n\r\n        <\/div>\r\n\r\n        \r\n        <div class=\"td_module_mx2 td_module_wrap td-animation-stack\">\r\n\r\n            <div class=\"td-module-thumb\"><a href=\"https:\/\/www.africa-press.net\/benin\/toutes-les-actualites\/box-internet-fibre-la-tres-haute-vitesse-et-nos-usages\" rel=\"bookmark\" class=\"td-image-wrap\" title=\"Box Internet Fibre: La Tre\u0300s Haute Vitesse et Nos Usages\"><img loading=\"lazy\" decoding=\"async\" class=\"entry-thumb\" src=\"data:image\/png;base64,iVBORw0KGgoAAAANSUhEUgAAAFAAAAA8AQMAAADL6a\/PAAAAA1BMVEWurq51dlI4AAAAAXRSTlMmkutdmwAAAA5JREFUKM9jGAWjYJABAAKUAAHoEAeuAAAAAElFTkSuQmCC\" alt=\"Box Internet Fibre: La Tre\u0300s Haute Vitesse et Nos Usages\" title=\"Box Internet Fibre: La Tre\u0300s Haute Vitesse et Nos Usages\" data-type=\"image_tag\" data-img-url=\"https:\/\/static.africa-press.net\/benin\/sites\/46\/2026\/04\/sm_1776483781.893687-80x60.jpg\"  width=\"80\" height=\"60\" \/><\/a><\/div>\r\n            <div class=\"item-details\">\r\n                <h3 class=\"entry-title td-module-title\"><a href=\"https:\/\/www.africa-press.net\/benin\/toutes-les-actualites\/box-internet-fibre-la-tres-haute-vitesse-et-nos-usages\" rel=\"bookmark\" title=\"Box Internet Fibre: La Tre\u0300s Haute Vitesse et Nos Usages\">Box Internet Fibre: La Tre\u0300s Haute Vitesse et Nos Usages<\/a><\/h3>                <div class=\"td-module-meta-info\">\r\n                                                            <span class=\"td-post-date\"><time class=\"entry-date updated td-module-date\" datetime=\"2026-03-31T00:13:32+00:00\" >2026-03-31<\/time><\/span>                                    <\/div>\r\n            <\/div>\r\n\r\n        <\/div>\r\n\r\n        \r\n        <div class=\"td_module_mx2 td_module_wrap td-animation-stack\">\r\n\r\n            <div class=\"td-module-thumb\"><a href=\"https:\/\/www.africa-press.net\/benin\/toutes-les-actualites\/wikipedia-a-25-ans-lavenir-face-a-lia\" rel=\"bookmark\" class=\"td-image-wrap\" title=\"Wikipe\u0301dia A\u0300 25 Ans: L&rsquo;Avenir Face A\u0300 L&rsquo;IA\"><img loading=\"lazy\" decoding=\"async\" class=\"entry-thumb\" src=\"data:image\/png;base64,iVBORw0KGgoAAAANSUhEUgAAAFAAAAA8AQMAAADL6a\/PAAAAA1BMVEWurq51dlI4AAAAAXRSTlMmkutdmwAAAA5JREFUKM9jGAWjYJABAAKUAAHoEAeuAAAAAElFTkSuQmCC\" alt=\"Wikipe\u0301dia A\u0300 25 Ans: L&#039;Avenir Face A\u0300 L&#039;IA\" title=\"Wikipe\u0301dia A\u0300 25 Ans: L&rsquo;Avenir Face A\u0300 L&rsquo;IA\" data-type=\"image_tag\" data-img-url=\"https:\/\/static.africa-press.net\/benin\/sites\/46\/2026\/04\/sm_1776483648.878282-80x60.jpg\"  width=\"80\" height=\"60\" \/><\/a><\/div>\r\n            <div class=\"item-details\">\r\n                <h3 class=\"entry-title td-module-title\"><a href=\"https:\/\/www.africa-press.net\/benin\/toutes-les-actualites\/wikipedia-a-25-ans-lavenir-face-a-lia\" rel=\"bookmark\" title=\"Wikipe\u0301dia A\u0300 25 Ans: L&rsquo;Avenir Face A\u0300 L&rsquo;IA\">Wikipe\u0301dia A\u0300 25 Ans: L&rsquo;Avenir Face A\u0300 L&rsquo;IA<\/a><\/h3>                <div class=\"td-module-meta-info\">\r\n                                                            <span class=\"td-post-date\"><time class=\"entry-date updated td-module-date\" datetime=\"2026-03-29T00:13:21+00:00\" >2026-03-29<\/time><\/span>                                    <\/div>\r\n            <\/div>\r\n\r\n        <\/div>\r\n\r\n        <\/div><div class=\"td-next-prev-wrap\"><a href=\"#\" class=\"td-ajax-prev-page ajax-page-disabled\" id=\"prev-page-td_uid_101_69f066d300636\" data-td_block_id=\"td_uid_101_69f066d300636\"><i class=\"td-icon-font td-icon-menu-left\"><\/i><\/a><a href=\"#\"  class=\"td-ajax-next-page\" id=\"next-page-td_uid_101_69f066d300636\" data-td_block_id=\"td_uid_101_69f066d300636\"><i class=\"td-icon-font td-icon-menu-right\"><\/i><\/a><\/div><\/div> <!-- .\/block --><\/div><\/div><\/div><div class=\"vc_column_inner td_uid_102_69f066d30ca52_rand  wpb_column vc_column_container tdc-inner-column td-pb-span6\">\n<style scoped>\n\n\/* custom css *\/\n.td_uid_102_69f066d30ca52_rand {\r\n                    vertical-align: baseline;\r\n                }\n<\/style><div class=\"vc_column-inner\"><div class=\"wpb_wrapper\"><div class=\"td_block_wrap td_block_7 td_uid_103_69f066d30cb0c_rand td-pb-border-top td_block_template_1 td-column-1 td_block_padding\"  data-td-block-uid=\"td_uid_103_69f066d30cb0c\" >\n<style>\n\n\/* inline tdc_css att *\/\n\n\/* phone *\/\n@media (max-width: 767px)\n{\n.td_uid_103_69f066d30cb0c_rand{\ndisplay:none !important;\n}\n}\n\n<\/style><script>var block_td_uid_103_69f066d30cb0c = new tdBlock();\nblock_td_uid_103_69f066d30cb0c.id = \"td_uid_103_69f066d30cb0c\";\nblock_td_uid_103_69f066d30cb0c.atts = '{\"category_id\":\"22\",\"limit\":\"4\",\"offset\":\"3\",\"tdc_css\":\"eyJwaG9uZSI6eyJkaXNwbGF5Ijoibm9uZSJ9LCJwaG9uZV9tYXhfd2lkdGgiOjc2N30=\",\"separator\":\"\",\"custom_title\":\"\",\"custom_url\":\"\",\"block_template_id\":\"\",\"m6_tl\":\"\",\"post_ids\":\"\",\"category_ids\":\"\",\"tag_slug\":\"\",\"autors_id\":\"\",\"installed_post_types\":\"\",\"sort\":\"\",\"show_modified_date\":\"\",\"el_class\":\"\",\"td_ajax_filter_type\":\"\",\"td_ajax_filter_ids\":\"\",\"td_filter_default_txt\":\"All\",\"td_ajax_preloading\":\"\",\"f_header_font_header\":\"\",\"f_header_font_title\":\"Block header\",\"f_header_font_settings\":\"\",\"f_header_font_family\":\"\",\"f_header_font_size\":\"\",\"f_header_font_line_height\":\"\",\"f_header_font_style\":\"\",\"f_header_font_weight\":\"\",\"f_header_font_transform\":\"\",\"f_header_font_spacing\":\"\",\"f_header_\":\"\",\"f_ajax_font_title\":\"Ajax categories\",\"f_ajax_font_settings\":\"\",\"f_ajax_font_family\":\"\",\"f_ajax_font_size\":\"\",\"f_ajax_font_line_height\":\"\",\"f_ajax_font_style\":\"\",\"f_ajax_font_weight\":\"\",\"f_ajax_font_transform\":\"\",\"f_ajax_font_spacing\":\"\",\"f_ajax_\":\"\",\"f_more_font_title\":\"Load more button\",\"f_more_font_settings\":\"\",\"f_more_font_family\":\"\",\"f_more_font_size\":\"\",\"f_more_font_line_height\":\"\",\"f_more_font_style\":\"\",\"f_more_font_weight\":\"\",\"f_more_font_transform\":\"\",\"f_more_font_spacing\":\"\",\"f_more_\":\"\",\"m6f_title_font_header\":\"\",\"m6f_title_font_title\":\"Article title\",\"m6f_title_font_settings\":\"\",\"m6f_title_font_family\":\"\",\"m6f_title_font_size\":\"\",\"m6f_title_font_line_height\":\"\",\"m6f_title_font_style\":\"\",\"m6f_title_font_weight\":\"\",\"m6f_title_font_transform\":\"\",\"m6f_title_font_spacing\":\"\",\"m6f_title_\":\"\",\"m6f_cat_font_title\":\"Article category tag\",\"m6f_cat_font_settings\":\"\",\"m6f_cat_font_family\":\"\",\"m6f_cat_font_size\":\"\",\"m6f_cat_font_line_height\":\"\",\"m6f_cat_font_style\":\"\",\"m6f_cat_font_weight\":\"\",\"m6f_cat_font_transform\":\"\",\"m6f_cat_font_spacing\":\"\",\"m6f_cat_\":\"\",\"m6f_meta_font_title\":\"Article meta info\",\"m6f_meta_font_settings\":\"\",\"m6f_meta_font_family\":\"\",\"m6f_meta_font_size\":\"\",\"m6f_meta_font_line_height\":\"\",\"m6f_meta_font_style\":\"\",\"m6f_meta_font_weight\":\"\",\"m6f_meta_font_transform\":\"\",\"m6f_meta_font_spacing\":\"\",\"m6f_meta_\":\"\",\"ajax_pagination\":\"\",\"ajax_pagination_infinite_stop\":\"\",\"css\":\"\",\"td_column_number\":1,\"header_color\":\"\",\"color_preset\":\"\",\"border_top\":\"\",\"class\":\"td_uid_103_69f066d30cb0c_rand\",\"tdc_css_class\":\"td_uid_103_69f066d30cb0c_rand\",\"tdc_css_class_style\":\"td_uid_103_69f066d30cb0c_rand_style\"}';\nblock_td_uid_103_69f066d30cb0c.td_column_number = \"1\";\nblock_td_uid_103_69f066d30cb0c.block_type = \"td_block_7\";\nblock_td_uid_103_69f066d30cb0c.post_count = \"4\";\nblock_td_uid_103_69f066d30cb0c.found_posts = \"3987\";\nblock_td_uid_103_69f066d30cb0c.header_color = \"\";\nblock_td_uid_103_69f066d30cb0c.ajax_pagination_infinite_stop = \"\";\nblock_td_uid_103_69f066d30cb0c.max_num_pages = \"996\";\ntdBlocksArray.push(block_td_uid_103_69f066d30cb0c);\n<\/script><div class=\"td-block-title-wrap\"><\/div><div id=td_uid_103_69f066d30cb0c class=\"td_block_inner\">\n\n\t<div class=\"td-block-span12\">\n\r\n        <div class=\"td_module_6 td_module_wrap td-animation-stack\">\r\n\r\n        <div class=\"td-module-thumb\"><a href=\"https:\/\/www.africa-press.net\/benin\/toutes-les-actualites\/le-fardier-precurseur-de-lautomobile\" rel=\"bookmark\" class=\"td-image-wrap\" title=\"Le Fardier, pr\u00e9curseur de l&rsquo;automobile\"><img loading=\"lazy\" decoding=\"async\" class=\"entry-thumb\" src=\"data:image\/png;base64,iVBORw0KGgoAAAANSUhEUgAAAGQAAABGAQMAAAAASKMqAAAAA1BMVEWurq51dlI4AAAAAXRSTlMmkutdmwAAABBJREFUKM9jGAWjYBQMKwAAA9QAAQWBn6cAAAAASUVORK5CYII=\" alt=\"Le Fardier, pr\u00e9curseur de l&#039;automobile\" title=\"Le Fardier, pr\u00e9curseur de l&rsquo;automobile\" data-type=\"image_tag\" data-img-url=\"https:\/\/static.africa-press.net\/benin\/sites\/46\/2026\/04\/sm_1776483536.421151-100x70.jpg\"  width=\"100\" height=\"70\" \/><\/a><\/div>\r\n        <div class=\"item-details\">\r\n            <h3 class=\"entry-title td-module-title\"><a href=\"https:\/\/www.africa-press.net\/benin\/toutes-les-actualites\/le-fardier-precurseur-de-lautomobile\" rel=\"bookmark\" title=\"Le Fardier, pr\u00e9curseur de l&rsquo;automobile\">Le Fardier, pr\u00e9curseur de l&rsquo;automobile<\/a><\/h3>            <div class=\"td-module-meta-info\">\r\n                                                <span class=\"td-post-date\"><time class=\"entry-date updated td-module-date\" datetime=\"2026-03-29T00:13:20+00:00\" >2026-03-29<\/time><\/span>                            <\/div>\r\n        <\/div>\r\n\r\n        <\/div>\r\n\r\n        \n\t<\/div> <!-- .\/td-block-span12 -->\n\n\t<div class=\"td-block-span12\">\n\r\n        <div class=\"td_module_6 td_module_wrap td-animation-stack\">\r\n\r\n        <div class=\"td-module-thumb\"><a href=\"https:\/\/www.africa-press.net\/benin\/toutes-les-actualites\/voici-le-robot-autonome-le-plus-petit-du-monde\" rel=\"bookmark\" class=\"td-image-wrap\" title=\"Voici le robot autonome le plus petit du monde\"><img loading=\"lazy\" decoding=\"async\" class=\"entry-thumb\" src=\"data:image\/png;base64,iVBORw0KGgoAAAANSUhEUgAAAGQAAABGAQMAAAAASKMqAAAAA1BMVEWurq51dlI4AAAAAXRSTlMmkutdmwAAABBJREFUKM9jGAWjYBQMKwAAA9QAAQWBn6cAAAAASUVORK5CYII=\" alt=\"Voici le robot autonome le plus petit du monde\" title=\"Voici le robot autonome le plus petit du monde\" data-type=\"image_tag\" data-img-url=\"https:\/\/static.africa-press.net\/benin\/sites\/46\/2026\/04\/sm_1776483414.906657-100x70.jpg\"  width=\"100\" height=\"70\" \/><\/a><\/div>\r\n        <div class=\"item-details\">\r\n            <h3 class=\"entry-title td-module-title\"><a href=\"https:\/\/www.africa-press.net\/benin\/toutes-les-actualites\/voici-le-robot-autonome-le-plus-petit-du-monde\" rel=\"bookmark\" title=\"Voici le robot autonome le plus petit du monde\">Voici le robot autonome le plus petit du monde<\/a><\/h3>            <div class=\"td-module-meta-info\">\r\n                                                <span class=\"td-post-date\"><time class=\"entry-date updated td-module-date\" datetime=\"2026-03-29T00:13:19+00:00\" >2026-03-29<\/time><\/span>                            <\/div>\r\n        <\/div>\r\n\r\n        <\/div>\r\n\r\n        \n\t<\/div> <!-- .\/td-block-span12 -->\n\n\t<div class=\"td-block-span12\">\n\r\n        <div class=\"td_module_6 td_module_wrap td-animation-stack\">\r\n\r\n        <div class=\"td-module-thumb\"><a href=\"https:\/\/www.africa-press.net\/benin\/toutes-les-actualites\/chatgpt-et-sante-mentale-un-chatbot-ne-remplace-pas-lhumain\" rel=\"bookmark\" class=\"td-image-wrap\" title=\"ChatGPT Et Sante\u0301 Mentale: Un Chatbot Ne Remplace Pas L&rsquo;Humain\"><img loading=\"lazy\" decoding=\"async\" class=\"entry-thumb\" src=\"data:image\/png;base64,iVBORw0KGgoAAAANSUhEUgAAAGQAAABGAQMAAAAASKMqAAAAA1BMVEWurq51dlI4AAAAAXRSTlMmkutdmwAAABBJREFUKM9jGAWjYBQMKwAAA9QAAQWBn6cAAAAASUVORK5CYII=\" alt=\"ChatGPT Et Sante\u0301 Mentale: Un Chatbot Ne Remplace Pas L&#039;Humain\" title=\"ChatGPT Et Sante\u0301 Mentale: Un Chatbot Ne Remplace Pas L&rsquo;Humain\" data-type=\"image_tag\" data-img-url=\"https:\/\/static.africa-press.net\/benin\/sites\/46\/2026\/04\/sm_1776483291.684024-100x70.jpg\"  width=\"100\" height=\"70\" \/><\/a><\/div>\r\n        <div class=\"item-details\">\r\n            <h3 class=\"entry-title td-module-title\"><a href=\"https:\/\/www.africa-press.net\/benin\/toutes-les-actualites\/chatgpt-et-sante-mentale-un-chatbot-ne-remplace-pas-lhumain\" rel=\"bookmark\" title=\"ChatGPT Et Sante\u0301 Mentale: Un Chatbot Ne Remplace Pas L&rsquo;Humain\">ChatGPT Et Sante\u0301 Mentale: Un Chatbot Ne Remplace Pas L&rsquo;Humain<\/a><\/h3>            <div class=\"td-module-meta-info\">\r\n                                                <span class=\"td-post-date\"><time class=\"entry-date updated td-module-date\" datetime=\"2026-03-28T00:13:11+00:00\" >2026-03-28<\/time><\/span>                            <\/div>\r\n        <\/div>\r\n\r\n        <\/div>\r\n\r\n        \n\t<\/div> <!-- .\/td-block-span12 -->\n\n\t<div class=\"td-block-span12\">\n\r\n        <div class=\"td_module_6 td_module_wrap td-animation-stack\">\r\n\r\n        <div class=\"td-module-thumb\"><a href=\"https:\/\/www.africa-press.net\/benin\/toutes-les-actualites\/du-garage-au-geant-de-la-technologie-apple-fete-ses-50-ans\" rel=\"bookmark\" class=\"td-image-wrap\" title=\"Du Garage Au G\u00e9ant De La Technologie Apple F\u00eate Ses 50 Ans\"><img loading=\"lazy\" decoding=\"async\" class=\"entry-thumb\" src=\"data:image\/png;base64,iVBORw0KGgoAAAANSUhEUgAAAGQAAABGAQMAAAAASKMqAAAAA1BMVEWurq51dlI4AAAAAXRSTlMmkutdmwAAABBJREFUKM9jGAWjYBQMKwAAA9QAAQWBn6cAAAAASUVORK5CYII=\" alt=\"Du Garage Au G\u00e9ant De La Technologie Apple F\u00eate Ses 50 Ans\" title=\"Du Garage Au G\u00e9ant De La Technologie Apple F\u00eate Ses 50 Ans\" data-type=\"image_tag\" data-img-url=\"https:\/\/static.africa-press.net\/benin\/sites\/46\/2026\/04\/sm_1776483219.815017-100x70.jpg\"  width=\"100\" height=\"70\" \/><\/a><\/div>\r\n        <div class=\"item-details\">\r\n            <h3 class=\"entry-title td-module-title\"><a href=\"https:\/\/www.africa-press.net\/benin\/toutes-les-actualites\/du-garage-au-geant-de-la-technologie-apple-fete-ses-50-ans\" rel=\"bookmark\" title=\"Du Garage Au G\u00e9ant De La Technologie Apple F\u00eate Ses 50 Ans\">Du Garage Au G\u00e9ant De La Technologie Apple F\u00eate Ses 50...<\/a><\/h3>            <div class=\"td-module-meta-info\">\r\n                                                <span class=\"td-post-date\"><time class=\"entry-date updated td-module-date\" datetime=\"2026-03-28T00:13:10+00:00\" >2026-03-28<\/time><\/span>                            <\/div>\r\n        <\/div>\r\n\r\n        <\/div>\r\n\r\n        \n\t<\/div> <!-- .\/td-block-span12 --><\/div><\/div> <!-- .\/block --><\/div><\/div><\/div><\/div><div class=\"tdm_block td_block_wrap tdm_block_button td_uid_104_69f066d31b0e5_rand tdm-block-button-inline tdm-content-horiz-right td-pb-border-top main-box-btn-green-en td_block_template_1\"  data-td-block-uid=\"td_uid_104_69f066d31b0e5\"     >\n<style>\n.td_uid_105_69f066d31b861 i:first-child {\r\n\t\t\t\t\tmargin-right: 14px;\r\n\t\t\t\t}\n<\/style><div class=\"tds-button td-fix-index\"><a \r\n                href=\"\/benin\/Divers\" \r\n                class=\"tds-button1 tdm-btn tdm-btn-sm td_uid_105_69f066d31b861\"  target=\"_blank\" ><i class=\"tdc-font-fa tdc-font-fa-arrow-right\"><\/i><span class=\"tdm-btn-text\">Plus de Nouvelles<\/span><\/a><\/div><\/div><\/div><\/div><div class=\"vc_column td_uid_106_69f066d31bfc6_rand all-news-block wpb_column vc_column_container tdc-column td-pb-span4\">\n<style scoped>\n\n\/* custom css *\/\n.td_uid_106_69f066d31bfc6_rand {\r\n                    vertical-align: baseline;\r\n                }\n<\/style><div class=\"wpb_wrapper\"><div class=\"td_block_wrap td_block_weather td_uid_107_69f066d31c23a_rand td-pb-border-top td_block_template_1\"  data-td-block-uid=\"td_uid_107_69f066d31c23a\" ><div class=\"td-block-title-wrap\"><\/div><div id=td_uid_107_69f066d31c23a class=\"td-weather-wrap td_block_inner td-column-1\"><!-- td weather source: cache -->\r\n\t\t<div class=\"td-weather-header\">\r\n\t\t\t<div class=\"td-weather-city\">B\u00e9nin<\/div>\r\n\t\t\t<div class=\"td-weather-condition\">nuageux<\/div>\r\n\t\t\t<i class=\"td-location-icon td-icons-location\" data-block-uid=\"td_uid_107_69f066d31c23a\"><\/i>\r\n\t\t<\/div>\r\n\r\n\t\t<div class=\"td-weather-set-location\">\r\n\t\t\t<form class=\"td-manual-location-form\" action=\"#\" data-block-uid=\"td_uid_107_69f066d31c23a\">\r\n\t\t\t\t<input id=\"td_uid_107_69f066d31c23a\" class=\"td-location-set-input\" type=\"text\"\r\n\t\t\t\t\t   name=\"location\" value=\"\">\r\n\t\t\t\t<label>enter location<\/label>\r\n\t\t\t<\/form>\r\n\t\t<\/div>\r\n\r\n\t\t<div class=\"td-weather-temperature\">\r\n\t\t\t<div class=\"td-weather-temp-wrap\">\r\n\t\t\t\t<div class=\"td-weather-animated-icon\">\r\n\t\t\t\t\t<span\r\n\t\t\t\t\t\tclass=\"td_animation_sprite-27-100-80-0-0-1 broken-clouds-n td-w-today-icon\"\r\n\t\t\t\t\t\tdata-td-block-uid=\"td_uid_107_69f066d31c23a\"><\/span>\r\n\t\t\t\t<\/div>\r\n\t\t\t\t<div class=\"td-weather-now\" data-block-uid=\"td_uid_107_69f066d31c23a\">\r\n\t\t\t\t\t<span class=\"td-big-degrees\">25.3<\/span>\r\n\t\t\t\t\t<span class=\"td-circle\">&deg;<\/span>\r\n\t\t\t\t\t<span class=\"td-weather-unit\">C<\/span>\r\n\t\t\t\t<\/div>\r\n\t\t\t\t<div class=\"td-weather-lo-hi\">\r\n\t\t\t\t\t<div class=\"td-weather-degrees-wrap\">\r\n\t\t\t\t\t\t<i class=\"td-up-icon td-icons-arrows-up\"><\/i>\r\n\t\t\t\t\t\t<span\r\n\t\t\t\t\t\t\tclass=\"td-small-degrees td-w-high-temp\">25.3<\/span>\r\n\t\t\t\t\t\t<span class=\"td-circle\">&deg;<\/span>\r\n\t\t\t\t\t<\/div>\r\n\t\t\t\t\t<div class=\"td-weather-degrees-wrap\">\r\n\t\t\t\t\t\t<i class=\"td-down-icon td-icons-arrows-down\"><\/i>\r\n\t\t\t\t\t\t<span\r\n\t\t\t\t\t\t\tclass=\"td-small-degrees td-w-low-temp\">25.3<\/span>\r\n\t\t\t\t\t\t<span class=\"td-circle\">&deg;<\/span>\r\n\t\t\t\t\t<\/div>\r\n\t\t\t\t<\/div>\r\n\t\t\t<\/div>\r\n\t\t<\/div>\r\n\r\n\t\t<div class=\"td-weather-info-wrap\">\r\n\t\t\t<div class=\"td-weather-information\">\r\n\t\t\t\t<div class=\"td-weather-section-1\">\r\n\t\t\t\t\t<i class=\"td-icons-drop\"><\/i>\r\n\t\t\t\t\t<span class=\"td-weather-parameter td-w-today-humidity\">72\t\t\t\t\t\t%<\/span>\r\n\t\t\t\t<\/div>\r\n\t\t\t\t<div class=\"td-weather-section-2\">\r\n\t\t\t\t\t<i class=\"td-icons-wind\"><\/i>\r\n\t\t\t\t\t<span\r\n\t\t\t\t\t\tclass=\"td-weather-parameter td-w-today-wind-speed\">1.8kmh<\/span>\r\n\t\t\t\t<\/div>\r\n\t\t\t\t<div class=\"td-weather-section-3\">\r\n\t\t\t\t\t<i class=\"td-icons-cloud\"><\/i>\r\n\t\t\t\t\t<span class=\"td-weather-parameter td-w-today-clouds\">84\t\t\t\t\t\t%<\/span>\r\n\t\t\t\t<\/div>\r\n\t\t\t<\/div>\r\n\r\n\r\n\t\t\t<div class=\"td-weather-week\">\r\n\t\t\t\t\t\t\t\t\t<div class=\"td-weather-days\">\r\n\t\t\t\t\t\t<div class=\"td-day-0\">mar<\/div>\r\n\r\n\t\t\t\t\t\t<div class=\"td-day-degrees\">\r\n\t\t\t\t\t\t\t<span\r\n\t\t\t\t\t\t\t\tclass=\"td-degrees-0\">37<\/span>\r\n\t\t\t\t\t\t\t<span class=\"td-circle\">&deg;<\/span>\r\n\t\t\t\t\t\t<\/div>\r\n\t\t\t\t\t<\/div>\r\n\t\t\t\t\t\t\t\t\t\t<div class=\"td-weather-days\">\r\n\t\t\t\t\t\t<div class=\"td-day-1\">mer<\/div>\r\n\r\n\t\t\t\t\t\t<div class=\"td-day-degrees\">\r\n\t\t\t\t\t\t\t<span\r\n\t\t\t\t\t\t\t\tclass=\"td-degrees-1\">35<\/span>\r\n\t\t\t\t\t\t\t<span class=\"td-circle\">&deg;<\/span>\r\n\t\t\t\t\t\t<\/div>\r\n\t\t\t\t\t<\/div>\r\n\t\t\t\t\t\t\t\t\t\t<div class=\"td-weather-days\">\r\n\t\t\t\t\t\t<div class=\"td-day-2\">jeu<\/div>\r\n\r\n\t\t\t\t\t\t<div class=\"td-day-degrees\">\r\n\t\t\t\t\t\t\t<span\r\n\t\t\t\t\t\t\t\tclass=\"td-degrees-2\">36<\/span>\r\n\t\t\t\t\t\t\t<span class=\"td-circle\">&deg;<\/span>\r\n\t\t\t\t\t\t<\/div>\r\n\t\t\t\t\t<\/div>\r\n\t\t\t\t\t\t\t\t\t\t<div class=\"td-weather-days\">\r\n\t\t\t\t\t\t<div class=\"td-day-3\">ven<\/div>\r\n\r\n\t\t\t\t\t\t<div class=\"td-day-degrees\">\r\n\t\t\t\t\t\t\t<span\r\n\t\t\t\t\t\t\t\tclass=\"td-degrees-3\">37<\/span>\r\n\t\t\t\t\t\t\t<span class=\"td-circle\">&deg;<\/span>\r\n\t\t\t\t\t\t<\/div>\r\n\t\t\t\t\t<\/div>\r\n\t\t\t\t\t\t\t\t\t\t<div class=\"td-weather-days\">\r\n\t\t\t\t\t\t<div class=\"td-day-4\">sam<\/div>\r\n\r\n\t\t\t\t\t\t<div class=\"td-day-degrees\">\r\n\t\t\t\t\t\t\t<span\r\n\t\t\t\t\t\t\t\tclass=\"td-degrees-4\">35<\/span>\r\n\t\t\t\t\t\t\t<span class=\"td-circle\">&deg;<\/span>\r\n\t\t\t\t\t\t<\/div>\r\n\t\t\t\t\t<\/div>\r\n\t\t\t\t\t\t\t\t<\/div>\r\n\t\t<\/div>\r\n\r\n\t\t<\/div><\/div> <!-- .\/block --><\/div><\/div><\/div><\/div><\/div><\/div>\r\n\t\t\t<script>\r\n\r\n\t\t\t\tjQuery(window).load(function () {\r\n\r\n                    var $content = jQuery('body').find('#tdc-live-iframe'),\r\n                        refWindow = undefined;\r\n\r\n                    if ($content.length) {\r\n                        $content = $content.contents();\r\n                        refWindow = document.getElementById('tdc-live-iframe').contentWindow || document.getElementById('tdc-live-iframe').contentDocument;\r\n\r\n                    } else {\r\n                        $content = jQuery('body');\r\n                        refWindow = window;\r\n                    }\r\n\r\n                    $content.find('#td_uid_1_69f066d15a238 .td-element-style').each(function (index, element) {\r\n                        \/\/jQuery(element).css('opacity', 1);\r\n                        return;\r\n                    });\r\n                });\r\n\r\n\t\t\t<\/script>\r\n\r\n\t\t\t","protected":false},"excerpt":{"rendered":"","protected":false},"author":14,"featured_media":0,"parent":0,"menu_order":0,"comment_status":"closed","ping_status":"closed","template":"","meta":{"footnotes":""},"class_list":["post-1","page","type-page","status-publish","hentry"],"yoast_head":"<!-- This site is optimized with the Yoast SEO Premium plugin v26.1 (Yoast SEO v27.0) - https:\/\/yoast.com\/product\/yoast-seo-premium-wordpress\/ -->\n<title>Benin - B\u00e9nin<\/title>\n<meta name=\"robots\" content=\"index, follow, max-snippet:-1, max-image-preview:large, max-video-preview:-1\" \/>\n<link rel=\"canonical\" href=\"https:\/\/www.africa-press.net\/benin\/\" \/>\n<meta property=\"og:locale\" content=\"fr_FR\" \/>\n<meta property=\"og:type\" content=\"article\" \/>\n<meta property=\"og:title\" content=\"Benin\" \/>\n<meta property=\"og:url\" content=\"https:\/\/www.africa-press.net\/benin\/\" \/>\n<meta property=\"og:site_name\" content=\"B\u00e9nin\" \/>\n<meta property=\"article:modified_time\" content=\"2021-03-27T17:40:02+00:00\" \/>\n<meta name=\"twitter:card\" content=\"summary_large_image\" \/>\n<meta name=\"twitter:label1\" content=\"Dur\u00e9e de lecture estim\u00e9e\" \/>\n\t<meta name=\"twitter:data1\" content=\"8 minutes\" \/>\n<script type=\"application\/ld+json\" class=\"yoast-schema-graph\">{\"@context\":\"https:\/\/schema.org\",\"@graph\":[{\"@type\":\"WebPage\",\"@id\":\"https:\/\/www.africa-press.net\/benin\/\",\"url\":\"https:\/\/www.africa-press.net\/benin\/\",\"name\":\"Benin - B\u00e9nin\",\"isPartOf\":{\"@id\":\"https:\/\/www.africa-press.net\/benin\/#website\"},\"datePublished\":\"2020-07-15T15:22:39+00:00\",\"dateModified\":\"2021-03-27T17:40:02+00:00\",\"breadcrumb\":{\"@id\":\"https:\/\/www.africa-press.net\/benin\/#breadcrumb\"},\"inLanguage\":\"fr-FR\",\"potentialAction\":[{\"@type\":\"ReadAction\",\"target\":[\"https:\/\/www.africa-press.net\/benin\/\"]}]},{\"@type\":\"BreadcrumbList\",\"@id\":\"https:\/\/www.africa-press.net\/benin\/#breadcrumb\",\"itemListElement\":[{\"@type\":\"ListItem\",\"position\":1,\"name\":\"Accueil\",\"item\":\"https:\/\/www.africa-press.net\/benin\/\"},{\"@type\":\"ListItem\",\"position\":2,\"name\":\"Benin\"}]},{\"@type\":\"WebSite\",\"@id\":\"https:\/\/www.africa-press.net\/benin\/#website\",\"url\":\"https:\/\/www.africa-press.net\/benin\/\",\"name\":\"B\u00e9nin\",\"description\":\"Just another Africa News Agency Sites site\",\"potentialAction\":[{\"@type\":\"SearchAction\",\"target\":{\"@type\":\"EntryPoint\",\"urlTemplate\":\"https:\/\/www.africa-press.net\/benin\/?s={search_term_string}\"},\"query-input\":{\"@type\":\"PropertyValueSpecification\",\"valueRequired\":true,\"valueName\":\"search_term_string\"}}],\"inLanguage\":\"fr-FR\"}]}<\/script>\n<!-- \/ Yoast SEO Premium plugin. -->","yoast_head_json":{"title":"Benin - B\u00e9nin","robots":{"index":"index","follow":"follow","max-snippet":"max-snippet:-1","max-image-preview":"max-image-preview:large","max-video-preview":"max-video-preview:-1"},"canonical":"https:\/\/www.africa-press.net\/benin\/","og_locale":"fr_FR","og_type":"article","og_title":"Benin","og_url":"https:\/\/www.africa-press.net\/benin\/","og_site_name":"B\u00e9nin","article_modified_time":"2021-03-27T17:40:02+00:00","twitter_card":"summary_large_image","twitter_misc":{"Dur\u00e9e de lecture estim\u00e9e":"8 minutes"},"schema":{"@context":"https:\/\/schema.org","@graph":[{"@type":"WebPage","@id":"https:\/\/www.africa-press.net\/benin\/","url":"https:\/\/www.africa-press.net\/benin\/","name":"Benin - B\u00e9nin","isPartOf":{"@id":"https:\/\/www.africa-press.net\/benin\/#website"},"datePublished":"2020-07-15T15:22:39+00:00","dateModified":"2021-03-27T17:40:02+00:00","breadcrumb":{"@id":"https:\/\/www.africa-press.net\/benin\/#breadcrumb"},"inLanguage":"fr-FR","potentialAction":[{"@type":"ReadAction","target":["https:\/\/www.africa-press.net\/benin\/"]}]},{"@type":"BreadcrumbList","@id":"https:\/\/www.africa-press.net\/benin\/#breadcrumb","itemListElement":[{"@type":"ListItem","position":1,"name":"Accueil","item":"https:\/\/www.africa-press.net\/benin\/"},{"@type":"ListItem","position":2,"name":"Benin"}]},{"@type":"WebSite","@id":"https:\/\/www.africa-press.net\/benin\/#website","url":"https:\/\/www.africa-press.net\/benin\/","name":"B\u00e9nin","description":"Just another Africa News Agency Sites site","potentialAction":[{"@type":"SearchAction","target":{"@type":"EntryPoint","urlTemplate":"https:\/\/www.africa-press.net\/benin\/?s={search_term_string}"},"query-input":{"@type":"PropertyValueSpecification","valueRequired":true,"valueName":"search_term_string"}}],"inLanguage":"fr-FR"}]}},"_links":{"self":[{"href":"https:\/\/www.africa-press.net\/benin\/wp-json\/wp\/v2\/pages\/1","targetHints":{"allow":["GET"]}}],"collection":[{"href":"https:\/\/www.africa-press.net\/benin\/wp-json\/wp\/v2\/pages"}],"about":[{"href":"https:\/\/www.africa-press.net\/benin\/wp-json\/wp\/v2\/types\/page"}],"author":[{"embeddable":true,"href":"https:\/\/www.africa-press.net\/benin\/wp-json\/wp\/v2\/users\/14"}],"replies":[{"embeddable":true,"href":"https:\/\/www.africa-press.net\/benin\/wp-json\/wp\/v2\/comments?post=1"}],"version-history":[{"count":0,"href":"https:\/\/www.africa-press.net\/benin\/wp-json\/wp\/v2\/pages\/1\/revisions"}],"wp:attachment":[{"href":"https:\/\/www.africa-press.net\/benin\/wp-json\/wp\/v2\/media?parent=1"}],"curies":[{"name":"wp","href":"https:\/\/api.w.org\/{rel}","templated":true}]}}