{"id":671,"date":"2020-12-05T20:13:59","date_gmt":"2020-12-05T20:13:59","guid":{"rendered":"https:\/\/www.africa-press.com\/centrafricaine\/?page_id=671"},"modified":"2022-01-04T04:12:40","modified_gmt":"2022-01-04T04:12:40","slug":"video","status":"publish","type":"page","link":"https:\/\/www.africa-press.net\/cameroun\/video","title":{"rendered":"video"},"content":{"rendered":"<div id=\"td_uid_1_69ef3b8e11cc1\" class=\"tdc-zone\"><div class=\"tdc_zone td_uid_1_69ef3b8e11cca_rand  wpb_row td-pb-row\"  >\n<style scoped>\n\n\/* custom css *\/\n.td_uid_1_69ef3b8e11cca_rand {\r\n                    min-height: 0;\r\n                }\n<\/style><div id=\"td_uid_2_69ef3b8e11f74\" class=\"tdc-row\"><div class=\"vc_row td_uid_2_69ef3b8e11f7b_rand  wpb_row td-pb-row\" >\n<style scoped>\n\n\/* custom css *\/\n.td_uid_2_69ef3b8e11f7b_rand {\r\n                    min-height: 0;\r\n                }\n<\/style><div class=\"vc_column td_uid_3_69ef3b8e12201_rand  wpb_column vc_column_container tdc-column td-pb-span12\">\n<style scoped>\n\n\/* custom css *\/\n.td_uid_3_69ef3b8e12201_rand {\r\n                    vertical-align: baseline;\r\n                }\n<\/style><div class=\"wpb_wrapper\"><div class=\"td_block_wrap td_block_16 td_uid_4_69ef3b8e123ce_rand td_with_ajax_pagination td-pb-border-top td_block_template_1 td-column-3 td_block_padding\"  data-td-block-uid=\"td_uid_4_69ef3b8e123ce\" ><script>var block_td_uid_4_69ef3b8e123ce = new tdBlock();\nblock_td_uid_4_69ef3b8e123ce.id = \"td_uid_4_69ef3b8e123ce\";\nblock_td_uid_4_69ef3b8e123ce.atts = '{\"mx7_el\":\"0\",\"category_id\":\"9\",\"limit\":\"10\",\"ajax_pagination\":\"load_more\",\"separator\":\"\",\"custom_title\":\"\",\"custom_url\":\"\",\"block_template_id\":\"\",\"mx7_tl\":\"\",\"m6_tl\":\"\",\"post_ids\":\"\",\"category_ids\":\"\",\"tag_slug\":\"\",\"autors_id\":\"\",\"installed_post_types\":\"\",\"sort\":\"\",\"offset\":\"\",\"show_modified_date\":\"\",\"el_class\":\"\",\"td_ajax_filter_type\":\"\",\"td_ajax_filter_ids\":\"\",\"td_filter_default_txt\":\"All\",\"td_ajax_preloading\":\"\",\"f_header_font_header\":\"\",\"f_header_font_title\":\"Block header\",\"f_header_font_settings\":\"\",\"f_header_font_family\":\"\",\"f_header_font_size\":\"\",\"f_header_font_line_height\":\"\",\"f_header_font_style\":\"\",\"f_header_font_weight\":\"\",\"f_header_font_transform\":\"\",\"f_header_font_spacing\":\"\",\"f_header_\":\"\",\"f_ajax_font_title\":\"Ajax categories\",\"f_ajax_font_settings\":\"\",\"f_ajax_font_family\":\"\",\"f_ajax_font_size\":\"\",\"f_ajax_font_line_height\":\"\",\"f_ajax_font_style\":\"\",\"f_ajax_font_weight\":\"\",\"f_ajax_font_transform\":\"\",\"f_ajax_font_spacing\":\"\",\"f_ajax_\":\"\",\"f_more_font_title\":\"Load more button\",\"f_more_font_settings\":\"\",\"f_more_font_family\":\"\",\"f_more_font_size\":\"\",\"f_more_font_line_height\":\"\",\"f_more_font_style\":\"\",\"f_more_font_weight\":\"\",\"f_more_font_transform\":\"\",\"f_more_font_spacing\":\"\",\"f_more_\":\"\",\"mx7f_title_font_header\":\"\",\"mx7f_title_font_title\":\"Article title\",\"mx7f_title_font_settings\":\"\",\"mx7f_title_font_family\":\"\",\"mx7f_title_font_size\":\"\",\"mx7f_title_font_line_height\":\"\",\"mx7f_title_font_style\":\"\",\"mx7f_title_font_weight\":\"\",\"mx7f_title_font_transform\":\"\",\"mx7f_title_font_spacing\":\"\",\"mx7f_title_\":\"\",\"mx7f_cat_font_title\":\"Article category tag\",\"mx7f_cat_font_settings\":\"\",\"mx7f_cat_font_family\":\"\",\"mx7f_cat_font_size\":\"\",\"mx7f_cat_font_line_height\":\"\",\"mx7f_cat_font_style\":\"\",\"mx7f_cat_font_weight\":\"\",\"mx7f_cat_font_transform\":\"\",\"mx7f_cat_font_spacing\":\"\",\"mx7f_cat_\":\"\",\"mx7f_meta_font_title\":\"Article meta info\",\"mx7f_meta_font_settings\":\"\",\"mx7f_meta_font_family\":\"\",\"mx7f_meta_font_size\":\"\",\"mx7f_meta_font_line_height\":\"\",\"mx7f_meta_font_style\":\"\",\"mx7f_meta_font_weight\":\"\",\"mx7f_meta_font_transform\":\"\",\"mx7f_meta_font_spacing\":\"\",\"mx7f_meta_\":\"\",\"mx7f_ex_font_title\":\"Article excerpt\",\"mx7f_ex_font_settings\":\"\",\"mx7f_ex_font_family\":\"\",\"mx7f_ex_font_size\":\"\",\"mx7f_ex_font_line_height\":\"\",\"mx7f_ex_font_style\":\"\",\"mx7f_ex_font_weight\":\"\",\"mx7f_ex_font_transform\":\"\",\"mx7f_ex_font_spacing\":\"\",\"mx7f_ex_\":\"\",\"m6f_title_font_header\":\"\",\"m6f_title_font_title\":\"Article title\",\"m6f_title_font_settings\":\"\",\"m6f_title_font_family\":\"\",\"m6f_title_font_size\":\"\",\"m6f_title_font_line_height\":\"\",\"m6f_title_font_style\":\"\",\"m6f_title_font_weight\":\"\",\"m6f_title_font_transform\":\"\",\"m6f_title_font_spacing\":\"\",\"m6f_title_\":\"\",\"m6f_cat_font_title\":\"Article category tag\",\"m6f_cat_font_settings\":\"\",\"m6f_cat_font_family\":\"\",\"m6f_cat_font_size\":\"\",\"m6f_cat_font_line_height\":\"\",\"m6f_cat_font_style\":\"\",\"m6f_cat_font_weight\":\"\",\"m6f_cat_font_transform\":\"\",\"m6f_cat_font_spacing\":\"\",\"m6f_cat_\":\"\",\"m6f_meta_font_title\":\"Article meta info\",\"m6f_meta_font_settings\":\"\",\"m6f_meta_font_family\":\"\",\"m6f_meta_font_size\":\"\",\"m6f_meta_font_line_height\":\"\",\"m6f_meta_font_style\":\"\",\"m6f_meta_font_weight\":\"\",\"m6f_meta_font_transform\":\"\",\"m6f_meta_font_spacing\":\"\",\"m6f_meta_\":\"\",\"ajax_pagination_infinite_stop\":\"\",\"css\":\"\",\"tdc_css\":\"\",\"td_column_number\":3,\"header_color\":\"\",\"color_preset\":\"\",\"border_top\":\"\",\"class\":\"td_uid_4_69ef3b8e123ce_rand\",\"tdc_css_class\":\"td_uid_4_69ef3b8e123ce_rand\",\"tdc_css_class_style\":\"td_uid_4_69ef3b8e123ce_rand_style\"}';\nblock_td_uid_4_69ef3b8e123ce.td_column_number = \"3\";\nblock_td_uid_4_69ef3b8e123ce.block_type = \"td_block_16\";\nblock_td_uid_4_69ef3b8e123ce.post_count = \"10\";\nblock_td_uid_4_69ef3b8e123ce.found_posts = \"790\";\nblock_td_uid_4_69ef3b8e123ce.header_color = \"\";\nblock_td_uid_4_69ef3b8e123ce.ajax_pagination_infinite_stop = \"\";\nblock_td_uid_4_69ef3b8e123ce.max_num_pages = \"79\";\ntdBlocksArray.push(block_td_uid_4_69ef3b8e123ce);\n<\/script><div class=\"td-block-title-wrap\"><\/div><div id=td_uid_4_69ef3b8e123ce class=\"td_block_inner td-column-3\">\n\n\t<div class=\"td-block-row\">\n\n\t<div class=\"td-block-span4\">\n\r\n        <div class=\"td_module_mx7 td_module_wrap td-animation-stack\">\r\n            <div class=\"td-module-image\">\r\n                <div class=\"td-module-thumb\"><a href=\"https:\/\/www.africa-press.net\/cameroun\/politique\/sept-ministres-assures-de-rester-au-gouvernement\" rel=\"bookmark\" class=\"td-image-wrap\" title=\"Sept Ministres Assur\u00e9s de Rester au Gouvernement\"><img loading=\"lazy\" decoding=\"async\" class=\"entry-thumb\" src=\"data:image\/png;base64,iVBORw0KGgoAAAANSUhEUgAAANoAAACWAQMAAACCSQSPAAAAA1BMVEWurq51dlI4AAAAAXRSTlMmkutdmwAAABpJREFUWMPtwQENAAAAwiD7p7bHBwwAAAAg7RD+AAGXD7BoAAAAAElFTkSuQmCC\" alt=\"Sept Ministres Assur\u00e9s de Rester au Gouvernement\" title=\"Sept Ministres Assur\u00e9s de Rester au Gouvernement\" data-type=\"image_tag\" data-img-url=\"https:\/\/static.africa-press.net\/cameroun\/sites\/57\/2026\/02\/sm_1771176324.158884-218x150.jpg\"  width=\"218\" height=\"150\" \/><\/a><\/div>                            <\/div>\r\n\r\n            <div class=\"item-details\">\r\n                <h3 class=\"entry-title td-module-title\"><a href=\"https:\/\/www.africa-press.net\/cameroun\/politique\/sept-ministres-assures-de-rester-au-gouvernement\" rel=\"bookmark\" title=\"Sept Ministres Assur\u00e9s de Rester au Gouvernement\">Sept Ministres Assur\u00e9s de Rester au Gouvernement<\/a><\/h3>\r\n                <div class=\"td-module-meta-info\">\r\n                                        <span class=\"td-post-date\"><time class=\"entry-date updated td-module-date\" datetime=\"2026-02-15T17:03:04+00:00\" >2026-02-15<\/time><\/span>                                    <\/div>\r\n\r\n                <div class=\"td-excerpt\">\r\n                                    <\/div>\r\n            <\/div>\r\n\r\n        <\/div>\r\n\r\n        \n\t<\/div> <!-- .\/td-block-span4 -->\n\n\t<div class=\"td-block-span4\">\n\r\n        <div class=\"td_module_mx7 td_module_wrap td-animation-stack\">\r\n            <div class=\"td-module-image\">\r\n                <div class=\"td-module-thumb\"><a href=\"https:\/\/www.africa-press.net\/cameroun\/politique\/demission-dun-cadre-influent-au-pcrn-proche-de-libii\" rel=\"bookmark\" class=\"td-image-wrap\" title=\"D\u00e9mission d&rsquo;un Cadre Influent au PCRN Proche de Libii\"><img loading=\"lazy\" decoding=\"async\" class=\"entry-thumb\" src=\"data:image\/png;base64,iVBORw0KGgoAAAANSUhEUgAAANoAAACWAQMAAACCSQSPAAAAA1BMVEWurq51dlI4AAAAAXRSTlMmkutdmwAAABpJREFUWMPtwQENAAAAwiD7p7bHBwwAAAAg7RD+AAGXD7BoAAAAAElFTkSuQmCC\" alt=\"D\u00e9mission d&#039;un Cadre Influent au PCRN Proche de Libii\" title=\"D\u00e9mission d&rsquo;un Cadre Influent au PCRN Proche de Libii\" data-type=\"image_tag\" data-img-url=\"https:\/\/static.africa-press.net\/cameroun\/sites\/57\/2026\/02\/sm_1770240304.23851-218x150.jpg\"  width=\"218\" height=\"150\" \/><\/a><\/div>                            <\/div>\r\n\r\n            <div class=\"item-details\">\r\n                <h3 class=\"entry-title td-module-title\"><a href=\"https:\/\/www.africa-press.net\/cameroun\/politique\/demission-dun-cadre-influent-au-pcrn-proche-de-libii\" rel=\"bookmark\" title=\"D\u00e9mission d&rsquo;un Cadre Influent au PCRN Proche de Libii\">D\u00e9mission d&rsquo;un Cadre Influent au PCRN Proche de Libii<\/a><\/h3>\r\n                <div class=\"td-module-meta-info\">\r\n                                        <span class=\"td-post-date\"><time class=\"entry-date updated td-module-date\" datetime=\"2026-02-04T20:37:28+00:00\" >2026-02-04<\/time><\/span>                                    <\/div>\r\n\r\n                <div class=\"td-excerpt\">\r\n                                    <\/div>\r\n            <\/div>\r\n\r\n        <\/div>\r\n\r\n        \n\t<\/div> <!-- .\/td-block-span4 -->\n\n\t<div class=\"td-block-span4\">\n\r\n        <div class=\"td_module_mx7 td_module_wrap td-animation-stack\">\r\n            <div class=\"td-module-image\">\r\n                <div class=\"td-module-thumb\"><a href=\"https:\/\/www.africa-press.net\/cameroun\/politique\/occultisme-et-assassinat-du-pere-engelbert-mveng\" rel=\"bookmark\" class=\"td-image-wrap\" title=\"Occultisme Et Assassinat Du P\u00e8re Engelbert Mveng\"><img loading=\"lazy\" decoding=\"async\" class=\"entry-thumb\" src=\"data:image\/png;base64,iVBORw0KGgoAAAANSUhEUgAAANoAAACWAQMAAACCSQSPAAAAA1BMVEWurq51dlI4AAAAAXRSTlMmkutdmwAAABpJREFUWMPtwQENAAAAwiD7p7bHBwwAAAAg7RD+AAGXD7BoAAAAAElFTkSuQmCC\" alt=\"Occultisme Et Assassinat Du P\u00e8re Engelbert Mveng\" title=\"Occultisme Et Assassinat Du P\u00e8re Engelbert Mveng\" data-type=\"image_tag\" data-img-url=\"https:\/\/static.africa-press.net\/cameroun\/sites\/57\/2026\/02\/sm_1769966878.600941-218x150.jpg\"  width=\"218\" height=\"150\" \/><\/a><\/div>                            <\/div>\r\n\r\n            <div class=\"item-details\">\r\n                <h3 class=\"entry-title td-module-title\"><a href=\"https:\/\/www.africa-press.net\/cameroun\/politique\/occultisme-et-assassinat-du-pere-engelbert-mveng\" rel=\"bookmark\" title=\"Occultisme Et Assassinat Du P\u00e8re Engelbert Mveng\">Occultisme Et Assassinat Du P\u00e8re Engelbert Mveng<\/a><\/h3>\r\n                <div class=\"td-module-meta-info\">\r\n                                        <span class=\"td-post-date\"><time class=\"entry-date updated td-module-date\" datetime=\"2026-02-01T17:03:57+00:00\" >2026-02-01<\/time><\/span>                                    <\/div>\r\n\r\n                <div class=\"td-excerpt\">\r\n                                    <\/div>\r\n            <\/div>\r\n\r\n        <\/div>\r\n\r\n        \n\t<\/div> <!-- .\/td-block-span4 -->\n\n\t<div class=\"td-block-span4\">\n\r\n        <div class=\"td_module_mx7 td_module_wrap td-animation-stack\">\r\n            <div class=\"td-module-image\">\r\n                <div class=\"td-module-thumb\"><a href=\"https:\/\/www.africa-press.net\/cameroun\/video\/samuel-etoo-presente-sa-residence-somptueuse-a-kribi\" rel=\"bookmark\" class=\"td-image-wrap\" title=\"Samuel Eto&rsquo;o Pr\u00e9sente Sa R\u00e9sidence Somptueuse \u00e0 Kribi\"><img loading=\"lazy\" decoding=\"async\" class=\"entry-thumb\" src=\"data:image\/png;base64,iVBORw0KGgoAAAANSUhEUgAAANoAAACWAQMAAACCSQSPAAAAA1BMVEWurq51dlI4AAAAAXRSTlMmkutdmwAAABpJREFUWMPtwQENAAAAwiD7p7bHBwwAAAAg7RD+AAGXD7BoAAAAAElFTkSuQmCC\" alt=\"Samuel Eto&#039;o Pr\u00e9sente Sa R\u00e9sidence Somptueuse \u00e0 Kribi\" title=\"Samuel Eto&rsquo;o Pr\u00e9sente Sa R\u00e9sidence Somptueuse \u00e0 Kribi\" data-type=\"image_tag\" data-img-url=\"https:\/\/static.africa-press.net\/cameroun\/sites\/57\/2025\/12\/sm_1767211330.566099-218x150.jpg\"  width=\"218\" height=\"150\" \/><\/a><\/div>                            <\/div>\r\n\r\n            <div class=\"item-details\">\r\n                <h3 class=\"entry-title td-module-title\"><a href=\"https:\/\/www.africa-press.net\/cameroun\/video\/samuel-etoo-presente-sa-residence-somptueuse-a-kribi\" rel=\"bookmark\" title=\"Samuel Eto&rsquo;o Pr\u00e9sente Sa R\u00e9sidence Somptueuse \u00e0 Kribi\">Samuel Eto&rsquo;o Pr\u00e9sente Sa R\u00e9sidence Somptueuse \u00e0 Kribi<\/a><\/h3>\r\n                <div class=\"td-module-meta-info\">\r\n                                        <span class=\"td-post-date\"><time class=\"entry-date updated td-module-date\" datetime=\"2025-12-31T19:39:37+00:00\" >2025-12-31<\/time><\/span>                                    <\/div>\r\n\r\n                <div class=\"td-excerpt\">\r\n                                    <\/div>\r\n            <\/div>\r\n\r\n        <\/div>\r\n\r\n        \n\t<\/div> <!-- .\/td-block-span4 -->\n\n\t<div class=\"td-block-span4\">\n\r\n        <div class=\"td_module_mx7 td_module_wrap td-animation-stack\">\r\n            <div class=\"td-module-image\">\r\n                <div class=\"td-module-thumb\"><a href=\"https:\/\/www.africa-press.net\/cameroun\/politique\/paul-biya-sadresse-a-la-nation-camerounaise\" rel=\"bookmark\" class=\"td-image-wrap\" title=\"Paul Biya s&rsquo;adresse \u00e0 la nation camerounaise\"><img loading=\"lazy\" decoding=\"async\" class=\"entry-thumb\" src=\"data:image\/png;base64,iVBORw0KGgoAAAANSUhEUgAAANoAAACWAQMAAACCSQSPAAAAA1BMVEWurq51dlI4AAAAAXRSTlMmkutdmwAAABpJREFUWMPtwQENAAAAwiD7p7bHBwwAAAAg7RD+AAGXD7BoAAAAAElFTkSuQmCC\" alt=\"Paul Biya s&#039;adresse \u00e0 la nation camerounaise\" title=\"Paul Biya s&rsquo;adresse \u00e0 la nation camerounaise\" data-type=\"image_tag\" data-img-url=\"https:\/\/static.africa-press.net\/cameroun\/sites\/57\/2025\/12\/sm_1767211210.589994-218x150.jpg\"  width=\"218\" height=\"150\" \/><\/a><\/div>                            <\/div>\r\n\r\n            <div class=\"item-details\">\r\n                <h3 class=\"entry-title td-module-title\"><a href=\"https:\/\/www.africa-press.net\/cameroun\/politique\/paul-biya-sadresse-a-la-nation-camerounaise\" rel=\"bookmark\" title=\"Paul Biya s&rsquo;adresse \u00e0 la nation camerounaise\">Paul Biya s&rsquo;adresse \u00e0 la nation camerounaise<\/a><\/h3>\r\n                <div class=\"td-module-meta-info\">\r\n                                        <span class=\"td-post-date\"><time class=\"entry-date updated td-module-date\" datetime=\"2025-12-31T19:38:25+00:00\" >2025-12-31<\/time><\/span>                                    <\/div>\r\n\r\n                <div class=\"td-excerpt\">\r\n                                    <\/div>\r\n            <\/div>\r\n\r\n        <\/div>\r\n\r\n        \n\t<\/div> <!-- .\/td-block-span4 --><\/div><!--.\/row-fluid-->\n\n\t<div class=\"td-block-row\">\n\n\t<div class=\"td-block-span4\">\n\r\n        <div class=\"td_module_mx7 td_module_wrap td-animation-stack\">\r\n            <div class=\"td-module-image\">\r\n                <div class=\"td-module-thumb\"><a href=\"https:\/\/www.africa-press.net\/cameroun\/politique\/succession-a-etoudi-atanga-nji-remplace-paul-biya\" rel=\"bookmark\" class=\"td-image-wrap\" title=\"Succession \u00c0 Etoudi: Atanga Nji Remplace Paul Biya\"><img loading=\"lazy\" decoding=\"async\" class=\"entry-thumb\" src=\"data:image\/png;base64,iVBORw0KGgoAAAANSUhEUgAAANoAAACWAQMAAACCSQSPAAAAA1BMVEWurq51dlI4AAAAAXRSTlMmkutdmwAAABpJREFUWMPtwQENAAAAwiD7p7bHBwwAAAAg7RD+AAGXD7BoAAAAAElFTkSuQmCC\" alt=\"Succession \u00c0 Etoudi: Atanga Nji Remplace Paul Biya\" title=\"Succession \u00c0 Etoudi: Atanga Nji Remplace Paul Biya\" data-type=\"image_tag\" data-img-url=\"https:\/\/static.africa-press.net\/cameroun\/sites\/57\/2025\/12\/sm_1766512117.291843-218x150.jpg\"  width=\"218\" height=\"150\" \/><\/a><\/div>                            <\/div>\r\n\r\n            <div class=\"item-details\">\r\n                <h3 class=\"entry-title td-module-title\"><a href=\"https:\/\/www.africa-press.net\/cameroun\/politique\/succession-a-etoudi-atanga-nji-remplace-paul-biya\" rel=\"bookmark\" title=\"Succession \u00c0 Etoudi: Atanga Nji Remplace Paul Biya\">Succession \u00c0 Etoudi: Atanga Nji Remplace Paul Biya<\/a><\/h3>\r\n                <div class=\"td-module-meta-info\">\r\n                                        <span class=\"td-post-date\"><time class=\"entry-date updated td-module-date\" datetime=\"2025-12-23T17:20:17+00:00\" >2025-12-23<\/time><\/span>                                    <\/div>\r\n\r\n                <div class=\"td-excerpt\">\r\n                                    <\/div>\r\n            <\/div>\r\n\r\n        <\/div>\r\n\r\n        \n\t<\/div> <!-- .\/td-block-span4 -->\n\n\t<div class=\"td-block-span4\">\n\r\n        <div class=\"td_module_mx7 td_module_wrap td-animation-stack\">\r\n            <div class=\"td-module-image\">\r\n                <div class=\"td-module-thumb\"><a href=\"https:\/\/www.africa-press.net\/cameroun\/politique\/noso-les-ambazoniens-enlevent-15-personnes-a-santa\" rel=\"bookmark\" class=\"td-image-wrap\" title=\"NOSO: les Ambazoniens Enle\u0300Vent 15 Personnes A\u0300 Santa\"><img loading=\"lazy\" decoding=\"async\" class=\"entry-thumb\" src=\"data:image\/png;base64,iVBORw0KGgoAAAANSUhEUgAAANoAAACWAQMAAACCSQSPAAAAA1BMVEWurq51dlI4AAAAAXRSTlMmkutdmwAAABpJREFUWMPtwQENAAAAwiD7p7bHBwwAAAAg7RD+AAGXD7BoAAAAAElFTkSuQmCC\" alt=\"NOSO: les Ambazoniens Enle\u0300Vent 15 Personnes A\u0300 Santa\" title=\"NOSO: les Ambazoniens Enle\u0300Vent 15 Personnes A\u0300 Santa\" data-type=\"image_tag\" data-img-url=\"https:\/\/static.africa-press.net\/cameroun\/sites\/57\/2025\/12\/sm_1766424975.901323-218x150.jpg\"  width=\"218\" height=\"150\" \/><\/a><\/div>                            <\/div>\r\n\r\n            <div class=\"item-details\">\r\n                <h3 class=\"entry-title td-module-title\"><a href=\"https:\/\/www.africa-press.net\/cameroun\/politique\/noso-les-ambazoniens-enlevent-15-personnes-a-santa\" rel=\"bookmark\" title=\"NOSO: les Ambazoniens Enle\u0300Vent 15 Personnes A\u0300 Santa\">NOSO: les Ambazoniens Enle\u0300Vent 15 Personnes A\u0300 Santa<\/a><\/h3>\r\n                <div class=\"td-module-meta-info\">\r\n                                        <span class=\"td-post-date\"><time class=\"entry-date updated td-module-date\" datetime=\"2025-12-22T16:57:00+00:00\" >2025-12-22<\/time><\/span>                                    <\/div>\r\n\r\n                <div class=\"td-excerpt\">\r\n                                    <\/div>\r\n            <\/div>\r\n\r\n        <\/div>\r\n\r\n        \n\t<\/div> <!-- .\/td-block-span4 -->\n\n\t<div class=\"td-block-span4\">\n\r\n        <div class=\"td_module_mx7 td_module_wrap td-animation-stack\">\r\n            <div class=\"td-module-image\">\r\n                <div class=\"td-module-thumb\"><a href=\"https:\/\/www.africa-press.net\/cameroun\/sports\/sanction-redoutee-pour-lequipe-nationale-camerounaise\" rel=\"bookmark\" class=\"td-image-wrap\" title=\"Sanction Redout\u00e9e Pour L&rsquo;\u00c9quipe Nationale Camerounaise\"><img loading=\"lazy\" decoding=\"async\" class=\"entry-thumb\" src=\"data:image\/png;base64,iVBORw0KGgoAAAANSUhEUgAAANoAAACWAQMAAACCSQSPAAAAA1BMVEWurq51dlI4AAAAAXRSTlMmkutdmwAAABpJREFUWMPtwQENAAAAwiD7p7bHBwwAAAAg7RD+AAGXD7BoAAAAAElFTkSuQmCC\" alt=\"Sanction Redout\u00e9e Pour L&#039;\u00c9quipe Nationale Camerounaise\" title=\"Sanction Redout\u00e9e Pour L&rsquo;\u00c9quipe Nationale Camerounaise\" data-type=\"image_tag\" data-img-url=\"https:\/\/static.africa-press.net\/cameroun\/sites\/57\/2025\/12\/sm_1766345313.657578-218x150.jpg\"  width=\"218\" height=\"150\" \/><\/a><\/div>                            <\/div>\r\n\r\n            <div class=\"item-details\">\r\n                <h3 class=\"entry-title td-module-title\"><a href=\"https:\/\/www.africa-press.net\/cameroun\/sports\/sanction-redoutee-pour-lequipe-nationale-camerounaise\" rel=\"bookmark\" title=\"Sanction Redout\u00e9e Pour L&rsquo;\u00c9quipe Nationale Camerounaise\">Sanction Redout\u00e9e Pour L&rsquo;\u00c9quipe Nationale Camerounaise<\/a><\/h3>\r\n                <div class=\"td-module-meta-info\">\r\n                                        <span class=\"td-post-date\"><time class=\"entry-date updated td-module-date\" datetime=\"2025-12-21T18:44:41+00:00\" >2025-12-21<\/time><\/span>                                    <\/div>\r\n\r\n                <div class=\"td-excerpt\">\r\n                                    <\/div>\r\n            <\/div>\r\n\r\n        <\/div>\r\n\r\n        \n\t<\/div> <!-- .\/td-block-span4 -->\n\n\t<div class=\"td-block-span4\">\n\r\n        <div class=\"td_module_mx7 td_module_wrap td-animation-stack\">\r\n            <div class=\"td-module-image\">\r\n                <div class=\"td-module-thumb\"><a href=\"https:\/\/www.africa-press.net\/cameroun\/sports\/la-can-va-se-jouer-desormais-tous-les-4-ans\" rel=\"bookmark\" class=\"td-image-wrap\" title=\"La CAN Va se Jouer De\u0301sormais Tous les 4 Ans\"><img loading=\"lazy\" decoding=\"async\" class=\"entry-thumb\" src=\"data:image\/png;base64,iVBORw0KGgoAAAANSUhEUgAAANoAAACWAQMAAACCSQSPAAAAA1BMVEWurq51dlI4AAAAAXRSTlMmkutdmwAAABpJREFUWMPtwQENAAAAwiD7p7bHBwwAAAAg7RD+AAGXD7BoAAAAAElFTkSuQmCC\" alt=\"La CAN Va se Jouer De\u0301sormais Tous les 4 Ans\" title=\"La CAN Va se Jouer De\u0301sormais Tous les 4 Ans\" data-type=\"image_tag\" data-img-url=\"https:\/\/static.africa-press.net\/cameroun\/sites\/57\/2025\/12\/sm_1766270377.422709-218x150.jpg\"  width=\"218\" height=\"150\" \/><\/a><\/div>                            <\/div>\r\n\r\n            <div class=\"item-details\">\r\n                <h3 class=\"entry-title td-module-title\"><a href=\"https:\/\/www.africa-press.net\/cameroun\/sports\/la-can-va-se-jouer-desormais-tous-les-4-ans\" rel=\"bookmark\" title=\"La CAN Va se Jouer De\u0301sormais Tous les 4 Ans\">La CAN Va se Jouer De\u0301sormais Tous les 4 Ans<\/a><\/h3>\r\n                <div class=\"td-module-meta-info\">\r\n                                        <span class=\"td-post-date\"><time class=\"entry-date updated td-module-date\" datetime=\"2025-12-20T22:17:40+00:00\" >2025-12-20<\/time><\/span>                                    <\/div>\r\n\r\n                <div class=\"td-excerpt\">\r\n                                    <\/div>\r\n            <\/div>\r\n\r\n        <\/div>\r\n\r\n        \n\t<\/div> <!-- .\/td-block-span4 -->\n\n\t<div class=\"td-block-span4\">\n\r\n        <div class=\"td_module_mx7 td_module_wrap td-animation-stack\">\r\n            <div class=\"td-module-image\">\r\n                <div class=\"td-module-thumb\"><a href=\"https:\/\/www.africa-press.net\/cameroun\/politique\/guerre-de-succession-alain-mebe-ngoo-en-prison\" rel=\"bookmark\" class=\"td-image-wrap\" title=\"Guerre De Succession: Alain Me\u0301be\u0301 Ngo\u2019o En Prison\"><img loading=\"lazy\" decoding=\"async\" class=\"entry-thumb\" src=\"data:image\/png;base64,iVBORw0KGgoAAAANSUhEUgAAANoAAACWAQMAAACCSQSPAAAAA1BMVEWurq51dlI4AAAAAXRSTlMmkutdmwAAABpJREFUWMPtwQENAAAAwiD7p7bHBwwAAAAg7RD+AAGXD7BoAAAAAElFTkSuQmCC\" alt=\"Guerre De Succession: Alain Me\u0301be\u0301 Ngo\u2019o En Prison\" title=\"Guerre De Succession: Alain Me\u0301be\u0301 Ngo\u2019o En Prison\" data-type=\"image_tag\" data-img-url=\"https:\/\/static.africa-press.net\/cameroun\/sites\/57\/2025\/12\/sm_1766189745.753109-218x150.jpg\"  width=\"218\" height=\"150\" \/><\/a><\/div>                            <\/div>\r\n\r\n            <div class=\"item-details\">\r\n                <h3 class=\"entry-title td-module-title\"><a href=\"https:\/\/www.africa-press.net\/cameroun\/politique\/guerre-de-succession-alain-mebe-ngoo-en-prison\" rel=\"bookmark\" title=\"Guerre De Succession: Alain Me\u0301be\u0301 Ngo\u2019o En Prison\">Guerre De Succession: Alain Me\u0301be\u0301 Ngo\u2019o En Prison<\/a><\/h3>\r\n                <div class=\"td-module-meta-info\">\r\n                                        <span class=\"td-post-date\"><time class=\"entry-date updated td-module-date\" datetime=\"2025-12-19T18:38:03+00:00\" >2025-12-19<\/time><\/span>                                    <\/div>\r\n\r\n                <div class=\"td-excerpt\">\r\n                                    <\/div>\r\n            <\/div>\r\n\r\n        <\/div>\r\n\r\n        \n\t<\/div> <!-- .\/td-block-span4 --><\/div><!--.\/row-fluid--><\/div><div class=\"td-load-more-wrap\"><a href=\"#\" class=\"td_ajax_load_more td_ajax_load_more_js\" id=\"next-page-td_uid_4_69ef3b8e123ce\" data-td_block_id=\"td_uid_4_69ef3b8e123ce\">Voir plus<i class=\"td-icon-font td-icon-menu-right\"><\/i><\/a><\/div><\/div> <!-- .\/block --><\/div><\/div><\/div><\/div><\/div><\/div>\r\n\t\t\t<script>\r\n\r\n\t\t\t\tjQuery(window).load(function () {\r\n\r\n                    var $content = jQuery('body').find('#tdc-live-iframe'),\r\n                        refWindow = undefined;\r\n\r\n                    if ($content.length) {\r\n                        $content = $content.contents();\r\n                        refWindow = document.getElementById('tdc-live-iframe').contentWindow || document.getElementById('tdc-live-iframe').contentDocument;\r\n\r\n                    } else {\r\n                        $content = jQuery('body');\r\n                        refWindow = window;\r\n                    }\r\n\r\n                    $content.find('#td_uid_1_69ef3b8e11cc1 .td-element-style').each(function (index, element) {\r\n                        \/\/jQuery(element).css('opacity', 1);\r\n                        return;\r\n                    });\r\n                });\r\n\r\n\t\t\t<\/script>\r\n\r\n\t\t\t","protected":false},"excerpt":{"rendered":"","protected":false},"author":14,"featured_media":0,"parent":0,"menu_order":0,"comment_status":"closed","ping_status":"closed","template":"","meta":{"footnotes":""},"class_list":["post-671","page","type-page","status-publish","hentry"],"yoast_head":"<!-- This site is optimized with the Yoast SEO Premium plugin v26.1 (Yoast SEO v27.0) - https:\/\/yoast.com\/product\/yoast-seo-premium-wordpress\/ -->\n<title>video - Cameroun<\/title>\n<meta name=\"robots\" content=\"index, follow, max-snippet:-1, max-image-preview:large, max-video-preview:-1\" \/>\n<link rel=\"canonical\" href=\"https:\/\/www.africa-press.net\/cameroun\/video\" \/>\n<meta property=\"og:locale\" content=\"fr_FR\" \/>\n<meta property=\"og:type\" content=\"article\" \/>\n<meta property=\"og:title\" content=\"video\" \/>\n<meta property=\"og:url\" content=\"https:\/\/www.africa-press.net\/cameroun\/video\" \/>\n<meta property=\"og:site_name\" content=\"Cameroun\" \/>\n<meta property=\"article:modified_time\" content=\"2022-01-04T04:12:40+00:00\" \/>\n<meta name=\"twitter:card\" content=\"summary_large_image\" \/>\n<script type=\"application\/ld+json\" class=\"yoast-schema-graph\">{\"@context\":\"https:\/\/schema.org\",\"@graph\":[{\"@type\":\"WebPage\",\"@id\":\"https:\/\/www.africa-press.net\/cameroun\/video\",\"url\":\"https:\/\/www.africa-press.net\/cameroun\/video\",\"name\":\"video - Cameroun\",\"isPartOf\":{\"@id\":\"https:\/\/www.africa-press.net\/cameroun\/#website\"},\"datePublished\":\"2020-12-05T20:13:59+00:00\",\"dateModified\":\"2022-01-04T04:12:40+00:00\",\"breadcrumb\":{\"@id\":\"https:\/\/www.africa-press.net\/cameroun\/video#breadcrumb\"},\"inLanguage\":\"fr-FR\",\"potentialAction\":[{\"@type\":\"ReadAction\",\"target\":[\"https:\/\/www.africa-press.net\/cameroun\/video\"]}]},{\"@type\":\"BreadcrumbList\",\"@id\":\"https:\/\/www.africa-press.net\/cameroun\/video#breadcrumb\",\"itemListElement\":[{\"@type\":\"ListItem\",\"position\":1,\"name\":\"Accueil\",\"item\":\"https:\/\/www.africa-press.net\/cameroun\/\"},{\"@type\":\"ListItem\",\"position\":2,\"name\":\"video\"}]},{\"@type\":\"WebSite\",\"@id\":\"https:\/\/www.africa-press.net\/cameroun\/#website\",\"url\":\"https:\/\/www.africa-press.net\/cameroun\/\",\"name\":\"Cameroun\",\"description\":\"Just another Africa News Agency Sites site\",\"potentialAction\":[{\"@type\":\"SearchAction\",\"target\":{\"@type\":\"EntryPoint\",\"urlTemplate\":\"https:\/\/www.africa-press.net\/cameroun\/?s={search_term_string}\"},\"query-input\":{\"@type\":\"PropertyValueSpecification\",\"valueRequired\":true,\"valueName\":\"search_term_string\"}}],\"inLanguage\":\"fr-FR\"}]}<\/script>\n<!-- \/ Yoast SEO Premium plugin. -->","yoast_head_json":{"title":"video - Cameroun","robots":{"index":"index","follow":"follow","max-snippet":"max-snippet:-1","max-image-preview":"max-image-preview:large","max-video-preview":"max-video-preview:-1"},"canonical":"https:\/\/www.africa-press.net\/cameroun\/video","og_locale":"fr_FR","og_type":"article","og_title":"video","og_url":"https:\/\/www.africa-press.net\/cameroun\/video","og_site_name":"Cameroun","article_modified_time":"2022-01-04T04:12:40+00:00","twitter_card":"summary_large_image","schema":{"@context":"https:\/\/schema.org","@graph":[{"@type":"WebPage","@id":"https:\/\/www.africa-press.net\/cameroun\/video","url":"https:\/\/www.africa-press.net\/cameroun\/video","name":"video - Cameroun","isPartOf":{"@id":"https:\/\/www.africa-press.net\/cameroun\/#website"},"datePublished":"2020-12-05T20:13:59+00:00","dateModified":"2022-01-04T04:12:40+00:00","breadcrumb":{"@id":"https:\/\/www.africa-press.net\/cameroun\/video#breadcrumb"},"inLanguage":"fr-FR","potentialAction":[{"@type":"ReadAction","target":["https:\/\/www.africa-press.net\/cameroun\/video"]}]},{"@type":"BreadcrumbList","@id":"https:\/\/www.africa-press.net\/cameroun\/video#breadcrumb","itemListElement":[{"@type":"ListItem","position":1,"name":"Accueil","item":"https:\/\/www.africa-press.net\/cameroun\/"},{"@type":"ListItem","position":2,"name":"video"}]},{"@type":"WebSite","@id":"https:\/\/www.africa-press.net\/cameroun\/#website","url":"https:\/\/www.africa-press.net\/cameroun\/","name":"Cameroun","description":"Just another Africa News Agency Sites site","potentialAction":[{"@type":"SearchAction","target":{"@type":"EntryPoint","urlTemplate":"https:\/\/www.africa-press.net\/cameroun\/?s={search_term_string}"},"query-input":{"@type":"PropertyValueSpecification","valueRequired":true,"valueName":"search_term_string"}}],"inLanguage":"fr-FR"}]}},"_links":{"self":[{"href":"https:\/\/www.africa-press.net\/cameroun\/wp-json\/wp\/v2\/pages\/671","targetHints":{"allow":["GET"]}}],"collection":[{"href":"https:\/\/www.africa-press.net\/cameroun\/wp-json\/wp\/v2\/pages"}],"about":[{"href":"https:\/\/www.africa-press.net\/cameroun\/wp-json\/wp\/v2\/types\/page"}],"author":[{"embeddable":true,"href":"https:\/\/www.africa-press.net\/cameroun\/wp-json\/wp\/v2\/users\/14"}],"replies":[{"embeddable":true,"href":"https:\/\/www.africa-press.net\/cameroun\/wp-json\/wp\/v2\/comments?post=671"}],"version-history":[{"count":0,"href":"https:\/\/www.africa-press.net\/cameroun\/wp-json\/wp\/v2\/pages\/671\/revisions"}],"wp:attachment":[{"href":"https:\/\/www.africa-press.net\/cameroun\/wp-json\/wp\/v2\/media?parent=671"}],"curies":[{"name":"wp","href":"https:\/\/api.w.org\/{rel}","templated":true}]}}