{"id":671,"date":"2020-12-05T20:13:59","date_gmt":"2020-12-05T20:13:59","guid":{"rendered":"https:\/\/www.africa-press.com\/centrafricaine\/?page_id=671"},"modified":"2022-01-04T04:02:36","modified_gmt":"2022-01-04T04:02:36","slug":"video","status":"publish","type":"page","link":"https:\/\/www.africa-press.net\/comores\/video","title":{"rendered":"video"},"content":{"rendered":"<div id=\"td_uid_1_69f22dd89dac9\" class=\"tdc-zone\"><div class=\"tdc_zone td_uid_1_69f22dd89dad0_rand  wpb_row td-pb-row\"  >\n<style scoped>\n\n\/* custom css *\/\n.td_uid_1_69f22dd89dad0_rand {\r\n                    min-height: 0;\r\n                }\n<\/style><div id=\"td_uid_2_69f22dd89dd2b\" class=\"tdc-row\"><div class=\"vc_row td_uid_2_69f22dd89dd2f_rand  wpb_row td-pb-row\" >\n<style scoped>\n\n\/* custom css *\/\n.td_uid_2_69f22dd89dd2f_rand {\r\n                    min-height: 0;\r\n                }\n<\/style><div class=\"vc_column td_uid_3_69f22dd89de84_rand  wpb_column vc_column_container tdc-column td-pb-span12\">\n<style scoped>\n\n\/* custom css *\/\n.td_uid_3_69f22dd89de84_rand {\r\n                    vertical-align: baseline;\r\n                }\n<\/style><div class=\"wpb_wrapper\"><div class=\"td_block_wrap td_block_16 td_uid_4_69f22dd89e038_rand td_with_ajax_pagination td-pb-border-top td_block_template_1 td-column-3 td_block_padding\"  data-td-block-uid=\"td_uid_4_69f22dd89e038\" ><script>var block_td_uid_4_69f22dd89e038 = new tdBlock();\nblock_td_uid_4_69f22dd89e038.id = \"td_uid_4_69f22dd89e038\";\nblock_td_uid_4_69f22dd89e038.atts = '{\"mx7_el\":\"0\",\"category_id\":\"9\",\"limit\":\"10\",\"ajax_pagination\":\"load_more\",\"separator\":\"\",\"custom_title\":\"\",\"custom_url\":\"\",\"block_template_id\":\"\",\"mx7_tl\":\"\",\"m6_tl\":\"\",\"post_ids\":\"\",\"category_ids\":\"\",\"tag_slug\":\"\",\"autors_id\":\"\",\"installed_post_types\":\"\",\"sort\":\"\",\"offset\":\"\",\"show_modified_date\":\"\",\"el_class\":\"\",\"td_ajax_filter_type\":\"\",\"td_ajax_filter_ids\":\"\",\"td_filter_default_txt\":\"All\",\"td_ajax_preloading\":\"\",\"f_header_font_header\":\"\",\"f_header_font_title\":\"Block header\",\"f_header_font_settings\":\"\",\"f_header_font_family\":\"\",\"f_header_font_size\":\"\",\"f_header_font_line_height\":\"\",\"f_header_font_style\":\"\",\"f_header_font_weight\":\"\",\"f_header_font_transform\":\"\",\"f_header_font_spacing\":\"\",\"f_header_\":\"\",\"f_ajax_font_title\":\"Ajax categories\",\"f_ajax_font_settings\":\"\",\"f_ajax_font_family\":\"\",\"f_ajax_font_size\":\"\",\"f_ajax_font_line_height\":\"\",\"f_ajax_font_style\":\"\",\"f_ajax_font_weight\":\"\",\"f_ajax_font_transform\":\"\",\"f_ajax_font_spacing\":\"\",\"f_ajax_\":\"\",\"f_more_font_title\":\"Load more button\",\"f_more_font_settings\":\"\",\"f_more_font_family\":\"\",\"f_more_font_size\":\"\",\"f_more_font_line_height\":\"\",\"f_more_font_style\":\"\",\"f_more_font_weight\":\"\",\"f_more_font_transform\":\"\",\"f_more_font_spacing\":\"\",\"f_more_\":\"\",\"mx7f_title_font_header\":\"\",\"mx7f_title_font_title\":\"Article title\",\"mx7f_title_font_settings\":\"\",\"mx7f_title_font_family\":\"\",\"mx7f_title_font_size\":\"\",\"mx7f_title_font_line_height\":\"\",\"mx7f_title_font_style\":\"\",\"mx7f_title_font_weight\":\"\",\"mx7f_title_font_transform\":\"\",\"mx7f_title_font_spacing\":\"\",\"mx7f_title_\":\"\",\"mx7f_cat_font_title\":\"Article category tag\",\"mx7f_cat_font_settings\":\"\",\"mx7f_cat_font_family\":\"\",\"mx7f_cat_font_size\":\"\",\"mx7f_cat_font_line_height\":\"\",\"mx7f_cat_font_style\":\"\",\"mx7f_cat_font_weight\":\"\",\"mx7f_cat_font_transform\":\"\",\"mx7f_cat_font_spacing\":\"\",\"mx7f_cat_\":\"\",\"mx7f_meta_font_title\":\"Article meta info\",\"mx7f_meta_font_settings\":\"\",\"mx7f_meta_font_family\":\"\",\"mx7f_meta_font_size\":\"\",\"mx7f_meta_font_line_height\":\"\",\"mx7f_meta_font_style\":\"\",\"mx7f_meta_font_weight\":\"\",\"mx7f_meta_font_transform\":\"\",\"mx7f_meta_font_spacing\":\"\",\"mx7f_meta_\":\"\",\"mx7f_ex_font_title\":\"Article excerpt\",\"mx7f_ex_font_settings\":\"\",\"mx7f_ex_font_family\":\"\",\"mx7f_ex_font_size\":\"\",\"mx7f_ex_font_line_height\":\"\",\"mx7f_ex_font_style\":\"\",\"mx7f_ex_font_weight\":\"\",\"mx7f_ex_font_transform\":\"\",\"mx7f_ex_font_spacing\":\"\",\"mx7f_ex_\":\"\",\"m6f_title_font_header\":\"\",\"m6f_title_font_title\":\"Article title\",\"m6f_title_font_settings\":\"\",\"m6f_title_font_family\":\"\",\"m6f_title_font_size\":\"\",\"m6f_title_font_line_height\":\"\",\"m6f_title_font_style\":\"\",\"m6f_title_font_weight\":\"\",\"m6f_title_font_transform\":\"\",\"m6f_title_font_spacing\":\"\",\"m6f_title_\":\"\",\"m6f_cat_font_title\":\"Article category tag\",\"m6f_cat_font_settings\":\"\",\"m6f_cat_font_family\":\"\",\"m6f_cat_font_size\":\"\",\"m6f_cat_font_line_height\":\"\",\"m6f_cat_font_style\":\"\",\"m6f_cat_font_weight\":\"\",\"m6f_cat_font_transform\":\"\",\"m6f_cat_font_spacing\":\"\",\"m6f_cat_\":\"\",\"m6f_meta_font_title\":\"Article meta info\",\"m6f_meta_font_settings\":\"\",\"m6f_meta_font_family\":\"\",\"m6f_meta_font_size\":\"\",\"m6f_meta_font_line_height\":\"\",\"m6f_meta_font_style\":\"\",\"m6f_meta_font_weight\":\"\",\"m6f_meta_font_transform\":\"\",\"m6f_meta_font_spacing\":\"\",\"m6f_meta_\":\"\",\"ajax_pagination_infinite_stop\":\"\",\"css\":\"\",\"tdc_css\":\"\",\"td_column_number\":3,\"header_color\":\"\",\"color_preset\":\"\",\"border_top\":\"\",\"class\":\"td_uid_4_69f22dd89e038_rand\",\"tdc_css_class\":\"td_uid_4_69f22dd89e038_rand\",\"tdc_css_class_style\":\"td_uid_4_69f22dd89e038_rand_style\"}';\nblock_td_uid_4_69f22dd89e038.td_column_number = \"3\";\nblock_td_uid_4_69f22dd89e038.block_type = \"td_block_16\";\nblock_td_uid_4_69f22dd89e038.post_count = \"10\";\nblock_td_uid_4_69f22dd89e038.found_posts = \"26\";\nblock_td_uid_4_69f22dd89e038.header_color = \"\";\nblock_td_uid_4_69f22dd89e038.ajax_pagination_infinite_stop = \"\";\nblock_td_uid_4_69f22dd89e038.max_num_pages = \"3\";\ntdBlocksArray.push(block_td_uid_4_69f22dd89e038);\n<\/script><div class=\"td-block-title-wrap\"><\/div><div id=td_uid_4_69f22dd89e038 class=\"td_block_inner td-column-3\">\n\n\t<div class=\"td-block-row\">\n\n\t<div class=\"td-block-span4\">\n\r\n        <div class=\"td_module_mx7 td_module_wrap td-animation-stack\">\r\n            <div class=\"td-module-image\">\r\n                <div class=\"td-module-thumb\"><a href=\"https:\/\/www.africa-press.net\/comores\/sports\/liverpool-mohamed-salah-marque-but-historique-video\" rel=\"bookmark\" class=\"td-image-wrap\" title=\"Liverpool: Mohamed Salah Marque But Historique (Vid\u00e9o)\"><img loading=\"lazy\" decoding=\"async\" class=\"entry-thumb\" src=\"data:image\/png;base64,iVBORw0KGgoAAAANSUhEUgAAANoAAACWAQMAAACCSQSPAAAAA1BMVEWurq51dlI4AAAAAXRSTlMmkutdmwAAABpJREFUWMPtwQENAAAAwiD7p7bHBwwAAAAg7RD+AAGXD7BoAAAAAElFTkSuQmCC\" alt=\"Liverpool: Mohamed Salah Marque But Historique (Vid\u00e9o)\" title=\"Liverpool: Mohamed Salah Marque But Historique (Vid\u00e9o)\" data-type=\"image_tag\" data-img-url=\"https:\/\/static.africa-press.net\/centrafricaine\/sites\/48\/2025\/05\/sm_1748255768.726827-218x150.jpg\"  width=\"218\" height=\"150\" \/><\/a><\/div>                            <\/div>\r\n\r\n            <div class=\"item-details\">\r\n                <h3 class=\"entry-title td-module-title\"><a href=\"https:\/\/www.africa-press.net\/comores\/sports\/liverpool-mohamed-salah-marque-but-historique-video\" rel=\"bookmark\" title=\"Liverpool: Mohamed Salah Marque But Historique (Vid\u00e9o)\">Liverpool: Mohamed Salah Marque But Historique (Vid\u00e9o)<\/a><\/h3>\r\n                <div class=\"td-module-meta-info\">\r\n                                        <span class=\"td-post-date\"><time class=\"entry-date updated td-module-date\" datetime=\"2025-05-25T23:51:09+00:00\" >2025-05-25<\/time><\/span>                                    <\/div>\r\n\r\n                <div class=\"td-excerpt\">\r\n                                    <\/div>\r\n            <\/div>\r\n\r\n        <\/div>\r\n\r\n        \n\t<\/div> <!-- .\/td-block-span4 -->\n\n\t<div class=\"td-block-span4\">\n\r\n        <div class=\"td_module_mx7 td_module_wrap td-animation-stack\">\r\n            <div class=\"td-module-image\">\r\n                <div class=\"td-module-thumb\"><a href=\"https:\/\/www.africa-press.net\/comores\/video\/des-professionnels-des-medias-africains-partagent-les-moments-les-plus-marquants-de-leur-sejour-en-chine-en-2024\" rel=\"bookmark\" class=\"td-image-wrap\" title=\"Des professionnels des m\u00e9dias africains partagent les moments les plus marquants de leur s\u00e9jour en Chine en 2024\"><img loading=\"lazy\" decoding=\"async\" class=\"entry-thumb\" src=\"data:image\/png;base64,iVBORw0KGgoAAAANSUhEUgAAANoAAACWAQMAAACCSQSPAAAAA1BMVEWurq51dlI4AAAAAXRSTlMmkutdmwAAABpJREFUWMPtwQENAAAAwiD7p7bHBwwAAAAg7RD+AAGXD7BoAAAAAElFTkSuQmCC\" alt=\"Des professionnels des m\u00e9dias africains partagent les moments les plus marquants de leur s\u00e9jour en Chine en 2024\" title=\"Des professionnels des m\u00e9dias africains partagent les moments les plus marquants de leur s\u00e9jour en Chine en 2024\" data-type=\"image_tag\" data-img-url=\"https:\/\/static.africa-press.net\/centrafricaine\/sites\/48\/2024\/12\/sm_1735454403.434858-218x150.jpg\"  width=\"218\" height=\"150\" \/><\/a><\/div>                            <\/div>\r\n\r\n            <div class=\"item-details\">\r\n                <h3 class=\"entry-title td-module-title\"><a href=\"https:\/\/www.africa-press.net\/comores\/video\/des-professionnels-des-medias-africains-partagent-les-moments-les-plus-marquants-de-leur-sejour-en-chine-en-2024\" rel=\"bookmark\" title=\"Des professionnels des m\u00e9dias africains partagent les moments les plus marquants de leur s\u00e9jour en Chine en 2024\">Des professionnels des m\u00e9dias africains partagent les moments les plus marquants de leur s\u00e9jour en Chine en 2024<\/a><\/h3>\r\n                <div class=\"td-module-meta-info\">\r\n                                        <span class=\"td-post-date\"><time class=\"entry-date updated td-module-date\" datetime=\"2024-12-28T12:00:00+00:00\" >2024-12-28<\/time><\/span>                                    <\/div>\r\n\r\n                <div class=\"td-excerpt\">\r\n                                    <\/div>\r\n            <\/div>\r\n\r\n        <\/div>\r\n\r\n        \n\t<\/div> <!-- .\/td-block-span4 -->\n\n\t<div class=\"td-block-span4\">\n\r\n        <div class=\"td_module_mx7 td_module_wrap td-animation-stack\">\r\n            <div class=\"td-module-image\">\r\n                <div class=\"td-module-thumb\"><a href=\"https:\/\/www.africa-press.net\/comores\/video\/demonstration-de-force-du-parti-crc-hommage-au-journaliste-nono\" rel=\"bookmark\" class=\"td-image-wrap\" title=\"D\u00e9monstration de force du parti CRC &amp; Hommage au journaliste Nono\"><img loading=\"lazy\" decoding=\"async\" class=\"entry-thumb\" src=\"data:image\/png;base64,iVBORw0KGgoAAAANSUhEUgAAANoAAACWAQMAAACCSQSPAAAAA1BMVEWurq51dlI4AAAAAXRSTlMmkutdmwAAABpJREFUWMPtwQENAAAAwiD7p7bHBwwAAAAg7RD+AAGXD7BoAAAAAElFTkSuQmCC\" alt=\"D\u00e9monstration de force du parti CRC &amp; Hommage au journaliste Nono\" title=\"D\u00e9monstration de force du parti CRC &amp; Hommage au journaliste Nono\" data-type=\"image_tag\" data-img-url=\"https:\/\/static.africa-press.net\/centrafricaine\/sites\/48\/2023\/08\/sm_1692304054.262832-218x150.jpg\"  width=\"218\" height=\"150\" \/><\/a><\/div>                            <\/div>\r\n\r\n            <div class=\"item-details\">\r\n                <h3 class=\"entry-title td-module-title\"><a href=\"https:\/\/www.africa-press.net\/comores\/video\/demonstration-de-force-du-parti-crc-hommage-au-journaliste-nono\" rel=\"bookmark\" title=\"D\u00e9monstration de force du parti CRC &amp; Hommage au journaliste Nono\">D\u00e9monstration de force du parti CRC &amp; Hommage au journaliste Nono<\/a><\/h3>\r\n                <div class=\"td-module-meta-info\">\r\n                                        <span class=\"td-post-date\"><time class=\"entry-date updated td-module-date\" datetime=\"2023-08-17T23:35:40+00:00\" >2023-08-17<\/time><\/span>                                    <\/div>\r\n\r\n                <div class=\"td-excerpt\">\r\n                                    <\/div>\r\n            <\/div>\r\n\r\n        <\/div>\r\n\r\n        \n\t<\/div> <!-- .\/td-block-span4 -->\n\n\t<div class=\"td-block-span4\">\n\r\n        <div class=\"td_module_mx7 td_module_wrap td-animation-stack\">\r\n            <div class=\"td-module-image\">\r\n                <div class=\"td-module-thumb\"><a href=\"https:\/\/www.africa-press.net\/comores\/video\/en-afrique-du-sud-une-elephante-apprend-a-son-nouveau-ne-a-se-tenir-debout-video\" rel=\"bookmark\" class=\"td-image-wrap\" title=\"En Afrique du Sud, une \u00e9l\u00e9phante apprend \u00e0 son nouveau-n\u00e9 \u00e0 se tenir debout \u2013 vid\u00e9o\"><img loading=\"lazy\" decoding=\"async\" class=\"entry-thumb\" src=\"data:image\/png;base64,iVBORw0KGgoAAAANSUhEUgAAANoAAACWAQMAAACCSQSPAAAAA1BMVEWurq51dlI4AAAAAXRSTlMmkutdmwAAABpJREFUWMPtwQENAAAAwiD7p7bHBwwAAAAg7RD+AAGXD7BoAAAAAElFTkSuQmCC\" alt=\"En Afrique du Sud, une \u00e9l\u00e9phante apprend \u00e0 son nouveau-n\u00e9 \u00e0 se tenir debout \u2013 vid\u00e9o\" title=\"En Afrique du Sud, une \u00e9l\u00e9phante apprend \u00e0 son nouveau-n\u00e9 \u00e0 se tenir debout \u2013 vid\u00e9o\" data-type=\"image_tag\" data-img-url=\"https:\/\/static.africa-press.net\/centrafricaine\/sites\/48\/2023\/08\/sm_1691334510.299546-218x150.jpg\"  width=\"218\" height=\"150\" \/><\/a><\/div>                            <\/div>\r\n\r\n            <div class=\"item-details\">\r\n                <h3 class=\"entry-title td-module-title\"><a href=\"https:\/\/www.africa-press.net\/comores\/video\/en-afrique-du-sud-une-elephante-apprend-a-son-nouveau-ne-a-se-tenir-debout-video\" rel=\"bookmark\" title=\"En Afrique du Sud, une \u00e9l\u00e9phante apprend \u00e0 son nouveau-n\u00e9 \u00e0 se tenir debout \u2013 vid\u00e9o\">En Afrique du Sud, une \u00e9l\u00e9phante apprend \u00e0 son nouveau-n\u00e9 \u00e0 se tenir debout \u2013 vid\u00e9o<\/a><\/h3>\r\n                <div class=\"td-module-meta-info\">\r\n                                        <span class=\"td-post-date\"><time class=\"entry-date updated td-module-date\" datetime=\"2023-08-06T17:40:22+00:00\" >2023-08-06<\/time><\/span>                                    <\/div>\r\n\r\n                <div class=\"td-excerpt\">\r\n                                    <\/div>\r\n            <\/div>\r\n\r\n        <\/div>\r\n\r\n        \n\t<\/div> <!-- .\/td-block-span4 -->\n\n\t<div class=\"td-block-span4\">\n\r\n        <div class=\"td_module_mx7 td_module_wrap td-animation-stack\">\r\n            <div class=\"td-module-image\">\r\n                <div class=\"td-module-thumb\"><a href=\"https:\/\/www.africa-press.net\/comores\/video\/pr-ecrire-a-lhomologue-de-lunion-des-comores-et-president-par-interim-de-lunion-africaine\" rel=\"bookmark\" class=\"td-image-wrap\" title=\"PR &#8211; Ecrire \u00e0 l&rsquo;homologue de l&rsquo;Union des Comores et pr\u00e9sident par int\u00e9rim de l&rsquo;Union Africaine\"><img loading=\"lazy\" decoding=\"async\" class=\"entry-thumb\" src=\"data:image\/png;base64,iVBORw0KGgoAAAANSUhEUgAAANoAAACWAQMAAACCSQSPAAAAA1BMVEWurq51dlI4AAAAAXRSTlMmkutdmwAAABpJREFUWMPtwQENAAAAwiD7p7bHBwwAAAAg7RD+AAGXD7BoAAAAAElFTkSuQmCC\" alt=\"PR - Ecrire \u00e0 l&#039;homologue de l&#039;Union des Comores et pr\u00e9sident par int\u00e9rim de l&#039;Union Africaine\" title=\"PR &#8211; Ecrire \u00e0 l&rsquo;homologue de l&rsquo;Union des Comores et pr\u00e9sident par int\u00e9rim de l&rsquo;Union Africaine\" data-type=\"image_tag\" data-img-url=\"https:\/\/static.africa-press.net\/centrafricaine\/sites\/48\/2023\/05\/postQueueImg_1684406604.39-218x150.jpg\"  width=\"218\" height=\"150\" \/><\/a><\/div>                            <\/div>\r\n\r\n            <div class=\"item-details\">\r\n                <h3 class=\"entry-title td-module-title\"><a href=\"https:\/\/www.africa-press.net\/comores\/video\/pr-ecrire-a-lhomologue-de-lunion-des-comores-et-president-par-interim-de-lunion-africaine\" rel=\"bookmark\" title=\"PR &#8211; Ecrire \u00e0 l&rsquo;homologue de l&rsquo;Union des Comores et pr\u00e9sident par int\u00e9rim de l&rsquo;Union Africaine\">PR &#8211; Ecrire \u00e0 l&rsquo;homologue de l&rsquo;Union des Comores et pr\u00e9sident par int\u00e9rim de l&rsquo;Union Africaine<\/a><\/h3>\r\n                <div class=\"td-module-meta-info\">\r\n                                        <span class=\"td-post-date\"><time class=\"entry-date updated td-module-date\" datetime=\"2023-05-18T14:08:36+00:00\" >2023-05-18<\/time><\/span>                                    <\/div>\r\n\r\n                <div class=\"td-excerpt\">\r\n                                    <\/div>\r\n            <\/div>\r\n\r\n        <\/div>\r\n\r\n        \n\t<\/div> <!-- .\/td-block-span4 --><\/div><!--.\/row-fluid-->\n\n\t<div class=\"td-block-row\">\n\n\t<div class=\"td-block-span4\">\n\r\n        <div class=\"td_module_mx7 td_module_wrap td-animation-stack\">\r\n            <div class=\"td-module-image\">\r\n                <div class=\"td-module-thumb\"><a href=\"https:\/\/www.africa-press.net\/comores\/video\/comores-larrivee-des-ressortissants-expulses-de-mayotte\" rel=\"bookmark\" class=\"td-image-wrap\" title=\"Comores : l&rsquo;arriv\u00e9e des ressortissants expuls\u00e9s de Mayotte\"><img loading=\"lazy\" decoding=\"async\" class=\"entry-thumb\" src=\"data:image\/png;base64,iVBORw0KGgoAAAANSUhEUgAAANoAAACWAQMAAACCSQSPAAAAA1BMVEWurq51dlI4AAAAAXRSTlMmkutdmwAAABpJREFUWMPtwQENAAAAwiD7p7bHBwwAAAAg7RD+AAGXD7BoAAAAAElFTkSuQmCC\" alt=\"Comores : l&#039;arriv\u00e9e des ressortissants expuls\u00e9s de Mayotte\" title=\"Comores : l&rsquo;arriv\u00e9e des ressortissants expuls\u00e9s de Mayotte\" data-type=\"image_tag\" data-img-url=\"https:\/\/static.africa-press.net\/centrafricaine\/sites\/48\/2023\/05\/postQueueImg_1684406160.80-218x150.jpg\"  width=\"218\" height=\"150\" \/><\/a><\/div>                            <\/div>\r\n\r\n            <div class=\"item-details\">\r\n                <h3 class=\"entry-title td-module-title\"><a href=\"https:\/\/www.africa-press.net\/comores\/video\/comores-larrivee-des-ressortissants-expulses-de-mayotte\" rel=\"bookmark\" title=\"Comores : l&rsquo;arriv\u00e9e des ressortissants expuls\u00e9s de Mayotte\">Comores : l&rsquo;arriv\u00e9e des ressortissants expuls\u00e9s de Mayotte<\/a><\/h3>\r\n                <div class=\"td-module-meta-info\">\r\n                                        <span class=\"td-post-date\"><time class=\"entry-date updated td-module-date\" datetime=\"2023-05-18T13:56:09+00:00\" >2023-05-18<\/time><\/span>                                    <\/div>\r\n\r\n                <div class=\"td-excerpt\">\r\n                                    <\/div>\r\n            <\/div>\r\n\r\n        <\/div>\r\n\r\n        \n\t<\/div> <!-- .\/td-block-span4 -->\n\n\t<div class=\"td-block-span4\">\n\r\n        <div class=\"td_module_mx7 td_module_wrap td-animation-stack\">\r\n            <div class=\"td-module-image\">\r\n                <div class=\"td-module-thumb\"><a href=\"https:\/\/www.africa-press.net\/comores\/video\/wuambushu-reprise-des-expulsions-vers-les-comores\" rel=\"bookmark\" class=\"td-image-wrap\" title=\"Wuambushu : reprise des expulsions vers les Comores\"><img loading=\"lazy\" decoding=\"async\" class=\"entry-thumb\" src=\"data:image\/png;base64,iVBORw0KGgoAAAANSUhEUgAAANoAAACWAQMAAACCSQSPAAAAA1BMVEWurq51dlI4AAAAAXRSTlMmkutdmwAAABpJREFUWMPtwQENAAAAwiD7p7bHBwwAAAAg7RD+AAGXD7BoAAAAAElFTkSuQmCC\" alt=\"Wuambushu : reprise des expulsions vers les Comores\" title=\"Wuambushu : reprise des expulsions vers les Comores\" data-type=\"image_tag\" data-img-url=\"https:\/\/static.africa-press.net\/centrafricaine\/sites\/48\/2023\/05\/postQueueImg_1684406316.73-218x150.jpg\"  width=\"218\" height=\"150\" \/><\/a><\/div>                            <\/div>\r\n\r\n            <div class=\"item-details\">\r\n                <h3 class=\"entry-title td-module-title\"><a href=\"https:\/\/www.africa-press.net\/comores\/video\/wuambushu-reprise-des-expulsions-vers-les-comores\" rel=\"bookmark\" title=\"Wuambushu : reprise des expulsions vers les Comores\">Wuambushu : reprise des expulsions vers les Comores<\/a><\/h3>\r\n                <div class=\"td-module-meta-info\">\r\n                                        <span class=\"td-post-date\"><time class=\"entry-date updated td-module-date\" datetime=\"2023-05-18T10:06:00+00:00\" >2023-05-18<\/time><\/span>                                    <\/div>\r\n\r\n                <div class=\"td-excerpt\">\r\n                                    <\/div>\r\n            <\/div>\r\n\r\n        <\/div>\r\n\r\n        \n\t<\/div> <!-- .\/td-block-span4 -->\n\n\t<div class=\"td-block-span4\">\n\r\n        <div class=\"td_module_mx7 td_module_wrap td-animation-stack\">\r\n            <div class=\"td-module-image\">\r\n                <div class=\"td-module-thumb\"><a href=\"https:\/\/www.africa-press.net\/comores\/video\/ce-que-les-africains-attendent-dazali\" rel=\"bookmark\" class=\"td-image-wrap\" title=\"Ce que les Africains attendent d&rsquo;Azali\"><img loading=\"lazy\" decoding=\"async\" class=\"entry-thumb\" src=\"data:image\/png;base64,iVBORw0KGgoAAAANSUhEUgAAANoAAACWAQMAAACCSQSPAAAAA1BMVEWurq51dlI4AAAAAXRSTlMmkutdmwAAABpJREFUWMPtwQENAAAAwiD7p7bHBwwAAAAg7RD+AAGXD7BoAAAAAElFTkSuQmCC\" alt=\"Ce que les Africains attendent d&#039;Azali\" title=\"Ce que les Africains attendent d&rsquo;Azali\" data-type=\"image_tag\" data-img-url=\"https:\/\/static.africa-press.net\/centrafricaine\/sites\/48\/2023\/01\/postQueueImg_1674264106.57-218x150.jpg\"  width=\"218\" height=\"150\" \/><\/a><\/div>                            <\/div>\r\n\r\n            <div class=\"item-details\">\r\n                <h3 class=\"entry-title td-module-title\"><a href=\"https:\/\/www.africa-press.net\/comores\/video\/ce-que-les-africains-attendent-dazali\" rel=\"bookmark\" title=\"Ce que les Africains attendent d&rsquo;Azali\">Ce que les Africains attendent d&rsquo;Azali<\/a><\/h3>\r\n                <div class=\"td-module-meta-info\">\r\n                                        <span class=\"td-post-date\"><time class=\"entry-date updated td-module-date\" datetime=\"2023-01-21T04:43:37+00:00\" >2023-01-21<\/time><\/span>                                    <\/div>\r\n\r\n                <div class=\"td-excerpt\">\r\n                                    <\/div>\r\n            <\/div>\r\n\r\n        <\/div>\r\n\r\n        \n\t<\/div> <!-- .\/td-block-span4 -->\n\n\t<div class=\"td-block-span4\">\n\r\n        <div class=\"td_module_mx7 td_module_wrap td-animation-stack\">\r\n            <div class=\"td-module-image\">\r\n                <div class=\"td-module-thumb\"><a href=\"https:\/\/www.africa-press.net\/comores\/video\/accueil-et-discours-du-president-azali-a-tsidje\" rel=\"bookmark\" class=\"td-image-wrap\" title=\"Accueil et discours du pr\u00e9sident Azali \u00e0 Tsidj\u00e9\"><img loading=\"lazy\" decoding=\"async\" class=\"entry-thumb\" src=\"data:image\/png;base64,iVBORw0KGgoAAAANSUhEUgAAANoAAACWAQMAAACCSQSPAAAAA1BMVEWurq51dlI4AAAAAXRSTlMmkutdmwAAABpJREFUWMPtwQENAAAAwiD7p7bHBwwAAAAg7RD+AAGXD7BoAAAAAElFTkSuQmCC\" alt=\"Accueil et discours du pr\u00e9sident Azali \u00e0 Tsidj\u00e9\" title=\"Accueil et discours du pr\u00e9sident Azali \u00e0 Tsidj\u00e9\" data-type=\"image_tag\" data-img-url=\"https:\/\/static.africa-press.net\/centrafricaine\/sites\/48\/2023\/01\/postQueueImg_1674263444.51-218x150.jpg\"  width=\"218\" height=\"150\" \/><\/a><\/div>                            <\/div>\r\n\r\n            <div class=\"item-details\">\r\n                <h3 class=\"entry-title td-module-title\"><a href=\"https:\/\/www.africa-press.net\/comores\/video\/accueil-et-discours-du-president-azali-a-tsidje\" rel=\"bookmark\" title=\"Accueil et discours du pr\u00e9sident Azali \u00e0 Tsidj\u00e9\">Accueil et discours du pr\u00e9sident Azali \u00e0 Tsidj\u00e9<\/a><\/h3>\r\n                <div class=\"td-module-meta-info\">\r\n                                        <span class=\"td-post-date\"><time class=\"entry-date updated td-module-date\" datetime=\"2023-01-21T04:21:59+00:00\" >2023-01-21<\/time><\/span>                                    <\/div>\r\n\r\n                <div class=\"td-excerpt\">\r\n                                    <\/div>\r\n            <\/div>\r\n\r\n        <\/div>\r\n\r\n        \n\t<\/div> <!-- .\/td-block-span4 -->\n\n\t<div class=\"td-block-span4\">\n\r\n        <div class=\"td_module_mx7 td_module_wrap td-animation-stack\">\r\n            <div class=\"td-module-image\">\r\n                <div class=\"td-module-thumb\"><a href=\"https:\/\/www.africa-press.net\/comores\/video\/le-23-heures-de-rti-1-du-17-janvier-2023-par-abdoulaye-kone\" rel=\"bookmark\" class=\"td-image-wrap\" title=\"Le 23 Heures de RTI 1 du 17 janvier 2023 par Abdoulaye Kon\u00e9\"><img loading=\"lazy\" decoding=\"async\" class=\"entry-thumb\" src=\"data:image\/png;base64,iVBORw0KGgoAAAANSUhEUgAAANoAAACWAQMAAACCSQSPAAAAA1BMVEWurq51dlI4AAAAAXRSTlMmkutdmwAAABpJREFUWMPtwQENAAAAwiD7p7bHBwwAAAAg7RD+AAGXD7BoAAAAAElFTkSuQmCC\" alt=\"Le 23 Heures de RTI 1 du 17 janvier 2023 par Abdoulaye Kon\u00e9\" title=\"Le 23 Heures de RTI 1 du 17 janvier 2023 par Abdoulaye Kon\u00e9\" data-type=\"image_tag\" data-img-url=\"https:\/\/static.africa-press.net\/centrafricaine\/sites\/48\/2023\/01\/postQueueImg_1674146943.89-218x150.jpg\"  width=\"218\" height=\"150\" \/><\/a><\/div>                            <\/div>\r\n\r\n            <div class=\"item-details\">\r\n                <h3 class=\"entry-title td-module-title\"><a href=\"https:\/\/www.africa-press.net\/comores\/video\/le-23-heures-de-rti-1-du-17-janvier-2023-par-abdoulaye-kone\" rel=\"bookmark\" title=\"Le 23 Heures de RTI 1 du 17 janvier 2023 par Abdoulaye Kon\u00e9\">Le 23 Heures de RTI 1 du 17 janvier 2023 par Abdoulaye Kon\u00e9<\/a><\/h3>\r\n                <div class=\"td-module-meta-info\">\r\n                                        <span class=\"td-post-date\"><time class=\"entry-date updated td-module-date\" datetime=\"2023-01-19T20:12:53+00:00\" >2023-01-19<\/time><\/span>                                    <\/div>\r\n\r\n                <div class=\"td-excerpt\">\r\n                                    <\/div>\r\n            <\/div>\r\n\r\n        <\/div>\r\n\r\n        \n\t<\/div> <!-- .\/td-block-span4 --><\/div><!--.\/row-fluid--><\/div><div class=\"td-load-more-wrap\"><a href=\"#\" class=\"td_ajax_load_more td_ajax_load_more_js\" id=\"next-page-td_uid_4_69f22dd89e038\" data-td_block_id=\"td_uid_4_69f22dd89e038\">Voir plus<i class=\"td-icon-font td-icon-menu-right\"><\/i><\/a><\/div><\/div> <!-- .\/block --><\/div><\/div><\/div><\/div><\/div><\/div>\r\n\t\t\t<script>\r\n\r\n\t\t\t\tjQuery(window).load(function () {\r\n\r\n                    var $content = jQuery('body').find('#tdc-live-iframe'),\r\n                        refWindow = undefined;\r\n\r\n                    if ($content.length) {\r\n                        $content = $content.contents();\r\n                        refWindow = document.getElementById('tdc-live-iframe').contentWindow || document.getElementById('tdc-live-iframe').contentDocument;\r\n\r\n                    } else {\r\n                        $content = jQuery('body');\r\n                        refWindow = window;\r\n                    }\r\n\r\n                    $content.find('#td_uid_1_69f22dd89dac9 .td-element-style').each(function (index, element) {\r\n                        \/\/jQuery(element).css('opacity', 1);\r\n                        return;\r\n                    });\r\n                });\r\n\r\n\t\t\t<\/script>\r\n\r\n\t\t\t","protected":false},"excerpt":{"rendered":"","protected":false},"author":14,"featured_media":0,"parent":0,"menu_order":0,"comment_status":"closed","ping_status":"closed","template":"","meta":{"footnotes":""},"class_list":["post-671","page","type-page","status-publish","hentry"],"yoast_head":"<!-- This site is optimized with the Yoast SEO Premium plugin v26.1 (Yoast SEO v27.0) - https:\/\/yoast.com\/product\/yoast-seo-premium-wordpress\/ -->\n<title>video - Comores<\/title>\n<meta name=\"robots\" content=\"index, follow, max-snippet:-1, max-image-preview:large, max-video-preview:-1\" \/>\n<link rel=\"canonical\" href=\"https:\/\/www.africa-press.net\/comores\/video\" \/>\n<meta property=\"og:locale\" content=\"fr_FR\" \/>\n<meta property=\"og:type\" content=\"article\" \/>\n<meta property=\"og:title\" content=\"video\" \/>\n<meta property=\"og:url\" content=\"https:\/\/www.africa-press.net\/comores\/video\" \/>\n<meta property=\"og:site_name\" content=\"Comores\" \/>\n<meta property=\"article:modified_time\" content=\"2022-01-04T04:02:36+00:00\" \/>\n<meta name=\"twitter:card\" content=\"summary_large_image\" \/>\n<script type=\"application\/ld+json\" class=\"yoast-schema-graph\">{\"@context\":\"https:\/\/schema.org\",\"@graph\":[{\"@type\":\"WebPage\",\"@id\":\"https:\/\/www.africa-press.net\/comores\/video\",\"url\":\"https:\/\/www.africa-press.net\/comores\/video\",\"name\":\"video - Comores\",\"isPartOf\":{\"@id\":\"https:\/\/www.africa-press.net\/comores\/#website\"},\"datePublished\":\"2020-12-05T20:13:59+00:00\",\"dateModified\":\"2022-01-04T04:02:36+00:00\",\"breadcrumb\":{\"@id\":\"https:\/\/www.africa-press.net\/comores\/video#breadcrumb\"},\"inLanguage\":\"fr-FR\",\"potentialAction\":[{\"@type\":\"ReadAction\",\"target\":[\"https:\/\/www.africa-press.net\/comores\/video\"]}]},{\"@type\":\"BreadcrumbList\",\"@id\":\"https:\/\/www.africa-press.net\/comores\/video#breadcrumb\",\"itemListElement\":[{\"@type\":\"ListItem\",\"position\":1,\"name\":\"Accueil\",\"item\":\"https:\/\/www.africa-press.net\/comores\/\"},{\"@type\":\"ListItem\",\"position\":2,\"name\":\"video\"}]},{\"@type\":\"WebSite\",\"@id\":\"https:\/\/www.africa-press.net\/comores\/#website\",\"url\":\"https:\/\/www.africa-press.net\/comores\/\",\"name\":\"Comores\",\"description\":\"Just another Africa News Agency Sites site\",\"potentialAction\":[{\"@type\":\"SearchAction\",\"target\":{\"@type\":\"EntryPoint\",\"urlTemplate\":\"https:\/\/www.africa-press.net\/comores\/?s={search_term_string}\"},\"query-input\":{\"@type\":\"PropertyValueSpecification\",\"valueRequired\":true,\"valueName\":\"search_term_string\"}}],\"inLanguage\":\"fr-FR\"}]}<\/script>\n<!-- \/ Yoast SEO Premium plugin. -->","yoast_head_json":{"title":"video - Comores","robots":{"index":"index","follow":"follow","max-snippet":"max-snippet:-1","max-image-preview":"max-image-preview:large","max-video-preview":"max-video-preview:-1"},"canonical":"https:\/\/www.africa-press.net\/comores\/video","og_locale":"fr_FR","og_type":"article","og_title":"video","og_url":"https:\/\/www.africa-press.net\/comores\/video","og_site_name":"Comores","article_modified_time":"2022-01-04T04:02:36+00:00","twitter_card":"summary_large_image","schema":{"@context":"https:\/\/schema.org","@graph":[{"@type":"WebPage","@id":"https:\/\/www.africa-press.net\/comores\/video","url":"https:\/\/www.africa-press.net\/comores\/video","name":"video - Comores","isPartOf":{"@id":"https:\/\/www.africa-press.net\/comores\/#website"},"datePublished":"2020-12-05T20:13:59+00:00","dateModified":"2022-01-04T04:02:36+00:00","breadcrumb":{"@id":"https:\/\/www.africa-press.net\/comores\/video#breadcrumb"},"inLanguage":"fr-FR","potentialAction":[{"@type":"ReadAction","target":["https:\/\/www.africa-press.net\/comores\/video"]}]},{"@type":"BreadcrumbList","@id":"https:\/\/www.africa-press.net\/comores\/video#breadcrumb","itemListElement":[{"@type":"ListItem","position":1,"name":"Accueil","item":"https:\/\/www.africa-press.net\/comores\/"},{"@type":"ListItem","position":2,"name":"video"}]},{"@type":"WebSite","@id":"https:\/\/www.africa-press.net\/comores\/#website","url":"https:\/\/www.africa-press.net\/comores\/","name":"Comores","description":"Just another Africa News Agency Sites site","potentialAction":[{"@type":"SearchAction","target":{"@type":"EntryPoint","urlTemplate":"https:\/\/www.africa-press.net\/comores\/?s={search_term_string}"},"query-input":{"@type":"PropertyValueSpecification","valueRequired":true,"valueName":"search_term_string"}}],"inLanguage":"fr-FR"}]}},"_links":{"self":[{"href":"https:\/\/www.africa-press.net\/comores\/wp-json\/wp\/v2\/pages\/671","targetHints":{"allow":["GET"]}}],"collection":[{"href":"https:\/\/www.africa-press.net\/comores\/wp-json\/wp\/v2\/pages"}],"about":[{"href":"https:\/\/www.africa-press.net\/comores\/wp-json\/wp\/v2\/types\/page"}],"author":[{"embeddable":true,"href":"https:\/\/www.africa-press.net\/comores\/wp-json\/wp\/v2\/users\/14"}],"replies":[{"embeddable":true,"href":"https:\/\/www.africa-press.net\/comores\/wp-json\/wp\/v2\/comments?post=671"}],"version-history":[{"count":0,"href":"https:\/\/www.africa-press.net\/comores\/wp-json\/wp\/v2\/pages\/671\/revisions"}],"wp:attachment":[{"href":"https:\/\/www.africa-press.net\/comores\/wp-json\/wp\/v2\/media?parent=671"}],"curies":[{"name":"wp","href":"https:\/\/api.w.org\/{rel}","templated":true}]}}