{"id":1,"date":"2020-07-15T15:22:39","date_gmt":"2020-07-15T15:22:39","guid":{"rendered":"https:\/\/www.africa-press.com\/niger\/?page_id=1"},"modified":"2021-03-27T17:12:50","modified_gmt":"2021-03-27T17:12:50","slug":"niger","status":"publish","type":"page","link":"https:\/\/www.africa-press.net\/congo-brazzaville\/","title":{"rendered":"Congo Brazzaville"},"content":{"rendered":"<div id=\"td_uid_1_69f12973ba6a3\" class=\"tdc-zone\"><div class=\"tdc_zone td_uid_1_69f12973ba6aa_rand  wpb_row td-pb-row\"  >\n<style scoped>\n\n\/* custom css *\/\n.td_uid_1_69f12973ba6aa_rand {\r\n                    min-height: 0;\r\n                }\n<\/style><div id=\"td_uid_2_69f12973ba89d\" class=\"tdc-row\"><div id=\"news-title\" class=\"vc_row vc_custom_1506623668660 td_uid_2_69f12973ba8a1_rand  wpb_row td-pb-row\" >\n<style scoped>\n\n\/* tdc_composer_block - inline css att *\/\n.vc_custom_1506623668660{border-top-width: 5px !important;border-right-width: 5px !important;border-bottom-width: 5px !important;border-left-width: 5px !important;border-left-color: #ffffff !important;border-right-color: #ffffff !important;border-top-color: #ffffff !important;border-bottom-color: #ffffff !important;}\n\/* custom css *\/\n.td_uid_2_69f12973ba8a1_rand {\r\n                    min-height: 0;\r\n                }\n<\/style><div class=\"vc_column td_uid_3_69f12973baa09_rand  wpb_column vc_column_container tdc-column td-pb-span12\">\n<style scoped>\n\n\/* custom css *\/\n.td_uid_3_69f12973baa09_rand {\r\n                    vertical-align: baseline;\r\n                }\n<\/style><div class=\"wpb_wrapper\"><div class=\"td-big-grid-slide td_block_wrap\" id=\"iosSlider_td_uid_4_69f12973babb4\"><div class=\"td-theme-slider td_block_inner\" id=\"td_uid_4_69f12973babb4\"><div class=\"td_block_wrap td_block_big_grid_2 item td_uid_5_69f12973c1141_rand td-grid-style-1 td-hover-1 td-big-grids td-pb-border-top td_block_template_1\"  data-td-block-uid=\"td_uid_5_69f12973c1141\" ><div id=td_uid_5_69f12973c1141 class=\"td_block_inner\"><div class=\"td-big-grid-wrapper\">\r\n        <div class=\"td_module_mx9 td-animation-stack td-big-grid-post-0 td-big-grid-post td-big-thumb\">\r\n            <div class=\"td-module-thumb\"><a href=\"https:\/\/www.africa-press.net\/congo-brazzaville\/politique\/sassou-nguesso-gagne-election-presidentielle-a-9482\" rel=\"bookmark\" class=\"td-image-wrap\" title=\"Sassou N&rsquo;Guesso Gagne \u00c9lection Pr\u00e9sidentielle \u00e0 94,82%\"><img loading=\"lazy\" decoding=\"async\" class=\"entry-thumb\" src=\"data:image\/png;base64,iVBORw0KGgoAAAANSUhEUgAAAuUAAAHmAQMAAADuiGKOAAAAA1BMVEWurq51dlI4AAAAAXRSTlMmkutdmwAAAENJREFUeNrtwYEAAAAAw6D7Ux9gCtUAAAAAAAAAAAAAAAAAAAAAAAAAAAAAAAAAAAAAAAAAAAAAAAAAAAAAAAAAAIgDsnQAAavKUH8AAAAASUVORK5CYII=\" alt=\"Sassou N&#039;Guesso Gagne \u00c9lection Pr\u00e9sidentielle \u00e0 94,82%\" title=\"Sassou N&rsquo;Guesso Gagne \u00c9lection Pr\u00e9sidentielle \u00e0 94,82%\" data-type=\"image_tag\" data-img-url=\"https:\/\/static.africa-press.net\/congo-brazzaville\/sites\/51\/2026\/03\/sm_1773877112.352075-741x486.jpg\"  width=\"741\" height=\"486\" \/><\/a><\/div>            <div class=\"td-meta-info-container\">\r\n                <div class=\"td-meta-align\">\r\n                    <div class=\"td-big-grid-meta\">\r\n                                                <h3 class=\"entry-title td-module-title\"><a href=\"https:\/\/www.africa-press.net\/congo-brazzaville\/politique\/sassou-nguesso-gagne-election-presidentielle-a-9482\" rel=\"bookmark\" title=\"Sassou N&rsquo;Guesso Gagne \u00c9lection Pr\u00e9sidentielle \u00e0 94,82%\">Sassou N&rsquo;Guesso Gagne \u00c9lection Pr\u00e9sidentielle \u00e0 94,82%<\/a><\/h3>                    <\/div>\r\n                    <div class=\"td-module-meta-info\">\r\n                                                <span class=\"td-post-date\"><time class=\"entry-date updated td-module-date\" datetime=\"2026-03-18T22:48:16+00:00\" >2026-03-18<\/time><\/span>                    <\/div>\r\n                <\/div>\r\n            <\/div>\r\n\r\n        <\/div>\r\n\r\n        <div class=\"td-big-grid-scroll\">\r\n        <div class=\"td_module_mx10 td-animation-stack td-big-grid-post-1 td-big-grid-post td-small-thumb\">\r\n            <div class=\"td-module-thumb\"><a href=\"https:\/\/www.africa-press.net\/congo-brazzaville\/politique\/presidentielle-2026-congo-brazzaville-sassou-nguesso-reconduit\" rel=\"bookmark\" class=\"td-image-wrap\" title=\"Pr\u00e9sidentielle 2026 Congo-Brazzaville Sassou Nguesso Reconduit\"><img loading=\"lazy\" decoding=\"async\" class=\"entry-thumb\" src=\"data:image\/png;base64,iVBORw0KGgoAAAANSUhEUgAAAUQAAACgAQMAAABOhoelAAAAA1BMVEWurq51dlI4AAAAAXRSTlMmkutdmwAAAB1JREFUWMPtwTEBAAAAwiD7p\/ZdCGAAAAAAAAAQBxpAAAH8le3bAAAAAElFTkSuQmCC\" alt=\"Pr\u00e9sidentielle 2026 Congo-Brazzaville Sassou Nguesso Reconduit\" title=\"Pr\u00e9sidentielle 2026 Congo-Brazzaville Sassou Nguesso Reconduit\" data-type=\"image_tag\" data-img-url=\"https:\/\/static.africa-press.net\/congo-brazzaville\/sites\/51\/2026\/03\/sm_1773619370.667218-324x160.jpg\"  width=\"324\" height=\"160\" \/><\/a><\/div>            <div class=\"td-meta-info-container\">\r\n                <div class=\"td-meta-align\">\r\n                    <div class=\"td-big-grid-meta\">\r\n                                                <h3 class=\"entry-title td-module-title\"><a href=\"https:\/\/www.africa-press.net\/congo-brazzaville\/politique\/presidentielle-2026-congo-brazzaville-sassou-nguesso-reconduit\" rel=\"bookmark\" title=\"Pr\u00e9sidentielle 2026 Congo-Brazzaville Sassou Nguesso Reconduit\">Pr\u00e9sidentielle 2026 Congo-Brazzaville Sassou Nguesso Reconduit<\/a><\/h3>                    <\/div>\r\n                <\/div>\r\n            <\/div>\r\n\r\n        <\/div>\r\n\r\n        \r\n        <div class=\"td_module_mx10 td-animation-stack td-big-grid-post-2 td-big-grid-post td-small-thumb\">\r\n            <div class=\"td-module-thumb\"><a href=\"https:\/\/www.africa-press.net\/congo-brazzaville\/politique\/appreciation-des-activites-des-candidats-du-cslp\" rel=\"bookmark\" class=\"td-image-wrap\" title=\"Appr\u00e9ciation des Activit\u00e9s des Candidats du CSLP\"><img loading=\"lazy\" decoding=\"async\" class=\"entry-thumb\" src=\"data:image\/png;base64,iVBORw0KGgoAAAANSUhEUgAAAUQAAACgAQMAAABOhoelAAAAA1BMVEWurq51dlI4AAAAAXRSTlMmkutdmwAAAB1JREFUWMPtwTEBAAAAwiD7p\/ZdCGAAAAAAAAAQBxpAAAH8le3bAAAAAElFTkSuQmCC\" alt=\"Appr\u00e9ciation des Activit\u00e9s des Candidats du CSLP\" title=\"Appr\u00e9ciation des Activit\u00e9s des Candidats du CSLP\" data-type=\"image_tag\" data-img-url=\"https:\/\/static.africa-press.net\/congo-brazzaville\/sites\/51\/2026\/03\/sm_1773619063.648557-324x160.jpg\"  width=\"324\" height=\"160\" \/><\/a><\/div>            <div class=\"td-meta-info-container\">\r\n                <div class=\"td-meta-align\">\r\n                    <div class=\"td-big-grid-meta\">\r\n                                                <h3 class=\"entry-title td-module-title\"><a href=\"https:\/\/www.africa-press.net\/congo-brazzaville\/politique\/appreciation-des-activites-des-candidats-du-cslp\" rel=\"bookmark\" title=\"Appr\u00e9ciation des Activit\u00e9s des Candidats du CSLP\">Appr\u00e9ciation des Activit\u00e9s des Candidats du CSLP<\/a><\/h3>                    <\/div>\r\n                <\/div>\r\n            <\/div>\r\n\r\n        <\/div>\r\n\r\n        \r\n        <div class=\"td_module_mx10 td-animation-stack td-big-grid-post-3 td-big-grid-post td-small-thumb\">\r\n            <div class=\"td-module-thumb\"><a href=\"https:\/\/www.africa-press.net\/congo-brazzaville\/politique\/elections-a-makelekele-2-pour-denis-sassou-nguesso\" rel=\"bookmark\" class=\"td-image-wrap\" title=\"\u00c9lections \u00e0 Makelekele 2 pour Denis Sassou N&rsquo;Guesso\"><img loading=\"lazy\" decoding=\"async\" class=\"entry-thumb\" src=\"data:image\/png;base64,iVBORw0KGgoAAAANSUhEUgAAAUQAAACgAQMAAABOhoelAAAAA1BMVEWurq51dlI4AAAAAXRSTlMmkutdmwAAAB1JREFUWMPtwTEBAAAAwiD7p\/ZdCGAAAAAAAAAQBxpAAAH8le3bAAAAAElFTkSuQmCC\" alt=\"\u00c9lections \u00e0 Makelekele 2 pour Denis Sassou N&#039;Guesso\" title=\"\u00c9lections \u00e0 Makelekele 2 pour Denis Sassou N&rsquo;Guesso\" data-type=\"image_tag\" data-img-url=\"https:\/\/static.africa-press.net\/congo-brazzaville\/sites\/51\/2026\/03\/sm_1773439157.944851-69b488dc9b346-324x160.jpg\"  width=\"324\" height=\"160\" \/><\/a><\/div>            <div class=\"td-meta-info-container\">\r\n                <div class=\"td-meta-align\">\r\n                    <div class=\"td-big-grid-meta\">\r\n                                                <h3 class=\"entry-title td-module-title\"><a href=\"https:\/\/www.africa-press.net\/congo-brazzaville\/politique\/elections-a-makelekele-2-pour-denis-sassou-nguesso\" rel=\"bookmark\" title=\"\u00c9lections \u00e0 Makelekele 2 pour Denis Sassou N&rsquo;Guesso\">\u00c9lections \u00e0 Makelekele 2 pour Denis Sassou N&rsquo;Guesso<\/a><\/h3>                    <\/div>\r\n                <\/div>\r\n            <\/div>\r\n\r\n        <\/div>\r\n\r\n        <\/div><\/div><div class=\"clearfix\"><\/div><\/div><\/div> <!-- .\/block --><div class=\"td_block_wrap td_block_big_grid_2 item td_uid_6_69f12973ca2eb_rand td-grid-style-1 td-hover-1 td-big-grids td-pb-border-top td_block_template_1\"  data-td-block-uid=\"td_uid_6_69f12973ca2eb\" ><div id=td_uid_6_69f12973ca2eb class=\"td_block_inner\"><div class=\"td-big-grid-wrapper\">\r\n        <div class=\"td_module_mx9 td-animation-stack td-big-grid-post-0 td-big-grid-post td-big-thumb\">\r\n            <div class=\"td-module-thumb\"><a href=\"https:\/\/www.africa-press.net\/congo-brazzaville\/politique\/voquart-soutient-denis-sassou-nguesso-2026\" rel=\"bookmark\" class=\"td-image-wrap\" title=\"Voquart Soutient Denis Sassou N&rsquo;Guesso 2026\"><img loading=\"lazy\" decoding=\"async\" class=\"entry-thumb\" src=\"data:image\/png;base64,iVBORw0KGgoAAAANSUhEUgAAAuUAAAHmAQMAAADuiGKOAAAAA1BMVEWurq51dlI4AAAAAXRSTlMmkutdmwAAAENJREFUeNrtwYEAAAAAw6D7Ux9gCtUAAAAAAAAAAAAAAAAAAAAAAAAAAAAAAAAAAAAAAAAAAAAAAAAAAAAAAAAAAIgDsnQAAavKUH8AAAAASUVORK5CYII=\" alt=\"Voquart Soutient Denis Sassou N&#039;Guesso 2026\" title=\"Voquart Soutient Denis Sassou N&rsquo;Guesso 2026\" data-type=\"image_tag\" data-img-url=\"https:\/\/static.africa-press.net\/congo-brazzaville\/sites\/51\/2026\/02\/sm_1772046751.465487-741x470.jpg\"  width=\"741\" height=\"470\" \/><\/a><\/div>            <div class=\"td-meta-info-container\">\r\n                <div class=\"td-meta-align\">\r\n                    <div class=\"td-big-grid-meta\">\r\n                                                <h3 class=\"entry-title td-module-title\"><a href=\"https:\/\/www.africa-press.net\/congo-brazzaville\/politique\/voquart-soutient-denis-sassou-nguesso-2026\" rel=\"bookmark\" title=\"Voquart Soutient Denis Sassou N&rsquo;Guesso 2026\">Voquart Soutient Denis Sassou N&rsquo;Guesso 2026<\/a><\/h3>                    <\/div>\r\n                    <div class=\"td-module-meta-info\">\r\n                                                <span class=\"td-post-date\"><time class=\"entry-date updated td-module-date\" datetime=\"2026-02-25T18:43:21+00:00\" >2026-02-25<\/time><\/span>                    <\/div>\r\n                <\/div>\r\n            <\/div>\r\n\r\n        <\/div>\r\n\r\n        <div class=\"td-big-grid-scroll\">\r\n        <div class=\"td_module_mx10 td-animation-stack td-big-grid-post-1 td-big-grid-post td-small-thumb\">\r\n            <div class=\"td-module-thumb\"><a href=\"https:\/\/www.africa-press.net\/congo-brazzaville\/politique\/handicapes-invites-a-participer-a-la-campagne-presidentielle\" rel=\"bookmark\" class=\"td-image-wrap\" title=\"Handicap\u00e9s Invit\u00e9s \u00e0 Participer \u00e0 la Campagne Pr\u00e9sidentielle\"><img loading=\"lazy\" decoding=\"async\" class=\"entry-thumb\" src=\"data:image\/png;base64,iVBORw0KGgoAAAANSUhEUgAAAUQAAACgAQMAAABOhoelAAAAA1BMVEWurq51dlI4AAAAAXRSTlMmkutdmwAAAB1JREFUWMPtwTEBAAAAwiD7p\/ZdCGAAAAAAAAAQBxpAAAH8le3bAAAAAElFTkSuQmCC\" alt=\"Handicap\u00e9s Invit\u00e9s \u00e0 Participer \u00e0 la Campagne Pr\u00e9sidentielle\" title=\"Handicap\u00e9s Invit\u00e9s \u00e0 Participer \u00e0 la Campagne Pr\u00e9sidentielle\" data-type=\"image_tag\" data-img-url=\"https:\/\/static.africa-press.net\/congo-brazzaville\/sites\/51\/2026\/02\/sm_1772046738.854806-324x160.jpg\"  width=\"324\" height=\"160\" \/><\/a><\/div>            <div class=\"td-meta-info-container\">\r\n                <div class=\"td-meta-align\">\r\n                    <div class=\"td-big-grid-meta\">\r\n                                                <h3 class=\"entry-title td-module-title\"><a href=\"https:\/\/www.africa-press.net\/congo-brazzaville\/politique\/handicapes-invites-a-participer-a-la-campagne-presidentielle\" rel=\"bookmark\" title=\"Handicap\u00e9s Invit\u00e9s \u00e0 Participer \u00e0 la Campagne Pr\u00e9sidentielle\">Handicap\u00e9s Invit\u00e9s \u00e0 Participer \u00e0 la Campagne Pr\u00e9sidentielle<\/a><\/h3>                    <\/div>\r\n                <\/div>\r\n            <\/div>\r\n\r\n        <\/div>\r\n\r\n        \r\n        <div class=\"td_module_mx10 td-animation-stack td-big-grid-post-2 td-big-grid-post td-small-thumb\">\r\n            <div class=\"td-module-thumb\"><a href=\"https:\/\/www.africa-press.net\/congo-brazzaville\/politique\/hommage-national-au-ministre-firmin-ayessa\" rel=\"bookmark\" class=\"td-image-wrap\" title=\"Hommage National au Ministre Firmin Ayessa\"><img loading=\"lazy\" decoding=\"async\" class=\"entry-thumb\" src=\"data:image\/png;base64,iVBORw0KGgoAAAANSUhEUgAAAUQAAACgAQMAAABOhoelAAAAA1BMVEWurq51dlI4AAAAAXRSTlMmkutdmwAAAB1JREFUWMPtwTEBAAAAwiD7p\/ZdCGAAAAAAAAAQBxpAAAH8le3bAAAAAElFTkSuQmCC\" alt=\"Hommage National au Ministre Firmin Ayessa\" title=\"Hommage National au Ministre Firmin Ayessa\" data-type=\"image_tag\" data-img-url=\"https:\/\/static.africa-press.net\/congo-brazzaville\/sites\/51\/2026\/02\/sm_1771962176.709054-324x160.jpg\"  width=\"324\" height=\"160\" \/><\/a><\/div>            <div class=\"td-meta-info-container\">\r\n                <div class=\"td-meta-align\">\r\n                    <div class=\"td-big-grid-meta\">\r\n                                                <h3 class=\"entry-title td-module-title\"><a href=\"https:\/\/www.africa-press.net\/congo-brazzaville\/politique\/hommage-national-au-ministre-firmin-ayessa\" rel=\"bookmark\" title=\"Hommage National au Ministre Firmin Ayessa\">Hommage National au Ministre Firmin Ayessa<\/a><\/h3>                    <\/div>\r\n                <\/div>\r\n            <\/div>\r\n\r\n        <\/div>\r\n\r\n        \r\n        <div class=\"td_module_mx10 td-animation-stack td-big-grid-post-3 td-big-grid-post td-small-thumb\">\r\n            <div class=\"td-module-thumb\"><a href=\"https:\/\/www.africa-press.net\/congo-brazzaville\/politique\/accords-de-cooperation-entre-le-congo-et-la-namibie\" rel=\"bookmark\" class=\"td-image-wrap\" title=\"Accords de coop\u00e9ration entre le Congo et la Namibie\"><img loading=\"lazy\" decoding=\"async\" class=\"entry-thumb\" src=\"data:image\/png;base64,iVBORw0KGgoAAAANSUhEUgAAAUQAAACgAQMAAABOhoelAAAAA1BMVEWurq51dlI4AAAAAXRSTlMmkutdmwAAAB1JREFUWMPtwTEBAAAAwiD7p\/ZdCGAAAAAAAAAQBxpAAAH8le3bAAAAAElFTkSuQmCC\" alt=\"Accords de coop\u00e9ration entre le Congo et la Namibie\" title=\"Accords de coop\u00e9ration entre le Congo et la Namibie\" data-type=\"image_tag\" data-img-url=\"https:\/\/static.africa-press.net\/congo-brazzaville\/sites\/51\/2026\/02\/sm_1771962193.005407-324x160.jpg\"  width=\"324\" height=\"160\" \/><\/a><\/div>            <div class=\"td-meta-info-container\">\r\n                <div class=\"td-meta-align\">\r\n                    <div class=\"td-big-grid-meta\">\r\n                                                <h3 class=\"entry-title td-module-title\"><a href=\"https:\/\/www.africa-press.net\/congo-brazzaville\/politique\/accords-de-cooperation-entre-le-congo-et-la-namibie\" rel=\"bookmark\" title=\"Accords de coop\u00e9ration entre le Congo et la Namibie\">Accords de coop\u00e9ration entre le Congo et la Namibie<\/a><\/h3>                    <\/div>\r\n                <\/div>\r\n            <\/div>\r\n\r\n        <\/div>\r\n\r\n        <\/div><\/div><div class=\"clearfix\"><\/div><\/div><\/div> <!-- .\/block --><\/div><i class = \"td-icon-left\"><\/i><i class = \"td-icon-right\"><\/i><\/div><\/div><\/div><\/div><\/div><div id=\"td_uid_4_69f12973d35e8\" class=\"tdc-row\"><div class=\"vc_row td_uid_7_69f12973d35f0_rand  wpb_row td-pb-row\" >\n<style scoped>\n\n\/* custom css *\/\n.td_uid_7_69f12973d35f0_rand {\r\n                    min-height: 0;\r\n                }\n<\/style><div class=\"vc_column td_uid_8_69f12973d3911_rand  wpb_column vc_column_container tdc-column td-pb-span8\">\n<style scoped>\n\n\/* custom css *\/\n.td_uid_8_69f12973d3911_rand {\r\n                    vertical-align: baseline;\r\n                }\n\/* inline tdc_css att *\/\n\n.td_uid_8_69f12973d3911_rand{\nposition:relative;\n}\n\n<\/style>\n<div class=\"td_uid_5_69f12973d390a_rand_style td-element-style\" ><style>\n.td_uid_5_69f12973d390a_rand_style{\nbackground-color:#ffffff !important;\n}\n <\/style><\/div><div class=\"wpb_wrapper\"><div class=\"td_block_wrap td_block_9 td_uid_9_69f12973d3b7d_rand td-pb-border-top all-news-block td_block_template_1 td-column-2 td_block_padding td_block_bot_line\"  data-td-block-uid=\"td_uid_9_69f12973d3b7d\" >\n<style>\n.td-theme-wrap .td_uid_9_69f12973d3b7d_rand .td-pulldown-filter-link:hover,\r\n            .td-theme-wrap .td_uid_9_69f12973d3b7d_rand .td-subcat-item a:hover,\r\n            .td-theme-wrap .td_uid_9_69f12973d3b7d_rand .td-subcat-item .td-cur-simple-item {\r\n                color: #1e73be;\r\n            }\r\n\r\n            .td-theme-wrap .td_uid_9_69f12973d3b7d_rand .block-title > *,\r\n            .td-theme-wrap .td_uid_9_69f12973d3b7d_rand .td-subcat-dropdown:hover .td-subcat-more {\r\n                background-color: #1e73be;\r\n            }\r\n            .td-theme-wrap .td-footer-wrapper .td_uid_9_69f12973d3b7d_rand .block-title > * {\r\n                padding: 6px 7px 5px;\r\n                line-height: 1;\r\n            }\r\n\r\n            .td-theme-wrap .td_uid_9_69f12973d3b7d_rand .block-title {\r\n                border-color: #1e73be;\r\n            }\r\n\r\n            \r\n            .td-theme-wrap .td_uid_9_69f12973d3b7d_rand .td_module_wrap:hover .entry-title a,\r\n            .td-theme-wrap .td_uid_9_69f12973d3b7d_rand .td_quote_on_blocks,\r\n            .td-theme-wrap .td_uid_9_69f12973d3b7d_rand .td-opacity-cat .td-post-category:hover,\r\n            .td-theme-wrap .td_uid_9_69f12973d3b7d_rand .td-opacity-read .td-read-more a:hover,\r\n            .td-theme-wrap .td_uid_9_69f12973d3b7d_rand .td-opacity-author .td-post-author-name a:hover,\r\n            .td-theme-wrap .td_uid_9_69f12973d3b7d_rand .td-instagram-user a {\r\n                color: #1e73be;\r\n            }\r\n\r\n            .td-theme-wrap .td_uid_9_69f12973d3b7d_rand .td-next-prev-wrap a:hover,\r\n            .td-theme-wrap .td_uid_9_69f12973d3b7d_rand .td-load-more-wrap a:hover {\r\n                background-color: #1e73be;\r\n                border-color: #1e73be;\r\n            }\r\n\r\n            .td-theme-wrap .td_uid_9_69f12973d3b7d_rand .td-read-more a,\r\n            .td-theme-wrap .td_uid_9_69f12973d3b7d_rand .td-weather-information:before,\r\n            .td-theme-wrap .td_uid_9_69f12973d3b7d_rand .td-weather-week:before,\r\n            .td-theme-wrap .td_uid_9_69f12973d3b7d_rand .td-exchange-header:before,\r\n            .td-theme-wrap .td-footer-wrapper .td_uid_9_69f12973d3b7d_rand .td-post-category,\r\n            .td-theme-wrap .td_uid_9_69f12973d3b7d_rand .td-post-category:hover {\r\n                background-color: #1e73be;\r\n            }\n\/* inline tdc_css att *\/\n\n\/* desktop *\/ @media(min-width: 1141px) { .td_uid_9_69f12973d3b7d_rand { \ndisplay:none !important;\n} }\n\n\/* portrait *\/\n@media (min-width: 768px) and (max-width: 1018px)\n{\n.td_uid_9_69f12973d3b7d_rand{\ndisplay:none !important;\n}\n}\n\n\/* landscape *\/\n@media (min-width: 1019px) and (max-width: 1140px)\n{\n.td_uid_9_69f12973d3b7d_rand{\ndisplay:none !important;\n}\n}\n\n<\/style><script>var block_td_uid_9_69f12973d3b7d = new tdBlock();\nblock_td_uid_9_69f12973d3b7d.id = \"td_uid_9_69f12973d3b7d\";\nblock_td_uid_9_69f12973d3b7d.atts = '{\"custom_title\":\"Toutes les nouvelles\",\"category_id\":\"10\",\"limit\":\"10\",\"header_color\":\"#1e73be\",\"separator\":\"\",\"tdc_css\":\"eyJwb3J0cmFpdCI6eyJkaXNwbGF5Ijoibm9uZSJ9LCJwb3J0cmFpdF9tYXhfd2lkdGgiOjEwMTgsInBvcnRyYWl0X21pbl93aWR0aCI6NzY4LCJsYW5kc2NhcGUiOnsiZGlzcGxheSI6Im5vbmUifSwibGFuZHNjYXBlX21heF93aWR0aCI6MTE0MCwibGFuZHNjYXBlX21pbl93aWR0aCI6MTAxOSwiYWxsIjp7ImRpc3BsYXkiOiJub25lIn19\",\"el_class\":\"all-news-block\",\"custom_url\":\"\",\"block_template_id\":\"\",\"m8_tl\":\"\",\"post_ids\":\"\",\"category_ids\":\"\",\"tag_slug\":\"\",\"autors_id\":\"\",\"installed_post_types\":\"\",\"sort\":\"\",\"offset\":\"\",\"show_modified_date\":\"\",\"td_ajax_filter_type\":\"\",\"td_ajax_filter_ids\":\"\",\"td_filter_default_txt\":\"All\",\"td_ajax_preloading\":\"\",\"f_header_font_header\":\"\",\"f_header_font_title\":\"Block header\",\"f_header_font_settings\":\"\",\"f_header_font_family\":\"\",\"f_header_font_size\":\"\",\"f_header_font_line_height\":\"\",\"f_header_font_style\":\"\",\"f_header_font_weight\":\"\",\"f_header_font_transform\":\"\",\"f_header_font_spacing\":\"\",\"f_header_\":\"\",\"f_ajax_font_title\":\"Ajax categories\",\"f_ajax_font_settings\":\"\",\"f_ajax_font_family\":\"\",\"f_ajax_font_size\":\"\",\"f_ajax_font_line_height\":\"\",\"f_ajax_font_style\":\"\",\"f_ajax_font_weight\":\"\",\"f_ajax_font_transform\":\"\",\"f_ajax_font_spacing\":\"\",\"f_ajax_\":\"\",\"f_more_font_title\":\"Load more button\",\"f_more_font_settings\":\"\",\"f_more_font_family\":\"\",\"f_more_font_size\":\"\",\"f_more_font_line_height\":\"\",\"f_more_font_style\":\"\",\"f_more_font_weight\":\"\",\"f_more_font_transform\":\"\",\"f_more_font_spacing\":\"\",\"f_more_\":\"\",\"m8f_title_font_header\":\"\",\"m8f_title_font_title\":\"Article title\",\"m8f_title_font_settings\":\"\",\"m8f_title_font_family\":\"\",\"m8f_title_font_size\":\"\",\"m8f_title_font_line_height\":\"\",\"m8f_title_font_style\":\"\",\"m8f_title_font_weight\":\"\",\"m8f_title_font_transform\":\"\",\"m8f_title_font_spacing\":\"\",\"m8f_title_\":\"\",\"m8f_cat_font_title\":\"Article category tag\",\"m8f_cat_font_settings\":\"\",\"m8f_cat_font_family\":\"\",\"m8f_cat_font_size\":\"\",\"m8f_cat_font_line_height\":\"\",\"m8f_cat_font_style\":\"\",\"m8f_cat_font_weight\":\"\",\"m8f_cat_font_transform\":\"\",\"m8f_cat_font_spacing\":\"\",\"m8f_cat_\":\"\",\"m8f_meta_font_title\":\"Article meta info\",\"m8f_meta_font_settings\":\"\",\"m8f_meta_font_family\":\"\",\"m8f_meta_font_size\":\"\",\"m8f_meta_font_line_height\":\"\",\"m8f_meta_font_style\":\"\",\"m8f_meta_font_weight\":\"\",\"m8f_meta_font_transform\":\"\",\"m8f_meta_font_spacing\":\"\",\"m8f_meta_\":\"\",\"ajax_pagination\":\"\",\"ajax_pagination_infinite_stop\":\"\",\"css\":\"\",\"td_column_number\":2,\"color_preset\":\"\",\"border_top\":\"\",\"class\":\"td_uid_9_69f12973d3b7d_rand\",\"tdc_css_class\":\"td_uid_9_69f12973d3b7d_rand\",\"tdc_css_class_style\":\"td_uid_9_69f12973d3b7d_rand_style\"}';\nblock_td_uid_9_69f12973d3b7d.td_column_number = \"2\";\nblock_td_uid_9_69f12973d3b7d.block_type = \"td_block_9\";\nblock_td_uid_9_69f12973d3b7d.post_count = \"10\";\nblock_td_uid_9_69f12973d3b7d.found_posts = \"16499\";\nblock_td_uid_9_69f12973d3b7d.header_color = \"#1e73be\";\nblock_td_uid_9_69f12973d3b7d.ajax_pagination_infinite_stop = \"\";\nblock_td_uid_9_69f12973d3b7d.max_num_pages = \"1650\";\ntdBlocksArray.push(block_td_uid_9_69f12973d3b7d);\n<\/script><div class=\"td-block-title-wrap\"><h4 class=\"block-title td-block-title\"><span class=\"td-pulldown-size\">Toutes les nouvelles<\/span><\/h4><\/div><div id=td_uid_9_69f12973d3b7d class=\"td_block_inner\">\n\n\t<div class=\"td-block-row\">\n\n\t<div class=\"td-block-span6\">\n\r\n        <div class=\"td_module_8 td_module_wrap\">\r\n\r\n            <div class=\"item-details\">\r\n                <h3 class=\"entry-title td-module-title\"><a href=\"https:\/\/www.africa-press.net\/congo-brazzaville\/economie\/ecobank-annonce-augmentation-de-21-de-son-benefice\" rel=\"bookmark\" title=\"Ecobank Annonce Augmentation de 21 % de Son B\u00e9n\u00e9fice\">Ecobank Annonce Augmentation de 21 % de Son B\u00e9n\u00e9fice<\/a><\/h3>\r\n                <div class=\"td-module-meta-info\">\r\n                                                            <span class=\"td-post-date\"><time class=\"entry-date updated td-module-date\" datetime=\"2026-04-18T22:57:57+00:00\" >2026-04-18<\/time><\/span>                                    <\/div>\r\n            <\/div>\r\n\r\n            \r\n        <\/div>\r\n\r\n        \n\t<\/div> <!-- .\/td-block-span6 -->\n\n\t<div class=\"td-block-span6\">\n\r\n        <div class=\"td_module_8 td_module_wrap\">\r\n\r\n            <div class=\"item-details\">\r\n                <h3 class=\"entry-title td-module-title\"><a href=\"https:\/\/www.africa-press.net\/congo-brazzaville\/toutes-les-actualites\/ia-identifie-mutations-genetiques-de-maladies-rares-2\" rel=\"bookmark\" title=\"IA Identifie Mutations G\u00e9n\u00e9tiques de Maladies Rares\">IA Identifie Mutations G\u00e9n\u00e9tiques de Maladies Rares<\/a><\/h3>\r\n                <div class=\"td-module-meta-info\">\r\n                                                            <span class=\"td-post-date\"><time class=\"entry-date updated td-module-date\" datetime=\"2026-03-31T00:13:33+00:00\" >2026-03-31<\/time><\/span>                                    <\/div>\r\n            <\/div>\r\n\r\n            \r\n        <\/div>\r\n\r\n        \n\t<\/div> <!-- .\/td-block-span6 --><\/div><!--.\/row-fluid-->\n\n\t<div class=\"td-block-row\">\n\n\t<div class=\"td-block-span6\">\n\r\n        <div class=\"td_module_8 td_module_wrap\">\r\n\r\n            <div class=\"item-details\">\r\n                <h3 class=\"entry-title td-module-title\"><a href=\"https:\/\/www.africa-press.net\/congo-brazzaville\/toutes-les-actualites\/box-internet-fibre-la-tres-haute-vitesse-et-nos-usages\" rel=\"bookmark\" title=\"Box Internet Fibre: La Tre\u0300s Haute Vitesse et Nos Usages\">Box Internet Fibre: La Tre\u0300s Haute Vitesse et Nos Usages<\/a><\/h3>\r\n                <div class=\"td-module-meta-info\">\r\n                                                            <span class=\"td-post-date\"><time class=\"entry-date updated td-module-date\" datetime=\"2026-03-31T00:13:32+00:00\" >2026-03-31<\/time><\/span>                                    <\/div>\r\n            <\/div>\r\n\r\n            \r\n        <\/div>\r\n\r\n        \n\t<\/div> <!-- .\/td-block-span6 -->\n\n\t<div class=\"td-block-span6\">\n\r\n        <div class=\"td_module_8 td_module_wrap\">\r\n\r\n            <div class=\"item-details\">\r\n                <h3 class=\"entry-title td-module-title\"><a href=\"https:\/\/www.africa-press.net\/congo-brazzaville\/sports\/senegal-celebre-sa-victoire-a-la-can-au-stade-de-france\" rel=\"bookmark\" title=\"S\u00e9n\u00e9gal C\u00e9l\u00e8bre Sa Victoire \u00e0 la CAN au Stade de France\">S\u00e9n\u00e9gal C\u00e9l\u00e8bre Sa Victoire \u00e0 la CAN au Stade de France<\/a><\/h3>\r\n                <div class=\"td-module-meta-info\">\r\n                                                            <span class=\"td-post-date\"><time class=\"entry-date updated td-module-date\" datetime=\"2026-03-29T21:04:00+00:00\" >2026-03-29<\/time><\/span>                                    <\/div>\r\n            <\/div>\r\n\r\n            \r\n        <\/div>\r\n\r\n        \n\t<\/div> <!-- .\/td-block-span6 --><\/div><!--.\/row-fluid-->\n\n\t<div class=\"td-block-row\">\n\n\t<div class=\"td-block-span6\">\n\r\n        <div class=\"td_module_8 td_module_wrap\">\r\n\r\n            <div class=\"item-details\">\r\n                <h3 class=\"entry-title td-module-title\"><a href=\"https:\/\/www.africa-press.net\/congo-brazzaville\/sports\/vol-a-lhotel-de-lequipe-nationale-du-ghana-en-autriche\" rel=\"bookmark\" title=\"Vol \u00e0 l&rsquo;h\u00f4tel de l&rsquo;\u00e9quipe nationale du Ghana en Autriche\">Vol \u00e0 l&rsquo;h\u00f4tel de l&rsquo;\u00e9quipe nationale du Ghana en Autriche<\/a><\/h3>\r\n                <div class=\"td-module-meta-info\">\r\n                                                            <span class=\"td-post-date\"><time class=\"entry-date updated td-module-date\" datetime=\"2026-03-29T21:02:00+00:00\" >2026-03-29<\/time><\/span>                                    <\/div>\r\n            <\/div>\r\n\r\n            \r\n        <\/div>\r\n\r\n        \n\t<\/div> <!-- .\/td-block-span6 -->\n\n\t<div class=\"td-block-span6\">\n\r\n        <div class=\"td_module_8 td_module_wrap\">\r\n\r\n            <div class=\"item-details\">\r\n                <h3 class=\"entry-title td-module-title\"><a href=\"https:\/\/www.africa-press.net\/congo-brazzaville\/sports\/dakar-se-prepare-pour-les-jeux-olympiques-de-la-jeunesse\" rel=\"bookmark\" title=\"Dakar Se Pr\u00e9pare Pour Les Jeux Olympiques De La Jeunesse\">Dakar Se Pr\u00e9pare Pour Les Jeux Olympiques De La Jeunesse<\/a><\/h3>\r\n                <div class=\"td-module-meta-info\">\r\n                                                            <span class=\"td-post-date\"><time class=\"entry-date updated td-module-date\" datetime=\"2026-03-29T21:00:00+00:00\" >2026-03-29<\/time><\/span>                                    <\/div>\r\n            <\/div>\r\n\r\n            \r\n        <\/div>\r\n\r\n        \n\t<\/div> <!-- .\/td-block-span6 --><\/div><!--.\/row-fluid-->\n\n\t<div class=\"td-block-row\">\n\n\t<div class=\"td-block-span6\">\n\r\n        <div class=\"td_module_8 td_module_wrap\">\r\n\r\n            <div class=\"item-details\">\r\n                <h3 class=\"entry-title td-module-title\"><a href=\"https:\/\/www.africa-press.net\/congo-brazzaville\/sports\/football-la-can-va-passer-de-24-a-28-equipes-en-2028\" rel=\"bookmark\" title=\"Football: la CAN Va Passer de 24 A\u0300 28 E\u0301quipes en 2028\">Football: la CAN Va Passer de 24 A\u0300 28 E\u0301quipes en 2028<\/a><\/h3>\r\n                <div class=\"td-module-meta-info\">\r\n                                                            <span class=\"td-post-date\"><time class=\"entry-date updated td-module-date\" datetime=\"2026-03-29T20:56:00+00:00\" >2026-03-29<\/time><\/span>                                    <\/div>\r\n            <\/div>\r\n\r\n            \r\n        <\/div>\r\n\r\n        \n\t<\/div> <!-- .\/td-block-span6 -->\n\n\t<div class=\"td-block-span6\">\n\r\n        <div class=\"td_module_8 td_module_wrap\">\r\n\r\n            <div class=\"item-details\">\r\n                <h3 class=\"entry-title td-module-title\"><a href=\"https:\/\/www.africa-press.net\/congo-brazzaville\/sports\/barrages-intercontinentaux-espoir-de-la-rdc-en-coupe\" rel=\"bookmark\" title=\"Barrages Intercontinentaux: Espoir de la RDC en Coupe\">Barrages Intercontinentaux: Espoir de la RDC en Coupe<\/a><\/h3>\r\n                <div class=\"td-module-meta-info\">\r\n                                                            <span class=\"td-post-date\"><time class=\"entry-date updated td-module-date\" datetime=\"2026-03-29T20:44:00+00:00\" >2026-03-29<\/time><\/span>                                    <\/div>\r\n            <\/div>\r\n\r\n            \r\n        <\/div>\r\n\r\n        \n\t<\/div> <!-- .\/td-block-span6 --><\/div><!--.\/row-fluid-->\n\n\t<div class=\"td-block-row\">\n\n\t<div class=\"td-block-span6\">\n\r\n        <div class=\"td_module_8 td_module_wrap\">\r\n\r\n            <div class=\"item-details\">\r\n                <h3 class=\"entry-title td-module-title\"><a href=\"https:\/\/www.africa-press.net\/congo-brazzaville\/toutes-les-actualites\/wikipedia-a-25-ans-lavenir-face-a-lia\" rel=\"bookmark\" title=\"Wikipe\u0301dia A\u0300 25 Ans: L&rsquo;Avenir Face A\u0300 L&rsquo;IA\">Wikipe\u0301dia A\u0300 25 Ans: L&rsquo;Avenir Face A\u0300 L&rsquo;IA<\/a><\/h3>\r\n                <div class=\"td-module-meta-info\">\r\n                                                            <span class=\"td-post-date\"><time class=\"entry-date updated td-module-date\" datetime=\"2026-03-29T00:13:21+00:00\" >2026-03-29<\/time><\/span>                                    <\/div>\r\n            <\/div>\r\n\r\n            \r\n        <\/div>\r\n\r\n        \n\t<\/div> <!-- .\/td-block-span6 -->\n\n\t<div class=\"td-block-span6\">\n\r\n        <div class=\"td_module_8 td_module_wrap\">\r\n\r\n            <div class=\"item-details\">\r\n                <h3 class=\"entry-title td-module-title\"><a href=\"https:\/\/www.africa-press.net\/congo-brazzaville\/toutes-les-actualites\/le-fardier-precurseur-de-lautomobile\" rel=\"bookmark\" title=\"Le Fardier, pr\u00e9curseur de l&rsquo;automobile\">Le Fardier, pr\u00e9curseur de l&rsquo;automobile<\/a><\/h3>\r\n                <div class=\"td-module-meta-info\">\r\n                                                            <span class=\"td-post-date\"><time class=\"entry-date updated td-module-date\" datetime=\"2026-03-29T00:13:20+00:00\" >2026-03-29<\/time><\/span>                                    <\/div>\r\n            <\/div>\r\n\r\n            \r\n        <\/div>\r\n\r\n        \n\t<\/div> <!-- .\/td-block-span6 --><\/div><!--.\/row-fluid--><\/div><\/div> <!-- .\/block --><div class=\"vc_row_inner td_uid_10_69f129742b8c5_rand  vc_row vc_inner wpb_row td-pb-row\" >\n<style scoped>\n\n\/* custom css *\/\n.td_uid_10_69f129742b8c5_rand {\r\n                    position: relative !important;\r\n                    top: 0;\r\n                    transform: none;\r\n                    -webkit-transform: none;\r\n                }\n<\/style><div class=\"vc_column_inner td_uid_11_69f129742ba56_rand  wpb_column vc_column_container tdc-inner-column td-pb-span12\">\n<style scoped>\n\n\/* custom css *\/\n.td_uid_11_69f129742ba56_rand {\r\n                    vertical-align: baseline;\r\n                }\n<\/style><div class=\"vc_column-inner\"><div class=\"wpb_wrapper\"><div class=\"wpb_wrapper td_block_wrap vc_raw_html td_uid_12_69f129742bb6e_rand \"><div class=\"td-fix-index\"><div class=\"td-block-title-wrap\"><h4 class=\"block-title\"><a href=\"\/congo-brazzaville\/Politique\" class=\"td-pulldown-size\">Politique<\/a><\/h4><\/div><\/div><\/div><\/div><\/div><\/div><\/div><div id=\"main-box\" class=\"vc_row_inner td_uid_13_69f129742bbc3_rand  vc_row vc_inner wpb_row td-pb-row\" >\n<style scoped>\n\n\/* custom css *\/\n.td_uid_13_69f129742bbc3_rand {\r\n                    position: relative !important;\r\n                    top: 0;\r\n                    transform: none;\r\n                    -webkit-transform: none;\r\n                }\n<\/style><div class=\"vc_column_inner td_uid_14_69f129742bd04_rand  wpb_column vc_column_container tdc-inner-column td-pb-span6\">\n<style scoped>\n\n\/* custom css *\/\n.td_uid_14_69f129742bd04_rand {\r\n                    vertical-align: baseline;\r\n                }\n<\/style><div class=\"vc_column-inner\"><div class=\"wpb_wrapper\"><div class=\"td_block_wrap td_block_18 td_uid_15_69f129742be9d_rand td_with_ajax_pagination td-pb-border-top td_block_template_1 td-column-1\"  data-td-block-uid=\"td_uid_15_69f129742be9d\" ><script>var block_td_uid_15_69f129742be9d = new tdBlock();\nblock_td_uid_15_69f129742be9d.id = \"td_uid_15_69f129742be9d\";\nblock_td_uid_15_69f129742be9d.atts = '{\"category_id\":\"2\",\"limit\":\"3\",\"ajax_pagination\":\"next_prev\",\"separator\":\"\",\"custom_title\":\"\",\"custom_url\":\"\",\"block_template_id\":\"\",\"mx8_tl\":\"\",\"m10_tl\":\"\",\"m10_el\":\"\",\"mx2_tl\":\"\",\"post_ids\":\"\",\"category_ids\":\"\",\"tag_slug\":\"\",\"autors_id\":\"\",\"installed_post_types\":\"\",\"sort\":\"\",\"offset\":\"\",\"show_modified_date\":\"\",\"el_class\":\"\",\"td_ajax_filter_type\":\"\",\"td_ajax_filter_ids\":\"\",\"td_filter_default_txt\":\"All\",\"td_ajax_preloading\":\"\",\"f_header_font_header\":\"\",\"f_header_font_title\":\"Block header\",\"f_header_font_settings\":\"\",\"f_header_font_family\":\"\",\"f_header_font_size\":\"\",\"f_header_font_line_height\":\"\",\"f_header_font_style\":\"\",\"f_header_font_weight\":\"\",\"f_header_font_transform\":\"\",\"f_header_font_spacing\":\"\",\"f_header_\":\"\",\"f_ajax_font_title\":\"Ajax categories\",\"f_ajax_font_settings\":\"\",\"f_ajax_font_family\":\"\",\"f_ajax_font_size\":\"\",\"f_ajax_font_line_height\":\"\",\"f_ajax_font_style\":\"\",\"f_ajax_font_weight\":\"\",\"f_ajax_font_transform\":\"\",\"f_ajax_font_spacing\":\"\",\"f_ajax_\":\"\",\"f_more_font_title\":\"Load more button\",\"f_more_font_settings\":\"\",\"f_more_font_family\":\"\",\"f_more_font_size\":\"\",\"f_more_font_line_height\":\"\",\"f_more_font_style\":\"\",\"f_more_font_weight\":\"\",\"f_more_font_transform\":\"\",\"f_more_font_spacing\":\"\",\"f_more_\":\"\",\"mx8f_title_font_header\":\"\",\"mx8f_title_font_title\":\"Article title\",\"mx8f_title_font_settings\":\"\",\"mx8f_title_font_family\":\"\",\"mx8f_title_font_size\":\"\",\"mx8f_title_font_line_height\":\"\",\"mx8f_title_font_style\":\"\",\"mx8f_title_font_weight\":\"\",\"mx8f_title_font_transform\":\"\",\"mx8f_title_font_spacing\":\"\",\"mx8f_title_\":\"\",\"mx8f_cat_font_title\":\"Article category tag\",\"mx8f_cat_font_settings\":\"\",\"mx8f_cat_font_family\":\"\",\"mx8f_cat_font_size\":\"\",\"mx8f_cat_font_line_height\":\"\",\"mx8f_cat_font_style\":\"\",\"mx8f_cat_font_weight\":\"\",\"mx8f_cat_font_transform\":\"\",\"mx8f_cat_font_spacing\":\"\",\"mx8f_cat_\":\"\",\"mx8f_meta_font_title\":\"Article meta info\",\"mx8f_meta_font_settings\":\"\",\"mx8f_meta_font_family\":\"\",\"mx8f_meta_font_size\":\"\",\"mx8f_meta_font_line_height\":\"\",\"mx8f_meta_font_style\":\"\",\"mx8f_meta_font_weight\":\"\",\"mx8f_meta_font_transform\":\"\",\"mx8f_meta_font_spacing\":\"\",\"mx8f_meta_\":\"\",\"m10f_title_font_header\":\"\",\"m10f_title_font_title\":\"Article title\",\"m10f_title_font_settings\":\"\",\"m10f_title_font_family\":\"\",\"m10f_title_font_size\":\"\",\"m10f_title_font_line_height\":\"\",\"m10f_title_font_style\":\"\",\"m10f_title_font_weight\":\"\",\"m10f_title_font_transform\":\"\",\"m10f_title_font_spacing\":\"\",\"m10f_title_\":\"\",\"m10f_cat_font_title\":\"Article category tag\",\"m10f_cat_font_settings\":\"\",\"m10f_cat_font_family\":\"\",\"m10f_cat_font_size\":\"\",\"m10f_cat_font_line_height\":\"\",\"m10f_cat_font_style\":\"\",\"m10f_cat_font_weight\":\"\",\"m10f_cat_font_transform\":\"\",\"m10f_cat_font_spacing\":\"\",\"m10f_cat_\":\"\",\"m10f_meta_font_title\":\"Article meta info\",\"m10f_meta_font_settings\":\"\",\"m10f_meta_font_family\":\"\",\"m10f_meta_font_size\":\"\",\"m10f_meta_font_line_height\":\"\",\"m10f_meta_font_style\":\"\",\"m10f_meta_font_weight\":\"\",\"m10f_meta_font_transform\":\"\",\"m10f_meta_font_spacing\":\"\",\"m10f_meta_\":\"\",\"m10f_ex_font_title\":\"Article excerpt\",\"m10f_ex_font_settings\":\"\",\"m10f_ex_font_family\":\"\",\"m10f_ex_font_size\":\"\",\"m10f_ex_font_line_height\":\"\",\"m10f_ex_font_style\":\"\",\"m10f_ex_font_weight\":\"\",\"m10f_ex_font_transform\":\"\",\"m10f_ex_font_spacing\":\"\",\"m10f_ex_\":\"\",\"mx2f_title_font_header\":\"\",\"mx2f_title_font_title\":\"Article title\",\"mx2f_title_font_settings\":\"\",\"mx2f_title_font_family\":\"\",\"mx2f_title_font_size\":\"\",\"mx2f_title_font_line_height\":\"\",\"mx2f_title_font_style\":\"\",\"mx2f_title_font_weight\":\"\",\"mx2f_title_font_transform\":\"\",\"mx2f_title_font_spacing\":\"\",\"mx2f_title_\":\"\",\"mx2f_cat_font_title\":\"Article category tag\",\"mx2f_cat_font_settings\":\"\",\"mx2f_cat_font_family\":\"\",\"mx2f_cat_font_size\":\"\",\"mx2f_cat_font_line_height\":\"\",\"mx2f_cat_font_style\":\"\",\"mx2f_cat_font_weight\":\"\",\"mx2f_cat_font_transform\":\"\",\"mx2f_cat_font_spacing\":\"\",\"mx2f_cat_\":\"\",\"mx2f_meta_font_title\":\"Article meta info\",\"mx2f_meta_font_settings\":\"\",\"mx2f_meta_font_family\":\"\",\"mx2f_meta_font_size\":\"\",\"mx2f_meta_font_line_height\":\"\",\"mx2f_meta_font_style\":\"\",\"mx2f_meta_font_weight\":\"\",\"mx2f_meta_font_transform\":\"\",\"mx2f_meta_font_spacing\":\"\",\"mx2f_meta_\":\"\",\"ajax_pagination_infinite_stop\":\"\",\"css\":\"\",\"tdc_css\":\"\",\"td_column_number\":1,\"header_color\":\"\",\"color_preset\":\"\",\"border_top\":\"\",\"class\":\"td_uid_15_69f129742be9d_rand\",\"tdc_css_class\":\"td_uid_15_69f129742be9d_rand\",\"tdc_css_class_style\":\"td_uid_15_69f129742be9d_rand_style\"}';\nblock_td_uid_15_69f129742be9d.td_column_number = \"1\";\nblock_td_uid_15_69f129742be9d.block_type = \"td_block_18\";\nblock_td_uid_15_69f129742be9d.post_count = \"3\";\nblock_td_uid_15_69f129742be9d.found_posts = \"2158\";\nblock_td_uid_15_69f129742be9d.header_color = \"\";\nblock_td_uid_15_69f129742be9d.ajax_pagination_infinite_stop = \"\";\nblock_td_uid_15_69f129742be9d.max_num_pages = \"720\";\ntdBlocksArray.push(block_td_uid_15_69f129742be9d);\n<\/script><div class=\"td-block-title-wrap\"><\/div><div id=td_uid_15_69f129742be9d class=\"td_block_inner td-column-1\">\r\n        <div class=\"td_module_mx8 td_module_wrap td-animation-stack\">\r\n            <div class=\"meta-info-container\">\r\n                <div class=\"td-module-thumb\"><a href=\"https:\/\/www.africa-press.net\/congo-brazzaville\/politique\/onu-declare-la-traite-des-esclaves-crime-contre-lhumanite\" rel=\"bookmark\" class=\"td-image-wrap\" title=\"ONU D\u00e9clare La Traite Des Esclaves Crime Contre L&rsquo;Humanit\u00e9\"><img loading=\"lazy\" decoding=\"async\" class=\"entry-thumb\" src=\"data:image\/png;base64,iVBORw0KGgoAAAANSUhEUgAAArgAAAGBAQMAAAC3k1CUAAAAA1BMVEWurq51dlI4AAAAAXRSTlMmkutdmwAAADdJREFUeNrtwTEBAAAAwiD7p7bETmAAAAAAAAAAAAAAAAAAAAAAAAAAAAAAAAAAAAAAAAAAAEDuhFgAARFpDB8AAAAASUVORK5CYII=\" alt=\"ONU D\u00e9clare La Traite Des Esclaves Crime Contre L&#039;Humanit\u00e9\" title=\"ONU D\u00e9clare La Traite Des Esclaves Crime Contre L&rsquo;Humanit\u00e9\" data-type=\"image_tag\" data-img-url=\"https:\/\/static.africa-press.net\/congo-brazzaville\/sites\/51\/2026\/04\/sm_1776590668.874177-696x385.jpg\"  width=\"696\" height=\"385\" \/><\/a><\/div>\r\n                <div class=\"td-module-meta-info\">\r\n                    <h3 class=\"entry-title td-module-title\"><a href=\"https:\/\/www.africa-press.net\/congo-brazzaville\/politique\/onu-declare-la-traite-des-esclaves-crime-contre-lhumanite\" rel=\"bookmark\" title=\"ONU D\u00e9clare La Traite Des Esclaves Crime Contre L&rsquo;Humanit\u00e9\">ONU D\u00e9clare La Traite Des Esclaves Crime Contre L&rsquo;Humanit\u00e9<\/a><\/h3>                                        <span class=\"td-author-date\">\r\n                                                <span class=\"td-post-date\"><time class=\"entry-date updated td-module-date\" datetime=\"2026-03-26T17:50:00+00:00\" >2026-03-26<\/time><\/span>                                            <\/span>\r\n                <\/div>\r\n            <\/div>\r\n\r\n        <\/div>\r\n\r\n        \r\n        <div class=\"td_module_mx2 td_module_wrap td-animation-stack\">\r\n\r\n            <div class=\"td-module-thumb\"><a href=\"https:\/\/www.africa-press.net\/congo-brazzaville\/politique\/sassou-nguesso-gagne-election-presidentielle-a-9482\" rel=\"bookmark\" class=\"td-image-wrap\" title=\"Sassou N&rsquo;Guesso Gagne \u00c9lection Pr\u00e9sidentielle \u00e0 94,82%\"><img loading=\"lazy\" decoding=\"async\" class=\"entry-thumb\" src=\"data:image\/png;base64,iVBORw0KGgoAAAANSUhEUgAAAFAAAAA8AQMAAADL6a\/PAAAAA1BMVEWurq51dlI4AAAAAXRSTlMmkutdmwAAAA5JREFUKM9jGAWjYJABAAKUAAHoEAeuAAAAAElFTkSuQmCC\" alt=\"Sassou N&#039;Guesso Gagne \u00c9lection Pr\u00e9sidentielle \u00e0 94,82%\" title=\"Sassou N&rsquo;Guesso Gagne \u00c9lection Pr\u00e9sidentielle \u00e0 94,82%\" data-type=\"image_tag\" data-img-url=\"https:\/\/static.africa-press.net\/congo-brazzaville\/sites\/51\/2026\/03\/sm_1773877112.352075-80x60.jpg\"  width=\"80\" height=\"60\" \/><\/a><\/div>\r\n            <div class=\"item-details\">\r\n                <h3 class=\"entry-title td-module-title\"><a href=\"https:\/\/www.africa-press.net\/congo-brazzaville\/politique\/sassou-nguesso-gagne-election-presidentielle-a-9482\" rel=\"bookmark\" title=\"Sassou N&rsquo;Guesso Gagne \u00c9lection Pr\u00e9sidentielle \u00e0 94,82%\">Sassou N&rsquo;Guesso Gagne \u00c9lection Pr\u00e9sidentielle \u00e0 94,82%<\/a><\/h3>                <div class=\"td-module-meta-info\">\r\n                                                            <span class=\"td-post-date\"><time class=\"entry-date updated td-module-date\" datetime=\"2026-03-18T22:48:16+00:00\" >2026-03-18<\/time><\/span>                                    <\/div>\r\n            <\/div>\r\n\r\n        <\/div>\r\n\r\n        \r\n        <div class=\"td_module_mx2 td_module_wrap td-animation-stack\">\r\n\r\n            <div class=\"td-module-thumb\"><a href=\"https:\/\/www.africa-press.net\/congo-brazzaville\/politique\/affluence-et-determination-des-electeurs-a-mfilou\" rel=\"bookmark\" class=\"td-image-wrap\" title=\"Affluence et D\u00e9termination des \u00c9lecteurs \u00e0 Mfilou\"><img loading=\"lazy\" decoding=\"async\" class=\"entry-thumb\" src=\"data:image\/png;base64,iVBORw0KGgoAAAANSUhEUgAAAFAAAAA8AQMAAADL6a\/PAAAAA1BMVEWurq51dlI4AAAAAXRSTlMmkutdmwAAAA5JREFUKM9jGAWjYJABAAKUAAHoEAeuAAAAAElFTkSuQmCC\" alt=\"Affluence et D\u00e9termination des \u00c9lecteurs \u00e0 Mfilou\" title=\"Affluence et D\u00e9termination des \u00c9lecteurs \u00e0 Mfilou\" data-type=\"image_tag\" data-img-url=\"https:\/\/static.africa-press.net\/congo-brazzaville\/sites\/51\/2026\/03\/sm_1773877212.978764-80x60.jpg\"  width=\"80\" height=\"60\" \/><\/a><\/div>\r\n            <div class=\"item-details\">\r\n                <h3 class=\"entry-title td-module-title\"><a href=\"https:\/\/www.africa-press.net\/congo-brazzaville\/politique\/affluence-et-determination-des-electeurs-a-mfilou\" rel=\"bookmark\" title=\"Affluence et D\u00e9termination des \u00c9lecteurs \u00e0 Mfilou\">Affluence et D\u00e9termination des \u00c9lecteurs \u00e0 Mfilou<\/a><\/h3>                <div class=\"td-module-meta-info\">\r\n                                                            <span class=\"td-post-date\"><time class=\"entry-date updated td-module-date\" datetime=\"2026-03-18T22:41:37+00:00\" >2026-03-18<\/time><\/span>                                    <\/div>\r\n            <\/div>\r\n\r\n        <\/div>\r\n\r\n        <\/div><div class=\"td-next-prev-wrap\"><a href=\"#\" class=\"td-ajax-prev-page ajax-page-disabled\" id=\"prev-page-td_uid_15_69f129742be9d\" data-td_block_id=\"td_uid_15_69f129742be9d\"><i class=\"td-icon-font td-icon-menu-left\"><\/i><\/a><a href=\"#\"  class=\"td-ajax-next-page\" id=\"next-page-td_uid_15_69f129742be9d\" data-td_block_id=\"td_uid_15_69f129742be9d\"><i class=\"td-icon-font td-icon-menu-right\"><\/i><\/a><\/div><\/div> <!-- .\/block --><\/div><\/div><\/div><div class=\"vc_column_inner td_uid_16_69f1297440f2a_rand  wpb_column vc_column_container tdc-inner-column td-pb-span6\">\n<style scoped>\n\n\/* custom css *\/\n.td_uid_16_69f1297440f2a_rand {\r\n                    vertical-align: baseline;\r\n                }\n<\/style><div class=\"vc_column-inner\"><div class=\"wpb_wrapper\"><div class=\"td_block_wrap td_block_7 td_uid_17_69f1297441104_rand td-pb-border-top td_block_template_1 td-column-1 td_block_padding\"  data-td-block-uid=\"td_uid_17_69f1297441104\" >\n<style>\n\n\/* inline tdc_css att *\/\n\n\/* phone *\/\n@media (max-width: 767px)\n{\n.td_uid_17_69f1297441104_rand{\ndisplay:none !important;\n}\n}\n\n<\/style><script>var block_td_uid_17_69f1297441104 = new tdBlock();\nblock_td_uid_17_69f1297441104.id = \"td_uid_17_69f1297441104\";\nblock_td_uid_17_69f1297441104.atts = '{\"category_id\":\"2\",\"limit\":\"4\",\"offset\":\"3\",\"tdc_css\":\"eyJwaG9uZSI6eyJkaXNwbGF5Ijoibm9uZSJ9LCJwaG9uZV9tYXhfd2lkdGgiOjc2N30=\",\"separator\":\"\",\"custom_title\":\"\",\"custom_url\":\"\",\"block_template_id\":\"\",\"m6_tl\":\"\",\"post_ids\":\"\",\"category_ids\":\"\",\"tag_slug\":\"\",\"autors_id\":\"\",\"installed_post_types\":\"\",\"sort\":\"\",\"show_modified_date\":\"\",\"el_class\":\"\",\"td_ajax_filter_type\":\"\",\"td_ajax_filter_ids\":\"\",\"td_filter_default_txt\":\"All\",\"td_ajax_preloading\":\"\",\"f_header_font_header\":\"\",\"f_header_font_title\":\"Block header\",\"f_header_font_settings\":\"\",\"f_header_font_family\":\"\",\"f_header_font_size\":\"\",\"f_header_font_line_height\":\"\",\"f_header_font_style\":\"\",\"f_header_font_weight\":\"\",\"f_header_font_transform\":\"\",\"f_header_font_spacing\":\"\",\"f_header_\":\"\",\"f_ajax_font_title\":\"Ajax categories\",\"f_ajax_font_settings\":\"\",\"f_ajax_font_family\":\"\",\"f_ajax_font_size\":\"\",\"f_ajax_font_line_height\":\"\",\"f_ajax_font_style\":\"\",\"f_ajax_font_weight\":\"\",\"f_ajax_font_transform\":\"\",\"f_ajax_font_spacing\":\"\",\"f_ajax_\":\"\",\"f_more_font_title\":\"Load more button\",\"f_more_font_settings\":\"\",\"f_more_font_family\":\"\",\"f_more_font_size\":\"\",\"f_more_font_line_height\":\"\",\"f_more_font_style\":\"\",\"f_more_font_weight\":\"\",\"f_more_font_transform\":\"\",\"f_more_font_spacing\":\"\",\"f_more_\":\"\",\"m6f_title_font_header\":\"\",\"m6f_title_font_title\":\"Article title\",\"m6f_title_font_settings\":\"\",\"m6f_title_font_family\":\"\",\"m6f_title_font_size\":\"\",\"m6f_title_font_line_height\":\"\",\"m6f_title_font_style\":\"\",\"m6f_title_font_weight\":\"\",\"m6f_title_font_transform\":\"\",\"m6f_title_font_spacing\":\"\",\"m6f_title_\":\"\",\"m6f_cat_font_title\":\"Article category tag\",\"m6f_cat_font_settings\":\"\",\"m6f_cat_font_family\":\"\",\"m6f_cat_font_size\":\"\",\"m6f_cat_font_line_height\":\"\",\"m6f_cat_font_style\":\"\",\"m6f_cat_font_weight\":\"\",\"m6f_cat_font_transform\":\"\",\"m6f_cat_font_spacing\":\"\",\"m6f_cat_\":\"\",\"m6f_meta_font_title\":\"Article meta info\",\"m6f_meta_font_settings\":\"\",\"m6f_meta_font_family\":\"\",\"m6f_meta_font_size\":\"\",\"m6f_meta_font_line_height\":\"\",\"m6f_meta_font_style\":\"\",\"m6f_meta_font_weight\":\"\",\"m6f_meta_font_transform\":\"\",\"m6f_meta_font_spacing\":\"\",\"m6f_meta_\":\"\",\"ajax_pagination\":\"\",\"ajax_pagination_infinite_stop\":\"\",\"css\":\"\",\"td_column_number\":1,\"header_color\":\"\",\"color_preset\":\"\",\"border_top\":\"\",\"class\":\"td_uid_17_69f1297441104_rand\",\"tdc_css_class\":\"td_uid_17_69f1297441104_rand\",\"tdc_css_class_style\":\"td_uid_17_69f1297441104_rand_style\"}';\nblock_td_uid_17_69f1297441104.td_column_number = \"1\";\nblock_td_uid_17_69f1297441104.block_type = \"td_block_7\";\nblock_td_uid_17_69f1297441104.post_count = \"4\";\nblock_td_uid_17_69f1297441104.found_posts = \"2158\";\nblock_td_uid_17_69f1297441104.header_color = \"\";\nblock_td_uid_17_69f1297441104.ajax_pagination_infinite_stop = \"\";\nblock_td_uid_17_69f1297441104.max_num_pages = \"539\";\ntdBlocksArray.push(block_td_uid_17_69f1297441104);\n<\/script><div class=\"td-block-title-wrap\"><\/div><div id=td_uid_17_69f1297441104 class=\"td_block_inner\">\n\n\t<div class=\"td-block-span12\">\n\r\n        <div class=\"td_module_6 td_module_wrap td-animation-stack\">\r\n\r\n        <div class=\"td-module-thumb\"><a href=\"https:\/\/www.africa-press.net\/congo-brazzaville\/politique\/joseph-kignoumbi-kia-mboungou-serein-apres-son-vote\" rel=\"bookmark\" class=\"td-image-wrap\" title=\"Joseph Kignoumbi Kia Mboungou Serein Apr\u00e8s Son Vote\"><img loading=\"lazy\" decoding=\"async\" class=\"entry-thumb\" src=\"data:image\/png;base64,iVBORw0KGgoAAAANSUhEUgAAAGQAAABGAQMAAAAASKMqAAAAA1BMVEWurq51dlI4AAAAAXRSTlMmkutdmwAAABBJREFUKM9jGAWjYBQMKwAAA9QAAQWBn6cAAAAASUVORK5CYII=\" alt=\"Joseph Kignoumbi Kia Mboungou Serein Apr\u00e8s Son Vote\" title=\"Joseph Kignoumbi Kia Mboungou Serein Apr\u00e8s Son Vote\" data-type=\"image_tag\" data-img-url=\"https:\/\/static.africa-press.net\/congo-brazzaville\/sites\/51\/2026\/03\/sm_1773877172.510289-100x70.jpg\"  width=\"100\" height=\"70\" \/><\/a><\/div>\r\n        <div class=\"item-details\">\r\n            <h3 class=\"entry-title td-module-title\"><a href=\"https:\/\/www.africa-press.net\/congo-brazzaville\/politique\/joseph-kignoumbi-kia-mboungou-serein-apres-son-vote\" rel=\"bookmark\" title=\"Joseph Kignoumbi Kia Mboungou Serein Apr\u00e8s Son Vote\">Joseph Kignoumbi Kia Mboungou Serein Apr\u00e8s Son Vote<\/a><\/h3>            <div class=\"td-module-meta-info\">\r\n                                                <span class=\"td-post-date\"><time class=\"entry-date updated td-module-date\" datetime=\"2026-03-18T22:40:30+00:00\" >2026-03-18<\/time><\/span>                            <\/div>\r\n        <\/div>\r\n\r\n        <\/div>\r\n\r\n        \n\t<\/div> <!-- .\/td-block-span12 -->\n\n\t<div class=\"td-block-span12\">\n\r\n        <div class=\"td_module_6 td_module_wrap td-animation-stack\">\r\n\r\n        <div class=\"td-module-thumb\"><a href=\"https:\/\/www.africa-press.net\/congo-brazzaville\/politique\/electeurs-de-boya-a-makoua-mobilises-pour-le-vote\" rel=\"bookmark\" class=\"td-image-wrap\" title=\"\u00c9lecteurs de Boya \u00e0 Makoua Mobilis\u00e9s pour le Vote\"><img loading=\"lazy\" decoding=\"async\" class=\"entry-thumb\" src=\"data:image\/png;base64,iVBORw0KGgoAAAANSUhEUgAAAGQAAABGAQMAAAAASKMqAAAAA1BMVEWurq51dlI4AAAAAXRSTlMmkutdmwAAABBJREFUKM9jGAWjYBQMKwAAA9QAAQWBn6cAAAAASUVORK5CYII=\" alt=\"\u00c9lecteurs de Boya \u00e0 Makoua Mobilis\u00e9s pour le Vote\" title=\"\u00c9lecteurs de Boya \u00e0 Makoua Mobilis\u00e9s pour le Vote\" data-type=\"image_tag\" data-img-url=\"https:\/\/static.africa-press.net\/congo-brazzaville\/sites\/51\/2026\/03\/sm_1773877135.759907-100x70.jpg\"  width=\"100\" height=\"70\" \/><\/a><\/div>\r\n        <div class=\"item-details\">\r\n            <h3 class=\"entry-title td-module-title\"><a href=\"https:\/\/www.africa-press.net\/congo-brazzaville\/politique\/electeurs-de-boya-a-makoua-mobilises-pour-le-vote\" rel=\"bookmark\" title=\"\u00c9lecteurs de Boya \u00e0 Makoua Mobilis\u00e9s pour le Vote\">\u00c9lecteurs de Boya \u00e0 Makoua Mobilis\u00e9s pour le Vote<\/a><\/h3>            <div class=\"td-module-meta-info\">\r\n                                                <span class=\"td-post-date\"><time class=\"entry-date updated td-module-date\" datetime=\"2026-03-18T22:39:41+00:00\" >2026-03-18<\/time><\/span>                            <\/div>\r\n        <\/div>\r\n\r\n        <\/div>\r\n\r\n        \n\t<\/div> <!-- .\/td-block-span12 -->\n\n\t<div class=\"td-block-span12\">\n\r\n        <div class=\"td_module_6 td_module_wrap td-animation-stack\">\r\n\r\n        <div class=\"td-module-thumb\"><a href=\"https:\/\/www.africa-press.net\/congo-brazzaville\/politique\/sassou-nguesso-confiant-pour-le-scrutin-presidentiel\" rel=\"bookmark\" class=\"td-image-wrap\" title=\"Sassou-N&rsquo;Guesso Confiant Pour Le Scrutin Pr\u00e9sidentiel\"><img loading=\"lazy\" decoding=\"async\" class=\"entry-thumb\" src=\"data:image\/png;base64,iVBORw0KGgoAAAANSUhEUgAAAGQAAABGAQMAAAAASKMqAAAAA1BMVEWurq51dlI4AAAAAXRSTlMmkutdmwAAABBJREFUKM9jGAWjYBQMKwAAA9QAAQWBn6cAAAAASUVORK5CYII=\" alt=\"Sassou-N&#039;Guesso Confiant Pour Le Scrutin Pr\u00e9sidentiel\" title=\"Sassou-N&rsquo;Guesso Confiant Pour Le Scrutin Pr\u00e9sidentiel\" data-type=\"image_tag\" data-img-url=\"https:\/\/static.africa-press.net\/congo-brazzaville\/sites\/51\/2026\/03\/sm_1773877192.347566-100x70.jpg\"  width=\"100\" height=\"70\" \/><\/a><\/div>\r\n        <div class=\"item-details\">\r\n            <h3 class=\"entry-title td-module-title\"><a href=\"https:\/\/www.africa-press.net\/congo-brazzaville\/politique\/sassou-nguesso-confiant-pour-le-scrutin-presidentiel\" rel=\"bookmark\" title=\"Sassou-N&rsquo;Guesso Confiant Pour Le Scrutin Pr\u00e9sidentiel\">Sassou-N&rsquo;Guesso Confiant Pour Le Scrutin Pr\u00e9sidentiel<\/a><\/h3>            <div class=\"td-module-meta-info\">\r\n                                                <span class=\"td-post-date\"><time class=\"entry-date updated td-module-date\" datetime=\"2026-03-17T22:41:23+00:00\" >2026-03-17<\/time><\/span>                            <\/div>\r\n        <\/div>\r\n\r\n        <\/div>\r\n\r\n        \n\t<\/div> <!-- .\/td-block-span12 -->\n\n\t<div class=\"td-block-span12\">\n\r\n        <div class=\"td_module_6 td_module_wrap td-animation-stack\">\r\n\r\n        <div class=\"td-module-thumb\"><a href=\"https:\/\/www.africa-press.net\/congo-brazzaville\/politique\/fermeture-dormuz-lafrique-peut%e2%80%90elle-combler-le-manque\" rel=\"bookmark\" class=\"td-image-wrap\" title=\"Fermeture D\u2019Ormuz: L\u2019Afrique Peut\u2010Elle Combler le Manque?\"><img loading=\"lazy\" decoding=\"async\" class=\"entry-thumb\" src=\"data:image\/png;base64,iVBORw0KGgoAAAANSUhEUgAAAGQAAABGAQMAAAAASKMqAAAAA1BMVEWurq51dlI4AAAAAXRSTlMmkutdmwAAABBJREFUKM9jGAWjYBQMKwAAA9QAAQWBn6cAAAAASUVORK5CYII=\" alt=\"Fermeture D\u2019Ormuz: L\u2019Afrique Peut\u2010Elle Combler le Manque?\" title=\"Fermeture D\u2019Ormuz: L\u2019Afrique Peut\u2010Elle Combler le Manque?\" data-type=\"image_tag\" data-img-url=\"https:\/\/static.africa-press.net\/congo-brazzaville\/sites\/51\/2026\/04\/sm_1776630269.000868-100x70.jpg\"  width=\"100\" height=\"70\" \/><\/a><\/div>\r\n        <div class=\"item-details\">\r\n            <h3 class=\"entry-title td-module-title\"><a href=\"https:\/\/www.africa-press.net\/congo-brazzaville\/politique\/fermeture-dormuz-lafrique-peut%e2%80%90elle-combler-le-manque\" rel=\"bookmark\" title=\"Fermeture D\u2019Ormuz: L\u2019Afrique Peut\u2010Elle Combler le Manque?\">Fermeture D\u2019Ormuz: L\u2019Afrique Peut\u2010Elle Combler le Manque?<\/a><\/h3>            <div class=\"td-module-meta-info\">\r\n                                                <span class=\"td-post-date\"><time class=\"entry-date updated td-module-date\" datetime=\"2026-03-17T16:40:00+00:00\" >2026-03-17<\/time><\/span>                            <\/div>\r\n        <\/div>\r\n\r\n        <\/div>\r\n\r\n        \n\t<\/div> <!-- .\/td-block-span12 --><\/div><\/div> <!-- .\/block --><\/div><\/div><\/div><\/div><div class=\"tdm_block td_block_wrap tdm_block_button td_uid_18_69f1297459fb5_rand tdm-block-button-inline tdm-content-horiz-right td-pb-border-top main-box-btn-green-en td_block_template_1\"  data-td-block-uid=\"td_uid_18_69f1297459fb5\"     >\n<style>\n.td_uid_19_69f1297468cec i:first-child {\r\n\t\t\t\t\tmargin-right: 14px;\r\n\t\t\t\t}\n<\/style><div class=\"tds-button td-fix-index\"><a \r\n                href=\"\/congo-brazzaville\/Politique\" \r\n                class=\"tds-button1 tdm-btn tdm-btn-sm td_uid_19_69f1297468cec\"  target=\"_blank\" ><i class=\"tdc-font-fa tdc-font-fa-arrow-right\"><\/i><span class=\"tdm-btn-text\">Plus de Nouvelles<\/span><\/a><\/div><\/div><div class=\"wpb_wrapper td_block_wrap vc_raw_html td_uid_20_69f12974691b3_rand \"><div class=\"td-fix-index\"><div class=\"td-block-title-wrap\"><h4 class=\"block-title\"><a href=\"\/congo-brazzaville\/economie\" class=\"td-pulldown-size\">\u00c9conomie<\/a><\/h4><\/div><\/div><\/div><div id=\"main-box\" class=\"vc_row_inner td_uid_21_69f12974691f3_rand  vc_row vc_inner wpb_row td-pb-row\" >\n<style scoped>\n\n\/* custom css *\/\n.td_uid_21_69f12974691f3_rand {\r\n                    position: relative !important;\r\n                    top: 0;\r\n                    transform: none;\r\n                    -webkit-transform: none;\r\n                }\n<\/style><div class=\"vc_column_inner td_uid_22_69f12974692eb_rand  wpb_column vc_column_container tdc-inner-column td-pb-span6\">\n<style scoped>\n\n\/* custom css *\/\n.td_uid_22_69f12974692eb_rand {\r\n                    vertical-align: baseline;\r\n                }\n<\/style><div class=\"vc_column-inner\"><div class=\"wpb_wrapper\"><div class=\"td_block_wrap td_block_18 td_uid_23_69f12974693d8_rand td_with_ajax_pagination td-pb-border-top td_block_template_1 td-column-1\"  data-td-block-uid=\"td_uid_23_69f12974693d8\" ><script>var block_td_uid_23_69f12974693d8 = new tdBlock();\nblock_td_uid_23_69f12974693d8.id = \"td_uid_23_69f12974693d8\";\nblock_td_uid_23_69f12974693d8.atts = '{\"category_id\":\"3\",\"limit\":\"3\",\"ajax_pagination\":\"next_prev\",\"separator\":\"\",\"custom_title\":\"\",\"custom_url\":\"\",\"block_template_id\":\"\",\"mx8_tl\":\"\",\"m10_tl\":\"\",\"m10_el\":\"\",\"mx2_tl\":\"\",\"post_ids\":\"\",\"category_ids\":\"\",\"tag_slug\":\"\",\"autors_id\":\"\",\"installed_post_types\":\"\",\"sort\":\"\",\"offset\":\"\",\"show_modified_date\":\"\",\"el_class\":\"\",\"td_ajax_filter_type\":\"\",\"td_ajax_filter_ids\":\"\",\"td_filter_default_txt\":\"All\",\"td_ajax_preloading\":\"\",\"f_header_font_header\":\"\",\"f_header_font_title\":\"Block header\",\"f_header_font_settings\":\"\",\"f_header_font_family\":\"\",\"f_header_font_size\":\"\",\"f_header_font_line_height\":\"\",\"f_header_font_style\":\"\",\"f_header_font_weight\":\"\",\"f_header_font_transform\":\"\",\"f_header_font_spacing\":\"\",\"f_header_\":\"\",\"f_ajax_font_title\":\"Ajax categories\",\"f_ajax_font_settings\":\"\",\"f_ajax_font_family\":\"\",\"f_ajax_font_size\":\"\",\"f_ajax_font_line_height\":\"\",\"f_ajax_font_style\":\"\",\"f_ajax_font_weight\":\"\",\"f_ajax_font_transform\":\"\",\"f_ajax_font_spacing\":\"\",\"f_ajax_\":\"\",\"f_more_font_title\":\"Load more button\",\"f_more_font_settings\":\"\",\"f_more_font_family\":\"\",\"f_more_font_size\":\"\",\"f_more_font_line_height\":\"\",\"f_more_font_style\":\"\",\"f_more_font_weight\":\"\",\"f_more_font_transform\":\"\",\"f_more_font_spacing\":\"\",\"f_more_\":\"\",\"mx8f_title_font_header\":\"\",\"mx8f_title_font_title\":\"Article title\",\"mx8f_title_font_settings\":\"\",\"mx8f_title_font_family\":\"\",\"mx8f_title_font_size\":\"\",\"mx8f_title_font_line_height\":\"\",\"mx8f_title_font_style\":\"\",\"mx8f_title_font_weight\":\"\",\"mx8f_title_font_transform\":\"\",\"mx8f_title_font_spacing\":\"\",\"mx8f_title_\":\"\",\"mx8f_cat_font_title\":\"Article category tag\",\"mx8f_cat_font_settings\":\"\",\"mx8f_cat_font_family\":\"\",\"mx8f_cat_font_size\":\"\",\"mx8f_cat_font_line_height\":\"\",\"mx8f_cat_font_style\":\"\",\"mx8f_cat_font_weight\":\"\",\"mx8f_cat_font_transform\":\"\",\"mx8f_cat_font_spacing\":\"\",\"mx8f_cat_\":\"\",\"mx8f_meta_font_title\":\"Article meta info\",\"mx8f_meta_font_settings\":\"\",\"mx8f_meta_font_family\":\"\",\"mx8f_meta_font_size\":\"\",\"mx8f_meta_font_line_height\":\"\",\"mx8f_meta_font_style\":\"\",\"mx8f_meta_font_weight\":\"\",\"mx8f_meta_font_transform\":\"\",\"mx8f_meta_font_spacing\":\"\",\"mx8f_meta_\":\"\",\"m10f_title_font_header\":\"\",\"m10f_title_font_title\":\"Article title\",\"m10f_title_font_settings\":\"\",\"m10f_title_font_family\":\"\",\"m10f_title_font_size\":\"\",\"m10f_title_font_line_height\":\"\",\"m10f_title_font_style\":\"\",\"m10f_title_font_weight\":\"\",\"m10f_title_font_transform\":\"\",\"m10f_title_font_spacing\":\"\",\"m10f_title_\":\"\",\"m10f_cat_font_title\":\"Article category tag\",\"m10f_cat_font_settings\":\"\",\"m10f_cat_font_family\":\"\",\"m10f_cat_font_size\":\"\",\"m10f_cat_font_line_height\":\"\",\"m10f_cat_font_style\":\"\",\"m10f_cat_font_weight\":\"\",\"m10f_cat_font_transform\":\"\",\"m10f_cat_font_spacing\":\"\",\"m10f_cat_\":\"\",\"m10f_meta_font_title\":\"Article meta info\",\"m10f_meta_font_settings\":\"\",\"m10f_meta_font_family\":\"\",\"m10f_meta_font_size\":\"\",\"m10f_meta_font_line_height\":\"\",\"m10f_meta_font_style\":\"\",\"m10f_meta_font_weight\":\"\",\"m10f_meta_font_transform\":\"\",\"m10f_meta_font_spacing\":\"\",\"m10f_meta_\":\"\",\"m10f_ex_font_title\":\"Article excerpt\",\"m10f_ex_font_settings\":\"\",\"m10f_ex_font_family\":\"\",\"m10f_ex_font_size\":\"\",\"m10f_ex_font_line_height\":\"\",\"m10f_ex_font_style\":\"\",\"m10f_ex_font_weight\":\"\",\"m10f_ex_font_transform\":\"\",\"m10f_ex_font_spacing\":\"\",\"m10f_ex_\":\"\",\"mx2f_title_font_header\":\"\",\"mx2f_title_font_title\":\"Article title\",\"mx2f_title_font_settings\":\"\",\"mx2f_title_font_family\":\"\",\"mx2f_title_font_size\":\"\",\"mx2f_title_font_line_height\":\"\",\"mx2f_title_font_style\":\"\",\"mx2f_title_font_weight\":\"\",\"mx2f_title_font_transform\":\"\",\"mx2f_title_font_spacing\":\"\",\"mx2f_title_\":\"\",\"mx2f_cat_font_title\":\"Article category tag\",\"mx2f_cat_font_settings\":\"\",\"mx2f_cat_font_family\":\"\",\"mx2f_cat_font_size\":\"\",\"mx2f_cat_font_line_height\":\"\",\"mx2f_cat_font_style\":\"\",\"mx2f_cat_font_weight\":\"\",\"mx2f_cat_font_transform\":\"\",\"mx2f_cat_font_spacing\":\"\",\"mx2f_cat_\":\"\",\"mx2f_meta_font_title\":\"Article meta info\",\"mx2f_meta_font_settings\":\"\",\"mx2f_meta_font_family\":\"\",\"mx2f_meta_font_size\":\"\",\"mx2f_meta_font_line_height\":\"\",\"mx2f_meta_font_style\":\"\",\"mx2f_meta_font_weight\":\"\",\"mx2f_meta_font_transform\":\"\",\"mx2f_meta_font_spacing\":\"\",\"mx2f_meta_\":\"\",\"ajax_pagination_infinite_stop\":\"\",\"css\":\"\",\"tdc_css\":\"\",\"td_column_number\":1,\"header_color\":\"\",\"color_preset\":\"\",\"border_top\":\"\",\"class\":\"td_uid_23_69f12974693d8_rand\",\"tdc_css_class\":\"td_uid_23_69f12974693d8_rand\",\"tdc_css_class_style\":\"td_uid_23_69f12974693d8_rand_style\"}';\nblock_td_uid_23_69f12974693d8.td_column_number = \"1\";\nblock_td_uid_23_69f12974693d8.block_type = \"td_block_18\";\nblock_td_uid_23_69f12974693d8.post_count = \"3\";\nblock_td_uid_23_69f12974693d8.found_posts = \"2699\";\nblock_td_uid_23_69f12974693d8.header_color = \"\";\nblock_td_uid_23_69f12974693d8.ajax_pagination_infinite_stop = \"\";\nblock_td_uid_23_69f12974693d8.max_num_pages = \"900\";\ntdBlocksArray.push(block_td_uid_23_69f12974693d8);\n<\/script><div class=\"td-block-title-wrap\"><\/div><div id=td_uid_23_69f12974693d8 class=\"td_block_inner td-column-1\">\r\n        <div class=\"td_module_mx8 td_module_wrap td-animation-stack\">\r\n            <div class=\"meta-info-container\">\r\n                <div class=\"td-module-thumb\"><a href=\"https:\/\/www.africa-press.net\/congo-brazzaville\/economie\/ecobank-annonce-augmentation-de-21-de-son-benefice\" rel=\"bookmark\" class=\"td-image-wrap\" title=\"Ecobank Annonce Augmentation de 21 % de Son B\u00e9n\u00e9fice\"><img loading=\"lazy\" decoding=\"async\" class=\"entry-thumb\" src=\"data:image\/png;base64,iVBORw0KGgoAAAANSUhEUgAAArgAAAGBAQMAAAC3k1CUAAAAA1BMVEWurq51dlI4AAAAAXRSTlMmkutdmwAAADdJREFUeNrtwTEBAAAAwiD7p7bETmAAAAAAAAAAAAAAAAAAAAAAAAAAAAAAAAAAAAAAAAAAAEDuhFgAARFpDB8AAAAASUVORK5CYII=\" alt=\"Ecobank Annonce Augmentation de 21 % de Son B\u00e9n\u00e9fice\" title=\"Ecobank Annonce Augmentation de 21 % de Son B\u00e9n\u00e9fice\" data-type=\"image_tag\" data-img-url=\"https:\/\/static.africa-press.net\/congo-brazzaville\/sites\/51\/2026\/04\/sm_1776565139.040805-696x385.jpg\"  width=\"696\" height=\"385\" \/><\/a><\/div>\r\n                <div class=\"td-module-meta-info\">\r\n                    <h3 class=\"entry-title td-module-title\"><a href=\"https:\/\/www.africa-press.net\/congo-brazzaville\/economie\/ecobank-annonce-augmentation-de-21-de-son-benefice\" rel=\"bookmark\" title=\"Ecobank Annonce Augmentation de 21 % de Son B\u00e9n\u00e9fice\">Ecobank Annonce Augmentation de 21 % de Son B\u00e9n\u00e9fice<\/a><\/h3>                                        <span class=\"td-author-date\">\r\n                                                <span class=\"td-post-date\"><time class=\"entry-date updated td-module-date\" datetime=\"2026-04-18T22:57:57+00:00\" >2026-04-18<\/time><\/span>                                            <\/span>\r\n                <\/div>\r\n            <\/div>\r\n\r\n        <\/div>\r\n\r\n        \r\n        <div class=\"td_module_mx2 td_module_wrap td-animation-stack\">\r\n\r\n            <div class=\"td-module-thumb\"><a href=\"https:\/\/www.africa-press.net\/congo-brazzaville\/politique\/fermeture-dormuz-lafrique-peut%e2%80%90elle-combler-le-manque\" rel=\"bookmark\" class=\"td-image-wrap\" title=\"Fermeture D\u2019Ormuz: L\u2019Afrique Peut\u2010Elle Combler le Manque?\"><img loading=\"lazy\" decoding=\"async\" class=\"entry-thumb\" src=\"data:image\/png;base64,iVBORw0KGgoAAAANSUhEUgAAAFAAAAA8AQMAAADL6a\/PAAAAA1BMVEWurq51dlI4AAAAAXRSTlMmkutdmwAAAA5JREFUKM9jGAWjYJABAAKUAAHoEAeuAAAAAElFTkSuQmCC\" alt=\"Fermeture D\u2019Ormuz: L\u2019Afrique Peut\u2010Elle Combler le Manque?\" title=\"Fermeture D\u2019Ormuz: L\u2019Afrique Peut\u2010Elle Combler le Manque?\" data-type=\"image_tag\" data-img-url=\"https:\/\/static.africa-press.net\/congo-brazzaville\/sites\/51\/2026\/04\/sm_1776630269.000868-80x60.jpg\"  width=\"80\" height=\"60\" \/><\/a><\/div>\r\n            <div class=\"item-details\">\r\n                <h3 class=\"entry-title td-module-title\"><a href=\"https:\/\/www.africa-press.net\/congo-brazzaville\/politique\/fermeture-dormuz-lafrique-peut%e2%80%90elle-combler-le-manque\" rel=\"bookmark\" title=\"Fermeture D\u2019Ormuz: L\u2019Afrique Peut\u2010Elle Combler le Manque?\">Fermeture D\u2019Ormuz: L\u2019Afrique Peut\u2010Elle Combler le Manque?<\/a><\/h3>                <div class=\"td-module-meta-info\">\r\n                                                            <span class=\"td-post-date\"><time class=\"entry-date updated td-module-date\" datetime=\"2026-03-17T16:40:00+00:00\" >2026-03-17<\/time><\/span>                                    <\/div>\r\n            <\/div>\r\n\r\n        <\/div>\r\n\r\n        \r\n        <div class=\"td_module_mx2 td_module_wrap td-animation-stack\">\r\n\r\n            <div class=\"td-module-thumb\"><a href=\"https:\/\/www.africa-press.net\/congo-brazzaville\/economie\/afrodad-plaide-pour-refondre-la-charte-africaine\" rel=\"bookmark\" class=\"td-image-wrap\" title=\"Afrodad Plaide Pour Refondre La Charte Africaine\"><img loading=\"lazy\" decoding=\"async\" class=\"entry-thumb\" src=\"data:image\/png;base64,iVBORw0KGgoAAAANSUhEUgAAAFAAAAA8AQMAAADL6a\/PAAAAA1BMVEWurq51dlI4AAAAAXRSTlMmkutdmwAAAA5JREFUKM9jGAWjYJABAAKUAAHoEAeuAAAAAElFTkSuQmCC\" alt=\"Afrodad Plaide Pour Refondre La Charte Africaine\" title=\"Afrodad Plaide Pour Refondre La Charte Africaine\" data-type=\"image_tag\" data-img-url=\"https:\/\/static.africa-press.net\/congo-brazzaville\/sites\/51\/2026\/02\/sm_1771873320.168702-80x60.jpg\"  width=\"80\" height=\"60\" \/><\/a><\/div>\r\n            <div class=\"item-details\">\r\n                <h3 class=\"entry-title td-module-title\"><a href=\"https:\/\/www.africa-press.net\/congo-brazzaville\/economie\/afrodad-plaide-pour-refondre-la-charte-africaine\" rel=\"bookmark\" title=\"Afrodad Plaide Pour Refondre La Charte Africaine\">Afrodad Plaide Pour Refondre La Charte Africaine<\/a><\/h3>                <div class=\"td-module-meta-info\">\r\n                                                            <span class=\"td-post-date\"><time class=\"entry-date updated td-module-date\" datetime=\"2026-02-23T18:41:38+00:00\" >2026-02-23<\/time><\/span>                                    <\/div>\r\n            <\/div>\r\n\r\n        <\/div>\r\n\r\n        <\/div><div class=\"td-next-prev-wrap\"><a href=\"#\" class=\"td-ajax-prev-page ajax-page-disabled\" id=\"prev-page-td_uid_23_69f12974693d8\" data-td_block_id=\"td_uid_23_69f12974693d8\"><i class=\"td-icon-font td-icon-menu-left\"><\/i><\/a><a href=\"#\"  class=\"td-ajax-next-page\" id=\"next-page-td_uid_23_69f12974693d8\" data-td_block_id=\"td_uid_23_69f12974693d8\"><i class=\"td-icon-font td-icon-menu-right\"><\/i><\/a><\/div><\/div> <!-- .\/block --><\/div><\/div><\/div><div class=\"vc_column_inner td_uid_24_69f1297476739_rand  wpb_column vc_column_container tdc-inner-column td-pb-span6\">\n<style scoped>\n\n\/* custom css *\/\n.td_uid_24_69f1297476739_rand {\r\n                    vertical-align: baseline;\r\n                }\n<\/style><div class=\"vc_column-inner\"><div class=\"wpb_wrapper\"><div class=\"td_block_wrap td_block_7 td_uid_25_69f12974767d6_rand td-pb-border-top td_block_template_1 td-column-1 td_block_padding\"  data-td-block-uid=\"td_uid_25_69f12974767d6\" >\n<style>\n\n\/* inline tdc_css att *\/\n\n\/* phone *\/\n@media (max-width: 767px)\n{\n.td_uid_25_69f12974767d6_rand{\ndisplay:none !important;\n}\n}\n\n<\/style><script>var block_td_uid_25_69f12974767d6 = new tdBlock();\nblock_td_uid_25_69f12974767d6.id = \"td_uid_25_69f12974767d6\";\nblock_td_uid_25_69f12974767d6.atts = '{\"category_id\":\"3\",\"limit\":\"4\",\"offset\":\"3\",\"tdc_css\":\"eyJwaG9uZSI6eyJkaXNwbGF5Ijoibm9uZSJ9LCJwaG9uZV9tYXhfd2lkdGgiOjc2N30=\",\"separator\":\"\",\"custom_title\":\"\",\"custom_url\":\"\",\"block_template_id\":\"\",\"m6_tl\":\"\",\"post_ids\":\"\",\"category_ids\":\"\",\"tag_slug\":\"\",\"autors_id\":\"\",\"installed_post_types\":\"\",\"sort\":\"\",\"show_modified_date\":\"\",\"el_class\":\"\",\"td_ajax_filter_type\":\"\",\"td_ajax_filter_ids\":\"\",\"td_filter_default_txt\":\"All\",\"td_ajax_preloading\":\"\",\"f_header_font_header\":\"\",\"f_header_font_title\":\"Block header\",\"f_header_font_settings\":\"\",\"f_header_font_family\":\"\",\"f_header_font_size\":\"\",\"f_header_font_line_height\":\"\",\"f_header_font_style\":\"\",\"f_header_font_weight\":\"\",\"f_header_font_transform\":\"\",\"f_header_font_spacing\":\"\",\"f_header_\":\"\",\"f_ajax_font_title\":\"Ajax categories\",\"f_ajax_font_settings\":\"\",\"f_ajax_font_family\":\"\",\"f_ajax_font_size\":\"\",\"f_ajax_font_line_height\":\"\",\"f_ajax_font_style\":\"\",\"f_ajax_font_weight\":\"\",\"f_ajax_font_transform\":\"\",\"f_ajax_font_spacing\":\"\",\"f_ajax_\":\"\",\"f_more_font_title\":\"Load more button\",\"f_more_font_settings\":\"\",\"f_more_font_family\":\"\",\"f_more_font_size\":\"\",\"f_more_font_line_height\":\"\",\"f_more_font_style\":\"\",\"f_more_font_weight\":\"\",\"f_more_font_transform\":\"\",\"f_more_font_spacing\":\"\",\"f_more_\":\"\",\"m6f_title_font_header\":\"\",\"m6f_title_font_title\":\"Article title\",\"m6f_title_font_settings\":\"\",\"m6f_title_font_family\":\"\",\"m6f_title_font_size\":\"\",\"m6f_title_font_line_height\":\"\",\"m6f_title_font_style\":\"\",\"m6f_title_font_weight\":\"\",\"m6f_title_font_transform\":\"\",\"m6f_title_font_spacing\":\"\",\"m6f_title_\":\"\",\"m6f_cat_font_title\":\"Article category tag\",\"m6f_cat_font_settings\":\"\",\"m6f_cat_font_family\":\"\",\"m6f_cat_font_size\":\"\",\"m6f_cat_font_line_height\":\"\",\"m6f_cat_font_style\":\"\",\"m6f_cat_font_weight\":\"\",\"m6f_cat_font_transform\":\"\",\"m6f_cat_font_spacing\":\"\",\"m6f_cat_\":\"\",\"m6f_meta_font_title\":\"Article meta info\",\"m6f_meta_font_settings\":\"\",\"m6f_meta_font_family\":\"\",\"m6f_meta_font_size\":\"\",\"m6f_meta_font_line_height\":\"\",\"m6f_meta_font_style\":\"\",\"m6f_meta_font_weight\":\"\",\"m6f_meta_font_transform\":\"\",\"m6f_meta_font_spacing\":\"\",\"m6f_meta_\":\"\",\"ajax_pagination\":\"\",\"ajax_pagination_infinite_stop\":\"\",\"css\":\"\",\"td_column_number\":1,\"header_color\":\"\",\"color_preset\":\"\",\"border_top\":\"\",\"class\":\"td_uid_25_69f12974767d6_rand\",\"tdc_css_class\":\"td_uid_25_69f12974767d6_rand\",\"tdc_css_class_style\":\"td_uid_25_69f12974767d6_rand_style\"}';\nblock_td_uid_25_69f12974767d6.td_column_number = \"1\";\nblock_td_uid_25_69f12974767d6.block_type = \"td_block_7\";\nblock_td_uid_25_69f12974767d6.post_count = \"4\";\nblock_td_uid_25_69f12974767d6.found_posts = \"2699\";\nblock_td_uid_25_69f12974767d6.header_color = \"\";\nblock_td_uid_25_69f12974767d6.ajax_pagination_infinite_stop = \"\";\nblock_td_uid_25_69f12974767d6.max_num_pages = \"674\";\ntdBlocksArray.push(block_td_uid_25_69f12974767d6);\n<\/script><div class=\"td-block-title-wrap\"><\/div><div id=td_uid_25_69f12974767d6 class=\"td_block_inner\">\n\n\t<div class=\"td-block-span12\">\n\r\n        <div class=\"td_module_6 td_module_wrap td-animation-stack\">\r\n\r\n        <div class=\"td-module-thumb\"><a href=\"https:\/\/www.africa-press.net\/congo-brazzaville\/economie\/budget-de-11-milliards-adopte-pour-le-projet-hiswaca\" rel=\"bookmark\" class=\"td-image-wrap\" title=\"Budget de 11 milliards adopt\u00e9 pour le projet Hiswaca\"><img loading=\"lazy\" decoding=\"async\" class=\"entry-thumb\" src=\"data:image\/png;base64,iVBORw0KGgoAAAANSUhEUgAAAGQAAABGAQMAAAAASKMqAAAAA1BMVEWurq51dlI4AAAAAXRSTlMmkutdmwAAABBJREFUKM9jGAWjYBQMKwAAA9QAAQWBn6cAAAAASUVORK5CYII=\" alt=\"Budget de 11 milliards adopt\u00e9 pour le projet Hiswaca\" title=\"Budget de 11 milliards adopt\u00e9 pour le projet Hiswaca\" data-type=\"image_tag\" data-img-url=\"https:\/\/static.africa-press.net\/congo-brazzaville\/sites\/51\/2026\/02\/sm_1771022595.623154-100x70.jpg\"  width=\"100\" height=\"70\" \/><\/a><\/div>\r\n        <div class=\"item-details\">\r\n            <h3 class=\"entry-title td-module-title\"><a href=\"https:\/\/www.africa-press.net\/congo-brazzaville\/economie\/budget-de-11-milliards-adopte-pour-le-projet-hiswaca\" rel=\"bookmark\" title=\"Budget de 11 milliards adopt\u00e9 pour le projet Hiswaca\">Budget de 11 milliards adopt\u00e9 pour le projet Hiswaca<\/a><\/h3>            <div class=\"td-module-meta-info\">\r\n                                                <span class=\"td-post-date\"><time class=\"entry-date updated td-module-date\" datetime=\"2026-02-13T22:12:07+00:00\" >2026-02-13<\/time><\/span>                            <\/div>\r\n        <\/div>\r\n\r\n        <\/div>\r\n\r\n        \n\t<\/div> <!-- .\/td-block-span12 -->\n\n\t<div class=\"td-block-span12\">\n\r\n        <div class=\"td_module_6 td_module_wrap td-animation-stack\">\r\n\r\n        <div class=\"td-module-thumb\"><a href=\"https:\/\/www.africa-press.net\/congo-brazzaville\/economie\/le-chef-de-letat-inaugure-le-marche-central-ndjindji\" rel=\"bookmark\" class=\"td-image-wrap\" title=\"le chef de l\u2019etat inaugure le march\u00e9 central ndjindji\"><img loading=\"lazy\" decoding=\"async\" class=\"entry-thumb\" src=\"data:image\/png;base64,iVBORw0KGgoAAAANSUhEUgAAAGQAAABGAQMAAAAASKMqAAAAA1BMVEWurq51dlI4AAAAAXRSTlMmkutdmwAAABBJREFUKM9jGAWjYBQMKwAAA9QAAQWBn6cAAAAASUVORK5CYII=\" alt=\"le chef de l\u2019etat inaugure le march\u00e9 central ndjindji\" title=\"le chef de l\u2019etat inaugure le march\u00e9 central ndjindji\" data-type=\"image_tag\" data-img-url=\"https:\/\/static.africa-press.net\/congo-brazzaville\/sites\/51\/2026\/02\/sm_1770747596.073041-100x70.jpg\"  width=\"100\" height=\"70\" \/><\/a><\/div>\r\n        <div class=\"item-details\">\r\n            <h3 class=\"entry-title td-module-title\"><a href=\"https:\/\/www.africa-press.net\/congo-brazzaville\/economie\/le-chef-de-letat-inaugure-le-marche-central-ndjindji\" rel=\"bookmark\" title=\"le chef de l\u2019etat inaugure le march\u00e9 central ndjindji\">le chef de l\u2019etat inaugure le march\u00e9 central ndjindji<\/a><\/h3>            <div class=\"td-module-meta-info\">\r\n                                                <span class=\"td-post-date\"><time class=\"entry-date updated td-module-date\" datetime=\"2026-02-10T17:49:17+00:00\" >2026-02-10<\/time><\/span>                            <\/div>\r\n        <\/div>\r\n\r\n        <\/div>\r\n\r\n        \n\t<\/div> <!-- .\/td-block-span12 -->\n\n\t<div class=\"td-block-span12\">\n\r\n        <div class=\"td_module_6 td_module_wrap td-animation-stack\">\r\n\r\n        <div class=\"td-module-thumb\"><a href=\"https:\/\/www.africa-press.net\/congo-brazzaville\/economie\/jardin-dessai-de-makelekele-et-agriculture-urbaine\" rel=\"bookmark\" class=\"td-image-wrap\" title=\"Jardin d&rsquo;Essai de Mak\u00e9l\u00e9k\u00e9l\u00e9 et Agriculture Urbaine\"><img loading=\"lazy\" decoding=\"async\" class=\"entry-thumb\" src=\"data:image\/png;base64,iVBORw0KGgoAAAANSUhEUgAAAGQAAABGAQMAAAAASKMqAAAAA1BMVEWurq51dlI4AAAAAXRSTlMmkutdmwAAABBJREFUKM9jGAWjYBQMKwAAA9QAAQWBn6cAAAAASUVORK5CYII=\" alt=\"Jardin d&#039;Essai de Mak\u00e9l\u00e9k\u00e9l\u00e9 et Agriculture Urbaine\" title=\"Jardin d&rsquo;Essai de Mak\u00e9l\u00e9k\u00e9l\u00e9 et Agriculture Urbaine\" data-type=\"image_tag\" data-img-url=\"https:\/\/static.africa-press.net\/congo-brazzaville\/sites\/51\/2026\/02\/sm_1770493253.714035-100x70.jpg\"  width=\"100\" height=\"70\" \/><\/a><\/div>\r\n        <div class=\"item-details\">\r\n            <h3 class=\"entry-title td-module-title\"><a href=\"https:\/\/www.africa-press.net\/congo-brazzaville\/economie\/jardin-dessai-de-makelekele-et-agriculture-urbaine\" rel=\"bookmark\" title=\"Jardin d&rsquo;Essai de Mak\u00e9l\u00e9k\u00e9l\u00e9 et Agriculture Urbaine\">Jardin d&rsquo;Essai de Mak\u00e9l\u00e9k\u00e9l\u00e9 et Agriculture Urbaine<\/a><\/h3>            <div class=\"td-module-meta-info\">\r\n                                                <span class=\"td-post-date\"><time class=\"entry-date updated td-module-date\" datetime=\"2026-02-07T19:17:40+00:00\" >2026-02-07<\/time><\/span>                            <\/div>\r\n        <\/div>\r\n\r\n        <\/div>\r\n\r\n        \n\t<\/div> <!-- .\/td-block-span12 -->\n\n\t<div class=\"td-block-span12\">\n\r\n        <div class=\"td_module_6 td_module_wrap td-animation-stack\">\r\n\r\n        <div class=\"td-module-thumb\"><a href=\"https:\/\/www.africa-press.net\/congo-brazzaville\/politique\/lancement-de-la-premiere-cargaison-nguya-flng-deni-congo\" rel=\"bookmark\" class=\"td-image-wrap\" title=\"Lancement de la Premi\u00e8re Cargaison Nguya FLNG d&rsquo;ENI Congo\"><img loading=\"lazy\" decoding=\"async\" class=\"entry-thumb\" src=\"data:image\/png;base64,iVBORw0KGgoAAAANSUhEUgAAAGQAAABGAQMAAAAASKMqAAAAA1BMVEWurq51dlI4AAAAAXRSTlMmkutdmwAAABBJREFUKM9jGAWjYBQMKwAAA9QAAQWBn6cAAAAASUVORK5CYII=\" alt=\"Lancement de la Premi\u00e8re Cargaison Nguya FLNG d&#039;ENI Congo\" title=\"Lancement de la Premi\u00e8re Cargaison Nguya FLNG d&rsquo;ENI Congo\" data-type=\"image_tag\" data-img-url=\"https:\/\/static.africa-press.net\/congo-brazzaville\/sites\/51\/2026\/02\/sm_1770493235.518653-100x70.jpg\"  width=\"100\" height=\"70\" \/><\/a><\/div>\r\n        <div class=\"item-details\">\r\n            <h3 class=\"entry-title td-module-title\"><a href=\"https:\/\/www.africa-press.net\/congo-brazzaville\/politique\/lancement-de-la-premiere-cargaison-nguya-flng-deni-congo\" rel=\"bookmark\" title=\"Lancement de la Premi\u00e8re Cargaison Nguya FLNG d&rsquo;ENI Congo\">Lancement de la Premi\u00e8re Cargaison Nguya FLNG d&rsquo;ENI Congo<\/a><\/h3>            <div class=\"td-module-meta-info\">\r\n                                                <span class=\"td-post-date\"><time class=\"entry-date updated td-module-date\" datetime=\"2026-02-07T19:17:25+00:00\" >2026-02-07<\/time><\/span>                            <\/div>\r\n        <\/div>\r\n\r\n        <\/div>\r\n\r\n        \n\t<\/div> <!-- .\/td-block-span12 --><\/div><\/div> <!-- .\/block --><\/div><\/div><\/div><\/div><div class=\"tdm_block td_block_wrap tdm_block_button td_uid_26_69f1297481984_rand tdm-block-button-inline tdm-content-horiz-right td-pb-border-top main-box-btn-green-en td_block_template_1\"  data-td-block-uid=\"td_uid_26_69f1297481984\"     >\n<style>\n.td_uid_27_69f1297481cfa i:first-child {\r\n\t\t\t\t\tmargin-right: 14px;\r\n\t\t\t\t}\n<\/style><div class=\"tds-button td-fix-index\"><a \r\n                href=\"\/congo-brazzaville\/economie\" \r\n                class=\"tds-button1 tdm-btn tdm-btn-sm td_uid_27_69f1297481cfa\"  target=\"_blank\" ><i class=\"tdc-font-fa tdc-font-fa-arrow-right\"><\/i><span class=\"tdm-btn-text\">Plus de Nouvelles<\/span><\/a><\/div><\/div><div class=\"wpb_wrapper td_block_wrap vc_raw_html td_uid_28_69f1297481f00_rand \"><div class=\"td-fix-index\"><div class=\"td-block-title-wrap\"><h4 class=\"block-title\"><a href=\"\/congo-brazzaville\/communaute\" class=\"td-pulldown-size\">Communaut\u00e9<\/a><\/h4><\/div><\/div><\/div><div id=\"main-box\" class=\"vc_row_inner td_uid_29_69f1297481f28_rand  vc_row vc_inner wpb_row td-pb-row\" >\n<style scoped>\n\n\/* custom css *\/\n.td_uid_29_69f1297481f28_rand {\r\n                    position: relative !important;\r\n                    top: 0;\r\n                    transform: none;\r\n                    -webkit-transform: none;\r\n                }\n<\/style><div class=\"vc_column_inner td_uid_30_69f1297481fb6_rand  wpb_column vc_column_container tdc-inner-column td-pb-span6\">\n<style scoped>\n\n\/* custom css *\/\n.td_uid_30_69f1297481fb6_rand {\r\n                    vertical-align: baseline;\r\n                }\n<\/style><div class=\"vc_column-inner\"><div class=\"wpb_wrapper\"><div class=\"td_block_wrap td_block_18 td_uid_31_69f1297482046_rand td_with_ajax_pagination td-pb-border-top td_block_template_1 td-column-1\"  data-td-block-uid=\"td_uid_31_69f1297482046\" ><script>var block_td_uid_31_69f1297482046 = new tdBlock();\nblock_td_uid_31_69f1297482046.id = \"td_uid_31_69f1297482046\";\nblock_td_uid_31_69f1297482046.atts = '{\"category_id\":\"21\",\"limit\":\"3\",\"ajax_pagination\":\"next_prev\",\"separator\":\"\",\"custom_title\":\"\",\"custom_url\":\"\",\"block_template_id\":\"\",\"mx8_tl\":\"\",\"m10_tl\":\"\",\"m10_el\":\"\",\"mx2_tl\":\"\",\"post_ids\":\"\",\"category_ids\":\"\",\"tag_slug\":\"\",\"autors_id\":\"\",\"installed_post_types\":\"\",\"sort\":\"\",\"offset\":\"\",\"show_modified_date\":\"\",\"el_class\":\"\",\"td_ajax_filter_type\":\"\",\"td_ajax_filter_ids\":\"\",\"td_filter_default_txt\":\"All\",\"td_ajax_preloading\":\"\",\"f_header_font_header\":\"\",\"f_header_font_title\":\"Block header\",\"f_header_font_settings\":\"\",\"f_header_font_family\":\"\",\"f_header_font_size\":\"\",\"f_header_font_line_height\":\"\",\"f_header_font_style\":\"\",\"f_header_font_weight\":\"\",\"f_header_font_transform\":\"\",\"f_header_font_spacing\":\"\",\"f_header_\":\"\",\"f_ajax_font_title\":\"Ajax categories\",\"f_ajax_font_settings\":\"\",\"f_ajax_font_family\":\"\",\"f_ajax_font_size\":\"\",\"f_ajax_font_line_height\":\"\",\"f_ajax_font_style\":\"\",\"f_ajax_font_weight\":\"\",\"f_ajax_font_transform\":\"\",\"f_ajax_font_spacing\":\"\",\"f_ajax_\":\"\",\"f_more_font_title\":\"Load more button\",\"f_more_font_settings\":\"\",\"f_more_font_family\":\"\",\"f_more_font_size\":\"\",\"f_more_font_line_height\":\"\",\"f_more_font_style\":\"\",\"f_more_font_weight\":\"\",\"f_more_font_transform\":\"\",\"f_more_font_spacing\":\"\",\"f_more_\":\"\",\"mx8f_title_font_header\":\"\",\"mx8f_title_font_title\":\"Article title\",\"mx8f_title_font_settings\":\"\",\"mx8f_title_font_family\":\"\",\"mx8f_title_font_size\":\"\",\"mx8f_title_font_line_height\":\"\",\"mx8f_title_font_style\":\"\",\"mx8f_title_font_weight\":\"\",\"mx8f_title_font_transform\":\"\",\"mx8f_title_font_spacing\":\"\",\"mx8f_title_\":\"\",\"mx8f_cat_font_title\":\"Article category tag\",\"mx8f_cat_font_settings\":\"\",\"mx8f_cat_font_family\":\"\",\"mx8f_cat_font_size\":\"\",\"mx8f_cat_font_line_height\":\"\",\"mx8f_cat_font_style\":\"\",\"mx8f_cat_font_weight\":\"\",\"mx8f_cat_font_transform\":\"\",\"mx8f_cat_font_spacing\":\"\",\"mx8f_cat_\":\"\",\"mx8f_meta_font_title\":\"Article meta info\",\"mx8f_meta_font_settings\":\"\",\"mx8f_meta_font_family\":\"\",\"mx8f_meta_font_size\":\"\",\"mx8f_meta_font_line_height\":\"\",\"mx8f_meta_font_style\":\"\",\"mx8f_meta_font_weight\":\"\",\"mx8f_meta_font_transform\":\"\",\"mx8f_meta_font_spacing\":\"\",\"mx8f_meta_\":\"\",\"m10f_title_font_header\":\"\",\"m10f_title_font_title\":\"Article title\",\"m10f_title_font_settings\":\"\",\"m10f_title_font_family\":\"\",\"m10f_title_font_size\":\"\",\"m10f_title_font_line_height\":\"\",\"m10f_title_font_style\":\"\",\"m10f_title_font_weight\":\"\",\"m10f_title_font_transform\":\"\",\"m10f_title_font_spacing\":\"\",\"m10f_title_\":\"\",\"m10f_cat_font_title\":\"Article category tag\",\"m10f_cat_font_settings\":\"\",\"m10f_cat_font_family\":\"\",\"m10f_cat_font_size\":\"\",\"m10f_cat_font_line_height\":\"\",\"m10f_cat_font_style\":\"\",\"m10f_cat_font_weight\":\"\",\"m10f_cat_font_transform\":\"\",\"m10f_cat_font_spacing\":\"\",\"m10f_cat_\":\"\",\"m10f_meta_font_title\":\"Article meta info\",\"m10f_meta_font_settings\":\"\",\"m10f_meta_font_family\":\"\",\"m10f_meta_font_size\":\"\",\"m10f_meta_font_line_height\":\"\",\"m10f_meta_font_style\":\"\",\"m10f_meta_font_weight\":\"\",\"m10f_meta_font_transform\":\"\",\"m10f_meta_font_spacing\":\"\",\"m10f_meta_\":\"\",\"m10f_ex_font_title\":\"Article excerpt\",\"m10f_ex_font_settings\":\"\",\"m10f_ex_font_family\":\"\",\"m10f_ex_font_size\":\"\",\"m10f_ex_font_line_height\":\"\",\"m10f_ex_font_style\":\"\",\"m10f_ex_font_weight\":\"\",\"m10f_ex_font_transform\":\"\",\"m10f_ex_font_spacing\":\"\",\"m10f_ex_\":\"\",\"mx2f_title_font_header\":\"\",\"mx2f_title_font_title\":\"Article title\",\"mx2f_title_font_settings\":\"\",\"mx2f_title_font_family\":\"\",\"mx2f_title_font_size\":\"\",\"mx2f_title_font_line_height\":\"\",\"mx2f_title_font_style\":\"\",\"mx2f_title_font_weight\":\"\",\"mx2f_title_font_transform\":\"\",\"mx2f_title_font_spacing\":\"\",\"mx2f_title_\":\"\",\"mx2f_cat_font_title\":\"Article category tag\",\"mx2f_cat_font_settings\":\"\",\"mx2f_cat_font_family\":\"\",\"mx2f_cat_font_size\":\"\",\"mx2f_cat_font_line_height\":\"\",\"mx2f_cat_font_style\":\"\",\"mx2f_cat_font_weight\":\"\",\"mx2f_cat_font_transform\":\"\",\"mx2f_cat_font_spacing\":\"\",\"mx2f_cat_\":\"\",\"mx2f_meta_font_title\":\"Article meta info\",\"mx2f_meta_font_settings\":\"\",\"mx2f_meta_font_family\":\"\",\"mx2f_meta_font_size\":\"\",\"mx2f_meta_font_line_height\":\"\",\"mx2f_meta_font_style\":\"\",\"mx2f_meta_font_weight\":\"\",\"mx2f_meta_font_transform\":\"\",\"mx2f_meta_font_spacing\":\"\",\"mx2f_meta_\":\"\",\"ajax_pagination_infinite_stop\":\"\",\"css\":\"\",\"tdc_css\":\"\",\"td_column_number\":1,\"header_color\":\"\",\"color_preset\":\"\",\"border_top\":\"\",\"class\":\"td_uid_31_69f1297482046_rand\",\"tdc_css_class\":\"td_uid_31_69f1297482046_rand\",\"tdc_css_class_style\":\"td_uid_31_69f1297482046_rand_style\"}';\nblock_td_uid_31_69f1297482046.td_column_number = \"1\";\nblock_td_uid_31_69f1297482046.block_type = \"td_block_18\";\nblock_td_uid_31_69f1297482046.post_count = \"3\";\nblock_td_uid_31_69f1297482046.found_posts = \"3499\";\nblock_td_uid_31_69f1297482046.header_color = \"\";\nblock_td_uid_31_69f1297482046.ajax_pagination_infinite_stop = \"\";\nblock_td_uid_31_69f1297482046.max_num_pages = \"1167\";\ntdBlocksArray.push(block_td_uid_31_69f1297482046);\n<\/script><div class=\"td-block-title-wrap\"><\/div><div id=td_uid_31_69f1297482046 class=\"td_block_inner td-column-1\">\r\n        <div class=\"td_module_mx8 td_module_wrap td-animation-stack\">\r\n            <div class=\"meta-info-container\">\r\n                <div class=\"td-module-thumb\"><a href=\"https:\/\/www.africa-press.net\/congo-brazzaville\/toutes-les-actualites\/travaux-routiers-interrompus-reduisent-mobilite-habitants\" rel=\"bookmark\" class=\"td-image-wrap\" title=\"Travaux Routiers Interrompus R\u00e9duisent Mobilit\u00e9 Habitants\"><img loading=\"lazy\" decoding=\"async\" class=\"entry-thumb\" src=\"data:image\/png;base64,iVBORw0KGgoAAAANSUhEUgAAArgAAAGBAQMAAAC3k1CUAAAAA1BMVEWurq51dlI4AAAAAXRSTlMmkutdmwAAADdJREFUeNrtwTEBAAAAwiD7p7bETmAAAAAAAAAAAAAAAAAAAAAAAAAAAAAAAAAAAAAAAAAAAEDuhFgAARFpDB8AAAAASUVORK5CYII=\" alt=\"Travaux Routiers Interrompus R\u00e9duisent Mobilit\u00e9 Habitants\" title=\"Travaux Routiers Interrompus R\u00e9duisent Mobilit\u00e9 Habitants\" data-type=\"image_tag\" data-img-url=\"https:\/\/static.africa-press.net\/congo-brazzaville\/sites\/51\/2026\/03\/sm_1773877237.139463-696x385.jpg\"  width=\"696\" height=\"385\" \/><\/a><\/div>\r\n                <div class=\"td-module-meta-info\">\r\n                    <h3 class=\"entry-title td-module-title\"><a href=\"https:\/\/www.africa-press.net\/congo-brazzaville\/toutes-les-actualites\/travaux-routiers-interrompus-reduisent-mobilite-habitants\" rel=\"bookmark\" title=\"Travaux Routiers Interrompus R\u00e9duisent Mobilit\u00e9 Habitants\">Travaux Routiers Interrompus R\u00e9duisent Mobilit\u00e9 Habitants<\/a><\/h3>                                        <span class=\"td-author-date\">\r\n                                                <span class=\"td-post-date\"><time class=\"entry-date updated td-module-date\" datetime=\"2026-03-18T22:42:01+00:00\" >2026-03-18<\/time><\/span>                                            <\/span>\r\n                <\/div>\r\n            <\/div>\r\n\r\n        <\/div>\r\n\r\n        \r\n        <div class=\"td_module_mx2 td_module_wrap td-animation-stack\">\r\n\r\n            <div class=\"td-module-thumb\"><a href=\"https:\/\/www.africa-press.net\/congo-brazzaville\/toutes-les-actualites\/victimes-du-4-mars-attendent-prise-en-charge-gouvernementale\" rel=\"bookmark\" class=\"td-image-wrap\" title=\"Victimes du 4 Mars Attendent Prise en Charge Gouvernementale\"><img loading=\"lazy\" decoding=\"async\" class=\"entry-thumb\" src=\"data:image\/png;base64,iVBORw0KGgoAAAANSUhEUgAAAFAAAAA8AQMAAADL6a\/PAAAAA1BMVEWurq51dlI4AAAAAXRSTlMmkutdmwAAAA5JREFUKM9jGAWjYJABAAKUAAHoEAeuAAAAAElFTkSuQmCC\" alt=\"Victimes du 4 Mars Attendent Prise en Charge Gouvernementale\" title=\"Victimes du 4 Mars Attendent Prise en Charge Gouvernementale\" data-type=\"image_tag\" data-img-url=\"https:\/\/static.africa-press.net\/congo-brazzaville\/sites\/51\/2026\/03\/sm_1773439246.989506-80x60.jpg\"  width=\"80\" height=\"60\" \/><\/a><\/div>\r\n            <div class=\"item-details\">\r\n                <h3 class=\"entry-title td-module-title\"><a href=\"https:\/\/www.africa-press.net\/congo-brazzaville\/toutes-les-actualites\/victimes-du-4-mars-attendent-prise-en-charge-gouvernementale\" rel=\"bookmark\" title=\"Victimes du 4 Mars Attendent Prise en Charge Gouvernementale\">Victimes du 4 Mars Attendent Prise en Charge Gouvernementale<\/a><\/h3>                <div class=\"td-module-meta-info\">\r\n                                                            <span class=\"td-post-date\"><time class=\"entry-date updated td-module-date\" datetime=\"2026-03-13T21:05:34+00:00\" >2026-03-13<\/time><\/span>                                    <\/div>\r\n            <\/div>\r\n\r\n        <\/div>\r\n\r\n        \r\n        <div class=\"td_module_mx2 td_module_wrap td-animation-stack\">\r\n\r\n            <div class=\"td-module-thumb\"><a href=\"https:\/\/www.africa-press.net\/congo-brazzaville\/toutes-les-actualites\/burotop-iris-sensibilise-le-personnel-feminin-a-la-sante\" rel=\"bookmark\" class=\"td-image-wrap\" title=\"Burotop Iris Sensibilise le Personnel F\u00e9minin \u00e0 la Sant\u00e9\"><img loading=\"lazy\" decoding=\"async\" class=\"entry-thumb\" src=\"data:image\/png;base64,iVBORw0KGgoAAAANSUhEUgAAAFAAAAA8AQMAAADL6a\/PAAAAA1BMVEWurq51dlI4AAAAAXRSTlMmkutdmwAAAA5JREFUKM9jGAWjYJABAAKUAAHoEAeuAAAAAElFTkSuQmCC\" alt=\"Burotop Iris Sensibilise le Personnel F\u00e9minin \u00e0 la Sant\u00e9\" title=\"Burotop Iris Sensibilise le Personnel F\u00e9minin \u00e0 la Sant\u00e9\" data-type=\"image_tag\" data-img-url=\"https:\/\/static.africa-press.net\/congo-brazzaville\/sites\/51\/2026\/03\/sm_1773439232.312467-80x60.jpg\"  width=\"80\" height=\"60\" \/><\/a><\/div>\r\n            <div class=\"item-details\">\r\n                <h3 class=\"entry-title td-module-title\"><a href=\"https:\/\/www.africa-press.net\/congo-brazzaville\/toutes-les-actualites\/burotop-iris-sensibilise-le-personnel-feminin-a-la-sante\" rel=\"bookmark\" title=\"Burotop Iris Sensibilise le Personnel F\u00e9minin \u00e0 la Sant\u00e9\">Burotop Iris Sensibilise le Personnel F\u00e9minin \u00e0 la Sant\u00e9<\/a><\/h3>                <div class=\"td-module-meta-info\">\r\n                                                            <span class=\"td-post-date\"><time class=\"entry-date updated td-module-date\" datetime=\"2026-03-13T21:05:14+00:00\" >2026-03-13<\/time><\/span>                                    <\/div>\r\n            <\/div>\r\n\r\n        <\/div>\r\n\r\n        <\/div><div class=\"td-next-prev-wrap\"><a href=\"#\" class=\"td-ajax-prev-page ajax-page-disabled\" id=\"prev-page-td_uid_31_69f1297482046\" data-td_block_id=\"td_uid_31_69f1297482046\"><i class=\"td-icon-font td-icon-menu-left\"><\/i><\/a><a href=\"#\"  class=\"td-ajax-next-page\" id=\"next-page-td_uid_31_69f1297482046\" data-td_block_id=\"td_uid_31_69f1297482046\"><i class=\"td-icon-font td-icon-menu-right\"><\/i><\/a><\/div><\/div> <!-- .\/block --><\/div><\/div><\/div><div class=\"vc_column_inner td_uid_32_69f129748f583_rand  wpb_column vc_column_container tdc-inner-column td-pb-span6\">\n<style scoped>\n\n\/* custom css *\/\n.td_uid_32_69f129748f583_rand {\r\n                    vertical-align: baseline;\r\n                }\n<\/style><div class=\"vc_column-inner\"><div class=\"wpb_wrapper\"><div class=\"td_block_wrap td_block_7 td_uid_33_69f129748f620_rand td-pb-border-top td_block_template_1 td-column-1 td_block_padding\"  data-td-block-uid=\"td_uid_33_69f129748f620\" >\n<style>\n\n\/* inline tdc_css att *\/\n\n\/* phone *\/\n@media (max-width: 767px)\n{\n.td_uid_33_69f129748f620_rand{\ndisplay:none !important;\n}\n}\n\n<\/style><script>var block_td_uid_33_69f129748f620 = new tdBlock();\nblock_td_uid_33_69f129748f620.id = \"td_uid_33_69f129748f620\";\nblock_td_uid_33_69f129748f620.atts = '{\"category_id\":\"21\",\"limit\":\"4\",\"offset\":\"3\",\"tdc_css\":\"eyJwaG9uZSI6eyJkaXNwbGF5Ijoibm9uZSJ9LCJwaG9uZV9tYXhfd2lkdGgiOjc2N30=\",\"separator\":\"\",\"custom_title\":\"\",\"custom_url\":\"\",\"block_template_id\":\"\",\"m6_tl\":\"\",\"post_ids\":\"\",\"category_ids\":\"\",\"tag_slug\":\"\",\"autors_id\":\"\",\"installed_post_types\":\"\",\"sort\":\"\",\"show_modified_date\":\"\",\"el_class\":\"\",\"td_ajax_filter_type\":\"\",\"td_ajax_filter_ids\":\"\",\"td_filter_default_txt\":\"All\",\"td_ajax_preloading\":\"\",\"f_header_font_header\":\"\",\"f_header_font_title\":\"Block header\",\"f_header_font_settings\":\"\",\"f_header_font_family\":\"\",\"f_header_font_size\":\"\",\"f_header_font_line_height\":\"\",\"f_header_font_style\":\"\",\"f_header_font_weight\":\"\",\"f_header_font_transform\":\"\",\"f_header_font_spacing\":\"\",\"f_header_\":\"\",\"f_ajax_font_title\":\"Ajax categories\",\"f_ajax_font_settings\":\"\",\"f_ajax_font_family\":\"\",\"f_ajax_font_size\":\"\",\"f_ajax_font_line_height\":\"\",\"f_ajax_font_style\":\"\",\"f_ajax_font_weight\":\"\",\"f_ajax_font_transform\":\"\",\"f_ajax_font_spacing\":\"\",\"f_ajax_\":\"\",\"f_more_font_title\":\"Load more button\",\"f_more_font_settings\":\"\",\"f_more_font_family\":\"\",\"f_more_font_size\":\"\",\"f_more_font_line_height\":\"\",\"f_more_font_style\":\"\",\"f_more_font_weight\":\"\",\"f_more_font_transform\":\"\",\"f_more_font_spacing\":\"\",\"f_more_\":\"\",\"m6f_title_font_header\":\"\",\"m6f_title_font_title\":\"Article title\",\"m6f_title_font_settings\":\"\",\"m6f_title_font_family\":\"\",\"m6f_title_font_size\":\"\",\"m6f_title_font_line_height\":\"\",\"m6f_title_font_style\":\"\",\"m6f_title_font_weight\":\"\",\"m6f_title_font_transform\":\"\",\"m6f_title_font_spacing\":\"\",\"m6f_title_\":\"\",\"m6f_cat_font_title\":\"Article category tag\",\"m6f_cat_font_settings\":\"\",\"m6f_cat_font_family\":\"\",\"m6f_cat_font_size\":\"\",\"m6f_cat_font_line_height\":\"\",\"m6f_cat_font_style\":\"\",\"m6f_cat_font_weight\":\"\",\"m6f_cat_font_transform\":\"\",\"m6f_cat_font_spacing\":\"\",\"m6f_cat_\":\"\",\"m6f_meta_font_title\":\"Article meta info\",\"m6f_meta_font_settings\":\"\",\"m6f_meta_font_family\":\"\",\"m6f_meta_font_size\":\"\",\"m6f_meta_font_line_height\":\"\",\"m6f_meta_font_style\":\"\",\"m6f_meta_font_weight\":\"\",\"m6f_meta_font_transform\":\"\",\"m6f_meta_font_spacing\":\"\",\"m6f_meta_\":\"\",\"ajax_pagination\":\"\",\"ajax_pagination_infinite_stop\":\"\",\"css\":\"\",\"td_column_number\":1,\"header_color\":\"\",\"color_preset\":\"\",\"border_top\":\"\",\"class\":\"td_uid_33_69f129748f620_rand\",\"tdc_css_class\":\"td_uid_33_69f129748f620_rand\",\"tdc_css_class_style\":\"td_uid_33_69f129748f620_rand_style\"}';\nblock_td_uid_33_69f129748f620.td_column_number = \"1\";\nblock_td_uid_33_69f129748f620.block_type = \"td_block_7\";\nblock_td_uid_33_69f129748f620.post_count = \"4\";\nblock_td_uid_33_69f129748f620.found_posts = \"3499\";\nblock_td_uid_33_69f129748f620.header_color = \"\";\nblock_td_uid_33_69f129748f620.ajax_pagination_infinite_stop = \"\";\nblock_td_uid_33_69f129748f620.max_num_pages = \"874\";\ntdBlocksArray.push(block_td_uid_33_69f129748f620);\n<\/script><div class=\"td-block-title-wrap\"><\/div><div id=td_uid_33_69f129748f620 class=\"td_block_inner\">\n\n\t<div class=\"td-block-span12\">\n\r\n        <div class=\"td_module_6 td_module_wrap td-animation-stack\">\r\n\r\n        <div class=\"td-module-thumb\"><a href=\"https:\/\/www.africa-press.net\/congo-brazzaville\/toutes-les-actualites\/riverains-plaident-pour-ralentisseurs-et-garde-fous\" rel=\"bookmark\" class=\"td-image-wrap\" title=\"Riverains Plaident Pour Ralentisseurs et Garde-Fous\"><img loading=\"lazy\" decoding=\"async\" class=\"entry-thumb\" src=\"data:image\/png;base64,iVBORw0KGgoAAAANSUhEUgAAAGQAAABGAQMAAAAASKMqAAAAA1BMVEWurq51dlI4AAAAAXRSTlMmkutdmwAAABBJREFUKM9jGAWjYBQMKwAAA9QAAQWBn6cAAAAASUVORK5CYII=\" alt=\"Riverains Plaident Pour Ralentisseurs et Garde-Fous\" title=\"Riverains Plaident Pour Ralentisseurs et Garde-Fous\" data-type=\"image_tag\" data-img-url=\"https:\/\/static.africa-press.net\/congo-brazzaville\/sites\/51\/2026\/02\/sm_1772214125.396644-100x70.jpg\"  width=\"100\" height=\"70\" \/><\/a><\/div>\r\n        <div class=\"item-details\">\r\n            <h3 class=\"entry-title td-module-title\"><a href=\"https:\/\/www.africa-press.net\/congo-brazzaville\/toutes-les-actualites\/riverains-plaident-pour-ralentisseurs-et-garde-fous\" rel=\"bookmark\" title=\"Riverains Plaident Pour Ralentisseurs et Garde-Fous\">Riverains Plaident Pour Ralentisseurs et Garde-Fous<\/a><\/h3>            <div class=\"td-module-meta-info\">\r\n                                                <span class=\"td-post-date\"><time class=\"entry-date updated td-module-date\" datetime=\"2026-02-27T17:16:53+00:00\" >2026-02-27<\/time><\/span>                            <\/div>\r\n        <\/div>\r\n\r\n        <\/div>\r\n\r\n        \n\t<\/div> <!-- .\/td-block-span12 -->\n\n\t<div class=\"td-block-span12\">\n\r\n        <div class=\"td_module_6 td_module_wrap td-animation-stack\">\r\n\r\n        <div class=\"td-module-thumb\"><a href=\"https:\/\/www.africa-press.net\/congo-brazzaville\/toutes-les-actualites\/sensibilisation-des-jeunes-au-droit-de-vote-presidentiel\" rel=\"bookmark\" class=\"td-image-wrap\" title=\"Sensibilisation des jeunes au droit de vote pr\u00e9sidentiel\"><img loading=\"lazy\" decoding=\"async\" class=\"entry-thumb\" src=\"data:image\/png;base64,iVBORw0KGgoAAAANSUhEUgAAAGQAAABGAQMAAAAASKMqAAAAA1BMVEWurq51dlI4AAAAAXRSTlMmkutdmwAAABBJREFUKM9jGAWjYBQMKwAAA9QAAQWBn6cAAAAASUVORK5CYII=\" alt=\"Sensibilisation des jeunes au droit de vote pr\u00e9sidentiel\" title=\"Sensibilisation des jeunes au droit de vote pr\u00e9sidentiel\" data-type=\"image_tag\" data-img-url=\"https:\/\/static.africa-press.net\/congo-brazzaville\/sites\/51\/2026\/02\/sm_1772214111.611514-100x70.jpg\"  width=\"100\" height=\"70\" \/><\/a><\/div>\r\n        <div class=\"item-details\">\r\n            <h3 class=\"entry-title td-module-title\"><a href=\"https:\/\/www.africa-press.net\/congo-brazzaville\/toutes-les-actualites\/sensibilisation-des-jeunes-au-droit-de-vote-presidentiel\" rel=\"bookmark\" title=\"Sensibilisation des jeunes au droit de vote pr\u00e9sidentiel\">Sensibilisation des jeunes au droit de vote pr\u00e9sidentiel<\/a><\/h3>            <div class=\"td-module-meta-info\">\r\n                                                <span class=\"td-post-date\"><time class=\"entry-date updated td-module-date\" datetime=\"2026-02-27T17:16:47+00:00\" >2026-02-27<\/time><\/span>                            <\/div>\r\n        <\/div>\r\n\r\n        <\/div>\r\n\r\n        \n\t<\/div> <!-- .\/td-block-span12 -->\n\n\t<div class=\"td-block-span12\">\n\r\n        <div class=\"td_module_6 td_module_wrap td-animation-stack\">\r\n\r\n        <div class=\"td-module-thumb\"><a href=\"https:\/\/www.africa-press.net\/congo-brazzaville\/politique\/congolais-sexpriment-sur-election-presidentielle-2026\" rel=\"bookmark\" class=\"td-image-wrap\" title=\"Congolais S&rsquo;Expriment Sur \u00c9lection Pr\u00e9sidentielle 2026\"><img loading=\"lazy\" decoding=\"async\" class=\"entry-thumb\" src=\"data:image\/png;base64,iVBORw0KGgoAAAANSUhEUgAAAGQAAABGAQMAAAAASKMqAAAAA1BMVEWurq51dlI4AAAAAXRSTlMmkutdmwAAABBJREFUKM9jGAWjYBQMKwAAA9QAAQWBn6cAAAAASUVORK5CYII=\" alt=\"Congolais S&#039;Expriment Sur \u00c9lection Pr\u00e9sidentielle 2026\" title=\"Congolais S&rsquo;Expriment Sur \u00c9lection Pr\u00e9sidentielle 2026\" data-type=\"image_tag\" data-img-url=\"https:\/\/static.africa-press.net\/congo-brazzaville\/sites\/51\/2026\/02\/sm_1772046773.399341-100x70.jpg\"  width=\"100\" height=\"70\" \/><\/a><\/div>\r\n        <div class=\"item-details\">\r\n            <h3 class=\"entry-title td-module-title\"><a href=\"https:\/\/www.africa-press.net\/congo-brazzaville\/politique\/congolais-sexpriment-sur-election-presidentielle-2026\" rel=\"bookmark\" title=\"Congolais S&rsquo;Expriment Sur \u00c9lection Pr\u00e9sidentielle 2026\">Congolais S&rsquo;Expriment Sur \u00c9lection Pr\u00e9sidentielle 2026<\/a><\/h3>            <div class=\"td-module-meta-info\">\r\n                                                <span class=\"td-post-date\"><time class=\"entry-date updated td-module-date\" datetime=\"2026-02-25T18:43:31+00:00\" >2026-02-25<\/time><\/span>                            <\/div>\r\n        <\/div>\r\n\r\n        <\/div>\r\n\r\n        \n\t<\/div> <!-- .\/td-block-span12 -->\n\n\t<div class=\"td-block-span12\">\n\r\n        <div class=\"td_module_6 td_module_wrap td-animation-stack\">\r\n\r\n        <div class=\"td-module-thumb\"><a href=\"https:\/\/www.africa-press.net\/congo-brazzaville\/toutes-les-actualites\/fondation-harrys-oyo-forme-223-jeunes-pour-employabilite\" rel=\"bookmark\" class=\"td-image-wrap\" title=\"Fondation Harrys Oyo Forme 223 Jeunes Pour Employabilit\u00e9\"><img loading=\"lazy\" decoding=\"async\" class=\"entry-thumb\" src=\"data:image\/png;base64,iVBORw0KGgoAAAANSUhEUgAAAGQAAABGAQMAAAAASKMqAAAAA1BMVEWurq51dlI4AAAAAXRSTlMmkutdmwAAABBJREFUKM9jGAWjYBQMKwAAA9QAAQWBn6cAAAAASUVORK5CYII=\" alt=\"Fondation Harrys Oyo Forme 223 Jeunes Pour Employabilit\u00e9\" title=\"Fondation Harrys Oyo Forme 223 Jeunes Pour Employabilit\u00e9\" data-type=\"image_tag\" data-img-url=\"https:\/\/static.africa-press.net\/congo-brazzaville\/sites\/51\/2026\/02\/sm_1771962206.327082-100x70.jpg\"  width=\"100\" height=\"70\" \/><\/a><\/div>\r\n        <div class=\"item-details\">\r\n            <h3 class=\"entry-title td-module-title\"><a href=\"https:\/\/www.africa-press.net\/congo-brazzaville\/toutes-les-actualites\/fondation-harrys-oyo-forme-223-jeunes-pour-employabilite\" rel=\"bookmark\" title=\"Fondation Harrys Oyo Forme 223 Jeunes Pour Employabilit\u00e9\">Fondation Harrys Oyo Forme 223 Jeunes Pour Employabilit\u00e9<\/a><\/h3>            <div class=\"td-module-meta-info\">\r\n                                                <span class=\"td-post-date\"><time class=\"entry-date updated td-module-date\" datetime=\"2026-02-24T19:13:59+00:00\" >2026-02-24<\/time><\/span>                            <\/div>\r\n        <\/div>\r\n\r\n        <\/div>\r\n\r\n        \n\t<\/div> <!-- .\/td-block-span12 --><\/div><\/div> <!-- .\/block --><\/div><\/div><\/div><\/div><div class=\"tdm_block td_block_wrap tdm_block_button td_uid_34_69f129749c5c8_rand tdm-block-button-inline tdm-content-horiz-right td-pb-border-top main-box-btn-green-en td_block_template_1\"  data-td-block-uid=\"td_uid_34_69f129749c5c8\"     >\n<style>\n.td_uid_35_69f129749cda6 i:first-child {\r\n\t\t\t\t\tmargin-right: 14px;\r\n\t\t\t\t}\n<\/style><div class=\"tds-button td-fix-index\"><a \r\n                href=\"\/congo-brazzaville\/communaute\" \r\n                class=\"tds-button1 tdm-btn tdm-btn-sm td_uid_35_69f129749cda6\"  target=\"_blank\" ><i class=\"tdc-font-fa tdc-font-fa-arrow-right\"><\/i><span class=\"tdm-btn-text\">Plus de Nouvelles<\/span><\/a><\/div><\/div><div class=\"wpb_wrapper td_block_wrap vc_raw_html td_uid_36_69f129749d29c_rand \"><div class=\"td-fix-index\"><div class=\"td-block-title-wrap\"><h4 class=\"block-title\"><a href=\"\/congo-brazzaville\/parties\" class=\"td-pulldown-size\">Parties<\/a><\/h4><\/div><\/div><\/div><div id=\"main-box\" class=\"vc_row_inner td_uid_37_69f129749d2f4_rand  vc_row vc_inner wpb_row td-pb-row\" >\n<style scoped>\n\n\/* custom css *\/\n.td_uid_37_69f129749d2f4_rand {\r\n                    position: relative !important;\r\n                    top: 0;\r\n                    transform: none;\r\n                    -webkit-transform: none;\r\n                }\n<\/style><div class=\"vc_column_inner td_uid_38_69f129749d44a_rand  wpb_column vc_column_container tdc-inner-column td-pb-span6\">\n<style scoped>\n\n\/* custom css *\/\n.td_uid_38_69f129749d44a_rand {\r\n                    vertical-align: baseline;\r\n                }\n<\/style><div class=\"vc_column-inner\"><div class=\"wpb_wrapper\"><div class=\"td_block_wrap td_block_18 td_uid_39_69f129749d593_rand td_with_ajax_pagination td-pb-border-top td_block_template_1 td-column-1\"  data-td-block-uid=\"td_uid_39_69f129749d593\" ><script>var block_td_uid_39_69f129749d593 = new tdBlock();\nblock_td_uid_39_69f129749d593.id = \"td_uid_39_69f129749d593\";\nblock_td_uid_39_69f129749d593.atts = '{\"category_id\":\"4\",\"limit\":\"3\",\"ajax_pagination\":\"next_prev\",\"separator\":\"\",\"custom_title\":\"\",\"custom_url\":\"\",\"block_template_id\":\"\",\"mx8_tl\":\"\",\"m10_tl\":\"\",\"m10_el\":\"\",\"mx2_tl\":\"\",\"post_ids\":\"\",\"category_ids\":\"\",\"tag_slug\":\"\",\"autors_id\":\"\",\"installed_post_types\":\"\",\"sort\":\"\",\"offset\":\"\",\"show_modified_date\":\"\",\"el_class\":\"\",\"td_ajax_filter_type\":\"\",\"td_ajax_filter_ids\":\"\",\"td_filter_default_txt\":\"All\",\"td_ajax_preloading\":\"\",\"f_header_font_header\":\"\",\"f_header_font_title\":\"Block header\",\"f_header_font_settings\":\"\",\"f_header_font_family\":\"\",\"f_header_font_size\":\"\",\"f_header_font_line_height\":\"\",\"f_header_font_style\":\"\",\"f_header_font_weight\":\"\",\"f_header_font_transform\":\"\",\"f_header_font_spacing\":\"\",\"f_header_\":\"\",\"f_ajax_font_title\":\"Ajax categories\",\"f_ajax_font_settings\":\"\",\"f_ajax_font_family\":\"\",\"f_ajax_font_size\":\"\",\"f_ajax_font_line_height\":\"\",\"f_ajax_font_style\":\"\",\"f_ajax_font_weight\":\"\",\"f_ajax_font_transform\":\"\",\"f_ajax_font_spacing\":\"\",\"f_ajax_\":\"\",\"f_more_font_title\":\"Load more button\",\"f_more_font_settings\":\"\",\"f_more_font_family\":\"\",\"f_more_font_size\":\"\",\"f_more_font_line_height\":\"\",\"f_more_font_style\":\"\",\"f_more_font_weight\":\"\",\"f_more_font_transform\":\"\",\"f_more_font_spacing\":\"\",\"f_more_\":\"\",\"mx8f_title_font_header\":\"\",\"mx8f_title_font_title\":\"Article title\",\"mx8f_title_font_settings\":\"\",\"mx8f_title_font_family\":\"\",\"mx8f_title_font_size\":\"\",\"mx8f_title_font_line_height\":\"\",\"mx8f_title_font_style\":\"\",\"mx8f_title_font_weight\":\"\",\"mx8f_title_font_transform\":\"\",\"mx8f_title_font_spacing\":\"\",\"mx8f_title_\":\"\",\"mx8f_cat_font_title\":\"Article category tag\",\"mx8f_cat_font_settings\":\"\",\"mx8f_cat_font_family\":\"\",\"mx8f_cat_font_size\":\"\",\"mx8f_cat_font_line_height\":\"\",\"mx8f_cat_font_style\":\"\",\"mx8f_cat_font_weight\":\"\",\"mx8f_cat_font_transform\":\"\",\"mx8f_cat_font_spacing\":\"\",\"mx8f_cat_\":\"\",\"mx8f_meta_font_title\":\"Article meta info\",\"mx8f_meta_font_settings\":\"\",\"mx8f_meta_font_family\":\"\",\"mx8f_meta_font_size\":\"\",\"mx8f_meta_font_line_height\":\"\",\"mx8f_meta_font_style\":\"\",\"mx8f_meta_font_weight\":\"\",\"mx8f_meta_font_transform\":\"\",\"mx8f_meta_font_spacing\":\"\",\"mx8f_meta_\":\"\",\"m10f_title_font_header\":\"\",\"m10f_title_font_title\":\"Article title\",\"m10f_title_font_settings\":\"\",\"m10f_title_font_family\":\"\",\"m10f_title_font_size\":\"\",\"m10f_title_font_line_height\":\"\",\"m10f_title_font_style\":\"\",\"m10f_title_font_weight\":\"\",\"m10f_title_font_transform\":\"\",\"m10f_title_font_spacing\":\"\",\"m10f_title_\":\"\",\"m10f_cat_font_title\":\"Article category tag\",\"m10f_cat_font_settings\":\"\",\"m10f_cat_font_family\":\"\",\"m10f_cat_font_size\":\"\",\"m10f_cat_font_line_height\":\"\",\"m10f_cat_font_style\":\"\",\"m10f_cat_font_weight\":\"\",\"m10f_cat_font_transform\":\"\",\"m10f_cat_font_spacing\":\"\",\"m10f_cat_\":\"\",\"m10f_meta_font_title\":\"Article meta info\",\"m10f_meta_font_settings\":\"\",\"m10f_meta_font_family\":\"\",\"m10f_meta_font_size\":\"\",\"m10f_meta_font_line_height\":\"\",\"m10f_meta_font_style\":\"\",\"m10f_meta_font_weight\":\"\",\"m10f_meta_font_transform\":\"\",\"m10f_meta_font_spacing\":\"\",\"m10f_meta_\":\"\",\"m10f_ex_font_title\":\"Article excerpt\",\"m10f_ex_font_settings\":\"\",\"m10f_ex_font_family\":\"\",\"m10f_ex_font_size\":\"\",\"m10f_ex_font_line_height\":\"\",\"m10f_ex_font_style\":\"\",\"m10f_ex_font_weight\":\"\",\"m10f_ex_font_transform\":\"\",\"m10f_ex_font_spacing\":\"\",\"m10f_ex_\":\"\",\"mx2f_title_font_header\":\"\",\"mx2f_title_font_title\":\"Article title\",\"mx2f_title_font_settings\":\"\",\"mx2f_title_font_family\":\"\",\"mx2f_title_font_size\":\"\",\"mx2f_title_font_line_height\":\"\",\"mx2f_title_font_style\":\"\",\"mx2f_title_font_weight\":\"\",\"mx2f_title_font_transform\":\"\",\"mx2f_title_font_spacing\":\"\",\"mx2f_title_\":\"\",\"mx2f_cat_font_title\":\"Article category tag\",\"mx2f_cat_font_settings\":\"\",\"mx2f_cat_font_family\":\"\",\"mx2f_cat_font_size\":\"\",\"mx2f_cat_font_line_height\":\"\",\"mx2f_cat_font_style\":\"\",\"mx2f_cat_font_weight\":\"\",\"mx2f_cat_font_transform\":\"\",\"mx2f_cat_font_spacing\":\"\",\"mx2f_cat_\":\"\",\"mx2f_meta_font_title\":\"Article meta info\",\"mx2f_meta_font_settings\":\"\",\"mx2f_meta_font_family\":\"\",\"mx2f_meta_font_size\":\"\",\"mx2f_meta_font_line_height\":\"\",\"mx2f_meta_font_style\":\"\",\"mx2f_meta_font_weight\":\"\",\"mx2f_meta_font_transform\":\"\",\"mx2f_meta_font_spacing\":\"\",\"mx2f_meta_\":\"\",\"ajax_pagination_infinite_stop\":\"\",\"css\":\"\",\"tdc_css\":\"\",\"td_column_number\":1,\"header_color\":\"\",\"color_preset\":\"\",\"border_top\":\"\",\"class\":\"td_uid_39_69f129749d593_rand\",\"tdc_css_class\":\"td_uid_39_69f129749d593_rand\",\"tdc_css_class_style\":\"td_uid_39_69f129749d593_rand_style\"}';\nblock_td_uid_39_69f129749d593.td_column_number = \"1\";\nblock_td_uid_39_69f129749d593.block_type = \"td_block_18\";\nblock_td_uid_39_69f129749d593.post_count = \"3\";\nblock_td_uid_39_69f129749d593.found_posts = \"25\";\nblock_td_uid_39_69f129749d593.header_color = \"\";\nblock_td_uid_39_69f129749d593.ajax_pagination_infinite_stop = \"\";\nblock_td_uid_39_69f129749d593.max_num_pages = \"9\";\ntdBlocksArray.push(block_td_uid_39_69f129749d593);\n<\/script><div class=\"td-block-title-wrap\"><\/div><div id=td_uid_39_69f129749d593 class=\"td_block_inner td-column-1\">\r\n        <div class=\"td_module_mx8 td_module_wrap td-animation-stack\">\r\n            <div class=\"meta-info-container\">\r\n                <div class=\"td-module-thumb\"><a href=\"https:\/\/www.africa-press.net\/congo-brazzaville\/politique\/bureau-politique-du-pct-examine-programme-2026\" rel=\"bookmark\" class=\"td-image-wrap\" title=\"Bureau Politique Du PCT Examine Programme 2026\"><img loading=\"lazy\" decoding=\"async\" class=\"entry-thumb\" src=\"data:image\/png;base64,iVBORw0KGgoAAAANSUhEUgAAArgAAAGBAQMAAAC3k1CUAAAAA1BMVEWurq51dlI4AAAAAXRSTlMmkutdmwAAADdJREFUeNrtwTEBAAAAwiD7p7bETmAAAAAAAAAAAAAAAAAAAAAAAAAAAAAAAAAAAAAAAAAAAEDuhFgAARFpDB8AAAAASUVORK5CYII=\" alt=\"Bureau Politique Du PCT Examine Programme 2026\" title=\"Bureau Politique Du PCT Examine Programme 2026\" data-type=\"image_tag\" data-img-url=\"https:\/\/static.africa-press.net\/congo-brazzaville\/sites\/51\/2026\/01\/sm_1769284109.515428-696x385.jpg\"  width=\"696\" height=\"385\" \/><\/a><\/div>\r\n                <div class=\"td-module-meta-info\">\r\n                    <h3 class=\"entry-title td-module-title\"><a href=\"https:\/\/www.africa-press.net\/congo-brazzaville\/politique\/bureau-politique-du-pct-examine-programme-2026\" rel=\"bookmark\" title=\"Bureau Politique Du PCT Examine Programme 2026\">Bureau Politique Du PCT Examine Programme 2026<\/a><\/h3>                                        <span class=\"td-author-date\">\r\n                                                <span class=\"td-post-date\"><time class=\"entry-date updated td-module-date\" datetime=\"2026-01-24T19:18:44+00:00\" >2026-01-24<\/time><\/span>                                            <\/span>\r\n                <\/div>\r\n            <\/div>\r\n\r\n        <\/div>\r\n\r\n        \r\n        <div class=\"td_module_mx2 td_module_wrap td-animation-stack\">\r\n\r\n            <div class=\"td-module-thumb\"><a href=\"https:\/\/www.africa-press.net\/congo-brazzaville\/politique\/pct-appelle-a-elargir-son-ancrage-national\" rel=\"bookmark\" class=\"td-image-wrap\" title=\"PCT Appelle \u00e0 \u00c9largir Son Ancrage National\"><img loading=\"lazy\" decoding=\"async\" class=\"entry-thumb\" src=\"data:image\/png;base64,iVBORw0KGgoAAAANSUhEUgAAAFAAAAA8AQMAAADL6a\/PAAAAA1BMVEWurq51dlI4AAAAAXRSTlMmkutdmwAAAA5JREFUKM9jGAWjYJABAAKUAAHoEAeuAAAAAElFTkSuQmCC\" alt=\"PCT Appelle \u00e0 \u00c9largir Son Ancrage National\" title=\"PCT Appelle \u00e0 \u00c9largir Son Ancrage National\" data-type=\"image_tag\" data-img-url=\"https:\/\/static.africa-press.net\/congo-brazzaville\/sites\/51\/2025\/12\/sm_1767043670.748696-80x60.jpg\"  width=\"80\" height=\"60\" \/><\/a><\/div>\r\n            <div class=\"item-details\">\r\n                <h3 class=\"entry-title td-module-title\"><a href=\"https:\/\/www.africa-press.net\/congo-brazzaville\/politique\/pct-appelle-a-elargir-son-ancrage-national\" rel=\"bookmark\" title=\"PCT Appelle \u00e0 \u00c9largir Son Ancrage National\">PCT Appelle \u00e0 \u00c9largir Son Ancrage National<\/a><\/h3>                <div class=\"td-module-meta-info\">\r\n                                                            <span class=\"td-post-date\"><time class=\"entry-date updated td-module-date\" datetime=\"2025-12-29T20:56:04+00:00\" >2025-12-29<\/time><\/span>                                    <\/div>\r\n            <\/div>\r\n\r\n        <\/div>\r\n\r\n        \r\n        <div class=\"td_module_mx2 td_module_wrap td-animation-stack\">\r\n\r\n            <div class=\"td-module-thumb\"><a href=\"https:\/\/www.africa-press.net\/congo-brazzaville\/politique\/reunion-du-bureau-politique-du-parti-congolais-du-travail\" rel=\"bookmark\" class=\"td-image-wrap\" title=\"R\u00e9union du Bureau Politique du Parti Congolais du Travail\"><img loading=\"lazy\" decoding=\"async\" class=\"entry-thumb\" src=\"data:image\/png;base64,iVBORw0KGgoAAAANSUhEUgAAAFAAAAA8AQMAAADL6a\/PAAAAA1BMVEWurq51dlI4AAAAAXRSTlMmkutdmwAAAA5JREFUKM9jGAWjYJABAAKUAAHoEAeuAAAAAElFTkSuQmCC\" alt=\"R\u00e9union du Bureau Politique du Parti Congolais du Travail\" title=\"R\u00e9union du Bureau Politique du Parti Congolais du Travail\" data-type=\"image_tag\" data-img-url=\"https:\/\/static.africa-press.net\/congo-brazzaville\/sites\/51\/2025\/11\/sm_1762634220.052806-80x60.jpg\"  width=\"80\" height=\"60\" \/><\/a><\/div>\r\n            <div class=\"item-details\">\r\n                <h3 class=\"entry-title td-module-title\"><a href=\"https:\/\/www.africa-press.net\/congo-brazzaville\/politique\/reunion-du-bureau-politique-du-parti-congolais-du-travail\" rel=\"bookmark\" title=\"R\u00e9union du Bureau Politique du Parti Congolais du Travail\">R\u00e9union du Bureau Politique du Parti Congolais du Travail<\/a><\/h3>                <div class=\"td-module-meta-info\">\r\n                                                            <span class=\"td-post-date\"><time class=\"entry-date updated td-module-date\" datetime=\"2025-11-08T19:24:44+00:00\" >2025-11-08<\/time><\/span>                                    <\/div>\r\n            <\/div>\r\n\r\n        <\/div>\r\n\r\n        <\/div><div class=\"td-next-prev-wrap\"><a href=\"#\" class=\"td-ajax-prev-page ajax-page-disabled\" id=\"prev-page-td_uid_39_69f129749d593\" data-td_block_id=\"td_uid_39_69f129749d593\"><i class=\"td-icon-font td-icon-menu-left\"><\/i><\/a><a href=\"#\"  class=\"td-ajax-next-page\" id=\"next-page-td_uid_39_69f129749d593\" data-td_block_id=\"td_uid_39_69f129749d593\"><i class=\"td-icon-font td-icon-menu-right\"><\/i><\/a><\/div><\/div> <!-- .\/block --><\/div><\/div><\/div><div class=\"vc_column_inner td_uid_40_69f12974a1bea_rand  wpb_column vc_column_container tdc-inner-column td-pb-span6\">\n<style scoped>\n\n\/* custom css *\/\n.td_uid_40_69f12974a1bea_rand {\r\n                    vertical-align: baseline;\r\n                }\n<\/style><div class=\"vc_column-inner\"><div class=\"wpb_wrapper\"><div class=\"td_block_wrap td_block_7 td_uid_41_69f12974a1c91_rand td-pb-border-top td_block_template_1 td-column-1 td_block_padding\"  data-td-block-uid=\"td_uid_41_69f12974a1c91\" >\n<style>\n\n\/* inline tdc_css att *\/\n\n\/* phone *\/\n@media (max-width: 767px)\n{\n.td_uid_41_69f12974a1c91_rand{\ndisplay:none !important;\n}\n}\n\n<\/style><script>var block_td_uid_41_69f12974a1c91 = new tdBlock();\nblock_td_uid_41_69f12974a1c91.id = \"td_uid_41_69f12974a1c91\";\nblock_td_uid_41_69f12974a1c91.atts = '{\"category_id\":\"4\",\"limit\":\"4\",\"offset\":\"3\",\"tdc_css\":\"eyJwaG9uZSI6eyJkaXNwbGF5Ijoibm9uZSJ9LCJwaG9uZV9tYXhfd2lkdGgiOjc2N30=\",\"separator\":\"\",\"custom_title\":\"\",\"custom_url\":\"\",\"block_template_id\":\"\",\"m6_tl\":\"\",\"post_ids\":\"\",\"category_ids\":\"\",\"tag_slug\":\"\",\"autors_id\":\"\",\"installed_post_types\":\"\",\"sort\":\"\",\"show_modified_date\":\"\",\"el_class\":\"\",\"td_ajax_filter_type\":\"\",\"td_ajax_filter_ids\":\"\",\"td_filter_default_txt\":\"All\",\"td_ajax_preloading\":\"\",\"f_header_font_header\":\"\",\"f_header_font_title\":\"Block header\",\"f_header_font_settings\":\"\",\"f_header_font_family\":\"\",\"f_header_font_size\":\"\",\"f_header_font_line_height\":\"\",\"f_header_font_style\":\"\",\"f_header_font_weight\":\"\",\"f_header_font_transform\":\"\",\"f_header_font_spacing\":\"\",\"f_header_\":\"\",\"f_ajax_font_title\":\"Ajax categories\",\"f_ajax_font_settings\":\"\",\"f_ajax_font_family\":\"\",\"f_ajax_font_size\":\"\",\"f_ajax_font_line_height\":\"\",\"f_ajax_font_style\":\"\",\"f_ajax_font_weight\":\"\",\"f_ajax_font_transform\":\"\",\"f_ajax_font_spacing\":\"\",\"f_ajax_\":\"\",\"f_more_font_title\":\"Load more button\",\"f_more_font_settings\":\"\",\"f_more_font_family\":\"\",\"f_more_font_size\":\"\",\"f_more_font_line_height\":\"\",\"f_more_font_style\":\"\",\"f_more_font_weight\":\"\",\"f_more_font_transform\":\"\",\"f_more_font_spacing\":\"\",\"f_more_\":\"\",\"m6f_title_font_header\":\"\",\"m6f_title_font_title\":\"Article title\",\"m6f_title_font_settings\":\"\",\"m6f_title_font_family\":\"\",\"m6f_title_font_size\":\"\",\"m6f_title_font_line_height\":\"\",\"m6f_title_font_style\":\"\",\"m6f_title_font_weight\":\"\",\"m6f_title_font_transform\":\"\",\"m6f_title_font_spacing\":\"\",\"m6f_title_\":\"\",\"m6f_cat_font_title\":\"Article category tag\",\"m6f_cat_font_settings\":\"\",\"m6f_cat_font_family\":\"\",\"m6f_cat_font_size\":\"\",\"m6f_cat_font_line_height\":\"\",\"m6f_cat_font_style\":\"\",\"m6f_cat_font_weight\":\"\",\"m6f_cat_font_transform\":\"\",\"m6f_cat_font_spacing\":\"\",\"m6f_cat_\":\"\",\"m6f_meta_font_title\":\"Article meta info\",\"m6f_meta_font_settings\":\"\",\"m6f_meta_font_family\":\"\",\"m6f_meta_font_size\":\"\",\"m6f_meta_font_line_height\":\"\",\"m6f_meta_font_style\":\"\",\"m6f_meta_font_weight\":\"\",\"m6f_meta_font_transform\":\"\",\"m6f_meta_font_spacing\":\"\",\"m6f_meta_\":\"\",\"ajax_pagination\":\"\",\"ajax_pagination_infinite_stop\":\"\",\"css\":\"\",\"td_column_number\":1,\"header_color\":\"\",\"color_preset\":\"\",\"border_top\":\"\",\"class\":\"td_uid_41_69f12974a1c91_rand\",\"tdc_css_class\":\"td_uid_41_69f12974a1c91_rand\",\"tdc_css_class_style\":\"td_uid_41_69f12974a1c91_rand_style\"}';\nblock_td_uid_41_69f12974a1c91.td_column_number = \"1\";\nblock_td_uid_41_69f12974a1c91.block_type = \"td_block_7\";\nblock_td_uid_41_69f12974a1c91.post_count = \"4\";\nblock_td_uid_41_69f12974a1c91.found_posts = \"25\";\nblock_td_uid_41_69f12974a1c91.header_color = \"\";\nblock_td_uid_41_69f12974a1c91.ajax_pagination_infinite_stop = \"\";\nblock_td_uid_41_69f12974a1c91.max_num_pages = \"6\";\ntdBlocksArray.push(block_td_uid_41_69f12974a1c91);\n<\/script><div class=\"td-block-title-wrap\"><\/div><div id=td_uid_41_69f12974a1c91 class=\"td_block_inner\">\n\n\t<div class=\"td-block-span12\">\n\r\n        <div class=\"td_module_6 td_module_wrap td-animation-stack\">\r\n\r\n        <div class=\"td-module-thumb\"><a href=\"https:\/\/www.africa-press.net\/congo-brazzaville\/politique\/le-mjp-soutient-loperation-zero-koulouna-de-la-dgsp\" rel=\"bookmark\" class=\"td-image-wrap\" title=\"Le MJP Soutient L&rsquo;Op\u00e9ration Z\u00e9ro Koulouna de la DGSP\"><img loading=\"lazy\" decoding=\"async\" class=\"entry-thumb\" src=\"data:image\/png;base64,iVBORw0KGgoAAAANSUhEUgAAAGQAAABGAQMAAAAASKMqAAAAA1BMVEWurq51dlI4AAAAAXRSTlMmkutdmwAAABBJREFUKM9jGAWjYBQMKwAAA9QAAQWBn6cAAAAASUVORK5CYII=\" alt=\"Le MJP Soutient L&#039;Op\u00e9ration Z\u00e9ro Koulouna de la DGSP\" title=\"Le MJP Soutient L&rsquo;Op\u00e9ration Z\u00e9ro Koulouna de la DGSP\" data-type=\"image_tag\" data-img-url=\"https:\/\/static.africa-press.net\/congo-brazzaville\/sites\/51\/2025\/11\/sm_1762634239.102257-100x70.jpg\"  width=\"100\" height=\"70\" \/><\/a><\/div>\r\n        <div class=\"item-details\">\r\n            <h3 class=\"entry-title td-module-title\"><a href=\"https:\/\/www.africa-press.net\/congo-brazzaville\/politique\/le-mjp-soutient-loperation-zero-koulouna-de-la-dgsp\" rel=\"bookmark\" title=\"Le MJP Soutient L&rsquo;Op\u00e9ration Z\u00e9ro Koulouna de la DGSP\">Le MJP Soutient L&rsquo;Op\u00e9ration Z\u00e9ro Koulouna de la DGSP<\/a><\/h3>            <div class=\"td-module-meta-info\">\r\n                                                <span class=\"td-post-date\"><time class=\"entry-date updated td-module-date\" datetime=\"2025-11-08T18:42:30+00:00\" >2025-11-08<\/time><\/span>                            <\/div>\r\n        <\/div>\r\n\r\n        <\/div>\r\n\r\n        \n\t<\/div> <!-- .\/td-block-span12 -->\n\n\t<div class=\"td-block-span12\">\n\r\n        <div class=\"td_module_6 td_module_wrap td-animation-stack\">\r\n\r\n        <div class=\"td-module-thumb\"><a href=\"https:\/\/www.africa-press.net\/congo-brazzaville\/politique\/parrainage-de-sodjinou-cour-constitutionnelle-lundi\" rel=\"bookmark\" class=\"td-image-wrap\" title=\"Parrainage de Sodjinou: Cour constitutionnelle lundi\"><img loading=\"lazy\" decoding=\"async\" class=\"entry-thumb\" src=\"data:image\/png;base64,iVBORw0KGgoAAAANSUhEUgAAAGQAAABGAQMAAAAASKMqAAAAA1BMVEWurq51dlI4AAAAAXRSTlMmkutdmwAAABBJREFUKM9jGAWjYBQMKwAAA9QAAQWBn6cAAAAASUVORK5CYII=\" alt=\"Parrainage de Sodjinou: Cour constitutionnelle lundi\" title=\"Parrainage de Sodjinou: Cour constitutionnelle lundi\" data-type=\"image_tag\" data-img-url=\"https:\/\/static.africa-press.net\/congo-brazzaville\/sites\/51\/2025\/10\/sm_1760892498.320457-100x70.jpg\"  width=\"100\" height=\"70\" \/><\/a><\/div>\r\n        <div class=\"item-details\">\r\n            <h3 class=\"entry-title td-module-title\"><a href=\"https:\/\/www.africa-press.net\/congo-brazzaville\/politique\/parrainage-de-sodjinou-cour-constitutionnelle-lundi\" rel=\"bookmark\" title=\"Parrainage de Sodjinou: Cour constitutionnelle lundi\">Parrainage de Sodjinou: Cour constitutionnelle lundi<\/a><\/h3>            <div class=\"td-module-meta-info\">\r\n                                                <span class=\"td-post-date\"><time class=\"entry-date updated td-module-date\" datetime=\"2025-10-19T19:07:50+00:00\" >2025-10-19<\/time><\/span>                            <\/div>\r\n        <\/div>\r\n\r\n        <\/div>\r\n\r\n        \n\t<\/div> <!-- .\/td-block-span12 -->\n\n\t<div class=\"td-block-span12\">\n\r\n        <div class=\"td_module_6 td_module_wrap td-animation-stack\">\r\n\r\n        <div class=\"td-module-thumb\"><a href=\"https:\/\/www.africa-press.net\/congo-brazzaville\/parties\/ajmc-ouvre-un-parc-dattraction-pour-enfants\" rel=\"bookmark\" class=\"td-image-wrap\" title=\"AJMC Ouvre Un Parc D&rsquo;Attraction Pour Enfants\"><img loading=\"lazy\" decoding=\"async\" class=\"entry-thumb\" src=\"data:image\/png;base64,iVBORw0KGgoAAAANSUhEUgAAAGQAAABGAQMAAAAASKMqAAAAA1BMVEWurq51dlI4AAAAAXRSTlMmkutdmwAAABBJREFUKM9jGAWjYBQMKwAAA9QAAQWBn6cAAAAASUVORK5CYII=\" alt=\"AJMC Ouvre Un Parc D&#039;Attraction Pour Enfants\" title=\"AJMC Ouvre Un Parc D&rsquo;Attraction Pour Enfants\" data-type=\"image_tag\" data-img-url=\"https:\/\/static.africa-press.net\/congo-brazzaville\/sites\/51\/2025\/08\/sm_1756239803.32332-100x70.jpg\"  width=\"100\" height=\"70\" \/><\/a><\/div>\r\n        <div class=\"item-details\">\r\n            <h3 class=\"entry-title td-module-title\"><a href=\"https:\/\/www.africa-press.net\/congo-brazzaville\/parties\/ajmc-ouvre-un-parc-dattraction-pour-enfants\" rel=\"bookmark\" title=\"AJMC Ouvre Un Parc D&rsquo;Attraction Pour Enfants\">AJMC Ouvre Un Parc D&rsquo;Attraction Pour Enfants<\/a><\/h3>            <div class=\"td-module-meta-info\">\r\n                                                <span class=\"td-post-date\"><time class=\"entry-date updated td-module-date\" datetime=\"2025-08-26T23:12:09+00:00\" >2025-08-26<\/time><\/span>                            <\/div>\r\n        <\/div>\r\n\r\n        <\/div>\r\n\r\n        \n\t<\/div> <!-- .\/td-block-span12 -->\n\n\t<div class=\"td-block-span12\">\n\r\n        <div class=\"td_module_6 td_module_wrap td-animation-stack\">\r\n\r\n        <div class=\"td-module-thumb\"><a href=\"https:\/\/www.africa-press.net\/congo-brazzaville\/parties\/lutte-contre-le-blanchiment-des-capitaux-en-congo\" rel=\"bookmark\" class=\"td-image-wrap\" title=\"Lutte contre le blanchiment des capitaux en Congo\"><img loading=\"lazy\" decoding=\"async\" class=\"entry-thumb\" src=\"data:image\/png;base64,iVBORw0KGgoAAAANSUhEUgAAAGQAAABGAQMAAAAASKMqAAAAA1BMVEWurq51dlI4AAAAAXRSTlMmkutdmwAAABBJREFUKM9jGAWjYBQMKwAAA9QAAQWBn6cAAAAASUVORK5CYII=\" alt=\"Lutte contre le blanchiment des capitaux en Congo\" title=\"Lutte contre le blanchiment des capitaux en Congo\" data-type=\"image_tag\" data-img-url=\"https:\/\/static.africa-press.net\/congo-brazzaville\/sites\/51\/2025\/08\/sm_1755364728.253756-100x70.jpg\"  width=\"100\" height=\"70\" \/><\/a><\/div>\r\n        <div class=\"item-details\">\r\n            <h3 class=\"entry-title td-module-title\"><a href=\"https:\/\/www.africa-press.net\/congo-brazzaville\/parties\/lutte-contre-le-blanchiment-des-capitaux-en-congo\" rel=\"bookmark\" title=\"Lutte contre le blanchiment des capitaux en Congo\">Lutte contre le blanchiment des capitaux en Congo<\/a><\/h3>            <div class=\"td-module-meta-info\">\r\n                                                <span class=\"td-post-date\"><time class=\"entry-date updated td-module-date\" datetime=\"2025-08-16T18:57:42+00:00\" >2025-08-16<\/time><\/span>                            <\/div>\r\n        <\/div>\r\n\r\n        <\/div>\r\n\r\n        \n\t<\/div> <!-- .\/td-block-span12 --><\/div><\/div> <!-- .\/block --><\/div><\/div><\/div><\/div><div class=\"tdm_block td_block_wrap tdm_block_button td_uid_42_69f12974a47d1_rand tdm-block-button-inline tdm-content-horiz-right td-pb-border-top main-box-btn-green-en td_block_template_1\"  data-td-block-uid=\"td_uid_42_69f12974a47d1\"     >\n<style>\n.td_uid_43_69f12974a4b24 i:first-child {\r\n\t\t\t\t\tmargin-right: 14px;\r\n\t\t\t\t}\n<\/style><div class=\"tds-button td-fix-index\"><a \r\n                href=\"\/congo-brazzaville\/parties\" \r\n                class=\"tds-button1 tdm-btn tdm-btn-sm td_uid_43_69f12974a4b24\"  target=\"_blank\" ><i class=\"tdc-font-fa tdc-font-fa-arrow-right\"><\/i><span class=\"tdm-btn-text\">Plus de Nouvelles<\/span><\/a><\/div><\/div><\/div><\/div><div class=\"vc_column td_uid_44_69f12974a4dec_rand all-news-block wpb_column vc_column_container tdc-column td-pb-span4\">\n<style scoped>\n\n\/* custom css *\/\n.td_uid_44_69f12974a4dec_rand {\r\n                    vertical-align: baseline;\r\n                }\n\/* inline tdc_css att *\/\n\n\/* phone *\/\n@media (max-width: 767px)\n{\n.td_uid_44_69f12974a4dec_rand{\ndisplay:none !important;\n}\n}\n\n<\/style><div class=\"wpb_wrapper\"><div class=\"td_block_wrap td_block_9 td_uid_45_69f12974a4f04_rand td-pb-border-top td_block_template_1 td-column-1 td_block_padding td_block_bot_line\"  data-td-block-uid=\"td_uid_45_69f12974a4f04\" >\n<style>\n.td-theme-wrap .td_uid_45_69f12974a4f04_rand .td-pulldown-filter-link:hover,\r\n            .td-theme-wrap .td_uid_45_69f12974a4f04_rand .td-subcat-item a:hover,\r\n            .td-theme-wrap .td_uid_45_69f12974a4f04_rand .td-subcat-item .td-cur-simple-item {\r\n                color: #1e73be;\r\n            }\r\n\r\n            .td-theme-wrap .td_uid_45_69f12974a4f04_rand .block-title > *,\r\n            .td-theme-wrap .td_uid_45_69f12974a4f04_rand .td-subcat-dropdown:hover .td-subcat-more {\r\n                background-color: #1e73be;\r\n            }\r\n            .td-theme-wrap .td-footer-wrapper .td_uid_45_69f12974a4f04_rand .block-title > * {\r\n                padding: 6px 7px 5px;\r\n                line-height: 1;\r\n            }\r\n\r\n            .td-theme-wrap .td_uid_45_69f12974a4f04_rand .block-title {\r\n                border-color: #1e73be;\r\n            }\r\n\r\n            \r\n            .td-theme-wrap .td_uid_45_69f12974a4f04_rand .td_module_wrap:hover .entry-title a,\r\n            .td-theme-wrap .td_uid_45_69f12974a4f04_rand .td_quote_on_blocks,\r\n            .td-theme-wrap .td_uid_45_69f12974a4f04_rand .td-opacity-cat .td-post-category:hover,\r\n            .td-theme-wrap .td_uid_45_69f12974a4f04_rand .td-opacity-read .td-read-more a:hover,\r\n            .td-theme-wrap .td_uid_45_69f12974a4f04_rand .td-opacity-author .td-post-author-name a:hover,\r\n            .td-theme-wrap .td_uid_45_69f12974a4f04_rand .td-instagram-user a {\r\n                color: #1e73be;\r\n            }\r\n\r\n            .td-theme-wrap .td_uid_45_69f12974a4f04_rand .td-next-prev-wrap a:hover,\r\n            .td-theme-wrap .td_uid_45_69f12974a4f04_rand .td-load-more-wrap a:hover {\r\n                background-color: #1e73be;\r\n                border-color: #1e73be;\r\n            }\r\n\r\n            .td-theme-wrap .td_uid_45_69f12974a4f04_rand .td-read-more a,\r\n            .td-theme-wrap .td_uid_45_69f12974a4f04_rand .td-weather-information:before,\r\n            .td-theme-wrap .td_uid_45_69f12974a4f04_rand .td-weather-week:before,\r\n            .td-theme-wrap .td_uid_45_69f12974a4f04_rand .td-exchange-header:before,\r\n            .td-theme-wrap .td-footer-wrapper .td_uid_45_69f12974a4f04_rand .td-post-category,\r\n            .td-theme-wrap .td_uid_45_69f12974a4f04_rand .td-post-category:hover {\r\n                background-color: #1e73be;\r\n            }\n<\/style><script>var block_td_uid_45_69f12974a4f04 = new tdBlock();\nblock_td_uid_45_69f12974a4f04.id = \"td_uid_45_69f12974a4f04\";\nblock_td_uid_45_69f12974a4f04.atts = '{\"custom_title\":\"Toutes les actualit\\u00e9s\",\"category_id\":\"10\",\"limit\":\"75\",\"header_color\":\"#1e73be\",\"separator\":\"\",\"custom_url\":\"\\\/congo-brazzaville\\\/toutes-les-actualites\",\"block_template_id\":\"\",\"m8_tl\":\"\",\"post_ids\":\"\",\"category_ids\":\"\",\"tag_slug\":\"\",\"autors_id\":\"\",\"installed_post_types\":\"\",\"sort\":\"\",\"offset\":\"\",\"show_modified_date\":\"\",\"el_class\":\"\",\"td_ajax_filter_type\":\"\",\"td_ajax_filter_ids\":\"\",\"td_filter_default_txt\":\"All\",\"td_ajax_preloading\":\"\",\"f_header_font_header\":\"\",\"f_header_font_title\":\"Block header\",\"f_header_font_settings\":\"\",\"f_header_font_family\":\"\",\"f_header_font_size\":\"\",\"f_header_font_line_height\":\"\",\"f_header_font_style\":\"\",\"f_header_font_weight\":\"\",\"f_header_font_transform\":\"\",\"f_header_font_spacing\":\"\",\"f_header_\":\"\",\"f_ajax_font_title\":\"Ajax categories\",\"f_ajax_font_settings\":\"\",\"f_ajax_font_family\":\"\",\"f_ajax_font_size\":\"\",\"f_ajax_font_line_height\":\"\",\"f_ajax_font_style\":\"\",\"f_ajax_font_weight\":\"\",\"f_ajax_font_transform\":\"\",\"f_ajax_font_spacing\":\"\",\"f_ajax_\":\"\",\"f_more_font_title\":\"Load more button\",\"f_more_font_settings\":\"\",\"f_more_font_family\":\"\",\"f_more_font_size\":\"\",\"f_more_font_line_height\":\"\",\"f_more_font_style\":\"\",\"f_more_font_weight\":\"\",\"f_more_font_transform\":\"\",\"f_more_font_spacing\":\"\",\"f_more_\":\"\",\"m8f_title_font_header\":\"\",\"m8f_title_font_title\":\"Article title\",\"m8f_title_font_settings\":\"\",\"m8f_title_font_family\":\"\",\"m8f_title_font_size\":\"\",\"m8f_title_font_line_height\":\"\",\"m8f_title_font_style\":\"\",\"m8f_title_font_weight\":\"\",\"m8f_title_font_transform\":\"\",\"m8f_title_font_spacing\":\"\",\"m8f_title_\":\"\",\"m8f_cat_font_title\":\"Article category tag\",\"m8f_cat_font_settings\":\"\",\"m8f_cat_font_family\":\"\",\"m8f_cat_font_size\":\"\",\"m8f_cat_font_line_height\":\"\",\"m8f_cat_font_style\":\"\",\"m8f_cat_font_weight\":\"\",\"m8f_cat_font_transform\":\"\",\"m8f_cat_font_spacing\":\"\",\"m8f_cat_\":\"\",\"m8f_meta_font_title\":\"Article meta info\",\"m8f_meta_font_settings\":\"\",\"m8f_meta_font_family\":\"\",\"m8f_meta_font_size\":\"\",\"m8f_meta_font_line_height\":\"\",\"m8f_meta_font_style\":\"\",\"m8f_meta_font_weight\":\"\",\"m8f_meta_font_transform\":\"\",\"m8f_meta_font_spacing\":\"\",\"m8f_meta_\":\"\",\"ajax_pagination\":\"\",\"ajax_pagination_infinite_stop\":\"\",\"css\":\"\",\"tdc_css\":\"\",\"td_column_number\":1,\"color_preset\":\"\",\"border_top\":\"\",\"class\":\"td_uid_45_69f12974a4f04_rand\",\"tdc_css_class\":\"td_uid_45_69f12974a4f04_rand\",\"tdc_css_class_style\":\"td_uid_45_69f12974a4f04_rand_style\"}';\nblock_td_uid_45_69f12974a4f04.td_column_number = \"1\";\nblock_td_uid_45_69f12974a4f04.block_type = \"td_block_9\";\nblock_td_uid_45_69f12974a4f04.post_count = \"75\";\nblock_td_uid_45_69f12974a4f04.found_posts = \"16499\";\nblock_td_uid_45_69f12974a4f04.header_color = \"#1e73be\";\nblock_td_uid_45_69f12974a4f04.ajax_pagination_infinite_stop = \"\";\nblock_td_uid_45_69f12974a4f04.max_num_pages = \"220\";\ntdBlocksArray.push(block_td_uid_45_69f12974a4f04);\n<\/script><div class=\"td-block-title-wrap\"><h4 class=\"block-title td-block-title\"><a href=\"\/congo-brazzaville\/toutes-les-actualites\" class=\"td-pulldown-size\">Toutes les actualit\u00e9s<\/a><\/h4><\/div><div id=td_uid_45_69f12974a4f04 class=\"td_block_inner\">\n\n\t<div class=\"td-block-span12\">\n\r\n        <div class=\"td_module_8 td_module_wrap\">\r\n\r\n            <div class=\"item-details\">\r\n                <h3 class=\"entry-title td-module-title\"><a href=\"https:\/\/www.africa-press.net\/congo-brazzaville\/economie\/ecobank-annonce-augmentation-de-21-de-son-benefice\" rel=\"bookmark\" title=\"Ecobank Annonce Augmentation de 21 % de Son B\u00e9n\u00e9fice\">Ecobank Annonce Augmentation de 21 % de Son B\u00e9n\u00e9fice<\/a><\/h3>\r\n                <div class=\"td-module-meta-info\">\r\n                                                            <span class=\"td-post-date\"><time class=\"entry-date updated td-module-date\" datetime=\"2026-04-18T22:57:57+00:00\" >2026-04-18<\/time><\/span>                                    <\/div>\r\n            <\/div>\r\n\r\n            \r\n        <\/div>\r\n\r\n        \n\t<\/div> <!-- .\/td-block-span12 -->\n\n\t<div class=\"td-block-span12\">\n\r\n        <div class=\"td_module_8 td_module_wrap\">\r\n\r\n            <div class=\"item-details\">\r\n                <h3 class=\"entry-title td-module-title\"><a href=\"https:\/\/www.africa-press.net\/congo-brazzaville\/toutes-les-actualites\/ia-identifie-mutations-genetiques-de-maladies-rares-2\" rel=\"bookmark\" title=\"IA Identifie Mutations G\u00e9n\u00e9tiques de Maladies Rares\">IA Identifie Mutations G\u00e9n\u00e9tiques de Maladies Rares<\/a><\/h3>\r\n                <div class=\"td-module-meta-info\">\r\n                                                            <span class=\"td-post-date\"><time class=\"entry-date updated td-module-date\" datetime=\"2026-03-31T00:13:33+00:00\" >2026-03-31<\/time><\/span>                                    <\/div>\r\n            <\/div>\r\n\r\n            \r\n        <\/div>\r\n\r\n        \n\t<\/div> <!-- .\/td-block-span12 -->\n\n\t<div class=\"td-block-span12\">\n\r\n        <div class=\"td_module_8 td_module_wrap\">\r\n\r\n            <div class=\"item-details\">\r\n                <h3 class=\"entry-title td-module-title\"><a href=\"https:\/\/www.africa-press.net\/congo-brazzaville\/toutes-les-actualites\/box-internet-fibre-la-tres-haute-vitesse-et-nos-usages\" rel=\"bookmark\" title=\"Box Internet Fibre: La Tre\u0300s Haute Vitesse et Nos Usages\">Box Internet Fibre: La Tre\u0300s Haute Vitesse et Nos Usages<\/a><\/h3>\r\n                <div class=\"td-module-meta-info\">\r\n                                                            <span class=\"td-post-date\"><time class=\"entry-date updated td-module-date\" datetime=\"2026-03-31T00:13:32+00:00\" >2026-03-31<\/time><\/span>                                    <\/div>\r\n            <\/div>\r\n\r\n            \r\n        <\/div>\r\n\r\n        \n\t<\/div> <!-- .\/td-block-span12 -->\n\n\t<div class=\"td-block-span12\">\n\r\n        <div class=\"td_module_8 td_module_wrap\">\r\n\r\n            <div class=\"item-details\">\r\n                <h3 class=\"entry-title td-module-title\"><a href=\"https:\/\/www.africa-press.net\/congo-brazzaville\/sports\/senegal-celebre-sa-victoire-a-la-can-au-stade-de-france\" rel=\"bookmark\" title=\"S\u00e9n\u00e9gal C\u00e9l\u00e8bre Sa Victoire \u00e0 la CAN au Stade de France\">S\u00e9n\u00e9gal C\u00e9l\u00e8bre Sa Victoire \u00e0 la CAN au Stade de France<\/a><\/h3>\r\n                <div class=\"td-module-meta-info\">\r\n                                                            <span class=\"td-post-date\"><time class=\"entry-date updated td-module-date\" datetime=\"2026-03-29T21:04:00+00:00\" >2026-03-29<\/time><\/span>                                    <\/div>\r\n            <\/div>\r\n\r\n            \r\n        <\/div>\r\n\r\n        \n\t<\/div> <!-- .\/td-block-span12 -->\n\n\t<div class=\"td-block-span12\">\n\r\n        <div class=\"td_module_8 td_module_wrap\">\r\n\r\n            <div class=\"item-details\">\r\n                <h3 class=\"entry-title td-module-title\"><a href=\"https:\/\/www.africa-press.net\/congo-brazzaville\/sports\/vol-a-lhotel-de-lequipe-nationale-du-ghana-en-autriche\" rel=\"bookmark\" title=\"Vol \u00e0 l&rsquo;h\u00f4tel de l&rsquo;\u00e9quipe nationale du Ghana en Autriche\">Vol \u00e0 l&rsquo;h\u00f4tel de l&rsquo;\u00e9quipe nationale du Ghana en Autriche<\/a><\/h3>\r\n                <div class=\"td-module-meta-info\">\r\n                                                            <span class=\"td-post-date\"><time class=\"entry-date updated td-module-date\" datetime=\"2026-03-29T21:02:00+00:00\" >2026-03-29<\/time><\/span>                                    <\/div>\r\n            <\/div>\r\n\r\n            \r\n        <\/div>\r\n\r\n        \n\t<\/div> <!-- .\/td-block-span12 -->\n\n\t<div class=\"td-block-span12\">\n\r\n        <div class=\"td_module_8 td_module_wrap\">\r\n\r\n            <div class=\"item-details\">\r\n                <h3 class=\"entry-title td-module-title\"><a href=\"https:\/\/www.africa-press.net\/congo-brazzaville\/sports\/dakar-se-prepare-pour-les-jeux-olympiques-de-la-jeunesse\" rel=\"bookmark\" title=\"Dakar Se Pr\u00e9pare Pour Les Jeux Olympiques De La Jeunesse\">Dakar Se Pr\u00e9pare Pour Les Jeux Olympiques De La Jeunesse<\/a><\/h3>\r\n                <div class=\"td-module-meta-info\">\r\n                                                            <span class=\"td-post-date\"><time class=\"entry-date updated td-module-date\" datetime=\"2026-03-29T21:00:00+00:00\" >2026-03-29<\/time><\/span>                                    <\/div>\r\n            <\/div>\r\n\r\n            \r\n        <\/div>\r\n\r\n        \n\t<\/div> <!-- .\/td-block-span12 -->\n\n\t<div class=\"td-block-span12\">\n\r\n        <div class=\"td_module_8 td_module_wrap\">\r\n\r\n            <div class=\"item-details\">\r\n                <h3 class=\"entry-title td-module-title\"><a href=\"https:\/\/www.africa-press.net\/congo-brazzaville\/sports\/football-la-can-va-passer-de-24-a-28-equipes-en-2028\" rel=\"bookmark\" title=\"Football: la CAN Va Passer de 24 A\u0300 28 E\u0301quipes en 2028\">Football: la CAN Va Passer de 24 A\u0300 28 E\u0301quipes en 2028<\/a><\/h3>\r\n                <div class=\"td-module-meta-info\">\r\n                                                            <span class=\"td-post-date\"><time class=\"entry-date updated td-module-date\" datetime=\"2026-03-29T20:56:00+00:00\" >2026-03-29<\/time><\/span>                                    <\/div>\r\n            <\/div>\r\n\r\n            \r\n        <\/div>\r\n\r\n        \n\t<\/div> <!-- .\/td-block-span12 -->\n\n\t<div class=\"td-block-span12\">\n\r\n        <div class=\"td_module_8 td_module_wrap\">\r\n\r\n            <div class=\"item-details\">\r\n                <h3 class=\"entry-title td-module-title\"><a href=\"https:\/\/www.africa-press.net\/congo-brazzaville\/sports\/barrages-intercontinentaux-espoir-de-la-rdc-en-coupe\" rel=\"bookmark\" title=\"Barrages Intercontinentaux: Espoir de la RDC en Coupe\">Barrages Intercontinentaux: Espoir de la RDC en Coupe<\/a><\/h3>\r\n                <div class=\"td-module-meta-info\">\r\n                                                            <span class=\"td-post-date\"><time class=\"entry-date updated td-module-date\" datetime=\"2026-03-29T20:44:00+00:00\" >2026-03-29<\/time><\/span>                                    <\/div>\r\n            <\/div>\r\n\r\n            \r\n        <\/div>\r\n\r\n        \n\t<\/div> <!-- .\/td-block-span12 -->\n\n\t<div class=\"td-block-span12\">\n\r\n        <div class=\"td_module_8 td_module_wrap\">\r\n\r\n            <div class=\"item-details\">\r\n                <h3 class=\"entry-title td-module-title\"><a href=\"https:\/\/www.africa-press.net\/congo-brazzaville\/toutes-les-actualites\/wikipedia-a-25-ans-lavenir-face-a-lia\" rel=\"bookmark\" title=\"Wikipe\u0301dia A\u0300 25 Ans: L&rsquo;Avenir Face A\u0300 L&rsquo;IA\">Wikipe\u0301dia A\u0300 25 Ans: L&rsquo;Avenir Face A\u0300 L&rsquo;IA<\/a><\/h3>\r\n                <div class=\"td-module-meta-info\">\r\n                                                            <span class=\"td-post-date\"><time class=\"entry-date updated td-module-date\" datetime=\"2026-03-29T00:13:21+00:00\" >2026-03-29<\/time><\/span>                                    <\/div>\r\n            <\/div>\r\n\r\n            \r\n        <\/div>\r\n\r\n        \n\t<\/div> <!-- .\/td-block-span12 -->\n\n\t<div class=\"td-block-span12\">\n\r\n        <div class=\"td_module_8 td_module_wrap\">\r\n\r\n            <div class=\"item-details\">\r\n                <h3 class=\"entry-title td-module-title\"><a href=\"https:\/\/www.africa-press.net\/congo-brazzaville\/toutes-les-actualites\/le-fardier-precurseur-de-lautomobile\" rel=\"bookmark\" title=\"Le Fardier, pr\u00e9curseur de l&rsquo;automobile\">Le Fardier, pr\u00e9curseur de l&rsquo;automobile<\/a><\/h3>\r\n                <div class=\"td-module-meta-info\">\r\n                                                            <span class=\"td-post-date\"><time class=\"entry-date updated td-module-date\" datetime=\"2026-03-29T00:13:20+00:00\" >2026-03-29<\/time><\/span>                                    <\/div>\r\n            <\/div>\r\n\r\n            \r\n        <\/div>\r\n\r\n        \n\t<\/div> <!-- .\/td-block-span12 -->\n\n\t<div class=\"td-block-span12\">\n\r\n        <div class=\"td_module_8 td_module_wrap\">\r\n\r\n            <div class=\"item-details\">\r\n                <h3 class=\"entry-title td-module-title\"><a href=\"https:\/\/www.africa-press.net\/congo-brazzaville\/toutes-les-actualites\/voici-le-robot-autonome-le-plus-petit-du-monde\" rel=\"bookmark\" title=\"Voici le robot autonome le plus petit du monde\">Voici le robot autonome le plus petit du monde<\/a><\/h3>\r\n                <div class=\"td-module-meta-info\">\r\n                                                            <span class=\"td-post-date\"><time class=\"entry-date updated td-module-date\" datetime=\"2026-03-29T00:13:19+00:00\" >2026-03-29<\/time><\/span>                                    <\/div>\r\n            <\/div>\r\n\r\n            \r\n        <\/div>\r\n\r\n        \n\t<\/div> <!-- .\/td-block-span12 -->\n\n\t<div class=\"td-block-span12\">\n\r\n        <div class=\"td_module_8 td_module_wrap\">\r\n\r\n            <div class=\"item-details\">\r\n                <h3 class=\"entry-title td-module-title\"><a href=\"https:\/\/www.africa-press.net\/congo-brazzaville\/toutes-les-actualites\/chatgpt-et-sante-mentale-un-chatbot-ne-remplace-pas-lhumain\" rel=\"bookmark\" title=\"ChatGPT Et Sante\u0301 Mentale: Un Chatbot Ne Remplace Pas L&rsquo;Humain\">ChatGPT Et Sante\u0301 Mentale: Un Chatbot Ne Remplace Pas L&rsquo;Humain<\/a><\/h3>\r\n                <div class=\"td-module-meta-info\">\r\n                                                            <span class=\"td-post-date\"><time class=\"entry-date updated td-module-date\" datetime=\"2026-03-28T00:13:11+00:00\" >2026-03-28<\/time><\/span>                                    <\/div>\r\n            <\/div>\r\n\r\n            \r\n        <\/div>\r\n\r\n        \n\t<\/div> <!-- .\/td-block-span12 -->\n\n\t<div class=\"td-block-span12\">\n\r\n        <div class=\"td_module_8 td_module_wrap\">\r\n\r\n            <div class=\"item-details\">\r\n                <h3 class=\"entry-title td-module-title\"><a href=\"https:\/\/www.africa-press.net\/congo-brazzaville\/toutes-les-actualites\/du-garage-au-geant-de-la-technologie-apple-fete-ses-50-ans\" rel=\"bookmark\" title=\"Du Garage Au G\u00e9ant De La Technologie Apple F\u00eate Ses 50 Ans\">Du Garage Au G\u00e9ant De La Technologie Apple F\u00eate Ses 50 Ans<\/a><\/h3>\r\n                <div class=\"td-module-meta-info\">\r\n                                                            <span class=\"td-post-date\"><time class=\"entry-date updated td-module-date\" datetime=\"2026-03-28T00:13:10+00:00\" >2026-03-28<\/time><\/span>                                    <\/div>\r\n            <\/div>\r\n\r\n            \r\n        <\/div>\r\n\r\n        \n\t<\/div> <!-- .\/td-block-span12 -->\n\n\t<div class=\"td-block-span12\">\n\r\n        <div class=\"td_module_8 td_module_wrap\">\r\n\r\n            <div class=\"item-details\">\r\n                <h3 class=\"entry-title td-module-title\"><a href=\"https:\/\/www.africa-press.net\/congo-brazzaville\/toutes-les-actualites\/australie-menace-les-geants-numeriques-pour-enfants\" rel=\"bookmark\" title=\"Australie Menace Les G\u00e9ants Num\u00e9riques Pour Enfants\">Australie Menace Les G\u00e9ants Num\u00e9riques Pour Enfants<\/a><\/h3>\r\n                <div class=\"td-module-meta-info\">\r\n                                                            <span class=\"td-post-date\"><time class=\"entry-date updated td-module-date\" datetime=\"2026-03-28T00:13:09+00:00\" >2026-03-28<\/time><\/span>                                    <\/div>\r\n            <\/div>\r\n\r\n            \r\n        <\/div>\r\n\r\n        \n\t<\/div> <!-- .\/td-block-span12 -->\n\n\t<div class=\"td-block-span12\">\n\r\n        <div class=\"td_module_8 td_module_wrap\">\r\n\r\n            <div class=\"item-details\">\r\n                <h3 class=\"entry-title td-module-title\"><a href=\"https:\/\/www.africa-press.net\/congo-brazzaville\/toutes-les-actualites\/drones-lintelligence-artificielle-a-loffensive\" rel=\"bookmark\" title=\"Drones: L&rsquo;Intelligence Artificielle A\u0300 L&rsquo;Offensive\">Drones: L&rsquo;Intelligence Artificielle A\u0300 L&rsquo;Offensive<\/a><\/h3>\r\n                <div class=\"td-module-meta-info\">\r\n                                                            <span class=\"td-post-date\"><time class=\"entry-date updated td-module-date\" datetime=\"2026-03-28T00:13:08+00:00\" >2026-03-28<\/time><\/span>                                    <\/div>\r\n            <\/div>\r\n\r\n            \r\n        <\/div>\r\n\r\n        \n\t<\/div> <!-- .\/td-block-span12 -->\n\n\t<div class=\"td-block-span12\">\n\r\n        <div class=\"td_module_8 td_module_wrap\">\r\n\r\n            <div class=\"item-details\">\r\n                <h3 class=\"entry-title td-module-title\"><a href=\"https:\/\/www.africa-press.net\/congo-brazzaville\/toutes-les-actualites\/guide-pour-choisir-son-equipement-pc-gaming\" rel=\"bookmark\" title=\"Guide Pour Choisir Son \u00c9quipement PC Gaming\">Guide Pour Choisir Son \u00c9quipement PC Gaming<\/a><\/h3>\r\n                <div class=\"td-module-meta-info\">\r\n                                                            <span class=\"td-post-date\"><time class=\"entry-date updated td-module-date\" datetime=\"2026-03-28T00:13:08+00:00\" >2026-03-28<\/time><\/span>                                    <\/div>\r\n            <\/div>\r\n\r\n            \r\n        <\/div>\r\n\r\n        \n\t<\/div> <!-- .\/td-block-span12 -->\n\n\t<div class=\"td-block-span12\">\n\r\n        <div class=\"td_module_8 td_module_wrap\">\r\n\r\n            <div class=\"item-details\">\r\n                <h3 class=\"entry-title td-module-title\"><a href=\"https:\/\/www.africa-press.net\/congo-brazzaville\/toutes-les-actualites\/municipales-2026-desinformation-limitee-malgre-ia\" rel=\"bookmark\" title=\"Municipales 2026: De\u0301sinformation Limite\u0301e Malgre\u0301 IA\">Municipales 2026: De\u0301sinformation Limite\u0301e Malgre\u0301 IA<\/a><\/h3>\r\n                <div class=\"td-module-meta-info\">\r\n                                                            <span class=\"td-post-date\"><time class=\"entry-date updated td-module-date\" datetime=\"2026-03-28T00:13:07+00:00\" >2026-03-28<\/time><\/span>                                    <\/div>\r\n            <\/div>\r\n\r\n            \r\n        <\/div>\r\n\r\n        \n\t<\/div> <!-- .\/td-block-span12 -->\n\n\t<div class=\"td-block-span12\">\n\r\n        <div class=\"td_module_8 td_module_wrap\">\r\n\r\n            <div class=\"item-details\">\r\n                <h3 class=\"entry-title td-module-title\"><a href=\"https:\/\/www.africa-press.net\/congo-brazzaville\/toutes-les-actualites\/cachalots-utilisent-des-coups-de-tete-selon-drone\" rel=\"bookmark\" title=\"Cachalots Utilisent des Coups de T\u00eate Selon Drone\">Cachalots Utilisent des Coups de T\u00eate Selon Drone<\/a><\/h3>\r\n                <div class=\"td-module-meta-info\">\r\n                                                            <span class=\"td-post-date\"><time class=\"entry-date updated td-module-date\" datetime=\"2026-03-27T00:13:01+00:00\" >2026-03-27<\/time><\/span>                                    <\/div>\r\n            <\/div>\r\n\r\n            \r\n        <\/div>\r\n\r\n        \n\t<\/div> <!-- .\/td-block-span12 -->\n\n\t<div class=\"td-block-span12\">\n\r\n        <div class=\"td_module_8 td_module_wrap\">\r\n\r\n            <div class=\"item-details\">\r\n                <h3 class=\"entry-title td-module-title\"><a href=\"https:\/\/www.africa-press.net\/congo-brazzaville\/toutes-les-actualites\/chronique-lethique-de-lia-selon-saint-musk\" rel=\"bookmark\" title=\"CHRONIQUE. L&rsquo;\u00e9thique de l&rsquo;IA selon Saint Musk\">CHRONIQUE. L&rsquo;\u00e9thique de l&rsquo;IA selon Saint Musk<\/a><\/h3>\r\n                <div class=\"td-module-meta-info\">\r\n                                                            <span class=\"td-post-date\"><time class=\"entry-date updated td-module-date\" datetime=\"2026-03-27T00:13:00+00:00\" >2026-03-27<\/time><\/span>                                    <\/div>\r\n            <\/div>\r\n\r\n            \r\n        <\/div>\r\n\r\n        \n\t<\/div> <!-- .\/td-block-span12 -->\n\n\t<div class=\"td-block-span12\">\n\r\n        <div class=\"td_module_8 td_module_wrap\">\r\n\r\n            <div class=\"item-details\">\r\n                <h3 class=\"entry-title td-module-title\"><a href=\"https:\/\/www.africa-press.net\/congo-brazzaville\/toutes-les-actualites\/nvidia-lance-des-puces-pour-centres-de-donnees-spatiaux\" rel=\"bookmark\" title=\"Nvidia Lance Des Puces Pour Centres De Donn\u00e9es Spatiaux\">Nvidia Lance Des Puces Pour Centres De Donn\u00e9es Spatiaux<\/a><\/h3>\r\n                <div class=\"td-module-meta-info\">\r\n                                                            <span class=\"td-post-date\"><time class=\"entry-date updated td-module-date\" datetime=\"2026-03-27T00:13:00+00:00\" >2026-03-27<\/time><\/span>                                    <\/div>\r\n            <\/div>\r\n\r\n            \r\n        <\/div>\r\n\r\n        \n\t<\/div> <!-- .\/td-block-span12 -->\n\n\t<div class=\"td-block-span12\">\n\r\n        <div class=\"td_module_8 td_module_wrap\">\r\n\r\n            <div class=\"item-details\">\r\n                <h3 class=\"entry-title td-module-title\"><a href=\"https:\/\/www.africa-press.net\/congo-brazzaville\/toutes-les-actualites\/lia-en-proie-a-un-abrutissement\" rel=\"bookmark\" title=\"L&rsquo;IA en proie \u00e0 un \u00ab\u00a0abrutissement\u00a0\u00bb\">L&rsquo;IA en proie \u00e0 un \u00ab\u00a0abrutissement\u00a0\u00bb<\/a><\/h3>\r\n                <div class=\"td-module-meta-info\">\r\n                                                            <span class=\"td-post-date\"><time class=\"entry-date updated td-module-date\" datetime=\"2026-03-27T00:12:59+00:00\" >2026-03-27<\/time><\/span>                                    <\/div>\r\n            <\/div>\r\n\r\n            \r\n        <\/div>\r\n\r\n        \n\t<\/div> <!-- .\/td-block-span12 -->\n\n\t<div class=\"td-block-span12\">\n\r\n        <div class=\"td_module_8 td_module_wrap\">\r\n\r\n            <div class=\"item-details\">\r\n                <h3 class=\"entry-title td-module-title\"><a href=\"https:\/\/www.africa-press.net\/congo-brazzaville\/toutes-les-actualites\/architectes-de-lia-elus-personnalites-de-lannee-2025\" rel=\"bookmark\" title=\"Architectes De L&rsquo;IA \u00c9lus Personnalit\u00e9s De L&rsquo;Ann\u00e9e 2025\">Architectes De L&rsquo;IA \u00c9lus Personnalit\u00e9s De L&rsquo;Ann\u00e9e 2025<\/a><\/h3>\r\n                <div class=\"td-module-meta-info\">\r\n                                                            <span class=\"td-post-date\"><time class=\"entry-date updated td-module-date\" datetime=\"2026-03-27T00:12:58+00:00\" >2026-03-27<\/time><\/span>                                    <\/div>\r\n            <\/div>\r\n\r\n            \r\n        <\/div>\r\n\r\n        \n\t<\/div> <!-- .\/td-block-span12 -->\n\n\t<div class=\"td-block-span12\">\n\r\n        <div class=\"td_module_8 td_module_wrap\">\r\n\r\n            <div class=\"item-details\">\r\n                <h3 class=\"entry-title td-module-title\"><a href=\"https:\/\/www.africa-press.net\/congo-brazzaville\/toutes-les-actualites\/mercedes-bmw-stellantis-abandonnent-aides-autonomes\" rel=\"bookmark\" title=\"Mercedes BMW Stellantis Abandonnent Aides Autonomes\">Mercedes BMW Stellantis Abandonnent Aides Autonomes<\/a><\/h3>\r\n                <div class=\"td-module-meta-info\">\r\n                                                            <span class=\"td-post-date\"><time class=\"entry-date updated td-module-date\" datetime=\"2026-03-27T00:12:57+00:00\" >2026-03-27<\/time><\/span>                                    <\/div>\r\n            <\/div>\r\n\r\n            \r\n        <\/div>\r\n\r\n        \n\t<\/div> <!-- .\/td-block-span12 -->\n\n\t<div class=\"td-block-span12\">\n\r\n        <div class=\"td_module_8 td_module_wrap\">\r\n\r\n            <div class=\"item-details\">\r\n                <h3 class=\"entry-title td-module-title\"><a href=\"https:\/\/www.africa-press.net\/congo-brazzaville\/politique\/onu-declare-la-traite-des-esclaves-crime-contre-lhumanite\" rel=\"bookmark\" title=\"ONU D\u00e9clare La Traite Des Esclaves Crime Contre L&rsquo;Humanit\u00e9\">ONU D\u00e9clare La Traite Des Esclaves Crime Contre L&rsquo;Humanit\u00e9<\/a><\/h3>\r\n                <div class=\"td-module-meta-info\">\r\n                                                            <span class=\"td-post-date\"><time class=\"entry-date updated td-module-date\" datetime=\"2026-03-26T17:50:00+00:00\" >2026-03-26<\/time><\/span>                                    <\/div>\r\n            <\/div>\r\n\r\n            \r\n        <\/div>\r\n\r\n        \n\t<\/div> <!-- .\/td-block-span12 -->\n\n\t<div class=\"td-block-span12\">\n\r\n        <div class=\"td_module_8 td_module_wrap\">\r\n\r\n            <div class=\"item-details\">\r\n                <h3 class=\"entry-title td-module-title\"><a href=\"https:\/\/www.africa-press.net\/congo-brazzaville\/toutes-les-actualites\/ia-comme-monstre-de-frankenstein-rapport-viral\" rel=\"bookmark\" title=\"IA Comme Monstre de Frankenstein: Rapport Viral\">IA Comme Monstre de Frankenstein: Rapport Viral<\/a><\/h3>\r\n                <div class=\"td-module-meta-info\">\r\n                                                            <span class=\"td-post-date\"><time class=\"entry-date updated td-module-date\" datetime=\"2026-03-26T00:12:52+00:00\" >2026-03-26<\/time><\/span>                                    <\/div>\r\n            <\/div>\r\n\r\n            \r\n        <\/div>\r\n\r\n        \n\t<\/div> <!-- .\/td-block-span12 -->\n\n\t<div class=\"td-block-span12\">\n\r\n        <div class=\"td_module_8 td_module_wrap\">\r\n\r\n            <div class=\"item-details\">\r\n                <h3 class=\"entry-title td-module-title\"><a href=\"https:\/\/www.africa-press.net\/congo-brazzaville\/toutes-les-actualites\/enfants-finlandais-traversent-la-baltique-en-aeroglisseur\" rel=\"bookmark\" title=\"Enfants Finlandais Traversent la Baltique en A\u00e9roglisseur\">Enfants Finlandais Traversent la Baltique en A\u00e9roglisseur<\/a><\/h3>\r\n                <div class=\"td-module-meta-info\">\r\n                                                            <span class=\"td-post-date\"><time class=\"entry-date updated td-module-date\" datetime=\"2026-03-26T00:12:52+00:00\" >2026-03-26<\/time><\/span>                                    <\/div>\r\n            <\/div>\r\n\r\n            \r\n        <\/div>\r\n\r\n        \n\t<\/div> <!-- .\/td-block-span12 -->\n\n\t<div class=\"td-block-span12\">\n\r\n        <div class=\"td_module_8 td_module_wrap\">\r\n\r\n            <div class=\"item-details\">\r\n                <h3 class=\"entry-title td-module-title\"><a href=\"https:\/\/www.africa-press.net\/congo-brazzaville\/toutes-les-actualites\/explosion-des-smartphones-doccasion-et-ecologie\" rel=\"bookmark\" title=\"Explosion Des Smartphones D&rsquo;Occasion Et \u00c9cologie\">Explosion Des Smartphones D&rsquo;Occasion Et \u00c9cologie<\/a><\/h3>\r\n                <div class=\"td-module-meta-info\">\r\n                                                            <span class=\"td-post-date\"><time class=\"entry-date updated td-module-date\" datetime=\"2026-03-26T00:12:51+00:00\" >2026-03-26<\/time><\/span>                                    <\/div>\r\n            <\/div>\r\n\r\n            \r\n        <\/div>\r\n\r\n        \n\t<\/div> <!-- .\/td-block-span12 -->\n\n\t<div class=\"td-block-span12\">\n\r\n        <div class=\"td_module_8 td_module_wrap\">\r\n\r\n            <div class=\"item-details\">\r\n                <h3 class=\"entry-title td-module-title\"><a href=\"https:\/\/www.africa-press.net\/congo-brazzaville\/toutes-les-actualites\/mentez-sur-internet-dejouer-la-manipulation-numerique\" rel=\"bookmark\" title=\"Mentez Sur Internet D\u00e9jouer La Manipulation Num\u00e9rique\">Mentez Sur Internet D\u00e9jouer La Manipulation Num\u00e9rique<\/a><\/h3>\r\n                <div class=\"td-module-meta-info\">\r\n                                                            <span class=\"td-post-date\"><time class=\"entry-date updated td-module-date\" datetime=\"2026-03-26T00:12:50+00:00\" >2026-03-26<\/time><\/span>                                    <\/div>\r\n            <\/div>\r\n\r\n            \r\n        <\/div>\r\n\r\n        \n\t<\/div> <!-- .\/td-block-span12 -->\n\n\t<div class=\"td-block-span12\">\n\r\n        <div class=\"td_module_8 td_module_wrap\">\r\n\r\n            <div class=\"item-details\">\r\n                <h3 class=\"entry-title td-module-title\"><a href=\"https:\/\/www.africa-press.net\/congo-brazzaville\/toutes-les-actualites\/pentagone-choisit-openai-apres-avoir-ecarte-anthropic\" rel=\"bookmark\" title=\"Pentagone Choisit OpenAI Apr\u00e8s Avoir \u00c9cart\u00e9 Anthropic\">Pentagone Choisit OpenAI Apr\u00e8s Avoir \u00c9cart\u00e9 Anthropic<\/a><\/h3>\r\n                <div class=\"td-module-meta-info\">\r\n                                                            <span class=\"td-post-date\"><time class=\"entry-date updated td-module-date\" datetime=\"2026-03-26T00:12:50+00:00\" >2026-03-26<\/time><\/span>                                    <\/div>\r\n            <\/div>\r\n\r\n            \r\n        <\/div>\r\n\r\n        \n\t<\/div> <!-- .\/td-block-span12 -->\n\n\t<div class=\"td-block-span12\">\n\r\n        <div class=\"td_module_8 td_module_wrap\">\r\n\r\n            <div class=\"item-details\">\r\n                <h3 class=\"entry-title td-module-title\"><a href=\"https:\/\/www.africa-press.net\/congo-brazzaville\/toutes-les-actualites\/les-ours-bruns-dalaska-reconnus-un-par-un-par-ia\" rel=\"bookmark\" title=\"Les ours bruns d\u2019Alaska reconnus un par un par IA\">Les ours bruns d\u2019Alaska reconnus un par un par IA<\/a><\/h3>\r\n                <div class=\"td-module-meta-info\">\r\n                                                            <span class=\"td-post-date\"><time class=\"entry-date updated td-module-date\" datetime=\"2026-03-25T00:12:45+00:00\" >2026-03-25<\/time><\/span>                                    <\/div>\r\n            <\/div>\r\n\r\n            \r\n        <\/div>\r\n\r\n        \n\t<\/div> <!-- .\/td-block-span12 -->\n\n\t<div class=\"td-block-span12\">\n\r\n        <div class=\"td_module_8 td_module_wrap\">\r\n\r\n            <div class=\"item-details\">\r\n                <h3 class=\"entry-title td-module-title\"><a href=\"https:\/\/www.africa-press.net\/congo-brazzaville\/toutes-les-actualites\/touche-pas-a-ma-vf-comediens-de-doublage-et-ia\" rel=\"bookmark\" title=\"Touche Pas A\u0300 Ma VF: Come\u0301diens de Doublage et IA\">Touche Pas A\u0300 Ma VF: Come\u0301diens de Doublage et IA<\/a><\/h3>\r\n                <div class=\"td-module-meta-info\">\r\n                                                            <span class=\"td-post-date\"><time class=\"entry-date updated td-module-date\" datetime=\"2026-03-25T00:12:44+00:00\" >2026-03-25<\/time><\/span>                                    <\/div>\r\n            <\/div>\r\n\r\n            \r\n        <\/div>\r\n\r\n        \n\t<\/div> <!-- .\/td-block-span12 -->\n\n\t<div class=\"td-block-span12\">\n\r\n        <div class=\"td_module_8 td_module_wrap\">\r\n\r\n            <div class=\"item-details\">\r\n                <h3 class=\"entry-title td-module-title\"><a href=\"https:\/\/www.africa-press.net\/congo-brazzaville\/toutes-les-actualites\/amazon-utilise-lia-pour-la-production-televisuelle\" rel=\"bookmark\" title=\"Amazon Utilise l&rsquo;IA Pour La Production T\u00e9l\u00e9visuelle\">Amazon Utilise l&rsquo;IA Pour La Production T\u00e9l\u00e9visuelle<\/a><\/h3>\r\n                <div class=\"td-module-meta-info\">\r\n                                                            <span class=\"td-post-date\"><time class=\"entry-date updated td-module-date\" datetime=\"2026-03-25T00:12:44+00:00\" >2026-03-25<\/time><\/span>                                    <\/div>\r\n            <\/div>\r\n\r\n            \r\n        <\/div>\r\n\r\n        \n\t<\/div> <!-- .\/td-block-span12 -->\n\n\t<div class=\"td-block-span12\">\n\r\n        <div class=\"td_module_8 td_module_wrap\">\r\n\r\n            <div class=\"item-details\">\r\n                <h3 class=\"entry-title td-module-title\"><a href=\"https:\/\/www.africa-press.net\/congo-brazzaville\/toutes-les-actualites\/la-fin-du-web-quand-lia-remodele-internet\" rel=\"bookmark\" title=\"La Fin Du Web Quand L&rsquo;IA Remod\u00e8le Internet\">La Fin Du Web Quand L&rsquo;IA Remod\u00e8le Internet<\/a><\/h3>\r\n                <div class=\"td-module-meta-info\">\r\n                                                            <span class=\"td-post-date\"><time class=\"entry-date updated td-module-date\" datetime=\"2026-03-25T00:12:43+00:00\" >2026-03-25<\/time><\/span>                                    <\/div>\r\n            <\/div>\r\n\r\n            \r\n        <\/div>\r\n\r\n        \n\t<\/div> <!-- .\/td-block-span12 -->\n\n\t<div class=\"td-block-span12\">\n\r\n        <div class=\"td_module_8 td_module_wrap\">\r\n\r\n            <div class=\"item-details\">\r\n                <h3 class=\"entry-title td-module-title\"><a href=\"https:\/\/www.africa-press.net\/congo-brazzaville\/toutes-les-actualites\/cybermenace-2025-annee-des-premieres-attaques-par-lia\" rel=\"bookmark\" title=\"Cybermenace: 2025, Anne\u0301e des Premie\u0300res Attaques par l&rsquo;IA\">Cybermenace: 2025, Anne\u0301e des Premie\u0300res Attaques par l&rsquo;IA<\/a><\/h3>\r\n                <div class=\"td-module-meta-info\">\r\n                                                            <span class=\"td-post-date\"><time class=\"entry-date updated td-module-date\" datetime=\"2026-03-25T00:12:42+00:00\" >2026-03-25<\/time><\/span>                                    <\/div>\r\n            <\/div>\r\n\r\n            \r\n        <\/div>\r\n\r\n        \n\t<\/div> <!-- .\/td-block-span12 -->\n\n\t<div class=\"td-block-span12\">\n\r\n        <div class=\"td_module_8 td_module_wrap\">\r\n\r\n            <div class=\"item-details\">\r\n                <h3 class=\"entry-title td-module-title\"><a href=\"https:\/\/www.africa-press.net\/congo-brazzaville\/sports\/rassemblement-des-leopards-pour-barrages-mondial-2026\" rel=\"bookmark\" title=\"Rassemblement des L\u00e9opards pour Barrages Mondial 2026\">Rassemblement des L\u00e9opards pour Barrages Mondial 2026<\/a><\/h3>\r\n                <div class=\"td-module-meta-info\">\r\n                                                            <span class=\"td-post-date\"><time class=\"entry-date updated td-module-date\" datetime=\"2026-03-24T21:28:00+00:00\" >2026-03-24<\/time><\/span>                                    <\/div>\r\n            <\/div>\r\n\r\n            \r\n        <\/div>\r\n\r\n        \n\t<\/div> <!-- .\/td-block-span12 -->\n\n\t<div class=\"td-block-span12\">\n\r\n        <div class=\"td_module_8 td_module_wrap\">\r\n\r\n            <div class=\"item-details\">\r\n                <h3 class=\"entry-title td-module-title\"><a href=\"https:\/\/www.africa-press.net\/congo-brazzaville\/sports\/maniema-union-eliminee-en-quart-de-finale-de-la-caf\" rel=\"bookmark\" title=\"Maniema Union \u00c9limin\u00e9e En Quart De Finale De La CAF\">Maniema Union \u00c9limin\u00e9e En Quart De Finale De La CAF<\/a><\/h3>\r\n                <div class=\"td-module-meta-info\">\r\n                                                            <span class=\"td-post-date\"><time class=\"entry-date updated td-module-date\" datetime=\"2026-03-24T21:26:00+00:00\" >2026-03-24<\/time><\/span>                                    <\/div>\r\n            <\/div>\r\n\r\n            \r\n        <\/div>\r\n\r\n        \n\t<\/div> <!-- .\/td-block-span12 -->\n\n\t<div class=\"td-block-span12\">\n\r\n        <div class=\"td_module_8 td_module_wrap\">\r\n\r\n            <div class=\"item-details\">\r\n                <h3 class=\"entry-title td-module-title\"><a href=\"https:\/\/www.africa-press.net\/congo-brazzaville\/sports\/cedric-bakambu-vers-un-jackpot-au-qatar-apres-la-coupe\" rel=\"bookmark\" title=\"C\u00e9dric Bakambu Vers Un Jackpot Au Qatar Apr\u00e8s La Coupe\">C\u00e9dric Bakambu Vers Un Jackpot Au Qatar Apr\u00e8s La Coupe<\/a><\/h3>\r\n                <div class=\"td-module-meta-info\">\r\n                                                            <span class=\"td-post-date\"><time class=\"entry-date updated td-module-date\" datetime=\"2026-03-24T21:20:00+00:00\" >2026-03-24<\/time><\/span>                                    <\/div>\r\n            <\/div>\r\n\r\n            \r\n        <\/div>\r\n\r\n        \n\t<\/div> <!-- .\/td-block-span12 -->\n\n\t<div class=\"td-block-span12\">\n\r\n        <div class=\"td_module_8 td_module_wrap\">\r\n\r\n            <div class=\"item-details\">\r\n                <h3 class=\"entry-title td-module-title\"><a href=\"https:\/\/www.africa-press.net\/congo-brazzaville\/toutes-les-actualites\/interdiction-des-reseaux-sociaux-pour-moins-de-15-ans\" rel=\"bookmark\" title=\"Interdiction des R\u00e9seaux Sociaux Pour Moins de 15 Ans\">Interdiction des R\u00e9seaux Sociaux Pour Moins de 15 Ans<\/a><\/h3>\r\n                <div class=\"td-module-meta-info\">\r\n                                                            <span class=\"td-post-date\"><time class=\"entry-date updated td-module-date\" datetime=\"2026-03-24T00:12:37+00:00\" >2026-03-24<\/time><\/span>                                    <\/div>\r\n            <\/div>\r\n\r\n            \r\n        <\/div>\r\n\r\n        \n\t<\/div> <!-- .\/td-block-span12 -->\n\n\t<div class=\"td-block-span12\">\n\r\n        <div class=\"td_module_8 td_module_wrap\">\r\n\r\n            <div class=\"item-details\">\r\n                <h3 class=\"entry-title td-module-title\"><a href=\"https:\/\/www.africa-press.net\/congo-brazzaville\/toutes-les-actualites\/municipales-le-velo-a-trouve-des-ailes-en-six-ans\" rel=\"bookmark\" title=\"Municipales: Le Ve\u0301lo A Trouve\u0301 Des Ailes En Six Ans\">Municipales: Le Ve\u0301lo A Trouve\u0301 Des Ailes En Six Ans<\/a><\/h3>\r\n                <div class=\"td-module-meta-info\">\r\n                                                            <span class=\"td-post-date\"><time class=\"entry-date updated td-module-date\" datetime=\"2026-03-24T00:12:37+00:00\" >2026-03-24<\/time><\/span>                                    <\/div>\r\n            <\/div>\r\n\r\n            \r\n        <\/div>\r\n\r\n        \n\t<\/div> <!-- .\/td-block-span12 -->\n\n\t<div class=\"td-block-span12\">\n\r\n        <div class=\"td_module_8 td_module_wrap\">\r\n\r\n            <div class=\"item-details\">\r\n                <h3 class=\"entry-title td-module-title\"><a href=\"https:\/\/www.africa-press.net\/congo-brazzaville\/toutes-les-actualites\/de-fille-dagriculteurs-a-pionniere-du-gps\" rel=\"bookmark\" title=\"De Fille D&rsquo;Agriculteurs \u00c0 Pionni\u00e8re Du GPS\">De Fille D&rsquo;Agriculteurs \u00c0 Pionni\u00e8re Du GPS<\/a><\/h3>\r\n                <div class=\"td-module-meta-info\">\r\n                                                            <span class=\"td-post-date\"><time class=\"entry-date updated td-module-date\" datetime=\"2026-03-24T00:12:36+00:00\" >2026-03-24<\/time><\/span>                                    <\/div>\r\n            <\/div>\r\n\r\n            \r\n        <\/div>\r\n\r\n        \n\t<\/div> <!-- .\/td-block-span12 -->\n\n\t<div class=\"td-block-span12\">\n\r\n        <div class=\"td_module_8 td_module_wrap\">\r\n\r\n            <div class=\"item-details\">\r\n                <h3 class=\"entry-title td-module-title\"><a href=\"https:\/\/www.africa-press.net\/congo-brazzaville\/toutes-les-actualites\/robot-humanoide-gonflable-changeant-de-taille-2\" rel=\"bookmark\" title=\"Robot Humano\u00efde Gonflable Changeant de Taille\">Robot Humano\u00efde Gonflable Changeant de Taille<\/a><\/h3>\r\n                <div class=\"td-module-meta-info\">\r\n                                                            <span class=\"td-post-date\"><time class=\"entry-date updated td-module-date\" datetime=\"2026-03-24T00:12:35+00:00\" >2026-03-24<\/time><\/span>                                    <\/div>\r\n            <\/div>\r\n\r\n            \r\n        <\/div>\r\n\r\n        \n\t<\/div> <!-- .\/td-block-span12 -->\n\n\t<div class=\"td-block-span12\">\n\r\n        <div class=\"td_module_8 td_module_wrap\">\r\n\r\n            <div class=\"item-details\">\r\n                <h3 class=\"entry-title td-module-title\"><a href=\"https:\/\/www.africa-press.net\/congo-brazzaville\/toutes-les-actualites\/ia-evalue-votre-risque-de-maladies-pendant-votre-sommeil-2\" rel=\"bookmark\" title=\"IA \u00c9value Votre Risque De Maladies Pendant Votre Sommeil\">IA \u00c9value Votre Risque De Maladies Pendant Votre Sommeil<\/a><\/h3>\r\n                <div class=\"td-module-meta-info\">\r\n                                                            <span class=\"td-post-date\"><time class=\"entry-date updated td-module-date\" datetime=\"2026-03-24T00:12:35+00:00\" >2026-03-24<\/time><\/span>                                    <\/div>\r\n            <\/div>\r\n\r\n            \r\n        <\/div>\r\n\r\n        \n\t<\/div> <!-- .\/td-block-span12 -->\n\n\t<div class=\"td-block-span12\">\n\r\n        <div class=\"td_module_8 td_module_wrap\">\r\n\r\n            <div class=\"item-details\">\r\n                <h3 class=\"entry-title td-module-title\"><a href=\"https:\/\/www.africa-press.net\/congo-brazzaville\/toutes-les-actualites\/tempete-solaire-et-risques-pour-artemis-ii\" rel=\"bookmark\" title=\"Temp\u00eate Solaire et Risques pour Artemis II\">Temp\u00eate Solaire et Risques pour Artemis II<\/a><\/h3>\r\n                <div class=\"td-module-meta-info\">\r\n                                                            <span class=\"td-post-date\"><time class=\"entry-date updated td-module-date\" datetime=\"2026-03-23T00:12:29+00:00\" >2026-03-23<\/time><\/span>                                    <\/div>\r\n            <\/div>\r\n\r\n            \r\n        <\/div>\r\n\r\n        \n\t<\/div> <!-- .\/td-block-span12 -->\n\n\t<div class=\"td-block-span12\">\n\r\n        <div class=\"td_module_8 td_module_wrap\">\r\n\r\n            <div class=\"item-details\">\r\n                <h3 class=\"entry-title td-module-title\"><a href=\"https:\/\/www.africa-press.net\/congo-brazzaville\/toutes-les-actualites\/la-longue-histoire-dune-galaxie-reconstituee\" rel=\"bookmark\" title=\"La Longue Histoire D&rsquo;une Galaxie Reconstitu\u00e9e\">La Longue Histoire D&rsquo;une Galaxie Reconstitu\u00e9e<\/a><\/h3>\r\n                <div class=\"td-module-meta-info\">\r\n                                                            <span class=\"td-post-date\"><time class=\"entry-date updated td-module-date\" datetime=\"2026-03-23T00:12:28+00:00\" >2026-03-23<\/time><\/span>                                    <\/div>\r\n            <\/div>\r\n\r\n            \r\n        <\/div>\r\n\r\n        \n\t<\/div> <!-- .\/td-block-span12 -->\n\n\t<div class=\"td-block-span12\">\n\r\n        <div class=\"td_module_8 td_module_wrap\">\r\n\r\n            <div class=\"item-details\">\r\n                <h3 class=\"entry-title td-module-title\"><a href=\"https:\/\/www.africa-press.net\/congo-brazzaville\/toutes-les-actualites\/reprise-en-main-politique-et-industrielle-americaine\" rel=\"bookmark\" title=\"Reprise en Main Politique et Industrielle Am\u00e9ricaine\">Reprise en Main Politique et Industrielle Am\u00e9ricaine<\/a><\/h3>\r\n                <div class=\"td-module-meta-info\">\r\n                                                            <span class=\"td-post-date\"><time class=\"entry-date updated td-module-date\" datetime=\"2026-03-23T00:12:27+00:00\" >2026-03-23<\/time><\/span>                                    <\/div>\r\n            <\/div>\r\n\r\n            \r\n        <\/div>\r\n\r\n        \n\t<\/div> <!-- .\/td-block-span12 -->\n\n\t<div class=\"td-block-span12\">\n\r\n        <div class=\"td_module_8 td_module_wrap\">\r\n\r\n            <div class=\"item-details\">\r\n                <h3 class=\"entry-title td-module-title\"><a href=\"https:\/\/www.africa-press.net\/congo-brazzaville\/toutes-les-actualites\/projet-derniere-chance-une-epopee-scientifique\" rel=\"bookmark\" title=\"Projet Derni\u00e8re Chance Une \u00c9pop\u00e9e Scientifique\">Projet Derni\u00e8re Chance Une \u00c9pop\u00e9e Scientifique<\/a><\/h3>\r\n                <div class=\"td-module-meta-info\">\r\n                                                            <span class=\"td-post-date\"><time class=\"entry-date updated td-module-date\" datetime=\"2026-03-23T00:12:26+00:00\" >2026-03-23<\/time><\/span>                                    <\/div>\r\n            <\/div>\r\n\r\n            \r\n        <\/div>\r\n\r\n        \n\t<\/div> <!-- .\/td-block-span12 -->\n\n\t<div class=\"td-block-span12\">\n\r\n        <div class=\"td_module_8 td_module_wrap\">\r\n\r\n            <div class=\"item-details\">\r\n                <h3 class=\"entry-title td-module-title\"><a href=\"https:\/\/www.africa-press.net\/congo-brazzaville\/toutes-les-actualites\/une-vie-possible-dans-lombre-radioactive-deurope\" rel=\"bookmark\" title=\"Une vie possible dans l&rsquo;ombre radioactive d&rsquo;Europe\">Une vie possible dans l&rsquo;ombre radioactive d&rsquo;Europe<\/a><\/h3>\r\n                <div class=\"td-module-meta-info\">\r\n                                                            <span class=\"td-post-date\"><time class=\"entry-date updated td-module-date\" datetime=\"2026-03-23T00:12:26+00:00\" >2026-03-23<\/time><\/span>                                    <\/div>\r\n            <\/div>\r\n\r\n            \r\n        <\/div>\r\n\r\n        \n\t<\/div> <!-- .\/td-block-span12 -->\n\n\t<div class=\"td-block-span12\">\n\r\n        <div class=\"td_module_8 td_module_wrap\">\r\n\r\n            <div class=\"item-details\">\r\n                <h3 class=\"entry-title td-module-title\"><a href=\"https:\/\/www.africa-press.net\/congo-brazzaville\/sports\/liverpool-reagit-aux-attaques-racistes-contre-konate\" rel=\"bookmark\" title=\"Liverpool R\u00e9agit Aux Attaques Racistes Contre Konat\u00e9\">Liverpool R\u00e9agit Aux Attaques Racistes Contre Konat\u00e9<\/a><\/h3>\r\n                <div class=\"td-module-meta-info\">\r\n                                                            <span class=\"td-post-date\"><time class=\"entry-date updated td-module-date\" datetime=\"2026-03-22T21:32:00+00:00\" >2026-03-22<\/time><\/span>                                    <\/div>\r\n            <\/div>\r\n\r\n            \r\n        <\/div>\r\n\r\n        \n\t<\/div> <!-- .\/td-block-span12 -->\n\n\t<div class=\"td-block-span12\">\n\r\n        <div class=\"td_module_8 td_module_wrap\">\r\n\r\n            <div class=\"item-details\">\r\n                <h3 class=\"entry-title td-module-title\"><a href=\"https:\/\/www.africa-press.net\/congo-brazzaville\/toutes-les-actualites\/decouverte-dune-exoplanete-unique-par-le-telescope-webb\" rel=\"bookmark\" title=\"D\u00e9couverte d&rsquo;une Exoplan\u00e8te Unique par le T\u00e9lescope Webb\">D\u00e9couverte d&rsquo;une Exoplan\u00e8te Unique par le T\u00e9lescope Webb<\/a><\/h3>\r\n                <div class=\"td-module-meta-info\">\r\n                                                            <span class=\"td-post-date\"><time class=\"entry-date updated td-module-date\" datetime=\"2026-03-22T00:12:20+00:00\" >2026-03-22<\/time><\/span>                                    <\/div>\r\n            <\/div>\r\n\r\n            \r\n        <\/div>\r\n\r\n        \n\t<\/div> <!-- .\/td-block-span12 -->\n\n\t<div class=\"td-block-span12\">\n\r\n        <div class=\"td_module_8 td_module_wrap\">\r\n\r\n            <div class=\"item-details\">\r\n                <h3 class=\"entry-title td-module-title\"><a href=\"https:\/\/www.africa-press.net\/congo-brazzaville\/toutes-les-actualites\/moscou-relance-les-lancements-depuis-baikonour-endommage\" rel=\"bookmark\" title=\"Moscou Relance Les Lancements Depuis Ba\u00efkonour Endommag\u00e9\">Moscou Relance Les Lancements Depuis Ba\u00efkonour Endommag\u00e9<\/a><\/h3>\r\n                <div class=\"td-module-meta-info\">\r\n                                                            <span class=\"td-post-date\"><time class=\"entry-date updated td-module-date\" datetime=\"2026-03-22T00:12:20+00:00\" >2026-03-22<\/time><\/span>                                    <\/div>\r\n            <\/div>\r\n\r\n            \r\n        <\/div>\r\n\r\n        \n\t<\/div> <!-- .\/td-block-span12 -->\n\n\t<div class=\"td-block-span12\">\n\r\n        <div class=\"td_module_8 td_module_wrap\">\r\n\r\n            <div class=\"item-details\">\r\n                <h3 class=\"entry-title td-module-title\"><a href=\"https:\/\/www.africa-press.net\/congo-brazzaville\/toutes-les-actualites\/trio-de-planetes-a-observer-en-avril-2026-a-la-reunion\" rel=\"bookmark\" title=\"Trio de Plan\u00e8tes \u00e0 Observer en Avril 2026 \u00e0 La R\u00e9union\">Trio de Plan\u00e8tes \u00e0 Observer en Avril 2026 \u00e0 La R\u00e9union<\/a><\/h3>\r\n                <div class=\"td-module-meta-info\">\r\n                                                            <span class=\"td-post-date\"><time class=\"entry-date updated td-module-date\" datetime=\"2026-03-22T00:12:19+00:00\" >2026-03-22<\/time><\/span>                                    <\/div>\r\n            <\/div>\r\n\r\n            \r\n        <\/div>\r\n\r\n        \n\t<\/div> <!-- .\/td-block-span12 -->\n\n\t<div class=\"td-block-span12\">\n\r\n        <div class=\"td_module_8 td_module_wrap\">\r\n\r\n            <div class=\"item-details\">\r\n                <h3 class=\"entry-title td-module-title\"><a href=\"https:\/\/www.africa-press.net\/congo-brazzaville\/toutes-les-actualites\/nasa-suspend-son-projet-gateway-pour-une-base-lunaire\" rel=\"bookmark\" title=\"NASA Suspend Son Projet Gateway Pour Une Base Lunaire\">NASA Suspend Son Projet Gateway Pour Une Base Lunaire<\/a><\/h3>\r\n                <div class=\"td-module-meta-info\">\r\n                                                            <span class=\"td-post-date\"><time class=\"entry-date updated td-module-date\" datetime=\"2026-03-22T00:12:18+00:00\" >2026-03-22<\/time><\/span>                                    <\/div>\r\n            <\/div>\r\n\r\n            \r\n        <\/div>\r\n\r\n        \n\t<\/div> <!-- .\/td-block-span12 -->\n\n\t<div class=\"td-block-span12\">\n\r\n        <div class=\"td_module_8 td_module_wrap\">\r\n\r\n            <div class=\"item-details\">\r\n                <h3 class=\"entry-title td-module-title\"><a href=\"https:\/\/www.africa-press.net\/congo-brazzaville\/toutes-les-actualites\/accords-artemis-redefinissent-les-regles-de-lespace\" rel=\"bookmark\" title=\"Accords Artemis Red\u00e9finissent les R\u00e8gles de l&rsquo;Espace\">Accords Artemis Red\u00e9finissent les R\u00e8gles de l&rsquo;Espace<\/a><\/h3>\r\n                <div class=\"td-module-meta-info\">\r\n                                                            <span class=\"td-post-date\"><time class=\"entry-date updated td-module-date\" datetime=\"2026-03-22T00:12:18+00:00\" >2026-03-22<\/time><\/span>                                    <\/div>\r\n            <\/div>\r\n\r\n            \r\n        <\/div>\r\n\r\n        \n\t<\/div> <!-- .\/td-block-span12 -->\n\n\t<div class=\"td-block-span12\">\n\r\n        <div class=\"td_module_8 td_module_wrap\">\r\n\r\n            <div class=\"item-details\">\r\n                <h3 class=\"entry-title td-module-title\"><a href=\"https:\/\/www.africa-press.net\/congo-brazzaville\/toutes-les-actualites\/make-pluto-great-again-reclasser-pluton-en-planete\" rel=\"bookmark\" title=\"Make Pluto Great Again: Reclasser Pluton En Plane\u0300te\">Make Pluto Great Again: Reclasser Pluton En Plane\u0300te<\/a><\/h3>\r\n                <div class=\"td-module-meta-info\">\r\n                                                            <span class=\"td-post-date\"><time class=\"entry-date updated td-module-date\" datetime=\"2026-03-21T00:12:12+00:00\" >2026-03-21<\/time><\/span>                                    <\/div>\r\n            <\/div>\r\n\r\n            \r\n        <\/div>\r\n\r\n        \n\t<\/div> <!-- .\/td-block-span12 -->\n\n\t<div class=\"td-block-span12\">\n\r\n        <div class=\"td_module_8 td_module_wrap\">\r\n\r\n            <div class=\"item-details\">\r\n                <h3 class=\"entry-title td-module-title\"><a href=\"https:\/\/www.africa-press.net\/congo-brazzaville\/toutes-les-actualites\/ia-decouvre-nouvelles-exoplanetes-grace-a-tess\" rel=\"bookmark\" title=\"IA D\u00e9couvre Nouvelles Exoplan\u00e8tes Gr\u00e2ce \u00e0 TESS\">IA D\u00e9couvre Nouvelles Exoplan\u00e8tes Gr\u00e2ce \u00e0 TESS<\/a><\/h3>\r\n                <div class=\"td-module-meta-info\">\r\n                                                            <span class=\"td-post-date\"><time class=\"entry-date updated td-module-date\" datetime=\"2026-03-21T00:12:11+00:00\" >2026-03-21<\/time><\/span>                                    <\/div>\r\n            <\/div>\r\n\r\n            \r\n        <\/div>\r\n\r\n        \n\t<\/div> <!-- .\/td-block-span12 -->\n\n\t<div class=\"td-block-span12\">\n\r\n        <div class=\"td_module_8 td_module_wrap\">\r\n\r\n            <div class=\"item-details\">\r\n                <h3 class=\"entry-title td-module-title\"><a href=\"https:\/\/www.africa-press.net\/congo-brazzaville\/toutes-les-actualites\/naissance-de-deux-planetes-autour-dune-etoile-jeune\" rel=\"bookmark\" title=\"Naissance de Deux Plan\u00e8tes Autour d&rsquo;une \u00c9toile Jeune\">Naissance de Deux Plan\u00e8tes Autour d&rsquo;une \u00c9toile Jeune<\/a><\/h3>\r\n                <div class=\"td-module-meta-info\">\r\n                                                            <span class=\"td-post-date\"><time class=\"entry-date updated td-module-date\" datetime=\"2026-03-21T00:12:11+00:00\" >2026-03-21<\/time><\/span>                                    <\/div>\r\n            <\/div>\r\n\r\n            \r\n        <\/div>\r\n\r\n        \n\t<\/div> <!-- .\/td-block-span12 -->\n\n\t<div class=\"td-block-span12\">\n\r\n        <div class=\"td_module_8 td_module_wrap\">\r\n\r\n            <div class=\"item-details\">\r\n                <h3 class=\"entry-title td-module-title\"><a href=\"https:\/\/www.africa-press.net\/congo-brazzaville\/toutes-les-actualites\/briques-de-vie-revelees-par-echantillons-de-ryugu\" rel=\"bookmark\" title=\"Briques de Vie R\u00e9v\u00e9l\u00e9es par \u00c9chantillons de Ryugu\">Briques de Vie R\u00e9v\u00e9l\u00e9es par \u00c9chantillons de Ryugu<\/a><\/h3>\r\n                <div class=\"td-module-meta-info\">\r\n                                                            <span class=\"td-post-date\"><time class=\"entry-date updated td-module-date\" datetime=\"2026-03-21T00:12:10+00:00\" >2026-03-21<\/time><\/span>                                    <\/div>\r\n            <\/div>\r\n\r\n            \r\n        <\/div>\r\n\r\n        \n\t<\/div> <!-- .\/td-block-span12 -->\n\n\t<div class=\"td-block-span12\">\n\r\n        <div class=\"td_module_8 td_module_wrap\">\r\n\r\n            <div class=\"item-details\">\r\n                <h3 class=\"entry-title td-module-title\"><a href=\"https:\/\/www.africa-press.net\/congo-brazzaville\/toutes-les-actualites\/boule-de-feu-observee-dans-le-ciel-europeen\" rel=\"bookmark\" title=\"Boule de Feu Observ\u00e9e Dans Le Ciel Europ\u00e9en\">Boule de Feu Observ\u00e9e Dans Le Ciel Europ\u00e9en<\/a><\/h3>\r\n                <div class=\"td-module-meta-info\">\r\n                                                            <span class=\"td-post-date\"><time class=\"entry-date updated td-module-date\" datetime=\"2026-03-21T00:12:09+00:00\" >2026-03-21<\/time><\/span>                                    <\/div>\r\n            <\/div>\r\n\r\n            \r\n        <\/div>\r\n\r\n        \n\t<\/div> <!-- .\/td-block-span12 -->\n\n\t<div class=\"td-block-span12\">\n\r\n        <div class=\"td_module_8 td_module_wrap\">\r\n\r\n            <div class=\"item-details\">\r\n                <h3 class=\"entry-title td-module-title\"><a href=\"https:\/\/www.africa-press.net\/congo-brazzaville\/toutes-les-actualites\/instructrice-dastronautes-rendre-possible-laventure-spatiale\" rel=\"bookmark\" title=\"Instructrice D&rsquo;Astronautes: Rendre Possible L&rsquo;Aventure Spatiale\">Instructrice D&rsquo;Astronautes: Rendre Possible L&rsquo;Aventure Spatiale<\/a><\/h3>\r\n                <div class=\"td-module-meta-info\">\r\n                                                            <span class=\"td-post-date\"><time class=\"entry-date updated td-module-date\" datetime=\"2026-03-20T00:12:05+00:00\" >2026-03-20<\/time><\/span>                                    <\/div>\r\n            <\/div>\r\n\r\n            \r\n        <\/div>\r\n\r\n        \n\t<\/div> <!-- .\/td-block-span12 -->\n\n\t<div class=\"td-block-span12\">\n\r\n        <div class=\"td_module_8 td_module_wrap\">\r\n\r\n            <div class=\"item-details\">\r\n                <h3 class=\"entry-title td-module-title\"><a href=\"https:\/\/www.africa-press.net\/congo-brazzaville\/toutes-les-actualites\/lancement-dartemis-2-prevu-pour-le-1er-avril\" rel=\"bookmark\" title=\"Lancement d&rsquo;Art\u00e9mis 2 pr\u00e9vu pour le 1er avril\">Lancement d&rsquo;Art\u00e9mis 2 pr\u00e9vu pour le 1er avril<\/a><\/h3>\r\n                <div class=\"td-module-meta-info\">\r\n                                                            <span class=\"td-post-date\"><time class=\"entry-date updated td-module-date\" datetime=\"2026-03-20T00:12:04+00:00\" >2026-03-20<\/time><\/span>                                    <\/div>\r\n            <\/div>\r\n\r\n            \r\n        <\/div>\r\n\r\n        \n\t<\/div> <!-- .\/td-block-span12 -->\n\n\t<div class=\"td-block-span12\">\n\r\n        <div class=\"td_module_8 td_module_wrap\">\r\n\r\n            <div class=\"item-details\">\r\n                <h3 class=\"entry-title td-module-title\"><a href=\"https:\/\/www.africa-press.net\/congo-brazzaville\/toutes-les-actualites\/vers-de-terre-et-champignons-pour-fertiliser-la-lune\" rel=\"bookmark\" title=\"Vers de terre et champignons pour fertiliser la Lune\">Vers de terre et champignons pour fertiliser la Lune<\/a><\/h3>\r\n                <div class=\"td-module-meta-info\">\r\n                                                            <span class=\"td-post-date\"><time class=\"entry-date updated td-module-date\" datetime=\"2026-03-20T00:12:03+00:00\" >2026-03-20<\/time><\/span>                                    <\/div>\r\n            <\/div>\r\n\r\n            \r\n        <\/div>\r\n\r\n        \n\t<\/div> <!-- .\/td-block-span12 -->\n\n\t<div class=\"td-block-span12\">\n\r\n        <div class=\"td_module_8 td_module_wrap\">\r\n\r\n            <div class=\"item-details\">\r\n                <h3 class=\"entry-title td-module-title\"><a href=\"https:\/\/www.africa-press.net\/congo-brazzaville\/toutes-les-actualites\/asteroide-devie-par-la-nasa-change-dorbite-solaire\" rel=\"bookmark\" title=\"Ast\u00e9ro\u00efde D\u00e9vi\u00e9 Par La Nasa Change D&rsquo;Orbite Solaire\">Ast\u00e9ro\u00efde D\u00e9vi\u00e9 Par La Nasa Change D&rsquo;Orbite Solaire<\/a><\/h3>\r\n                <div class=\"td-module-meta-info\">\r\n                                                            <span class=\"td-post-date\"><time class=\"entry-date updated td-module-date\" datetime=\"2026-03-20T00:12:02+00:00\" >2026-03-20<\/time><\/span>                                    <\/div>\r\n            <\/div>\r\n\r\n            \r\n        <\/div>\r\n\r\n        \n\t<\/div> <!-- .\/td-block-span12 -->\n\n\t<div class=\"td-block-span12\">\n\r\n        <div class=\"td_module_8 td_module_wrap\">\r\n\r\n            <div class=\"item-details\">\r\n                <h3 class=\"entry-title td-module-title\"><a href=\"https:\/\/www.africa-press.net\/congo-brazzaville\/toutes-les-actualites\/nasa-modifie-ses-plans-pour-le-retour-sur-la-lune\" rel=\"bookmark\" title=\"NASA Modifie Ses Plans Pour Le Retour Sur La Lune\">NASA Modifie Ses Plans Pour Le Retour Sur La Lune<\/a><\/h3>\r\n                <div class=\"td-module-meta-info\">\r\n                                                            <span class=\"td-post-date\"><time class=\"entry-date updated td-module-date\" datetime=\"2026-03-20T00:12:01+00:00\" >2026-03-20<\/time><\/span>                                    <\/div>\r\n            <\/div>\r\n\r\n            \r\n        <\/div>\r\n\r\n        \n\t<\/div> <!-- .\/td-block-span12 -->\n\n\t<div class=\"td-block-span12\">\n\r\n        <div class=\"td_module_8 td_module_wrap\">\r\n\r\n            <div class=\"item-details\">\r\n                <h3 class=\"entry-title td-module-title\"><a href=\"https:\/\/www.africa-press.net\/congo-brazzaville\/sports\/barrages-intercontinentaux-mondial-2026-confiance-totale\" rel=\"bookmark\" title=\"Barrages Intercontinentaux \u2013 Mondial 2026: Confiance Totale\">Barrages Intercontinentaux \u2013 Mondial 2026: Confiance Totale<\/a><\/h3>\r\n                <div class=\"td-module-meta-info\">\r\n                                                            <span class=\"td-post-date\"><time class=\"entry-date updated td-module-date\" datetime=\"2026-03-19T21:48:00+00:00\" >2026-03-19<\/time><\/span>                                    <\/div>\r\n            <\/div>\r\n\r\n            \r\n        <\/div>\r\n\r\n        \n\t<\/div> <!-- .\/td-block-span12 -->\n\n\t<div class=\"td-block-span12\">\n\r\n        <div class=\"td_module_8 td_module_wrap\">\r\n\r\n            <div class=\"item-details\">\r\n                <h3 class=\"entry-title td-module-title\"><a href=\"https:\/\/www.africa-press.net\/congo-brazzaville\/sports\/senegal-conteste-decision-de-la-caf-pour-can-2025\" rel=\"bookmark\" title=\"S\u00e9n\u00e9gal Conteste D\u00e9cision de la CAF Pour CAN 2025\">S\u00e9n\u00e9gal Conteste D\u00e9cision de la CAF Pour CAN 2025<\/a><\/h3>\r\n                <div class=\"td-module-meta-info\">\r\n                                                            <span class=\"td-post-date\"><time class=\"entry-date updated td-module-date\" datetime=\"2026-03-19T21:46:00+00:00\" >2026-03-19<\/time><\/span>                                    <\/div>\r\n            <\/div>\r\n\r\n            \r\n        <\/div>\r\n\r\n        \n\t<\/div> <!-- .\/td-block-span12 -->\n\n\t<div class=\"td-block-span12\">\n\r\n        <div class=\"td_module_8 td_module_wrap\">\r\n\r\n            <div class=\"item-details\">\r\n                <h3 class=\"entry-title td-module-title\"><a href=\"https:\/\/www.africa-press.net\/congo-brazzaville\/sports\/senegal-gardera-son-trophee-quoi-quil-arrive\" rel=\"bookmark\" title=\"S\u00e9n\u00e9gal Gardera Son Troph\u00e9e Quoi Qu&rsquo;il Arrive\">S\u00e9n\u00e9gal Gardera Son Troph\u00e9e Quoi Qu&rsquo;il Arrive<\/a><\/h3>\r\n                <div class=\"td-module-meta-info\">\r\n                                                            <span class=\"td-post-date\"><time class=\"entry-date updated td-module-date\" datetime=\"2026-03-19T21:44:00+00:00\" >2026-03-19<\/time><\/span>                                    <\/div>\r\n            <\/div>\r\n\r\n            \r\n        <\/div>\r\n\r\n        \n\t<\/div> <!-- .\/td-block-span12 -->\n\n\t<div class=\"td-block-span12\">\n\r\n        <div class=\"td_module_8 td_module_wrap\">\r\n\r\n            <div class=\"item-details\">\r\n                <h3 class=\"entry-title td-module-title\"><a href=\"https:\/\/www.africa-press.net\/congo-brazzaville\/sports\/messi-franchit-900-buts-et-renforce-sa-legende\" rel=\"bookmark\" title=\"Messi Franchit 900 Buts Et Renforce Sa L\u00e9gende\">Messi Franchit 900 Buts Et Renforce Sa L\u00e9gende<\/a><\/h3>\r\n                <div class=\"td-module-meta-info\">\r\n                                                            <span class=\"td-post-date\"><time class=\"entry-date updated td-module-date\" datetime=\"2026-03-19T21:42:00+00:00\" >2026-03-19<\/time><\/span>                                    <\/div>\r\n            <\/div>\r\n\r\n            \r\n        <\/div>\r\n\r\n        \n\t<\/div> <!-- .\/td-block-span12 -->\n\n\t<div class=\"td-block-span12\">\n\r\n        <div class=\"td_module_8 td_module_wrap\">\r\n\r\n            <div class=\"item-details\">\r\n                <h3 class=\"entry-title td-module-title\"><a href=\"https:\/\/www.africa-press.net\/congo-brazzaville\/sports\/can-u-25-basket-fauteuil-leopards-dames-menacees\" rel=\"bookmark\" title=\"CAN U-25 Basket Fauteuil: Le\u0301opards Dames Menace\u0301es\">CAN U-25 Basket Fauteuil: Le\u0301opards Dames Menace\u0301es<\/a><\/h3>\r\n                <div class=\"td-module-meta-info\">\r\n                                                            <span class=\"td-post-date\"><time class=\"entry-date updated td-module-date\" datetime=\"2026-03-19T21:40:00+00:00\" >2026-03-19<\/time><\/span>                                    <\/div>\r\n            <\/div>\r\n\r\n            \r\n        <\/div>\r\n\r\n        \n\t<\/div> <!-- .\/td-block-span12 -->\n\n\t<div class=\"td-block-span12\">\n\r\n        <div class=\"td_module_8 td_module_wrap\">\r\n\r\n            <div class=\"item-details\">\r\n                <h3 class=\"entry-title td-module-title\"><a href=\"https:\/\/www.africa-press.net\/congo-brazzaville\/toutes-les-actualites\/japon-echec-de-lancement-dune-fusee-par-start-up\" rel=\"bookmark\" title=\"Japon: E\u0301chec de lancement d&rsquo;une fuse\u0301e par start-up\">Japon: E\u0301chec de lancement d&rsquo;une fuse\u0301e par start-up<\/a><\/h3>\r\n                <div class=\"td-module-meta-info\">\r\n                                                            <span class=\"td-post-date\"><time class=\"entry-date updated td-module-date\" datetime=\"2026-03-19T00:11:56+00:00\" >2026-03-19<\/time><\/span>                                    <\/div>\r\n            <\/div>\r\n\r\n            \r\n        <\/div>\r\n\r\n        \n\t<\/div> <!-- .\/td-block-span12 -->\n\n\t<div class=\"td-block-span12\">\n\r\n        <div class=\"td_module_8 td_module_wrap\">\r\n\r\n            <div class=\"item-details\">\r\n                <h3 class=\"entry-title td-module-title\"><a href=\"https:\/\/www.africa-press.net\/congo-brazzaville\/toutes-les-actualites\/sophie-adenot-epanouie-dans-lespace-physiquement-et-moralement\" rel=\"bookmark\" title=\"Sophie Adenot \u00c9panouie Dans L&rsquo;Espace Physiquement Et Moralement\">Sophie Adenot \u00c9panouie Dans L&rsquo;Espace Physiquement Et Moralement<\/a><\/h3>\r\n                <div class=\"td-module-meta-info\">\r\n                                                            <span class=\"td-post-date\"><time class=\"entry-date updated td-module-date\" datetime=\"2026-03-19T00:11:55+00:00\" >2026-03-19<\/time><\/span>                                    <\/div>\r\n            <\/div>\r\n\r\n            \r\n        <\/div>\r\n\r\n        \n\t<\/div> <!-- .\/td-block-span12 -->\n\n\t<div class=\"td-block-span12\">\n\r\n        <div class=\"td_module_8 td_module_wrap\">\r\n\r\n            <div class=\"item-details\">\r\n                <h3 class=\"entry-title td-module-title\"><a href=\"https:\/\/www.africa-press.net\/congo-brazzaville\/toutes-les-actualites\/pourquoi-baille-t-on-et-surtout-au-reveil-et-au-coucher\" rel=\"bookmark\" title=\"Pourquoi Ba\u0302Ille-T-On (Et Surtout au Re\u0301veil et au Coucher)?\">Pourquoi Ba\u0302Ille-T-On (Et Surtout au Re\u0301veil et au Coucher)?<\/a><\/h3>\r\n                <div class=\"td-module-meta-info\">\r\n                                                            <span class=\"td-post-date\"><time class=\"entry-date updated td-module-date\" datetime=\"2026-03-19T00:11:54+00:00\" >2026-03-19<\/time><\/span>                                    <\/div>\r\n            <\/div>\r\n\r\n            \r\n        <\/div>\r\n\r\n        \n\t<\/div> <!-- .\/td-block-span12 -->\n\n\t<div class=\"td-block-span12\">\n\r\n        <div class=\"td_module_8 td_module_wrap\">\r\n\r\n            <div class=\"item-details\">\r\n                <h3 class=\"entry-title td-module-title\"><a href=\"https:\/\/www.africa-press.net\/congo-brazzaville\/toutes-les-actualites\/donner-une-seconde-vie-a-la-peau\" rel=\"bookmark\" title=\"Donner une seconde vie \u00e0 la peau\">Donner une seconde vie \u00e0 la peau<\/a><\/h3>\r\n                <div class=\"td-module-meta-info\">\r\n                                                            <span class=\"td-post-date\"><time class=\"entry-date updated td-module-date\" datetime=\"2026-03-19T00:11:54+00:00\" >2026-03-19<\/time><\/span>                                    <\/div>\r\n            <\/div>\r\n\r\n            \r\n        <\/div>\r\n\r\n        \n\t<\/div> <!-- .\/td-block-span12 -->\n\n\t<div class=\"td-block-span12\">\n\r\n        <div class=\"td_module_8 td_module_wrap\">\r\n\r\n            <div class=\"item-details\">\r\n                <h3 class=\"entry-title td-module-title\"><a href=\"https:\/\/www.africa-press.net\/congo-brazzaville\/toutes-les-actualites\/ia-capable-de-creer-de-nouveaux-genomes-inedits\" rel=\"bookmark\" title=\"IA Capable de Cr\u00e9er de Nouveaux G\u00e9nomes In\u00e9dits\">IA Capable de Cr\u00e9er de Nouveaux G\u00e9nomes In\u00e9dits<\/a><\/h3>\r\n                <div class=\"td-module-meta-info\">\r\n                                                            <span class=\"td-post-date\"><time class=\"entry-date updated td-module-date\" datetime=\"2026-03-19T00:11:53+00:00\" >2026-03-19<\/time><\/span>                                    <\/div>\r\n            <\/div>\r\n\r\n            \r\n        <\/div>\r\n\r\n        \n\t<\/div> <!-- .\/td-block-span12 -->\n\n\t<div class=\"td-block-span12\">\n\r\n        <div class=\"td_module_8 td_module_wrap\">\r\n\r\n            <div class=\"item-details\">\r\n                <h3 class=\"entry-title td-module-title\"><a href=\"https:\/\/www.africa-press.net\/congo-brazzaville\/sports\/can-2026-et-sacre-du-senegal-vole-par-les-bureaux\" rel=\"bookmark\" title=\"CAN 2026 et Sacre du Se\u0301ne\u0301gal Vole\u0301 par les Bureaux?\">CAN 2026 et Sacre du Se\u0301ne\u0301gal Vole\u0301 par les Bureaux?<\/a><\/h3>\r\n                <div class=\"td-module-meta-info\">\r\n                                                            <span class=\"td-post-date\"><time class=\"entry-date updated td-module-date\" datetime=\"2026-03-18T22:58:32+00:00\" >2026-03-18<\/time><\/span>                                    <\/div>\r\n            <\/div>\r\n\r\n            \r\n        <\/div>\r\n\r\n        \n\t<\/div> <!-- .\/td-block-span12 -->\n\n\t<div class=\"td-block-span12\">\n\r\n        <div class=\"td_module_8 td_module_wrap\">\r\n\r\n            <div class=\"item-details\">\r\n                <h3 class=\"entry-title td-module-title\"><a href=\"https:\/\/www.africa-press.net\/congo-brazzaville\/sports\/can-2026-et-sacre-du-senegal-vole-par-les-bureaux-2\" rel=\"bookmark\" title=\"CAN 2026 et Sacre du Se\u0301ne\u0301gal Vole\u0301 par les Bureaux?\">CAN 2026 et Sacre du Se\u0301ne\u0301gal Vole\u0301 par les Bureaux?<\/a><\/h3>\r\n                <div class=\"td-module-meta-info\">\r\n                                                            <span class=\"td-post-date\"><time class=\"entry-date updated td-module-date\" datetime=\"2026-03-18T22:58:32+00:00\" >2026-03-18<\/time><\/span>                                    <\/div>\r\n            <\/div>\r\n\r\n            \r\n        <\/div>\r\n\r\n        \n\t<\/div> <!-- .\/td-block-span12 --><\/div><\/div> <!-- .\/block --><\/div><\/div><\/div><\/div><div id=\"td_uid_25_69f12974c5cc1\" class=\"tdc-row\"><div class=\"vc_row vc_custom_1506947545730 td_uid_46_69f12974c5cc9_rand user-select wpb_row td-pb-row\" >\n<style scoped>\n\n\/* tdc_composer_block - inline css att *\/\n.vc_custom_1506947545730{border-top-width: 5px !important;border-right-width: 5px !important;border-bottom-width: 5px !important;border-left-width: 5px !important;border-left-color: #1e612a !important;border-left-style: solid !important;border-right-color: #1e612a !important;border-right-style: solid !important;border-top-color: #1e612a !important;border-top-style: solid !important;border-bottom-color: #1e612a !important;border-bottom-style: solid !important;}\n\/* custom css *\/\n.td_uid_46_69f12974c5cc9_rand {\r\n                    min-height: 0;\r\n                }\n<\/style><div class=\"vc_column td_uid_47_69f12974c5ef8_rand  wpb_column vc_column_container tdc-column td-pb-span12\">\n<style scoped>\n\n\/* custom css *\/\n.td_uid_47_69f12974c5ef8_rand {\r\n                    vertical-align: baseline;\r\n                }\n<\/style><div class=\"wpb_wrapper\"><div class=\"wpb_wrapper wpb_text_column td_block_wrap td_block_wrap vc_column_text td_uid_48_69f12974c604d_rand user-select-title td-pb-border-top td_block_template_1\"  data-td-block-uid=\"td_uid_48_69f12974c604d\" ><div class=\"td-block-title-wrap\"><\/div><div class=\"td-fix-index\"><p>\u00c9lection des lecteurs<\/p>\n<\/div><\/div><div class=\"vc_row_inner td_uid_49_69f12974c72a0_rand  vc_row vc_inner wpb_row td-pb-row\" >\n<style scoped>\n\n\/* custom css *\/\n.td_uid_49_69f12974c72a0_rand {\r\n                    position: relative !important;\r\n                    top: 0;\r\n                    transform: none;\r\n                    -webkit-transform: none;\r\n                }\n<\/style><div class=\"vc_column_inner td_uid_50_69f12974c73eb_rand  wpb_column vc_column_container tdc-inner-column td-pb-span6\">\n<style scoped>\n\n\/* custom css *\/\n.td_uid_50_69f12974c73eb_rand {\r\n                    vertical-align: baseline;\r\n                }\n<\/style><div class=\"vc_column-inner\"><div class=\"wpb_wrapper\"><div class=\"td_block_wrap td_block_19 td_uid_51_69f12974c7554_rand td-pb-border-top td_block_template_1 td-column-1\"  data-td-block-uid=\"td_uid_51_69f12974c7554\" ><script>var block_td_uid_51_69f12974c7554 = new tdBlock();\nblock_td_uid_51_69f12974c7554.id = \"td_uid_51_69f12974c7554\";\nblock_td_uid_51_69f12974c7554.atts = '{\"sort\":\"popular7\",\"limit\":\"3\",\"separator\":\"\",\"custom_title\":\"\",\"custom_url\":\"\",\"block_template_id\":\"\",\"mx1_tl\":\"\",\"mx2_tl\":\"\",\"post_ids\":\"\",\"category_id\":\"\",\"category_ids\":\"\",\"tag_slug\":\"\",\"autors_id\":\"\",\"installed_post_types\":\"\",\"offset\":\"\",\"show_modified_date\":\"\",\"el_class\":\"\",\"td_ajax_filter_type\":\"\",\"td_ajax_filter_ids\":\"\",\"td_filter_default_txt\":\"All\",\"td_ajax_preloading\":\"\",\"f_header_font_header\":\"\",\"f_header_font_title\":\"Block header\",\"f_header_font_settings\":\"\",\"f_header_font_family\":\"\",\"f_header_font_size\":\"\",\"f_header_font_line_height\":\"\",\"f_header_font_style\":\"\",\"f_header_font_weight\":\"\",\"f_header_font_transform\":\"\",\"f_header_font_spacing\":\"\",\"f_header_\":\"\",\"f_ajax_font_title\":\"Ajax categories\",\"f_ajax_font_settings\":\"\",\"f_ajax_font_family\":\"\",\"f_ajax_font_size\":\"\",\"f_ajax_font_line_height\":\"\",\"f_ajax_font_style\":\"\",\"f_ajax_font_weight\":\"\",\"f_ajax_font_transform\":\"\",\"f_ajax_font_spacing\":\"\",\"f_ajax_\":\"\",\"f_more_font_title\":\"Load more button\",\"f_more_font_settings\":\"\",\"f_more_font_family\":\"\",\"f_more_font_size\":\"\",\"f_more_font_line_height\":\"\",\"f_more_font_style\":\"\",\"f_more_font_weight\":\"\",\"f_more_font_transform\":\"\",\"f_more_font_spacing\":\"\",\"f_more_\":\"\",\"mx1f_title_font_header\":\"\",\"mx1f_title_font_title\":\"Article title\",\"mx1f_title_font_settings\":\"\",\"mx1f_title_font_family\":\"\",\"mx1f_title_font_size\":\"\",\"mx1f_title_font_line_height\":\"\",\"mx1f_title_font_style\":\"\",\"mx1f_title_font_weight\":\"\",\"mx1f_title_font_transform\":\"\",\"mx1f_title_font_spacing\":\"\",\"mx1f_title_\":\"\",\"mx1f_cat_font_title\":\"Article category tag\",\"mx1f_cat_font_settings\":\"\",\"mx1f_cat_font_family\":\"\",\"mx1f_cat_font_size\":\"\",\"mx1f_cat_font_line_height\":\"\",\"mx1f_cat_font_style\":\"\",\"mx1f_cat_font_weight\":\"\",\"mx1f_cat_font_transform\":\"\",\"mx1f_cat_font_spacing\":\"\",\"mx1f_cat_\":\"\",\"mx1f_meta_font_title\":\"Article meta info\",\"mx1f_meta_font_settings\":\"\",\"mx1f_meta_font_family\":\"\",\"mx1f_meta_font_size\":\"\",\"mx1f_meta_font_line_height\":\"\",\"mx1f_meta_font_style\":\"\",\"mx1f_meta_font_weight\":\"\",\"mx1f_meta_font_transform\":\"\",\"mx1f_meta_font_spacing\":\"\",\"mx1f_meta_\":\"\",\"mx2f_title_font_header\":\"\",\"mx2f_title_font_title\":\"Article title\",\"mx2f_title_font_settings\":\"\",\"mx2f_title_font_family\":\"\",\"mx2f_title_font_size\":\"\",\"mx2f_title_font_line_height\":\"\",\"mx2f_title_font_style\":\"\",\"mx2f_title_font_weight\":\"\",\"mx2f_title_font_transform\":\"\",\"mx2f_title_font_spacing\":\"\",\"mx2f_title_\":\"\",\"mx2f_cat_font_title\":\"Article category tag\",\"mx2f_cat_font_settings\":\"\",\"mx2f_cat_font_family\":\"\",\"mx2f_cat_font_size\":\"\",\"mx2f_cat_font_line_height\":\"\",\"mx2f_cat_font_style\":\"\",\"mx2f_cat_font_weight\":\"\",\"mx2f_cat_font_transform\":\"\",\"mx2f_cat_font_spacing\":\"\",\"mx2f_cat_\":\"\",\"mx2f_meta_font_title\":\"Article meta info\",\"mx2f_meta_font_settings\":\"\",\"mx2f_meta_font_family\":\"\",\"mx2f_meta_font_size\":\"\",\"mx2f_meta_font_line_height\":\"\",\"mx2f_meta_font_style\":\"\",\"mx2f_meta_font_weight\":\"\",\"mx2f_meta_font_transform\":\"\",\"mx2f_meta_font_spacing\":\"\",\"mx2f_meta_\":\"\",\"ajax_pagination\":\"\",\"ajax_pagination_infinite_stop\":\"\",\"css\":\"\",\"tdc_css\":\"\",\"td_column_number\":1,\"header_color\":\"\",\"color_preset\":\"\",\"border_top\":\"\",\"class\":\"td_uid_51_69f12974c7554_rand\",\"tdc_css_class\":\"td_uid_51_69f12974c7554_rand\",\"tdc_css_class_style\":\"td_uid_51_69f12974c7554_rand_style\"}';\nblock_td_uid_51_69f12974c7554.td_column_number = \"1\";\nblock_td_uid_51_69f12974c7554.block_type = \"td_block_19\";\nblock_td_uid_51_69f12974c7554.post_count = \"3\";\nblock_td_uid_51_69f12974c7554.found_posts = \"8736\";\nblock_td_uid_51_69f12974c7554.header_color = \"\";\nblock_td_uid_51_69f12974c7554.ajax_pagination_infinite_stop = \"\";\nblock_td_uid_51_69f12974c7554.max_num_pages = \"2912\";\ntdBlocksArray.push(block_td_uid_51_69f12974c7554);\n<\/script><div class=\"td-block-title-wrap\"><\/div><div id=td_uid_51_69f12974c7554 class=\"td_block_inner td-column-1\">\r\n        <div class=\"td_module_mx1 td_module_wrap td-animation-stack\">\r\n            <div class=\"td-module-thumb\"><a href=\"https:\/\/www.africa-press.net\/congo-brazzaville\/sports\/football-les-resultats-des-diables-rouges-et-des-congolais-de-la-diaspora-en-europe-grece-et-israel\" rel=\"bookmark\" class=\"td-image-wrap\" title=\"Football, les r\u00e9sultats des Diables rouges et des Congolais de la diaspora en Europe (Gr\u00e8ce et Isra\u00ebl)\"><img loading=\"lazy\" decoding=\"async\" class=\"entry-thumb\" src=\"data:image\/png;base64,iVBORw0KGgoAAAANSUhEUgAAAWQAAADcAQMAAAB9O0nPAAAAA1BMVEWurq51dlI4AAAAAXRSTlMmkutdmwAAACBJREFUaN7twTEBAAAAwiD7p7bDbmAAAAAAAAAAAABAdieIAAGQh2mWAAAAAElFTkSuQmCC\" alt=\"Football, les r\u00e9sultats des Diables rouges et des Congolais de la diaspora en Europe (Gr\u00e8ce et Isra\u00ebl)\" title=\"Football, les r\u00e9sultats des Diables rouges et des Congolais de la diaspora en Europe (Gr\u00e8ce et Isra\u00ebl)\" data-type=\"image_tag\" data-img-url=\"https:\/\/static.africa-press.net\/congo-brazzaville\/sites\/51\/2023\/01\/postQueueImg_1672908956.95-356x220.jpg\"  width=\"356\" height=\"220\" \/><\/a><\/div>\r\n            <div class=\"td-module-meta-info\">\r\n                <h3 class=\"entry-title td-module-title\"><a href=\"https:\/\/www.africa-press.net\/congo-brazzaville\/sports\/football-les-resultats-des-diables-rouges-et-des-congolais-de-la-diaspora-en-europe-grece-et-israel\" rel=\"bookmark\" title=\"Football, les r\u00e9sultats des Diables rouges et des Congolais de la diaspora en Europe (Gr\u00e8ce et Isra\u00ebl)\">Football, les r\u00e9sultats des Diables rouges et des Congolais de la diaspora en Europe (Gr\u00e8ce et Isra\u00ebl)<\/a><\/h3>                <div class=\"td-editor-date\">\r\n                                        <span class=\"td-author-date\">\r\n                                                <span class=\"td-post-date\"><time class=\"entry-date updated td-module-date\" datetime=\"2023-01-05T12:25:50+00:00\" >2023-01-05<\/time><\/span>                    <\/span>\r\n                <\/div>\r\n            <\/div>\r\n\r\n        <\/div>\r\n\r\n        \r\n        <div class=\"td_module_mx2 td_module_wrap td-animation-stack\">\r\n\r\n            <div class=\"td-module-thumb\"><a href=\"https:\/\/www.africa-press.net\/congo-brazzaville\/toutes-les-actualites\/voici-le-robot-autonome-le-plus-petit-du-monde\" rel=\"bookmark\" class=\"td-image-wrap\" title=\"Voici le robot autonome le plus petit du monde\"><img loading=\"lazy\" decoding=\"async\" class=\"entry-thumb\" src=\"data:image\/png;base64,iVBORw0KGgoAAAANSUhEUgAAAFAAAAA8AQMAAADL6a\/PAAAAA1BMVEWurq51dlI4AAAAAXRSTlMmkutdmwAAAA5JREFUKM9jGAWjYJABAAKUAAHoEAeuAAAAAElFTkSuQmCC\" alt=\"Voici le robot autonome le plus petit du monde\" title=\"Voici le robot autonome le plus petit du monde\" data-type=\"image_tag\" data-img-url=\"https:\/\/static.africa-press.net\/congo-brazzaville\/sites\/51\/2026\/04\/sm_1776483381.207273-80x60.jpg\"  width=\"80\" height=\"60\" \/><\/a><\/div>\r\n            <div class=\"item-details\">\r\n                <h3 class=\"entry-title td-module-title\"><a href=\"https:\/\/www.africa-press.net\/congo-brazzaville\/toutes-les-actualites\/voici-le-robot-autonome-le-plus-petit-du-monde\" rel=\"bookmark\" title=\"Voici le robot autonome le plus petit du monde\">Voici le robot autonome le plus petit du monde<\/a><\/h3>                <div class=\"td-module-meta-info\">\r\n                                                            <span class=\"td-post-date\"><time class=\"entry-date updated td-module-date\" datetime=\"2026-03-29T00:13:19+00:00\" >2026-03-29<\/time><\/span>                                    <\/div>\r\n            <\/div>\r\n\r\n        <\/div>\r\n\r\n        \r\n        <div class=\"td_module_mx2 td_module_wrap td-animation-stack\">\r\n\r\n            <div class=\"td-module-thumb\"><a href=\"https:\/\/www.africa-press.net\/congo-brazzaville\/photo\/academie-militaire-marien-ngouabi-fin-de-la-formation-de-la-quinzieme-promotion\" rel=\"bookmark\" class=\"td-image-wrap\" title=\"Acade\u0301mie Militaire Marien-Ngouabi: Fin de la Formation de la Quinzie\u0300Me Promotion\"><img loading=\"lazy\" decoding=\"async\" class=\"entry-thumb\" src=\"data:image\/png;base64,iVBORw0KGgoAAAANSUhEUgAAAFAAAAA8AQMAAADL6a\/PAAAAA1BMVEWurq51dlI4AAAAAXRSTlMmkutdmwAAAA5JREFUKM9jGAWjYJABAAKUAAHoEAeuAAAAAElFTkSuQmCC\" alt=\"Acade\u0301mie Militaire Marien-Ngouabi: Fin de la Formation de la Quinzie\u0300Me Promotion\" title=\"Acade\u0301mie Militaire Marien-Ngouabi: Fin de la Formation de la Quinzie\u0300Me Promotion\" data-type=\"image_tag\" data-img-url=\"https:\/\/static.africa-press.net\/congo-brazzaville\/sites\/51\/2024\/07\/sm_1719864723.317698-80x60.jpg\"  width=\"80\" height=\"60\" \/><\/a><\/div>\r\n            <div class=\"item-details\">\r\n                <h3 class=\"entry-title td-module-title\"><a href=\"https:\/\/www.africa-press.net\/congo-brazzaville\/photo\/academie-militaire-marien-ngouabi-fin-de-la-formation-de-la-quinzieme-promotion\" rel=\"bookmark\" title=\"Acade\u0301mie Militaire Marien-Ngouabi: Fin de la Formation de la Quinzie\u0300Me Promotion\">Acade\u0301mie Militaire Marien-Ngouabi: Fin de la Formation de la Quinzie\u0300Me Promotion<\/a><\/h3>                <div class=\"td-module-meta-info\">\r\n                                                            <span class=\"td-post-date\"><time class=\"entry-date updated td-module-date\" datetime=\"2024-07-01T23:27:19+00:00\" >2024-07-01<\/time><\/span>                                    <\/div>\r\n            <\/div>\r\n\r\n        <\/div>\r\n\r\n        <\/div><\/div> <!-- .\/block --><\/div><\/div><\/div><div class=\"vc_column_inner td_uid_52_69f1297533971_rand  wpb_column vc_column_container tdc-inner-column td-pb-span6\">\n<style scoped>\n\n\/* custom css *\/\n.td_uid_52_69f1297533971_rand {\r\n                    vertical-align: baseline;\r\n                }\n<\/style><div class=\"vc_column-inner\"><div class=\"wpb_wrapper\"><div class=\"td_block_wrap td_block_7 td_uid_53_69f1297533a0d_rand td-pb-border-top td_block_template_1 td-column-1 td_block_padding\"  data-td-block-uid=\"td_uid_53_69f1297533a0d\" >\n<style>\n\n\/* inline tdc_css att *\/\n\n\/* phone *\/\n@media (max-width: 767px)\n{\n.td_uid_53_69f1297533a0d_rand{\ndisplay:none !important;\n}\n}\n\n<\/style><script>var block_td_uid_53_69f1297533a0d = new tdBlock();\nblock_td_uid_53_69f1297533a0d.id = \"td_uid_53_69f1297533a0d\";\nblock_td_uid_53_69f1297533a0d.atts = '{\"sort\":\"popular7\",\"limit\":\"4\",\"offset\":\"3\",\"tdc_css\":\"eyJwaG9uZSI6eyJkaXNwbGF5Ijoibm9uZSJ9LCJwaG9uZV9tYXhfd2lkdGgiOjc2N30=\",\"separator\":\"\",\"custom_title\":\"\",\"custom_url\":\"\",\"block_template_id\":\"\",\"m6_tl\":\"\",\"post_ids\":\"\",\"category_id\":\"\",\"category_ids\":\"\",\"tag_slug\":\"\",\"autors_id\":\"\",\"installed_post_types\":\"\",\"show_modified_date\":\"\",\"el_class\":\"\",\"td_ajax_filter_type\":\"\",\"td_ajax_filter_ids\":\"\",\"td_filter_default_txt\":\"All\",\"td_ajax_preloading\":\"\",\"f_header_font_header\":\"\",\"f_header_font_title\":\"Block header\",\"f_header_font_settings\":\"\",\"f_header_font_family\":\"\",\"f_header_font_size\":\"\",\"f_header_font_line_height\":\"\",\"f_header_font_style\":\"\",\"f_header_font_weight\":\"\",\"f_header_font_transform\":\"\",\"f_header_font_spacing\":\"\",\"f_header_\":\"\",\"f_ajax_font_title\":\"Ajax categories\",\"f_ajax_font_settings\":\"\",\"f_ajax_font_family\":\"\",\"f_ajax_font_size\":\"\",\"f_ajax_font_line_height\":\"\",\"f_ajax_font_style\":\"\",\"f_ajax_font_weight\":\"\",\"f_ajax_font_transform\":\"\",\"f_ajax_font_spacing\":\"\",\"f_ajax_\":\"\",\"f_more_font_title\":\"Load more button\",\"f_more_font_settings\":\"\",\"f_more_font_family\":\"\",\"f_more_font_size\":\"\",\"f_more_font_line_height\":\"\",\"f_more_font_style\":\"\",\"f_more_font_weight\":\"\",\"f_more_font_transform\":\"\",\"f_more_font_spacing\":\"\",\"f_more_\":\"\",\"m6f_title_font_header\":\"\",\"m6f_title_font_title\":\"Article title\",\"m6f_title_font_settings\":\"\",\"m6f_title_font_family\":\"\",\"m6f_title_font_size\":\"\",\"m6f_title_font_line_height\":\"\",\"m6f_title_font_style\":\"\",\"m6f_title_font_weight\":\"\",\"m6f_title_font_transform\":\"\",\"m6f_title_font_spacing\":\"\",\"m6f_title_\":\"\",\"m6f_cat_font_title\":\"Article category tag\",\"m6f_cat_font_settings\":\"\",\"m6f_cat_font_family\":\"\",\"m6f_cat_font_size\":\"\",\"m6f_cat_font_line_height\":\"\",\"m6f_cat_font_style\":\"\",\"m6f_cat_font_weight\":\"\",\"m6f_cat_font_transform\":\"\",\"m6f_cat_font_spacing\":\"\",\"m6f_cat_\":\"\",\"m6f_meta_font_title\":\"Article meta info\",\"m6f_meta_font_settings\":\"\",\"m6f_meta_font_family\":\"\",\"m6f_meta_font_size\":\"\",\"m6f_meta_font_line_height\":\"\",\"m6f_meta_font_style\":\"\",\"m6f_meta_font_weight\":\"\",\"m6f_meta_font_transform\":\"\",\"m6f_meta_font_spacing\":\"\",\"m6f_meta_\":\"\",\"ajax_pagination\":\"\",\"ajax_pagination_infinite_stop\":\"\",\"css\":\"\",\"td_column_number\":1,\"header_color\":\"\",\"color_preset\":\"\",\"border_top\":\"\",\"class\":\"td_uid_53_69f1297533a0d_rand\",\"tdc_css_class\":\"td_uid_53_69f1297533a0d_rand\",\"tdc_css_class_style\":\"td_uid_53_69f1297533a0d_rand_style\"}';\nblock_td_uid_53_69f1297533a0d.td_column_number = \"1\";\nblock_td_uid_53_69f1297533a0d.block_type = \"td_block_7\";\nblock_td_uid_53_69f1297533a0d.post_count = \"4\";\nblock_td_uid_53_69f1297533a0d.found_posts = \"8736\";\nblock_td_uid_53_69f1297533a0d.header_color = \"\";\nblock_td_uid_53_69f1297533a0d.ajax_pagination_infinite_stop = \"\";\nblock_td_uid_53_69f1297533a0d.max_num_pages = \"2184\";\ntdBlocksArray.push(block_td_uid_53_69f1297533a0d);\n<\/script><div class=\"td-block-title-wrap\"><\/div><div id=td_uid_53_69f1297533a0d class=\"td_block_inner\">\n\n\t<div class=\"td-block-span12\">\n\r\n        <div class=\"td_module_6 td_module_wrap td-animation-stack\">\r\n\r\n        <div class=\"td-module-thumb\"><a href=\"https:\/\/www.africa-press.net\/congo-brazzaville\/toutes-les-actualites\/wikipedia-a-25-ans-lavenir-face-a-lia\" rel=\"bookmark\" class=\"td-image-wrap\" title=\"Wikipe\u0301dia A\u0300 25 Ans: L&rsquo;Avenir Face A\u0300 L&rsquo;IA\"><img loading=\"lazy\" decoding=\"async\" class=\"entry-thumb\" src=\"data:image\/png;base64,iVBORw0KGgoAAAANSUhEUgAAAGQAAABGAQMAAAAASKMqAAAAA1BMVEWurq51dlI4AAAAAXRSTlMmkutdmwAAABBJREFUKM9jGAWjYBQMKwAAA9QAAQWBn6cAAAAASUVORK5CYII=\" alt=\"Wikipe\u0301dia A\u0300 25 Ans: L&#039;Avenir Face A\u0300 L&#039;IA\" title=\"Wikipe\u0301dia A\u0300 25 Ans: L&rsquo;Avenir Face A\u0300 L&rsquo;IA\" data-type=\"image_tag\" data-img-url=\"https:\/\/static.africa-press.net\/congo-brazzaville\/sites\/51\/2026\/04\/sm_1776483619.876656-100x70.jpg\"  width=\"100\" height=\"70\" \/><\/a><\/div>\r\n        <div class=\"item-details\">\r\n            <h3 class=\"entry-title td-module-title\"><a href=\"https:\/\/www.africa-press.net\/congo-brazzaville\/toutes-les-actualites\/wikipedia-a-25-ans-lavenir-face-a-lia\" rel=\"bookmark\" title=\"Wikipe\u0301dia A\u0300 25 Ans: L&rsquo;Avenir Face A\u0300 L&rsquo;IA\">Wikipe\u0301dia A\u0300 25 Ans: L&rsquo;Avenir Face A\u0300 L&rsquo;IA<\/a><\/h3>            <div class=\"td-module-meta-info\">\r\n                                                <span class=\"td-post-date\"><time class=\"entry-date updated td-module-date\" datetime=\"2026-03-29T00:13:21+00:00\" >2026-03-29<\/time><\/span>                            <\/div>\r\n        <\/div>\r\n\r\n        <\/div>\r\n\r\n        \n\t<\/div> <!-- .\/td-block-span12 -->\n\n\t<div class=\"td-block-span12\">\n\r\n        <div class=\"td_module_6 td_module_wrap td-animation-stack\">\r\n\r\n        <div class=\"td-module-thumb\"><a href=\"https:\/\/www.africa-press.net\/congo-brazzaville\/toutes-les-actualites\/contamination-au-cadmium-alerte-sur-le-chocolat-2\" rel=\"bookmark\" class=\"td-image-wrap\" title=\"Contamination Au Cadmium: Alerte Sur Le Chocolat\"><img loading=\"lazy\" decoding=\"async\" class=\"entry-thumb\" src=\"data:image\/png;base64,iVBORw0KGgoAAAANSUhEUgAAAGQAAABGAQMAAAAASKMqAAAAA1BMVEWurq51dlI4AAAAAXRSTlMmkutdmwAAABBJREFUKM9jGAWjYBQMKwAAA9QAAQWBn6cAAAAASUVORK5CYII=\" alt=\"Contamination Au Cadmium: Alerte Sur Le Chocolat\" title=\"Contamination Au Cadmium: Alerte Sur Le Chocolat\" data-type=\"image_tag\" data-img-url=\"https:\/\/static.africa-press.net\/congo-brazzaville\/sites\/51\/2025\/11\/sm_1763597356.123196-100x70.jpg\"  width=\"100\" height=\"70\" \/><\/a><\/div>\r\n        <div class=\"item-details\">\r\n            <h3 class=\"entry-title td-module-title\"><a href=\"https:\/\/www.africa-press.net\/congo-brazzaville\/toutes-les-actualites\/contamination-au-cadmium-alerte-sur-le-chocolat-2\" rel=\"bookmark\" title=\"Contamination Au Cadmium: Alerte Sur Le Chocolat\">Contamination Au Cadmium: Alerte Sur Le Chocolat<\/a><\/h3>            <div class=\"td-module-meta-info\">\r\n                                                <span class=\"td-post-date\"><time class=\"entry-date updated td-module-date\" datetime=\"2025-11-19T23:52:03+00:00\" >2025-11-19<\/time><\/span>                            <\/div>\r\n        <\/div>\r\n\r\n        <\/div>\r\n\r\n        \n\t<\/div> <!-- .\/td-block-span12 -->\n\n\t<div class=\"td-block-span12\">\n\r\n        <div class=\"td_module_6 td_module_wrap td-animation-stack\">\r\n\r\n        <div class=\"td-module-thumb\"><a href=\"https:\/\/www.africa-press.net\/congo-brazzaville\/toutes-les-actualites\/moscou-relance-les-lancements-depuis-baikonour-endommage\" rel=\"bookmark\" class=\"td-image-wrap\" title=\"Moscou Relance Les Lancements Depuis Ba\u00efkonour Endommag\u00e9\"><img loading=\"lazy\" decoding=\"async\" class=\"entry-thumb\" src=\"data:image\/png;base64,iVBORw0KGgoAAAANSUhEUgAAAGQAAABGAQMAAAAASKMqAAAAA1BMVEWurq51dlI4AAAAAXRSTlMmkutdmwAAABBJREFUKM9jGAWjYBQMKwAAA9QAAQWBn6cAAAAASUVORK5CYII=\" alt=\"Moscou Relance Les Lancements Depuis Ba\u00efkonour Endommag\u00e9\" title=\"Moscou Relance Les Lancements Depuis Ba\u00efkonour Endommag\u00e9\" data-type=\"image_tag\" data-img-url=\"https:\/\/static.africa-press.net\/congo-brazzaville\/sites\/51\/2026\/04\/sm_1776480429.386339-100x70.jpg\"  width=\"100\" height=\"70\" \/><\/a><\/div>\r\n        <div class=\"item-details\">\r\n            <h3 class=\"entry-title td-module-title\"><a href=\"https:\/\/www.africa-press.net\/congo-brazzaville\/toutes-les-actualites\/moscou-relance-les-lancements-depuis-baikonour-endommage\" rel=\"bookmark\" title=\"Moscou Relance Les Lancements Depuis Ba\u00efkonour Endommag\u00e9\">Moscou Relance Les Lancements Depuis Ba\u00efkonour Endommag\u00e9<\/a><\/h3>            <div class=\"td-module-meta-info\">\r\n                                                <span class=\"td-post-date\"><time class=\"entry-date updated td-module-date\" datetime=\"2026-03-22T00:12:20+00:00\" >2026-03-22<\/time><\/span>                            <\/div>\r\n        <\/div>\r\n\r\n        <\/div>\r\n\r\n        \n\t<\/div> <!-- .\/td-block-span12 -->\n\n\t<div class=\"td-block-span12\">\n\r\n        <div class=\"td_module_6 td_module_wrap td-animation-stack\">\r\n\r\n        <div class=\"td-module-thumb\"><a href=\"https:\/\/www.africa-press.net\/congo-brazzaville\/toutes-les-actualites\/chauffeurs-obtenaient-certification-de-contrat-de-travail\" rel=\"bookmark\" class=\"td-image-wrap\" title=\"Chauffeurs Obtenaient Certification de Contrat de Travail\"><img loading=\"lazy\" decoding=\"async\" class=\"entry-thumb\" src=\"data:image\/png;base64,iVBORw0KGgoAAAANSUhEUgAAAGQAAABGAQMAAAAASKMqAAAAA1BMVEWurq51dlI4AAAAAXRSTlMmkutdmwAAABBJREFUKM9jGAWjYBQMKwAAA9QAAQWBn6cAAAAASUVORK5CYII=\" alt=\"Chauffeurs Obtenaient Certification de Contrat de Travail\" title=\"Chauffeurs Obtenaient Certification de Contrat de Travail\" data-type=\"image_tag\" data-img-url=\"https:\/\/static.africa-press.net\/congo-brazzaville\/sites\/51\/2025\/11\/sm_1763597427.257896-100x70.jpg\"  width=\"100\" height=\"70\" \/><\/a><\/div>\r\n        <div class=\"item-details\">\r\n            <h3 class=\"entry-title td-module-title\"><a href=\"https:\/\/www.africa-press.net\/congo-brazzaville\/toutes-les-actualites\/chauffeurs-obtenaient-certification-de-contrat-de-travail\" rel=\"bookmark\" title=\"Chauffeurs Obtenaient Certification de Contrat de Travail\">Chauffeurs Obtenaient Certification de Contrat de Travail<\/a><\/h3>            <div class=\"td-module-meta-info\">\r\n                                                <span class=\"td-post-date\"><time class=\"entry-date updated td-module-date\" datetime=\"2025-11-19T23:53:00+00:00\" >2025-11-19<\/time><\/span>                            <\/div>\r\n        <\/div>\r\n\r\n        <\/div>\r\n\r\n        \n\t<\/div> <!-- .\/td-block-span12 --><\/div><\/div> <!-- .\/block --><\/div><\/div><\/div><\/div><\/div><\/div><\/div><\/div><div id=\"td_uid_30_69f129759a0e9\" class=\"tdc-row\"><div class=\"vc_row td_uid_54_69f129759a0f3_rand  wpb_row td-pb-row\" >\n<style scoped>\n\n\/* custom css *\/\n.td_uid_54_69f129759a0f3_rand {\r\n                    min-height: 0;\r\n                }\n<\/style><div class=\"vc_column td_uid_55_69f129759a489_rand ar-newsbox wpb_column vc_column_container tdc-column td-pb-span8\">\n<style scoped>\n\n\/* custom css *\/\n.td_uid_55_69f129759a489_rand {\r\n                    vertical-align: baseline;\r\n                }\n<\/style><div class=\"wpb_wrapper\"><div class=\"vc_row_inner td_uid_56_69f129759a6a2_rand  vc_row vc_inner wpb_row td-pb-row\" >\n<style scoped>\n\n\/* custom css *\/\n.td_uid_56_69f129759a6a2_rand {\r\n                    position: relative !important;\r\n                    top: 0;\r\n                    transform: none;\r\n                    -webkit-transform: none;\r\n                }\n<\/style><div class=\"vc_column_inner td_uid_57_69f129759a7e7_rand  wpb_column vc_column_container tdc-inner-column td-pb-span12\">\n<style scoped>\n\n\/* custom css *\/\n.td_uid_57_69f129759a7e7_rand {\r\n                    vertical-align: baseline;\r\n                }\n<\/style><div class=\"vc_column-inner\"><div class=\"wpb_wrapper\"><div class=\"wpb_wrapper td_block_wrap vc_raw_html td_uid_58_69f129759a8bf_rand \"><div class=\"td-fix-index\"><div class=\"td-block-title-wrap\"><h4 class=\"block-title\"><a href=\"\/congo-brazzaville\/culture-et-art\" class=\"td-pulldown-size\">Culture et Art<\/a><\/h4><\/div><\/div><\/div><\/div><\/div><\/div><\/div><div id=\"main-box\" class=\"vc_row_inner td_uid_59_69f129759a92e_rand  vc_row vc_inner wpb_row td-pb-row\" >\n<style scoped>\n\n\/* custom css *\/\n.td_uid_59_69f129759a92e_rand {\r\n                    position: relative !important;\r\n                    top: 0;\r\n                    transform: none;\r\n                    -webkit-transform: none;\r\n                }\n<\/style><div class=\"vc_column_inner td_uid_60_69f129759aa59_rand  wpb_column vc_column_container tdc-inner-column td-pb-span6\">\n<style scoped>\n\n\/* custom css *\/\n.td_uid_60_69f129759aa59_rand {\r\n                    vertical-align: baseline;\r\n                }\n<\/style><div class=\"vc_column-inner\"><div class=\"wpb_wrapper\"><div class=\"td_block_wrap td_block_18 td_uid_61_69f129759ab94_rand td_with_ajax_pagination td-pb-border-top td_block_template_1 td-column-1\"  data-td-block-uid=\"td_uid_61_69f129759ab94\" ><script>var block_td_uid_61_69f129759ab94 = new tdBlock();\nblock_td_uid_61_69f129759ab94.id = \"td_uid_61_69f129759ab94\";\nblock_td_uid_61_69f129759ab94.atts = '{\"category_id\":\"5\",\"limit\":\"3\",\"ajax_pagination\":\"next_prev\",\"separator\":\"\",\"custom_title\":\"\",\"custom_url\":\"\",\"block_template_id\":\"\",\"mx8_tl\":\"\",\"m10_tl\":\"\",\"m10_el\":\"\",\"mx2_tl\":\"\",\"post_ids\":\"\",\"category_ids\":\"\",\"tag_slug\":\"\",\"autors_id\":\"\",\"installed_post_types\":\"\",\"sort\":\"\",\"offset\":\"\",\"show_modified_date\":\"\",\"el_class\":\"\",\"td_ajax_filter_type\":\"\",\"td_ajax_filter_ids\":\"\",\"td_filter_default_txt\":\"All\",\"td_ajax_preloading\":\"\",\"f_header_font_header\":\"\",\"f_header_font_title\":\"Block header\",\"f_header_font_settings\":\"\",\"f_header_font_family\":\"\",\"f_header_font_size\":\"\",\"f_header_font_line_height\":\"\",\"f_header_font_style\":\"\",\"f_header_font_weight\":\"\",\"f_header_font_transform\":\"\",\"f_header_font_spacing\":\"\",\"f_header_\":\"\",\"f_ajax_font_title\":\"Ajax categories\",\"f_ajax_font_settings\":\"\",\"f_ajax_font_family\":\"\",\"f_ajax_font_size\":\"\",\"f_ajax_font_line_height\":\"\",\"f_ajax_font_style\":\"\",\"f_ajax_font_weight\":\"\",\"f_ajax_font_transform\":\"\",\"f_ajax_font_spacing\":\"\",\"f_ajax_\":\"\",\"f_more_font_title\":\"Load more button\",\"f_more_font_settings\":\"\",\"f_more_font_family\":\"\",\"f_more_font_size\":\"\",\"f_more_font_line_height\":\"\",\"f_more_font_style\":\"\",\"f_more_font_weight\":\"\",\"f_more_font_transform\":\"\",\"f_more_font_spacing\":\"\",\"f_more_\":\"\",\"mx8f_title_font_header\":\"\",\"mx8f_title_font_title\":\"Article title\",\"mx8f_title_font_settings\":\"\",\"mx8f_title_font_family\":\"\",\"mx8f_title_font_size\":\"\",\"mx8f_title_font_line_height\":\"\",\"mx8f_title_font_style\":\"\",\"mx8f_title_font_weight\":\"\",\"mx8f_title_font_transform\":\"\",\"mx8f_title_font_spacing\":\"\",\"mx8f_title_\":\"\",\"mx8f_cat_font_title\":\"Article category tag\",\"mx8f_cat_font_settings\":\"\",\"mx8f_cat_font_family\":\"\",\"mx8f_cat_font_size\":\"\",\"mx8f_cat_font_line_height\":\"\",\"mx8f_cat_font_style\":\"\",\"mx8f_cat_font_weight\":\"\",\"mx8f_cat_font_transform\":\"\",\"mx8f_cat_font_spacing\":\"\",\"mx8f_cat_\":\"\",\"mx8f_meta_font_title\":\"Article meta info\",\"mx8f_meta_font_settings\":\"\",\"mx8f_meta_font_family\":\"\",\"mx8f_meta_font_size\":\"\",\"mx8f_meta_font_line_height\":\"\",\"mx8f_meta_font_style\":\"\",\"mx8f_meta_font_weight\":\"\",\"mx8f_meta_font_transform\":\"\",\"mx8f_meta_font_spacing\":\"\",\"mx8f_meta_\":\"\",\"m10f_title_font_header\":\"\",\"m10f_title_font_title\":\"Article title\",\"m10f_title_font_settings\":\"\",\"m10f_title_font_family\":\"\",\"m10f_title_font_size\":\"\",\"m10f_title_font_line_height\":\"\",\"m10f_title_font_style\":\"\",\"m10f_title_font_weight\":\"\",\"m10f_title_font_transform\":\"\",\"m10f_title_font_spacing\":\"\",\"m10f_title_\":\"\",\"m10f_cat_font_title\":\"Article category tag\",\"m10f_cat_font_settings\":\"\",\"m10f_cat_font_family\":\"\",\"m10f_cat_font_size\":\"\",\"m10f_cat_font_line_height\":\"\",\"m10f_cat_font_style\":\"\",\"m10f_cat_font_weight\":\"\",\"m10f_cat_font_transform\":\"\",\"m10f_cat_font_spacing\":\"\",\"m10f_cat_\":\"\",\"m10f_meta_font_title\":\"Article meta info\",\"m10f_meta_font_settings\":\"\",\"m10f_meta_font_family\":\"\",\"m10f_meta_font_size\":\"\",\"m10f_meta_font_line_height\":\"\",\"m10f_meta_font_style\":\"\",\"m10f_meta_font_weight\":\"\",\"m10f_meta_font_transform\":\"\",\"m10f_meta_font_spacing\":\"\",\"m10f_meta_\":\"\",\"m10f_ex_font_title\":\"Article excerpt\",\"m10f_ex_font_settings\":\"\",\"m10f_ex_font_family\":\"\",\"m10f_ex_font_size\":\"\",\"m10f_ex_font_line_height\":\"\",\"m10f_ex_font_style\":\"\",\"m10f_ex_font_weight\":\"\",\"m10f_ex_font_transform\":\"\",\"m10f_ex_font_spacing\":\"\",\"m10f_ex_\":\"\",\"mx2f_title_font_header\":\"\",\"mx2f_title_font_title\":\"Article title\",\"mx2f_title_font_settings\":\"\",\"mx2f_title_font_family\":\"\",\"mx2f_title_font_size\":\"\",\"mx2f_title_font_line_height\":\"\",\"mx2f_title_font_style\":\"\",\"mx2f_title_font_weight\":\"\",\"mx2f_title_font_transform\":\"\",\"mx2f_title_font_spacing\":\"\",\"mx2f_title_\":\"\",\"mx2f_cat_font_title\":\"Article category tag\",\"mx2f_cat_font_settings\":\"\",\"mx2f_cat_font_family\":\"\",\"mx2f_cat_font_size\":\"\",\"mx2f_cat_font_line_height\":\"\",\"mx2f_cat_font_style\":\"\",\"mx2f_cat_font_weight\":\"\",\"mx2f_cat_font_transform\":\"\",\"mx2f_cat_font_spacing\":\"\",\"mx2f_cat_\":\"\",\"mx2f_meta_font_title\":\"Article meta info\",\"mx2f_meta_font_settings\":\"\",\"mx2f_meta_font_family\":\"\",\"mx2f_meta_font_size\":\"\",\"mx2f_meta_font_line_height\":\"\",\"mx2f_meta_font_style\":\"\",\"mx2f_meta_font_weight\":\"\",\"mx2f_meta_font_transform\":\"\",\"mx2f_meta_font_spacing\":\"\",\"mx2f_meta_\":\"\",\"ajax_pagination_infinite_stop\":\"\",\"css\":\"\",\"tdc_css\":\"\",\"td_column_number\":1,\"header_color\":\"\",\"color_preset\":\"\",\"border_top\":\"\",\"class\":\"td_uid_61_69f129759ab94_rand\",\"tdc_css_class\":\"td_uid_61_69f129759ab94_rand\",\"tdc_css_class_style\":\"td_uid_61_69f129759ab94_rand_style\"}';\nblock_td_uid_61_69f129759ab94.td_column_number = \"1\";\nblock_td_uid_61_69f129759ab94.block_type = \"td_block_18\";\nblock_td_uid_61_69f129759ab94.post_count = \"3\";\nblock_td_uid_61_69f129759ab94.found_posts = \"1169\";\nblock_td_uid_61_69f129759ab94.header_color = \"\";\nblock_td_uid_61_69f129759ab94.ajax_pagination_infinite_stop = \"\";\nblock_td_uid_61_69f129759ab94.max_num_pages = \"390\";\ntdBlocksArray.push(block_td_uid_61_69f129759ab94);\n<\/script><div class=\"td-block-title-wrap\"><\/div><div id=td_uid_61_69f129759ab94 class=\"td_block_inner td-column-1\">\r\n        <div class=\"td_module_mx8 td_module_wrap td-animation-stack\">\r\n            <div class=\"meta-info-container\">\r\n                <div class=\"td-module-thumb\"><a href=\"https:\/\/www.africa-press.net\/congo-brazzaville\/culture-et-art\/netflix-rachete-warner-bros-discovery-pour-83-milliards\" rel=\"bookmark\" class=\"td-image-wrap\" title=\"Netflix Rach\u00e8te Warner Bros Discovery Pour 83 Milliards\"><img loading=\"lazy\" decoding=\"async\" class=\"entry-thumb\" src=\"data:image\/png;base64,iVBORw0KGgoAAAANSUhEUgAAArgAAAGBAQMAAAC3k1CUAAAAA1BMVEWurq51dlI4AAAAAXRSTlMmkutdmwAAADdJREFUeNrtwTEBAAAAwiD7p7bETmAAAAAAAAAAAAAAAAAAAAAAAAAAAAAAAAAAAAAAAAAAAEDuhFgAARFpDB8AAAAASUVORK5CYII=\" alt=\"Netflix Rach\u00e8te Warner Bros Discovery Pour 83 Milliards\" title=\"Netflix Rach\u00e8te Warner Bros Discovery Pour 83 Milliards\" data-type=\"image_tag\" data-img-url=\"https:\/\/static.africa-press.net\/congo-brazzaville\/sites\/51\/2025\/12\/sm_1766953698.863347-696x385.jpg\"  width=\"696\" height=\"385\" \/><\/a><\/div>\r\n                <div class=\"td-module-meta-info\">\r\n                    <h3 class=\"entry-title td-module-title\"><a href=\"https:\/\/www.africa-press.net\/congo-brazzaville\/culture-et-art\/netflix-rachete-warner-bros-discovery-pour-83-milliards\" rel=\"bookmark\" title=\"Netflix Rach\u00e8te Warner Bros Discovery Pour 83 Milliards\">Netflix Rach\u00e8te Warner Bros Discovery Pour 83 Milliards<\/a><\/h3>                                        <span class=\"td-author-date\">\r\n                                                <span class=\"td-post-date\"><time class=\"entry-date updated td-module-date\" datetime=\"2025-12-28T19:58:42+00:00\" >2025-12-28<\/time><\/span>                                            <\/span>\r\n                <\/div>\r\n            <\/div>\r\n\r\n        <\/div>\r\n\r\n        \r\n        <div class=\"td_module_mx2 td_module_wrap td-animation-stack\">\r\n\r\n            <div class=\"td-module-thumb\"><a href=\"https:\/\/www.africa-press.net\/congo-brazzaville\/culture-et-art\/roger-armand-makany-reelu-au-conseil-de-lauf-pour-4-ans\" rel=\"bookmark\" class=\"td-image-wrap\" title=\"Roger Armand Makany R\u00e9\u00e9lu au Conseil de L&rsquo;Auf pour 4 Ans\"><img loading=\"lazy\" decoding=\"async\" class=\"entry-thumb\" src=\"data:image\/png;base64,iVBORw0KGgoAAAANSUhEUgAAAFAAAAA8AQMAAADL6a\/PAAAAA1BMVEWurq51dlI4AAAAAXRSTlMmkutdmwAAAA5JREFUKM9jGAWjYJABAAKUAAHoEAeuAAAAAElFTkSuQmCC\" alt=\"Roger Armand Makany R\u00e9\u00e9lu au Conseil de L&#039;Auf pour 4 Ans\" title=\"Roger Armand Makany R\u00e9\u00e9lu au Conseil de L&rsquo;Auf pour 4 Ans\" data-type=\"image_tag\" data-img-url=\"https:\/\/static.africa-press.net\/congo-brazzaville\/sites\/51\/2025\/11\/sm_1762460918.625418-80x60.jpg\"  width=\"80\" height=\"60\" \/><\/a><\/div>\r\n            <div class=\"item-details\">\r\n                <h3 class=\"entry-title td-module-title\"><a href=\"https:\/\/www.africa-press.net\/congo-brazzaville\/culture-et-art\/roger-armand-makany-reelu-au-conseil-de-lauf-pour-4-ans\" rel=\"bookmark\" title=\"Roger Armand Makany R\u00e9\u00e9lu au Conseil de L&rsquo;Auf pour 4 Ans\">Roger Armand Makany R\u00e9\u00e9lu au Conseil de L&rsquo;Auf pour 4 Ans<\/a><\/h3>                <div class=\"td-module-meta-info\">\r\n                                                            <span class=\"td-post-date\"><time class=\"entry-date updated td-module-date\" datetime=\"2025-11-06T20:04:57+00:00\" >2025-11-06<\/time><\/span>                                    <\/div>\r\n            <\/div>\r\n\r\n        <\/div>\r\n\r\n        \r\n        <div class=\"td_module_mx2 td_module_wrap td-animation-stack\">\r\n\r\n            <div class=\"td-module-thumb\"><a href=\"https:\/\/www.africa-press.net\/congo-brazzaville\/politique\/khaled-el-anani-elu-directeur-general-de-lunesco-matoko-battu\" rel=\"bookmark\" class=\"td-image-wrap\" title=\"Khaled El-Anani \u00c9lu Directeur G\u00e9n\u00e9ral de L\u2019Unesco\u2026 Matoko Battu\"><img loading=\"lazy\" decoding=\"async\" class=\"entry-thumb\" src=\"data:image\/png;base64,iVBORw0KGgoAAAANSUhEUgAAAFAAAAA8AQMAAADL6a\/PAAAAA1BMVEWurq51dlI4AAAAAXRSTlMmkutdmwAAAA5JREFUKM9jGAWjYJABAAKUAAHoEAeuAAAAAElFTkSuQmCC\" alt=\"Khaled El-Anani \u00c9lu Directeur G\u00e9n\u00e9ral de L\u2019Unesco\u2026 Matoko Battu\" title=\"Khaled El-Anani \u00c9lu Directeur G\u00e9n\u00e9ral de L\u2019Unesco\u2026 Matoko Battu\" data-type=\"image_tag\" data-img-url=\"https:\/\/static.africa-press.net\/congo-brazzaville\/sites\/51\/2025\/11\/sm_1762576882.935849-80x60.jpg\"  width=\"80\" height=\"60\" \/><\/a><\/div>\r\n            <div class=\"item-details\">\r\n                <h3 class=\"entry-title td-module-title\"><a href=\"https:\/\/www.africa-press.net\/congo-brazzaville\/politique\/khaled-el-anani-elu-directeur-general-de-lunesco-matoko-battu\" rel=\"bookmark\" title=\"Khaled El-Anani \u00c9lu Directeur G\u00e9n\u00e9ral de L\u2019Unesco\u2026 Matoko Battu\">Khaled El-Anani \u00c9lu Directeur G\u00e9n\u00e9ral de L\u2019Unesco\u2026 Matoko Battu<\/a><\/h3>                <div class=\"td-module-meta-info\">\r\n                                                            <span class=\"td-post-date\"><time class=\"entry-date updated td-module-date\" datetime=\"2025-11-06T20:03:48+00:00\" >2025-11-06<\/time><\/span>                                    <\/div>\r\n            <\/div>\r\n\r\n        <\/div>\r\n\r\n        <\/div><div class=\"td-next-prev-wrap\"><a href=\"#\" class=\"td-ajax-prev-page ajax-page-disabled\" id=\"prev-page-td_uid_61_69f129759ab94\" data-td_block_id=\"td_uid_61_69f129759ab94\"><i class=\"td-icon-font td-icon-menu-left\"><\/i><\/a><a href=\"#\"  class=\"td-ajax-next-page\" id=\"next-page-td_uid_61_69f129759ab94\" data-td_block_id=\"td_uid_61_69f129759ab94\"><i class=\"td-icon-font td-icon-menu-right\"><\/i><\/a><\/div><\/div> <!-- .\/block --><\/div><\/div><\/div><div class=\"vc_column_inner td_uid_62_69f12975a34cc_rand  wpb_column vc_column_container tdc-inner-column td-pb-span6\">\n<style scoped>\n\n\/* custom css *\/\n.td_uid_62_69f12975a34cc_rand {\r\n                    vertical-align: baseline;\r\n                }\n<\/style><div class=\"vc_column-inner\"><div class=\"wpb_wrapper\"><div class=\"td_block_wrap td_block_7 td_uid_63_69f12975a3627_rand td-pb-border-top td_block_template_1 td-column-1 td_block_padding\"  data-td-block-uid=\"td_uid_63_69f12975a3627\" >\n<style>\n\n\/* inline tdc_css att *\/\n\n\/* phone *\/\n@media (max-width: 767px)\n{\n.td_uid_63_69f12975a3627_rand{\ndisplay:none !important;\n}\n}\n\n<\/style><script>var block_td_uid_63_69f12975a3627 = new tdBlock();\nblock_td_uid_63_69f12975a3627.id = \"td_uid_63_69f12975a3627\";\nblock_td_uid_63_69f12975a3627.atts = '{\"category_id\":\"5\",\"limit\":\"4\",\"offset\":\"3\",\"tdc_css\":\"eyJwaG9uZSI6eyJkaXNwbGF5Ijoibm9uZSJ9LCJwaG9uZV9tYXhfd2lkdGgiOjc2N30=\",\"separator\":\"\",\"custom_title\":\"\",\"custom_url\":\"\",\"block_template_id\":\"\",\"m6_tl\":\"\",\"post_ids\":\"\",\"category_ids\":\"\",\"tag_slug\":\"\",\"autors_id\":\"\",\"installed_post_types\":\"\",\"sort\":\"\",\"show_modified_date\":\"\",\"el_class\":\"\",\"td_ajax_filter_type\":\"\",\"td_ajax_filter_ids\":\"\",\"td_filter_default_txt\":\"All\",\"td_ajax_preloading\":\"\",\"f_header_font_header\":\"\",\"f_header_font_title\":\"Block header\",\"f_header_font_settings\":\"\",\"f_header_font_family\":\"\",\"f_header_font_size\":\"\",\"f_header_font_line_height\":\"\",\"f_header_font_style\":\"\",\"f_header_font_weight\":\"\",\"f_header_font_transform\":\"\",\"f_header_font_spacing\":\"\",\"f_header_\":\"\",\"f_ajax_font_title\":\"Ajax categories\",\"f_ajax_font_settings\":\"\",\"f_ajax_font_family\":\"\",\"f_ajax_font_size\":\"\",\"f_ajax_font_line_height\":\"\",\"f_ajax_font_style\":\"\",\"f_ajax_font_weight\":\"\",\"f_ajax_font_transform\":\"\",\"f_ajax_font_spacing\":\"\",\"f_ajax_\":\"\",\"f_more_font_title\":\"Load more button\",\"f_more_font_settings\":\"\",\"f_more_font_family\":\"\",\"f_more_font_size\":\"\",\"f_more_font_line_height\":\"\",\"f_more_font_style\":\"\",\"f_more_font_weight\":\"\",\"f_more_font_transform\":\"\",\"f_more_font_spacing\":\"\",\"f_more_\":\"\",\"m6f_title_font_header\":\"\",\"m6f_title_font_title\":\"Article title\",\"m6f_title_font_settings\":\"\",\"m6f_title_font_family\":\"\",\"m6f_title_font_size\":\"\",\"m6f_title_font_line_height\":\"\",\"m6f_title_font_style\":\"\",\"m6f_title_font_weight\":\"\",\"m6f_title_font_transform\":\"\",\"m6f_title_font_spacing\":\"\",\"m6f_title_\":\"\",\"m6f_cat_font_title\":\"Article category tag\",\"m6f_cat_font_settings\":\"\",\"m6f_cat_font_family\":\"\",\"m6f_cat_font_size\":\"\",\"m6f_cat_font_line_height\":\"\",\"m6f_cat_font_style\":\"\",\"m6f_cat_font_weight\":\"\",\"m6f_cat_font_transform\":\"\",\"m6f_cat_font_spacing\":\"\",\"m6f_cat_\":\"\",\"m6f_meta_font_title\":\"Article meta info\",\"m6f_meta_font_settings\":\"\",\"m6f_meta_font_family\":\"\",\"m6f_meta_font_size\":\"\",\"m6f_meta_font_line_height\":\"\",\"m6f_meta_font_style\":\"\",\"m6f_meta_font_weight\":\"\",\"m6f_meta_font_transform\":\"\",\"m6f_meta_font_spacing\":\"\",\"m6f_meta_\":\"\",\"ajax_pagination\":\"\",\"ajax_pagination_infinite_stop\":\"\",\"css\":\"\",\"td_column_number\":1,\"header_color\":\"\",\"color_preset\":\"\",\"border_top\":\"\",\"class\":\"td_uid_63_69f12975a3627_rand\",\"tdc_css_class\":\"td_uid_63_69f12975a3627_rand\",\"tdc_css_class_style\":\"td_uid_63_69f12975a3627_rand_style\"}';\nblock_td_uid_63_69f12975a3627.td_column_number = \"1\";\nblock_td_uid_63_69f12975a3627.block_type = \"td_block_7\";\nblock_td_uid_63_69f12975a3627.post_count = \"4\";\nblock_td_uid_63_69f12975a3627.found_posts = \"1169\";\nblock_td_uid_63_69f12975a3627.header_color = \"\";\nblock_td_uid_63_69f12975a3627.ajax_pagination_infinite_stop = \"\";\nblock_td_uid_63_69f12975a3627.max_num_pages = \"292\";\ntdBlocksArray.push(block_td_uid_63_69f12975a3627);\n<\/script><div class=\"td-block-title-wrap\"><\/div><div id=td_uid_63_69f12975a3627 class=\"td_block_inner\">\n\n\t<div class=\"td-block-span12\">\n\r\n        <div class=\"td_module_6 td_module_wrap td-animation-stack\">\r\n\r\n        <div class=\"td-module-thumb\"><a href=\"https:\/\/www.africa-press.net\/congo-brazzaville\/culture-et-art\/la-quatrieme-edition-du-forestival-met-laccent-sur-la-foret\" rel=\"bookmark\" class=\"td-image-wrap\" title=\"La Quatri\u00e8me \u00c9dition du Forestival Met l&rsquo;Accent sur la For\u00eat\"><img loading=\"lazy\" decoding=\"async\" class=\"entry-thumb\" src=\"data:image\/png;base64,iVBORw0KGgoAAAANSUhEUgAAAGQAAABGAQMAAAAASKMqAAAAA1BMVEWurq51dlI4AAAAAXRSTlMmkutdmwAAABBJREFUKM9jGAWjYBQMKwAAA9QAAQWBn6cAAAAASUVORK5CYII=\" alt=\"La Quatri\u00e8me \u00c9dition du Forestival Met l&#039;Accent sur la For\u00eat\" title=\"La Quatri\u00e8me \u00c9dition du Forestival Met l&rsquo;Accent sur la For\u00eat\" data-type=\"image_tag\" data-img-url=\"https:\/\/static.africa-press.net\/congo-brazzaville\/sites\/51\/2025\/11\/sm_1762383076.103982-100x70.jpg\"  width=\"100\" height=\"70\" \/><\/a><\/div>\r\n        <div class=\"item-details\">\r\n            <h3 class=\"entry-title td-module-title\"><a href=\"https:\/\/www.africa-press.net\/congo-brazzaville\/culture-et-art\/la-quatrieme-edition-du-forestival-met-laccent-sur-la-foret\" rel=\"bookmark\" title=\"La Quatri\u00e8me \u00c9dition du Forestival Met l&rsquo;Accent sur la For\u00eat\">La Quatri\u00e8me \u00c9dition du Forestival Met l&rsquo;Accent sur la For\u00eat<\/a><\/h3>            <div class=\"td-module-meta-info\">\r\n                                                <span class=\"td-post-date\"><time class=\"entry-date updated td-module-date\" datetime=\"2025-11-05T22:13:24+00:00\" >2025-11-05<\/time><\/span>                            <\/div>\r\n        <\/div>\r\n\r\n        <\/div>\r\n\r\n        \n\t<\/div> <!-- .\/td-block-span12 -->\n\n\t<div class=\"td-block-span12\">\n\r\n        <div class=\"td_module_6 td_module_wrap td-animation-stack\">\r\n\r\n        <div class=\"td-module-thumb\"><a href=\"https:\/\/www.africa-press.net\/congo-brazzaville\/culture-et-art\/nabemba-tourism-expo-2025-une-vitrine-du-tourisme-en-congo\" rel=\"bookmark\" class=\"td-image-wrap\" title=\"Nabemba Tourism Expo 2025: une Vitrine du Tourisme en Congo\"><img loading=\"lazy\" decoding=\"async\" class=\"entry-thumb\" src=\"data:image\/png;base64,iVBORw0KGgoAAAANSUhEUgAAAGQAAABGAQMAAAAASKMqAAAAA1BMVEWurq51dlI4AAAAAXRSTlMmkutdmwAAABBJREFUKM9jGAWjYBQMKwAAA9QAAQWBn6cAAAAASUVORK5CYII=\" alt=\"Nabemba Tourism Expo 2025: une Vitrine du Tourisme en Congo\" title=\"Nabemba Tourism Expo 2025: une Vitrine du Tourisme en Congo\" data-type=\"image_tag\" data-img-url=\"https:\/\/static.africa-press.net\/congo-brazzaville\/sites\/51\/2025\/11\/sm_1762350368.181051-100x70.jpg\"  width=\"100\" height=\"70\" \/><\/a><\/div>\r\n        <div class=\"item-details\">\r\n            <h3 class=\"entry-title td-module-title\"><a href=\"https:\/\/www.africa-press.net\/congo-brazzaville\/culture-et-art\/nabemba-tourism-expo-2025-une-vitrine-du-tourisme-en-congo\" rel=\"bookmark\" title=\"Nabemba Tourism Expo 2025: une Vitrine du Tourisme en Congo\">Nabemba Tourism Expo 2025: une Vitrine du Tourisme en Congo<\/a><\/h3>            <div class=\"td-module-meta-info\">\r\n                                                <span class=\"td-post-date\"><time class=\"entry-date updated td-module-date\" datetime=\"2025-11-05T12:36:42+00:00\" >2025-11-05<\/time><\/span>                            <\/div>\r\n        <\/div>\r\n\r\n        <\/div>\r\n\r\n        \n\t<\/div> <!-- .\/td-block-span12 -->\n\n\t<div class=\"td-block-span12\">\n\r\n        <div class=\"td_module_6 td_module_wrap td-animation-stack\">\r\n\r\n        <div class=\"td-module-thumb\"><a href=\"https:\/\/www.africa-press.net\/congo-brazzaville\/politique\/competition-entre-legypte-et-le-congo-pour-la-presidence-de-lunesco\" rel=\"bookmark\" class=\"td-image-wrap\" title=\"Comp\u00e9tition entre L&rsquo;\u00c9gypte et le Congo pour la Pr\u00e9sidence de L&rsquo;Unesco\"><img loading=\"lazy\" decoding=\"async\" class=\"entry-thumb\" src=\"data:image\/png;base64,iVBORw0KGgoAAAANSUhEUgAAAGQAAABGAQMAAAAASKMqAAAAA1BMVEWurq51dlI4AAAAAXRSTlMmkutdmwAAABBJREFUKM9jGAWjYBQMKwAAA9QAAQWBn6cAAAAASUVORK5CYII=\" alt=\"Comp\u00e9tition entre L&#039;\u00c9gypte et le Congo pour la Pr\u00e9sidence de L&#039;Unesco\" title=\"Comp\u00e9tition entre L&rsquo;\u00c9gypte et le Congo pour la Pr\u00e9sidence de L&rsquo;Unesco\" data-type=\"image_tag\" data-img-url=\"https:\/\/static.africa-press.net\/congo-brazzaville\/sites\/51\/2025\/11\/sm_1761999699.861038-100x70.jpg\"  width=\"100\" height=\"70\" \/><\/a><\/div>\r\n        <div class=\"item-details\">\r\n            <h3 class=\"entry-title td-module-title\"><a href=\"https:\/\/www.africa-press.net\/congo-brazzaville\/politique\/competition-entre-legypte-et-le-congo-pour-la-presidence-de-lunesco\" rel=\"bookmark\" title=\"Comp\u00e9tition entre L&rsquo;\u00c9gypte et le Congo pour la Pr\u00e9sidence de L&rsquo;Unesco\">Comp\u00e9tition entre L&rsquo;\u00c9gypte et le Congo pour la Pr\u00e9sidence de L&rsquo;Unesco<\/a><\/h3>            <div class=\"td-module-meta-info\">\r\n                                                <span class=\"td-post-date\"><time class=\"entry-date updated td-module-date\" datetime=\"2025-11-01T11:44:28+00:00\" >2025-11-01<\/time><\/span>                            <\/div>\r\n        <\/div>\r\n\r\n        <\/div>\r\n\r\n        \n\t<\/div> <!-- .\/td-block-span12 -->\n\n\t<div class=\"td-block-span12\">\n\r\n        <div class=\"td_module_6 td_module_wrap td-animation-stack\">\r\n\r\n        <div class=\"td-module-thumb\"><a href=\"https:\/\/www.africa-press.net\/congo-brazzaville\/culture-et-art\/recompense-gims-en-lice-pour-les-grammy-awards\" rel=\"bookmark\" class=\"td-image-wrap\" title=\"Re\u0301compense: Gims en Lice pour les Grammy Awards\"><img loading=\"lazy\" decoding=\"async\" class=\"entry-thumb\" src=\"data:image\/png;base64,iVBORw0KGgoAAAANSUhEUgAAAGQAAABGAQMAAAAASKMqAAAAA1BMVEWurq51dlI4AAAAAXRSTlMmkutdmwAAABBJREFUKM9jGAWjYBQMKwAAA9QAAQWBn6cAAAAASUVORK5CYII=\" alt=\"Re\u0301compense: Gims en Lice pour les Grammy Awards\" title=\"Re\u0301compense: Gims en Lice pour les Grammy Awards\" data-type=\"image_tag\" data-img-url=\"https:\/\/static.africa-press.net\/congo-brazzaville\/sites\/51\/2025\/10\/sm_1761325354.52492-100x70.jpg\"  width=\"100\" height=\"70\" \/><\/a><\/div>\r\n        <div class=\"item-details\">\r\n            <h3 class=\"entry-title td-module-title\"><a href=\"https:\/\/www.africa-press.net\/congo-brazzaville\/culture-et-art\/recompense-gims-en-lice-pour-les-grammy-awards\" rel=\"bookmark\" title=\"Re\u0301compense: Gims en Lice pour les Grammy Awards\">Re\u0301compense: Gims en Lice pour les Grammy Awards<\/a><\/h3>            <div class=\"td-module-meta-info\">\r\n                                                <span class=\"td-post-date\"><time class=\"entry-date updated td-module-date\" datetime=\"2025-10-24T16:54:58+00:00\" >2025-10-24<\/time><\/span>                            <\/div>\r\n        <\/div>\r\n\r\n        <\/div>\r\n\r\n        \n\t<\/div> <!-- .\/td-block-span12 --><\/div><\/div> <!-- .\/block --><\/div><\/div><\/div><\/div><div class=\"tdm_block td_block_wrap tdm_block_button td_uid_64_69f12975aa9b9_rand tdm-block-button-inline tdm-content-horiz-right td-pb-border-top main-box-btn-green-en td_block_template_1\"  data-td-block-uid=\"td_uid_64_69f12975aa9b9\"     >\n<style>\n.td_uid_65_69f12975aafa6 i:first-child {\r\n\t\t\t\t\tmargin-right: 14px;\r\n\t\t\t\t}\n<\/style><div class=\"tds-button td-fix-index\"><a \r\n                href=\"\/congo-brazzaville\/culture-et-art\" \r\n                class=\"tds-button1 tdm-btn tdm-btn-sm td_uid_65_69f12975aafa6\"  target=\"_blank\" ><i class=\"tdc-font-fa tdc-font-fa-arrow-right\"><\/i><span class=\"tdm-btn-text\">Plus de Nouvelles<\/span><\/a><\/div><\/div><div class=\"wpb_wrapper td_block_wrap vc_raw_html td_uid_66_69f12975ab3e4_rand \"><div class=\"td-fix-index\"><div class=\"td-block-title-wrap\"><h4 class=\"block-title\"><a href=\"\/congo-brazzaville\/Sports\" class=\"td-pulldown-size\">Sports<\/a><\/h4><\/div><\/div><\/div><div id=\"main-box\" class=\"vc_row_inner td_uid_67_69f12975ab42a_rand  vc_row vc_inner wpb_row td-pb-row\" >\n<style scoped>\n\n\/* custom css *\/\n.td_uid_67_69f12975ab42a_rand {\r\n                    position: relative !important;\r\n                    top: 0;\r\n                    transform: none;\r\n                    -webkit-transform: none;\r\n                }\n<\/style><div class=\"vc_column_inner td_uid_68_69f12975ab538_rand  wpb_column vc_column_container tdc-inner-column td-pb-span6\">\n<style scoped>\n\n\/* custom css *\/\n.td_uid_68_69f12975ab538_rand {\r\n                    vertical-align: baseline;\r\n                }\n<\/style><div class=\"vc_column-inner\"><div class=\"wpb_wrapper\"><div class=\"td_block_wrap td_block_18 td_uid_69_69f12975ab63f_rand td_with_ajax_pagination td-pb-border-top td_block_template_1 td-column-1\"  data-td-block-uid=\"td_uid_69_69f12975ab63f\" ><script>var block_td_uid_69_69f12975ab63f = new tdBlock();\nblock_td_uid_69_69f12975ab63f.id = \"td_uid_69_69f12975ab63f\";\nblock_td_uid_69_69f12975ab63f.atts = '{\"category_id\":\"6\",\"limit\":\"3\",\"ajax_pagination\":\"next_prev\",\"separator\":\"\",\"custom_title\":\"\",\"custom_url\":\"\",\"block_template_id\":\"\",\"mx8_tl\":\"\",\"m10_tl\":\"\",\"m10_el\":\"\",\"mx2_tl\":\"\",\"post_ids\":\"\",\"category_ids\":\"\",\"tag_slug\":\"\",\"autors_id\":\"\",\"installed_post_types\":\"\",\"sort\":\"\",\"offset\":\"\",\"show_modified_date\":\"\",\"el_class\":\"\",\"td_ajax_filter_type\":\"\",\"td_ajax_filter_ids\":\"\",\"td_filter_default_txt\":\"All\",\"td_ajax_preloading\":\"\",\"f_header_font_header\":\"\",\"f_header_font_title\":\"Block header\",\"f_header_font_settings\":\"\",\"f_header_font_family\":\"\",\"f_header_font_size\":\"\",\"f_header_font_line_height\":\"\",\"f_header_font_style\":\"\",\"f_header_font_weight\":\"\",\"f_header_font_transform\":\"\",\"f_header_font_spacing\":\"\",\"f_header_\":\"\",\"f_ajax_font_title\":\"Ajax categories\",\"f_ajax_font_settings\":\"\",\"f_ajax_font_family\":\"\",\"f_ajax_font_size\":\"\",\"f_ajax_font_line_height\":\"\",\"f_ajax_font_style\":\"\",\"f_ajax_font_weight\":\"\",\"f_ajax_font_transform\":\"\",\"f_ajax_font_spacing\":\"\",\"f_ajax_\":\"\",\"f_more_font_title\":\"Load more button\",\"f_more_font_settings\":\"\",\"f_more_font_family\":\"\",\"f_more_font_size\":\"\",\"f_more_font_line_height\":\"\",\"f_more_font_style\":\"\",\"f_more_font_weight\":\"\",\"f_more_font_transform\":\"\",\"f_more_font_spacing\":\"\",\"f_more_\":\"\",\"mx8f_title_font_header\":\"\",\"mx8f_title_font_title\":\"Article title\",\"mx8f_title_font_settings\":\"\",\"mx8f_title_font_family\":\"\",\"mx8f_title_font_size\":\"\",\"mx8f_title_font_line_height\":\"\",\"mx8f_title_font_style\":\"\",\"mx8f_title_font_weight\":\"\",\"mx8f_title_font_transform\":\"\",\"mx8f_title_font_spacing\":\"\",\"mx8f_title_\":\"\",\"mx8f_cat_font_title\":\"Article category tag\",\"mx8f_cat_font_settings\":\"\",\"mx8f_cat_font_family\":\"\",\"mx8f_cat_font_size\":\"\",\"mx8f_cat_font_line_height\":\"\",\"mx8f_cat_font_style\":\"\",\"mx8f_cat_font_weight\":\"\",\"mx8f_cat_font_transform\":\"\",\"mx8f_cat_font_spacing\":\"\",\"mx8f_cat_\":\"\",\"mx8f_meta_font_title\":\"Article meta info\",\"mx8f_meta_font_settings\":\"\",\"mx8f_meta_font_family\":\"\",\"mx8f_meta_font_size\":\"\",\"mx8f_meta_font_line_height\":\"\",\"mx8f_meta_font_style\":\"\",\"mx8f_meta_font_weight\":\"\",\"mx8f_meta_font_transform\":\"\",\"mx8f_meta_font_spacing\":\"\",\"mx8f_meta_\":\"\",\"m10f_title_font_header\":\"\",\"m10f_title_font_title\":\"Article title\",\"m10f_title_font_settings\":\"\",\"m10f_title_font_family\":\"\",\"m10f_title_font_size\":\"\",\"m10f_title_font_line_height\":\"\",\"m10f_title_font_style\":\"\",\"m10f_title_font_weight\":\"\",\"m10f_title_font_transform\":\"\",\"m10f_title_font_spacing\":\"\",\"m10f_title_\":\"\",\"m10f_cat_font_title\":\"Article category tag\",\"m10f_cat_font_settings\":\"\",\"m10f_cat_font_family\":\"\",\"m10f_cat_font_size\":\"\",\"m10f_cat_font_line_height\":\"\",\"m10f_cat_font_style\":\"\",\"m10f_cat_font_weight\":\"\",\"m10f_cat_font_transform\":\"\",\"m10f_cat_font_spacing\":\"\",\"m10f_cat_\":\"\",\"m10f_meta_font_title\":\"Article meta info\",\"m10f_meta_font_settings\":\"\",\"m10f_meta_font_family\":\"\",\"m10f_meta_font_size\":\"\",\"m10f_meta_font_line_height\":\"\",\"m10f_meta_font_style\":\"\",\"m10f_meta_font_weight\":\"\",\"m10f_meta_font_transform\":\"\",\"m10f_meta_font_spacing\":\"\",\"m10f_meta_\":\"\",\"m10f_ex_font_title\":\"Article excerpt\",\"m10f_ex_font_settings\":\"\",\"m10f_ex_font_family\":\"\",\"m10f_ex_font_size\":\"\",\"m10f_ex_font_line_height\":\"\",\"m10f_ex_font_style\":\"\",\"m10f_ex_font_weight\":\"\",\"m10f_ex_font_transform\":\"\",\"m10f_ex_font_spacing\":\"\",\"m10f_ex_\":\"\",\"mx2f_title_font_header\":\"\",\"mx2f_title_font_title\":\"Article title\",\"mx2f_title_font_settings\":\"\",\"mx2f_title_font_family\":\"\",\"mx2f_title_font_size\":\"\",\"mx2f_title_font_line_height\":\"\",\"mx2f_title_font_style\":\"\",\"mx2f_title_font_weight\":\"\",\"mx2f_title_font_transform\":\"\",\"mx2f_title_font_spacing\":\"\",\"mx2f_title_\":\"\",\"mx2f_cat_font_title\":\"Article category tag\",\"mx2f_cat_font_settings\":\"\",\"mx2f_cat_font_family\":\"\",\"mx2f_cat_font_size\":\"\",\"mx2f_cat_font_line_height\":\"\",\"mx2f_cat_font_style\":\"\",\"mx2f_cat_font_weight\":\"\",\"mx2f_cat_font_transform\":\"\",\"mx2f_cat_font_spacing\":\"\",\"mx2f_cat_\":\"\",\"mx2f_meta_font_title\":\"Article meta info\",\"mx2f_meta_font_settings\":\"\",\"mx2f_meta_font_family\":\"\",\"mx2f_meta_font_size\":\"\",\"mx2f_meta_font_line_height\":\"\",\"mx2f_meta_font_style\":\"\",\"mx2f_meta_font_weight\":\"\",\"mx2f_meta_font_transform\":\"\",\"mx2f_meta_font_spacing\":\"\",\"mx2f_meta_\":\"\",\"ajax_pagination_infinite_stop\":\"\",\"css\":\"\",\"tdc_css\":\"\",\"td_column_number\":1,\"header_color\":\"\",\"color_preset\":\"\",\"border_top\":\"\",\"class\":\"td_uid_69_69f12975ab63f_rand\",\"tdc_css_class\":\"td_uid_69_69f12975ab63f_rand\",\"tdc_css_class_style\":\"td_uid_69_69f12975ab63f_rand_style\"}';\nblock_td_uid_69_69f12975ab63f.td_column_number = \"1\";\nblock_td_uid_69_69f12975ab63f.block_type = \"td_block_18\";\nblock_td_uid_69_69f12975ab63f.post_count = \"3\";\nblock_td_uid_69_69f12975ab63f.found_posts = \"2767\";\nblock_td_uid_69_69f12975ab63f.header_color = \"\";\nblock_td_uid_69_69f12975ab63f.ajax_pagination_infinite_stop = \"\";\nblock_td_uid_69_69f12975ab63f.max_num_pages = \"923\";\ntdBlocksArray.push(block_td_uid_69_69f12975ab63f);\n<\/script><div class=\"td-block-title-wrap\"><\/div><div id=td_uid_69_69f12975ab63f class=\"td_block_inner td-column-1\">\r\n        <div class=\"td_module_mx8 td_module_wrap td-animation-stack\">\r\n            <div class=\"meta-info-container\">\r\n                <div class=\"td-module-thumb\"><a href=\"https:\/\/www.africa-press.net\/congo-brazzaville\/sports\/senegal-celebre-sa-victoire-a-la-can-au-stade-de-france\" rel=\"bookmark\" class=\"td-image-wrap\" title=\"S\u00e9n\u00e9gal C\u00e9l\u00e8bre Sa Victoire \u00e0 la CAN au Stade de France\"><img loading=\"lazy\" decoding=\"async\" class=\"entry-thumb\" src=\"data:image\/png;base64,iVBORw0KGgoAAAANSUhEUgAAArgAAAGBAQMAAAC3k1CUAAAAA1BMVEWurq51dlI4AAAAAXRSTlMmkutdmwAAADdJREFUeNrtwTEBAAAAwiD7p7bETmAAAAAAAAAAAAAAAAAAAAAAAAAAAAAAAAAAAAAAAAAAAEDuhFgAARFpDB8AAAAASUVORK5CYII=\" alt=\"S\u00e9n\u00e9gal C\u00e9l\u00e8bre Sa Victoire \u00e0 la CAN au Stade de France\" title=\"S\u00e9n\u00e9gal C\u00e9l\u00e8bre Sa Victoire \u00e0 la CAN au Stade de France\" data-type=\"image_tag\" data-img-url=\"https:\/\/static.africa-press.net\/congo-brazzaville\/sites\/51\/2026\/04\/sm_1776593074.188551-696x385.jpg\"  width=\"696\" height=\"385\" \/><\/a><\/div>\r\n                <div class=\"td-module-meta-info\">\r\n                    <h3 class=\"entry-title td-module-title\"><a href=\"https:\/\/www.africa-press.net\/congo-brazzaville\/sports\/senegal-celebre-sa-victoire-a-la-can-au-stade-de-france\" rel=\"bookmark\" title=\"S\u00e9n\u00e9gal C\u00e9l\u00e8bre Sa Victoire \u00e0 la CAN au Stade de France\">S\u00e9n\u00e9gal C\u00e9l\u00e8bre Sa Victoire \u00e0 la CAN au Stade de France<\/a><\/h3>                                        <span class=\"td-author-date\">\r\n                                                <span class=\"td-post-date\"><time class=\"entry-date updated td-module-date\" datetime=\"2026-03-29T21:04:00+00:00\" >2026-03-29<\/time><\/span>                                            <\/span>\r\n                <\/div>\r\n            <\/div>\r\n\r\n        <\/div>\r\n\r\n        \r\n        <div class=\"td_module_mx2 td_module_wrap td-animation-stack\">\r\n\r\n            <div class=\"td-module-thumb\"><a href=\"https:\/\/www.africa-press.net\/congo-brazzaville\/sports\/vol-a-lhotel-de-lequipe-nationale-du-ghana-en-autriche\" rel=\"bookmark\" class=\"td-image-wrap\" title=\"Vol \u00e0 l&rsquo;h\u00f4tel de l&rsquo;\u00e9quipe nationale du Ghana en Autriche\"><img loading=\"lazy\" decoding=\"async\" class=\"entry-thumb\" src=\"data:image\/png;base64,iVBORw0KGgoAAAANSUhEUgAAAFAAAAA8AQMAAADL6a\/PAAAAA1BMVEWurq51dlI4AAAAAXRSTlMmkutdmwAAAA5JREFUKM9jGAWjYJABAAKUAAHoEAeuAAAAAElFTkSuQmCC\" alt=\"Vol \u00e0 l&#039;h\u00f4tel de l&#039;\u00e9quipe nationale du Ghana en Autriche\" title=\"Vol \u00e0 l&rsquo;h\u00f4tel de l&rsquo;\u00e9quipe nationale du Ghana en Autriche\" data-type=\"image_tag\" data-img-url=\"https:\/\/static.africa-press.net\/congo-brazzaville\/sites\/51\/2026\/04\/sm_1776592972.218126-80x60.jpg\"  width=\"80\" height=\"60\" \/><\/a><\/div>\r\n            <div class=\"item-details\">\r\n                <h3 class=\"entry-title td-module-title\"><a href=\"https:\/\/www.africa-press.net\/congo-brazzaville\/sports\/vol-a-lhotel-de-lequipe-nationale-du-ghana-en-autriche\" rel=\"bookmark\" title=\"Vol \u00e0 l&rsquo;h\u00f4tel de l&rsquo;\u00e9quipe nationale du Ghana en Autriche\">Vol \u00e0 l&rsquo;h\u00f4tel de l&rsquo;\u00e9quipe nationale du Ghana en Autriche<\/a><\/h3>                <div class=\"td-module-meta-info\">\r\n                                                            <span class=\"td-post-date\"><time class=\"entry-date updated td-module-date\" datetime=\"2026-03-29T21:02:00+00:00\" >2026-03-29<\/time><\/span>                                    <\/div>\r\n            <\/div>\r\n\r\n        <\/div>\r\n\r\n        \r\n        <div class=\"td_module_mx2 td_module_wrap td-animation-stack\">\r\n\r\n            <div class=\"td-module-thumb\"><a href=\"https:\/\/www.africa-press.net\/congo-brazzaville\/sports\/dakar-se-prepare-pour-les-jeux-olympiques-de-la-jeunesse\" rel=\"bookmark\" class=\"td-image-wrap\" title=\"Dakar Se Pr\u00e9pare Pour Les Jeux Olympiques De La Jeunesse\"><img loading=\"lazy\" decoding=\"async\" class=\"entry-thumb\" src=\"data:image\/png;base64,iVBORw0KGgoAAAANSUhEUgAAAFAAAAA8AQMAAADL6a\/PAAAAA1BMVEWurq51dlI4AAAAAXRSTlMmkutdmwAAAA5JREFUKM9jGAWjYJABAAKUAAHoEAeuAAAAAElFTkSuQmCC\" alt=\"Dakar Se Pr\u00e9pare Pour Les Jeux Olympiques De La Jeunesse\" title=\"Dakar Se Pr\u00e9pare Pour Les Jeux Olympiques De La Jeunesse\" data-type=\"image_tag\" data-img-url=\"https:\/\/static.africa-press.net\/congo-brazzaville\/sites\/51\/2026\/04\/sm_1776592862.245872-80x60.jpg\"  width=\"80\" height=\"60\" \/><\/a><\/div>\r\n            <div class=\"item-details\">\r\n                <h3 class=\"entry-title td-module-title\"><a href=\"https:\/\/www.africa-press.net\/congo-brazzaville\/sports\/dakar-se-prepare-pour-les-jeux-olympiques-de-la-jeunesse\" rel=\"bookmark\" title=\"Dakar Se Pr\u00e9pare Pour Les Jeux Olympiques De La Jeunesse\">Dakar Se Pr\u00e9pare Pour Les Jeux Olympiques De La Jeunesse<\/a><\/h3>                <div class=\"td-module-meta-info\">\r\n                                                            <span class=\"td-post-date\"><time class=\"entry-date updated td-module-date\" datetime=\"2026-03-29T21:00:00+00:00\" >2026-03-29<\/time><\/span>                                    <\/div>\r\n            <\/div>\r\n\r\n        <\/div>\r\n\r\n        <\/div><div class=\"td-next-prev-wrap\"><a href=\"#\" class=\"td-ajax-prev-page ajax-page-disabled\" id=\"prev-page-td_uid_69_69f12975ab63f\" data-td_block_id=\"td_uid_69_69f12975ab63f\"><i class=\"td-icon-font td-icon-menu-left\"><\/i><\/a><a href=\"#\"  class=\"td-ajax-next-page\" id=\"next-page-td_uid_69_69f12975ab63f\" data-td_block_id=\"td_uid_69_69f12975ab63f\"><i class=\"td-icon-font td-icon-menu-right\"><\/i><\/a><\/div><\/div> <!-- .\/block --><\/div><\/div><\/div><div class=\"vc_column_inner td_uid_70_69f12975b610d_rand  wpb_column vc_column_container tdc-inner-column td-pb-span6\">\n<style scoped>\n\n\/* custom css *\/\n.td_uid_70_69f12975b610d_rand {\r\n                    vertical-align: baseline;\r\n                }\n<\/style><div class=\"vc_column-inner\"><div class=\"wpb_wrapper\"><div class=\"td_block_wrap td_block_7 td_uid_71_69f12975b624f_rand td-pb-border-top td_block_template_1 td-column-1 td_block_padding\"  data-td-block-uid=\"td_uid_71_69f12975b624f\" >\n<style>\n\n\/* inline tdc_css att *\/\n\n\/* phone *\/\n@media (max-width: 767px)\n{\n.td_uid_71_69f12975b624f_rand{\ndisplay:none !important;\n}\n}\n\n<\/style><script>var block_td_uid_71_69f12975b624f = new tdBlock();\nblock_td_uid_71_69f12975b624f.id = \"td_uid_71_69f12975b624f\";\nblock_td_uid_71_69f12975b624f.atts = '{\"category_id\":\"6\",\"limit\":\"4\",\"offset\":\"3\",\"tdc_css\":\"eyJwaG9uZSI6eyJkaXNwbGF5Ijoibm9uZSJ9LCJwaG9uZV9tYXhfd2lkdGgiOjc2N30=\",\"separator\":\"\",\"custom_title\":\"\",\"custom_url\":\"\",\"block_template_id\":\"\",\"m6_tl\":\"\",\"post_ids\":\"\",\"category_ids\":\"\",\"tag_slug\":\"\",\"autors_id\":\"\",\"installed_post_types\":\"\",\"sort\":\"\",\"show_modified_date\":\"\",\"el_class\":\"\",\"td_ajax_filter_type\":\"\",\"td_ajax_filter_ids\":\"\",\"td_filter_default_txt\":\"All\",\"td_ajax_preloading\":\"\",\"f_header_font_header\":\"\",\"f_header_font_title\":\"Block header\",\"f_header_font_settings\":\"\",\"f_header_font_family\":\"\",\"f_header_font_size\":\"\",\"f_header_font_line_height\":\"\",\"f_header_font_style\":\"\",\"f_header_font_weight\":\"\",\"f_header_font_transform\":\"\",\"f_header_font_spacing\":\"\",\"f_header_\":\"\",\"f_ajax_font_title\":\"Ajax categories\",\"f_ajax_font_settings\":\"\",\"f_ajax_font_family\":\"\",\"f_ajax_font_size\":\"\",\"f_ajax_font_line_height\":\"\",\"f_ajax_font_style\":\"\",\"f_ajax_font_weight\":\"\",\"f_ajax_font_transform\":\"\",\"f_ajax_font_spacing\":\"\",\"f_ajax_\":\"\",\"f_more_font_title\":\"Load more button\",\"f_more_font_settings\":\"\",\"f_more_font_family\":\"\",\"f_more_font_size\":\"\",\"f_more_font_line_height\":\"\",\"f_more_font_style\":\"\",\"f_more_font_weight\":\"\",\"f_more_font_transform\":\"\",\"f_more_font_spacing\":\"\",\"f_more_\":\"\",\"m6f_title_font_header\":\"\",\"m6f_title_font_title\":\"Article title\",\"m6f_title_font_settings\":\"\",\"m6f_title_font_family\":\"\",\"m6f_title_font_size\":\"\",\"m6f_title_font_line_height\":\"\",\"m6f_title_font_style\":\"\",\"m6f_title_font_weight\":\"\",\"m6f_title_font_transform\":\"\",\"m6f_title_font_spacing\":\"\",\"m6f_title_\":\"\",\"m6f_cat_font_title\":\"Article category tag\",\"m6f_cat_font_settings\":\"\",\"m6f_cat_font_family\":\"\",\"m6f_cat_font_size\":\"\",\"m6f_cat_font_line_height\":\"\",\"m6f_cat_font_style\":\"\",\"m6f_cat_font_weight\":\"\",\"m6f_cat_font_transform\":\"\",\"m6f_cat_font_spacing\":\"\",\"m6f_cat_\":\"\",\"m6f_meta_font_title\":\"Article meta info\",\"m6f_meta_font_settings\":\"\",\"m6f_meta_font_family\":\"\",\"m6f_meta_font_size\":\"\",\"m6f_meta_font_line_height\":\"\",\"m6f_meta_font_style\":\"\",\"m6f_meta_font_weight\":\"\",\"m6f_meta_font_transform\":\"\",\"m6f_meta_font_spacing\":\"\",\"m6f_meta_\":\"\",\"ajax_pagination\":\"\",\"ajax_pagination_infinite_stop\":\"\",\"css\":\"\",\"td_column_number\":1,\"header_color\":\"\",\"color_preset\":\"\",\"border_top\":\"\",\"class\":\"td_uid_71_69f12975b624f_rand\",\"tdc_css_class\":\"td_uid_71_69f12975b624f_rand\",\"tdc_css_class_style\":\"td_uid_71_69f12975b624f_rand_style\"}';\nblock_td_uid_71_69f12975b624f.td_column_number = \"1\";\nblock_td_uid_71_69f12975b624f.block_type = \"td_block_7\";\nblock_td_uid_71_69f12975b624f.post_count = \"4\";\nblock_td_uid_71_69f12975b624f.found_posts = \"2767\";\nblock_td_uid_71_69f12975b624f.header_color = \"\";\nblock_td_uid_71_69f12975b624f.ajax_pagination_infinite_stop = \"\";\nblock_td_uid_71_69f12975b624f.max_num_pages = \"691\";\ntdBlocksArray.push(block_td_uid_71_69f12975b624f);\n<\/script><div class=\"td-block-title-wrap\"><\/div><div id=td_uid_71_69f12975b624f class=\"td_block_inner\">\n\n\t<div class=\"td-block-span12\">\n\r\n        <div class=\"td_module_6 td_module_wrap td-animation-stack\">\r\n\r\n        <div class=\"td-module-thumb\"><a href=\"https:\/\/www.africa-press.net\/congo-brazzaville\/sports\/football-la-can-va-passer-de-24-a-28-equipes-en-2028\" rel=\"bookmark\" class=\"td-image-wrap\" title=\"Football: la CAN Va Passer de 24 A\u0300 28 E\u0301quipes en 2028\"><img loading=\"lazy\" decoding=\"async\" class=\"entry-thumb\" src=\"data:image\/png;base64,iVBORw0KGgoAAAANSUhEUgAAAGQAAABGAQMAAAAASKMqAAAAA1BMVEWurq51dlI4AAAAAXRSTlMmkutdmwAAABBJREFUKM9jGAWjYBQMKwAAA9QAAQWBn6cAAAAASUVORK5CYII=\" alt=\"Football: la CAN Va Passer de 24 A\u0300 28 E\u0301quipes en 2028\" title=\"Football: la CAN Va Passer de 24 A\u0300 28 E\u0301quipes en 2028\" data-type=\"image_tag\" data-img-url=\"https:\/\/static.africa-press.net\/congo-brazzaville\/sites\/51\/2026\/04\/sm_1776592724.468971-100x70.jpg\"  width=\"100\" height=\"70\" \/><\/a><\/div>\r\n        <div class=\"item-details\">\r\n            <h3 class=\"entry-title td-module-title\"><a href=\"https:\/\/www.africa-press.net\/congo-brazzaville\/sports\/football-la-can-va-passer-de-24-a-28-equipes-en-2028\" rel=\"bookmark\" title=\"Football: la CAN Va Passer de 24 A\u0300 28 E\u0301quipes en 2028\">Football: la CAN Va Passer de 24 A\u0300 28 E\u0301quipes en...<\/a><\/h3>            <div class=\"td-module-meta-info\">\r\n                                                <span class=\"td-post-date\"><time class=\"entry-date updated td-module-date\" datetime=\"2026-03-29T20:56:00+00:00\" >2026-03-29<\/time><\/span>                            <\/div>\r\n        <\/div>\r\n\r\n        <\/div>\r\n\r\n        \n\t<\/div> <!-- .\/td-block-span12 -->\n\n\t<div class=\"td-block-span12\">\n\r\n        <div class=\"td_module_6 td_module_wrap td-animation-stack\">\r\n\r\n        <div class=\"td-module-thumb\"><a href=\"https:\/\/www.africa-press.net\/congo-brazzaville\/sports\/barrages-intercontinentaux-espoir-de-la-rdc-en-coupe\" rel=\"bookmark\" class=\"td-image-wrap\" title=\"Barrages Intercontinentaux: Espoir de la RDC en Coupe\"><img loading=\"lazy\" decoding=\"async\" class=\"entry-thumb\" src=\"data:image\/png;base64,iVBORw0KGgoAAAANSUhEUgAAAGQAAABGAQMAAAAASKMqAAAAA1BMVEWurq51dlI4AAAAAXRSTlMmkutdmwAAABBJREFUKM9jGAWjYBQMKwAAA9QAAQWBn6cAAAAASUVORK5CYII=\" alt=\"Barrages Intercontinentaux: Espoir de la RDC en Coupe\" title=\"Barrages Intercontinentaux: Espoir de la RDC en Coupe\" data-type=\"image_tag\" data-img-url=\"https:\/\/static.africa-press.net\/congo-brazzaville\/sites\/51\/2026\/04\/sm_1776592431.850411-100x70.jpg\"  width=\"100\" height=\"70\" \/><\/a><\/div>\r\n        <div class=\"item-details\">\r\n            <h3 class=\"entry-title td-module-title\"><a href=\"https:\/\/www.africa-press.net\/congo-brazzaville\/sports\/barrages-intercontinentaux-espoir-de-la-rdc-en-coupe\" rel=\"bookmark\" title=\"Barrages Intercontinentaux: Espoir de la RDC en Coupe\">Barrages Intercontinentaux: Espoir de la RDC en Coupe<\/a><\/h3>            <div class=\"td-module-meta-info\">\r\n                                                <span class=\"td-post-date\"><time class=\"entry-date updated td-module-date\" datetime=\"2026-03-29T20:44:00+00:00\" >2026-03-29<\/time><\/span>                            <\/div>\r\n        <\/div>\r\n\r\n        <\/div>\r\n\r\n        \n\t<\/div> <!-- .\/td-block-span12 -->\n\n\t<div class=\"td-block-span12\">\n\r\n        <div class=\"td_module_6 td_module_wrap td-animation-stack\">\r\n\r\n        <div class=\"td-module-thumb\"><a href=\"https:\/\/www.africa-press.net\/congo-brazzaville\/sports\/rassemblement-des-leopards-pour-barrages-mondial-2026\" rel=\"bookmark\" class=\"td-image-wrap\" title=\"Rassemblement des L\u00e9opards pour Barrages Mondial 2026\"><img loading=\"lazy\" decoding=\"async\" class=\"entry-thumb\" src=\"data:image\/png;base64,iVBORw0KGgoAAAANSUhEUgAAAGQAAABGAQMAAAAASKMqAAAAA1BMVEWurq51dlI4AAAAAXRSTlMmkutdmwAAABBJREFUKM9jGAWjYBQMKwAAA9QAAQWBn6cAAAAASUVORK5CYII=\" alt=\"Rassemblement des L\u00e9opards pour Barrages Mondial 2026\" title=\"Rassemblement des L\u00e9opards pour Barrages Mondial 2026\" data-type=\"image_tag\" data-img-url=\"https:\/\/static.africa-press.net\/congo-brazzaville\/sites\/51\/2026\/04\/sm_1776593710.01934-100x70.jpg\"  width=\"100\" height=\"70\" \/><\/a><\/div>\r\n        <div class=\"item-details\">\r\n            <h3 class=\"entry-title td-module-title\"><a href=\"https:\/\/www.africa-press.net\/congo-brazzaville\/sports\/rassemblement-des-leopards-pour-barrages-mondial-2026\" rel=\"bookmark\" title=\"Rassemblement des L\u00e9opards pour Barrages Mondial 2026\">Rassemblement des L\u00e9opards pour Barrages Mondial 2026<\/a><\/h3>            <div class=\"td-module-meta-info\">\r\n                                                <span class=\"td-post-date\"><time class=\"entry-date updated td-module-date\" datetime=\"2026-03-24T21:28:00+00:00\" >2026-03-24<\/time><\/span>                            <\/div>\r\n        <\/div>\r\n\r\n        <\/div>\r\n\r\n        \n\t<\/div> <!-- .\/td-block-span12 -->\n\n\t<div class=\"td-block-span12\">\n\r\n        <div class=\"td_module_6 td_module_wrap td-animation-stack\">\r\n\r\n        <div class=\"td-module-thumb\"><a href=\"https:\/\/www.africa-press.net\/congo-brazzaville\/sports\/maniema-union-eliminee-en-quart-de-finale-de-la-caf\" rel=\"bookmark\" class=\"td-image-wrap\" title=\"Maniema Union \u00c9limin\u00e9e En Quart De Finale De La CAF\"><img loading=\"lazy\" decoding=\"async\" class=\"entry-thumb\" src=\"data:image\/png;base64,iVBORw0KGgoAAAANSUhEUgAAAGQAAABGAQMAAAAASKMqAAAAA1BMVEWurq51dlI4AAAAAXRSTlMmkutdmwAAABBJREFUKM9jGAWjYBQMKwAAA9QAAQWBn6cAAAAASUVORK5CYII=\" alt=\"Maniema Union \u00c9limin\u00e9e En Quart De Finale De La CAF\" title=\"Maniema Union \u00c9limin\u00e9e En Quart De Finale De La CAF\" data-type=\"image_tag\" data-img-url=\"https:\/\/static.africa-press.net\/congo-brazzaville\/sites\/51\/2026\/04\/sm_1776593605.642172-100x70.jpg\"  width=\"100\" height=\"70\" \/><\/a><\/div>\r\n        <div class=\"item-details\">\r\n            <h3 class=\"entry-title td-module-title\"><a href=\"https:\/\/www.africa-press.net\/congo-brazzaville\/sports\/maniema-union-eliminee-en-quart-de-finale-de-la-caf\" rel=\"bookmark\" title=\"Maniema Union \u00c9limin\u00e9e En Quart De Finale De La CAF\">Maniema Union \u00c9limin\u00e9e En Quart De Finale De La CAF<\/a><\/h3>            <div class=\"td-module-meta-info\">\r\n                                                <span class=\"td-post-date\"><time class=\"entry-date updated td-module-date\" datetime=\"2026-03-24T21:26:00+00:00\" >2026-03-24<\/time><\/span>                            <\/div>\r\n        <\/div>\r\n\r\n        <\/div>\r\n\r\n        \n\t<\/div> <!-- .\/td-block-span12 --><\/div><\/div> <!-- .\/block --><\/div><\/div><\/div><\/div><div class=\"tdm_block td_block_wrap tdm_block_button td_uid_72_69f12975c00db_rand tdm-block-button-inline tdm-content-horiz-right td-pb-border-top main-box-btn-green-en td_block_template_1\"  data-td-block-uid=\"td_uid_72_69f12975c00db\"     >\n<style>\n.td_uid_73_69f12975c0441 i:first-child {\r\n\t\t\t\t\tmargin-right: 14px;\r\n\t\t\t\t}\n<\/style><div class=\"tds-button td-fix-index\"><a \r\n                href=\"\/congo-brazzaville\/Sports\" \r\n                class=\"tds-button1 tdm-btn tdm-btn-sm td_uid_73_69f12975c0441\"  target=\"_blank\" ><i class=\"tdc-font-fa tdc-font-fa-arrow-right\"><\/i><span class=\"tdm-btn-text\">Plus de Nouvelles<\/span><\/a><\/div><\/div><div class=\"wpb_wrapper td_block_wrap vc_raw_html td_uid_74_69f12975c063a_rand \"><div class=\"td-fix-index\"><div class=\"td-block-title-wrap\"><h4 class=\"block-title\"><a href=\"\/congo-brazzaville\/Dossiers\" class=\"td-pulldown-size\">Dossiers<\/a><\/h4><\/div><\/div><\/div><div id=\"main-box\" class=\"vc_row_inner td_uid_75_69f12975c0661_rand  vc_row vc_inner wpb_row td-pb-row\" >\n<style scoped>\n\n\/* custom css *\/\n.td_uid_75_69f12975c0661_rand {\r\n                    position: relative !important;\r\n                    top: 0;\r\n                    transform: none;\r\n                    -webkit-transform: none;\r\n                }\n<\/style><div class=\"vc_column_inner td_uid_76_69f12975c06ef_rand  wpb_column vc_column_container tdc-inner-column td-pb-span6\">\n<style scoped>\n\n\/* custom css *\/\n.td_uid_76_69f12975c06ef_rand {\r\n                    vertical-align: baseline;\r\n                }\n<\/style><div class=\"vc_column-inner\"><div class=\"wpb_wrapper\"><div class=\"td_block_wrap td_block_18 td_uid_77_69f12975c0782_rand td_with_ajax_pagination td-pb-border-top td_block_template_1 td-column-1\"  data-td-block-uid=\"td_uid_77_69f12975c0782\" ><script>var block_td_uid_77_69f12975c0782 = new tdBlock();\nblock_td_uid_77_69f12975c0782.id = \"td_uid_77_69f12975c0782\";\nblock_td_uid_77_69f12975c0782.atts = '{\"category_id\":\"7\",\"limit\":\"3\",\"ajax_pagination\":\"next_prev\",\"tdc_css\":\"\",\"separator\":\"\",\"custom_title\":\"\",\"custom_url\":\"\",\"block_template_id\":\"\",\"mx8_tl\":\"\",\"m10_tl\":\"\",\"m10_el\":\"\",\"mx2_tl\":\"\",\"post_ids\":\"\",\"category_ids\":\"\",\"tag_slug\":\"\",\"autors_id\":\"\",\"installed_post_types\":\"\",\"sort\":\"\",\"offset\":\"\",\"show_modified_date\":\"\",\"el_class\":\"\",\"td_ajax_filter_type\":\"\",\"td_ajax_filter_ids\":\"\",\"td_filter_default_txt\":\"All\",\"td_ajax_preloading\":\"\",\"f_header_font_header\":\"\",\"f_header_font_title\":\"Block header\",\"f_header_font_settings\":\"\",\"f_header_font_family\":\"\",\"f_header_font_size\":\"\",\"f_header_font_line_height\":\"\",\"f_header_font_style\":\"\",\"f_header_font_weight\":\"\",\"f_header_font_transform\":\"\",\"f_header_font_spacing\":\"\",\"f_header_\":\"\",\"f_ajax_font_title\":\"Ajax categories\",\"f_ajax_font_settings\":\"\",\"f_ajax_font_family\":\"\",\"f_ajax_font_size\":\"\",\"f_ajax_font_line_height\":\"\",\"f_ajax_font_style\":\"\",\"f_ajax_font_weight\":\"\",\"f_ajax_font_transform\":\"\",\"f_ajax_font_spacing\":\"\",\"f_ajax_\":\"\",\"f_more_font_title\":\"Load more button\",\"f_more_font_settings\":\"\",\"f_more_font_family\":\"\",\"f_more_font_size\":\"\",\"f_more_font_line_height\":\"\",\"f_more_font_style\":\"\",\"f_more_font_weight\":\"\",\"f_more_font_transform\":\"\",\"f_more_font_spacing\":\"\",\"f_more_\":\"\",\"mx8f_title_font_header\":\"\",\"mx8f_title_font_title\":\"Article title\",\"mx8f_title_font_settings\":\"\",\"mx8f_title_font_family\":\"\",\"mx8f_title_font_size\":\"\",\"mx8f_title_font_line_height\":\"\",\"mx8f_title_font_style\":\"\",\"mx8f_title_font_weight\":\"\",\"mx8f_title_font_transform\":\"\",\"mx8f_title_font_spacing\":\"\",\"mx8f_title_\":\"\",\"mx8f_cat_font_title\":\"Article category tag\",\"mx8f_cat_font_settings\":\"\",\"mx8f_cat_font_family\":\"\",\"mx8f_cat_font_size\":\"\",\"mx8f_cat_font_line_height\":\"\",\"mx8f_cat_font_style\":\"\",\"mx8f_cat_font_weight\":\"\",\"mx8f_cat_font_transform\":\"\",\"mx8f_cat_font_spacing\":\"\",\"mx8f_cat_\":\"\",\"mx8f_meta_font_title\":\"Article meta info\",\"mx8f_meta_font_settings\":\"\",\"mx8f_meta_font_family\":\"\",\"mx8f_meta_font_size\":\"\",\"mx8f_meta_font_line_height\":\"\",\"mx8f_meta_font_style\":\"\",\"mx8f_meta_font_weight\":\"\",\"mx8f_meta_font_transform\":\"\",\"mx8f_meta_font_spacing\":\"\",\"mx8f_meta_\":\"\",\"m10f_title_font_header\":\"\",\"m10f_title_font_title\":\"Article title\",\"m10f_title_font_settings\":\"\",\"m10f_title_font_family\":\"\",\"m10f_title_font_size\":\"\",\"m10f_title_font_line_height\":\"\",\"m10f_title_font_style\":\"\",\"m10f_title_font_weight\":\"\",\"m10f_title_font_transform\":\"\",\"m10f_title_font_spacing\":\"\",\"m10f_title_\":\"\",\"m10f_cat_font_title\":\"Article category tag\",\"m10f_cat_font_settings\":\"\",\"m10f_cat_font_family\":\"\",\"m10f_cat_font_size\":\"\",\"m10f_cat_font_line_height\":\"\",\"m10f_cat_font_style\":\"\",\"m10f_cat_font_weight\":\"\",\"m10f_cat_font_transform\":\"\",\"m10f_cat_font_spacing\":\"\",\"m10f_cat_\":\"\",\"m10f_meta_font_title\":\"Article meta info\",\"m10f_meta_font_settings\":\"\",\"m10f_meta_font_family\":\"\",\"m10f_meta_font_size\":\"\",\"m10f_meta_font_line_height\":\"\",\"m10f_meta_font_style\":\"\",\"m10f_meta_font_weight\":\"\",\"m10f_meta_font_transform\":\"\",\"m10f_meta_font_spacing\":\"\",\"m10f_meta_\":\"\",\"m10f_ex_font_title\":\"Article excerpt\",\"m10f_ex_font_settings\":\"\",\"m10f_ex_font_family\":\"\",\"m10f_ex_font_size\":\"\",\"m10f_ex_font_line_height\":\"\",\"m10f_ex_font_style\":\"\",\"m10f_ex_font_weight\":\"\",\"m10f_ex_font_transform\":\"\",\"m10f_ex_font_spacing\":\"\",\"m10f_ex_\":\"\",\"mx2f_title_font_header\":\"\",\"mx2f_title_font_title\":\"Article title\",\"mx2f_title_font_settings\":\"\",\"mx2f_title_font_family\":\"\",\"mx2f_title_font_size\":\"\",\"mx2f_title_font_line_height\":\"\",\"mx2f_title_font_style\":\"\",\"mx2f_title_font_weight\":\"\",\"mx2f_title_font_transform\":\"\",\"mx2f_title_font_spacing\":\"\",\"mx2f_title_\":\"\",\"mx2f_cat_font_title\":\"Article category tag\",\"mx2f_cat_font_settings\":\"\",\"mx2f_cat_font_family\":\"\",\"mx2f_cat_font_size\":\"\",\"mx2f_cat_font_line_height\":\"\",\"mx2f_cat_font_style\":\"\",\"mx2f_cat_font_weight\":\"\",\"mx2f_cat_font_transform\":\"\",\"mx2f_cat_font_spacing\":\"\",\"mx2f_cat_\":\"\",\"mx2f_meta_font_title\":\"Article meta info\",\"mx2f_meta_font_settings\":\"\",\"mx2f_meta_font_family\":\"\",\"mx2f_meta_font_size\":\"\",\"mx2f_meta_font_line_height\":\"\",\"mx2f_meta_font_style\":\"\",\"mx2f_meta_font_weight\":\"\",\"mx2f_meta_font_transform\":\"\",\"mx2f_meta_font_spacing\":\"\",\"mx2f_meta_\":\"\",\"ajax_pagination_infinite_stop\":\"\",\"css\":\"\",\"td_column_number\":1,\"header_color\":\"\",\"color_preset\":\"\",\"border_top\":\"\",\"class\":\"td_uid_77_69f12975c0782_rand\",\"tdc_css_class\":\"td_uid_77_69f12975c0782_rand\",\"tdc_css_class_style\":\"td_uid_77_69f12975c0782_rand_style\"}';\nblock_td_uid_77_69f12975c0782.td_column_number = \"1\";\nblock_td_uid_77_69f12975c0782.block_type = \"td_block_18\";\nblock_td_uid_77_69f12975c0782.post_count = \"3\";\nblock_td_uid_77_69f12975c0782.found_posts = \"328\";\nblock_td_uid_77_69f12975c0782.header_color = \"\";\nblock_td_uid_77_69f12975c0782.ajax_pagination_infinite_stop = \"\";\nblock_td_uid_77_69f12975c0782.max_num_pages = \"110\";\ntdBlocksArray.push(block_td_uid_77_69f12975c0782);\n<\/script><div class=\"td-block-title-wrap\"><\/div><div id=td_uid_77_69f12975c0782 class=\"td_block_inner td-column-1\">\r\n        <div class=\"td_module_mx8 td_module_wrap td-animation-stack\">\r\n            <div class=\"meta-info-container\">\r\n                <div class=\"td-module-thumb\"><a href=\"https:\/\/www.africa-press.net\/congo-brazzaville\/politique\/fermeture-dormuz-lafrique-peut%e2%80%90elle-combler-le-manque\" rel=\"bookmark\" class=\"td-image-wrap\" title=\"Fermeture D\u2019Ormuz: L\u2019Afrique Peut\u2010Elle Combler le Manque?\"><img loading=\"lazy\" decoding=\"async\" class=\"entry-thumb\" src=\"data:image\/png;base64,iVBORw0KGgoAAAANSUhEUgAAArgAAAGBAQMAAAC3k1CUAAAAA1BMVEWurq51dlI4AAAAAXRSTlMmkutdmwAAADdJREFUeNrtwTEBAAAAwiD7p7bETmAAAAAAAAAAAAAAAAAAAAAAAAAAAAAAAAAAAAAAAAAAAEDuhFgAARFpDB8AAAAASUVORK5CYII=\" alt=\"Fermeture D\u2019Ormuz: L\u2019Afrique Peut\u2010Elle Combler le Manque?\" title=\"Fermeture D\u2019Ormuz: L\u2019Afrique Peut\u2010Elle Combler le Manque?\" data-type=\"image_tag\" data-img-url=\"https:\/\/static.africa-press.net\/congo-brazzaville\/sites\/51\/2026\/04\/sm_1776630269.000868-696x385.jpg\"  width=\"696\" height=\"385\" \/><\/a><\/div>\r\n                <div class=\"td-module-meta-info\">\r\n                    <h3 class=\"entry-title td-module-title\"><a href=\"https:\/\/www.africa-press.net\/congo-brazzaville\/politique\/fermeture-dormuz-lafrique-peut%e2%80%90elle-combler-le-manque\" rel=\"bookmark\" title=\"Fermeture D\u2019Ormuz: L\u2019Afrique Peut\u2010Elle Combler le Manque?\">Fermeture D\u2019Ormuz: L\u2019Afrique Peut\u2010Elle Combler le Manque?<\/a><\/h3>                                        <span class=\"td-author-date\">\r\n                                                <span class=\"td-post-date\"><time class=\"entry-date updated td-module-date\" datetime=\"2026-03-17T16:40:00+00:00\" >2026-03-17<\/time><\/span>                                            <\/span>\r\n                <\/div>\r\n            <\/div>\r\n\r\n        <\/div>\r\n\r\n        \r\n        <div class=\"td_module_mx2 td_module_wrap td-animation-stack\">\r\n\r\n            <div class=\"td-module-thumb\"><a href=\"https:\/\/www.africa-press.net\/congo-brazzaville\/politique\/presidentielle-2026-congo-brazzaville-sassou-nguesso-reconduit\" rel=\"bookmark\" class=\"td-image-wrap\" title=\"Pr\u00e9sidentielle 2026 Congo-Brazzaville Sassou Nguesso Reconduit\"><img loading=\"lazy\" decoding=\"async\" class=\"entry-thumb\" src=\"data:image\/png;base64,iVBORw0KGgoAAAANSUhEUgAAAFAAAAA8AQMAAADL6a\/PAAAAA1BMVEWurq51dlI4AAAAAXRSTlMmkutdmwAAAA5JREFUKM9jGAWjYJABAAKUAAHoEAeuAAAAAElFTkSuQmCC\" alt=\"Pr\u00e9sidentielle 2026 Congo-Brazzaville Sassou Nguesso Reconduit\" title=\"Pr\u00e9sidentielle 2026 Congo-Brazzaville Sassou Nguesso Reconduit\" data-type=\"image_tag\" data-img-url=\"https:\/\/static.africa-press.net\/congo-brazzaville\/sites\/51\/2026\/03\/sm_1773619370.667218-80x60.jpg\"  width=\"80\" height=\"60\" \/><\/a><\/div>\r\n            <div class=\"item-details\">\r\n                <h3 class=\"entry-title td-module-title\"><a href=\"https:\/\/www.africa-press.net\/congo-brazzaville\/politique\/presidentielle-2026-congo-brazzaville-sassou-nguesso-reconduit\" rel=\"bookmark\" title=\"Pr\u00e9sidentielle 2026 Congo-Brazzaville Sassou Nguesso Reconduit\">Pr\u00e9sidentielle 2026 Congo-Brazzaville Sassou Nguesso Reconduit<\/a><\/h3>                <div class=\"td-module-meta-info\">\r\n                                                            <span class=\"td-post-date\"><time class=\"entry-date updated td-module-date\" datetime=\"2026-03-15T23:33:47+00:00\" >2026-03-15<\/time><\/span>                                    <\/div>\r\n            <\/div>\r\n\r\n        <\/div>\r\n\r\n        \r\n        <div class=\"td_module_mx2 td_module_wrap td-animation-stack\">\r\n\r\n            <div class=\"td-module-thumb\"><a href=\"https:\/\/www.africa-press.net\/congo-brazzaville\/economie\/consequences-sanitaires-dramatiques-apres-coups-usaid\" rel=\"bookmark\" class=\"td-image-wrap\" title=\"Cons\u00e9quences Sanitaires Dramatiques Apr\u00e8s Coups USAID\"><img loading=\"lazy\" decoding=\"async\" class=\"entry-thumb\" src=\"data:image\/png;base64,iVBORw0KGgoAAAANSUhEUgAAAFAAAAA8AQMAAADL6a\/PAAAAA1BMVEWurq51dlI4AAAAAXRSTlMmkutdmwAAAA5JREFUKM9jGAWjYJABAAKUAAHoEAeuAAAAAElFTkSuQmCC\" alt=\"Cons\u00e9quences Sanitaires Dramatiques Apr\u00e8s Coups USAID\" title=\"Cons\u00e9quences Sanitaires Dramatiques Apr\u00e8s Coups USAID\" data-type=\"image_tag\" data-img-url=\"https:\/\/static.africa-press.net\/congo-brazzaville\/sites\/51\/2026\/01\/sm_1769376446.051-80x60.jpg\"  width=\"80\" height=\"60\" \/><\/a><\/div>\r\n            <div class=\"item-details\">\r\n                <h3 class=\"entry-title td-module-title\"><a href=\"https:\/\/www.africa-press.net\/congo-brazzaville\/economie\/consequences-sanitaires-dramatiques-apres-coups-usaid\" rel=\"bookmark\" title=\"Cons\u00e9quences Sanitaires Dramatiques Apr\u00e8s Coups USAID\">Cons\u00e9quences Sanitaires Dramatiques Apr\u00e8s Coups USAID<\/a><\/h3>                <div class=\"td-module-meta-info\">\r\n                                                            <span class=\"td-post-date\"><time class=\"entry-date updated td-module-date\" datetime=\"2026-01-25T21:05:18+00:00\" >2026-01-25<\/time><\/span>                                    <\/div>\r\n            <\/div>\r\n\r\n        <\/div>\r\n\r\n        <\/div><div class=\"td-next-prev-wrap\"><a href=\"#\" class=\"td-ajax-prev-page ajax-page-disabled\" id=\"prev-page-td_uid_77_69f12975c0782\" data-td_block_id=\"td_uid_77_69f12975c0782\"><i class=\"td-icon-font td-icon-menu-left\"><\/i><\/a><a href=\"#\"  class=\"td-ajax-next-page\" id=\"next-page-td_uid_77_69f12975c0782\" data-td_block_id=\"td_uid_77_69f12975c0782\"><i class=\"td-icon-font td-icon-menu-right\"><\/i><\/a><\/div><\/div> <!-- .\/block --><\/div><\/div><\/div><div class=\"vc_column_inner td_uid_78_69f12975c51f2_rand  wpb_column vc_column_container tdc-inner-column td-pb-span6\">\n<style scoped>\n\n\/* custom css *\/\n.td_uid_78_69f12975c51f2_rand {\r\n                    vertical-align: baseline;\r\n                }\n<\/style><div class=\"vc_column-inner\"><div class=\"wpb_wrapper\"><div class=\"td_block_wrap td_block_7 td_uid_79_69f12975c52f2_rand td-pb-border-top td_block_template_1 td-column-1 td_block_padding\"  data-td-block-uid=\"td_uid_79_69f12975c52f2\" >\n<style>\n\n\/* inline tdc_css att *\/\n\n\/* phone *\/\n@media (max-width: 767px)\n{\n.td_uid_79_69f12975c52f2_rand{\ndisplay:none !important;\n}\n}\n\n<\/style><script>var block_td_uid_79_69f12975c52f2 = new tdBlock();\nblock_td_uid_79_69f12975c52f2.id = \"td_uid_79_69f12975c52f2\";\nblock_td_uid_79_69f12975c52f2.atts = '{\"category_id\":\"7\",\"limit\":\"4\",\"offset\":\"3\",\"tdc_css\":\"eyJwaG9uZSI6eyJkaXNwbGF5Ijoibm9uZSJ9LCJwaG9uZV9tYXhfd2lkdGgiOjc2N30=\",\"separator\":\"\",\"custom_title\":\"\",\"custom_url\":\"\",\"block_template_id\":\"\",\"m6_tl\":\"\",\"post_ids\":\"\",\"category_ids\":\"\",\"tag_slug\":\"\",\"autors_id\":\"\",\"installed_post_types\":\"\",\"sort\":\"\",\"show_modified_date\":\"\",\"el_class\":\"\",\"td_ajax_filter_type\":\"\",\"td_ajax_filter_ids\":\"\",\"td_filter_default_txt\":\"All\",\"td_ajax_preloading\":\"\",\"f_header_font_header\":\"\",\"f_header_font_title\":\"Block header\",\"f_header_font_settings\":\"\",\"f_header_font_family\":\"\",\"f_header_font_size\":\"\",\"f_header_font_line_height\":\"\",\"f_header_font_style\":\"\",\"f_header_font_weight\":\"\",\"f_header_font_transform\":\"\",\"f_header_font_spacing\":\"\",\"f_header_\":\"\",\"f_ajax_font_title\":\"Ajax categories\",\"f_ajax_font_settings\":\"\",\"f_ajax_font_family\":\"\",\"f_ajax_font_size\":\"\",\"f_ajax_font_line_height\":\"\",\"f_ajax_font_style\":\"\",\"f_ajax_font_weight\":\"\",\"f_ajax_font_transform\":\"\",\"f_ajax_font_spacing\":\"\",\"f_ajax_\":\"\",\"f_more_font_title\":\"Load more button\",\"f_more_font_settings\":\"\",\"f_more_font_family\":\"\",\"f_more_font_size\":\"\",\"f_more_font_line_height\":\"\",\"f_more_font_style\":\"\",\"f_more_font_weight\":\"\",\"f_more_font_transform\":\"\",\"f_more_font_spacing\":\"\",\"f_more_\":\"\",\"m6f_title_font_header\":\"\",\"m6f_title_font_title\":\"Article title\",\"m6f_title_font_settings\":\"\",\"m6f_title_font_family\":\"\",\"m6f_title_font_size\":\"\",\"m6f_title_font_line_height\":\"\",\"m6f_title_font_style\":\"\",\"m6f_title_font_weight\":\"\",\"m6f_title_font_transform\":\"\",\"m6f_title_font_spacing\":\"\",\"m6f_title_\":\"\",\"m6f_cat_font_title\":\"Article category tag\",\"m6f_cat_font_settings\":\"\",\"m6f_cat_font_family\":\"\",\"m6f_cat_font_size\":\"\",\"m6f_cat_font_line_height\":\"\",\"m6f_cat_font_style\":\"\",\"m6f_cat_font_weight\":\"\",\"m6f_cat_font_transform\":\"\",\"m6f_cat_font_spacing\":\"\",\"m6f_cat_\":\"\",\"m6f_meta_font_title\":\"Article meta info\",\"m6f_meta_font_settings\":\"\",\"m6f_meta_font_family\":\"\",\"m6f_meta_font_size\":\"\",\"m6f_meta_font_line_height\":\"\",\"m6f_meta_font_style\":\"\",\"m6f_meta_font_weight\":\"\",\"m6f_meta_font_transform\":\"\",\"m6f_meta_font_spacing\":\"\",\"m6f_meta_\":\"\",\"ajax_pagination\":\"\",\"ajax_pagination_infinite_stop\":\"\",\"css\":\"\",\"td_column_number\":1,\"header_color\":\"\",\"color_preset\":\"\",\"border_top\":\"\",\"class\":\"td_uid_79_69f12975c52f2_rand\",\"tdc_css_class\":\"td_uid_79_69f12975c52f2_rand\",\"tdc_css_class_style\":\"td_uid_79_69f12975c52f2_rand_style\"}';\nblock_td_uid_79_69f12975c52f2.td_column_number = \"1\";\nblock_td_uid_79_69f12975c52f2.block_type = \"td_block_7\";\nblock_td_uid_79_69f12975c52f2.post_count = \"4\";\nblock_td_uid_79_69f12975c52f2.found_posts = \"328\";\nblock_td_uid_79_69f12975c52f2.header_color = \"\";\nblock_td_uid_79_69f12975c52f2.ajax_pagination_infinite_stop = \"\";\nblock_td_uid_79_69f12975c52f2.max_num_pages = \"82\";\ntdBlocksArray.push(block_td_uid_79_69f12975c52f2);\n<\/script><div class=\"td-block-title-wrap\"><\/div><div id=td_uid_79_69f12975c52f2 class=\"td_block_inner\">\n\n\t<div class=\"td-block-span12\">\n\r\n        <div class=\"td_module_6 td_module_wrap td-animation-stack\">\r\n\r\n        <div class=\"td-module-thumb\"><a href=\"https:\/\/www.africa-press.net\/congo-brazzaville\/politique\/candidature-de-sassou-nguesso-au-6eme-congres-pct\" rel=\"bookmark\" class=\"td-image-wrap\" title=\"Candidature de Sassou N&rsquo;Guesso au 6\u00e8me congr\u00e8s PCT\"><img loading=\"lazy\" decoding=\"async\" class=\"entry-thumb\" src=\"data:image\/png;base64,iVBORw0KGgoAAAANSUhEUgAAAGQAAABGAQMAAAAASKMqAAAAA1BMVEWurq51dlI4AAAAAXRSTlMmkutdmwAAABBJREFUKM9jGAWjYBQMKwAAA9QAAQWBn6cAAAAASUVORK5CYII=\" alt=\"Candidature de Sassou N&#039;Guesso au 6\u00e8me congr\u00e8s PCT\" title=\"Candidature de Sassou N&rsquo;Guesso au 6\u00e8me congr\u00e8s PCT\" data-type=\"image_tag\" data-img-url=\"https:\/\/static.africa-press.net\/congo-brazzaville\/sites\/51\/2025\/12\/sm_1767043659.050412-100x70.jpg\"  width=\"100\" height=\"70\" \/><\/a><\/div>\r\n        <div class=\"item-details\">\r\n            <h3 class=\"entry-title td-module-title\"><a href=\"https:\/\/www.africa-press.net\/congo-brazzaville\/politique\/candidature-de-sassou-nguesso-au-6eme-congres-pct\" rel=\"bookmark\" title=\"Candidature de Sassou N&rsquo;Guesso au 6\u00e8me congr\u00e8s PCT\">Candidature de Sassou N&rsquo;Guesso au 6\u00e8me congr\u00e8s PCT<\/a><\/h3>            <div class=\"td-module-meta-info\">\r\n                                                <span class=\"td-post-date\"><time class=\"entry-date updated td-module-date\" datetime=\"2025-12-29T20:55:39+00:00\" >2025-12-29<\/time><\/span>                            <\/div>\r\n        <\/div>\r\n\r\n        <\/div>\r\n\r\n        \n\t<\/div> <!-- .\/td-block-span12 -->\n\n\t<div class=\"td-block-span12\">\n\r\n        <div class=\"td_module_6 td_module_wrap td-animation-stack\">\r\n\r\n        <div class=\"td-module-thumb\"><a href=\"https:\/\/www.africa-press.net\/congo-brazzaville\/dossiers\/coups-detat-en-afrique-de-louest-et-democratie-variable\" rel=\"bookmark\" class=\"td-image-wrap\" title=\"Coups D&rsquo;\u00c9tat En Afrique De L&rsquo;Ouest Et D\u00e9mocratie Variable\"><img loading=\"lazy\" decoding=\"async\" class=\"entry-thumb\" src=\"data:image\/png;base64,iVBORw0KGgoAAAANSUhEUgAAAGQAAABGAQMAAAAASKMqAAAAA1BMVEWurq51dlI4AAAAAXRSTlMmkutdmwAAABBJREFUKM9jGAWjYBQMKwAAA9QAAQWBn6cAAAAASUVORK5CYII=\" alt=\"Coups D&#039;\u00c9tat En Afrique De L&#039;Ouest Et D\u00e9mocratie Variable\" title=\"Coups D&rsquo;\u00c9tat En Afrique De L&rsquo;Ouest Et D\u00e9mocratie Variable\" data-type=\"image_tag\" data-img-url=\"https:\/\/static.africa-press.net\/congo-brazzaville\/sites\/51\/2025\/12\/sm_1765843111.43986-100x70.jpg\"  width=\"100\" height=\"70\" \/><\/a><\/div>\r\n        <div class=\"item-details\">\r\n            <h3 class=\"entry-title td-module-title\"><a href=\"https:\/\/www.africa-press.net\/congo-brazzaville\/dossiers\/coups-detat-en-afrique-de-louest-et-democratie-variable\" rel=\"bookmark\" title=\"Coups D&rsquo;\u00c9tat En Afrique De L&rsquo;Ouest Et D\u00e9mocratie Variable\">Coups D&rsquo;\u00c9tat En Afrique De L&rsquo;Ouest Et D\u00e9mocratie Variable<\/a><\/h3>            <div class=\"td-module-meta-info\">\r\n                                                <span class=\"td-post-date\"><time class=\"entry-date updated td-module-date\" datetime=\"2025-12-15T23:36:06+00:00\" >2025-12-15<\/time><\/span>                            <\/div>\r\n        <\/div>\r\n\r\n        <\/div>\r\n\r\n        \n\t<\/div> <!-- .\/td-block-span12 -->\n\n\t<div class=\"td-block-span12\">\n\r\n        <div class=\"td_module_6 td_module_wrap td-animation-stack\">\r\n\r\n        <div class=\"td-module-thumb\"><a href=\"https:\/\/www.africa-press.net\/congo-brazzaville\/dossiers\/dictatures-ouest-africaines-et-leur-mediocrite\" rel=\"bookmark\" class=\"td-image-wrap\" title=\"Dictatures Ouest-Africaines Et Leur M\u00e9diocrit\u00e9\"><img loading=\"lazy\" decoding=\"async\" class=\"entry-thumb\" src=\"data:image\/png;base64,iVBORw0KGgoAAAANSUhEUgAAAGQAAABGAQMAAAAASKMqAAAAA1BMVEWurq51dlI4AAAAAXRSTlMmkutdmwAAABBJREFUKM9jGAWjYBQMKwAAA9QAAQWBn6cAAAAASUVORK5CYII=\" alt=\"Dictatures Ouest-Africaines Et Leur M\u00e9diocrit\u00e9\" title=\"Dictatures Ouest-Africaines Et Leur M\u00e9diocrit\u00e9\" data-type=\"image_tag\" data-img-url=\"https:\/\/static.africa-press.net\/congo-brazzaville\/sites\/51\/2025\/11\/sm_1762643195.45254-100x70.jpg\"  width=\"100\" height=\"70\" \/><\/a><\/div>\r\n        <div class=\"item-details\">\r\n            <h3 class=\"entry-title td-module-title\"><a href=\"https:\/\/www.africa-press.net\/congo-brazzaville\/dossiers\/dictatures-ouest-africaines-et-leur-mediocrite\" rel=\"bookmark\" title=\"Dictatures Ouest-Africaines Et Leur M\u00e9diocrit\u00e9\">Dictatures Ouest-Africaines Et Leur M\u00e9diocrit\u00e9<\/a><\/h3>            <div class=\"td-module-meta-info\">\r\n                                                <span class=\"td-post-date\"><time class=\"entry-date updated td-module-date\" datetime=\"2025-11-08T22:48:32+00:00\" >2025-11-08<\/time><\/span>                            <\/div>\r\n        <\/div>\r\n\r\n        <\/div>\r\n\r\n        \n\t<\/div> <!-- .\/td-block-span12 -->\n\n\t<div class=\"td-block-span12\">\n\r\n        <div class=\"td_module_6 td_module_wrap td-animation-stack\">\r\n\r\n        <div class=\"td-module-thumb\"><a href=\"https:\/\/www.africa-press.net\/congo-brazzaville\/politique\/competition-entre-legypte-et-le-congo-pour-la-presidence-de-lunesco\" rel=\"bookmark\" class=\"td-image-wrap\" title=\"Comp\u00e9tition entre L&rsquo;\u00c9gypte et le Congo pour la Pr\u00e9sidence de L&rsquo;Unesco\"><img loading=\"lazy\" decoding=\"async\" class=\"entry-thumb\" src=\"data:image\/png;base64,iVBORw0KGgoAAAANSUhEUgAAAGQAAABGAQMAAAAASKMqAAAAA1BMVEWurq51dlI4AAAAAXRSTlMmkutdmwAAABBJREFUKM9jGAWjYBQMKwAAA9QAAQWBn6cAAAAASUVORK5CYII=\" alt=\"Comp\u00e9tition entre L&#039;\u00c9gypte et le Congo pour la Pr\u00e9sidence de L&#039;Unesco\" title=\"Comp\u00e9tition entre L&rsquo;\u00c9gypte et le Congo pour la Pr\u00e9sidence de L&rsquo;Unesco\" data-type=\"image_tag\" data-img-url=\"https:\/\/static.africa-press.net\/congo-brazzaville\/sites\/51\/2025\/11\/sm_1761999699.861038-100x70.jpg\"  width=\"100\" height=\"70\" \/><\/a><\/div>\r\n        <div class=\"item-details\">\r\n            <h3 class=\"entry-title td-module-title\"><a href=\"https:\/\/www.africa-press.net\/congo-brazzaville\/politique\/competition-entre-legypte-et-le-congo-pour-la-presidence-de-lunesco\" rel=\"bookmark\" title=\"Comp\u00e9tition entre L&rsquo;\u00c9gypte et le Congo pour la Pr\u00e9sidence de L&rsquo;Unesco\">Comp\u00e9tition entre L&rsquo;\u00c9gypte et le Congo pour la Pr\u00e9sidence de L&rsquo;Unesco<\/a><\/h3>            <div class=\"td-module-meta-info\">\r\n                                                <span class=\"td-post-date\"><time class=\"entry-date updated td-module-date\" datetime=\"2025-11-01T11:44:28+00:00\" >2025-11-01<\/time><\/span>                            <\/div>\r\n        <\/div>\r\n\r\n        <\/div>\r\n\r\n        \n\t<\/div> <!-- .\/td-block-span12 --><\/div><\/div> <!-- .\/block --><\/div><\/div><\/div><\/div><div class=\"tdm_block td_block_wrap tdm_block_button td_uid_80_69f12975ca323_rand tdm-block-button-inline tdm-content-horiz-right td-pb-border-top main-box-btn-green-en td_block_template_1\"  data-td-block-uid=\"td_uid_80_69f12975ca323\"     >\n<style>\n.td_uid_81_69f12975ca983 i:first-child {\r\n\t\t\t\t\tmargin-right: 14px;\r\n\t\t\t\t}\n<\/style><div class=\"tds-button td-fix-index\"><a \r\n                href=\"\/congo-brazzaville\/Dossiers\" \r\n                class=\"tds-button1 tdm-btn tdm-btn-sm td_uid_81_69f12975ca983\"  target=\"_blank\" ><i class=\"tdc-font-fa tdc-font-fa-arrow-right\"><\/i><span class=\"tdm-btn-text\">Plus de Nouvelles<\/span><\/a><\/div><\/div><div class=\"wpb_wrapper td_block_wrap vc_raw_html td_uid_82_69f12975cada6_rand \"><div class=\"td-fix-index\"><div class=\"td-block-title-wrap\"><h4 class=\"block-title\"><a href=\"\/congo-brazzaville\/Photos\" class=\"td-pulldown-size\">Photos<\/a><\/h4><\/div><\/div><\/div><div id=\"main-box\" class=\"vc_row_inner td_uid_83_69f12975cade9_rand  vc_row vc_inner wpb_row td-pb-row\" >\n<style scoped>\n\n\/* custom css *\/\n.td_uid_83_69f12975cade9_rand {\r\n                    position: relative !important;\r\n                    top: 0;\r\n                    transform: none;\r\n                    -webkit-transform: none;\r\n                }\n<\/style><div class=\"vc_column_inner td_uid_84_69f12975caef3_rand  wpb_column vc_column_container tdc-inner-column td-pb-span6\">\n<style scoped>\n\n\/* custom css *\/\n.td_uid_84_69f12975caef3_rand {\r\n                    vertical-align: baseline;\r\n                }\n<\/style><div class=\"vc_column-inner\"><div class=\"wpb_wrapper\"><div class=\"td_block_wrap td_block_18 td_uid_85_69f12975caff3_rand td_with_ajax_pagination td-pb-border-top td_block_template_1 td-column-1\"  data-td-block-uid=\"td_uid_85_69f12975caff3\" ><script>var block_td_uid_85_69f12975caff3 = new tdBlock();\nblock_td_uid_85_69f12975caff3.id = \"td_uid_85_69f12975caff3\";\nblock_td_uid_85_69f12975caff3.atts = '{\"category_id\":\"8\",\"limit\":\"3\",\"ajax_pagination\":\"next_prev\",\"separator\":\"\",\"custom_title\":\"\",\"custom_url\":\"\",\"block_template_id\":\"\",\"mx8_tl\":\"\",\"m10_tl\":\"\",\"m10_el\":\"\",\"mx2_tl\":\"\",\"post_ids\":\"\",\"category_ids\":\"\",\"tag_slug\":\"\",\"autors_id\":\"\",\"installed_post_types\":\"\",\"sort\":\"\",\"offset\":\"\",\"show_modified_date\":\"\",\"el_class\":\"\",\"td_ajax_filter_type\":\"\",\"td_ajax_filter_ids\":\"\",\"td_filter_default_txt\":\"All\",\"td_ajax_preloading\":\"\",\"f_header_font_header\":\"\",\"f_header_font_title\":\"Block header\",\"f_header_font_settings\":\"\",\"f_header_font_family\":\"\",\"f_header_font_size\":\"\",\"f_header_font_line_height\":\"\",\"f_header_font_style\":\"\",\"f_header_font_weight\":\"\",\"f_header_font_transform\":\"\",\"f_header_font_spacing\":\"\",\"f_header_\":\"\",\"f_ajax_font_title\":\"Ajax categories\",\"f_ajax_font_settings\":\"\",\"f_ajax_font_family\":\"\",\"f_ajax_font_size\":\"\",\"f_ajax_font_line_height\":\"\",\"f_ajax_font_style\":\"\",\"f_ajax_font_weight\":\"\",\"f_ajax_font_transform\":\"\",\"f_ajax_font_spacing\":\"\",\"f_ajax_\":\"\",\"f_more_font_title\":\"Load more button\",\"f_more_font_settings\":\"\",\"f_more_font_family\":\"\",\"f_more_font_size\":\"\",\"f_more_font_line_height\":\"\",\"f_more_font_style\":\"\",\"f_more_font_weight\":\"\",\"f_more_font_transform\":\"\",\"f_more_font_spacing\":\"\",\"f_more_\":\"\",\"mx8f_title_font_header\":\"\",\"mx8f_title_font_title\":\"Article title\",\"mx8f_title_font_settings\":\"\",\"mx8f_title_font_family\":\"\",\"mx8f_title_font_size\":\"\",\"mx8f_title_font_line_height\":\"\",\"mx8f_title_font_style\":\"\",\"mx8f_title_font_weight\":\"\",\"mx8f_title_font_transform\":\"\",\"mx8f_title_font_spacing\":\"\",\"mx8f_title_\":\"\",\"mx8f_cat_font_title\":\"Article category tag\",\"mx8f_cat_font_settings\":\"\",\"mx8f_cat_font_family\":\"\",\"mx8f_cat_font_size\":\"\",\"mx8f_cat_font_line_height\":\"\",\"mx8f_cat_font_style\":\"\",\"mx8f_cat_font_weight\":\"\",\"mx8f_cat_font_transform\":\"\",\"mx8f_cat_font_spacing\":\"\",\"mx8f_cat_\":\"\",\"mx8f_meta_font_title\":\"Article meta info\",\"mx8f_meta_font_settings\":\"\",\"mx8f_meta_font_family\":\"\",\"mx8f_meta_font_size\":\"\",\"mx8f_meta_font_line_height\":\"\",\"mx8f_meta_font_style\":\"\",\"mx8f_meta_font_weight\":\"\",\"mx8f_meta_font_transform\":\"\",\"mx8f_meta_font_spacing\":\"\",\"mx8f_meta_\":\"\",\"m10f_title_font_header\":\"\",\"m10f_title_font_title\":\"Article title\",\"m10f_title_font_settings\":\"\",\"m10f_title_font_family\":\"\",\"m10f_title_font_size\":\"\",\"m10f_title_font_line_height\":\"\",\"m10f_title_font_style\":\"\",\"m10f_title_font_weight\":\"\",\"m10f_title_font_transform\":\"\",\"m10f_title_font_spacing\":\"\",\"m10f_title_\":\"\",\"m10f_cat_font_title\":\"Article category tag\",\"m10f_cat_font_settings\":\"\",\"m10f_cat_font_family\":\"\",\"m10f_cat_font_size\":\"\",\"m10f_cat_font_line_height\":\"\",\"m10f_cat_font_style\":\"\",\"m10f_cat_font_weight\":\"\",\"m10f_cat_font_transform\":\"\",\"m10f_cat_font_spacing\":\"\",\"m10f_cat_\":\"\",\"m10f_meta_font_title\":\"Article meta info\",\"m10f_meta_font_settings\":\"\",\"m10f_meta_font_family\":\"\",\"m10f_meta_font_size\":\"\",\"m10f_meta_font_line_height\":\"\",\"m10f_meta_font_style\":\"\",\"m10f_meta_font_weight\":\"\",\"m10f_meta_font_transform\":\"\",\"m10f_meta_font_spacing\":\"\",\"m10f_meta_\":\"\",\"m10f_ex_font_title\":\"Article excerpt\",\"m10f_ex_font_settings\":\"\",\"m10f_ex_font_family\":\"\",\"m10f_ex_font_size\":\"\",\"m10f_ex_font_line_height\":\"\",\"m10f_ex_font_style\":\"\",\"m10f_ex_font_weight\":\"\",\"m10f_ex_font_transform\":\"\",\"m10f_ex_font_spacing\":\"\",\"m10f_ex_\":\"\",\"mx2f_title_font_header\":\"\",\"mx2f_title_font_title\":\"Article title\",\"mx2f_title_font_settings\":\"\",\"mx2f_title_font_family\":\"\",\"mx2f_title_font_size\":\"\",\"mx2f_title_font_line_height\":\"\",\"mx2f_title_font_style\":\"\",\"mx2f_title_font_weight\":\"\",\"mx2f_title_font_transform\":\"\",\"mx2f_title_font_spacing\":\"\",\"mx2f_title_\":\"\",\"mx2f_cat_font_title\":\"Article category tag\",\"mx2f_cat_font_settings\":\"\",\"mx2f_cat_font_family\":\"\",\"mx2f_cat_font_size\":\"\",\"mx2f_cat_font_line_height\":\"\",\"mx2f_cat_font_style\":\"\",\"mx2f_cat_font_weight\":\"\",\"mx2f_cat_font_transform\":\"\",\"mx2f_cat_font_spacing\":\"\",\"mx2f_cat_\":\"\",\"mx2f_meta_font_title\":\"Article meta info\",\"mx2f_meta_font_settings\":\"\",\"mx2f_meta_font_family\":\"\",\"mx2f_meta_font_size\":\"\",\"mx2f_meta_font_line_height\":\"\",\"mx2f_meta_font_style\":\"\",\"mx2f_meta_font_weight\":\"\",\"mx2f_meta_font_transform\":\"\",\"mx2f_meta_font_spacing\":\"\",\"mx2f_meta_\":\"\",\"ajax_pagination_infinite_stop\":\"\",\"css\":\"\",\"tdc_css\":\"\",\"td_column_number\":1,\"header_color\":\"\",\"color_preset\":\"\",\"border_top\":\"\",\"class\":\"td_uid_85_69f12975caff3_rand\",\"tdc_css_class\":\"td_uid_85_69f12975caff3_rand\",\"tdc_css_class_style\":\"td_uid_85_69f12975caff3_rand_style\"}';\nblock_td_uid_85_69f12975caff3.td_column_number = \"1\";\nblock_td_uid_85_69f12975caff3.block_type = \"td_block_18\";\nblock_td_uid_85_69f12975caff3.post_count = \"3\";\nblock_td_uid_85_69f12975caff3.found_posts = \"1831\";\nblock_td_uid_85_69f12975caff3.header_color = \"\";\nblock_td_uid_85_69f12975caff3.ajax_pagination_infinite_stop = \"\";\nblock_td_uid_85_69f12975caff3.max_num_pages = \"611\";\ntdBlocksArray.push(block_td_uid_85_69f12975caff3);\n<\/script><div class=\"td-block-title-wrap\"><\/div><div id=td_uid_85_69f12975caff3 class=\"td_block_inner td-column-1\">\r\n        <div class=\"td_module_mx8 td_module_wrap td-animation-stack\">\r\n            <div class=\"meta-info-container\">\r\n                <div class=\"td-module-thumb\"><a href=\"https:\/\/www.africa-press.net\/congo-brazzaville\/economie\/145-milliards-de-fcfa-pour-les-pme-congolaises-en-croiss\" rel=\"bookmark\" class=\"td-image-wrap\" title=\"14,5 Milliards de FCFA pour les PME Congolaises en Croiss\"><img loading=\"lazy\" decoding=\"async\" class=\"entry-thumb\" src=\"data:image\/png;base64,iVBORw0KGgoAAAANSUhEUgAAArgAAAGBAQMAAAC3k1CUAAAAA1BMVEWurq51dlI4AAAAAXRSTlMmkutdmwAAADdJREFUeNrtwTEBAAAAwiD7p7bETmAAAAAAAAAAAAAAAAAAAAAAAAAAAAAAAAAAAAAAAAAAAEDuhFgAARFpDB8AAAAASUVORK5CYII=\" alt=\"14,5 Milliards de FCFA pour les PME Congolaises en Croiss\" title=\"14,5 Milliards de FCFA pour les PME Congolaises en Croiss\" data-type=\"image_tag\" data-img-url=\"https:\/\/static.africa-press.net\/congo-brazzaville\/sites\/51\/2025\/11\/sm_1763046318.120455-696x385.jpg\"  width=\"696\" height=\"385\" \/><\/a><\/div>\r\n                <div class=\"td-module-meta-info\">\r\n                    <h3 class=\"entry-title td-module-title\"><a href=\"https:\/\/www.africa-press.net\/congo-brazzaville\/economie\/145-milliards-de-fcfa-pour-les-pme-congolaises-en-croiss\" rel=\"bookmark\" title=\"14,5 Milliards de FCFA pour les PME Congolaises en Croiss\">14,5 Milliards de FCFA pour les PME Congolaises en Croiss<\/a><\/h3>                                        <span class=\"td-author-date\">\r\n                                                <span class=\"td-post-date\"><time class=\"entry-date updated td-module-date\" datetime=\"2025-11-12T14:47:56+00:00\" >2025-11-12<\/time><\/span>                                            <\/span>\r\n                <\/div>\r\n            <\/div>\r\n\r\n        <\/div>\r\n\r\n        \r\n        <div class=\"td_module_mx2 td_module_wrap td-animation-stack\">\r\n\r\n            <div class=\"td-module-thumb\"><a href=\"https:\/\/www.africa-press.net\/congo-brazzaville\/politique\/senat-et-cslc-renforcent-leur-collaboration\" rel=\"bookmark\" class=\"td-image-wrap\" title=\"S\u00e9nat et CSLC renforcent leur collaboration\"><img loading=\"lazy\" decoding=\"async\" class=\"entry-thumb\" src=\"data:image\/png;base64,iVBORw0KGgoAAAANSUhEUgAAAFAAAAA8AQMAAADL6a\/PAAAAA1BMVEWurq51dlI4AAAAAXRSTlMmkutdmwAAAA5JREFUKM9jGAWjYJABAAKUAAHoEAeuAAAAAElFTkSuQmCC\" alt=\"S\u00e9nat et CSLC renforcent leur collaboration\" title=\"S\u00e9nat et CSLC renforcent leur collaboration\" data-type=\"image_tag\" data-img-url=\"https:\/\/static.africa-press.net\/congo-brazzaville\/sites\/51\/2025\/11\/sm_1762387597.74329-80x60.jpg\"  width=\"80\" height=\"60\" \/><\/a><\/div>\r\n            <div class=\"item-details\">\r\n                <h3 class=\"entry-title td-module-title\"><a href=\"https:\/\/www.africa-press.net\/congo-brazzaville\/politique\/senat-et-cslc-renforcent-leur-collaboration\" rel=\"bookmark\" title=\"S\u00e9nat et CSLC renforcent leur collaboration\">S\u00e9nat et CSLC renforcent leur collaboration<\/a><\/h3>                <div class=\"td-module-meta-info\">\r\n                                                            <span class=\"td-post-date\"><time class=\"entry-date updated td-module-date\" datetime=\"2025-11-05T23:41:32+00:00\" >2025-11-05<\/time><\/span>                                    <\/div>\r\n            <\/div>\r\n\r\n        <\/div>\r\n\r\n        \r\n        <div class=\"td_module_mx2 td_module_wrap td-animation-stack\">\r\n\r\n            <div class=\"td-module-thumb\"><a href=\"https:\/\/www.africa-press.net\/congo-brazzaville\/economie\/gozem-lance-ses-activites-de-transport-a-brazzaville\" rel=\"bookmark\" class=\"td-image-wrap\" title=\"Gozem Lance Ses Activit\u00e9s de Transport \u00e0 Brazzaville\"><img loading=\"lazy\" decoding=\"async\" class=\"entry-thumb\" src=\"data:image\/png;base64,iVBORw0KGgoAAAANSUhEUgAAAFAAAAA8AQMAAADL6a\/PAAAAA1BMVEWurq51dlI4AAAAAXRSTlMmkutdmwAAAA5JREFUKM9jGAWjYJABAAKUAAHoEAeuAAAAAElFTkSuQmCC\" alt=\"Gozem Lance Ses Activit\u00e9s de Transport \u00e0 Brazzaville\" title=\"Gozem Lance Ses Activit\u00e9s de Transport \u00e0 Brazzaville\" data-type=\"image_tag\" data-img-url=\"https:\/\/static.africa-press.net\/congo-brazzaville\/sites\/51\/2025\/11\/sm_1762387551.136775-80x60.jpg\"  width=\"80\" height=\"60\" \/><\/a><\/div>\r\n            <div class=\"item-details\">\r\n                <h3 class=\"entry-title td-module-title\"><a href=\"https:\/\/www.africa-press.net\/congo-brazzaville\/economie\/gozem-lance-ses-activites-de-transport-a-brazzaville\" rel=\"bookmark\" title=\"Gozem Lance Ses Activit\u00e9s de Transport \u00e0 Brazzaville\">Gozem Lance Ses Activit\u00e9s de Transport \u00e0 Brazzaville<\/a><\/h3>                <div class=\"td-module-meta-info\">\r\n                                                            <span class=\"td-post-date\"><time class=\"entry-date updated td-module-date\" datetime=\"2025-11-05T23:40:57+00:00\" >2025-11-05<\/time><\/span>                                    <\/div>\r\n            <\/div>\r\n\r\n        <\/div>\r\n\r\n        <\/div><div class=\"td-next-prev-wrap\"><a href=\"#\" class=\"td-ajax-prev-page ajax-page-disabled\" id=\"prev-page-td_uid_85_69f12975caff3\" data-td_block_id=\"td_uid_85_69f12975caff3\"><i class=\"td-icon-font td-icon-menu-left\"><\/i><\/a><a href=\"#\"  class=\"td-ajax-next-page\" id=\"next-page-td_uid_85_69f12975caff3\" data-td_block_id=\"td_uid_85_69f12975caff3\"><i class=\"td-icon-font td-icon-menu-right\"><\/i><\/a><\/div><\/div> <!-- .\/block --><\/div><\/div><\/div><div class=\"vc_column_inner td_uid_86_69f12975d6172_rand  wpb_column vc_column_container tdc-inner-column td-pb-span6\">\n<style scoped>\n\n\/* custom css *\/\n.td_uid_86_69f12975d6172_rand {\r\n                    vertical-align: baseline;\r\n                }\n<\/style><div class=\"vc_column-inner\"><div class=\"wpb_wrapper\"><div class=\"td_block_wrap td_block_7 td_uid_87_69f12975d62c6_rand td-pb-border-top td_block_template_1 td-column-1 td_block_padding\"  data-td-block-uid=\"td_uid_87_69f12975d62c6\" >\n<style>\n\n\/* inline tdc_css att *\/\n\n\/* phone *\/\n@media (max-width: 767px)\n{\n.td_uid_87_69f12975d62c6_rand{\ndisplay:none !important;\n}\n}\n\n<\/style><script>var block_td_uid_87_69f12975d62c6 = new tdBlock();\nblock_td_uid_87_69f12975d62c6.id = \"td_uid_87_69f12975d62c6\";\nblock_td_uid_87_69f12975d62c6.atts = '{\"category_id\":\"8\",\"limit\":\"4\",\"offset\":\"3\",\"tdc_css\":\"eyJwaG9uZSI6eyJkaXNwbGF5Ijoibm9uZSJ9LCJwaG9uZV9tYXhfd2lkdGgiOjc2N30=\",\"separator\":\"\",\"custom_title\":\"\",\"custom_url\":\"\",\"block_template_id\":\"\",\"m6_tl\":\"\",\"post_ids\":\"\",\"category_ids\":\"\",\"tag_slug\":\"\",\"autors_id\":\"\",\"installed_post_types\":\"\",\"sort\":\"\",\"show_modified_date\":\"\",\"el_class\":\"\",\"td_ajax_filter_type\":\"\",\"td_ajax_filter_ids\":\"\",\"td_filter_default_txt\":\"All\",\"td_ajax_preloading\":\"\",\"f_header_font_header\":\"\",\"f_header_font_title\":\"Block header\",\"f_header_font_settings\":\"\",\"f_header_font_family\":\"\",\"f_header_font_size\":\"\",\"f_header_font_line_height\":\"\",\"f_header_font_style\":\"\",\"f_header_font_weight\":\"\",\"f_header_font_transform\":\"\",\"f_header_font_spacing\":\"\",\"f_header_\":\"\",\"f_ajax_font_title\":\"Ajax categories\",\"f_ajax_font_settings\":\"\",\"f_ajax_font_family\":\"\",\"f_ajax_font_size\":\"\",\"f_ajax_font_line_height\":\"\",\"f_ajax_font_style\":\"\",\"f_ajax_font_weight\":\"\",\"f_ajax_font_transform\":\"\",\"f_ajax_font_spacing\":\"\",\"f_ajax_\":\"\",\"f_more_font_title\":\"Load more button\",\"f_more_font_settings\":\"\",\"f_more_font_family\":\"\",\"f_more_font_size\":\"\",\"f_more_font_line_height\":\"\",\"f_more_font_style\":\"\",\"f_more_font_weight\":\"\",\"f_more_font_transform\":\"\",\"f_more_font_spacing\":\"\",\"f_more_\":\"\",\"m6f_title_font_header\":\"\",\"m6f_title_font_title\":\"Article title\",\"m6f_title_font_settings\":\"\",\"m6f_title_font_family\":\"\",\"m6f_title_font_size\":\"\",\"m6f_title_font_line_height\":\"\",\"m6f_title_font_style\":\"\",\"m6f_title_font_weight\":\"\",\"m6f_title_font_transform\":\"\",\"m6f_title_font_spacing\":\"\",\"m6f_title_\":\"\",\"m6f_cat_font_title\":\"Article category tag\",\"m6f_cat_font_settings\":\"\",\"m6f_cat_font_family\":\"\",\"m6f_cat_font_size\":\"\",\"m6f_cat_font_line_height\":\"\",\"m6f_cat_font_style\":\"\",\"m6f_cat_font_weight\":\"\",\"m6f_cat_font_transform\":\"\",\"m6f_cat_font_spacing\":\"\",\"m6f_cat_\":\"\",\"m6f_meta_font_title\":\"Article meta info\",\"m6f_meta_font_settings\":\"\",\"m6f_meta_font_family\":\"\",\"m6f_meta_font_size\":\"\",\"m6f_meta_font_line_height\":\"\",\"m6f_meta_font_style\":\"\",\"m6f_meta_font_weight\":\"\",\"m6f_meta_font_transform\":\"\",\"m6f_meta_font_spacing\":\"\",\"m6f_meta_\":\"\",\"ajax_pagination\":\"\",\"ajax_pagination_infinite_stop\":\"\",\"css\":\"\",\"td_column_number\":1,\"header_color\":\"\",\"color_preset\":\"\",\"border_top\":\"\",\"class\":\"td_uid_87_69f12975d62c6_rand\",\"tdc_css_class\":\"td_uid_87_69f12975d62c6_rand\",\"tdc_css_class_style\":\"td_uid_87_69f12975d62c6_rand_style\"}';\nblock_td_uid_87_69f12975d62c6.td_column_number = \"1\";\nblock_td_uid_87_69f12975d62c6.block_type = \"td_block_7\";\nblock_td_uid_87_69f12975d62c6.post_count = \"4\";\nblock_td_uid_87_69f12975d62c6.found_posts = \"1831\";\nblock_td_uid_87_69f12975d62c6.header_color = \"\";\nblock_td_uid_87_69f12975d62c6.ajax_pagination_infinite_stop = \"\";\nblock_td_uid_87_69f12975d62c6.max_num_pages = \"457\";\ntdBlocksArray.push(block_td_uid_87_69f12975d62c6);\n<\/script><div class=\"td-block-title-wrap\"><\/div><div id=td_uid_87_69f12975d62c6 class=\"td_block_inner\">\n\n\t<div class=\"td-block-span12\">\n\r\n        <div class=\"td_module_6 td_module_wrap td-animation-stack\">\r\n\r\n        <div class=\"td-module-thumb\"><a href=\"https:\/\/www.africa-press.net\/congo-brazzaville\/photo\/bacongo-et-makelekele-auront-leur-complexe-scolaire\" rel=\"bookmark\" class=\"td-image-wrap\" title=\"Bacongo et Mak\u00e9l\u00e9k\u00e9l\u00e9 Auront leur Complexe Scolaire\"><img loading=\"lazy\" decoding=\"async\" class=\"entry-thumb\" src=\"data:image\/png;base64,iVBORw0KGgoAAAANSUhEUgAAAGQAAABGAQMAAAAASKMqAAAAA1BMVEWurq51dlI4AAAAAXRSTlMmkutdmwAAABBJREFUKM9jGAWjYBQMKwAAA9QAAQWBn6cAAAAASUVORK5CYII=\" alt=\"Bacongo et Mak\u00e9l\u00e9k\u00e9l\u00e9 Auront leur Complexe Scolaire\" title=\"Bacongo et Mak\u00e9l\u00e9k\u00e9l\u00e9 Auront leur Complexe Scolaire\" data-type=\"image_tag\" data-img-url=\"https:\/\/static.africa-press.net\/congo-brazzaville\/sites\/51\/2025\/10\/sm_1761401346.02103-100x70.jpg\"  width=\"100\" height=\"70\" \/><\/a><\/div>\r\n        <div class=\"item-details\">\r\n            <h3 class=\"entry-title td-module-title\"><a href=\"https:\/\/www.africa-press.net\/congo-brazzaville\/photo\/bacongo-et-makelekele-auront-leur-complexe-scolaire\" rel=\"bookmark\" title=\"Bacongo et Mak\u00e9l\u00e9k\u00e9l\u00e9 Auront leur Complexe Scolaire\">Bacongo et Mak\u00e9l\u00e9k\u00e9l\u00e9 Auront leur Complexe Scolaire<\/a><\/h3>            <div class=\"td-module-meta-info\">\r\n                                                <span class=\"td-post-date\"><time class=\"entry-date updated td-module-date\" datetime=\"2025-10-25T17:11:05+00:00\" >2025-10-25<\/time><\/span>                            <\/div>\r\n        <\/div>\r\n\r\n        <\/div>\r\n\r\n        \n\t<\/div> <!-- .\/td-block-span12 -->\n\n\t<div class=\"td-block-span12\">\n\r\n        <div class=\"td_module_6 td_module_wrap td-animation-stack\">\r\n\r\n        <div class=\"td-module-thumb\"><a href=\"https:\/\/www.africa-press.net\/congo-brazzaville\/photo\/kindamba-des-kits-scolaires-pour-les-eleves\" rel=\"bookmark\" class=\"td-image-wrap\" title=\"Kindamba: des Kits Scolaires pour les E\u0301le\u0300ves\"><img loading=\"lazy\" decoding=\"async\" class=\"entry-thumb\" src=\"data:image\/png;base64,iVBORw0KGgoAAAANSUhEUgAAAGQAAABGAQMAAAAASKMqAAAAA1BMVEWurq51dlI4AAAAAXRSTlMmkutdmwAAABBJREFUKM9jGAWjYBQMKwAAA9QAAQWBn6cAAAAASUVORK5CYII=\" alt=\"Kindamba: des Kits Scolaires pour les E\u0301le\u0300ves\" title=\"Kindamba: des Kits Scolaires pour les E\u0301le\u0300ves\" data-type=\"image_tag\" data-img-url=\"https:\/\/static.africa-press.net\/congo-brazzaville\/sites\/51\/2025\/10\/sm_1761401319.140508-100x70.jpg\"  width=\"100\" height=\"70\" \/><\/a><\/div>\r\n        <div class=\"item-details\">\r\n            <h3 class=\"entry-title td-module-title\"><a href=\"https:\/\/www.africa-press.net\/congo-brazzaville\/photo\/kindamba-des-kits-scolaires-pour-les-eleves\" rel=\"bookmark\" title=\"Kindamba: des Kits Scolaires pour les E\u0301le\u0300ves\">Kindamba: des Kits Scolaires pour les E\u0301le\u0300ves<\/a><\/h3>            <div class=\"td-module-meta-info\">\r\n                                                <span class=\"td-post-date\"><time class=\"entry-date updated td-module-date\" datetime=\"2025-10-25T17:10:47+00:00\" >2025-10-25<\/time><\/span>                            <\/div>\r\n        <\/div>\r\n\r\n        <\/div>\r\n\r\n        \n\t<\/div> <!-- .\/td-block-span12 -->\n\n\t<div class=\"td-block-span12\">\n\r\n        <div class=\"td_module_6 td_module_wrap td-animation-stack\">\r\n\r\n        <div class=\"td-module-thumb\"><a href=\"https:\/\/www.africa-press.net\/congo-brazzaville\/photo\/willy-gom-presente-mains-invisibles-en-dedicace\" rel=\"bookmark\" class=\"td-image-wrap\" title=\"Willy Gom Pr\u00e9sente \u00ab\u00a0Mains Invisibles\u00a0\u00bb en D\u00e9dicace\"><img loading=\"lazy\" decoding=\"async\" class=\"entry-thumb\" src=\"data:image\/png;base64,iVBORw0KGgoAAAANSUhEUgAAAGQAAABGAQMAAAAASKMqAAAAA1BMVEWurq51dlI4AAAAAXRSTlMmkutdmwAAABBJREFUKM9jGAWjYBQMKwAAA9QAAQWBn6cAAAAASUVORK5CYII=\" alt=\"Willy Gom Pr\u00e9sente &quot;Mains Invisibles&quot; en D\u00e9dicace\" title=\"Willy Gom Pr\u00e9sente \u00ab\u00a0Mains Invisibles\u00a0\u00bb en D\u00e9dicace\" data-type=\"image_tag\" data-img-url=\"https:\/\/static.africa-press.net\/congo-brazzaville\/sites\/51\/2025\/10\/sm_1761401300.735868-100x70.jpg\"  width=\"100\" height=\"70\" \/><\/a><\/div>\r\n        <div class=\"item-details\">\r\n            <h3 class=\"entry-title td-module-title\"><a href=\"https:\/\/www.africa-press.net\/congo-brazzaville\/photo\/willy-gom-presente-mains-invisibles-en-dedicace\" rel=\"bookmark\" title=\"Willy Gom Pr\u00e9sente \u00ab\u00a0Mains Invisibles\u00a0\u00bb en D\u00e9dicace\">Willy Gom Pr\u00e9sente \u00ab\u00a0Mains Invisibles\u00a0\u00bb en D\u00e9dicace<\/a><\/h3>            <div class=\"td-module-meta-info\">\r\n                                                <span class=\"td-post-date\"><time class=\"entry-date updated td-module-date\" datetime=\"2025-10-25T17:10:28+00:00\" >2025-10-25<\/time><\/span>                            <\/div>\r\n        <\/div>\r\n\r\n        <\/div>\r\n\r\n        \n\t<\/div> <!-- .\/td-block-span12 -->\n\n\t<div class=\"td-block-span12\">\n\r\n        <div class=\"td_module_6 td_module_wrap td-animation-stack\">\r\n\r\n        <div class=\"td-module-thumb\"><a href=\"https:\/\/www.africa-press.net\/congo-brazzaville\/photo\/infrastructures-sassou-nguesso-inaugure-complexe-scolaire\" rel=\"bookmark\" class=\"td-image-wrap\" title=\"Infrastructures: Sassou N\u2019Guesso Inaugure Complexe Scolaire\"><img loading=\"lazy\" decoding=\"async\" class=\"entry-thumb\" src=\"data:image\/png;base64,iVBORw0KGgoAAAANSUhEUgAAAGQAAABGAQMAAAAASKMqAAAAA1BMVEWurq51dlI4AAAAAXRSTlMmkutdmwAAABBJREFUKM9jGAWjYBQMKwAAA9QAAQWBn6cAAAAASUVORK5CYII=\" alt=\"Infrastructures: Sassou N\u2019Guesso Inaugure Complexe Scolaire\" title=\"Infrastructures: Sassou N\u2019Guesso Inaugure Complexe Scolaire\" data-type=\"image_tag\" data-img-url=\"https:\/\/static.africa-press.net\/congo-brazzaville\/sites\/51\/2025\/10\/sm_1761401270.935008-100x70.jpg\"  width=\"100\" height=\"70\" \/><\/a><\/div>\r\n        <div class=\"item-details\">\r\n            <h3 class=\"entry-title td-module-title\"><a href=\"https:\/\/www.africa-press.net\/congo-brazzaville\/photo\/infrastructures-sassou-nguesso-inaugure-complexe-scolaire\" rel=\"bookmark\" title=\"Infrastructures: Sassou N\u2019Guesso Inaugure Complexe Scolaire\">Infrastructures: Sassou N\u2019Guesso Inaugure Complexe Scolaire<\/a><\/h3>            <div class=\"td-module-meta-info\">\r\n                                                <span class=\"td-post-date\"><time class=\"entry-date updated td-module-date\" datetime=\"2025-10-25T17:07:06+00:00\" >2025-10-25<\/time><\/span>                            <\/div>\r\n        <\/div>\r\n\r\n        <\/div>\r\n\r\n        \n\t<\/div> <!-- .\/td-block-span12 --><\/div><\/div> <!-- .\/block --><\/div><\/div><\/div><\/div><div class=\"tdm_block td_block_wrap tdm_block_button td_uid_88_69f12975e1072_rand tdm-block-button-inline tdm-content-horiz-right td-pb-border-top main-box-btn-green-en td_block_template_1\"  data-td-block-uid=\"td_uid_88_69f12975e1072\"     >\n<style>\n.td_uid_89_69f12975e17fb i:first-child {\r\n\t\t\t\t\tmargin-right: 14px;\r\n\t\t\t\t}\n<\/style><div class=\"tds-button td-fix-index\"><a \r\n                href=\"\/congo-brazzaville\/Photos\" \r\n                class=\"tds-button1 tdm-btn tdm-btn-sm td_uid_89_69f12975e17fb\"  target=\"_blank\" ><i class=\"tdc-font-fa tdc-font-fa-arrow-right\"><\/i><span class=\"tdm-btn-text\">Plus de Nouvelles<\/span><\/a><\/div><\/div><div class=\"wpb_wrapper td_block_wrap vc_raw_html td_uid_90_69f12975e1cf1_rand \"><div class=\"td-fix-index\"><div class=\"td-block-title-wrap\"><h4 class=\"block-title\"><a href=\"\/congo-brazzaville\/video\" class=\"td-pulldown-size\">Vid\u00e9o<\/a><\/h4><\/div><\/div><\/div><div id=\"main-box\" class=\"vc_row_inner td_uid_91_69f12975e1d47_rand  vc_row vc_inner wpb_row td-pb-row\" >\n<style scoped>\n\n\/* custom css *\/\n.td_uid_91_69f12975e1d47_rand {\r\n                    position: relative !important;\r\n                    top: 0;\r\n                    transform: none;\r\n                    -webkit-transform: none;\r\n                }\n<\/style><div class=\"vc_column_inner td_uid_92_69f12975e1e9b_rand  wpb_column vc_column_container tdc-inner-column td-pb-span6\">\n<style scoped>\n\n\/* custom css *\/\n.td_uid_92_69f12975e1e9b_rand {\r\n                    vertical-align: baseline;\r\n                }\n<\/style><div class=\"vc_column-inner\"><div class=\"wpb_wrapper\"><div class=\"td_block_wrap td_block_18 td_uid_93_69f12975e1fe3_rand td_with_ajax_pagination td-pb-border-top td_block_template_1 td-column-1\"  data-td-block-uid=\"td_uid_93_69f12975e1fe3\" ><script>var block_td_uid_93_69f12975e1fe3 = new tdBlock();\nblock_td_uid_93_69f12975e1fe3.id = \"td_uid_93_69f12975e1fe3\";\nblock_td_uid_93_69f12975e1fe3.atts = '{\"category_id\":\"9\",\"limit\":\"3\",\"ajax_pagination\":\"next_prev\",\"separator\":\"\",\"custom_title\":\"\",\"custom_url\":\"\",\"block_template_id\":\"\",\"mx8_tl\":\"\",\"m10_tl\":\"\",\"m10_el\":\"\",\"mx2_tl\":\"\",\"post_ids\":\"\",\"category_ids\":\"\",\"tag_slug\":\"\",\"autors_id\":\"\",\"installed_post_types\":\"\",\"sort\":\"\",\"offset\":\"\",\"show_modified_date\":\"\",\"el_class\":\"\",\"td_ajax_filter_type\":\"\",\"td_ajax_filter_ids\":\"\",\"td_filter_default_txt\":\"All\",\"td_ajax_preloading\":\"\",\"f_header_font_header\":\"\",\"f_header_font_title\":\"Block header\",\"f_header_font_settings\":\"\",\"f_header_font_family\":\"\",\"f_header_font_size\":\"\",\"f_header_font_line_height\":\"\",\"f_header_font_style\":\"\",\"f_header_font_weight\":\"\",\"f_header_font_transform\":\"\",\"f_header_font_spacing\":\"\",\"f_header_\":\"\",\"f_ajax_font_title\":\"Ajax categories\",\"f_ajax_font_settings\":\"\",\"f_ajax_font_family\":\"\",\"f_ajax_font_size\":\"\",\"f_ajax_font_line_height\":\"\",\"f_ajax_font_style\":\"\",\"f_ajax_font_weight\":\"\",\"f_ajax_font_transform\":\"\",\"f_ajax_font_spacing\":\"\",\"f_ajax_\":\"\",\"f_more_font_title\":\"Load more button\",\"f_more_font_settings\":\"\",\"f_more_font_family\":\"\",\"f_more_font_size\":\"\",\"f_more_font_line_height\":\"\",\"f_more_font_style\":\"\",\"f_more_font_weight\":\"\",\"f_more_font_transform\":\"\",\"f_more_font_spacing\":\"\",\"f_more_\":\"\",\"mx8f_title_font_header\":\"\",\"mx8f_title_font_title\":\"Article title\",\"mx8f_title_font_settings\":\"\",\"mx8f_title_font_family\":\"\",\"mx8f_title_font_size\":\"\",\"mx8f_title_font_line_height\":\"\",\"mx8f_title_font_style\":\"\",\"mx8f_title_font_weight\":\"\",\"mx8f_title_font_transform\":\"\",\"mx8f_title_font_spacing\":\"\",\"mx8f_title_\":\"\",\"mx8f_cat_font_title\":\"Article category tag\",\"mx8f_cat_font_settings\":\"\",\"mx8f_cat_font_family\":\"\",\"mx8f_cat_font_size\":\"\",\"mx8f_cat_font_line_height\":\"\",\"mx8f_cat_font_style\":\"\",\"mx8f_cat_font_weight\":\"\",\"mx8f_cat_font_transform\":\"\",\"mx8f_cat_font_spacing\":\"\",\"mx8f_cat_\":\"\",\"mx8f_meta_font_title\":\"Article meta info\",\"mx8f_meta_font_settings\":\"\",\"mx8f_meta_font_family\":\"\",\"mx8f_meta_font_size\":\"\",\"mx8f_meta_font_line_height\":\"\",\"mx8f_meta_font_style\":\"\",\"mx8f_meta_font_weight\":\"\",\"mx8f_meta_font_transform\":\"\",\"mx8f_meta_font_spacing\":\"\",\"mx8f_meta_\":\"\",\"m10f_title_font_header\":\"\",\"m10f_title_font_title\":\"Article title\",\"m10f_title_font_settings\":\"\",\"m10f_title_font_family\":\"\",\"m10f_title_font_size\":\"\",\"m10f_title_font_line_height\":\"\",\"m10f_title_font_style\":\"\",\"m10f_title_font_weight\":\"\",\"m10f_title_font_transform\":\"\",\"m10f_title_font_spacing\":\"\",\"m10f_title_\":\"\",\"m10f_cat_font_title\":\"Article category tag\",\"m10f_cat_font_settings\":\"\",\"m10f_cat_font_family\":\"\",\"m10f_cat_font_size\":\"\",\"m10f_cat_font_line_height\":\"\",\"m10f_cat_font_style\":\"\",\"m10f_cat_font_weight\":\"\",\"m10f_cat_font_transform\":\"\",\"m10f_cat_font_spacing\":\"\",\"m10f_cat_\":\"\",\"m10f_meta_font_title\":\"Article meta info\",\"m10f_meta_font_settings\":\"\",\"m10f_meta_font_family\":\"\",\"m10f_meta_font_size\":\"\",\"m10f_meta_font_line_height\":\"\",\"m10f_meta_font_style\":\"\",\"m10f_meta_font_weight\":\"\",\"m10f_meta_font_transform\":\"\",\"m10f_meta_font_spacing\":\"\",\"m10f_meta_\":\"\",\"m10f_ex_font_title\":\"Article excerpt\",\"m10f_ex_font_settings\":\"\",\"m10f_ex_font_family\":\"\",\"m10f_ex_font_size\":\"\",\"m10f_ex_font_line_height\":\"\",\"m10f_ex_font_style\":\"\",\"m10f_ex_font_weight\":\"\",\"m10f_ex_font_transform\":\"\",\"m10f_ex_font_spacing\":\"\",\"m10f_ex_\":\"\",\"mx2f_title_font_header\":\"\",\"mx2f_title_font_title\":\"Article title\",\"mx2f_title_font_settings\":\"\",\"mx2f_title_font_family\":\"\",\"mx2f_title_font_size\":\"\",\"mx2f_title_font_line_height\":\"\",\"mx2f_title_font_style\":\"\",\"mx2f_title_font_weight\":\"\",\"mx2f_title_font_transform\":\"\",\"mx2f_title_font_spacing\":\"\",\"mx2f_title_\":\"\",\"mx2f_cat_font_title\":\"Article category tag\",\"mx2f_cat_font_settings\":\"\",\"mx2f_cat_font_family\":\"\",\"mx2f_cat_font_size\":\"\",\"mx2f_cat_font_line_height\":\"\",\"mx2f_cat_font_style\":\"\",\"mx2f_cat_font_weight\":\"\",\"mx2f_cat_font_transform\":\"\",\"mx2f_cat_font_spacing\":\"\",\"mx2f_cat_\":\"\",\"mx2f_meta_font_title\":\"Article meta info\",\"mx2f_meta_font_settings\":\"\",\"mx2f_meta_font_family\":\"\",\"mx2f_meta_font_size\":\"\",\"mx2f_meta_font_line_height\":\"\",\"mx2f_meta_font_style\":\"\",\"mx2f_meta_font_weight\":\"\",\"mx2f_meta_font_transform\":\"\",\"mx2f_meta_font_spacing\":\"\",\"mx2f_meta_\":\"\",\"ajax_pagination_infinite_stop\":\"\",\"css\":\"\",\"tdc_css\":\"\",\"td_column_number\":1,\"header_color\":\"\",\"color_preset\":\"\",\"border_top\":\"\",\"class\":\"td_uid_93_69f12975e1fe3_rand\",\"tdc_css_class\":\"td_uid_93_69f12975e1fe3_rand\",\"tdc_css_class_style\":\"td_uid_93_69f12975e1fe3_rand_style\"}';\nblock_td_uid_93_69f12975e1fe3.td_column_number = \"1\";\nblock_td_uid_93_69f12975e1fe3.block_type = \"td_block_18\";\nblock_td_uid_93_69f12975e1fe3.post_count = \"3\";\nblock_td_uid_93_69f12975e1fe3.found_posts = \"22\";\nblock_td_uid_93_69f12975e1fe3.header_color = \"\";\nblock_td_uid_93_69f12975e1fe3.ajax_pagination_infinite_stop = \"\";\nblock_td_uid_93_69f12975e1fe3.max_num_pages = \"8\";\ntdBlocksArray.push(block_td_uid_93_69f12975e1fe3);\n<\/script><div class=\"td-block-title-wrap\"><\/div><div id=td_uid_93_69f12975e1fe3 class=\"td_block_inner td-column-1\">\r\n        <div class=\"td_module_mx8 td_module_wrap td-animation-stack\">\r\n            <div class=\"meta-info-container\">\r\n                <div class=\"td-module-thumb\"><a href=\"https:\/\/www.africa-press.net\/congo-brazzaville\/sports\/taraji-esperance-est-vs-mazembe-tpm-3-0\" rel=\"bookmark\" class=\"td-image-wrap\" title=\"Taraji Esperance EST vs Mazembe TPM 3-0\"><img loading=\"lazy\" decoding=\"async\" class=\"entry-thumb\" src=\"data:image\/png;base64,iVBORw0KGgoAAAANSUhEUgAAArgAAAGBAQMAAAC3k1CUAAAAA1BMVEWurq51dlI4AAAAAXRSTlMmkutdmwAAADdJREFUeNrtwTEBAAAAwiD7p7bETmAAAAAAAAAAAAAAAAAAAAAAAAAAAAAAAAAAAAAAAAAAAEDuhFgAARFpDB8AAAAASUVORK5CYII=\" alt=\"Taraji Esperance EST vs Mazembe TPM 3-0\" title=\"Taraji Esperance EST vs Mazembe TPM 3-0\" data-type=\"image_tag\" data-img-url=\"https:\/\/static.africa-press.net\/congo-brazzaville\/sites\/51\/2023\/10\/sm_1698439916.037048-696x385.jpg\"  width=\"696\" height=\"385\" \/><\/a><\/div>\r\n                <div class=\"td-module-meta-info\">\r\n                    <h3 class=\"entry-title td-module-title\"><a href=\"https:\/\/www.africa-press.net\/congo-brazzaville\/sports\/taraji-esperance-est-vs-mazembe-tpm-3-0\" rel=\"bookmark\" title=\"Taraji Esperance EST vs Mazembe TPM 3-0\">Taraji Esperance EST vs Mazembe TPM 3-0<\/a><\/h3>                                        <span class=\"td-author-date\">\r\n                                                <span class=\"td-post-date\"><time class=\"entry-date updated td-module-date\" datetime=\"2023-10-28T00:15:59+00:00\" >2023-10-28<\/time><\/span>                                            <\/span>\r\n                <\/div>\r\n            <\/div>\r\n\r\n        <\/div>\r\n\r\n        \r\n        <div class=\"td_module_mx2 td_module_wrap td-animation-stack\">\r\n\r\n            <div class=\"td-module-thumb\"><a href=\"https:\/\/www.africa-press.net\/congo-brazzaville\/culture-et-art\/voir-ou-revoir-le-pari-de-dinel-desouza\" rel=\"bookmark\" class=\"td-image-wrap\" title=\"Voir ou revoir : \u00ab Le pari \u00bb de Dinel Desouza\"><img loading=\"lazy\" decoding=\"async\" class=\"entry-thumb\" src=\"data:image\/png;base64,iVBORw0KGgoAAAANSUhEUgAAAFAAAAA8AQMAAADL6a\/PAAAAA1BMVEWurq51dlI4AAAAAXRSTlMmkutdmwAAAA5JREFUKM9jGAWjYJABAAKUAAHoEAeuAAAAAElFTkSuQmCC\" alt=\"Voir ou revoir : \u00ab Le pari \u00bb de Dinel Desouza\" title=\"Voir ou revoir : \u00ab Le pari \u00bb de Dinel Desouza\" data-type=\"image_tag\" data-img-url=\"https:\/\/static.africa-press.net\/congo-brazzaville\/sites\/51\/2022\/11\/postQueueImg_1669310778.54-80x60.jpg\"  width=\"80\" height=\"60\" \/><\/a><\/div>\r\n            <div class=\"item-details\">\r\n                <h3 class=\"entry-title td-module-title\"><a href=\"https:\/\/www.africa-press.net\/congo-brazzaville\/culture-et-art\/voir-ou-revoir-le-pari-de-dinel-desouza\" rel=\"bookmark\" title=\"Voir ou revoir : \u00ab Le pari \u00bb de Dinel Desouza\">Voir ou revoir : \u00ab Le pari \u00bb de Dinel Desouza<\/a><\/h3>                <div class=\"td-module-meta-info\">\r\n                                                            <span class=\"td-post-date\"><time class=\"entry-date updated td-module-date\" datetime=\"2022-11-24T20:55:49+00:00\" >2022-11-24<\/time><\/span>                                    <\/div>\r\n            <\/div>\r\n\r\n        <\/div>\r\n\r\n        \r\n        <div class=\"td_module_mx2 td_module_wrap td-animation-stack\">\r\n\r\n            <div class=\"td-module-thumb\"><a href=\"https:\/\/www.africa-press.net\/congo-brazzaville\/politique\/la-russie-et-le-congo-brazzaville-se-disent-decides-a-renforcer-leur-cooperation\" rel=\"bookmark\" class=\"td-image-wrap\" title=\"La Russie et le Congo-Brazzaville se disent d\u00e9cid\u00e9s \u00e0 renforcer leur coop\u00e9ration\"><img loading=\"lazy\" decoding=\"async\" class=\"entry-thumb\" src=\"data:image\/png;base64,iVBORw0KGgoAAAANSUhEUgAAAFAAAAA8AQMAAADL6a\/PAAAAA1BMVEWurq51dlI4AAAAAXRSTlMmkutdmwAAAA5JREFUKM9jGAWjYJABAAKUAAHoEAeuAAAAAElFTkSuQmCC\" alt=\"La Russie et le Congo-Brazzaville se disent d\u00e9cid\u00e9s \u00e0 renforcer leur coop\u00e9ration\" title=\"La Russie et le Congo-Brazzaville se disent d\u00e9cid\u00e9s \u00e0 renforcer leur coop\u00e9ration\" data-type=\"image_tag\" data-img-url=\"https:\/\/static.africa-press.net\/congo-brazzaville\/sites\/51\/2022\/07\/postQueueImg_35-62e042d1e756a-80x60.jpg\"  width=\"80\" height=\"60\" \/><\/a><\/div>\r\n            <div class=\"item-details\">\r\n                <h3 class=\"entry-title td-module-title\"><a href=\"https:\/\/www.africa-press.net\/congo-brazzaville\/politique\/la-russie-et-le-congo-brazzaville-se-disent-decides-a-renforcer-leur-cooperation\" rel=\"bookmark\" title=\"La Russie et le Congo-Brazzaville se disent d\u00e9cid\u00e9s \u00e0 renforcer leur coop\u00e9ration\">La Russie et le Congo-Brazzaville se disent d\u00e9cid\u00e9s \u00e0 renforcer leur coop\u00e9ration<\/a><\/h3>                <div class=\"td-module-meta-info\">\r\n                                                            <span class=\"td-post-date\"><time class=\"entry-date updated td-module-date\" datetime=\"2022-07-26T18:47:26+00:00\" >2022-07-26<\/time><\/span>                                    <\/div>\r\n            <\/div>\r\n\r\n        <\/div>\r\n\r\n        <\/div><div class=\"td-next-prev-wrap\"><a href=\"#\" class=\"td-ajax-prev-page ajax-page-disabled\" id=\"prev-page-td_uid_93_69f12975e1fe3\" data-td_block_id=\"td_uid_93_69f12975e1fe3\"><i class=\"td-icon-font td-icon-menu-left\"><\/i><\/a><a href=\"#\"  class=\"td-ajax-next-page\" id=\"next-page-td_uid_93_69f12975e1fe3\" data-td_block_id=\"td_uid_93_69f12975e1fe3\"><i class=\"td-icon-font td-icon-menu-right\"><\/i><\/a><\/div><\/div> <!-- .\/block --><\/div><\/div><\/div><div class=\"vc_column_inner td_uid_94_69f12975e8336_rand  wpb_column vc_column_container tdc-inner-column td-pb-span6\">\n<style scoped>\n\n\/* custom css *\/\n.td_uid_94_69f12975e8336_rand {\r\n                    vertical-align: baseline;\r\n                }\n<\/style><div class=\"vc_column-inner\"><div class=\"wpb_wrapper\"><div class=\"td_block_wrap td_block_7 td_uid_95_69f12975e848b_rand td-pb-border-top td_block_template_1 td-column-1 td_block_padding\"  data-td-block-uid=\"td_uid_95_69f12975e848b\" >\n<style>\n\n\/* inline tdc_css att *\/\n\n\/* phone *\/\n@media (max-width: 767px)\n{\n.td_uid_95_69f12975e848b_rand{\ndisplay:none !important;\n}\n}\n\n<\/style><script>var block_td_uid_95_69f12975e848b = new tdBlock();\nblock_td_uid_95_69f12975e848b.id = \"td_uid_95_69f12975e848b\";\nblock_td_uid_95_69f12975e848b.atts = '{\"category_id\":\"9\",\"limit\":\"4\",\"offset\":\"3\",\"tdc_css\":\"eyJwaG9uZSI6eyJkaXNwbGF5Ijoibm9uZSJ9LCJwaG9uZV9tYXhfd2lkdGgiOjc2N30=\",\"separator\":\"\",\"custom_title\":\"\",\"custom_url\":\"\",\"block_template_id\":\"\",\"m6_tl\":\"\",\"post_ids\":\"\",\"category_ids\":\"\",\"tag_slug\":\"\",\"autors_id\":\"\",\"installed_post_types\":\"\",\"sort\":\"\",\"show_modified_date\":\"\",\"el_class\":\"\",\"td_ajax_filter_type\":\"\",\"td_ajax_filter_ids\":\"\",\"td_filter_default_txt\":\"All\",\"td_ajax_preloading\":\"\",\"f_header_font_header\":\"\",\"f_header_font_title\":\"Block header\",\"f_header_font_settings\":\"\",\"f_header_font_family\":\"\",\"f_header_font_size\":\"\",\"f_header_font_line_height\":\"\",\"f_header_font_style\":\"\",\"f_header_font_weight\":\"\",\"f_header_font_transform\":\"\",\"f_header_font_spacing\":\"\",\"f_header_\":\"\",\"f_ajax_font_title\":\"Ajax categories\",\"f_ajax_font_settings\":\"\",\"f_ajax_font_family\":\"\",\"f_ajax_font_size\":\"\",\"f_ajax_font_line_height\":\"\",\"f_ajax_font_style\":\"\",\"f_ajax_font_weight\":\"\",\"f_ajax_font_transform\":\"\",\"f_ajax_font_spacing\":\"\",\"f_ajax_\":\"\",\"f_more_font_title\":\"Load more button\",\"f_more_font_settings\":\"\",\"f_more_font_family\":\"\",\"f_more_font_size\":\"\",\"f_more_font_line_height\":\"\",\"f_more_font_style\":\"\",\"f_more_font_weight\":\"\",\"f_more_font_transform\":\"\",\"f_more_font_spacing\":\"\",\"f_more_\":\"\",\"m6f_title_font_header\":\"\",\"m6f_title_font_title\":\"Article title\",\"m6f_title_font_settings\":\"\",\"m6f_title_font_family\":\"\",\"m6f_title_font_size\":\"\",\"m6f_title_font_line_height\":\"\",\"m6f_title_font_style\":\"\",\"m6f_title_font_weight\":\"\",\"m6f_title_font_transform\":\"\",\"m6f_title_font_spacing\":\"\",\"m6f_title_\":\"\",\"m6f_cat_font_title\":\"Article category tag\",\"m6f_cat_font_settings\":\"\",\"m6f_cat_font_family\":\"\",\"m6f_cat_font_size\":\"\",\"m6f_cat_font_line_height\":\"\",\"m6f_cat_font_style\":\"\",\"m6f_cat_font_weight\":\"\",\"m6f_cat_font_transform\":\"\",\"m6f_cat_font_spacing\":\"\",\"m6f_cat_\":\"\",\"m6f_meta_font_title\":\"Article meta info\",\"m6f_meta_font_settings\":\"\",\"m6f_meta_font_family\":\"\",\"m6f_meta_font_size\":\"\",\"m6f_meta_font_line_height\":\"\",\"m6f_meta_font_style\":\"\",\"m6f_meta_font_weight\":\"\",\"m6f_meta_font_transform\":\"\",\"m6f_meta_font_spacing\":\"\",\"m6f_meta_\":\"\",\"ajax_pagination\":\"\",\"ajax_pagination_infinite_stop\":\"\",\"css\":\"\",\"td_column_number\":1,\"header_color\":\"\",\"color_preset\":\"\",\"border_top\":\"\",\"class\":\"td_uid_95_69f12975e848b_rand\",\"tdc_css_class\":\"td_uid_95_69f12975e848b_rand\",\"tdc_css_class_style\":\"td_uid_95_69f12975e848b_rand_style\"}';\nblock_td_uid_95_69f12975e848b.td_column_number = \"1\";\nblock_td_uid_95_69f12975e848b.block_type = \"td_block_7\";\nblock_td_uid_95_69f12975e848b.post_count = \"4\";\nblock_td_uid_95_69f12975e848b.found_posts = \"22\";\nblock_td_uid_95_69f12975e848b.header_color = \"\";\nblock_td_uid_95_69f12975e848b.ajax_pagination_infinite_stop = \"\";\nblock_td_uid_95_69f12975e848b.max_num_pages = \"5\";\ntdBlocksArray.push(block_td_uid_95_69f12975e848b);\n<\/script><div class=\"td-block-title-wrap\"><\/div><div id=td_uid_95_69f12975e848b class=\"td_block_inner\">\n\n\t<div class=\"td-block-span12\">\n\r\n        <div class=\"td_module_6 td_module_wrap td-animation-stack\">\r\n\r\n        <div class=\"td-module-thumb\"><a href=\"https:\/\/www.africa-press.net\/congo-brazzaville\/video\/des-scientifiques-creent-un-poisson-biohybride-a-partir-de-cellules-cardiaques-video\" rel=\"bookmark\" class=\"td-image-wrap\" title=\"Des scientifiques cr\u00e9ent un poisson biohybride \u00e0 partir de cellules cardiaques \u2013 vid\u00e9o\"><img loading=\"lazy\" decoding=\"async\" class=\"entry-thumb\" src=\"data:image\/png;base64,iVBORw0KGgoAAAANSUhEUgAAAGQAAABGAQMAAAAASKMqAAAAA1BMVEWurq51dlI4AAAAAXRSTlMmkutdmwAAABBJREFUKM9jGAWjYBQMKwAAA9QAAQWBn6cAAAAASUVORK5CYII=\" alt=\"Des scientifiques cr\u00e9ent un poisson biohybride \u00e0 partir de cellules cardiaques \u2013 vid\u00e9o\" title=\"Des scientifiques cr\u00e9ent un poisson biohybride \u00e0 partir de cellules cardiaques \u2013 vid\u00e9o\" data-type=\"image_tag\" data-img-url=\"https:\/\/static.africa-press.net\/congo-brazzaville\/sites\/51\/2022\/02\/img-62094dcc95887-100x70.jpg\"  width=\"100\" height=\"70\" \/><\/a><\/div>\r\n        <div class=\"item-details\">\r\n            <h3 class=\"entry-title td-module-title\"><a href=\"https:\/\/www.africa-press.net\/congo-brazzaville\/video\/des-scientifiques-creent-un-poisson-biohybride-a-partir-de-cellules-cardiaques-video\" rel=\"bookmark\" title=\"Des scientifiques cr\u00e9ent un poisson biohybride \u00e0 partir de cellules cardiaques \u2013 vid\u00e9o\">Des scientifiques cr\u00e9ent un poisson biohybride \u00e0 partir de cellules cardiaques...<\/a><\/h3>            <div class=\"td-module-meta-info\">\r\n                                                <span class=\"td-post-date\"><time class=\"entry-date updated td-module-date\" datetime=\"2022-02-13T16:28:00+00:00\" >2022-02-13<\/time><\/span>                            <\/div>\r\n        <\/div>\r\n\r\n        <\/div>\r\n\r\n        \n\t<\/div> <!-- .\/td-block-span12 -->\n\n\t<div class=\"td-block-span12\">\n\r\n        <div class=\"td_module_6 td_module_wrap td-animation-stack\">\r\n\r\n        <div class=\"td-module-thumb\"><a href=\"https:\/\/www.africa-press.net\/congo-brazzaville\/homepage-french\/can-2022-le-senegal-sacre-champion-dafrique\" rel=\"bookmark\" class=\"td-image-wrap\" title=\"CAN 2022 : le S\u00e9n\u00e9gal sacr\u00e9\u00a0champion\u00a0d&rsquo;Afrique\"><img loading=\"lazy\" decoding=\"async\" class=\"entry-thumb\" src=\"data:image\/png;base64,iVBORw0KGgoAAAANSUhEUgAAAGQAAABGAQMAAAAASKMqAAAAA1BMVEWurq51dlI4AAAAAXRSTlMmkutdmwAAABBJREFUKM9jGAWjYBQMKwAAA9QAAQWBn6cAAAAASUVORK5CYII=\" alt=\"CAN 2022 : le S\u00e9n\u00e9gal sacr\u00e9\u00a0champion\u00a0d&#039;Afrique\" title=\"CAN 2022 : le S\u00e9n\u00e9gal sacr\u00e9\u00a0champion\u00a0d&rsquo;Afrique\" data-type=\"image_tag\" data-img-url=\"https:\/\/static.africa-press.net\/congo-brazzaville\/sites\/51\/2022\/02\/img-6200542749619-100x70.jpg\"  width=\"100\" height=\"70\" \/><\/a><\/div>\r\n        <div class=\"item-details\">\r\n            <h3 class=\"entry-title td-module-title\"><a href=\"https:\/\/www.africa-press.net\/congo-brazzaville\/homepage-french\/can-2022-le-senegal-sacre-champion-dafrique\" rel=\"bookmark\" title=\"CAN 2022 : le S\u00e9n\u00e9gal sacr\u00e9\u00a0champion\u00a0d&rsquo;Afrique\">CAN 2022 : le S\u00e9n\u00e9gal sacr\u00e9\u00a0champion\u00a0d&rsquo;Afrique<\/a><\/h3>            <div class=\"td-module-meta-info\">\r\n                                                <span class=\"td-post-date\"><time class=\"entry-date updated td-module-date\" datetime=\"2022-02-06T22:44:51+00:00\" >2022-02-06<\/time><\/span>                            <\/div>\r\n        <\/div>\r\n\r\n        <\/div>\r\n\r\n        \n\t<\/div> <!-- .\/td-block-span12 -->\n\n\t<div class=\"td-block-span12\">\n\r\n        <div class=\"td_module_6 td_module_wrap td-animation-stack\">\r\n\r\n        <div class=\"td-module-thumb\"><a href=\"https:\/\/www.africa-press.net\/congo-brazzaville\/sports\/can-2021-le-cameroun-revient-de-loin-et-prend-le-bronze\" rel=\"bookmark\" class=\"td-image-wrap\" title=\"CAN 2021 : Le Cameroun revient de loin et prend le bronze !\"><img loading=\"lazy\" decoding=\"async\" class=\"entry-thumb\" src=\"data:image\/png;base64,iVBORw0KGgoAAAANSUhEUgAAAGQAAABGAQMAAAAASKMqAAAAA1BMVEWurq51dlI4AAAAAXRSTlMmkutdmwAAABBJREFUKM9jGAWjYBQMKwAAA9QAAQWBn6cAAAAASUVORK5CYII=\" alt=\"CAN 2021 : Le Cameroun revient de loin et prend le bronze !\" title=\"CAN 2021 : Le Cameroun revient de loin et prend le bronze !\" data-type=\"image_tag\" data-img-url=\"https:\/\/static.africa-press.net\/congo-brazzaville\/sites\/51\/2022\/02\/img-61ff305fd50e0-100x70.jpg\"  width=\"100\" height=\"70\" \/><\/a><\/div>\r\n        <div class=\"item-details\">\r\n            <h3 class=\"entry-title td-module-title\"><a href=\"https:\/\/www.africa-press.net\/congo-brazzaville\/sports\/can-2021-le-cameroun-revient-de-loin-et-prend-le-bronze\" rel=\"bookmark\" title=\"CAN 2021 : Le Cameroun revient de loin et prend le bronze !\">CAN 2021 : Le Cameroun revient de loin et prend le...<\/a><\/h3>            <div class=\"td-module-meta-info\">\r\n                                                <span class=\"td-post-date\"><time class=\"entry-date updated td-module-date\" datetime=\"2022-02-06T00:37:02+00:00\" >2022-02-06<\/time><\/span>                            <\/div>\r\n        <\/div>\r\n\r\n        <\/div>\r\n\r\n        \n\t<\/div> <!-- .\/td-block-span12 -->\n\n\t<div class=\"td-block-span12\">\n\r\n        <div class=\"td_module_6 td_module_wrap td-animation-stack\">\r\n\r\n        <div class=\"td-module-thumb\"><a href=\"https:\/\/www.africa-press.net\/congo-brazzaville\/homepage-french\/can-2022-les-pharaons-eliminent-le-cameroun-et-rejoignent-la-finale\" rel=\"bookmark\" class=\"td-image-wrap\" title=\"CAN 2022 : les Pharaons \u00e9liminent le Cameroun et rejoignent la finale\"><img loading=\"lazy\" decoding=\"async\" class=\"entry-thumb\" src=\"data:image\/png;base64,iVBORw0KGgoAAAANSUhEUgAAAGQAAABGAQMAAAAASKMqAAAAA1BMVEWurq51dlI4AAAAAXRSTlMmkutdmwAAABBJREFUKM9jGAWjYBQMKwAAA9QAAQWBn6cAAAAASUVORK5CYII=\" alt=\"CAN 2022 : les Pharaons \u00e9liminent le Cameroun et rejoignent la finale\" title=\"CAN 2022 : les Pharaons \u00e9liminent le Cameroun et rejoignent la finale\" data-type=\"image_tag\" data-img-url=\"https:\/\/static.africa-press.net\/congo-brazzaville\/sites\/51\/2022\/02\/img-61fc7b4c5565f-100x70.jpg\"  width=\"100\" height=\"70\" \/><\/a><\/div>\r\n        <div class=\"item-details\">\r\n            <h3 class=\"entry-title td-module-title\"><a href=\"https:\/\/www.africa-press.net\/congo-brazzaville\/homepage-french\/can-2022-les-pharaons-eliminent-le-cameroun-et-rejoignent-la-finale\" rel=\"bookmark\" title=\"CAN 2022 : les Pharaons \u00e9liminent le Cameroun et rejoignent la finale\">CAN 2022 : les Pharaons \u00e9liminent le Cameroun et rejoignent la...<\/a><\/h3>            <div class=\"td-module-meta-info\">\r\n                                                <span class=\"td-post-date\"><time class=\"entry-date updated td-module-date\" datetime=\"2022-02-04T00:13:08+00:00\" >2022-02-04<\/time><\/span>                            <\/div>\r\n        <\/div>\r\n\r\n        <\/div>\r\n\r\n        \n\t<\/div> <!-- .\/td-block-span12 --><\/div><\/div> <!-- .\/block --><\/div><\/div><\/div><\/div><div class=\"tdm_block td_block_wrap tdm_block_button td_uid_96_69f12975ee63f_rand tdm-block-button-inline tdm-content-horiz-right td-pb-border-top main-box-btn-green-en td_block_template_1\"  data-td-block-uid=\"td_uid_96_69f12975ee63f\"     >\n<style>\n.td_uid_97_69f12975eedb5 i:first-child {\r\n\t\t\t\t\tmargin-right: 14px;\r\n\t\t\t\t}\n<\/style><div class=\"tds-button td-fix-index\"><a \r\n                href=\"\/congo-brazzaville\/video\" \r\n                class=\"tds-button1 tdm-btn tdm-btn-sm td_uid_97_69f12975eedb5\"  target=\"_blank\" ><i class=\"tdc-font-fa tdc-font-fa-arrow-right\"><\/i><span class=\"tdm-btn-text\">Plus de Nouvelles<\/span><\/a><\/div><\/div><div class=\"wpb_wrapper td_block_wrap vc_raw_html td_uid_98_69f12975ef2a1_rand \"><div class=\"td-fix-index\"><div class=\"td-block-title-wrap\"><h4 class=\"block-title\"><a href=\"\/congo-brazzaville\/Divers\" class=\"td-pulldown-size\">Divers<\/a><\/h4><\/div><\/div><\/div><div id=\"main-box\" class=\"vc_row_inner td_uid_99_69f12975ef2f5_rand  vc_row vc_inner wpb_row td-pb-row\" >\n<style scoped>\n\n\/* custom css *\/\n.td_uid_99_69f12975ef2f5_rand {\r\n                    position: relative !important;\r\n                    top: 0;\r\n                    transform: none;\r\n                    -webkit-transform: none;\r\n                }\n<\/style><div class=\"vc_column_inner td_uid_100_69f12975ef447_rand  wpb_column vc_column_container tdc-inner-column td-pb-span6\">\n<style scoped>\n\n\/* custom css *\/\n.td_uid_100_69f12975ef447_rand {\r\n                    vertical-align: baseline;\r\n                }\n<\/style><div class=\"vc_column-inner\"><div class=\"wpb_wrapper\"><div class=\"td_block_wrap td_block_18 td_uid_101_69f12975ef58c_rand td_with_ajax_pagination td-pb-border-top td_block_template_1 td-column-1\"  data-td-block-uid=\"td_uid_101_69f12975ef58c\" ><script>var block_td_uid_101_69f12975ef58c = new tdBlock();\nblock_td_uid_101_69f12975ef58c.id = \"td_uid_101_69f12975ef58c\";\nblock_td_uid_101_69f12975ef58c.atts = '{\"category_id\":\"22\",\"limit\":\"3\",\"ajax_pagination\":\"next_prev\",\"separator\":\"\",\"custom_title\":\"\",\"custom_url\":\"\",\"block_template_id\":\"\",\"mx8_tl\":\"\",\"m10_tl\":\"\",\"m10_el\":\"\",\"mx2_tl\":\"\",\"post_ids\":\"\",\"category_ids\":\"\",\"tag_slug\":\"\",\"autors_id\":\"\",\"installed_post_types\":\"\",\"sort\":\"\",\"offset\":\"\",\"show_modified_date\":\"\",\"el_class\":\"\",\"td_ajax_filter_type\":\"\",\"td_ajax_filter_ids\":\"\",\"td_filter_default_txt\":\"All\",\"td_ajax_preloading\":\"\",\"f_header_font_header\":\"\",\"f_header_font_title\":\"Block header\",\"f_header_font_settings\":\"\",\"f_header_font_family\":\"\",\"f_header_font_size\":\"\",\"f_header_font_line_height\":\"\",\"f_header_font_style\":\"\",\"f_header_font_weight\":\"\",\"f_header_font_transform\":\"\",\"f_header_font_spacing\":\"\",\"f_header_\":\"\",\"f_ajax_font_title\":\"Ajax categories\",\"f_ajax_font_settings\":\"\",\"f_ajax_font_family\":\"\",\"f_ajax_font_size\":\"\",\"f_ajax_font_line_height\":\"\",\"f_ajax_font_style\":\"\",\"f_ajax_font_weight\":\"\",\"f_ajax_font_transform\":\"\",\"f_ajax_font_spacing\":\"\",\"f_ajax_\":\"\",\"f_more_font_title\":\"Load more button\",\"f_more_font_settings\":\"\",\"f_more_font_family\":\"\",\"f_more_font_size\":\"\",\"f_more_font_line_height\":\"\",\"f_more_font_style\":\"\",\"f_more_font_weight\":\"\",\"f_more_font_transform\":\"\",\"f_more_font_spacing\":\"\",\"f_more_\":\"\",\"mx8f_title_font_header\":\"\",\"mx8f_title_font_title\":\"Article title\",\"mx8f_title_font_settings\":\"\",\"mx8f_title_font_family\":\"\",\"mx8f_title_font_size\":\"\",\"mx8f_title_font_line_height\":\"\",\"mx8f_title_font_style\":\"\",\"mx8f_title_font_weight\":\"\",\"mx8f_title_font_transform\":\"\",\"mx8f_title_font_spacing\":\"\",\"mx8f_title_\":\"\",\"mx8f_cat_font_title\":\"Article category tag\",\"mx8f_cat_font_settings\":\"\",\"mx8f_cat_font_family\":\"\",\"mx8f_cat_font_size\":\"\",\"mx8f_cat_font_line_height\":\"\",\"mx8f_cat_font_style\":\"\",\"mx8f_cat_font_weight\":\"\",\"mx8f_cat_font_transform\":\"\",\"mx8f_cat_font_spacing\":\"\",\"mx8f_cat_\":\"\",\"mx8f_meta_font_title\":\"Article meta info\",\"mx8f_meta_font_settings\":\"\",\"mx8f_meta_font_family\":\"\",\"mx8f_meta_font_size\":\"\",\"mx8f_meta_font_line_height\":\"\",\"mx8f_meta_font_style\":\"\",\"mx8f_meta_font_weight\":\"\",\"mx8f_meta_font_transform\":\"\",\"mx8f_meta_font_spacing\":\"\",\"mx8f_meta_\":\"\",\"m10f_title_font_header\":\"\",\"m10f_title_font_title\":\"Article title\",\"m10f_title_font_settings\":\"\",\"m10f_title_font_family\":\"\",\"m10f_title_font_size\":\"\",\"m10f_title_font_line_height\":\"\",\"m10f_title_font_style\":\"\",\"m10f_title_font_weight\":\"\",\"m10f_title_font_transform\":\"\",\"m10f_title_font_spacing\":\"\",\"m10f_title_\":\"\",\"m10f_cat_font_title\":\"Article category tag\",\"m10f_cat_font_settings\":\"\",\"m10f_cat_font_family\":\"\",\"m10f_cat_font_size\":\"\",\"m10f_cat_font_line_height\":\"\",\"m10f_cat_font_style\":\"\",\"m10f_cat_font_weight\":\"\",\"m10f_cat_font_transform\":\"\",\"m10f_cat_font_spacing\":\"\",\"m10f_cat_\":\"\",\"m10f_meta_font_title\":\"Article meta info\",\"m10f_meta_font_settings\":\"\",\"m10f_meta_font_family\":\"\",\"m10f_meta_font_size\":\"\",\"m10f_meta_font_line_height\":\"\",\"m10f_meta_font_style\":\"\",\"m10f_meta_font_weight\":\"\",\"m10f_meta_font_transform\":\"\",\"m10f_meta_font_spacing\":\"\",\"m10f_meta_\":\"\",\"m10f_ex_font_title\":\"Article excerpt\",\"m10f_ex_font_settings\":\"\",\"m10f_ex_font_family\":\"\",\"m10f_ex_font_size\":\"\",\"m10f_ex_font_line_height\":\"\",\"m10f_ex_font_style\":\"\",\"m10f_ex_font_weight\":\"\",\"m10f_ex_font_transform\":\"\",\"m10f_ex_font_spacing\":\"\",\"m10f_ex_\":\"\",\"mx2f_title_font_header\":\"\",\"mx2f_title_font_title\":\"Article title\",\"mx2f_title_font_settings\":\"\",\"mx2f_title_font_family\":\"\",\"mx2f_title_font_size\":\"\",\"mx2f_title_font_line_height\":\"\",\"mx2f_title_font_style\":\"\",\"mx2f_title_font_weight\":\"\",\"mx2f_title_font_transform\":\"\",\"mx2f_title_font_spacing\":\"\",\"mx2f_title_\":\"\",\"mx2f_cat_font_title\":\"Article category tag\",\"mx2f_cat_font_settings\":\"\",\"mx2f_cat_font_family\":\"\",\"mx2f_cat_font_size\":\"\",\"mx2f_cat_font_line_height\":\"\",\"mx2f_cat_font_style\":\"\",\"mx2f_cat_font_weight\":\"\",\"mx2f_cat_font_transform\":\"\",\"mx2f_cat_font_spacing\":\"\",\"mx2f_cat_\":\"\",\"mx2f_meta_font_title\":\"Article meta info\",\"mx2f_meta_font_settings\":\"\",\"mx2f_meta_font_family\":\"\",\"mx2f_meta_font_size\":\"\",\"mx2f_meta_font_line_height\":\"\",\"mx2f_meta_font_style\":\"\",\"mx2f_meta_font_weight\":\"\",\"mx2f_meta_font_transform\":\"\",\"mx2f_meta_font_spacing\":\"\",\"mx2f_meta_\":\"\",\"ajax_pagination_infinite_stop\":\"\",\"css\":\"\",\"tdc_css\":\"\",\"td_column_number\":1,\"header_color\":\"\",\"color_preset\":\"\",\"border_top\":\"\",\"class\":\"td_uid_101_69f12975ef58c_rand\",\"tdc_css_class\":\"td_uid_101_69f12975ef58c_rand\",\"tdc_css_class_style\":\"td_uid_101_69f12975ef58c_rand_style\"}';\nblock_td_uid_101_69f12975ef58c.td_column_number = \"1\";\nblock_td_uid_101_69f12975ef58c.block_type = \"td_block_18\";\nblock_td_uid_101_69f12975ef58c.post_count = \"3\";\nblock_td_uid_101_69f12975ef58c.found_posts = \"3968\";\nblock_td_uid_101_69f12975ef58c.header_color = \"\";\nblock_td_uid_101_69f12975ef58c.ajax_pagination_infinite_stop = \"\";\nblock_td_uid_101_69f12975ef58c.max_num_pages = \"1323\";\ntdBlocksArray.push(block_td_uid_101_69f12975ef58c);\n<\/script><div class=\"td-block-title-wrap\"><\/div><div id=td_uid_101_69f12975ef58c class=\"td_block_inner td-column-1\">\r\n        <div class=\"td_module_mx8 td_module_wrap td-animation-stack\">\r\n            <div class=\"meta-info-container\">\r\n                <div class=\"td-module-thumb\"><a href=\"https:\/\/www.africa-press.net\/congo-brazzaville\/toutes-les-actualites\/ia-identifie-mutations-genetiques-de-maladies-rares-2\" rel=\"bookmark\" class=\"td-image-wrap\" title=\"IA Identifie Mutations G\u00e9n\u00e9tiques de Maladies Rares\"><img loading=\"lazy\" decoding=\"async\" class=\"entry-thumb\" src=\"data:image\/png;base64,iVBORw0KGgoAAAANSUhEUgAAArgAAAGBAQMAAAC3k1CUAAAAA1BMVEWurq51dlI4AAAAAXRSTlMmkutdmwAAADdJREFUeNrtwTEBAAAAwiD7p7bETmAAAAAAAAAAAAAAAAAAAAAAAAAAAAAAAAAAAAAAAAAAAEDuhFgAARFpDB8AAAAASUVORK5CYII=\" alt=\"IA Identifie Mutations G\u00e9n\u00e9tiques de Maladies Rares\" title=\"IA Identifie Mutations G\u00e9n\u00e9tiques de Maladies Rares\" data-type=\"image_tag\" data-img-url=\"https:\/\/static.africa-press.net\/congo-brazzaville\/sites\/51\/2026\/04\/sm_1776483851.882213-696x385.jpg\"  width=\"696\" height=\"385\" \/><\/a><\/div>\r\n                <div class=\"td-module-meta-info\">\r\n                    <h3 class=\"entry-title td-module-title\"><a href=\"https:\/\/www.africa-press.net\/congo-brazzaville\/toutes-les-actualites\/ia-identifie-mutations-genetiques-de-maladies-rares-2\" rel=\"bookmark\" title=\"IA Identifie Mutations G\u00e9n\u00e9tiques de Maladies Rares\">IA Identifie Mutations G\u00e9n\u00e9tiques de Maladies Rares<\/a><\/h3>                                        <span class=\"td-author-date\">\r\n                                                <span class=\"td-post-date\"><time class=\"entry-date updated td-module-date\" datetime=\"2026-03-31T00:13:33+00:00\" >2026-03-31<\/time><\/span>                                            <\/span>\r\n                <\/div>\r\n            <\/div>\r\n\r\n        <\/div>\r\n\r\n        \r\n        <div class=\"td_module_mx2 td_module_wrap td-animation-stack\">\r\n\r\n            <div class=\"td-module-thumb\"><a href=\"https:\/\/www.africa-press.net\/congo-brazzaville\/toutes-les-actualites\/box-internet-fibre-la-tres-haute-vitesse-et-nos-usages\" rel=\"bookmark\" class=\"td-image-wrap\" title=\"Box Internet Fibre: La Tre\u0300s Haute Vitesse et Nos Usages\"><img loading=\"lazy\" decoding=\"async\" class=\"entry-thumb\" src=\"data:image\/png;base64,iVBORw0KGgoAAAANSUhEUgAAAFAAAAA8AQMAAADL6a\/PAAAAA1BMVEWurq51dlI4AAAAAXRSTlMmkutdmwAAAA5JREFUKM9jGAWjYJABAAKUAAHoEAeuAAAAAElFTkSuQmCC\" alt=\"Box Internet Fibre: La Tre\u0300s Haute Vitesse et Nos Usages\" title=\"Box Internet Fibre: La Tre\u0300s Haute Vitesse et Nos Usages\" data-type=\"image_tag\" data-img-url=\"https:\/\/static.africa-press.net\/congo-brazzaville\/sites\/51\/2026\/04\/sm_1776483741.036628-80x60.jpg\"  width=\"80\" height=\"60\" \/><\/a><\/div>\r\n            <div class=\"item-details\">\r\n                <h3 class=\"entry-title td-module-title\"><a href=\"https:\/\/www.africa-press.net\/congo-brazzaville\/toutes-les-actualites\/box-internet-fibre-la-tres-haute-vitesse-et-nos-usages\" rel=\"bookmark\" title=\"Box Internet Fibre: La Tre\u0300s Haute Vitesse et Nos Usages\">Box Internet Fibre: La Tre\u0300s Haute Vitesse et Nos Usages<\/a><\/h3>                <div class=\"td-module-meta-info\">\r\n                                                            <span class=\"td-post-date\"><time class=\"entry-date updated td-module-date\" datetime=\"2026-03-31T00:13:32+00:00\" >2026-03-31<\/time><\/span>                                    <\/div>\r\n            <\/div>\r\n\r\n        <\/div>\r\n\r\n        \r\n        <div class=\"td_module_mx2 td_module_wrap td-animation-stack\">\r\n\r\n            <div class=\"td-module-thumb\"><a href=\"https:\/\/www.africa-press.net\/congo-brazzaville\/toutes-les-actualites\/wikipedia-a-25-ans-lavenir-face-a-lia\" rel=\"bookmark\" class=\"td-image-wrap\" title=\"Wikipe\u0301dia A\u0300 25 Ans: L&rsquo;Avenir Face A\u0300 L&rsquo;IA\"><img loading=\"lazy\" decoding=\"async\" class=\"entry-thumb\" src=\"data:image\/png;base64,iVBORw0KGgoAAAANSUhEUgAAAFAAAAA8AQMAAADL6a\/PAAAAA1BMVEWurq51dlI4AAAAAXRSTlMmkutdmwAAAA5JREFUKM9jGAWjYJABAAKUAAHoEAeuAAAAAElFTkSuQmCC\" alt=\"Wikipe\u0301dia A\u0300 25 Ans: L&#039;Avenir Face A\u0300 L&#039;IA\" title=\"Wikipe\u0301dia A\u0300 25 Ans: L&rsquo;Avenir Face A\u0300 L&rsquo;IA\" data-type=\"image_tag\" data-img-url=\"https:\/\/static.africa-press.net\/congo-brazzaville\/sites\/51\/2026\/04\/sm_1776483619.876656-80x60.jpg\"  width=\"80\" height=\"60\" \/><\/a><\/div>\r\n            <div class=\"item-details\">\r\n                <h3 class=\"entry-title td-module-title\"><a href=\"https:\/\/www.africa-press.net\/congo-brazzaville\/toutes-les-actualites\/wikipedia-a-25-ans-lavenir-face-a-lia\" rel=\"bookmark\" title=\"Wikipe\u0301dia A\u0300 25 Ans: L&rsquo;Avenir Face A\u0300 L&rsquo;IA\">Wikipe\u0301dia A\u0300 25 Ans: L&rsquo;Avenir Face A\u0300 L&rsquo;IA<\/a><\/h3>                <div class=\"td-module-meta-info\">\r\n                                                            <span class=\"td-post-date\"><time class=\"entry-date updated td-module-date\" datetime=\"2026-03-29T00:13:21+00:00\" >2026-03-29<\/time><\/span>                                    <\/div>\r\n            <\/div>\r\n\r\n        <\/div>\r\n\r\n        <\/div><div class=\"td-next-prev-wrap\"><a href=\"#\" class=\"td-ajax-prev-page ajax-page-disabled\" id=\"prev-page-td_uid_101_69f12975ef58c\" data-td_block_id=\"td_uid_101_69f12975ef58c\"><i class=\"td-icon-font td-icon-menu-left\"><\/i><\/a><a href=\"#\"  class=\"td-ajax-next-page\" id=\"next-page-td_uid_101_69f12975ef58c\" data-td_block_id=\"td_uid_101_69f12975ef58c\"><i class=\"td-icon-font td-icon-menu-right\"><\/i><\/a><\/div><\/div> <!-- .\/block --><\/div><\/div><\/div><div class=\"vc_column_inner td_uid_102_69f129760f88f_rand  wpb_column vc_column_container tdc-inner-column td-pb-span6\">\n<style scoped>\n\n\/* custom css *\/\n.td_uid_102_69f129760f88f_rand {\r\n                    vertical-align: baseline;\r\n                }\n<\/style><div class=\"vc_column-inner\"><div class=\"wpb_wrapper\"><div class=\"td_block_wrap td_block_7 td_uid_103_69f129760f9d8_rand td-pb-border-top td_block_template_1 td-column-1 td_block_padding\"  data-td-block-uid=\"td_uid_103_69f129760f9d8\" >\n<style>\n\n\/* inline tdc_css att *\/\n\n\/* phone *\/\n@media (max-width: 767px)\n{\n.td_uid_103_69f129760f9d8_rand{\ndisplay:none !important;\n}\n}\n\n<\/style><script>var block_td_uid_103_69f129760f9d8 = new tdBlock();\nblock_td_uid_103_69f129760f9d8.id = \"td_uid_103_69f129760f9d8\";\nblock_td_uid_103_69f129760f9d8.atts = '{\"category_id\":\"22\",\"limit\":\"4\",\"offset\":\"3\",\"tdc_css\":\"eyJwaG9uZSI6eyJkaXNwbGF5Ijoibm9uZSJ9LCJwaG9uZV9tYXhfd2lkdGgiOjc2N30=\",\"separator\":\"\",\"custom_title\":\"\",\"custom_url\":\"\",\"block_template_id\":\"\",\"m6_tl\":\"\",\"post_ids\":\"\",\"category_ids\":\"\",\"tag_slug\":\"\",\"autors_id\":\"\",\"installed_post_types\":\"\",\"sort\":\"\",\"show_modified_date\":\"\",\"el_class\":\"\",\"td_ajax_filter_type\":\"\",\"td_ajax_filter_ids\":\"\",\"td_filter_default_txt\":\"All\",\"td_ajax_preloading\":\"\",\"f_header_font_header\":\"\",\"f_header_font_title\":\"Block header\",\"f_header_font_settings\":\"\",\"f_header_font_family\":\"\",\"f_header_font_size\":\"\",\"f_header_font_line_height\":\"\",\"f_header_font_style\":\"\",\"f_header_font_weight\":\"\",\"f_header_font_transform\":\"\",\"f_header_font_spacing\":\"\",\"f_header_\":\"\",\"f_ajax_font_title\":\"Ajax categories\",\"f_ajax_font_settings\":\"\",\"f_ajax_font_family\":\"\",\"f_ajax_font_size\":\"\",\"f_ajax_font_line_height\":\"\",\"f_ajax_font_style\":\"\",\"f_ajax_font_weight\":\"\",\"f_ajax_font_transform\":\"\",\"f_ajax_font_spacing\":\"\",\"f_ajax_\":\"\",\"f_more_font_title\":\"Load more button\",\"f_more_font_settings\":\"\",\"f_more_font_family\":\"\",\"f_more_font_size\":\"\",\"f_more_font_line_height\":\"\",\"f_more_font_style\":\"\",\"f_more_font_weight\":\"\",\"f_more_font_transform\":\"\",\"f_more_font_spacing\":\"\",\"f_more_\":\"\",\"m6f_title_font_header\":\"\",\"m6f_title_font_title\":\"Article title\",\"m6f_title_font_settings\":\"\",\"m6f_title_font_family\":\"\",\"m6f_title_font_size\":\"\",\"m6f_title_font_line_height\":\"\",\"m6f_title_font_style\":\"\",\"m6f_title_font_weight\":\"\",\"m6f_title_font_transform\":\"\",\"m6f_title_font_spacing\":\"\",\"m6f_title_\":\"\",\"m6f_cat_font_title\":\"Article category tag\",\"m6f_cat_font_settings\":\"\",\"m6f_cat_font_family\":\"\",\"m6f_cat_font_size\":\"\",\"m6f_cat_font_line_height\":\"\",\"m6f_cat_font_style\":\"\",\"m6f_cat_font_weight\":\"\",\"m6f_cat_font_transform\":\"\",\"m6f_cat_font_spacing\":\"\",\"m6f_cat_\":\"\",\"m6f_meta_font_title\":\"Article meta info\",\"m6f_meta_font_settings\":\"\",\"m6f_meta_font_family\":\"\",\"m6f_meta_font_size\":\"\",\"m6f_meta_font_line_height\":\"\",\"m6f_meta_font_style\":\"\",\"m6f_meta_font_weight\":\"\",\"m6f_meta_font_transform\":\"\",\"m6f_meta_font_spacing\":\"\",\"m6f_meta_\":\"\",\"ajax_pagination\":\"\",\"ajax_pagination_infinite_stop\":\"\",\"css\":\"\",\"td_column_number\":1,\"header_color\":\"\",\"color_preset\":\"\",\"border_top\":\"\",\"class\":\"td_uid_103_69f129760f9d8_rand\",\"tdc_css_class\":\"td_uid_103_69f129760f9d8_rand\",\"tdc_css_class_style\":\"td_uid_103_69f129760f9d8_rand_style\"}';\nblock_td_uid_103_69f129760f9d8.td_column_number = \"1\";\nblock_td_uid_103_69f129760f9d8.block_type = \"td_block_7\";\nblock_td_uid_103_69f129760f9d8.post_count = \"4\";\nblock_td_uid_103_69f129760f9d8.found_posts = \"3968\";\nblock_td_uid_103_69f129760f9d8.header_color = \"\";\nblock_td_uid_103_69f129760f9d8.ajax_pagination_infinite_stop = \"\";\nblock_td_uid_103_69f129760f9d8.max_num_pages = \"992\";\ntdBlocksArray.push(block_td_uid_103_69f129760f9d8);\n<\/script><div class=\"td-block-title-wrap\"><\/div><div id=td_uid_103_69f129760f9d8 class=\"td_block_inner\">\n\n\t<div class=\"td-block-span12\">\n\r\n        <div class=\"td_module_6 td_module_wrap td-animation-stack\">\r\n\r\n        <div class=\"td-module-thumb\"><a href=\"https:\/\/www.africa-press.net\/congo-brazzaville\/toutes-les-actualites\/le-fardier-precurseur-de-lautomobile\" rel=\"bookmark\" class=\"td-image-wrap\" title=\"Le Fardier, pr\u00e9curseur de l&rsquo;automobile\"><img loading=\"lazy\" decoding=\"async\" class=\"entry-thumb\" src=\"data:image\/png;base64,iVBORw0KGgoAAAANSUhEUgAAAGQAAABGAQMAAAAASKMqAAAAA1BMVEWurq51dlI4AAAAAXRSTlMmkutdmwAAABBJREFUKM9jGAWjYBQMKwAAA9QAAQWBn6cAAAAASUVORK5CYII=\" alt=\"Le Fardier, pr\u00e9curseur de l&#039;automobile\" title=\"Le Fardier, pr\u00e9curseur de l&rsquo;automobile\" data-type=\"image_tag\" data-img-url=\"https:\/\/static.africa-press.net\/congo-brazzaville\/sites\/51\/2026\/04\/sm_1776483502.435561-100x70.jpg\"  width=\"100\" height=\"70\" \/><\/a><\/div>\r\n        <div class=\"item-details\">\r\n            <h3 class=\"entry-title td-module-title\"><a href=\"https:\/\/www.africa-press.net\/congo-brazzaville\/toutes-les-actualites\/le-fardier-precurseur-de-lautomobile\" rel=\"bookmark\" title=\"Le Fardier, pr\u00e9curseur de l&rsquo;automobile\">Le Fardier, pr\u00e9curseur de l&rsquo;automobile<\/a><\/h3>            <div class=\"td-module-meta-info\">\r\n                                                <span class=\"td-post-date\"><time class=\"entry-date updated td-module-date\" datetime=\"2026-03-29T00:13:20+00:00\" >2026-03-29<\/time><\/span>                            <\/div>\r\n        <\/div>\r\n\r\n        <\/div>\r\n\r\n        \n\t<\/div> <!-- .\/td-block-span12 -->\n\n\t<div class=\"td-block-span12\">\n\r\n        <div class=\"td_module_6 td_module_wrap td-animation-stack\">\r\n\r\n        <div class=\"td-module-thumb\"><a href=\"https:\/\/www.africa-press.net\/congo-brazzaville\/toutes-les-actualites\/voici-le-robot-autonome-le-plus-petit-du-monde\" rel=\"bookmark\" class=\"td-image-wrap\" title=\"Voici le robot autonome le plus petit du monde\"><img loading=\"lazy\" decoding=\"async\" class=\"entry-thumb\" src=\"data:image\/png;base64,iVBORw0KGgoAAAANSUhEUgAAAGQAAABGAQMAAAAASKMqAAAAA1BMVEWurq51dlI4AAAAAXRSTlMmkutdmwAAABBJREFUKM9jGAWjYBQMKwAAA9QAAQWBn6cAAAAASUVORK5CYII=\" alt=\"Voici le robot autonome le plus petit du monde\" title=\"Voici le robot autonome le plus petit du monde\" data-type=\"image_tag\" data-img-url=\"https:\/\/static.africa-press.net\/congo-brazzaville\/sites\/51\/2026\/04\/sm_1776483381.207273-100x70.jpg\"  width=\"100\" height=\"70\" \/><\/a><\/div>\r\n        <div class=\"item-details\">\r\n            <h3 class=\"entry-title td-module-title\"><a href=\"https:\/\/www.africa-press.net\/congo-brazzaville\/toutes-les-actualites\/voici-le-robot-autonome-le-plus-petit-du-monde\" rel=\"bookmark\" title=\"Voici le robot autonome le plus petit du monde\">Voici le robot autonome le plus petit du monde<\/a><\/h3>            <div class=\"td-module-meta-info\">\r\n                                                <span class=\"td-post-date\"><time class=\"entry-date updated td-module-date\" datetime=\"2026-03-29T00:13:19+00:00\" >2026-03-29<\/time><\/span>                            <\/div>\r\n        <\/div>\r\n\r\n        <\/div>\r\n\r\n        \n\t<\/div> <!-- .\/td-block-span12 -->\n\n\t<div class=\"td-block-span12\">\n\r\n        <div class=\"td_module_6 td_module_wrap td-animation-stack\">\r\n\r\n        <div class=\"td-module-thumb\"><a href=\"https:\/\/www.africa-press.net\/congo-brazzaville\/toutes-les-actualites\/chatgpt-et-sante-mentale-un-chatbot-ne-remplace-pas-lhumain\" rel=\"bookmark\" class=\"td-image-wrap\" title=\"ChatGPT Et Sante\u0301 Mentale: Un Chatbot Ne Remplace Pas L&rsquo;Humain\"><img loading=\"lazy\" decoding=\"async\" class=\"entry-thumb\" src=\"data:image\/png;base64,iVBORw0KGgoAAAANSUhEUgAAAGQAAABGAQMAAAAASKMqAAAAA1BMVEWurq51dlI4AAAAAXRSTlMmkutdmwAAABBJREFUKM9jGAWjYBQMKwAAA9QAAQWBn6cAAAAASUVORK5CYII=\" alt=\"ChatGPT Et Sante\u0301 Mentale: Un Chatbot Ne Remplace Pas L&#039;Humain\" title=\"ChatGPT Et Sante\u0301 Mentale: Un Chatbot Ne Remplace Pas L&rsquo;Humain\" data-type=\"image_tag\" data-img-url=\"https:\/\/static.africa-press.net\/congo-brazzaville\/sites\/51\/2026\/04\/sm_1776483269.973663-100x70.jpg\"  width=\"100\" height=\"70\" \/><\/a><\/div>\r\n        <div class=\"item-details\">\r\n            <h3 class=\"entry-title td-module-title\"><a href=\"https:\/\/www.africa-press.net\/congo-brazzaville\/toutes-les-actualites\/chatgpt-et-sante-mentale-un-chatbot-ne-remplace-pas-lhumain\" rel=\"bookmark\" title=\"ChatGPT Et Sante\u0301 Mentale: Un Chatbot Ne Remplace Pas L&rsquo;Humain\">ChatGPT Et Sante\u0301 Mentale: Un Chatbot Ne Remplace Pas L&rsquo;Humain<\/a><\/h3>            <div class=\"td-module-meta-info\">\r\n                                                <span class=\"td-post-date\"><time class=\"entry-date updated td-module-date\" datetime=\"2026-03-28T00:13:11+00:00\" >2026-03-28<\/time><\/span>                            <\/div>\r\n        <\/div>\r\n\r\n        <\/div>\r\n\r\n        \n\t<\/div> <!-- .\/td-block-span12 -->\n\n\t<div class=\"td-block-span12\">\n\r\n        <div class=\"td_module_6 td_module_wrap td-animation-stack\">\r\n\r\n        <div class=\"td-module-thumb\"><a href=\"https:\/\/www.africa-press.net\/congo-brazzaville\/toutes-les-actualites\/du-garage-au-geant-de-la-technologie-apple-fete-ses-50-ans\" rel=\"bookmark\" class=\"td-image-wrap\" title=\"Du Garage Au G\u00e9ant De La Technologie Apple F\u00eate Ses 50 Ans\"><img loading=\"lazy\" decoding=\"async\" class=\"entry-thumb\" src=\"data:image\/png;base64,iVBORw0KGgoAAAANSUhEUgAAAGQAAABGAQMAAAAASKMqAAAAA1BMVEWurq51dlI4AAAAAXRSTlMmkutdmwAAABBJREFUKM9jGAWjYBQMKwAAA9QAAQWBn6cAAAAASUVORK5CYII=\" alt=\"Du Garage Au G\u00e9ant De La Technologie Apple F\u00eate Ses 50 Ans\" title=\"Du Garage Au G\u00e9ant De La Technologie Apple F\u00eate Ses 50 Ans\" data-type=\"image_tag\" data-img-url=\"https:\/\/static.africa-press.net\/congo-brazzaville\/sites\/51\/2026\/04\/sm_1776483193.417113-100x70.jpg\"  width=\"100\" height=\"70\" \/><\/a><\/div>\r\n        <div class=\"item-details\">\r\n            <h3 class=\"entry-title td-module-title\"><a href=\"https:\/\/www.africa-press.net\/congo-brazzaville\/toutes-les-actualites\/du-garage-au-geant-de-la-technologie-apple-fete-ses-50-ans\" rel=\"bookmark\" title=\"Du Garage Au G\u00e9ant De La Technologie Apple F\u00eate Ses 50 Ans\">Du Garage Au G\u00e9ant De La Technologie Apple F\u00eate Ses 50...<\/a><\/h3>            <div class=\"td-module-meta-info\">\r\n                                                <span class=\"td-post-date\"><time class=\"entry-date updated td-module-date\" datetime=\"2026-03-28T00:13:10+00:00\" >2026-03-28<\/time><\/span>                            <\/div>\r\n        <\/div>\r\n\r\n        <\/div>\r\n\r\n        \n\t<\/div> <!-- .\/td-block-span12 --><\/div><\/div> <!-- .\/block --><\/div><\/div><\/div><\/div><div class=\"tdm_block td_block_wrap tdm_block_button td_uid_104_69f12976211b9_rand tdm-block-button-inline tdm-content-horiz-right td-pb-border-top main-box-btn-green-en td_block_template_1\"  data-td-block-uid=\"td_uid_104_69f12976211b9\"     >\n<style>\n.td_uid_105_69f129762196b i:first-child {\r\n\t\t\t\t\tmargin-right: 14px;\r\n\t\t\t\t}\n<\/style><div class=\"tds-button td-fix-index\"><a \r\n                href=\"\/congo-brazzaville\/Divers\" \r\n                class=\"tds-button1 tdm-btn tdm-btn-sm td_uid_105_69f129762196b\"  target=\"_blank\" ><i class=\"tdc-font-fa tdc-font-fa-arrow-right\"><\/i><span class=\"tdm-btn-text\">Plus de Nouvelles<\/span><\/a><\/div><\/div><\/div><\/div><div class=\"vc_column td_uid_106_69f12976222e1_rand all-news-block wpb_column vc_column_container tdc-column td-pb-span4\">\n<style scoped>\n\n\/* custom css *\/\n.td_uid_106_69f12976222e1_rand {\r\n                    vertical-align: baseline;\r\n                }\n<\/style><div class=\"wpb_wrapper\"><div class=\"td_block_wrap td_block_weather td_uid_107_69f1297622567_rand td-pb-border-top td_block_template_1\"  data-td-block-uid=\"td_uid_107_69f1297622567\" ><div class=\"td-block-title-wrap\"><\/div><div id=td_uid_107_69f1297622567 class=\"td-weather-wrap td_block_inner td-column-1\"><!-- td weather source: cache -->\r\n\t\t<div class=\"td-weather-header\">\r\n\t\t\t<div class=\"td-weather-city\">Brazzaville<\/div>\r\n\t\t\t<div class=\"td-weather-condition\">nuageux<\/div>\r\n\t\t\t<i class=\"td-location-icon td-icons-location\" data-block-uid=\"td_uid_107_69f1297622567\"><\/i>\r\n\t\t<\/div>\r\n\r\n\t\t<div class=\"td-weather-set-location\">\r\n\t\t\t<form class=\"td-manual-location-form\" action=\"#\" data-block-uid=\"td_uid_107_69f1297622567\">\r\n\t\t\t\t<input id=\"td_uid_107_69f1297622567\" class=\"td-location-set-input\" type=\"text\"\r\n\t\t\t\t\t   name=\"location\" value=\"\">\r\n\t\t\t\t<label>enter location<\/label>\r\n\t\t\t<\/form>\r\n\t\t<\/div>\r\n\r\n\t\t<div class=\"td-weather-temperature\">\r\n\t\t\t<div class=\"td-weather-temp-wrap\">\r\n\t\t\t\t<div class=\"td-weather-animated-icon\">\r\n\t\t\t\t\t<span\r\n\t\t\t\t\t\tclass=\"td_animation_sprite-27-100-80-0-0-1 broken-clouds-n td-w-today-icon\"\r\n\t\t\t\t\t\tdata-td-block-uid=\"td_uid_107_69f1297622567\"><\/span>\r\n\t\t\t\t<\/div>\r\n\t\t\t\t<div class=\"td-weather-now\" data-block-uid=\"td_uid_107_69f1297622567\">\r\n\t\t\t\t\t<span class=\"td-big-degrees\">24.6<\/span>\r\n\t\t\t\t\t<span class=\"td-circle\">&deg;<\/span>\r\n\t\t\t\t\t<span class=\"td-weather-unit\">C<\/span>\r\n\t\t\t\t<\/div>\r\n\t\t\t\t<div class=\"td-weather-lo-hi\">\r\n\t\t\t\t\t<div class=\"td-weather-degrees-wrap\">\r\n\t\t\t\t\t\t<i class=\"td-up-icon td-icons-arrows-up\"><\/i>\r\n\t\t\t\t\t\t<span\r\n\t\t\t\t\t\t\tclass=\"td-small-degrees td-w-high-temp\">24.6<\/span>\r\n\t\t\t\t\t\t<span class=\"td-circle\">&deg;<\/span>\r\n\t\t\t\t\t<\/div>\r\n\t\t\t\t\t<div class=\"td-weather-degrees-wrap\">\r\n\t\t\t\t\t\t<i class=\"td-down-icon td-icons-arrows-down\"><\/i>\r\n\t\t\t\t\t\t<span\r\n\t\t\t\t\t\t\tclass=\"td-small-degrees td-w-low-temp\">24.6<\/span>\r\n\t\t\t\t\t\t<span class=\"td-circle\">&deg;<\/span>\r\n\t\t\t\t\t<\/div>\r\n\t\t\t\t<\/div>\r\n\t\t\t<\/div>\r\n\t\t<\/div>\r\n\r\n\t\t<div class=\"td-weather-info-wrap\">\r\n\t\t\t<div class=\"td-weather-information\">\r\n\t\t\t\t<div class=\"td-weather-section-1\">\r\n\t\t\t\t\t<i class=\"td-icons-drop\"><\/i>\r\n\t\t\t\t\t<span class=\"td-weather-parameter td-w-today-humidity\">86\t\t\t\t\t\t%<\/span>\r\n\t\t\t\t<\/div>\r\n\t\t\t\t<div class=\"td-weather-section-2\">\r\n\t\t\t\t\t<i class=\"td-icons-wind\"><\/i>\r\n\t\t\t\t\t<span\r\n\t\t\t\t\t\tclass=\"td-weather-parameter td-w-today-wind-speed\">1.1kmh<\/span>\r\n\t\t\t\t<\/div>\r\n\t\t\t\t<div class=\"td-weather-section-3\">\r\n\t\t\t\t\t<i class=\"td-icons-cloud\"><\/i>\r\n\t\t\t\t\t<span class=\"td-weather-parameter td-w-today-clouds\">73\t\t\t\t\t\t%<\/span>\r\n\t\t\t\t<\/div>\r\n\t\t\t<\/div>\r\n\r\n\r\n\t\t\t<div class=\"td-weather-week\">\r\n\t\t\t\t\t\t\t\t\t<div class=\"td-weather-days\">\r\n\t\t\t\t\t\t<div class=\"td-day-0\">mar<\/div>\r\n\r\n\t\t\t\t\t\t<div class=\"td-day-degrees\">\r\n\t\t\t\t\t\t\t<span\r\n\t\t\t\t\t\t\t\tclass=\"td-degrees-0\">24<\/span>\r\n\t\t\t\t\t\t\t<span class=\"td-circle\">&deg;<\/span>\r\n\t\t\t\t\t\t<\/div>\r\n\t\t\t\t\t<\/div>\r\n\t\t\t\t\t\t\t\t\t\t<div class=\"td-weather-days\">\r\n\t\t\t\t\t\t<div class=\"td-day-1\">mer<\/div>\r\n\r\n\t\t\t\t\t\t<div class=\"td-day-degrees\">\r\n\t\t\t\t\t\t\t<span\r\n\t\t\t\t\t\t\t\tclass=\"td-degrees-1\">29<\/span>\r\n\t\t\t\t\t\t\t<span class=\"td-circle\">&deg;<\/span>\r\n\t\t\t\t\t\t<\/div>\r\n\t\t\t\t\t<\/div>\r\n\t\t\t\t\t\t\t\t\t\t<div class=\"td-weather-days\">\r\n\t\t\t\t\t\t<div class=\"td-day-2\">jeu<\/div>\r\n\r\n\t\t\t\t\t\t<div class=\"td-day-degrees\">\r\n\t\t\t\t\t\t\t<span\r\n\t\t\t\t\t\t\t\tclass=\"td-degrees-2\">32<\/span>\r\n\t\t\t\t\t\t\t<span class=\"td-circle\">&deg;<\/span>\r\n\t\t\t\t\t\t<\/div>\r\n\t\t\t\t\t<\/div>\r\n\t\t\t\t\t\t\t\t\t\t<div class=\"td-weather-days\">\r\n\t\t\t\t\t\t<div class=\"td-day-3\">ven<\/div>\r\n\r\n\t\t\t\t\t\t<div class=\"td-day-degrees\">\r\n\t\t\t\t\t\t\t<span\r\n\t\t\t\t\t\t\t\tclass=\"td-degrees-3\">30<\/span>\r\n\t\t\t\t\t\t\t<span class=\"td-circle\">&deg;<\/span>\r\n\t\t\t\t\t\t<\/div>\r\n\t\t\t\t\t<\/div>\r\n\t\t\t\t\t\t\t\t\t\t<div class=\"td-weather-days\">\r\n\t\t\t\t\t\t<div class=\"td-day-4\">sam<\/div>\r\n\r\n\t\t\t\t\t\t<div class=\"td-day-degrees\">\r\n\t\t\t\t\t\t\t<span\r\n\t\t\t\t\t\t\t\tclass=\"td-degrees-4\">31<\/span>\r\n\t\t\t\t\t\t\t<span class=\"td-circle\">&deg;<\/span>\r\n\t\t\t\t\t\t<\/div>\r\n\t\t\t\t\t<\/div>\r\n\t\t\t\t\t\t\t\t<\/div>\r\n\t\t<\/div>\r\n\r\n\t\t<\/div><\/div> <!-- .\/block --><\/div><\/div><\/div><\/div><\/div><\/div>\r\n\t\t\t<script>\r\n\r\n\t\t\t\tjQuery(window).load(function () {\r\n\r\n                    var $content = jQuery('body').find('#tdc-live-iframe'),\r\n                        refWindow = undefined;\r\n\r\n                    if ($content.length) {\r\n                        $content = $content.contents();\r\n                        refWindow = document.getElementById('tdc-live-iframe').contentWindow || document.getElementById('tdc-live-iframe').contentDocument;\r\n\r\n                    } else {\r\n                        $content = jQuery('body');\r\n                        refWindow = window;\r\n                    }\r\n\r\n                    $content.find('#td_uid_1_69f12973ba6a3 .td-element-style').each(function (index, element) {\r\n                        \/\/jQuery(element).css('opacity', 1);\r\n                        return;\r\n                    });\r\n                });\r\n\r\n\t\t\t<\/script>\r\n\r\n\t\t\t","protected":false},"excerpt":{"rendered":"","protected":false},"author":14,"featured_media":0,"parent":0,"menu_order":0,"comment_status":"closed","ping_status":"closed","template":"","meta":{"footnotes":""},"class_list":["post-1","page","type-page","status-publish","hentry"],"yoast_head":"<!-- This site is optimized with the Yoast SEO Premium plugin v26.1 (Yoast SEO v27.0) - https:\/\/yoast.com\/product\/yoast-seo-premium-wordpress\/ -->\n<title>Congo Brazzaville - Congo Brazzaville<\/title>\n<meta name=\"robots\" content=\"index, follow, max-snippet:-1, max-image-preview:large, max-video-preview:-1\" \/>\n<link rel=\"canonical\" href=\"https:\/\/www.africa-press.net\/congo-brazzaville\/\" \/>\n<meta property=\"og:locale\" content=\"fr_FR\" \/>\n<meta property=\"og:type\" content=\"article\" \/>\n<meta property=\"og:title\" content=\"Congo Brazzaville\" \/>\n<meta property=\"og:url\" content=\"https:\/\/www.africa-press.net\/congo-brazzaville\/\" \/>\n<meta property=\"og:site_name\" content=\"Congo Brazzaville\" \/>\n<meta property=\"article:modified_time\" content=\"2021-03-27T17:12:50+00:00\" \/>\n<meta name=\"twitter:card\" content=\"summary_large_image\" \/>\n<meta name=\"twitter:label1\" content=\"Dur\u00e9e de lecture estim\u00e9e\" \/>\n\t<meta name=\"twitter:data1\" content=\"2 minutes\" \/>\n<script type=\"application\/ld+json\" class=\"yoast-schema-graph\">{\"@context\":\"https:\/\/schema.org\",\"@graph\":[{\"@type\":\"WebPage\",\"@id\":\"https:\/\/www.africa-press.net\/congo-brazzaville\/\",\"url\":\"https:\/\/www.africa-press.net\/congo-brazzaville\/\",\"name\":\"Congo Brazzaville - Congo Brazzaville\",\"isPartOf\":{\"@id\":\"https:\/\/www.africa-press.net\/congo-brazzaville\/#website\"},\"datePublished\":\"2020-07-15T15:22:39+00:00\",\"dateModified\":\"2021-03-27T17:12:50+00:00\",\"breadcrumb\":{\"@id\":\"https:\/\/www.africa-press.net\/congo-brazzaville\/#breadcrumb\"},\"inLanguage\":\"fr-FR\",\"potentialAction\":[{\"@type\":\"ReadAction\",\"target\":[\"https:\/\/www.africa-press.net\/congo-brazzaville\/\"]}]},{\"@type\":\"BreadcrumbList\",\"@id\":\"https:\/\/www.africa-press.net\/congo-brazzaville\/#breadcrumb\",\"itemListElement\":[{\"@type\":\"ListItem\",\"position\":1,\"name\":\"Accueil\",\"item\":\"https:\/\/www.africa-press.net\/congo-brazzaville\/\"},{\"@type\":\"ListItem\",\"position\":2,\"name\":\"Congo Brazzaville\"}]},{\"@type\":\"WebSite\",\"@id\":\"https:\/\/www.africa-press.net\/congo-brazzaville\/#website\",\"url\":\"https:\/\/www.africa-press.net\/congo-brazzaville\/\",\"name\":\"Congo Brazzaville\",\"description\":\"Just another Africa News Agency Sites site\",\"potentialAction\":[{\"@type\":\"SearchAction\",\"target\":{\"@type\":\"EntryPoint\",\"urlTemplate\":\"https:\/\/www.africa-press.net\/congo-brazzaville\/?s={search_term_string}\"},\"query-input\":{\"@type\":\"PropertyValueSpecification\",\"valueRequired\":true,\"valueName\":\"search_term_string\"}}],\"inLanguage\":\"fr-FR\"}]}<\/script>\n<!-- \/ Yoast SEO Premium plugin. -->","yoast_head_json":{"title":"Congo Brazzaville - Congo Brazzaville","robots":{"index":"index","follow":"follow","max-snippet":"max-snippet:-1","max-image-preview":"max-image-preview:large","max-video-preview":"max-video-preview:-1"},"canonical":"https:\/\/www.africa-press.net\/congo-brazzaville\/","og_locale":"fr_FR","og_type":"article","og_title":"Congo Brazzaville","og_url":"https:\/\/www.africa-press.net\/congo-brazzaville\/","og_site_name":"Congo Brazzaville","article_modified_time":"2021-03-27T17:12:50+00:00","twitter_card":"summary_large_image","twitter_misc":{"Dur\u00e9e de lecture estim\u00e9e":"2 minutes"},"schema":{"@context":"https:\/\/schema.org","@graph":[{"@type":"WebPage","@id":"https:\/\/www.africa-press.net\/congo-brazzaville\/","url":"https:\/\/www.africa-press.net\/congo-brazzaville\/","name":"Congo Brazzaville - Congo Brazzaville","isPartOf":{"@id":"https:\/\/www.africa-press.net\/congo-brazzaville\/#website"},"datePublished":"2020-07-15T15:22:39+00:00","dateModified":"2021-03-27T17:12:50+00:00","breadcrumb":{"@id":"https:\/\/www.africa-press.net\/congo-brazzaville\/#breadcrumb"},"inLanguage":"fr-FR","potentialAction":[{"@type":"ReadAction","target":["https:\/\/www.africa-press.net\/congo-brazzaville\/"]}]},{"@type":"BreadcrumbList","@id":"https:\/\/www.africa-press.net\/congo-brazzaville\/#breadcrumb","itemListElement":[{"@type":"ListItem","position":1,"name":"Accueil","item":"https:\/\/www.africa-press.net\/congo-brazzaville\/"},{"@type":"ListItem","position":2,"name":"Congo Brazzaville"}]},{"@type":"WebSite","@id":"https:\/\/www.africa-press.net\/congo-brazzaville\/#website","url":"https:\/\/www.africa-press.net\/congo-brazzaville\/","name":"Congo Brazzaville","description":"Just another Africa News Agency Sites site","potentialAction":[{"@type":"SearchAction","target":{"@type":"EntryPoint","urlTemplate":"https:\/\/www.africa-press.net\/congo-brazzaville\/?s={search_term_string}"},"query-input":{"@type":"PropertyValueSpecification","valueRequired":true,"valueName":"search_term_string"}}],"inLanguage":"fr-FR"}]}},"_links":{"self":[{"href":"https:\/\/www.africa-press.net\/congo-brazzaville\/wp-json\/wp\/v2\/pages\/1","targetHints":{"allow":["GET"]}}],"collection":[{"href":"https:\/\/www.africa-press.net\/congo-brazzaville\/wp-json\/wp\/v2\/pages"}],"about":[{"href":"https:\/\/www.africa-press.net\/congo-brazzaville\/wp-json\/wp\/v2\/types\/page"}],"author":[{"embeddable":true,"href":"https:\/\/www.africa-press.net\/congo-brazzaville\/wp-json\/wp\/v2\/users\/14"}],"replies":[{"embeddable":true,"href":"https:\/\/www.africa-press.net\/congo-brazzaville\/wp-json\/wp\/v2\/comments?post=1"}],"version-history":[{"count":0,"href":"https:\/\/www.africa-press.net\/congo-brazzaville\/wp-json\/wp\/v2\/pages\/1\/revisions"}],"wp:attachment":[{"href":"https:\/\/www.africa-press.net\/congo-brazzaville\/wp-json\/wp\/v2\/media?parent=1"}],"curies":[{"name":"wp","href":"https:\/\/api.w.org\/{rel}","templated":true}]}}