{"id":671,"date":"2020-12-05T20:13:59","date_gmt":"2020-12-05T20:13:59","guid":{"rendered":"https:\/\/www.africa-press.com\/centrafricaine\/?page_id=671"},"modified":"2022-01-04T04:05:47","modified_gmt":"2022-01-04T04:05:47","slug":"video","status":"publish","type":"page","link":"https:\/\/www.africa-press.net\/congo-brazzaville\/video","title":{"rendered":"video"},"content":{"rendered":"<div id=\"td_uid_1_69f37363912ab\" class=\"tdc-zone\"><div class=\"tdc_zone td_uid_1_69f37363912b6_rand  wpb_row td-pb-row\"  >\n<style scoped>\n\n\/* custom css *\/\n.td_uid_1_69f37363912b6_rand {\r\n                    min-height: 0;\r\n                }\n<\/style><div id=\"td_uid_2_69f373639157c\" class=\"tdc-row\"><div class=\"vc_row td_uid_2_69f3736391581_rand  wpb_row td-pb-row\" >\n<style scoped>\n\n\/* custom css *\/\n.td_uid_2_69f3736391581_rand {\r\n                    min-height: 0;\r\n                }\n<\/style><div class=\"vc_column td_uid_3_69f37363917e6_rand  wpb_column vc_column_container tdc-column td-pb-span12\">\n<style scoped>\n\n\/* custom css *\/\n.td_uid_3_69f37363917e6_rand {\r\n                    vertical-align: baseline;\r\n                }\n<\/style><div class=\"wpb_wrapper\"><div class=\"td_block_wrap td_block_16 td_uid_4_69f37363919f0_rand td_with_ajax_pagination td-pb-border-top td_block_template_1 td-column-3 td_block_padding\"  data-td-block-uid=\"td_uid_4_69f37363919f0\" ><script>var block_td_uid_4_69f37363919f0 = new tdBlock();\nblock_td_uid_4_69f37363919f0.id = \"td_uid_4_69f37363919f0\";\nblock_td_uid_4_69f37363919f0.atts = '{\"mx7_el\":\"0\",\"category_id\":\"9\",\"limit\":\"10\",\"ajax_pagination\":\"load_more\",\"separator\":\"\",\"custom_title\":\"\",\"custom_url\":\"\",\"block_template_id\":\"\",\"mx7_tl\":\"\",\"m6_tl\":\"\",\"post_ids\":\"\",\"category_ids\":\"\",\"tag_slug\":\"\",\"autors_id\":\"\",\"installed_post_types\":\"\",\"sort\":\"\",\"offset\":\"\",\"show_modified_date\":\"\",\"el_class\":\"\",\"td_ajax_filter_type\":\"\",\"td_ajax_filter_ids\":\"\",\"td_filter_default_txt\":\"All\",\"td_ajax_preloading\":\"\",\"f_header_font_header\":\"\",\"f_header_font_title\":\"Block header\",\"f_header_font_settings\":\"\",\"f_header_font_family\":\"\",\"f_header_font_size\":\"\",\"f_header_font_line_height\":\"\",\"f_header_font_style\":\"\",\"f_header_font_weight\":\"\",\"f_header_font_transform\":\"\",\"f_header_font_spacing\":\"\",\"f_header_\":\"\",\"f_ajax_font_title\":\"Ajax categories\",\"f_ajax_font_settings\":\"\",\"f_ajax_font_family\":\"\",\"f_ajax_font_size\":\"\",\"f_ajax_font_line_height\":\"\",\"f_ajax_font_style\":\"\",\"f_ajax_font_weight\":\"\",\"f_ajax_font_transform\":\"\",\"f_ajax_font_spacing\":\"\",\"f_ajax_\":\"\",\"f_more_font_title\":\"Load more button\",\"f_more_font_settings\":\"\",\"f_more_font_family\":\"\",\"f_more_font_size\":\"\",\"f_more_font_line_height\":\"\",\"f_more_font_style\":\"\",\"f_more_font_weight\":\"\",\"f_more_font_transform\":\"\",\"f_more_font_spacing\":\"\",\"f_more_\":\"\",\"mx7f_title_font_header\":\"\",\"mx7f_title_font_title\":\"Article title\",\"mx7f_title_font_settings\":\"\",\"mx7f_title_font_family\":\"\",\"mx7f_title_font_size\":\"\",\"mx7f_title_font_line_height\":\"\",\"mx7f_title_font_style\":\"\",\"mx7f_title_font_weight\":\"\",\"mx7f_title_font_transform\":\"\",\"mx7f_title_font_spacing\":\"\",\"mx7f_title_\":\"\",\"mx7f_cat_font_title\":\"Article category tag\",\"mx7f_cat_font_settings\":\"\",\"mx7f_cat_font_family\":\"\",\"mx7f_cat_font_size\":\"\",\"mx7f_cat_font_line_height\":\"\",\"mx7f_cat_font_style\":\"\",\"mx7f_cat_font_weight\":\"\",\"mx7f_cat_font_transform\":\"\",\"mx7f_cat_font_spacing\":\"\",\"mx7f_cat_\":\"\",\"mx7f_meta_font_title\":\"Article meta info\",\"mx7f_meta_font_settings\":\"\",\"mx7f_meta_font_family\":\"\",\"mx7f_meta_font_size\":\"\",\"mx7f_meta_font_line_height\":\"\",\"mx7f_meta_font_style\":\"\",\"mx7f_meta_font_weight\":\"\",\"mx7f_meta_font_transform\":\"\",\"mx7f_meta_font_spacing\":\"\",\"mx7f_meta_\":\"\",\"mx7f_ex_font_title\":\"Article excerpt\",\"mx7f_ex_font_settings\":\"\",\"mx7f_ex_font_family\":\"\",\"mx7f_ex_font_size\":\"\",\"mx7f_ex_font_line_height\":\"\",\"mx7f_ex_font_style\":\"\",\"mx7f_ex_font_weight\":\"\",\"mx7f_ex_font_transform\":\"\",\"mx7f_ex_font_spacing\":\"\",\"mx7f_ex_\":\"\",\"m6f_title_font_header\":\"\",\"m6f_title_font_title\":\"Article title\",\"m6f_title_font_settings\":\"\",\"m6f_title_font_family\":\"\",\"m6f_title_font_size\":\"\",\"m6f_title_font_line_height\":\"\",\"m6f_title_font_style\":\"\",\"m6f_title_font_weight\":\"\",\"m6f_title_font_transform\":\"\",\"m6f_title_font_spacing\":\"\",\"m6f_title_\":\"\",\"m6f_cat_font_title\":\"Article category tag\",\"m6f_cat_font_settings\":\"\",\"m6f_cat_font_family\":\"\",\"m6f_cat_font_size\":\"\",\"m6f_cat_font_line_height\":\"\",\"m6f_cat_font_style\":\"\",\"m6f_cat_font_weight\":\"\",\"m6f_cat_font_transform\":\"\",\"m6f_cat_font_spacing\":\"\",\"m6f_cat_\":\"\",\"m6f_meta_font_title\":\"Article meta info\",\"m6f_meta_font_settings\":\"\",\"m6f_meta_font_family\":\"\",\"m6f_meta_font_size\":\"\",\"m6f_meta_font_line_height\":\"\",\"m6f_meta_font_style\":\"\",\"m6f_meta_font_weight\":\"\",\"m6f_meta_font_transform\":\"\",\"m6f_meta_font_spacing\":\"\",\"m6f_meta_\":\"\",\"ajax_pagination_infinite_stop\":\"\",\"css\":\"\",\"tdc_css\":\"\",\"td_column_number\":3,\"header_color\":\"\",\"color_preset\":\"\",\"border_top\":\"\",\"class\":\"td_uid_4_69f37363919f0_rand\",\"tdc_css_class\":\"td_uid_4_69f37363919f0_rand\",\"tdc_css_class_style\":\"td_uid_4_69f37363919f0_rand_style\"}';\nblock_td_uid_4_69f37363919f0.td_column_number = \"3\";\nblock_td_uid_4_69f37363919f0.block_type = \"td_block_16\";\nblock_td_uid_4_69f37363919f0.post_count = \"10\";\nblock_td_uid_4_69f37363919f0.found_posts = \"22\";\nblock_td_uid_4_69f37363919f0.header_color = \"\";\nblock_td_uid_4_69f37363919f0.ajax_pagination_infinite_stop = \"\";\nblock_td_uid_4_69f37363919f0.max_num_pages = \"3\";\ntdBlocksArray.push(block_td_uid_4_69f37363919f0);\n<\/script><div class=\"td-block-title-wrap\"><\/div><div id=td_uid_4_69f37363919f0 class=\"td_block_inner td-column-3\">\n\n\t<div class=\"td-block-row\">\n\n\t<div class=\"td-block-span4\">\n\r\n        <div class=\"td_module_mx7 td_module_wrap td-animation-stack\">\r\n            <div class=\"td-module-image\">\r\n                <div class=\"td-module-thumb\"><a href=\"https:\/\/www.africa-press.net\/congo-brazzaville\/sports\/taraji-esperance-est-vs-mazembe-tpm-3-0\" rel=\"bookmark\" class=\"td-image-wrap\" title=\"Taraji Esperance EST vs Mazembe TPM 3-0\"><img loading=\"lazy\" decoding=\"async\" class=\"entry-thumb\" src=\"data:image\/png;base64,iVBORw0KGgoAAAANSUhEUgAAANoAAACWAQMAAACCSQSPAAAAA1BMVEWurq51dlI4AAAAAXRSTlMmkutdmwAAABpJREFUWMPtwQENAAAAwiD7p7bHBwwAAAAg7RD+AAGXD7BoAAAAAElFTkSuQmCC\" alt=\"Taraji Esperance EST vs Mazembe TPM 3-0\" title=\"Taraji Esperance EST vs Mazembe TPM 3-0\" data-type=\"image_tag\" data-img-url=\"https:\/\/static.africa-press.net\/congo-brazzaville\/sites\/51\/2023\/10\/sm_1698439916.037048-218x150.jpg\"  width=\"218\" height=\"150\" \/><\/a><\/div>                            <\/div>\r\n\r\n            <div class=\"item-details\">\r\n                <h3 class=\"entry-title td-module-title\"><a href=\"https:\/\/www.africa-press.net\/congo-brazzaville\/sports\/taraji-esperance-est-vs-mazembe-tpm-3-0\" rel=\"bookmark\" title=\"Taraji Esperance EST vs Mazembe TPM 3-0\">Taraji Esperance EST vs Mazembe TPM 3-0<\/a><\/h3>\r\n                <div class=\"td-module-meta-info\">\r\n                                        <span class=\"td-post-date\"><time class=\"entry-date updated td-module-date\" datetime=\"2023-10-28T00:15:59+00:00\" >2023-10-28<\/time><\/span>                                    <\/div>\r\n\r\n                <div class=\"td-excerpt\">\r\n                                    <\/div>\r\n            <\/div>\r\n\r\n        <\/div>\r\n\r\n        \n\t<\/div> <!-- .\/td-block-span4 -->\n\n\t<div class=\"td-block-span4\">\n\r\n        <div class=\"td_module_mx7 td_module_wrap td-animation-stack\">\r\n            <div class=\"td-module-image\">\r\n                <div class=\"td-module-thumb\"><a href=\"https:\/\/www.africa-press.net\/congo-brazzaville\/culture-et-art\/voir-ou-revoir-le-pari-de-dinel-desouza\" rel=\"bookmark\" class=\"td-image-wrap\" title=\"Voir ou revoir : \u00ab Le pari \u00bb de Dinel Desouza\"><img loading=\"lazy\" decoding=\"async\" class=\"entry-thumb\" src=\"data:image\/png;base64,iVBORw0KGgoAAAANSUhEUgAAANoAAACWAQMAAACCSQSPAAAAA1BMVEWurq51dlI4AAAAAXRSTlMmkutdmwAAABpJREFUWMPtwQENAAAAwiD7p7bHBwwAAAAg7RD+AAGXD7BoAAAAAElFTkSuQmCC\" alt=\"Voir ou revoir : \u00ab Le pari \u00bb de Dinel Desouza\" title=\"Voir ou revoir : \u00ab Le pari \u00bb de Dinel Desouza\" data-type=\"image_tag\" data-img-url=\"https:\/\/static.africa-press.net\/congo-brazzaville\/sites\/51\/2022\/11\/postQueueImg_1669310778.54-218x150.jpg\"  width=\"218\" height=\"150\" \/><\/a><\/div>                            <\/div>\r\n\r\n            <div class=\"item-details\">\r\n                <h3 class=\"entry-title td-module-title\"><a href=\"https:\/\/www.africa-press.net\/congo-brazzaville\/culture-et-art\/voir-ou-revoir-le-pari-de-dinel-desouza\" rel=\"bookmark\" title=\"Voir ou revoir : \u00ab Le pari \u00bb de Dinel Desouza\">Voir ou revoir : \u00ab Le pari \u00bb de Dinel Desouza<\/a><\/h3>\r\n                <div class=\"td-module-meta-info\">\r\n                                        <span class=\"td-post-date\"><time class=\"entry-date updated td-module-date\" datetime=\"2022-11-24T20:55:49+00:00\" >2022-11-24<\/time><\/span>                                    <\/div>\r\n\r\n                <div class=\"td-excerpt\">\r\n                                    <\/div>\r\n            <\/div>\r\n\r\n        <\/div>\r\n\r\n        \n\t<\/div> <!-- .\/td-block-span4 -->\n\n\t<div class=\"td-block-span4\">\n\r\n        <div class=\"td_module_mx7 td_module_wrap td-animation-stack\">\r\n            <div class=\"td-module-image\">\r\n                <div class=\"td-module-thumb\"><a href=\"https:\/\/www.africa-press.net\/congo-brazzaville\/politique\/la-russie-et-le-congo-brazzaville-se-disent-decides-a-renforcer-leur-cooperation\" rel=\"bookmark\" class=\"td-image-wrap\" title=\"La Russie et le Congo-Brazzaville se disent d\u00e9cid\u00e9s \u00e0 renforcer leur coop\u00e9ration\"><img loading=\"lazy\" decoding=\"async\" class=\"entry-thumb\" src=\"data:image\/png;base64,iVBORw0KGgoAAAANSUhEUgAAANoAAACWAQMAAACCSQSPAAAAA1BMVEWurq51dlI4AAAAAXRSTlMmkutdmwAAABpJREFUWMPtwQENAAAAwiD7p7bHBwwAAAAg7RD+AAGXD7BoAAAAAElFTkSuQmCC\" alt=\"La Russie et le Congo-Brazzaville se disent d\u00e9cid\u00e9s \u00e0 renforcer leur coop\u00e9ration\" title=\"La Russie et le Congo-Brazzaville se disent d\u00e9cid\u00e9s \u00e0 renforcer leur coop\u00e9ration\" data-type=\"image_tag\" data-img-url=\"https:\/\/static.africa-press.net\/congo-brazzaville\/sites\/51\/2022\/07\/postQueueImg_35-62e042d1e756a-218x150.jpg\"  width=\"218\" height=\"150\" \/><\/a><\/div>                            <\/div>\r\n\r\n            <div class=\"item-details\">\r\n                <h3 class=\"entry-title td-module-title\"><a href=\"https:\/\/www.africa-press.net\/congo-brazzaville\/politique\/la-russie-et-le-congo-brazzaville-se-disent-decides-a-renforcer-leur-cooperation\" rel=\"bookmark\" title=\"La Russie et le Congo-Brazzaville se disent d\u00e9cid\u00e9s \u00e0 renforcer leur coop\u00e9ration\">La Russie et le Congo-Brazzaville se disent d\u00e9cid\u00e9s \u00e0 renforcer leur coop\u00e9ration<\/a><\/h3>\r\n                <div class=\"td-module-meta-info\">\r\n                                        <span class=\"td-post-date\"><time class=\"entry-date updated td-module-date\" datetime=\"2022-07-26T18:47:26+00:00\" >2022-07-26<\/time><\/span>                                    <\/div>\r\n\r\n                <div class=\"td-excerpt\">\r\n                                    <\/div>\r\n            <\/div>\r\n\r\n        <\/div>\r\n\r\n        \n\t<\/div> <!-- .\/td-block-span4 -->\n\n\t<div class=\"td-block-span4\">\n\r\n        <div class=\"td_module_mx7 td_module_wrap td-animation-stack\">\r\n            <div class=\"td-module-image\">\r\n                <div class=\"td-module-thumb\"><a href=\"https:\/\/www.africa-press.net\/congo-brazzaville\/video\/des-scientifiques-creent-un-poisson-biohybride-a-partir-de-cellules-cardiaques-video\" rel=\"bookmark\" class=\"td-image-wrap\" title=\"Des scientifiques cr\u00e9ent un poisson biohybride \u00e0 partir de cellules cardiaques \u2013 vid\u00e9o\"><img loading=\"lazy\" decoding=\"async\" class=\"entry-thumb\" src=\"data:image\/png;base64,iVBORw0KGgoAAAANSUhEUgAAANoAAACWAQMAAACCSQSPAAAAA1BMVEWurq51dlI4AAAAAXRSTlMmkutdmwAAABpJREFUWMPtwQENAAAAwiD7p7bHBwwAAAAg7RD+AAGXD7BoAAAAAElFTkSuQmCC\" alt=\"Des scientifiques cr\u00e9ent un poisson biohybride \u00e0 partir de cellules cardiaques \u2013 vid\u00e9o\" title=\"Des scientifiques cr\u00e9ent un poisson biohybride \u00e0 partir de cellules cardiaques \u2013 vid\u00e9o\" data-type=\"image_tag\" data-img-url=\"https:\/\/static.africa-press.net\/congo-brazzaville\/sites\/51\/2022\/02\/img-62094dcc95887-218x150.jpg\"  width=\"218\" height=\"150\" \/><\/a><\/div>                            <\/div>\r\n\r\n            <div class=\"item-details\">\r\n                <h3 class=\"entry-title td-module-title\"><a href=\"https:\/\/www.africa-press.net\/congo-brazzaville\/video\/des-scientifiques-creent-un-poisson-biohybride-a-partir-de-cellules-cardiaques-video\" rel=\"bookmark\" title=\"Des scientifiques cr\u00e9ent un poisson biohybride \u00e0 partir de cellules cardiaques \u2013 vid\u00e9o\">Des scientifiques cr\u00e9ent un poisson biohybride \u00e0 partir de cellules cardiaques \u2013 vid\u00e9o<\/a><\/h3>\r\n                <div class=\"td-module-meta-info\">\r\n                                        <span class=\"td-post-date\"><time class=\"entry-date updated td-module-date\" datetime=\"2022-02-13T16:28:00+00:00\" >2022-02-13<\/time><\/span>                                    <\/div>\r\n\r\n                <div class=\"td-excerpt\">\r\n                                    <\/div>\r\n            <\/div>\r\n\r\n        <\/div>\r\n\r\n        \n\t<\/div> <!-- .\/td-block-span4 -->\n\n\t<div class=\"td-block-span4\">\n\r\n        <div class=\"td_module_mx7 td_module_wrap td-animation-stack\">\r\n            <div class=\"td-module-image\">\r\n                <div class=\"td-module-thumb\"><a href=\"https:\/\/www.africa-press.net\/congo-brazzaville\/homepage-french\/can-2022-le-senegal-sacre-champion-dafrique\" rel=\"bookmark\" class=\"td-image-wrap\" title=\"CAN 2022 : le S\u00e9n\u00e9gal sacr\u00e9\u00a0champion\u00a0d&rsquo;Afrique\"><img loading=\"lazy\" decoding=\"async\" class=\"entry-thumb\" src=\"data:image\/png;base64,iVBORw0KGgoAAAANSUhEUgAAANoAAACWAQMAAACCSQSPAAAAA1BMVEWurq51dlI4AAAAAXRSTlMmkutdmwAAABpJREFUWMPtwQENAAAAwiD7p7bHBwwAAAAg7RD+AAGXD7BoAAAAAElFTkSuQmCC\" alt=\"CAN 2022 : le S\u00e9n\u00e9gal sacr\u00e9\u00a0champion\u00a0d&#039;Afrique\" title=\"CAN 2022 : le S\u00e9n\u00e9gal sacr\u00e9\u00a0champion\u00a0d&rsquo;Afrique\" data-type=\"image_tag\" data-img-url=\"https:\/\/static.africa-press.net\/congo-brazzaville\/sites\/51\/2022\/02\/img-6200542749619-218x150.jpg\"  width=\"218\" height=\"150\" \/><\/a><\/div>                            <\/div>\r\n\r\n            <div class=\"item-details\">\r\n                <h3 class=\"entry-title td-module-title\"><a href=\"https:\/\/www.africa-press.net\/congo-brazzaville\/homepage-french\/can-2022-le-senegal-sacre-champion-dafrique\" rel=\"bookmark\" title=\"CAN 2022 : le S\u00e9n\u00e9gal sacr\u00e9\u00a0champion\u00a0d&rsquo;Afrique\">CAN 2022 : le S\u00e9n\u00e9gal sacr\u00e9\u00a0champion\u00a0d&rsquo;Afrique<\/a><\/h3>\r\n                <div class=\"td-module-meta-info\">\r\n                                        <span class=\"td-post-date\"><time class=\"entry-date updated td-module-date\" datetime=\"2022-02-06T22:44:51+00:00\" >2022-02-06<\/time><\/span>                                    <\/div>\r\n\r\n                <div class=\"td-excerpt\">\r\n                                    <\/div>\r\n            <\/div>\r\n\r\n        <\/div>\r\n\r\n        \n\t<\/div> <!-- .\/td-block-span4 --><\/div><!--.\/row-fluid-->\n\n\t<div class=\"td-block-row\">\n\n\t<div class=\"td-block-span4\">\n\r\n        <div class=\"td_module_mx7 td_module_wrap td-animation-stack\">\r\n            <div class=\"td-module-image\">\r\n                <div class=\"td-module-thumb\"><a href=\"https:\/\/www.africa-press.net\/congo-brazzaville\/sports\/can-2021-le-cameroun-revient-de-loin-et-prend-le-bronze\" rel=\"bookmark\" class=\"td-image-wrap\" title=\"CAN 2021 : Le Cameroun revient de loin et prend le bronze !\"><img loading=\"lazy\" decoding=\"async\" class=\"entry-thumb\" src=\"data:image\/png;base64,iVBORw0KGgoAAAANSUhEUgAAANoAAACWAQMAAACCSQSPAAAAA1BMVEWurq51dlI4AAAAAXRSTlMmkutdmwAAABpJREFUWMPtwQENAAAAwiD7p7bHBwwAAAAg7RD+AAGXD7BoAAAAAElFTkSuQmCC\" alt=\"CAN 2021 : Le Cameroun revient de loin et prend le bronze !\" title=\"CAN 2021 : Le Cameroun revient de loin et prend le bronze !\" data-type=\"image_tag\" data-img-url=\"https:\/\/static.africa-press.net\/congo-brazzaville\/sites\/51\/2022\/02\/img-61ff305fd50e0-218x150.jpg\"  width=\"218\" height=\"150\" \/><\/a><\/div>                            <\/div>\r\n\r\n            <div class=\"item-details\">\r\n                <h3 class=\"entry-title td-module-title\"><a href=\"https:\/\/www.africa-press.net\/congo-brazzaville\/sports\/can-2021-le-cameroun-revient-de-loin-et-prend-le-bronze\" rel=\"bookmark\" title=\"CAN 2021 : Le Cameroun revient de loin et prend le bronze !\">CAN 2021 : Le Cameroun revient de loin et prend le bronze !<\/a><\/h3>\r\n                <div class=\"td-module-meta-info\">\r\n                                        <span class=\"td-post-date\"><time class=\"entry-date updated td-module-date\" datetime=\"2022-02-06T00:37:02+00:00\" >2022-02-06<\/time><\/span>                                    <\/div>\r\n\r\n                <div class=\"td-excerpt\">\r\n                                    <\/div>\r\n            <\/div>\r\n\r\n        <\/div>\r\n\r\n        \n\t<\/div> <!-- .\/td-block-span4 -->\n\n\t<div class=\"td-block-span4\">\n\r\n        <div class=\"td_module_mx7 td_module_wrap td-animation-stack\">\r\n            <div class=\"td-module-image\">\r\n                <div class=\"td-module-thumb\"><a href=\"https:\/\/www.africa-press.net\/congo-brazzaville\/homepage-french\/can-2022-les-pharaons-eliminent-le-cameroun-et-rejoignent-la-finale\" rel=\"bookmark\" class=\"td-image-wrap\" title=\"CAN 2022 : les Pharaons \u00e9liminent le Cameroun et rejoignent la finale\"><img loading=\"lazy\" decoding=\"async\" class=\"entry-thumb\" src=\"data:image\/png;base64,iVBORw0KGgoAAAANSUhEUgAAANoAAACWAQMAAACCSQSPAAAAA1BMVEWurq51dlI4AAAAAXRSTlMmkutdmwAAABpJREFUWMPtwQENAAAAwiD7p7bHBwwAAAAg7RD+AAGXD7BoAAAAAElFTkSuQmCC\" alt=\"CAN 2022 : les Pharaons \u00e9liminent le Cameroun et rejoignent la finale\" title=\"CAN 2022 : les Pharaons \u00e9liminent le Cameroun et rejoignent la finale\" data-type=\"image_tag\" data-img-url=\"https:\/\/static.africa-press.net\/congo-brazzaville\/sites\/51\/2022\/02\/img-61fc7b4c5565f-218x150.jpg\"  width=\"218\" height=\"150\" \/><\/a><\/div>                            <\/div>\r\n\r\n            <div class=\"item-details\">\r\n                <h3 class=\"entry-title td-module-title\"><a href=\"https:\/\/www.africa-press.net\/congo-brazzaville\/homepage-french\/can-2022-les-pharaons-eliminent-le-cameroun-et-rejoignent-la-finale\" rel=\"bookmark\" title=\"CAN 2022 : les Pharaons \u00e9liminent le Cameroun et rejoignent la finale\">CAN 2022 : les Pharaons \u00e9liminent le Cameroun et rejoignent la finale<\/a><\/h3>\r\n                <div class=\"td-module-meta-info\">\r\n                                        <span class=\"td-post-date\"><time class=\"entry-date updated td-module-date\" datetime=\"2022-02-04T00:13:08+00:00\" >2022-02-04<\/time><\/span>                                    <\/div>\r\n\r\n                <div class=\"td-excerpt\">\r\n                                    <\/div>\r\n            <\/div>\r\n\r\n        <\/div>\r\n\r\n        \n\t<\/div> <!-- .\/td-block-span4 -->\n\n\t<div class=\"td-block-span4\">\n\r\n        <div class=\"td_module_mx7 td_module_wrap td-animation-stack\">\r\n            <div class=\"td-module-image\">\r\n                <div class=\"td-module-thumb\"><a href=\"https:\/\/www.africa-press.net\/congo-brazzaville\/homepage-french\/can-2022-les-lions-de-la-teranga-retrouvent-la-finale\" rel=\"bookmark\" class=\"td-image-wrap\" title=\"CAN 2022 : les Lions de la Teranga retrouvent la finale\"><img loading=\"lazy\" decoding=\"async\" class=\"entry-thumb\" src=\"data:image\/png;base64,iVBORw0KGgoAAAANSUhEUgAAANoAAACWAQMAAACCSQSPAAAAA1BMVEWurq51dlI4AAAAAXRSTlMmkutdmwAAABpJREFUWMPtwQENAAAAwiD7p7bHBwwAAAAg7RD+AAGXD7BoAAAAAElFTkSuQmCC\" alt=\"CAN 2022 : les Lions de la Teranga retrouvent la finale\" title=\"CAN 2022 : les Lions de la Teranga retrouvent la finale\" data-type=\"image_tag\" data-img-url=\"https:\/\/static.africa-press.net\/congo-brazzaville\/sites\/51\/2022\/02\/img-218x150.jpg\"  width=\"218\" height=\"150\" \/><\/a><\/div>                            <\/div>\r\n\r\n            <div class=\"item-details\">\r\n                <h3 class=\"entry-title td-module-title\"><a href=\"https:\/\/www.africa-press.net\/congo-brazzaville\/homepage-french\/can-2022-les-lions-de-la-teranga-retrouvent-la-finale\" rel=\"bookmark\" title=\"CAN 2022 : les Lions de la Teranga retrouvent la finale\">CAN 2022 : les Lions de la Teranga retrouvent la finale<\/a><\/h3>\r\n                <div class=\"td-module-meta-info\">\r\n                                        <span class=\"td-post-date\"><time class=\"entry-date updated td-module-date\" datetime=\"2022-02-02T21:57:12+00:00\" >2022-02-02<\/time><\/span>                                    <\/div>\r\n\r\n                <div class=\"td-excerpt\">\r\n                                    <\/div>\r\n            <\/div>\r\n\r\n        <\/div>\r\n\r\n        \n\t<\/div> <!-- .\/td-block-span4 -->\n\n\t<div class=\"td-block-span4\">\n\r\n        <div class=\"td_module_mx7 td_module_wrap td-animation-stack\">\r\n            <div class=\"td-module-image\">\r\n                <div class=\"td-module-thumb\"><a href=\"https:\/\/www.africa-press.net\/congo-brazzaville\/video\/un-nuage-de-plasma-solaire-couvrira-la-terre-le-2-fevrier\" rel=\"bookmark\" class=\"td-image-wrap\" title=\"Un nuage de plasma solaire couvrira la Terre le 2 f\u00e9vrier\"><img loading=\"lazy\" decoding=\"async\" class=\"entry-thumb\" src=\"data:image\/png;base64,iVBORw0KGgoAAAANSUhEUgAAANoAAACWAQMAAACCSQSPAAAAA1BMVEWurq51dlI4AAAAAXRSTlMmkutdmwAAABpJREFUWMPtwQENAAAAwiD7p7bHBwwAAAAg7RD+AAGXD7BoAAAAAElFTkSuQmCC\" alt=\"Un nuage de plasma solaire couvrira la Terre le 2 f\u00e9vrier\" title=\"Un nuage de plasma solaire couvrira la Terre le 2 f\u00e9vrier\" data-type=\"image_tag\" data-img-url=\"https:\/\/static.africa-press.net\/congo-brazzaville\/sites\/51\/2022\/02\/img-620934801a478-218x150.jpg\"  width=\"218\" height=\"150\" \/><\/a><\/div>                            <\/div>\r\n\r\n            <div class=\"item-details\">\r\n                <h3 class=\"entry-title td-module-title\"><a href=\"https:\/\/www.africa-press.net\/congo-brazzaville\/video\/un-nuage-de-plasma-solaire-couvrira-la-terre-le-2-fevrier\" rel=\"bookmark\" title=\"Un nuage de plasma solaire couvrira la Terre le 2 f\u00e9vrier\">Un nuage de plasma solaire couvrira la Terre le 2 f\u00e9vrier<\/a><\/h3>\r\n                <div class=\"td-module-meta-info\">\r\n                                        <span class=\"td-post-date\"><time class=\"entry-date updated td-module-date\" datetime=\"2022-02-01T16:12:30+00:00\" >2022-02-01<\/time><\/span>                                    <\/div>\r\n\r\n                <div class=\"td-excerpt\">\r\n                                    <\/div>\r\n            <\/div>\r\n\r\n        <\/div>\r\n\r\n        \n\t<\/div> <!-- .\/td-block-span4 -->\n\n\t<div class=\"td-block-span4\">\n\r\n        <div class=\"td_module_mx7 td_module_wrap td-animation-stack\">\r\n            <div class=\"td-module-image\">\r\n                <div class=\"td-module-thumb\"><a href=\"https:\/\/www.africa-press.net\/congo-brazzaville\/sports\/can-2021-le-senegal-domine-la-guinee-equatoriale-et-se-qualifie-pour-les-demi-finales\" rel=\"bookmark\" class=\"td-image-wrap\" title=\"CAN 2021 : le S\u00e9n\u00e9gal domine la Guin\u00e9e Equatoriale et se qualifie pour les demi-finales\"><img loading=\"lazy\" decoding=\"async\" class=\"entry-thumb\" src=\"data:image\/png;base64,iVBORw0KGgoAAAANSUhEUgAAANoAAACWAQMAAACCSQSPAAAAA1BMVEWurq51dlI4AAAAAXRSTlMmkutdmwAAABpJREFUWMPtwQENAAAAwiD7p7bHBwwAAAAg7RD+AAGXD7BoAAAAAElFTkSuQmCC\" alt=\"CAN 2021 : le S\u00e9n\u00e9gal domine la Guin\u00e9e Equatoriale et se qualifie pour les demi-finales\" title=\"CAN 2021 : le S\u00e9n\u00e9gal domine la Guin\u00e9e Equatoriale et se qualifie pour les demi-finales\" data-type=\"image_tag\" data-img-url=\"https:\/\/static.africa-press.net\/congo-brazzaville\/sites\/51\/2022\/01\/img-61f70baf1bf63-218x150.jpg\"  width=\"218\" height=\"150\" \/><\/a><\/div>                            <\/div>\r\n\r\n            <div class=\"item-details\">\r\n                <h3 class=\"entry-title td-module-title\"><a href=\"https:\/\/www.africa-press.net\/congo-brazzaville\/sports\/can-2021-le-senegal-domine-la-guinee-equatoriale-et-se-qualifie-pour-les-demi-finales\" rel=\"bookmark\" title=\"CAN 2021 : le S\u00e9n\u00e9gal domine la Guin\u00e9e Equatoriale et se qualifie pour les demi-finales\">CAN 2021 : le S\u00e9n\u00e9gal domine la Guin\u00e9e Equatoriale et se qualifie pour les demi-finales<\/a><\/h3>\r\n                <div class=\"td-module-meta-info\">\r\n                                        <span class=\"td-post-date\"><time class=\"entry-date updated td-module-date\" datetime=\"2022-01-30T21:18:17+00:00\" >2022-01-30<\/time><\/span>                                    <\/div>\r\n\r\n                <div class=\"td-excerpt\">\r\n                                    <\/div>\r\n            <\/div>\r\n\r\n        <\/div>\r\n\r\n        \n\t<\/div> <!-- .\/td-block-span4 --><\/div><!--.\/row-fluid--><\/div><div class=\"td-load-more-wrap\"><a href=\"#\" class=\"td_ajax_load_more td_ajax_load_more_js\" id=\"next-page-td_uid_4_69f37363919f0\" data-td_block_id=\"td_uid_4_69f37363919f0\">Voir plus<i class=\"td-icon-font td-icon-menu-right\"><\/i><\/a><\/div><\/div> <!-- .\/block --><\/div><\/div><\/div><\/div><\/div><\/div>\r\n\t\t\t<script>\r\n\r\n\t\t\t\tjQuery(window).load(function () {\r\n\r\n                    var $content = jQuery('body').find('#tdc-live-iframe'),\r\n                        refWindow = undefined;\r\n\r\n                    if ($content.length) {\r\n                        $content = $content.contents();\r\n                        refWindow = document.getElementById('tdc-live-iframe').contentWindow || document.getElementById('tdc-live-iframe').contentDocument;\r\n\r\n                    } else {\r\n                        $content = jQuery('body');\r\n                        refWindow = window;\r\n                    }\r\n\r\n                    $content.find('#td_uid_1_69f37363912ab .td-element-style').each(function (index, element) {\r\n                        \/\/jQuery(element).css('opacity', 1);\r\n                        return;\r\n                    });\r\n                });\r\n\r\n\t\t\t<\/script>\r\n\r\n\t\t\t","protected":false},"excerpt":{"rendered":"","protected":false},"author":14,"featured_media":0,"parent":0,"menu_order":0,"comment_status":"closed","ping_status":"closed","template":"","meta":{"footnotes":""},"class_list":["post-671","page","type-page","status-publish","hentry"],"yoast_head":"<!-- This site is optimized with the Yoast SEO Premium plugin v26.1 (Yoast SEO v27.0) - https:\/\/yoast.com\/product\/yoast-seo-premium-wordpress\/ -->\n<title>video - Congo Brazzaville<\/title>\n<meta name=\"robots\" content=\"index, follow, max-snippet:-1, max-image-preview:large, max-video-preview:-1\" \/>\n<link rel=\"canonical\" href=\"https:\/\/www.africa-press.net\/congo-brazzaville\/video\" \/>\n<meta property=\"og:locale\" content=\"fr_FR\" \/>\n<meta property=\"og:type\" content=\"article\" \/>\n<meta property=\"og:title\" content=\"video\" \/>\n<meta property=\"og:url\" content=\"https:\/\/www.africa-press.net\/congo-brazzaville\/video\" \/>\n<meta property=\"og:site_name\" content=\"Congo Brazzaville\" \/>\n<meta property=\"article:modified_time\" content=\"2022-01-04T04:05:47+00:00\" \/>\n<meta name=\"twitter:card\" content=\"summary_large_image\" \/>\n<script type=\"application\/ld+json\" class=\"yoast-schema-graph\">{\"@context\":\"https:\/\/schema.org\",\"@graph\":[{\"@type\":\"WebPage\",\"@id\":\"https:\/\/www.africa-press.net\/congo-brazzaville\/video\",\"url\":\"https:\/\/www.africa-press.net\/congo-brazzaville\/video\",\"name\":\"video - Congo Brazzaville\",\"isPartOf\":{\"@id\":\"https:\/\/www.africa-press.net\/congo-brazzaville\/#website\"},\"datePublished\":\"2020-12-05T20:13:59+00:00\",\"dateModified\":\"2022-01-04T04:05:47+00:00\",\"breadcrumb\":{\"@id\":\"https:\/\/www.africa-press.net\/congo-brazzaville\/video#breadcrumb\"},\"inLanguage\":\"fr-FR\",\"potentialAction\":[{\"@type\":\"ReadAction\",\"target\":[\"https:\/\/www.africa-press.net\/congo-brazzaville\/video\"]}]},{\"@type\":\"BreadcrumbList\",\"@id\":\"https:\/\/www.africa-press.net\/congo-brazzaville\/video#breadcrumb\",\"itemListElement\":[{\"@type\":\"ListItem\",\"position\":1,\"name\":\"Accueil\",\"item\":\"https:\/\/www.africa-press.net\/congo-brazzaville\/\"},{\"@type\":\"ListItem\",\"position\":2,\"name\":\"video\"}]},{\"@type\":\"WebSite\",\"@id\":\"https:\/\/www.africa-press.net\/congo-brazzaville\/#website\",\"url\":\"https:\/\/www.africa-press.net\/congo-brazzaville\/\",\"name\":\"Congo Brazzaville\",\"description\":\"Just another Africa News Agency Sites site\",\"potentialAction\":[{\"@type\":\"SearchAction\",\"target\":{\"@type\":\"EntryPoint\",\"urlTemplate\":\"https:\/\/www.africa-press.net\/congo-brazzaville\/?s={search_term_string}\"},\"query-input\":{\"@type\":\"PropertyValueSpecification\",\"valueRequired\":true,\"valueName\":\"search_term_string\"}}],\"inLanguage\":\"fr-FR\"}]}<\/script>\n<!-- \/ Yoast SEO Premium plugin. -->","yoast_head_json":{"title":"video - Congo Brazzaville","robots":{"index":"index","follow":"follow","max-snippet":"max-snippet:-1","max-image-preview":"max-image-preview:large","max-video-preview":"max-video-preview:-1"},"canonical":"https:\/\/www.africa-press.net\/congo-brazzaville\/video","og_locale":"fr_FR","og_type":"article","og_title":"video","og_url":"https:\/\/www.africa-press.net\/congo-brazzaville\/video","og_site_name":"Congo Brazzaville","article_modified_time":"2022-01-04T04:05:47+00:00","twitter_card":"summary_large_image","schema":{"@context":"https:\/\/schema.org","@graph":[{"@type":"WebPage","@id":"https:\/\/www.africa-press.net\/congo-brazzaville\/video","url":"https:\/\/www.africa-press.net\/congo-brazzaville\/video","name":"video - Congo Brazzaville","isPartOf":{"@id":"https:\/\/www.africa-press.net\/congo-brazzaville\/#website"},"datePublished":"2020-12-05T20:13:59+00:00","dateModified":"2022-01-04T04:05:47+00:00","breadcrumb":{"@id":"https:\/\/www.africa-press.net\/congo-brazzaville\/video#breadcrumb"},"inLanguage":"fr-FR","potentialAction":[{"@type":"ReadAction","target":["https:\/\/www.africa-press.net\/congo-brazzaville\/video"]}]},{"@type":"BreadcrumbList","@id":"https:\/\/www.africa-press.net\/congo-brazzaville\/video#breadcrumb","itemListElement":[{"@type":"ListItem","position":1,"name":"Accueil","item":"https:\/\/www.africa-press.net\/congo-brazzaville\/"},{"@type":"ListItem","position":2,"name":"video"}]},{"@type":"WebSite","@id":"https:\/\/www.africa-press.net\/congo-brazzaville\/#website","url":"https:\/\/www.africa-press.net\/congo-brazzaville\/","name":"Congo Brazzaville","description":"Just another Africa News Agency Sites site","potentialAction":[{"@type":"SearchAction","target":{"@type":"EntryPoint","urlTemplate":"https:\/\/www.africa-press.net\/congo-brazzaville\/?s={search_term_string}"},"query-input":{"@type":"PropertyValueSpecification","valueRequired":true,"valueName":"search_term_string"}}],"inLanguage":"fr-FR"}]}},"_links":{"self":[{"href":"https:\/\/www.africa-press.net\/congo-brazzaville\/wp-json\/wp\/v2\/pages\/671","targetHints":{"allow":["GET"]}}],"collection":[{"href":"https:\/\/www.africa-press.net\/congo-brazzaville\/wp-json\/wp\/v2\/pages"}],"about":[{"href":"https:\/\/www.africa-press.net\/congo-brazzaville\/wp-json\/wp\/v2\/types\/page"}],"author":[{"embeddable":true,"href":"https:\/\/www.africa-press.net\/congo-brazzaville\/wp-json\/wp\/v2\/users\/14"}],"replies":[{"embeddable":true,"href":"https:\/\/www.africa-press.net\/congo-brazzaville\/wp-json\/wp\/v2\/comments?post=671"}],"version-history":[{"count":0,"href":"https:\/\/www.africa-press.net\/congo-brazzaville\/wp-json\/wp\/v2\/pages\/671\/revisions"}],"wp:attachment":[{"href":"https:\/\/www.africa-press.net\/congo-brazzaville\/wp-json\/wp\/v2\/media?parent=671"}],"curies":[{"name":"wp","href":"https:\/\/api.w.org\/{rel}","templated":true}]}}