{"id":190,"date":"2017-09-28T09:43:30","date_gmt":"2017-09-28T09:43:30","guid":{"rendered":"http:\/\/africa-press.com\/senegal\/?page_id=190"},"modified":"2021-01-03T16:32:44","modified_gmt":"2021-01-03T16:32:44","slug":"senegal-homepage","status":"publish","type":"page","link":"https:\/\/www.africa-press.net\/senegal\/","title":{"rendered":"senegal"},"content":{"rendered":"<div id=\"td_uid_1_69f4ba93b2a26\" class=\"tdc-zone\"><div class=\"tdc_zone td_uid_1_69f4ba93b2a2e_rand  wpb_row td-pb-row\"  >\n<style scoped>\n\n\/* custom css *\/\n.td_uid_1_69f4ba93b2a2e_rand {\r\n                    min-height: 0;\r\n                }\n<\/style><div id=\"td_uid_2_69f4ba93b2d89\" class=\"tdc-row\"><div id=\"news-title\" class=\"vc_row vc_custom_1506623668660 td_uid_2_69f4ba93b2d8f_rand  wpb_row td-pb-row\" >\n<style scoped>\n\n\/* tdc_composer_block - inline css att *\/\n.vc_custom_1506623668660{border-top-width: 5px !important;border-right-width: 5px !important;border-bottom-width: 5px !important;border-left-width: 5px !important;border-left-color: #ffffff !important;border-right-color: #ffffff !important;border-top-color: #ffffff !important;border-bottom-color: #ffffff !important;}\n\/* custom css *\/\n.td_uid_2_69f4ba93b2d8f_rand {\r\n                    min-height: 0;\r\n                }\n<\/style><div class=\"vc_column td_uid_3_69f4ba93b3053_rand  wpb_column vc_column_container tdc-column td-pb-span12\">\n<style scoped>\n\n\/* custom css *\/\n.td_uid_3_69f4ba93b3053_rand {\r\n                    vertical-align: baseline;\r\n                }\n<\/style><div class=\"wpb_wrapper\"><div class=\"td-big-grid-slide td_block_wrap\" id=\"iosSlider_td_uid_4_69f4ba93b3367\"><div class=\"td-theme-slider td_block_inner\" id=\"td_uid_4_69f4ba93b3367\"><div class=\"td_block_wrap td_block_big_grid_2 item td_uid_5_69f4ba93c2852_rand td-grid-style-1 td-hover-1 td-big-grids td-pb-border-top head-lines-box td_block_template_1\"  data-td-block-uid=\"td_uid_5_69f4ba93c2852\" ><div id=td_uid_5_69f4ba93c2852 class=\"td_block_inner\"><div class=\"td-big-grid-wrapper\">\r\n        <div class=\"td_module_mx9 td-animation-stack td-big-grid-post-0 td-big-grid-post td-big-thumb\">\r\n            <div class=\"td-module-thumb\"><a href=\"https:\/\/www.africa-press.net\/senegal\/dossiers\/reforme-du-code-electoral-et-division-politique-au-senegal\" rel=\"bookmark\" class=\"td-image-wrap\" title=\"R\u00e9forme du Code \u00c9lectoral et Division Politique au S\u00e9n\u00e9gal\"><img loading=\"lazy\" decoding=\"async\" class=\"entry-thumb\" src=\"data:image\/png;base64,iVBORw0KGgoAAAANSUhEUgAAAuUAAAHmAQMAAADuiGKOAAAAA1BMVEWurq51dlI4AAAAAXRSTlMmkutdmwAAAENJREFUeNrtwYEAAAAAw6D7Ux9gCtUAAAAAAAAAAAAAAAAAAAAAAAAAAAAAAAAAAAAAAAAAAAAAAAAAAAAAAAAAAIgDsnQAAavKUH8AAAAASUVORK5CYII=\" alt=\"R\u00e9forme du Code \u00c9lectoral et Division Politique au S\u00e9n\u00e9gal\" title=\"R\u00e9forme du Code \u00c9lectoral et Division Politique au S\u00e9n\u00e9gal\" data-type=\"image_tag\" data-img-url=\"https:\/\/static.africa-press.net\/senegal\/sites\/13\/2026\/05\/sm_1777594055.14259-741x486.jpg\"  width=\"741\" height=\"486\" \/><\/a><\/div>            <div class=\"td-meta-info-container\">\r\n                <div class=\"td-meta-align\">\r\n                    <div class=\"td-big-grid-meta\">\r\n                                                <h3 class=\"entry-title td-module-title\"><a href=\"https:\/\/www.africa-press.net\/senegal\/dossiers\/reforme-du-code-electoral-et-division-politique-au-senegal\" rel=\"bookmark\" title=\"R\u00e9forme du Code \u00c9lectoral et Division Politique au S\u00e9n\u00e9gal\">R\u00e9forme du Code \u00c9lectoral et Division Politique au S\u00e9n\u00e9gal<\/a><\/h3>                    <\/div>\r\n                    <div class=\"td-module-meta-info\">\r\n                                                <span class=\"td-post-date\"><time class=\"entry-date updated td-module-date\" datetime=\"2026-04-30T20:26:42+00:00\" >2026-04-30<\/time><\/span>                    <\/div>\r\n                <\/div>\r\n            <\/div>\r\n\r\n        <\/div>\r\n\r\n        <div class=\"td-big-grid-scroll\">\r\n        <div class=\"td_module_mx10 td-animation-stack td-big-grid-post-1 td-big-grid-post td-small-thumb\">\r\n            <div class=\"td-module-thumb\"><a href=\"https:\/\/www.africa-press.net\/senegal\/politique\/derriere-un-vote-a-lonu-equilibres-economiques-concrets\" rel=\"bookmark\" class=\"td-image-wrap\" title=\"Derri\u00e8re un Vote \u00c0 L&rsquo;Onu, \u00c9quilibres \u00c9conomiques Concrets\"><img loading=\"lazy\" decoding=\"async\" class=\"entry-thumb\" src=\"data:image\/png;base64,iVBORw0KGgoAAAANSUhEUgAAAUQAAACgAQMAAABOhoelAAAAA1BMVEWurq51dlI4AAAAAXRSTlMmkutdmwAAAB1JREFUWMPtwTEBAAAAwiD7p\/ZdCGAAAAAAAAAQBxpAAAH8le3bAAAAAElFTkSuQmCC\" alt=\"Derri\u00e8re un Vote \u00c0 L&#039;Onu, \u00c9quilibres \u00c9conomiques Concrets\" title=\"Derri\u00e8re un Vote \u00c0 L&rsquo;Onu, \u00c9quilibres \u00c9conomiques Concrets\" data-type=\"image_tag\" data-img-url=\"https:\/\/static.africa-press.net\/senegal\/sites\/13\/2026\/04\/sm_1777573930.486939-324x160.jpg\"  width=\"324\" height=\"160\" \/><\/a><\/div>            <div class=\"td-meta-info-container\">\r\n                <div class=\"td-meta-align\">\r\n                    <div class=\"td-big-grid-meta\">\r\n                                                <h3 class=\"entry-title td-module-title\"><a href=\"https:\/\/www.africa-press.net\/senegal\/politique\/derriere-un-vote-a-lonu-equilibres-economiques-concrets\" rel=\"bookmark\" title=\"Derri\u00e8re un Vote \u00c0 L&rsquo;Onu, \u00c9quilibres \u00c9conomiques Concrets\">Derri\u00e8re un Vote \u00c0 L&rsquo;Onu, \u00c9quilibres \u00c9conomiques Concrets<\/a><\/h3>                    <\/div>\r\n                <\/div>\r\n            <\/div>\r\n\r\n        <\/div>\r\n\r\n        \r\n        <div class=\"td_module_mx10 td-animation-stack td-big-grid-post-2 td-big-grid-post td-small-thumb\">\r\n            <div class=\"td-module-thumb\"><a href=\"https:\/\/www.africa-press.net\/senegal\/politique\/votes-l29-et-l30-intrigue-sur-voix-manquantes-de-pastef\" rel=\"bookmark\" class=\"td-image-wrap\" title=\"Votes L29 et L30: Intrigue sur Voix Manquantes de Pastef\"><img loading=\"lazy\" decoding=\"async\" class=\"entry-thumb\" src=\"data:image\/png;base64,iVBORw0KGgoAAAANSUhEUgAAAUQAAACgAQMAAABOhoelAAAAA1BMVEWurq51dlI4AAAAAXRSTlMmkutdmwAAAB1JREFUWMPtwTEBAAAAwiD7p\/ZdCGAAAAAAAAAQBxpAAAH8le3bAAAAAElFTkSuQmCC\" alt=\"Votes L29 et L30: Intrigue sur Voix Manquantes de Pastef\" title=\"Votes L29 et L30: Intrigue sur Voix Manquantes de Pastef\" data-type=\"image_tag\" data-img-url=\"https:\/\/static.africa-press.net\/senegal\/sites\/13\/2026\/04\/sm_1777573909.607183-324x160.jpg\"  width=\"324\" height=\"160\" \/><\/a><\/div>            <div class=\"td-meta-info-container\">\r\n                <div class=\"td-meta-align\">\r\n                    <div class=\"td-big-grid-meta\">\r\n                                                <h3 class=\"entry-title td-module-title\"><a href=\"https:\/\/www.africa-press.net\/senegal\/politique\/votes-l29-et-l30-intrigue-sur-voix-manquantes-de-pastef\" rel=\"bookmark\" title=\"Votes L29 et L30: Intrigue sur Voix Manquantes de Pastef\">Votes L29 et L30: Intrigue sur Voix Manquantes de Pastef<\/a><\/h3>                    <\/div>\r\n                <\/div>\r\n            <\/div>\r\n\r\n        <\/div>\r\n\r\n        \r\n        <div class=\"td_module_mx10 td-animation-stack td-big-grid-post-3 td-big-grid-post td-small-thumb\">\r\n            <div class=\"td-module-thumb\"><a href=\"https:\/\/www.africa-press.net\/senegal\/economie\/diplomatie-economique-comme-front-de-competition-capitale\" rel=\"bookmark\" class=\"td-image-wrap\" title=\"Diplomatie \u00c9conomique Comme Front de Comp\u00e9tition Capitale\"><img loading=\"lazy\" decoding=\"async\" class=\"entry-thumb\" src=\"data:image\/png;base64,iVBORw0KGgoAAAANSUhEUgAAAUQAAACgAQMAAABOhoelAAAAA1BMVEWurq51dlI4AAAAAXRSTlMmkutdmwAAAB1JREFUWMPtwTEBAAAAwiD7p\/ZdCGAAAAAAAAAQBxpAAAH8le3bAAAAAElFTkSuQmCC\" alt=\"Diplomatie \u00c9conomique Comme Front de Comp\u00e9tition Capitale\" title=\"Diplomatie \u00c9conomique Comme Front de Comp\u00e9tition Capitale\" data-type=\"image_tag\" data-img-url=\"https:\/\/static.africa-press.net\/senegal\/sites\/13\/2026\/04\/sm_1777573951.602992-324x160.jpg\"  width=\"324\" height=\"160\" \/><\/a><\/div>            <div class=\"td-meta-info-container\">\r\n                <div class=\"td-meta-align\">\r\n                    <div class=\"td-big-grid-meta\">\r\n                                                <h3 class=\"entry-title td-module-title\"><a href=\"https:\/\/www.africa-press.net\/senegal\/economie\/diplomatie-economique-comme-front-de-competition-capitale\" rel=\"bookmark\" title=\"Diplomatie \u00c9conomique Comme Front de Comp\u00e9tition Capitale\">Diplomatie \u00c9conomique Comme Front de Comp\u00e9tition Capitale<\/a><\/h3>                    <\/div>\r\n                <\/div>\r\n            <\/div>\r\n\r\n        <\/div>\r\n\r\n        <\/div><\/div><div class=\"clearfix\"><\/div><\/div><\/div> <!-- .\/block --><div class=\"td_block_wrap td_block_big_grid_2 item td_uid_6_69f4ba93d8316_rand td-grid-style-1 td-hover-1 td-big-grids td-pb-border-top head-lines-box td_block_template_1\"  data-td-block-uid=\"td_uid_6_69f4ba93d8316\" ><div id=td_uid_6_69f4ba93d8316 class=\"td_block_inner\"><div class=\"td-big-grid-wrapper\">\r\n        <div class=\"td_module_mx9 td-animation-stack td-big-grid-post-0 td-big-grid-post td-big-thumb\">\r\n            <div class=\"td-module-thumb\"><a href=\"https:\/\/www.africa-press.net\/senegal\/politique\/digitalisation-de-ladministration-sonko-exige-un-plan\" rel=\"bookmark\" class=\"td-image-wrap\" title=\"Digitalisation de L&rsquo;Administration: Sonko Exige un Plan\"><img loading=\"lazy\" decoding=\"async\" class=\"entry-thumb\" src=\"data:image\/png;base64,iVBORw0KGgoAAAANSUhEUgAAAuUAAAHmAQMAAADuiGKOAAAAA1BMVEWurq51dlI4AAAAAXRSTlMmkutdmwAAAENJREFUeNrtwYEAAAAAw6D7Ux9gCtUAAAAAAAAAAAAAAAAAAAAAAAAAAAAAAAAAAAAAAAAAAAAAAAAAAAAAAAAAAIgDsnQAAavKUH8AAAAASUVORK5CYII=\" alt=\"Digitalisation de L&#039;Administration: Sonko Exige un Plan\" title=\"Digitalisation de L&rsquo;Administration: Sonko Exige un Plan\" data-type=\"image_tag\" data-img-url=\"https:\/\/static.africa-press.net\/senegal\/sites\/13\/2026\/04\/sm_1777506177.251332-741x486.jpg\"  width=\"741\" height=\"486\" \/><\/a><\/div>            <div class=\"td-meta-info-container\">\r\n                <div class=\"td-meta-align\">\r\n                    <div class=\"td-big-grid-meta\">\r\n                                                <h3 class=\"entry-title td-module-title\"><a href=\"https:\/\/www.africa-press.net\/senegal\/politique\/digitalisation-de-ladministration-sonko-exige-un-plan\" rel=\"bookmark\" title=\"Digitalisation de L&rsquo;Administration: Sonko Exige un Plan\">Digitalisation de L&rsquo;Administration: Sonko Exige un Plan<\/a><\/h3>                    <\/div>\r\n                    <div class=\"td-module-meta-info\">\r\n                                                <span class=\"td-post-date\"><time class=\"entry-date updated td-module-date\" datetime=\"2026-04-29T23:32:27+00:00\" >2026-04-29<\/time><\/span>                    <\/div>\r\n                <\/div>\r\n            <\/div>\r\n\r\n        <\/div>\r\n\r\n        <div class=\"td-big-grid-scroll\">\r\n        <div class=\"td_module_mx10 td-animation-stack td-big-grid-post-1 td-big-grid-post td-small-thumb\">\r\n            <div class=\"td-module-thumb\"><a href=\"https:\/\/www.africa-press.net\/senegal\/politique\/infrastructures-sanitaires-sonko-evalue-310-milliards\" rel=\"bookmark\" class=\"td-image-wrap\" title=\"Infrastructures Sanitaires: Sonko \u00c9value 310 Milliards\"><img loading=\"lazy\" decoding=\"async\" class=\"entry-thumb\" src=\"data:image\/png;base64,iVBORw0KGgoAAAANSUhEUgAAAUQAAACgAQMAAABOhoelAAAAA1BMVEWurq51dlI4AAAAAXRSTlMmkutdmwAAAB1JREFUWMPtwTEBAAAAwiD7p\/ZdCGAAAAAAAAAQBxpAAAH8le3bAAAAAElFTkSuQmCC\" alt=\"Infrastructures Sanitaires: Sonko \u00c9value 310 Milliards\" title=\"Infrastructures Sanitaires: Sonko \u00c9value 310 Milliards\" data-type=\"image_tag\" data-img-url=\"https:\/\/static.africa-press.net\/senegal\/sites\/13\/2026\/04\/sm_1777506193.927509-324x160.jpg\"  width=\"324\" height=\"160\" \/><\/a><\/div>            <div class=\"td-meta-info-container\">\r\n                <div class=\"td-meta-align\">\r\n                    <div class=\"td-big-grid-meta\">\r\n                                                <h3 class=\"entry-title td-module-title\"><a href=\"https:\/\/www.africa-press.net\/senegal\/politique\/infrastructures-sanitaires-sonko-evalue-310-milliards\" rel=\"bookmark\" title=\"Infrastructures Sanitaires: Sonko \u00c9value 310 Milliards\">Infrastructures Sanitaires: Sonko \u00c9value 310 Milliards<\/a><\/h3>                    <\/div>\r\n                <\/div>\r\n            <\/div>\r\n\r\n        <\/div>\r\n\r\n        \r\n        <div class=\"td_module_mx10 td-animation-stack td-big-grid-post-2 td-big-grid-post td-small-thumb\">\r\n            <div class=\"td-module-thumb\"><a href=\"https:\/\/www.africa-press.net\/senegal\/sports\/senegal-denonce-decision-illegale-de-la-caf\" rel=\"bookmark\" class=\"td-image-wrap\" title=\"S\u00e9n\u00e9gal D\u00e9nonce D\u00e9cision Ill\u00e9gale de la CAF\"><img loading=\"lazy\" decoding=\"async\" class=\"entry-thumb\" src=\"data:image\/png;base64,iVBORw0KGgoAAAANSUhEUgAAAUQAAACgAQMAAABOhoelAAAAA1BMVEWurq51dlI4AAAAAXRSTlMmkutdmwAAAB1JREFUWMPtwTEBAAAAwiD7p\/ZdCGAAAAAAAAAQBxpAAAH8le3bAAAAAElFTkSuQmCC\" alt=\"S\u00e9n\u00e9gal D\u00e9nonce D\u00e9cision Ill\u00e9gale de la CAF\" title=\"S\u00e9n\u00e9gal D\u00e9nonce D\u00e9cision Ill\u00e9gale de la CAF\" data-type=\"image_tag\" data-img-url=\"https:\/\/static.africa-press.net\/senegal\/sites\/13\/2026\/03\/sm_1773864639.93751-324x160.jpg\"  width=\"324\" height=\"160\" \/><\/a><\/div>            <div class=\"td-meta-info-container\">\r\n                <div class=\"td-meta-align\">\r\n                    <div class=\"td-big-grid-meta\">\r\n                                                <h3 class=\"entry-title td-module-title\"><a href=\"https:\/\/www.africa-press.net\/senegal\/sports\/senegal-denonce-decision-illegale-de-la-caf\" rel=\"bookmark\" title=\"S\u00e9n\u00e9gal D\u00e9nonce D\u00e9cision Ill\u00e9gale de la CAF\">S\u00e9n\u00e9gal D\u00e9nonce D\u00e9cision Ill\u00e9gale de la CAF<\/a><\/h3>                    <\/div>\r\n                <\/div>\r\n            <\/div>\r\n\r\n        <\/div>\r\n\r\n        \r\n        <div class=\"td_module_mx10 td-animation-stack td-big-grid-post-3 td-big-grid-post td-small-thumb\">\r\n            <div class=\"td-module-thumb\"><a href=\"https:\/\/www.africa-press.net\/senegal\/parties\/apr-accuse-sonko-de-travestir-la-verite-sur-le-gaz\" rel=\"bookmark\" class=\"td-image-wrap\" title=\"APR Accuse Sonko de Travestir la V\u00e9rit\u00e9 sur le Gaz\"><img loading=\"lazy\" decoding=\"async\" class=\"entry-thumb\" src=\"data:image\/png;base64,iVBORw0KGgoAAAANSUhEUgAAAUQAAACgAQMAAABOhoelAAAAA1BMVEWurq51dlI4AAAAAXRSTlMmkutdmwAAAB1JREFUWMPtwTEBAAAAwiD7p\/ZdCGAAAAAAAAAQBxpAAAH8le3bAAAAAElFTkSuQmCC\" alt=\"APR Accuse Sonko de Travestir la V\u00e9rit\u00e9 sur le Gaz\" title=\"APR Accuse Sonko de Travestir la V\u00e9rit\u00e9 sur le Gaz\" data-type=\"image_tag\" data-img-url=\"https:\/\/static.africa-press.net\/senegal\/sites\/13\/2026\/03\/sm_1773607803.729654-324x160.jpg\"  width=\"324\" height=\"160\" \/><\/a><\/div>            <div class=\"td-meta-info-container\">\r\n                <div class=\"td-meta-align\">\r\n                    <div class=\"td-big-grid-meta\">\r\n                                                <h3 class=\"entry-title td-module-title\"><a href=\"https:\/\/www.africa-press.net\/senegal\/parties\/apr-accuse-sonko-de-travestir-la-verite-sur-le-gaz\" rel=\"bookmark\" title=\"APR Accuse Sonko de Travestir la V\u00e9rit\u00e9 sur le Gaz\">APR Accuse Sonko de Travestir la V\u00e9rit\u00e9 sur le Gaz<\/a><\/h3>                    <\/div>\r\n                <\/div>\r\n            <\/div>\r\n\r\n        <\/div>\r\n\r\n        <\/div><\/div><div class=\"clearfix\"><\/div><\/div><\/div> <!-- .\/block --><\/div><i class = \"td-icon-left\"><\/i><i class = \"td-icon-right\"><\/i><\/div><\/div><\/div><\/div><\/div><div id=\"td_uid_4_69f4ba93eed07\" class=\"tdc-row\"><div class=\"vc_row td_uid_7_69f4ba93eed11_rand  wpb_row td-pb-row\" >\n<style scoped>\n\n\/* custom css *\/\n.td_uid_7_69f4ba93eed11_rand {\r\n                    min-height: 0;\r\n                }\n<\/style><div class=\"vc_column td_uid_8_69f4ba93eefd0_rand  wpb_column vc_column_container tdc-column td-pb-span8\">\n<style scoped>\n\n\/* custom css *\/\n.td_uid_8_69f4ba93eefd0_rand {\r\n                    vertical-align: baseline;\r\n                }\n\/* inline tdc_css att *\/\n\n.td_uid_8_69f4ba93eefd0_rand{\nposition:relative;\n}\n\n<\/style>\n<div class=\"td_uid_5_69f4ba93eefca_rand_style td-element-style\" ><style>\n.td_uid_5_69f4ba93eefca_rand_style{\nbackground-color:#ffffff !important;\n}\n <\/style><\/div><div class=\"wpb_wrapper\"><div class=\"td_block_wrap td_block_9 td_uid_9_69f4ba93ef244_rand td-pb-border-top all-news-block td_block_template_1 td-column-2 td_block_padding td_block_bot_line\"  data-td-block-uid=\"td_uid_9_69f4ba93ef244\" >\n<style>\n.td-theme-wrap .td_uid_9_69f4ba93ef244_rand .td-pulldown-filter-link:hover,\r\n            .td-theme-wrap .td_uid_9_69f4ba93ef244_rand .td-subcat-item a:hover,\r\n            .td-theme-wrap .td_uid_9_69f4ba93ef244_rand .td-subcat-item .td-cur-simple-item {\r\n                color: #1e73be;\r\n            }\r\n\r\n            .td-theme-wrap .td_uid_9_69f4ba93ef244_rand .block-title > *,\r\n            .td-theme-wrap .td_uid_9_69f4ba93ef244_rand .td-subcat-dropdown:hover .td-subcat-more {\r\n                background-color: #1e73be;\r\n            }\r\n            .td-theme-wrap .td-footer-wrapper .td_uid_9_69f4ba93ef244_rand .block-title > * {\r\n                padding: 6px 7px 5px;\r\n                line-height: 1;\r\n            }\r\n\r\n            .td-theme-wrap .td_uid_9_69f4ba93ef244_rand .block-title {\r\n                border-color: #1e73be;\r\n            }\r\n\r\n            \r\n            .td-theme-wrap .td_uid_9_69f4ba93ef244_rand .td_module_wrap:hover .entry-title a,\r\n            .td-theme-wrap .td_uid_9_69f4ba93ef244_rand .td_quote_on_blocks,\r\n            .td-theme-wrap .td_uid_9_69f4ba93ef244_rand .td-opacity-cat .td-post-category:hover,\r\n            .td-theme-wrap .td_uid_9_69f4ba93ef244_rand .td-opacity-read .td-read-more a:hover,\r\n            .td-theme-wrap .td_uid_9_69f4ba93ef244_rand .td-opacity-author .td-post-author-name a:hover,\r\n            .td-theme-wrap .td_uid_9_69f4ba93ef244_rand .td-instagram-user a {\r\n                color: #1e73be;\r\n            }\r\n\r\n            .td-theme-wrap .td_uid_9_69f4ba93ef244_rand .td-next-prev-wrap a:hover,\r\n            .td-theme-wrap .td_uid_9_69f4ba93ef244_rand .td-load-more-wrap a:hover {\r\n                background-color: #1e73be;\r\n                border-color: #1e73be;\r\n            }\r\n\r\n            .td-theme-wrap .td_uid_9_69f4ba93ef244_rand .td-read-more a,\r\n            .td-theme-wrap .td_uid_9_69f4ba93ef244_rand .td-weather-information:before,\r\n            .td-theme-wrap .td_uid_9_69f4ba93ef244_rand .td-weather-week:before,\r\n            .td-theme-wrap .td_uid_9_69f4ba93ef244_rand .td-exchange-header:before,\r\n            .td-theme-wrap .td-footer-wrapper .td_uid_9_69f4ba93ef244_rand .td-post-category,\r\n            .td-theme-wrap .td_uid_9_69f4ba93ef244_rand .td-post-category:hover {\r\n                background-color: #1e73be;\r\n            }\n\/* inline tdc_css att *\/\n\n\/* desktop *\/ @media(min-width: 1141px) { .td_uid_9_69f4ba93ef244_rand { \ndisplay:none !important;\n} }\n\n\/* portrait *\/\n@media (min-width: 768px) and (max-width: 1018px)\n{\n.td_uid_9_69f4ba93ef244_rand{\ndisplay:none !important;\n}\n}\n\n\/* landscape *\/\n@media (min-width: 1019px) and (max-width: 1140px)\n{\n.td_uid_9_69f4ba93ef244_rand{\ndisplay:none !important;\n}\n}\n\n<\/style><script>var block_td_uid_9_69f4ba93ef244 = new tdBlock();\nblock_td_uid_9_69f4ba93ef244.id = \"td_uid_9_69f4ba93ef244\";\nblock_td_uid_9_69f4ba93ef244.atts = '{\"custom_title\":\"Toutes les nouvelles\",\"category_id\":\"10\",\"limit\":\"10\",\"header_color\":\"#1e73be\",\"separator\":\"\",\"tdc_css\":\"eyJwb3J0cmFpdCI6eyJkaXNwbGF5Ijoibm9uZSJ9LCJwb3J0cmFpdF9tYXhfd2lkdGgiOjEwMTgsInBvcnRyYWl0X21pbl93aWR0aCI6NzY4LCJsYW5kc2NhcGUiOnsiZGlzcGxheSI6Im5vbmUifSwibGFuZHNjYXBlX21heF93aWR0aCI6MTE0MCwibGFuZHNjYXBlX21pbl93aWR0aCI6MTAxOSwiYWxsIjp7ImRpc3BsYXkiOiJub25lIn19\",\"el_class\":\"all-news-block\",\"custom_url\":\"\",\"block_template_id\":\"\",\"m8_tl\":\"\",\"post_ids\":\"\",\"category_ids\":\"\",\"tag_slug\":\"\",\"autors_id\":\"\",\"installed_post_types\":\"\",\"sort\":\"\",\"offset\":\"\",\"show_modified_date\":\"\",\"td_ajax_filter_type\":\"\",\"td_ajax_filter_ids\":\"\",\"td_filter_default_txt\":\"All\",\"td_ajax_preloading\":\"\",\"f_header_font_header\":\"\",\"f_header_font_title\":\"Block header\",\"f_header_font_settings\":\"\",\"f_header_font_family\":\"\",\"f_header_font_size\":\"\",\"f_header_font_line_height\":\"\",\"f_header_font_style\":\"\",\"f_header_font_weight\":\"\",\"f_header_font_transform\":\"\",\"f_header_font_spacing\":\"\",\"f_header_\":\"\",\"f_ajax_font_title\":\"Ajax categories\",\"f_ajax_font_settings\":\"\",\"f_ajax_font_family\":\"\",\"f_ajax_font_size\":\"\",\"f_ajax_font_line_height\":\"\",\"f_ajax_font_style\":\"\",\"f_ajax_font_weight\":\"\",\"f_ajax_font_transform\":\"\",\"f_ajax_font_spacing\":\"\",\"f_ajax_\":\"\",\"f_more_font_title\":\"Load more button\",\"f_more_font_settings\":\"\",\"f_more_font_family\":\"\",\"f_more_font_size\":\"\",\"f_more_font_line_height\":\"\",\"f_more_font_style\":\"\",\"f_more_font_weight\":\"\",\"f_more_font_transform\":\"\",\"f_more_font_spacing\":\"\",\"f_more_\":\"\",\"m8f_title_font_header\":\"\",\"m8f_title_font_title\":\"Article title\",\"m8f_title_font_settings\":\"\",\"m8f_title_font_family\":\"\",\"m8f_title_font_size\":\"\",\"m8f_title_font_line_height\":\"\",\"m8f_title_font_style\":\"\",\"m8f_title_font_weight\":\"\",\"m8f_title_font_transform\":\"\",\"m8f_title_font_spacing\":\"\",\"m8f_title_\":\"\",\"m8f_cat_font_title\":\"Article category tag\",\"m8f_cat_font_settings\":\"\",\"m8f_cat_font_family\":\"\",\"m8f_cat_font_size\":\"\",\"m8f_cat_font_line_height\":\"\",\"m8f_cat_font_style\":\"\",\"m8f_cat_font_weight\":\"\",\"m8f_cat_font_transform\":\"\",\"m8f_cat_font_spacing\":\"\",\"m8f_cat_\":\"\",\"m8f_meta_font_title\":\"Article meta info\",\"m8f_meta_font_settings\":\"\",\"m8f_meta_font_family\":\"\",\"m8f_meta_font_size\":\"\",\"m8f_meta_font_line_height\":\"\",\"m8f_meta_font_style\":\"\",\"m8f_meta_font_weight\":\"\",\"m8f_meta_font_transform\":\"\",\"m8f_meta_font_spacing\":\"\",\"m8f_meta_\":\"\",\"ajax_pagination\":\"\",\"ajax_pagination_infinite_stop\":\"\",\"css\":\"\",\"td_column_number\":2,\"color_preset\":\"\",\"border_top\":\"\",\"class\":\"td_uid_9_69f4ba93ef244_rand\",\"tdc_css_class\":\"td_uid_9_69f4ba93ef244_rand\",\"tdc_css_class_style\":\"td_uid_9_69f4ba93ef244_rand_style\"}';\nblock_td_uid_9_69f4ba93ef244.td_column_number = \"2\";\nblock_td_uid_9_69f4ba93ef244.block_type = \"td_block_9\";\nblock_td_uid_9_69f4ba93ef244.post_count = \"10\";\nblock_td_uid_9_69f4ba93ef244.found_posts = \"23149\";\nblock_td_uid_9_69f4ba93ef244.header_color = \"#1e73be\";\nblock_td_uid_9_69f4ba93ef244.ajax_pagination_infinite_stop = \"\";\nblock_td_uid_9_69f4ba93ef244.max_num_pages = \"2315\";\ntdBlocksArray.push(block_td_uid_9_69f4ba93ef244);\n<\/script><div class=\"td-block-title-wrap\"><h4 class=\"block-title td-block-title\"><span class=\"td-pulldown-size\">Toutes les nouvelles<\/span><\/h4><\/div><div id=td_uid_9_69f4ba93ef244 class=\"td_block_inner\">\n\n\t<div class=\"td-block-row\">\n\n\t<div class=\"td-block-span6\">\n\r\n        <div class=\"td_module_8 td_module_wrap\">\r\n\r\n            <div class=\"item-details\">\r\n                <h3 class=\"entry-title td-module-title\"><a href=\"https:\/\/www.africa-press.net\/senegal\/economie\/experts-de-lonu-avertissent-des-violences-au-gabon\" rel=\"bookmark\" title=\"Experts de L&rsquo;Onu Avertissent des Violences au Gabon\">Experts de L&rsquo;Onu Avertissent des Violences au Gabon<\/a><\/h3>\r\n                <div class=\"td-module-meta-info\">\r\n                                                            <span class=\"td-post-date\"><time class=\"entry-date updated td-module-date\" datetime=\"2026-04-30T21:10:27+00:00\" >2026-04-30<\/time><\/span>                                    <\/div>\r\n            <\/div>\r\n\r\n            \r\n        <\/div>\r\n\r\n        \n\t<\/div> <!-- .\/td-block-span6 -->\n\n\t<div class=\"td-block-span6\">\n\r\n        <div class=\"td_module_8 td_module_wrap\">\r\n\r\n            <div class=\"item-details\">\r\n                <h3 class=\"entry-title td-module-title\"><a href=\"https:\/\/www.africa-press.net\/senegal\/economie\/le-marche-commun-dafrique-de-louest-et-la-cedeao\" rel=\"bookmark\" title=\"Le March\u00e9 Commun D&rsquo;Afrique de L&rsquo;Ouest et la CEDEAO\">Le March\u00e9 Commun D&rsquo;Afrique de L&rsquo;Ouest et la CEDEAO<\/a><\/h3>\r\n                <div class=\"td-module-meta-info\">\r\n                                                            <span class=\"td-post-date\"><time class=\"entry-date updated td-module-date\" datetime=\"2026-04-30T21:08:28+00:00\" >2026-04-30<\/time><\/span>                                    <\/div>\r\n            <\/div>\r\n\r\n            \r\n        <\/div>\r\n\r\n        \n\t<\/div> <!-- .\/td-block-span6 --><\/div><!--.\/row-fluid-->\n\n\t<div class=\"td-block-row\">\n\n\t<div class=\"td-block-span6\">\n\r\n        <div class=\"td_module_8 td_module_wrap\">\r\n\r\n            <div class=\"item-details\">\r\n                <h3 class=\"entry-title td-module-title\"><a href=\"https:\/\/www.africa-press.net\/senegal\/dossiers\/comment-lafrique-a%e2%80%90t%e2%80%90elle-paye-le-prix-de-la-guerre-en-iran\" rel=\"bookmark\" title=\"Comment L\u2019Afrique A\u2010T\u2010Elle Paye\u0301 le Prix de la Guerre en Iran?\">Comment L\u2019Afrique A\u2010T\u2010Elle Paye\u0301 le Prix de la Guerre en Iran?<\/a><\/h3>\r\n                <div class=\"td-module-meta-info\">\r\n                                                            <span class=\"td-post-date\"><time class=\"entry-date updated td-module-date\" datetime=\"2026-04-30T20:31:18+00:00\" >2026-04-30<\/time><\/span>                                    <\/div>\r\n            <\/div>\r\n\r\n            \r\n        <\/div>\r\n\r\n        \n\t<\/div> <!-- .\/td-block-span6 -->\n\n\t<div class=\"td-block-span6\">\n\r\n        <div class=\"td_module_8 td_module_wrap\">\r\n\r\n            <div class=\"item-details\">\r\n                <h3 class=\"entry-title td-module-title\"><a href=\"https:\/\/www.africa-press.net\/senegal\/dossiers\/reforme-du-code-electoral-et-division-politique-au-senegal\" rel=\"bookmark\" title=\"R\u00e9forme du Code \u00c9lectoral et Division Politique au S\u00e9n\u00e9gal\">R\u00e9forme du Code \u00c9lectoral et Division Politique au S\u00e9n\u00e9gal<\/a><\/h3>\r\n                <div class=\"td-module-meta-info\">\r\n                                                            <span class=\"td-post-date\"><time class=\"entry-date updated td-module-date\" datetime=\"2026-04-30T20:26:42+00:00\" >2026-04-30<\/time><\/span>                                    <\/div>\r\n            <\/div>\r\n\r\n            \r\n        <\/div>\r\n\r\n        \n\t<\/div> <!-- .\/td-block-span6 --><\/div><!--.\/row-fluid-->\n\n\t<div class=\"td-block-row\">\n\n\t<div class=\"td-block-span6\">\n\r\n        <div class=\"td_module_8 td_module_wrap\">\r\n\r\n            <div class=\"item-details\">\r\n                <h3 class=\"entry-title td-module-title\"><a href=\"https:\/\/www.africa-press.net\/senegal\/dossiers\/lune-des-routes-migratoires-les-plus-dangereuses-au-monde\" rel=\"bookmark\" title=\"L\u2019Une des Routes Migratoires les Plus Dangereuses au Monde\">L\u2019Une des Routes Migratoires les Plus Dangereuses au Monde<\/a><\/h3>\r\n                <div class=\"td-module-meta-info\">\r\n                                                            <span class=\"td-post-date\"><time class=\"entry-date updated td-module-date\" datetime=\"2026-04-30T20:18:38+00:00\" >2026-04-30<\/time><\/span>                                    <\/div>\r\n            <\/div>\r\n\r\n            \r\n        <\/div>\r\n\r\n        \n\t<\/div> <!-- .\/td-block-span6 -->\n\n\t<div class=\"td-block-span6\">\n\r\n        <div class=\"td_module_8 td_module_wrap\">\r\n\r\n            <div class=\"item-details\">\r\n                <h3 class=\"entry-title td-module-title\"><a href=\"https:\/\/www.africa-press.net\/senegal\/politique\/derriere-un-vote-a-lonu-equilibres-economiques-concrets\" rel=\"bookmark\" title=\"Derri\u00e8re un Vote \u00c0 L&rsquo;Onu, \u00c9quilibres \u00c9conomiques Concrets\">Derri\u00e8re un Vote \u00c0 L&rsquo;Onu, \u00c9quilibres \u00c9conomiques Concrets<\/a><\/h3>\r\n                <div class=\"td-module-meta-info\">\r\n                                                            <span class=\"td-post-date\"><time class=\"entry-date updated td-module-date\" datetime=\"2026-04-30T17:49:28+00:00\" >2026-04-30<\/time><\/span>                                    <\/div>\r\n            <\/div>\r\n\r\n            \r\n        <\/div>\r\n\r\n        \n\t<\/div> <!-- .\/td-block-span6 --><\/div><!--.\/row-fluid-->\n\n\t<div class=\"td-block-row\">\n\n\t<div class=\"td-block-span6\">\n\r\n        <div class=\"td_module_8 td_module_wrap\">\r\n\r\n            <div class=\"item-details\">\r\n                <h3 class=\"entry-title td-module-title\"><a href=\"https:\/\/www.africa-press.net\/senegal\/politique\/votes-l29-et-l30-intrigue-sur-voix-manquantes-de-pastef\" rel=\"bookmark\" title=\"Votes L29 et L30: Intrigue sur Voix Manquantes de Pastef\">Votes L29 et L30: Intrigue sur Voix Manquantes de Pastef<\/a><\/h3>\r\n                <div class=\"td-module-meta-info\">\r\n                                                            <span class=\"td-post-date\"><time class=\"entry-date updated td-module-date\" datetime=\"2026-04-30T17:41:53+00:00\" >2026-04-30<\/time><\/span>                                    <\/div>\r\n            <\/div>\r\n\r\n            \r\n        <\/div>\r\n\r\n        \n\t<\/div> <!-- .\/td-block-span6 -->\n\n\t<div class=\"td-block-span6\">\n\r\n        <div class=\"td_module_8 td_module_wrap\">\r\n\r\n            <div class=\"item-details\">\r\n                <h3 class=\"entry-title td-module-title\"><a href=\"https:\/\/www.africa-press.net\/senegal\/economie\/economie-mondiale-lafrique-nouveau-champ-de-bataille\" rel=\"bookmark\" title=\"\u00c9conomie Mondiale: L&rsquo;Afrique, Nouveau Champ de Bataille\">\u00c9conomie Mondiale: L&rsquo;Afrique, Nouveau Champ de Bataille<\/a><\/h3>\r\n                <div class=\"td-module-meta-info\">\r\n                                                            <span class=\"td-post-date\"><time class=\"entry-date updated td-module-date\" datetime=\"2026-04-30T15:00:41+00:00\" >2026-04-30<\/time><\/span>                                    <\/div>\r\n            <\/div>\r\n\r\n            \r\n        <\/div>\r\n\r\n        \n\t<\/div> <!-- .\/td-block-span6 --><\/div><!--.\/row-fluid-->\n\n\t<div class=\"td-block-row\">\n\n\t<div class=\"td-block-span6\">\n\r\n        <div class=\"td_module_8 td_module_wrap\">\r\n\r\n            <div class=\"item-details\">\r\n                <h3 class=\"entry-title td-module-title\"><a href=\"https:\/\/www.africa-press.net\/senegal\/economie\/prix-du-riz-determine-au-port-de-dakar\" rel=\"bookmark\" title=\"Prix du Riz D\u00e9termin\u00e9 au Port de Dakar\">Prix du Riz D\u00e9termin\u00e9 au Port de Dakar<\/a><\/h3>\r\n                <div class=\"td-module-meta-info\">\r\n                                                            <span class=\"td-post-date\"><time class=\"entry-date updated td-module-date\" datetime=\"2026-04-30T13:58:49+00:00\" >2026-04-30<\/time><\/span>                                    <\/div>\r\n            <\/div>\r\n\r\n            \r\n        <\/div>\r\n\r\n        \n\t<\/div> <!-- .\/td-block-span6 -->\n\n\t<div class=\"td-block-span6\">\n\r\n        <div class=\"td_module_8 td_module_wrap\">\r\n\r\n            <div class=\"item-details\">\r\n                <h3 class=\"entry-title td-module-title\"><a href=\"https:\/\/www.africa-press.net\/senegal\/economie\/diplomatie-economique-comme-front-de-competition-capitale\" rel=\"bookmark\" title=\"Diplomatie \u00c9conomique Comme Front de Comp\u00e9tition Capitale\">Diplomatie \u00c9conomique Comme Front de Comp\u00e9tition Capitale<\/a><\/h3>\r\n                <div class=\"td-module-meta-info\">\r\n                                                            <span class=\"td-post-date\"><time class=\"entry-date updated td-module-date\" datetime=\"2026-04-30T13:55:26+00:00\" >2026-04-30<\/time><\/span>                                    <\/div>\r\n            <\/div>\r\n\r\n            \r\n        <\/div>\r\n\r\n        \n\t<\/div> <!-- .\/td-block-span6 --><\/div><!--.\/row-fluid--><\/div><\/div> <!-- .\/block --><div class=\"vc_row_inner td_uid_10_69f4ba94213f2_rand  vc_row vc_inner wpb_row td-pb-row\" >\n<style scoped>\n\n\/* custom css *\/\n.td_uid_10_69f4ba94213f2_rand {\r\n                    position: relative !important;\r\n                    top: 0;\r\n                    transform: none;\r\n                    -webkit-transform: none;\r\n                }\n<\/style><div class=\"vc_column_inner td_uid_11_69f4ba94215b3_rand  wpb_column vc_column_container tdc-inner-column td-pb-span12\">\n<style scoped>\n\n\/* custom css *\/\n.td_uid_11_69f4ba94215b3_rand {\r\n                    vertical-align: baseline;\r\n                }\n<\/style><div class=\"vc_column-inner\"><div class=\"wpb_wrapper\"><div class=\"tdm_block td_block_wrap tdm_block_button td_uid_12_69f4ba942175b_rand tdm-block-button-inline tdm-content-horiz-right td-pb-border-top main-box-btn-green-en td_block_template_1\"  data-td-block-uid=\"td_uid_12_69f4ba942175b\"     >\n<style>\n\n\/* inline tdc_css att *\/\n\n\/* desktop *\/ @media(min-width: 1141px) { .td_uid_12_69f4ba942175b_rand { \ndisplay:none !important;\n} }\n\n\/* landscape *\/\n@media (min-width: 1019px) and (max-width: 1140px)\n{\n.td_uid_12_69f4ba942175b_rand{\ndisplay:none !important;\n}\n}\n\n\/* portrait *\/\n@media (min-width: 768px) and (max-width: 1018px)\n{\n.td_uid_12_69f4ba942175b_rand{\ndisplay:none !important;\n}\n}\n\n<\/style>\n<style>\n.td_uid_13_69f4ba94474ad i:first-child {\r\n\t\t\t\t\tmargin-right: 14px;\r\n\t\t\t\t}\n<\/style><div class=\"tds-button td-fix-index\"><a \r\n                href=\"\/senegal\/all-news\" \r\n                class=\"tds-button1 tdm-btn tdm-btn-sm td_uid_13_69f4ba94474ad\"  target=\"_blank\" ><i class=\"tdc-font-fa tdc-font-fa-arrow-right\"><\/i><span class=\"tdm-btn-text\">Plus de Nouvelles<\/span><\/a><\/div><\/div><div class=\"wpb_wrapper td_block_wrap vc_raw_html td_uid_14_69f4ba9447973_rand \"><div class=\"td-fix-index\"><div class=\"td-block-title-wrap\"><h4 class=\"block-title\"><a href=\"\/senegal\/politique\" class=\"td-pulldown-size\">Politique<\/a><\/h4><\/div><\/div><\/div><\/div><\/div><\/div><\/div><div id=\"main-box\" class=\"vc_row_inner td_uid_15_69f4ba94479d5_rand  vc_row vc_inner wpb_row td-pb-row\" >\n<style scoped>\n\n\/* custom css *\/\n.td_uid_15_69f4ba94479d5_rand {\r\n                    position: relative !important;\r\n                    top: 0;\r\n                    transform: none;\r\n                    -webkit-transform: none;\r\n                }\n<\/style><div class=\"vc_column_inner td_uid_16_69f4ba9447b54_rand  wpb_column vc_column_container tdc-inner-column td-pb-span6\">\n<style scoped>\n\n\/* custom css *\/\n.td_uid_16_69f4ba9447b54_rand {\r\n                    vertical-align: baseline;\r\n                }\n<\/style><div class=\"vc_column-inner\"><div class=\"wpb_wrapper\"><div class=\"td_block_wrap td_block_18 td_uid_17_69f4ba9447cdf_rand td_with_ajax_pagination td-pb-border-top td_block_template_1 td-column-1\"  data-td-block-uid=\"td_uid_17_69f4ba9447cdf\" ><script>var block_td_uid_17_69f4ba9447cdf = new tdBlock();\nblock_td_uid_17_69f4ba9447cdf.id = \"td_uid_17_69f4ba9447cdf\";\nblock_td_uid_17_69f4ba9447cdf.atts = '{\"category_id\":\"2\",\"limit\":\"3\",\"ajax_pagination\":\"next_prev\",\"separator\":\"\",\"custom_title\":\"\",\"custom_url\":\"\",\"block_template_id\":\"\",\"mx8_tl\":\"\",\"m10_tl\":\"\",\"m10_el\":\"\",\"mx2_tl\":\"\",\"post_ids\":\"\",\"category_ids\":\"\",\"tag_slug\":\"\",\"autors_id\":\"\",\"installed_post_types\":\"\",\"sort\":\"\",\"offset\":\"\",\"show_modified_date\":\"\",\"el_class\":\"\",\"td_ajax_filter_type\":\"\",\"td_ajax_filter_ids\":\"\",\"td_filter_default_txt\":\"All\",\"td_ajax_preloading\":\"\",\"f_header_font_header\":\"\",\"f_header_font_title\":\"Block header\",\"f_header_font_settings\":\"\",\"f_header_font_family\":\"\",\"f_header_font_size\":\"\",\"f_header_font_line_height\":\"\",\"f_header_font_style\":\"\",\"f_header_font_weight\":\"\",\"f_header_font_transform\":\"\",\"f_header_font_spacing\":\"\",\"f_header_\":\"\",\"f_ajax_font_title\":\"Ajax categories\",\"f_ajax_font_settings\":\"\",\"f_ajax_font_family\":\"\",\"f_ajax_font_size\":\"\",\"f_ajax_font_line_height\":\"\",\"f_ajax_font_style\":\"\",\"f_ajax_font_weight\":\"\",\"f_ajax_font_transform\":\"\",\"f_ajax_font_spacing\":\"\",\"f_ajax_\":\"\",\"f_more_font_title\":\"Load more button\",\"f_more_font_settings\":\"\",\"f_more_font_family\":\"\",\"f_more_font_size\":\"\",\"f_more_font_line_height\":\"\",\"f_more_font_style\":\"\",\"f_more_font_weight\":\"\",\"f_more_font_transform\":\"\",\"f_more_font_spacing\":\"\",\"f_more_\":\"\",\"mx8f_title_font_header\":\"\",\"mx8f_title_font_title\":\"Article title\",\"mx8f_title_font_settings\":\"\",\"mx8f_title_font_family\":\"\",\"mx8f_title_font_size\":\"\",\"mx8f_title_font_line_height\":\"\",\"mx8f_title_font_style\":\"\",\"mx8f_title_font_weight\":\"\",\"mx8f_title_font_transform\":\"\",\"mx8f_title_font_spacing\":\"\",\"mx8f_title_\":\"\",\"mx8f_cat_font_title\":\"Article category tag\",\"mx8f_cat_font_settings\":\"\",\"mx8f_cat_font_family\":\"\",\"mx8f_cat_font_size\":\"\",\"mx8f_cat_font_line_height\":\"\",\"mx8f_cat_font_style\":\"\",\"mx8f_cat_font_weight\":\"\",\"mx8f_cat_font_transform\":\"\",\"mx8f_cat_font_spacing\":\"\",\"mx8f_cat_\":\"\",\"mx8f_meta_font_title\":\"Article meta info\",\"mx8f_meta_font_settings\":\"\",\"mx8f_meta_font_family\":\"\",\"mx8f_meta_font_size\":\"\",\"mx8f_meta_font_line_height\":\"\",\"mx8f_meta_font_style\":\"\",\"mx8f_meta_font_weight\":\"\",\"mx8f_meta_font_transform\":\"\",\"mx8f_meta_font_spacing\":\"\",\"mx8f_meta_\":\"\",\"m10f_title_font_header\":\"\",\"m10f_title_font_title\":\"Article title\",\"m10f_title_font_settings\":\"\",\"m10f_title_font_family\":\"\",\"m10f_title_font_size\":\"\",\"m10f_title_font_line_height\":\"\",\"m10f_title_font_style\":\"\",\"m10f_title_font_weight\":\"\",\"m10f_title_font_transform\":\"\",\"m10f_title_font_spacing\":\"\",\"m10f_title_\":\"\",\"m10f_cat_font_title\":\"Article category tag\",\"m10f_cat_font_settings\":\"\",\"m10f_cat_font_family\":\"\",\"m10f_cat_font_size\":\"\",\"m10f_cat_font_line_height\":\"\",\"m10f_cat_font_style\":\"\",\"m10f_cat_font_weight\":\"\",\"m10f_cat_font_transform\":\"\",\"m10f_cat_font_spacing\":\"\",\"m10f_cat_\":\"\",\"m10f_meta_font_title\":\"Article meta info\",\"m10f_meta_font_settings\":\"\",\"m10f_meta_font_family\":\"\",\"m10f_meta_font_size\":\"\",\"m10f_meta_font_line_height\":\"\",\"m10f_meta_font_style\":\"\",\"m10f_meta_font_weight\":\"\",\"m10f_meta_font_transform\":\"\",\"m10f_meta_font_spacing\":\"\",\"m10f_meta_\":\"\",\"m10f_ex_font_title\":\"Article excerpt\",\"m10f_ex_font_settings\":\"\",\"m10f_ex_font_family\":\"\",\"m10f_ex_font_size\":\"\",\"m10f_ex_font_line_height\":\"\",\"m10f_ex_font_style\":\"\",\"m10f_ex_font_weight\":\"\",\"m10f_ex_font_transform\":\"\",\"m10f_ex_font_spacing\":\"\",\"m10f_ex_\":\"\",\"mx2f_title_font_header\":\"\",\"mx2f_title_font_title\":\"Article title\",\"mx2f_title_font_settings\":\"\",\"mx2f_title_font_family\":\"\",\"mx2f_title_font_size\":\"\",\"mx2f_title_font_line_height\":\"\",\"mx2f_title_font_style\":\"\",\"mx2f_title_font_weight\":\"\",\"mx2f_title_font_transform\":\"\",\"mx2f_title_font_spacing\":\"\",\"mx2f_title_\":\"\",\"mx2f_cat_font_title\":\"Article category tag\",\"mx2f_cat_font_settings\":\"\",\"mx2f_cat_font_family\":\"\",\"mx2f_cat_font_size\":\"\",\"mx2f_cat_font_line_height\":\"\",\"mx2f_cat_font_style\":\"\",\"mx2f_cat_font_weight\":\"\",\"mx2f_cat_font_transform\":\"\",\"mx2f_cat_font_spacing\":\"\",\"mx2f_cat_\":\"\",\"mx2f_meta_font_title\":\"Article meta info\",\"mx2f_meta_font_settings\":\"\",\"mx2f_meta_font_family\":\"\",\"mx2f_meta_font_size\":\"\",\"mx2f_meta_font_line_height\":\"\",\"mx2f_meta_font_style\":\"\",\"mx2f_meta_font_weight\":\"\",\"mx2f_meta_font_transform\":\"\",\"mx2f_meta_font_spacing\":\"\",\"mx2f_meta_\":\"\",\"ajax_pagination_infinite_stop\":\"\",\"css\":\"\",\"tdc_css\":\"\",\"td_column_number\":1,\"header_color\":\"\",\"color_preset\":\"\",\"border_top\":\"\",\"class\":\"td_uid_17_69f4ba9447cdf_rand\",\"tdc_css_class\":\"td_uid_17_69f4ba9447cdf_rand\",\"tdc_css_class_style\":\"td_uid_17_69f4ba9447cdf_rand_style\"}';\nblock_td_uid_17_69f4ba9447cdf.td_column_number = \"1\";\nblock_td_uid_17_69f4ba9447cdf.block_type = \"td_block_18\";\nblock_td_uid_17_69f4ba9447cdf.post_count = \"3\";\nblock_td_uid_17_69f4ba9447cdf.found_posts = \"8367\";\nblock_td_uid_17_69f4ba9447cdf.header_color = \"\";\nblock_td_uid_17_69f4ba9447cdf.ajax_pagination_infinite_stop = \"\";\nblock_td_uid_17_69f4ba9447cdf.max_num_pages = \"2789\";\ntdBlocksArray.push(block_td_uid_17_69f4ba9447cdf);\n<\/script><div class=\"td-block-title-wrap\"><\/div><div id=td_uid_17_69f4ba9447cdf class=\"td_block_inner td-column-1\">\r\n        <div class=\"td_module_mx8 td_module_wrap td-animation-stack\">\r\n            <div class=\"meta-info-container\">\r\n                <div class=\"td-module-thumb\"><a href=\"https:\/\/www.africa-press.net\/senegal\/politique\/derriere-un-vote-a-lonu-equilibres-economiques-concrets\" rel=\"bookmark\" class=\"td-image-wrap\" title=\"Derri\u00e8re un Vote \u00c0 L&rsquo;Onu, \u00c9quilibres \u00c9conomiques Concrets\"><img loading=\"lazy\" decoding=\"async\" class=\"entry-thumb\" src=\"data:image\/png;base64,iVBORw0KGgoAAAANSUhEUgAAArgAAAGBAQMAAAC3k1CUAAAAA1BMVEWurq51dlI4AAAAAXRSTlMmkutdmwAAADdJREFUeNrtwTEBAAAAwiD7p7bETmAAAAAAAAAAAAAAAAAAAAAAAAAAAAAAAAAAAAAAAAAAAEDuhFgAARFpDB8AAAAASUVORK5CYII=\" alt=\"Derri\u00e8re un Vote \u00c0 L&#039;Onu, \u00c9quilibres \u00c9conomiques Concrets\" title=\"Derri\u00e8re un Vote \u00c0 L&rsquo;Onu, \u00c9quilibres \u00c9conomiques Concrets\" data-type=\"image_tag\" data-img-url=\"https:\/\/static.africa-press.net\/senegal\/sites\/13\/2026\/04\/sm_1777573930.486939-696x385.jpg\"  width=\"696\" height=\"385\" \/><\/a><\/div>\r\n                <div class=\"td-module-meta-info\">\r\n                    <h3 class=\"entry-title td-module-title\"><a href=\"https:\/\/www.africa-press.net\/senegal\/politique\/derriere-un-vote-a-lonu-equilibres-economiques-concrets\" rel=\"bookmark\" title=\"Derri\u00e8re un Vote \u00c0 L&rsquo;Onu, \u00c9quilibres \u00c9conomiques Concrets\">Derri\u00e8re un Vote \u00c0 L&rsquo;Onu, \u00c9quilibres \u00c9conomiques Concrets<\/a><\/h3>                                        <span class=\"td-author-date\">\r\n                                                <span class=\"td-post-date\"><time class=\"entry-date updated td-module-date\" datetime=\"2026-04-30T17:49:28+00:00\" >2026-04-30<\/time><\/span>                                            <\/span>\r\n                <\/div>\r\n            <\/div>\r\n\r\n        <\/div>\r\n\r\n        \r\n        <div class=\"td_module_mx2 td_module_wrap td-animation-stack\">\r\n\r\n            <div class=\"td-module-thumb\"><a href=\"https:\/\/www.africa-press.net\/senegal\/politique\/votes-l29-et-l30-intrigue-sur-voix-manquantes-de-pastef\" rel=\"bookmark\" class=\"td-image-wrap\" title=\"Votes L29 et L30: Intrigue sur Voix Manquantes de Pastef\"><img loading=\"lazy\" decoding=\"async\" class=\"entry-thumb\" src=\"data:image\/png;base64,iVBORw0KGgoAAAANSUhEUgAAAFAAAAA8AQMAAADL6a\/PAAAAA1BMVEWurq51dlI4AAAAAXRSTlMmkutdmwAAAA5JREFUKM9jGAWjYJABAAKUAAHoEAeuAAAAAElFTkSuQmCC\" alt=\"Votes L29 et L30: Intrigue sur Voix Manquantes de Pastef\" title=\"Votes L29 et L30: Intrigue sur Voix Manquantes de Pastef\" data-type=\"image_tag\" data-img-url=\"https:\/\/static.africa-press.net\/senegal\/sites\/13\/2026\/04\/sm_1777573909.607183-80x60.jpg\"  width=\"80\" height=\"60\" \/><\/a><\/div>\r\n            <div class=\"item-details\">\r\n                <h3 class=\"entry-title td-module-title\"><a href=\"https:\/\/www.africa-press.net\/senegal\/politique\/votes-l29-et-l30-intrigue-sur-voix-manquantes-de-pastef\" rel=\"bookmark\" title=\"Votes L29 et L30: Intrigue sur Voix Manquantes de Pastef\">Votes L29 et L30: Intrigue sur Voix Manquantes de Pastef<\/a><\/h3>                <div class=\"td-module-meta-info\">\r\n                                                            <span class=\"td-post-date\"><time class=\"entry-date updated td-module-date\" datetime=\"2026-04-30T17:41:53+00:00\" >2026-04-30<\/time><\/span>                                    <\/div>\r\n            <\/div>\r\n\r\n        <\/div>\r\n\r\n        \r\n        <div class=\"td_module_mx2 td_module_wrap td-animation-stack\">\r\n\r\n            <div class=\"td-module-thumb\"><a href=\"https:\/\/www.africa-press.net\/senegal\/politique\/digitalisation-de-ladministration-sonko-exige-un-plan\" rel=\"bookmark\" class=\"td-image-wrap\" title=\"Digitalisation de L&rsquo;Administration: Sonko Exige un Plan\"><img loading=\"lazy\" decoding=\"async\" class=\"entry-thumb\" src=\"data:image\/png;base64,iVBORw0KGgoAAAANSUhEUgAAAFAAAAA8AQMAAADL6a\/PAAAAA1BMVEWurq51dlI4AAAAAXRSTlMmkutdmwAAAA5JREFUKM9jGAWjYJABAAKUAAHoEAeuAAAAAElFTkSuQmCC\" alt=\"Digitalisation de L&#039;Administration: Sonko Exige un Plan\" title=\"Digitalisation de L&rsquo;Administration: Sonko Exige un Plan\" data-type=\"image_tag\" data-img-url=\"https:\/\/static.africa-press.net\/senegal\/sites\/13\/2026\/04\/sm_1777506177.251332-80x60.jpg\"  width=\"80\" height=\"60\" \/><\/a><\/div>\r\n            <div class=\"item-details\">\r\n                <h3 class=\"entry-title td-module-title\"><a href=\"https:\/\/www.africa-press.net\/senegal\/politique\/digitalisation-de-ladministration-sonko-exige-un-plan\" rel=\"bookmark\" title=\"Digitalisation de L&rsquo;Administration: Sonko Exige un Plan\">Digitalisation de L&rsquo;Administration: Sonko Exige un Plan<\/a><\/h3>                <div class=\"td-module-meta-info\">\r\n                                                            <span class=\"td-post-date\"><time class=\"entry-date updated td-module-date\" datetime=\"2026-04-29T23:32:27+00:00\" >2026-04-29<\/time><\/span>                                    <\/div>\r\n            <\/div>\r\n\r\n        <\/div>\r\n\r\n        <\/div><div class=\"td-next-prev-wrap\"><a href=\"#\" class=\"td-ajax-prev-page ajax-page-disabled\" id=\"prev-page-td_uid_17_69f4ba9447cdf\" data-td_block_id=\"td_uid_17_69f4ba9447cdf\"><i class=\"td-icon-font td-icon-menu-left\"><\/i><\/a><a href=\"#\"  class=\"td-ajax-next-page\" id=\"next-page-td_uid_17_69f4ba9447cdf\" data-td_block_id=\"td_uid_17_69f4ba9447cdf\"><i class=\"td-icon-font td-icon-menu-right\"><\/i><\/a><\/div><\/div> <!-- .\/block --><\/div><\/div><\/div><div class=\"vc_column_inner td_uid_18_69f4ba946996f_rand  wpb_column vc_column_container tdc-inner-column td-pb-span6\">\n<style scoped>\n\n\/* custom css *\/\n.td_uid_18_69f4ba946996f_rand {\r\n                    vertical-align: baseline;\r\n                }\n<\/style><div class=\"vc_column-inner\"><div class=\"wpb_wrapper\"><div class=\"td_block_wrap td_block_7 td_uid_19_69f4ba9469b58_rand td-pb-border-top td_block_template_1 td-column-1 td_block_padding\"  data-td-block-uid=\"td_uid_19_69f4ba9469b58\" >\n<style>\n\n\/* inline tdc_css att *\/\n\n\/* phone *\/\n@media (max-width: 767px)\n{\n.td_uid_19_69f4ba9469b58_rand{\ndisplay:none !important;\n}\n}\n\n<\/style><script>var block_td_uid_19_69f4ba9469b58 = new tdBlock();\nblock_td_uid_19_69f4ba9469b58.id = \"td_uid_19_69f4ba9469b58\";\nblock_td_uid_19_69f4ba9469b58.atts = '{\"category_id\":\"2\",\"limit\":\"4\",\"offset\":\"3\",\"tdc_css\":\"eyJwaG9uZSI6eyJkaXNwbGF5Ijoibm9uZSJ9LCJwaG9uZV9tYXhfd2lkdGgiOjc2N30=\",\"separator\":\"\",\"custom_title\":\"\",\"custom_url\":\"\",\"block_template_id\":\"\",\"m6_tl\":\"\",\"post_ids\":\"\",\"category_ids\":\"\",\"tag_slug\":\"\",\"autors_id\":\"\",\"installed_post_types\":\"\",\"sort\":\"\",\"show_modified_date\":\"\",\"el_class\":\"\",\"td_ajax_filter_type\":\"\",\"td_ajax_filter_ids\":\"\",\"td_filter_default_txt\":\"All\",\"td_ajax_preloading\":\"\",\"f_header_font_header\":\"\",\"f_header_font_title\":\"Block header\",\"f_header_font_settings\":\"\",\"f_header_font_family\":\"\",\"f_header_font_size\":\"\",\"f_header_font_line_height\":\"\",\"f_header_font_style\":\"\",\"f_header_font_weight\":\"\",\"f_header_font_transform\":\"\",\"f_header_font_spacing\":\"\",\"f_header_\":\"\",\"f_ajax_font_title\":\"Ajax categories\",\"f_ajax_font_settings\":\"\",\"f_ajax_font_family\":\"\",\"f_ajax_font_size\":\"\",\"f_ajax_font_line_height\":\"\",\"f_ajax_font_style\":\"\",\"f_ajax_font_weight\":\"\",\"f_ajax_font_transform\":\"\",\"f_ajax_font_spacing\":\"\",\"f_ajax_\":\"\",\"f_more_font_title\":\"Load more button\",\"f_more_font_settings\":\"\",\"f_more_font_family\":\"\",\"f_more_font_size\":\"\",\"f_more_font_line_height\":\"\",\"f_more_font_style\":\"\",\"f_more_font_weight\":\"\",\"f_more_font_transform\":\"\",\"f_more_font_spacing\":\"\",\"f_more_\":\"\",\"m6f_title_font_header\":\"\",\"m6f_title_font_title\":\"Article title\",\"m6f_title_font_settings\":\"\",\"m6f_title_font_family\":\"\",\"m6f_title_font_size\":\"\",\"m6f_title_font_line_height\":\"\",\"m6f_title_font_style\":\"\",\"m6f_title_font_weight\":\"\",\"m6f_title_font_transform\":\"\",\"m6f_title_font_spacing\":\"\",\"m6f_title_\":\"\",\"m6f_cat_font_title\":\"Article category tag\",\"m6f_cat_font_settings\":\"\",\"m6f_cat_font_family\":\"\",\"m6f_cat_font_size\":\"\",\"m6f_cat_font_line_height\":\"\",\"m6f_cat_font_style\":\"\",\"m6f_cat_font_weight\":\"\",\"m6f_cat_font_transform\":\"\",\"m6f_cat_font_spacing\":\"\",\"m6f_cat_\":\"\",\"m6f_meta_font_title\":\"Article meta info\",\"m6f_meta_font_settings\":\"\",\"m6f_meta_font_family\":\"\",\"m6f_meta_font_size\":\"\",\"m6f_meta_font_line_height\":\"\",\"m6f_meta_font_style\":\"\",\"m6f_meta_font_weight\":\"\",\"m6f_meta_font_transform\":\"\",\"m6f_meta_font_spacing\":\"\",\"m6f_meta_\":\"\",\"ajax_pagination\":\"\",\"ajax_pagination_infinite_stop\":\"\",\"css\":\"\",\"td_column_number\":1,\"header_color\":\"\",\"color_preset\":\"\",\"border_top\":\"\",\"class\":\"td_uid_19_69f4ba9469b58_rand\",\"tdc_css_class\":\"td_uid_19_69f4ba9469b58_rand\",\"tdc_css_class_style\":\"td_uid_19_69f4ba9469b58_rand_style\"}';\nblock_td_uid_19_69f4ba9469b58.td_column_number = \"1\";\nblock_td_uid_19_69f4ba9469b58.block_type = \"td_block_7\";\nblock_td_uid_19_69f4ba9469b58.post_count = \"4\";\nblock_td_uid_19_69f4ba9469b58.found_posts = \"8367\";\nblock_td_uid_19_69f4ba9469b58.header_color = \"\";\nblock_td_uid_19_69f4ba9469b58.ajax_pagination_infinite_stop = \"\";\nblock_td_uid_19_69f4ba9469b58.max_num_pages = \"2091\";\ntdBlocksArray.push(block_td_uid_19_69f4ba9469b58);\n<\/script><div class=\"td-block-title-wrap\"><\/div><div id=td_uid_19_69f4ba9469b58 class=\"td_block_inner\">\n\n\t<div class=\"td-block-span12\">\n\r\n        <div class=\"td_module_6 td_module_wrap td-animation-stack\">\r\n\r\n        <div class=\"td-module-thumb\"><a href=\"https:\/\/www.africa-press.net\/senegal\/politique\/le-pape-leon-xiv-en-afrique-tournee-spirituelle\" rel=\"bookmark\" class=\"td-image-wrap\" title=\"Le Pape L\u00e9on XIV en Afrique: Tourn\u00e9e Spirituelle\"><img loading=\"lazy\" decoding=\"async\" class=\"entry-thumb\" src=\"data:image\/png;base64,iVBORw0KGgoAAAANSUhEUgAAAGQAAABGAQMAAAAASKMqAAAAA1BMVEWurq51dlI4AAAAAXRSTlMmkutdmwAAABBJREFUKM9jGAWjYBQMKwAAA9QAAQWBn6cAAAAASUVORK5CYII=\" alt=\"Le Pape L\u00e9on XIV en Afrique: Tourn\u00e9e Spirituelle\" title=\"Le Pape L\u00e9on XIV en Afrique: Tourn\u00e9e Spirituelle\" data-type=\"image_tag\" data-img-url=\"https:\/\/static.africa-press.net\/senegal\/sites\/13\/2026\/04\/sm_1777503967.408025-100x70.jpg\"  width=\"100\" height=\"70\" \/><\/a><\/div>\r\n        <div class=\"item-details\">\r\n            <h3 class=\"entry-title td-module-title\"><a href=\"https:\/\/www.africa-press.net\/senegal\/politique\/le-pape-leon-xiv-en-afrique-tournee-spirituelle\" rel=\"bookmark\" title=\"Le Pape L\u00e9on XIV en Afrique: Tourn\u00e9e Spirituelle\">Le Pape L\u00e9on XIV en Afrique: Tourn\u00e9e Spirituelle<\/a><\/h3>            <div class=\"td-module-meta-info\">\r\n                                                <span class=\"td-post-date\"><time class=\"entry-date updated td-module-date\" datetime=\"2026-04-29T22:42:05+00:00\" >2026-04-29<\/time><\/span>                            <\/div>\r\n        <\/div>\r\n\r\n        <\/div>\r\n\r\n        \n\t<\/div> <!-- .\/td-block-span12 -->\n\n\t<div class=\"td-block-span12\">\n\r\n        <div class=\"td_module_6 td_module_wrap td-animation-stack\">\r\n\r\n        <div class=\"td-module-thumb\"><a href=\"https:\/\/www.africa-press.net\/senegal\/politique\/infrastructures-sanitaires-sonko-evalue-310-milliards\" rel=\"bookmark\" class=\"td-image-wrap\" title=\"Infrastructures Sanitaires: Sonko \u00c9value 310 Milliards\"><img loading=\"lazy\" decoding=\"async\" class=\"entry-thumb\" src=\"data:image\/png;base64,iVBORw0KGgoAAAANSUhEUgAAAGQAAABGAQMAAAAASKMqAAAAA1BMVEWurq51dlI4AAAAAXRSTlMmkutdmwAAABBJREFUKM9jGAWjYBQMKwAAA9QAAQWBn6cAAAAASUVORK5CYII=\" alt=\"Infrastructures Sanitaires: Sonko \u00c9value 310 Milliards\" title=\"Infrastructures Sanitaires: Sonko \u00c9value 310 Milliards\" data-type=\"image_tag\" data-img-url=\"https:\/\/static.africa-press.net\/senegal\/sites\/13\/2026\/04\/sm_1777506193.927509-100x70.jpg\"  width=\"100\" height=\"70\" \/><\/a><\/div>\r\n        <div class=\"item-details\">\r\n            <h3 class=\"entry-title td-module-title\"><a href=\"https:\/\/www.africa-press.net\/senegal\/politique\/infrastructures-sanitaires-sonko-evalue-310-milliards\" rel=\"bookmark\" title=\"Infrastructures Sanitaires: Sonko \u00c9value 310 Milliards\">Infrastructures Sanitaires: Sonko \u00c9value 310 Milliards<\/a><\/h3>            <div class=\"td-module-meta-info\">\r\n                                                <span class=\"td-post-date\"><time class=\"entry-date updated td-module-date\" datetime=\"2026-04-29T13:00:00+00:00\" >2026-04-29<\/time><\/span>                            <\/div>\r\n        <\/div>\r\n\r\n        <\/div>\r\n\r\n        \n\t<\/div> <!-- .\/td-block-span12 -->\n\n\t<div class=\"td-block-span12\">\n\r\n        <div class=\"td_module_6 td_module_wrap td-animation-stack\">\r\n\r\n        <div class=\"td-module-thumb\"><a href=\"https:\/\/www.africa-press.net\/senegal\/politique\/loccident-et-le-mali-une-lutte-pour-le-controle\" rel=\"bookmark\" class=\"td-image-wrap\" title=\"L&rsquo;Occident et le Mali: Une Lutte pour le Contr\u00f4le\"><img loading=\"lazy\" decoding=\"async\" class=\"entry-thumb\" src=\"data:image\/png;base64,iVBORw0KGgoAAAANSUhEUgAAAGQAAABGAQMAAAAASKMqAAAAA1BMVEWurq51dlI4AAAAAXRSTlMmkutdmwAAABBJREFUKM9jGAWjYBQMKwAAA9QAAQWBn6cAAAAASUVORK5CYII=\" alt=\"L&#039;Occident et le Mali: Une Lutte pour le Contr\u00f4le\" title=\"L&rsquo;Occident et le Mali: Une Lutte pour le Contr\u00f4le\" data-type=\"image_tag\" data-img-url=\"https:\/\/static.africa-press.net\/senegal\/sites\/13\/2026\/04\/sm_1777573680.962539-100x70.jpg\"  width=\"100\" height=\"70\" \/><\/a><\/div>\r\n        <div class=\"item-details\">\r\n            <h3 class=\"entry-title td-module-title\"><a href=\"https:\/\/www.africa-press.net\/senegal\/politique\/loccident-et-le-mali-une-lutte-pour-le-controle\" rel=\"bookmark\" title=\"L&rsquo;Occident et le Mali: Une Lutte pour le Contr\u00f4le\">L&rsquo;Occident et le Mali: Une Lutte pour le Contr\u00f4le<\/a><\/h3>            <div class=\"td-module-meta-info\">\r\n                                                <span class=\"td-post-date\"><time class=\"entry-date updated td-module-date\" datetime=\"2026-04-25T13:00:03+00:00\" >2026-04-25<\/time><\/span>                            <\/div>\r\n        <\/div>\r\n\r\n        <\/div>\r\n\r\n        \n\t<\/div> <!-- .\/td-block-span12 -->\n\n\t<div class=\"td-block-span12\">\n\r\n        <div class=\"td_module_6 td_module_wrap td-animation-stack\">\r\n\r\n        <div class=\"td-module-thumb\"><a href=\"https:\/\/www.africa-press.net\/senegal\/politique\/situation-economique-et-sociale-du-senegal-decrite-sombre\" rel=\"bookmark\" class=\"td-image-wrap\" title=\"Situation \u00c9conomique et Sociale du S\u00e9n\u00e9gal D\u00e9crite Sombre\"><img loading=\"lazy\" decoding=\"async\" class=\"entry-thumb\" src=\"data:image\/png;base64,iVBORw0KGgoAAAANSUhEUgAAAGQAAABGAQMAAAAASKMqAAAAA1BMVEWurq51dlI4AAAAAXRSTlMmkutdmwAAABBJREFUKM9jGAWjYBQMKwAAA9QAAQWBn6cAAAAASUVORK5CYII=\" alt=\"Situation \u00c9conomique et Sociale du S\u00e9n\u00e9gal D\u00e9crite Sombre\" title=\"Situation \u00c9conomique et Sociale du S\u00e9n\u00e9gal D\u00e9crite Sombre\" data-type=\"image_tag\" data-img-url=\"https:\/\/static.africa-press.net\/senegal\/sites\/13\/2026\/03\/sm_1773607826.625013-100x70.jpg\"  width=\"100\" height=\"70\" \/><\/a><\/div>\r\n        <div class=\"item-details\">\r\n            <h3 class=\"entry-title td-module-title\"><a href=\"https:\/\/www.africa-press.net\/senegal\/politique\/situation-economique-et-sociale-du-senegal-decrite-sombre\" rel=\"bookmark\" title=\"Situation \u00c9conomique et Sociale du S\u00e9n\u00e9gal D\u00e9crite Sombre\">Situation \u00c9conomique et Sociale du S\u00e9n\u00e9gal D\u00e9crite Sombre<\/a><\/h3>            <div class=\"td-module-meta-info\">\r\n                                                <span class=\"td-post-date\"><time class=\"entry-date updated td-module-date\" datetime=\"2026-03-15T13:45:00+00:00\" >2026-03-15<\/time><\/span>                            <\/div>\r\n        <\/div>\r\n\r\n        <\/div>\r\n\r\n        \n\t<\/div> <!-- .\/td-block-span12 --><\/div><\/div> <!-- .\/block --><\/div><\/div><\/div><\/div><div class=\"tdm_block td_block_wrap tdm_block_button td_uid_20_69f4ba948c7fe_rand tdm-block-button-inline tdm-content-horiz-right td-pb-border-top main-box-btn-green-en td_block_template_1\"  data-td-block-uid=\"td_uid_20_69f4ba948c7fe\"     >\n<style>\n.td_uid_21_69f4ba948ceb5 i:first-child {\r\n\t\t\t\t\tmargin-right: 14px;\r\n\t\t\t\t}\n<\/style><div class=\"tds-button td-fix-index\"><a \r\n                href=\"\/senegal\/politique\" \r\n                class=\"tds-button1 tdm-btn tdm-btn-sm td_uid_21_69f4ba948ceb5\"  target=\"_blank\" ><i class=\"tdc-font-fa tdc-font-fa-arrow-right\"><\/i><span class=\"tdm-btn-text\">Plus de Nouvelles<\/span><\/a><\/div><\/div><div class=\"wpb_wrapper td_block_wrap vc_raw_html td_uid_22_69f4ba948d2eb_rand \"><div class=\"td-fix-index\"><div class=\"td-block-title-wrap\"><h4 class=\"block-title\"><a href=\"\/senegal\/economie\" class=\"td-pulldown-size\">\u00c9conomie<\/a><\/h4><\/div><\/div><\/div><div id=\"main-box\" class=\"vc_row_inner td_uid_23_69f4ba948d323_rand  vc_row vc_inner wpb_row td-pb-row\" >\n<style scoped>\n\n\/* custom css *\/\n.td_uid_23_69f4ba948d323_rand {\r\n                    position: relative !important;\r\n                    top: 0;\r\n                    transform: none;\r\n                    -webkit-transform: none;\r\n                }\n<\/style><div class=\"vc_column_inner td_uid_24_69f4ba948d439_rand  wpb_column vc_column_container tdc-inner-column td-pb-span6\">\n<style scoped>\n\n\/* custom css *\/\n.td_uid_24_69f4ba948d439_rand {\r\n                    vertical-align: baseline;\r\n                }\n<\/style><div class=\"vc_column-inner\"><div class=\"wpb_wrapper\"><div class=\"td_block_wrap td_block_18 td_uid_25_69f4ba948d529_rand td_with_ajax_pagination td-pb-border-top td_block_template_1 td-column-1\"  data-td-block-uid=\"td_uid_25_69f4ba948d529\" ><script>var block_td_uid_25_69f4ba948d529 = new tdBlock();\nblock_td_uid_25_69f4ba948d529.id = \"td_uid_25_69f4ba948d529\";\nblock_td_uid_25_69f4ba948d529.atts = '{\"category_id\":\"3\",\"limit\":\"3\",\"ajax_pagination\":\"next_prev\",\"separator\":\"\",\"custom_title\":\"\",\"custom_url\":\"\",\"block_template_id\":\"\",\"mx8_tl\":\"\",\"m10_tl\":\"\",\"m10_el\":\"\",\"mx2_tl\":\"\",\"post_ids\":\"\",\"category_ids\":\"\",\"tag_slug\":\"\",\"autors_id\":\"\",\"installed_post_types\":\"\",\"sort\":\"\",\"offset\":\"\",\"show_modified_date\":\"\",\"el_class\":\"\",\"td_ajax_filter_type\":\"\",\"td_ajax_filter_ids\":\"\",\"td_filter_default_txt\":\"All\",\"td_ajax_preloading\":\"\",\"f_header_font_header\":\"\",\"f_header_font_title\":\"Block header\",\"f_header_font_settings\":\"\",\"f_header_font_family\":\"\",\"f_header_font_size\":\"\",\"f_header_font_line_height\":\"\",\"f_header_font_style\":\"\",\"f_header_font_weight\":\"\",\"f_header_font_transform\":\"\",\"f_header_font_spacing\":\"\",\"f_header_\":\"\",\"f_ajax_font_title\":\"Ajax categories\",\"f_ajax_font_settings\":\"\",\"f_ajax_font_family\":\"\",\"f_ajax_font_size\":\"\",\"f_ajax_font_line_height\":\"\",\"f_ajax_font_style\":\"\",\"f_ajax_font_weight\":\"\",\"f_ajax_font_transform\":\"\",\"f_ajax_font_spacing\":\"\",\"f_ajax_\":\"\",\"f_more_font_title\":\"Load more button\",\"f_more_font_settings\":\"\",\"f_more_font_family\":\"\",\"f_more_font_size\":\"\",\"f_more_font_line_height\":\"\",\"f_more_font_style\":\"\",\"f_more_font_weight\":\"\",\"f_more_font_transform\":\"\",\"f_more_font_spacing\":\"\",\"f_more_\":\"\",\"mx8f_title_font_header\":\"\",\"mx8f_title_font_title\":\"Article title\",\"mx8f_title_font_settings\":\"\",\"mx8f_title_font_family\":\"\",\"mx8f_title_font_size\":\"\",\"mx8f_title_font_line_height\":\"\",\"mx8f_title_font_style\":\"\",\"mx8f_title_font_weight\":\"\",\"mx8f_title_font_transform\":\"\",\"mx8f_title_font_spacing\":\"\",\"mx8f_title_\":\"\",\"mx8f_cat_font_title\":\"Article category tag\",\"mx8f_cat_font_settings\":\"\",\"mx8f_cat_font_family\":\"\",\"mx8f_cat_font_size\":\"\",\"mx8f_cat_font_line_height\":\"\",\"mx8f_cat_font_style\":\"\",\"mx8f_cat_font_weight\":\"\",\"mx8f_cat_font_transform\":\"\",\"mx8f_cat_font_spacing\":\"\",\"mx8f_cat_\":\"\",\"mx8f_meta_font_title\":\"Article meta info\",\"mx8f_meta_font_settings\":\"\",\"mx8f_meta_font_family\":\"\",\"mx8f_meta_font_size\":\"\",\"mx8f_meta_font_line_height\":\"\",\"mx8f_meta_font_style\":\"\",\"mx8f_meta_font_weight\":\"\",\"mx8f_meta_font_transform\":\"\",\"mx8f_meta_font_spacing\":\"\",\"mx8f_meta_\":\"\",\"m10f_title_font_header\":\"\",\"m10f_title_font_title\":\"Article title\",\"m10f_title_font_settings\":\"\",\"m10f_title_font_family\":\"\",\"m10f_title_font_size\":\"\",\"m10f_title_font_line_height\":\"\",\"m10f_title_font_style\":\"\",\"m10f_title_font_weight\":\"\",\"m10f_title_font_transform\":\"\",\"m10f_title_font_spacing\":\"\",\"m10f_title_\":\"\",\"m10f_cat_font_title\":\"Article category tag\",\"m10f_cat_font_settings\":\"\",\"m10f_cat_font_family\":\"\",\"m10f_cat_font_size\":\"\",\"m10f_cat_font_line_height\":\"\",\"m10f_cat_font_style\":\"\",\"m10f_cat_font_weight\":\"\",\"m10f_cat_font_transform\":\"\",\"m10f_cat_font_spacing\":\"\",\"m10f_cat_\":\"\",\"m10f_meta_font_title\":\"Article meta info\",\"m10f_meta_font_settings\":\"\",\"m10f_meta_font_family\":\"\",\"m10f_meta_font_size\":\"\",\"m10f_meta_font_line_height\":\"\",\"m10f_meta_font_style\":\"\",\"m10f_meta_font_weight\":\"\",\"m10f_meta_font_transform\":\"\",\"m10f_meta_font_spacing\":\"\",\"m10f_meta_\":\"\",\"m10f_ex_font_title\":\"Article excerpt\",\"m10f_ex_font_settings\":\"\",\"m10f_ex_font_family\":\"\",\"m10f_ex_font_size\":\"\",\"m10f_ex_font_line_height\":\"\",\"m10f_ex_font_style\":\"\",\"m10f_ex_font_weight\":\"\",\"m10f_ex_font_transform\":\"\",\"m10f_ex_font_spacing\":\"\",\"m10f_ex_\":\"\",\"mx2f_title_font_header\":\"\",\"mx2f_title_font_title\":\"Article title\",\"mx2f_title_font_settings\":\"\",\"mx2f_title_font_family\":\"\",\"mx2f_title_font_size\":\"\",\"mx2f_title_font_line_height\":\"\",\"mx2f_title_font_style\":\"\",\"mx2f_title_font_weight\":\"\",\"mx2f_title_font_transform\":\"\",\"mx2f_title_font_spacing\":\"\",\"mx2f_title_\":\"\",\"mx2f_cat_font_title\":\"Article category tag\",\"mx2f_cat_font_settings\":\"\",\"mx2f_cat_font_family\":\"\",\"mx2f_cat_font_size\":\"\",\"mx2f_cat_font_line_height\":\"\",\"mx2f_cat_font_style\":\"\",\"mx2f_cat_font_weight\":\"\",\"mx2f_cat_font_transform\":\"\",\"mx2f_cat_font_spacing\":\"\",\"mx2f_cat_\":\"\",\"mx2f_meta_font_title\":\"Article meta info\",\"mx2f_meta_font_settings\":\"\",\"mx2f_meta_font_family\":\"\",\"mx2f_meta_font_size\":\"\",\"mx2f_meta_font_line_height\":\"\",\"mx2f_meta_font_style\":\"\",\"mx2f_meta_font_weight\":\"\",\"mx2f_meta_font_transform\":\"\",\"mx2f_meta_font_spacing\":\"\",\"mx2f_meta_\":\"\",\"ajax_pagination_infinite_stop\":\"\",\"css\":\"\",\"tdc_css\":\"\",\"td_column_number\":1,\"header_color\":\"\",\"color_preset\":\"\",\"border_top\":\"\",\"class\":\"td_uid_25_69f4ba948d529_rand\",\"tdc_css_class\":\"td_uid_25_69f4ba948d529_rand\",\"tdc_css_class_style\":\"td_uid_25_69f4ba948d529_rand_style\"}';\nblock_td_uid_25_69f4ba948d529.td_column_number = \"1\";\nblock_td_uid_25_69f4ba948d529.block_type = \"td_block_18\";\nblock_td_uid_25_69f4ba948d529.post_count = \"3\";\nblock_td_uid_25_69f4ba948d529.found_posts = \"1967\";\nblock_td_uid_25_69f4ba948d529.header_color = \"\";\nblock_td_uid_25_69f4ba948d529.ajax_pagination_infinite_stop = \"\";\nblock_td_uid_25_69f4ba948d529.max_num_pages = \"656\";\ntdBlocksArray.push(block_td_uid_25_69f4ba948d529);\n<\/script><div class=\"td-block-title-wrap\"><\/div><div id=td_uid_25_69f4ba948d529 class=\"td_block_inner td-column-1\">\r\n        <div class=\"td_module_mx8 td_module_wrap td-animation-stack\">\r\n            <div class=\"meta-info-container\">\r\n                <div class=\"td-module-thumb\"><a href=\"https:\/\/www.africa-press.net\/senegal\/economie\/experts-de-lonu-avertissent-des-violences-au-gabon\" rel=\"bookmark\" class=\"td-image-wrap\" title=\"Experts de L&rsquo;Onu Avertissent des Violences au Gabon\"><img loading=\"lazy\" decoding=\"async\" class=\"entry-thumb\" src=\"data:image\/png;base64,iVBORw0KGgoAAAANSUhEUgAAArgAAAGBAQMAAAC3k1CUAAAAA1BMVEWurq51dlI4AAAAAXRSTlMmkutdmwAAADdJREFUeNrtwTEBAAAAwiD7p7bETmAAAAAAAAAAAAAAAAAAAAAAAAAAAAAAAAAAAAAAAAAAAEDuhFgAARFpDB8AAAAASUVORK5CYII=\" alt=\"Experts de L&#039;Onu Avertissent des Violences au Gabon\" title=\"Experts de L&rsquo;Onu Avertissent des Violences au Gabon\" data-type=\"image_tag\" data-img-url=\"https:\/\/static.africa-press.net\/senegal\/sites\/13\/2026\/05\/sm_1777594743.162182-696x385.jpg\"  width=\"696\" height=\"385\" \/><\/a><\/div>\r\n                <div class=\"td-module-meta-info\">\r\n                    <h3 class=\"entry-title td-module-title\"><a href=\"https:\/\/www.africa-press.net\/senegal\/economie\/experts-de-lonu-avertissent-des-violences-au-gabon\" rel=\"bookmark\" title=\"Experts de L&rsquo;Onu Avertissent des Violences au Gabon\">Experts de L&rsquo;Onu Avertissent des Violences au Gabon<\/a><\/h3>                                        <span class=\"td-author-date\">\r\n                                                <span class=\"td-post-date\"><time class=\"entry-date updated td-module-date\" datetime=\"2026-04-30T21:10:27+00:00\" >2026-04-30<\/time><\/span>                                            <\/span>\r\n                <\/div>\r\n            <\/div>\r\n\r\n        <\/div>\r\n\r\n        \r\n        <div class=\"td_module_mx2 td_module_wrap td-animation-stack\">\r\n\r\n            <div class=\"td-module-thumb\"><a href=\"https:\/\/www.africa-press.net\/senegal\/economie\/le-marche-commun-dafrique-de-louest-et-la-cedeao\" rel=\"bookmark\" class=\"td-image-wrap\" title=\"Le March\u00e9 Commun D&rsquo;Afrique de L&rsquo;Ouest et la CEDEAO\"><img loading=\"lazy\" decoding=\"async\" class=\"entry-thumb\" src=\"data:image\/png;base64,iVBORw0KGgoAAAANSUhEUgAAAFAAAAA8AQMAAADL6a\/PAAAAA1BMVEWurq51dlI4AAAAAXRSTlMmkutdmwAAAA5JREFUKM9jGAWjYJABAAKUAAHoEAeuAAAAAElFTkSuQmCC\" alt=\"Le March\u00e9 Commun D&#039;Afrique de L&#039;Ouest et la CEDEAO\" title=\"Le March\u00e9 Commun D&rsquo;Afrique de L&rsquo;Ouest et la CEDEAO\" data-type=\"image_tag\" data-img-url=\"https:\/\/static.africa-press.net\/senegal\/sites\/13\/2026\/05\/sm_1777594568.502311-80x60.jpg\"  width=\"80\" height=\"60\" \/><\/a><\/div>\r\n            <div class=\"item-details\">\r\n                <h3 class=\"entry-title td-module-title\"><a href=\"https:\/\/www.africa-press.net\/senegal\/economie\/le-marche-commun-dafrique-de-louest-et-la-cedeao\" rel=\"bookmark\" title=\"Le March\u00e9 Commun D&rsquo;Afrique de L&rsquo;Ouest et la CEDEAO\">Le March\u00e9 Commun D&rsquo;Afrique de L&rsquo;Ouest et la CEDEAO<\/a><\/h3>                <div class=\"td-module-meta-info\">\r\n                                                            <span class=\"td-post-date\"><time class=\"entry-date updated td-module-date\" datetime=\"2026-04-30T21:08:28+00:00\" >2026-04-30<\/time><\/span>                                    <\/div>\r\n            <\/div>\r\n\r\n        <\/div>\r\n\r\n        \r\n        <div class=\"td_module_mx2 td_module_wrap td-animation-stack\">\r\n\r\n            <div class=\"td-module-thumb\"><a href=\"https:\/\/www.africa-press.net\/senegal\/economie\/economie-mondiale-lafrique-nouveau-champ-de-bataille\" rel=\"bookmark\" class=\"td-image-wrap\" title=\"\u00c9conomie Mondiale: L&rsquo;Afrique, Nouveau Champ de Bataille\"><img loading=\"lazy\" decoding=\"async\" class=\"entry-thumb\" src=\"data:image\/png;base64,iVBORw0KGgoAAAANSUhEUgAAAFAAAAA8AQMAAADL6a\/PAAAAA1BMVEWurq51dlI4AAAAAXRSTlMmkutdmwAAAA5JREFUKM9jGAWjYJABAAKUAAHoEAeuAAAAAElFTkSuQmCC\" alt=\"\u00c9conomie Mondiale: L&#039;Afrique, Nouveau Champ de Bataille\" title=\"\u00c9conomie Mondiale: L&rsquo;Afrique, Nouveau Champ de Bataille\" data-type=\"image_tag\" data-img-url=\"https:\/\/static.africa-press.net\/senegal\/sites\/13\/2026\/04\/sm_1777573991.960002-80x60.jpg\"  width=\"80\" height=\"60\" \/><\/a><\/div>\r\n            <div class=\"item-details\">\r\n                <h3 class=\"entry-title td-module-title\"><a href=\"https:\/\/www.africa-press.net\/senegal\/economie\/economie-mondiale-lafrique-nouveau-champ-de-bataille\" rel=\"bookmark\" title=\"\u00c9conomie Mondiale: L&rsquo;Afrique, Nouveau Champ de Bataille\">\u00c9conomie Mondiale: L&rsquo;Afrique, Nouveau Champ de Bataille<\/a><\/h3>                <div class=\"td-module-meta-info\">\r\n                                                            <span class=\"td-post-date\"><time class=\"entry-date updated td-module-date\" datetime=\"2026-04-30T15:00:41+00:00\" >2026-04-30<\/time><\/span>                                    <\/div>\r\n            <\/div>\r\n\r\n        <\/div>\r\n\r\n        <\/div><div class=\"td-next-prev-wrap\"><a href=\"#\" class=\"td-ajax-prev-page ajax-page-disabled\" id=\"prev-page-td_uid_25_69f4ba948d529\" data-td_block_id=\"td_uid_25_69f4ba948d529\"><i class=\"td-icon-font td-icon-menu-left\"><\/i><\/a><a href=\"#\"  class=\"td-ajax-next-page\" id=\"next-page-td_uid_25_69f4ba948d529\" data-td_block_id=\"td_uid_25_69f4ba948d529\"><i class=\"td-icon-font td-icon-menu-right\"><\/i><\/a><\/div><\/div> <!-- .\/block --><\/div><\/div><\/div><div class=\"vc_column_inner td_uid_26_69f4ba9498594_rand  wpb_column vc_column_container tdc-inner-column td-pb-span6\">\n<style scoped>\n\n\/* custom css *\/\n.td_uid_26_69f4ba9498594_rand {\r\n                    vertical-align: baseline;\r\n                }\n<\/style><div class=\"vc_column-inner\"><div class=\"wpb_wrapper\"><div class=\"td_block_wrap td_block_7 td_uid_27_69f4ba949869c_rand td-pb-border-top td_block_template_1 td-column-1 td_block_padding\"  data-td-block-uid=\"td_uid_27_69f4ba949869c\" >\n<style>\n\n\/* inline tdc_css att *\/\n\n\/* phone *\/\n@media (max-width: 767px)\n{\n.td_uid_27_69f4ba949869c_rand{\ndisplay:none !important;\n}\n}\n\n<\/style><script>var block_td_uid_27_69f4ba949869c = new tdBlock();\nblock_td_uid_27_69f4ba949869c.id = \"td_uid_27_69f4ba949869c\";\nblock_td_uid_27_69f4ba949869c.atts = '{\"category_id\":\"3\",\"limit\":\"4\",\"offset\":\"3\",\"tdc_css\":\"eyJwaG9uZSI6eyJkaXNwbGF5Ijoibm9uZSJ9LCJwaG9uZV9tYXhfd2lkdGgiOjc2N30=\",\"separator\":\"\",\"custom_title\":\"\",\"custom_url\":\"\",\"block_template_id\":\"\",\"m6_tl\":\"\",\"post_ids\":\"\",\"category_ids\":\"\",\"tag_slug\":\"\",\"autors_id\":\"\",\"installed_post_types\":\"\",\"sort\":\"\",\"show_modified_date\":\"\",\"el_class\":\"\",\"td_ajax_filter_type\":\"\",\"td_ajax_filter_ids\":\"\",\"td_filter_default_txt\":\"All\",\"td_ajax_preloading\":\"\",\"f_header_font_header\":\"\",\"f_header_font_title\":\"Block header\",\"f_header_font_settings\":\"\",\"f_header_font_family\":\"\",\"f_header_font_size\":\"\",\"f_header_font_line_height\":\"\",\"f_header_font_style\":\"\",\"f_header_font_weight\":\"\",\"f_header_font_transform\":\"\",\"f_header_font_spacing\":\"\",\"f_header_\":\"\",\"f_ajax_font_title\":\"Ajax categories\",\"f_ajax_font_settings\":\"\",\"f_ajax_font_family\":\"\",\"f_ajax_font_size\":\"\",\"f_ajax_font_line_height\":\"\",\"f_ajax_font_style\":\"\",\"f_ajax_font_weight\":\"\",\"f_ajax_font_transform\":\"\",\"f_ajax_font_spacing\":\"\",\"f_ajax_\":\"\",\"f_more_font_title\":\"Load more button\",\"f_more_font_settings\":\"\",\"f_more_font_family\":\"\",\"f_more_font_size\":\"\",\"f_more_font_line_height\":\"\",\"f_more_font_style\":\"\",\"f_more_font_weight\":\"\",\"f_more_font_transform\":\"\",\"f_more_font_spacing\":\"\",\"f_more_\":\"\",\"m6f_title_font_header\":\"\",\"m6f_title_font_title\":\"Article title\",\"m6f_title_font_settings\":\"\",\"m6f_title_font_family\":\"\",\"m6f_title_font_size\":\"\",\"m6f_title_font_line_height\":\"\",\"m6f_title_font_style\":\"\",\"m6f_title_font_weight\":\"\",\"m6f_title_font_transform\":\"\",\"m6f_title_font_spacing\":\"\",\"m6f_title_\":\"\",\"m6f_cat_font_title\":\"Article category tag\",\"m6f_cat_font_settings\":\"\",\"m6f_cat_font_family\":\"\",\"m6f_cat_font_size\":\"\",\"m6f_cat_font_line_height\":\"\",\"m6f_cat_font_style\":\"\",\"m6f_cat_font_weight\":\"\",\"m6f_cat_font_transform\":\"\",\"m6f_cat_font_spacing\":\"\",\"m6f_cat_\":\"\",\"m6f_meta_font_title\":\"Article meta info\",\"m6f_meta_font_settings\":\"\",\"m6f_meta_font_family\":\"\",\"m6f_meta_font_size\":\"\",\"m6f_meta_font_line_height\":\"\",\"m6f_meta_font_style\":\"\",\"m6f_meta_font_weight\":\"\",\"m6f_meta_font_transform\":\"\",\"m6f_meta_font_spacing\":\"\",\"m6f_meta_\":\"\",\"ajax_pagination\":\"\",\"ajax_pagination_infinite_stop\":\"\",\"css\":\"\",\"td_column_number\":1,\"header_color\":\"\",\"color_preset\":\"\",\"border_top\":\"\",\"class\":\"td_uid_27_69f4ba949869c_rand\",\"tdc_css_class\":\"td_uid_27_69f4ba949869c_rand\",\"tdc_css_class_style\":\"td_uid_27_69f4ba949869c_rand_style\"}';\nblock_td_uid_27_69f4ba949869c.td_column_number = \"1\";\nblock_td_uid_27_69f4ba949869c.block_type = \"td_block_7\";\nblock_td_uid_27_69f4ba949869c.post_count = \"4\";\nblock_td_uid_27_69f4ba949869c.found_posts = \"1967\";\nblock_td_uid_27_69f4ba949869c.header_color = \"\";\nblock_td_uid_27_69f4ba949869c.ajax_pagination_infinite_stop = \"\";\nblock_td_uid_27_69f4ba949869c.max_num_pages = \"491\";\ntdBlocksArray.push(block_td_uid_27_69f4ba949869c);\n<\/script><div class=\"td-block-title-wrap\"><\/div><div id=td_uid_27_69f4ba949869c class=\"td_block_inner\">\n\n\t<div class=\"td-block-span12\">\n\r\n        <div class=\"td_module_6 td_module_wrap td-animation-stack\">\r\n\r\n        <div class=\"td-module-thumb\"><a href=\"https:\/\/www.africa-press.net\/senegal\/economie\/prix-du-riz-determine-au-port-de-dakar\" rel=\"bookmark\" class=\"td-image-wrap\" title=\"Prix du Riz D\u00e9termin\u00e9 au Port de Dakar\"><img loading=\"lazy\" decoding=\"async\" class=\"entry-thumb\" src=\"data:image\/png;base64,iVBORw0KGgoAAAANSUhEUgAAAGQAAABGAQMAAAAASKMqAAAAA1BMVEWurq51dlI4AAAAAXRSTlMmkutdmwAAABBJREFUKM9jGAWjYBQMKwAAA9QAAQWBn6cAAAAASUVORK5CYII=\" alt=\"Prix du Riz D\u00e9termin\u00e9 au Port de Dakar\" title=\"Prix du Riz D\u00e9termin\u00e9 au Port de Dakar\" data-type=\"image_tag\" data-img-url=\"https:\/\/static.africa-press.net\/senegal\/sites\/13\/2026\/04\/sm_1777573970.738937-100x70.jpg\"  width=\"100\" height=\"70\" \/><\/a><\/div>\r\n        <div class=\"item-details\">\r\n            <h3 class=\"entry-title td-module-title\"><a href=\"https:\/\/www.africa-press.net\/senegal\/economie\/prix-du-riz-determine-au-port-de-dakar\" rel=\"bookmark\" title=\"Prix du Riz D\u00e9termin\u00e9 au Port de Dakar\">Prix du Riz D\u00e9termin\u00e9 au Port de Dakar<\/a><\/h3>            <div class=\"td-module-meta-info\">\r\n                                                <span class=\"td-post-date\"><time class=\"entry-date updated td-module-date\" datetime=\"2026-04-30T13:58:49+00:00\" >2026-04-30<\/time><\/span>                            <\/div>\r\n        <\/div>\r\n\r\n        <\/div>\r\n\r\n        \n\t<\/div> <!-- .\/td-block-span12 -->\n\n\t<div class=\"td-block-span12\">\n\r\n        <div class=\"td_module_6 td_module_wrap td-animation-stack\">\r\n\r\n        <div class=\"td-module-thumb\"><a href=\"https:\/\/www.africa-press.net\/senegal\/economie\/diplomatie-economique-comme-front-de-competition-capitale\" rel=\"bookmark\" class=\"td-image-wrap\" title=\"Diplomatie \u00c9conomique Comme Front de Comp\u00e9tition Capitale\"><img loading=\"lazy\" decoding=\"async\" class=\"entry-thumb\" src=\"data:image\/png;base64,iVBORw0KGgoAAAANSUhEUgAAAGQAAABGAQMAAAAASKMqAAAAA1BMVEWurq51dlI4AAAAAXRSTlMmkutdmwAAABBJREFUKM9jGAWjYBQMKwAAA9QAAQWBn6cAAAAASUVORK5CYII=\" alt=\"Diplomatie \u00c9conomique Comme Front de Comp\u00e9tition Capitale\" title=\"Diplomatie \u00c9conomique Comme Front de Comp\u00e9tition Capitale\" data-type=\"image_tag\" data-img-url=\"https:\/\/static.africa-press.net\/senegal\/sites\/13\/2026\/04\/sm_1777573951.602992-100x70.jpg\"  width=\"100\" height=\"70\" \/><\/a><\/div>\r\n        <div class=\"item-details\">\r\n            <h3 class=\"entry-title td-module-title\"><a href=\"https:\/\/www.africa-press.net\/senegal\/economie\/diplomatie-economique-comme-front-de-competition-capitale\" rel=\"bookmark\" title=\"Diplomatie \u00c9conomique Comme Front de Comp\u00e9tition Capitale\">Diplomatie \u00c9conomique Comme Front de Comp\u00e9tition Capitale<\/a><\/h3>            <div class=\"td-module-meta-info\">\r\n                                                <span class=\"td-post-date\"><time class=\"entry-date updated td-module-date\" datetime=\"2026-04-30T13:55:26+00:00\" >2026-04-30<\/time><\/span>                            <\/div>\r\n        <\/div>\r\n\r\n        <\/div>\r\n\r\n        \n\t<\/div> <!-- .\/td-block-span12 -->\n\n\t<div class=\"td-block-span12\">\n\r\n        <div class=\"td_module_6 td_module_wrap td-animation-stack\">\r\n\r\n        <div class=\"td-module-thumb\"><a href=\"https:\/\/www.africa-press.net\/senegal\/politique\/infrastructures-sanitaires-sonko-evalue-310-milliards\" rel=\"bookmark\" class=\"td-image-wrap\" title=\"Infrastructures Sanitaires: Sonko \u00c9value 310 Milliards\"><img loading=\"lazy\" decoding=\"async\" class=\"entry-thumb\" src=\"data:image\/png;base64,iVBORw0KGgoAAAANSUhEUgAAAGQAAABGAQMAAAAASKMqAAAAA1BMVEWurq51dlI4AAAAAXRSTlMmkutdmwAAABBJREFUKM9jGAWjYBQMKwAAA9QAAQWBn6cAAAAASUVORK5CYII=\" alt=\"Infrastructures Sanitaires: Sonko \u00c9value 310 Milliards\" title=\"Infrastructures Sanitaires: Sonko \u00c9value 310 Milliards\" data-type=\"image_tag\" data-img-url=\"https:\/\/static.africa-press.net\/senegal\/sites\/13\/2026\/04\/sm_1777506193.927509-100x70.jpg\"  width=\"100\" height=\"70\" \/><\/a><\/div>\r\n        <div class=\"item-details\">\r\n            <h3 class=\"entry-title td-module-title\"><a href=\"https:\/\/www.africa-press.net\/senegal\/politique\/infrastructures-sanitaires-sonko-evalue-310-milliards\" rel=\"bookmark\" title=\"Infrastructures Sanitaires: Sonko \u00c9value 310 Milliards\">Infrastructures Sanitaires: Sonko \u00c9value 310 Milliards<\/a><\/h3>            <div class=\"td-module-meta-info\">\r\n                                                <span class=\"td-post-date\"><time class=\"entry-date updated td-module-date\" datetime=\"2026-04-29T13:00:00+00:00\" >2026-04-29<\/time><\/span>                            <\/div>\r\n        <\/div>\r\n\r\n        <\/div>\r\n\r\n        \n\t<\/div> <!-- .\/td-block-span12 -->\n\n\t<div class=\"td-block-span12\">\n\r\n        <div class=\"td_module_6 td_module_wrap td-animation-stack\">\r\n\r\n        <div class=\"td-module-thumb\"><a href=\"https:\/\/www.africa-press.net\/senegal\/economie\/matam-et-lor-blanc-revelations-des-chiffres\" rel=\"bookmark\" class=\"td-image-wrap\" title=\"Matam et L&rsquo;Or Blanc: R\u00e9v\u00e9lations des Chiffres\"><img loading=\"lazy\" decoding=\"async\" class=\"entry-thumb\" src=\"data:image\/png;base64,iVBORw0KGgoAAAANSUhEUgAAAGQAAABGAQMAAAAASKMqAAAAA1BMVEWurq51dlI4AAAAAXRSTlMmkutdmwAAABBJREFUKM9jGAWjYBQMKwAAA9QAAQWBn6cAAAAASUVORK5CYII=\" alt=\"Matam et L&#039;Or Blanc: R\u00e9v\u00e9lations des Chiffres\" title=\"Matam et L&rsquo;Or Blanc: R\u00e9v\u00e9lations des Chiffres\" data-type=\"image_tag\" data-img-url=\"https:\/\/static.africa-press.net\/senegal\/sites\/13\/2026\/04\/sm_1777508455.482959-100x70.jpg\"  width=\"100\" height=\"70\" \/><\/a><\/div>\r\n        <div class=\"item-details\">\r\n            <h3 class=\"entry-title td-module-title\"><a href=\"https:\/\/www.africa-press.net\/senegal\/economie\/matam-et-lor-blanc-revelations-des-chiffres\" rel=\"bookmark\" title=\"Matam et L&rsquo;Or Blanc: R\u00e9v\u00e9lations des Chiffres\">Matam et L&rsquo;Or Blanc: R\u00e9v\u00e9lations des Chiffres<\/a><\/h3>            <div class=\"td-module-meta-info\">\r\n                                                <span class=\"td-post-date\"><time class=\"entry-date updated td-module-date\" datetime=\"2026-04-29T12:20:00+00:00\" >2026-04-29<\/time><\/span>                            <\/div>\r\n        <\/div>\r\n\r\n        <\/div>\r\n\r\n        \n\t<\/div> <!-- .\/td-block-span12 --><\/div><\/div> <!-- .\/block --><\/div><\/div><\/div><\/div><div class=\"tdm_block td_block_wrap tdm_block_button td_uid_28_69f4ba94a195a_rand tdm-block-button-inline tdm-content-horiz-right td-pb-border-top main-box-btn-green-en td_block_template_1\"  data-td-block-uid=\"td_uid_28_69f4ba94a195a\"     >\n<style>\n.td_uid_29_69f4ba94a1e98 i:first-child {\r\n\t\t\t\t\tmargin-right: 14px;\r\n\t\t\t\t}\n<\/style><div class=\"tds-button td-fix-index\"><a \r\n                href=\"\/senegal\/economie\" \r\n                class=\"tds-button1 tdm-btn tdm-btn-sm td_uid_29_69f4ba94a1e98\"  target=\"_blank\" ><i class=\"tdc-font-fa tdc-font-fa-arrow-right\"><\/i><span class=\"tdm-btn-text\">Plus de Nouvelles<\/span><\/a><\/div><\/div><div class=\"wpb_wrapper td_block_wrap vc_raw_html td_uid_30_69f4ba94a2239_rand \"><div class=\"td-fix-index\"><div class=\"td-block-title-wrap\"><h4 class=\"block-title\"><a href=\"\/senegal\/communaute\" class=\"td-pulldown-size\">Communaut\u00e9<\/a><\/h4><\/div><\/div><\/div><div id=\"main-box\" class=\"vc_row_inner td_uid_31_69f4ba94a226f_rand  vc_row vc_inner wpb_row td-pb-row\" >\n<style scoped>\n\n\/* custom css *\/\n.td_uid_31_69f4ba94a226f_rand {\r\n                    position: relative !important;\r\n                    top: 0;\r\n                    transform: none;\r\n                    -webkit-transform: none;\r\n                }\n<\/style><div class=\"vc_column_inner td_uid_32_69f4ba94a2353_rand  wpb_column vc_column_container tdc-inner-column td-pb-span6\">\n<style scoped>\n\n\/* custom css *\/\n.td_uid_32_69f4ba94a2353_rand {\r\n                    vertical-align: baseline;\r\n                }\n<\/style><div class=\"vc_column-inner\"><div class=\"wpb_wrapper\"><div class=\"td_block_wrap td_block_18 td_uid_33_69f4ba94a242f_rand td_with_ajax_pagination td-pb-border-top td_block_template_1 td-column-1\"  data-td-block-uid=\"td_uid_33_69f4ba94a242f\" ><script>var block_td_uid_33_69f4ba94a242f = new tdBlock();\nblock_td_uid_33_69f4ba94a242f.id = \"td_uid_33_69f4ba94a242f\";\nblock_td_uid_33_69f4ba94a242f.atts = '{\"category_id\":\"21\",\"limit\":\"3\",\"ajax_pagination\":\"next_prev\",\"separator\":\"\",\"custom_title\":\"\",\"custom_url\":\"\",\"block_template_id\":\"\",\"mx8_tl\":\"\",\"m10_tl\":\"\",\"m10_el\":\"\",\"mx2_tl\":\"\",\"post_ids\":\"\",\"category_ids\":\"\",\"tag_slug\":\"\",\"autors_id\":\"\",\"installed_post_types\":\"\",\"sort\":\"\",\"offset\":\"\",\"show_modified_date\":\"\",\"el_class\":\"\",\"td_ajax_filter_type\":\"\",\"td_ajax_filter_ids\":\"\",\"td_filter_default_txt\":\"All\",\"td_ajax_preloading\":\"\",\"f_header_font_header\":\"\",\"f_header_font_title\":\"Block header\",\"f_header_font_settings\":\"\",\"f_header_font_family\":\"\",\"f_header_font_size\":\"\",\"f_header_font_line_height\":\"\",\"f_header_font_style\":\"\",\"f_header_font_weight\":\"\",\"f_header_font_transform\":\"\",\"f_header_font_spacing\":\"\",\"f_header_\":\"\",\"f_ajax_font_title\":\"Ajax categories\",\"f_ajax_font_settings\":\"\",\"f_ajax_font_family\":\"\",\"f_ajax_font_size\":\"\",\"f_ajax_font_line_height\":\"\",\"f_ajax_font_style\":\"\",\"f_ajax_font_weight\":\"\",\"f_ajax_font_transform\":\"\",\"f_ajax_font_spacing\":\"\",\"f_ajax_\":\"\",\"f_more_font_title\":\"Load more button\",\"f_more_font_settings\":\"\",\"f_more_font_family\":\"\",\"f_more_font_size\":\"\",\"f_more_font_line_height\":\"\",\"f_more_font_style\":\"\",\"f_more_font_weight\":\"\",\"f_more_font_transform\":\"\",\"f_more_font_spacing\":\"\",\"f_more_\":\"\",\"mx8f_title_font_header\":\"\",\"mx8f_title_font_title\":\"Article title\",\"mx8f_title_font_settings\":\"\",\"mx8f_title_font_family\":\"\",\"mx8f_title_font_size\":\"\",\"mx8f_title_font_line_height\":\"\",\"mx8f_title_font_style\":\"\",\"mx8f_title_font_weight\":\"\",\"mx8f_title_font_transform\":\"\",\"mx8f_title_font_spacing\":\"\",\"mx8f_title_\":\"\",\"mx8f_cat_font_title\":\"Article category tag\",\"mx8f_cat_font_settings\":\"\",\"mx8f_cat_font_family\":\"\",\"mx8f_cat_font_size\":\"\",\"mx8f_cat_font_line_height\":\"\",\"mx8f_cat_font_style\":\"\",\"mx8f_cat_font_weight\":\"\",\"mx8f_cat_font_transform\":\"\",\"mx8f_cat_font_spacing\":\"\",\"mx8f_cat_\":\"\",\"mx8f_meta_font_title\":\"Article meta info\",\"mx8f_meta_font_settings\":\"\",\"mx8f_meta_font_family\":\"\",\"mx8f_meta_font_size\":\"\",\"mx8f_meta_font_line_height\":\"\",\"mx8f_meta_font_style\":\"\",\"mx8f_meta_font_weight\":\"\",\"mx8f_meta_font_transform\":\"\",\"mx8f_meta_font_spacing\":\"\",\"mx8f_meta_\":\"\",\"m10f_title_font_header\":\"\",\"m10f_title_font_title\":\"Article title\",\"m10f_title_font_settings\":\"\",\"m10f_title_font_family\":\"\",\"m10f_title_font_size\":\"\",\"m10f_title_font_line_height\":\"\",\"m10f_title_font_style\":\"\",\"m10f_title_font_weight\":\"\",\"m10f_title_font_transform\":\"\",\"m10f_title_font_spacing\":\"\",\"m10f_title_\":\"\",\"m10f_cat_font_title\":\"Article category tag\",\"m10f_cat_font_settings\":\"\",\"m10f_cat_font_family\":\"\",\"m10f_cat_font_size\":\"\",\"m10f_cat_font_line_height\":\"\",\"m10f_cat_font_style\":\"\",\"m10f_cat_font_weight\":\"\",\"m10f_cat_font_transform\":\"\",\"m10f_cat_font_spacing\":\"\",\"m10f_cat_\":\"\",\"m10f_meta_font_title\":\"Article meta info\",\"m10f_meta_font_settings\":\"\",\"m10f_meta_font_family\":\"\",\"m10f_meta_font_size\":\"\",\"m10f_meta_font_line_height\":\"\",\"m10f_meta_font_style\":\"\",\"m10f_meta_font_weight\":\"\",\"m10f_meta_font_transform\":\"\",\"m10f_meta_font_spacing\":\"\",\"m10f_meta_\":\"\",\"m10f_ex_font_title\":\"Article excerpt\",\"m10f_ex_font_settings\":\"\",\"m10f_ex_font_family\":\"\",\"m10f_ex_font_size\":\"\",\"m10f_ex_font_line_height\":\"\",\"m10f_ex_font_style\":\"\",\"m10f_ex_font_weight\":\"\",\"m10f_ex_font_transform\":\"\",\"m10f_ex_font_spacing\":\"\",\"m10f_ex_\":\"\",\"mx2f_title_font_header\":\"\",\"mx2f_title_font_title\":\"Article title\",\"mx2f_title_font_settings\":\"\",\"mx2f_title_font_family\":\"\",\"mx2f_title_font_size\":\"\",\"mx2f_title_font_line_height\":\"\",\"mx2f_title_font_style\":\"\",\"mx2f_title_font_weight\":\"\",\"mx2f_title_font_transform\":\"\",\"mx2f_title_font_spacing\":\"\",\"mx2f_title_\":\"\",\"mx2f_cat_font_title\":\"Article category tag\",\"mx2f_cat_font_settings\":\"\",\"mx2f_cat_font_family\":\"\",\"mx2f_cat_font_size\":\"\",\"mx2f_cat_font_line_height\":\"\",\"mx2f_cat_font_style\":\"\",\"mx2f_cat_font_weight\":\"\",\"mx2f_cat_font_transform\":\"\",\"mx2f_cat_font_spacing\":\"\",\"mx2f_cat_\":\"\",\"mx2f_meta_font_title\":\"Article meta info\",\"mx2f_meta_font_settings\":\"\",\"mx2f_meta_font_family\":\"\",\"mx2f_meta_font_size\":\"\",\"mx2f_meta_font_line_height\":\"\",\"mx2f_meta_font_style\":\"\",\"mx2f_meta_font_weight\":\"\",\"mx2f_meta_font_transform\":\"\",\"mx2f_meta_font_spacing\":\"\",\"mx2f_meta_\":\"\",\"ajax_pagination_infinite_stop\":\"\",\"css\":\"\",\"tdc_css\":\"\",\"td_column_number\":1,\"header_color\":\"\",\"color_preset\":\"\",\"border_top\":\"\",\"class\":\"td_uid_33_69f4ba94a242f_rand\",\"tdc_css_class\":\"td_uid_33_69f4ba94a242f_rand\",\"tdc_css_class_style\":\"td_uid_33_69f4ba94a242f_rand_style\"}';\nblock_td_uid_33_69f4ba94a242f.td_column_number = \"1\";\nblock_td_uid_33_69f4ba94a242f.block_type = \"td_block_18\";\nblock_td_uid_33_69f4ba94a242f.post_count = \"3\";\nblock_td_uid_33_69f4ba94a242f.found_posts = \"2957\";\nblock_td_uid_33_69f4ba94a242f.header_color = \"\";\nblock_td_uid_33_69f4ba94a242f.ajax_pagination_infinite_stop = \"\";\nblock_td_uid_33_69f4ba94a242f.max_num_pages = \"986\";\ntdBlocksArray.push(block_td_uid_33_69f4ba94a242f);\n<\/script><div class=\"td-block-title-wrap\"><\/div><div id=td_uid_33_69f4ba94a242f class=\"td_block_inner td-column-1\">\r\n        <div class=\"td_module_mx8 td_module_wrap td-animation-stack\">\r\n            <div class=\"meta-info-container\">\r\n                <div class=\"td-module-thumb\"><a href=\"https:\/\/www.africa-press.net\/senegal\/toutes-les-actualites\/iftar-a-la-mosquee-de-lilahiyat-au-senegal\" rel=\"bookmark\" class=\"td-image-wrap\" title=\"Iftar \u00e0 la Mosqu\u00e9e de L&rsquo;Ilahiyat au S\u00e9n\u00e9gal\"><img loading=\"lazy\" decoding=\"async\" class=\"entry-thumb\" src=\"data:image\/png;base64,iVBORw0KGgoAAAANSUhEUgAAArgAAAGBAQMAAAC3k1CUAAAAA1BMVEWurq51dlI4AAAAAXRSTlMmkutdmwAAADdJREFUeNrtwTEBAAAAwiD7p7bETmAAAAAAAAAAAAAAAAAAAAAAAAAAAAAAAAAAAAAAAAAAAEDuhFgAARFpDB8AAAAASUVORK5CYII=\" alt=\"Iftar \u00e0 la Mosqu\u00e9e de L&#039;Ilahiyat au S\u00e9n\u00e9gal\" title=\"Iftar \u00e0 la Mosqu\u00e9e de L&rsquo;Ilahiyat au S\u00e9n\u00e9gal\" data-type=\"image_tag\" data-img-url=\"https:\/\/static.africa-press.net\/senegal\/sites\/13\/2026\/02\/sm_1772254732.369756-696x385.jpg\"  width=\"696\" height=\"385\" \/><\/a><\/div>\r\n                <div class=\"td-module-meta-info\">\r\n                    <h3 class=\"entry-title td-module-title\"><a href=\"https:\/\/www.africa-press.net\/senegal\/toutes-les-actualites\/iftar-a-la-mosquee-de-lilahiyat-au-senegal\" rel=\"bookmark\" title=\"Iftar \u00e0 la Mosqu\u00e9e de L&rsquo;Ilahiyat au S\u00e9n\u00e9gal\">Iftar \u00e0 la Mosqu\u00e9e de L&rsquo;Ilahiyat au S\u00e9n\u00e9gal<\/a><\/h3>                                        <span class=\"td-author-date\">\r\n                                                <span class=\"td-post-date\"><time class=\"entry-date updated td-module-date\" datetime=\"2026-02-27T12:10:00+00:00\" >2026-02-27<\/time><\/span>                                            <\/span>\r\n                <\/div>\r\n            <\/div>\r\n\r\n        <\/div>\r\n\r\n        \r\n        <div class=\"td_module_mx2 td_module_wrap td-animation-stack\">\r\n\r\n            <div class=\"td-module-thumb\"><a href=\"https:\/\/www.africa-press.net\/senegal\/toutes-les-actualites\/financement-de-lucad-appel-a-rompre-avec-le-tout-etat\" rel=\"bookmark\" class=\"td-image-wrap\" title=\"Financement de L&rsquo;UCAD: Appel A\u0300 Rompre avec le tout E\u0301Tat\"><img loading=\"lazy\" decoding=\"async\" class=\"entry-thumb\" src=\"data:image\/png;base64,iVBORw0KGgoAAAANSUhEUgAAAFAAAAA8AQMAAADL6a\/PAAAAA1BMVEWurq51dlI4AAAAAXRSTlMmkutdmwAAAA5JREFUKM9jGAWjYJABAAKUAAHoEAeuAAAAAElFTkSuQmCC\" alt=\"Financement de L&#039;UCAD: Appel A\u0300 Rompre avec le tout E\u0301Tat\" title=\"Financement de L&rsquo;UCAD: Appel A\u0300 Rompre avec le tout E\u0301Tat\" data-type=\"image_tag\" data-img-url=\"https:\/\/static.africa-press.net\/senegal\/sites\/13\/2026\/02\/sm_1771816022.446574-80x60.jpg\"  width=\"80\" height=\"60\" \/><\/a><\/div>\r\n            <div class=\"item-details\">\r\n                <h3 class=\"entry-title td-module-title\"><a href=\"https:\/\/www.africa-press.net\/senegal\/toutes-les-actualites\/financement-de-lucad-appel-a-rompre-avec-le-tout-etat\" rel=\"bookmark\" title=\"Financement de L&rsquo;UCAD: Appel A\u0300 Rompre avec le tout E\u0301Tat\">Financement de L&rsquo;UCAD: Appel A\u0300 Rompre avec le tout E\u0301Tat<\/a><\/h3>                <div class=\"td-module-meta-info\">\r\n                                                            <span class=\"td-post-date\"><time class=\"entry-date updated td-module-date\" datetime=\"2026-02-22T12:10:00+00:00\" >2026-02-22<\/time><\/span>                                    <\/div>\r\n            <\/div>\r\n\r\n        <\/div>\r\n\r\n        \r\n        <div class=\"td_module_mx2 td_module_wrap td-animation-stack\">\r\n\r\n            <div class=\"td-module-thumb\"><a href=\"https:\/\/www.africa-press.net\/senegal\/toutes-les-actualites\/investir-dans-leau-pour-la-paix-en-afrique-de-louest\" rel=\"bookmark\" class=\"td-image-wrap\" title=\"Investir dans L&rsquo;Eau pour la Paix en Afrique de L&rsquo;Ouest\"><img loading=\"lazy\" decoding=\"async\" class=\"entry-thumb\" src=\"data:image\/png;base64,iVBORw0KGgoAAAANSUhEUgAAAFAAAAA8AQMAAADL6a\/PAAAAA1BMVEWurq51dlI4AAAAAXRSTlMmkutdmwAAAA5JREFUKM9jGAWjYJABAAKUAAHoEAeuAAAAAElFTkSuQmCC\" alt=\"Investir dans L&#039;Eau pour la Paix en Afrique de L&#039;Ouest\" title=\"Investir dans L&rsquo;Eau pour la Paix en Afrique de L&rsquo;Ouest\" data-type=\"image_tag\" data-img-url=\"https:\/\/static.africa-press.net\/senegal\/sites\/13\/2026\/02\/sm_1771328176.138297-80x60.jpg\"  width=\"80\" height=\"60\" \/><\/a><\/div>\r\n            <div class=\"item-details\">\r\n                <h3 class=\"entry-title td-module-title\"><a href=\"https:\/\/www.africa-press.net\/senegal\/toutes-les-actualites\/investir-dans-leau-pour-la-paix-en-afrique-de-louest\" rel=\"bookmark\" title=\"Investir dans L&rsquo;Eau pour la Paix en Afrique de L&rsquo;Ouest\">Investir dans L&rsquo;Eau pour la Paix en Afrique de L&rsquo;Ouest<\/a><\/h3>                <div class=\"td-module-meta-info\">\r\n                                                            <span class=\"td-post-date\"><time class=\"entry-date updated td-module-date\" datetime=\"2026-02-16T12:10:00+00:00\" >2026-02-16<\/time><\/span>                                    <\/div>\r\n            <\/div>\r\n\r\n        <\/div>\r\n\r\n        <\/div><div class=\"td-next-prev-wrap\"><a href=\"#\" class=\"td-ajax-prev-page ajax-page-disabled\" id=\"prev-page-td_uid_33_69f4ba94a242f\" data-td_block_id=\"td_uid_33_69f4ba94a242f\"><i class=\"td-icon-font td-icon-menu-left\"><\/i><\/a><a href=\"#\"  class=\"td-ajax-next-page\" id=\"next-page-td_uid_33_69f4ba94a242f\" data-td_block_id=\"td_uid_33_69f4ba94a242f\"><i class=\"td-icon-font td-icon-menu-right\"><\/i><\/a><\/div><\/div> <!-- .\/block --><\/div><\/div><\/div><div class=\"vc_column_inner td_uid_34_69f4ba94ace11_rand  wpb_column vc_column_container tdc-inner-column td-pb-span6\">\n<style scoped>\n\n\/* custom css *\/\n.td_uid_34_69f4ba94ace11_rand {\r\n                    vertical-align: baseline;\r\n                }\n<\/style><div class=\"vc_column-inner\"><div class=\"wpb_wrapper\"><div class=\"td_block_wrap td_block_7 td_uid_35_69f4ba94aceb7_rand td-pb-border-top td_block_template_1 td-column-1 td_block_padding\"  data-td-block-uid=\"td_uid_35_69f4ba94aceb7\" >\n<style>\n\n\/* inline tdc_css att *\/\n\n\/* phone *\/\n@media (max-width: 767px)\n{\n.td_uid_35_69f4ba94aceb7_rand{\ndisplay:none !important;\n}\n}\n\n<\/style><script>var block_td_uid_35_69f4ba94aceb7 = new tdBlock();\nblock_td_uid_35_69f4ba94aceb7.id = \"td_uid_35_69f4ba94aceb7\";\nblock_td_uid_35_69f4ba94aceb7.atts = '{\"category_id\":\"21\",\"limit\":\"4\",\"offset\":\"3\",\"tdc_css\":\"eyJwaG9uZSI6eyJkaXNwbGF5Ijoibm9uZSJ9LCJwaG9uZV9tYXhfd2lkdGgiOjc2N30=\",\"separator\":\"\",\"custom_title\":\"\",\"custom_url\":\"\",\"block_template_id\":\"\",\"m6_tl\":\"\",\"post_ids\":\"\",\"category_ids\":\"\",\"tag_slug\":\"\",\"autors_id\":\"\",\"installed_post_types\":\"\",\"sort\":\"\",\"show_modified_date\":\"\",\"el_class\":\"\",\"td_ajax_filter_type\":\"\",\"td_ajax_filter_ids\":\"\",\"td_filter_default_txt\":\"All\",\"td_ajax_preloading\":\"\",\"f_header_font_header\":\"\",\"f_header_font_title\":\"Block header\",\"f_header_font_settings\":\"\",\"f_header_font_family\":\"\",\"f_header_font_size\":\"\",\"f_header_font_line_height\":\"\",\"f_header_font_style\":\"\",\"f_header_font_weight\":\"\",\"f_header_font_transform\":\"\",\"f_header_font_spacing\":\"\",\"f_header_\":\"\",\"f_ajax_font_title\":\"Ajax categories\",\"f_ajax_font_settings\":\"\",\"f_ajax_font_family\":\"\",\"f_ajax_font_size\":\"\",\"f_ajax_font_line_height\":\"\",\"f_ajax_font_style\":\"\",\"f_ajax_font_weight\":\"\",\"f_ajax_font_transform\":\"\",\"f_ajax_font_spacing\":\"\",\"f_ajax_\":\"\",\"f_more_font_title\":\"Load more button\",\"f_more_font_settings\":\"\",\"f_more_font_family\":\"\",\"f_more_font_size\":\"\",\"f_more_font_line_height\":\"\",\"f_more_font_style\":\"\",\"f_more_font_weight\":\"\",\"f_more_font_transform\":\"\",\"f_more_font_spacing\":\"\",\"f_more_\":\"\",\"m6f_title_font_header\":\"\",\"m6f_title_font_title\":\"Article title\",\"m6f_title_font_settings\":\"\",\"m6f_title_font_family\":\"\",\"m6f_title_font_size\":\"\",\"m6f_title_font_line_height\":\"\",\"m6f_title_font_style\":\"\",\"m6f_title_font_weight\":\"\",\"m6f_title_font_transform\":\"\",\"m6f_title_font_spacing\":\"\",\"m6f_title_\":\"\",\"m6f_cat_font_title\":\"Article category tag\",\"m6f_cat_font_settings\":\"\",\"m6f_cat_font_family\":\"\",\"m6f_cat_font_size\":\"\",\"m6f_cat_font_line_height\":\"\",\"m6f_cat_font_style\":\"\",\"m6f_cat_font_weight\":\"\",\"m6f_cat_font_transform\":\"\",\"m6f_cat_font_spacing\":\"\",\"m6f_cat_\":\"\",\"m6f_meta_font_title\":\"Article meta info\",\"m6f_meta_font_settings\":\"\",\"m6f_meta_font_family\":\"\",\"m6f_meta_font_size\":\"\",\"m6f_meta_font_line_height\":\"\",\"m6f_meta_font_style\":\"\",\"m6f_meta_font_weight\":\"\",\"m6f_meta_font_transform\":\"\",\"m6f_meta_font_spacing\":\"\",\"m6f_meta_\":\"\",\"ajax_pagination\":\"\",\"ajax_pagination_infinite_stop\":\"\",\"css\":\"\",\"td_column_number\":1,\"header_color\":\"\",\"color_preset\":\"\",\"border_top\":\"\",\"class\":\"td_uid_35_69f4ba94aceb7_rand\",\"tdc_css_class\":\"td_uid_35_69f4ba94aceb7_rand\",\"tdc_css_class_style\":\"td_uid_35_69f4ba94aceb7_rand_style\"}';\nblock_td_uid_35_69f4ba94aceb7.td_column_number = \"1\";\nblock_td_uid_35_69f4ba94aceb7.block_type = \"td_block_7\";\nblock_td_uid_35_69f4ba94aceb7.post_count = \"4\";\nblock_td_uid_35_69f4ba94aceb7.found_posts = \"2957\";\nblock_td_uid_35_69f4ba94aceb7.header_color = \"\";\nblock_td_uid_35_69f4ba94aceb7.ajax_pagination_infinite_stop = \"\";\nblock_td_uid_35_69f4ba94aceb7.max_num_pages = \"739\";\ntdBlocksArray.push(block_td_uid_35_69f4ba94aceb7);\n<\/script><div class=\"td-block-title-wrap\"><\/div><div id=td_uid_35_69f4ba94aceb7 class=\"td_block_inner\">\n\n\t<div class=\"td-block-span12\">\n\r\n        <div class=\"td_module_6 td_module_wrap td-animation-stack\">\r\n\r\n        <div class=\"td-module-thumb\"><a href=\"https:\/\/www.africa-press.net\/senegal\/toutes-les-actualites\/reseau-pedocriminel-franco-senegalais-14-interpellations\" rel=\"bookmark\" class=\"td-image-wrap\" title=\"R\u00e9seau P\u00e9docriminel Franco-S\u00e9n\u00e9galais: 14 Interpellations\"><img loading=\"lazy\" decoding=\"async\" class=\"entry-thumb\" src=\"data:image\/png;base64,iVBORw0KGgoAAAANSUhEUgAAAGQAAABGAQMAAAAASKMqAAAAA1BMVEWurq51dlI4AAAAAXRSTlMmkutdmwAAABBJREFUKM9jGAWjYBQMKwAAA9QAAQWBn6cAAAAASUVORK5CYII=\" alt=\"R\u00e9seau P\u00e9docriminel Franco-S\u00e9n\u00e9galais: 14 Interpellations\" title=\"R\u00e9seau P\u00e9docriminel Franco-S\u00e9n\u00e9galais: 14 Interpellations\" data-type=\"image_tag\" data-img-url=\"https:\/\/static.africa-press.net\/senegal\/sites\/13\/2026\/02\/sm_1770799283.756515-100x70.jpg\"  width=\"100\" height=\"70\" \/><\/a><\/div>\r\n        <div class=\"item-details\">\r\n            <h3 class=\"entry-title td-module-title\"><a href=\"https:\/\/www.africa-press.net\/senegal\/toutes-les-actualites\/reseau-pedocriminel-franco-senegalais-14-interpellations\" rel=\"bookmark\" title=\"R\u00e9seau P\u00e9docriminel Franco-S\u00e9n\u00e9galais: 14 Interpellations\">R\u00e9seau P\u00e9docriminel Franco-S\u00e9n\u00e9galais: 14 Interpellations<\/a><\/h3>            <div class=\"td-module-meta-info\">\r\n                                                <span class=\"td-post-date\"><time class=\"entry-date updated td-module-date\" datetime=\"2026-02-10T12:10:00+00:00\" >2026-02-10<\/time><\/span>                            <\/div>\r\n        <\/div>\r\n\r\n        <\/div>\r\n\r\n        \n\t<\/div> <!-- .\/td-block-span12 -->\n\n\t<div class=\"td-block-span12\">\n\r\n        <div class=\"td_module_6 td_module_wrap td-animation-stack\">\r\n\r\n        <div class=\"td-module-thumb\"><a href=\"https:\/\/www.africa-press.net\/senegal\/toutes-les-actualites\/tension-universitaire-abdou-mbow-denonce-affamer-etudiants\" rel=\"bookmark\" class=\"td-image-wrap\" title=\"Tension Universitaire Abdou Mbow D\u00e9nonce Affamer \u00c9tudiants\"><img loading=\"lazy\" decoding=\"async\" class=\"entry-thumb\" src=\"data:image\/png;base64,iVBORw0KGgoAAAANSUhEUgAAAGQAAABGAQMAAAAASKMqAAAAA1BMVEWurq51dlI4AAAAAXRSTlMmkutdmwAAABBJREFUKM9jGAWjYBQMKwAAA9QAAQWBn6cAAAAASUVORK5CYII=\" alt=\"Tension Universitaire Abdou Mbow D\u00e9nonce Affamer \u00c9tudiants\" title=\"Tension Universitaire Abdou Mbow D\u00e9nonce Affamer \u00c9tudiants\" data-type=\"image_tag\" data-img-url=\"https:\/\/static.africa-press.net\/senegal\/sites\/13\/2026\/02\/sm_1770459885.550876-100x70.jpg\"  width=\"100\" height=\"70\" \/><\/a><\/div>\r\n        <div class=\"item-details\">\r\n            <h3 class=\"entry-title td-module-title\"><a href=\"https:\/\/www.africa-press.net\/senegal\/toutes-les-actualites\/tension-universitaire-abdou-mbow-denonce-affamer-etudiants\" rel=\"bookmark\" title=\"Tension Universitaire Abdou Mbow D\u00e9nonce Affamer \u00c9tudiants\">Tension Universitaire Abdou Mbow D\u00e9nonce Affamer \u00c9tudiants<\/a><\/h3>            <div class=\"td-module-meta-info\">\r\n                                                <span class=\"td-post-date\"><time class=\"entry-date updated td-module-date\" datetime=\"2026-02-06T12:10:00+00:00\" >2026-02-06<\/time><\/span>                            <\/div>\r\n        <\/div>\r\n\r\n        <\/div>\r\n\r\n        \n\t<\/div> <!-- .\/td-block-span12 -->\n\n\t<div class=\"td-block-span12\">\n\r\n        <div class=\"td_module_6 td_module_wrap td-animation-stack\">\r\n\r\n        <div class=\"td-module-thumb\"><a href=\"https:\/\/www.africa-press.net\/senegal\/toutes-les-actualites\/medecins-turcs-effectuent-greffes-de-rein-laparoscopiques\" rel=\"bookmark\" class=\"td-image-wrap\" title=\"M\u00e9decins Turcs Effectuent Greffes de Rein Laparoscopiques\"><img loading=\"lazy\" decoding=\"async\" class=\"entry-thumb\" src=\"data:image\/png;base64,iVBORw0KGgoAAAANSUhEUgAAAGQAAABGAQMAAAAASKMqAAAAA1BMVEWurq51dlI4AAAAAXRSTlMmkutdmwAAABBJREFUKM9jGAWjYBQMKwAAA9QAAQWBn6cAAAAASUVORK5CYII=\" alt=\"M\u00e9decins Turcs Effectuent Greffes de Rein Laparoscopiques\" title=\"M\u00e9decins Turcs Effectuent Greffes de Rein Laparoscopiques\" data-type=\"image_tag\" data-img-url=\"https:\/\/static.africa-press.net\/senegal\/sites\/13\/2025\/12\/sm_1767171396.376652-100x70.jpg\"  width=\"100\" height=\"70\" \/><\/a><\/div>\r\n        <div class=\"item-details\">\r\n            <h3 class=\"entry-title td-module-title\"><a href=\"https:\/\/www.africa-press.net\/senegal\/toutes-les-actualites\/medecins-turcs-effectuent-greffes-de-rein-laparoscopiques\" rel=\"bookmark\" title=\"M\u00e9decins Turcs Effectuent Greffes de Rein Laparoscopiques\">M\u00e9decins Turcs Effectuent Greffes de Rein Laparoscopiques<\/a><\/h3>            <div class=\"td-module-meta-info\">\r\n                                                <span class=\"td-post-date\"><time class=\"entry-date updated td-module-date\" datetime=\"2025-12-30T13:45:00+00:00\" >2025-12-30<\/time><\/span>                            <\/div>\r\n        <\/div>\r\n\r\n        <\/div>\r\n\r\n        \n\t<\/div> <!-- .\/td-block-span12 -->\n\n\t<div class=\"td-block-span12\">\n\r\n        <div class=\"td_module_6 td_module_wrap td-animation-stack\">\r\n\r\n        <div class=\"td-module-thumb\"><a href=\"https:\/\/www.africa-press.net\/senegal\/toutes-les-actualites\/inauguration-dun-poste-moderne-de-sante-a-mbao\" rel=\"bookmark\" class=\"td-image-wrap\" title=\"Inauguration D&rsquo;Un Poste Moderne de Sant\u00e9 \u00c0 Mbao\"><img loading=\"lazy\" decoding=\"async\" class=\"entry-thumb\" src=\"data:image\/png;base64,iVBORw0KGgoAAAANSUhEUgAAAGQAAABGAQMAAAAASKMqAAAAA1BMVEWurq51dlI4AAAAAXRSTlMmkutdmwAAABBJREFUKM9jGAWjYBQMKwAAA9QAAQWBn6cAAAAASUVORK5CYII=\" alt=\"Inauguration D&#039;Un Poste Moderne de Sant\u00e9 \u00c0 Mbao\" title=\"Inauguration D&rsquo;Un Poste Moderne de Sant\u00e9 \u00c0 Mbao\" data-type=\"image_tag\" data-img-url=\"https:\/\/static.africa-press.net\/senegal\/sites\/13\/2025\/12\/sm_1767092238.226023-100x70.jpg\"  width=\"100\" height=\"70\" \/><\/a><\/div>\r\n        <div class=\"item-details\">\r\n            <h3 class=\"entry-title td-module-title\"><a href=\"https:\/\/www.africa-press.net\/senegal\/toutes-les-actualites\/inauguration-dun-poste-moderne-de-sante-a-mbao\" rel=\"bookmark\" title=\"Inauguration D&rsquo;Un Poste Moderne de Sant\u00e9 \u00c0 Mbao\">Inauguration D&rsquo;Un Poste Moderne de Sant\u00e9 \u00c0 Mbao<\/a><\/h3>            <div class=\"td-module-meta-info\">\r\n                                                <span class=\"td-post-date\"><time class=\"entry-date updated td-module-date\" datetime=\"2025-12-29T12:10:00+00:00\" >2025-12-29<\/time><\/span>                            <\/div>\r\n        <\/div>\r\n\r\n        <\/div>\r\n\r\n        \n\t<\/div> <!-- .\/td-block-span12 --><\/div><\/div> <!-- .\/block --><\/div><\/div><\/div><\/div><div class=\"tdm_block td_block_wrap tdm_block_button td_uid_36_69f4ba94ba2a5_rand tdm-block-button-inline tdm-content-horiz-right td-pb-border-top main-box-btn-green-en td_block_template_1\"  data-td-block-uid=\"td_uid_36_69f4ba94ba2a5\"     >\n<style>\n.td_uid_37_69f4ba94ba918 i:first-child {\r\n\t\t\t\t\tmargin-right: 14px;\r\n\t\t\t\t}\n<\/style><div class=\"tds-button td-fix-index\"><a \r\n                href=\"\/senegal\/communaute\" \r\n                class=\"tds-button1 tdm-btn tdm-btn-sm td_uid_37_69f4ba94ba918\"  target=\"_blank\" ><i class=\"tdc-font-fa tdc-font-fa-arrow-right\"><\/i><span class=\"tdm-btn-text\">Plus de Nouvelles<\/span><\/a><\/div><\/div><div class=\"wpb_wrapper td_block_wrap vc_raw_html td_uid_38_69f4ba94bad45_rand \"><div class=\"td-fix-index\"><div class=\"td-block-title-wrap\"><h4 class=\"block-title\"><a href=\"\/senegal\/parties\" class=\"td-pulldown-size\">Parties<\/a><\/h4><\/div><\/div><\/div><div id=\"main-box\" class=\"vc_row_inner td_uid_39_69f4ba94bad81_rand  vc_row vc_inner wpb_row td-pb-row\" >\n<style scoped>\n\n\/* custom css *\/\n.td_uid_39_69f4ba94bad81_rand {\r\n                    position: relative !important;\r\n                    top: 0;\r\n                    transform: none;\r\n                    -webkit-transform: none;\r\n                }\n<\/style><div class=\"vc_column_inner td_uid_40_69f4ba94baebf_rand  wpb_column vc_column_container tdc-inner-column td-pb-span6\">\n<style scoped>\n\n\/* custom css *\/\n.td_uid_40_69f4ba94baebf_rand {\r\n                    vertical-align: baseline;\r\n                }\n<\/style><div class=\"vc_column-inner\"><div class=\"wpb_wrapper\"><div class=\"td_block_wrap td_block_18 td_uid_41_69f4ba94bafec_rand td_with_ajax_pagination td-pb-border-top td_block_template_1 td-column-1\"  data-td-block-uid=\"td_uid_41_69f4ba94bafec\" ><script>var block_td_uid_41_69f4ba94bafec = new tdBlock();\nblock_td_uid_41_69f4ba94bafec.id = \"td_uid_41_69f4ba94bafec\";\nblock_td_uid_41_69f4ba94bafec.atts = '{\"category_id\":\"4\",\"limit\":\"3\",\"ajax_pagination\":\"next_prev\",\"separator\":\"\",\"custom_title\":\"\",\"custom_url\":\"\",\"block_template_id\":\"\",\"mx8_tl\":\"\",\"m10_tl\":\"\",\"m10_el\":\"\",\"mx2_tl\":\"\",\"post_ids\":\"\",\"category_ids\":\"\",\"tag_slug\":\"\",\"autors_id\":\"\",\"installed_post_types\":\"\",\"sort\":\"\",\"offset\":\"\",\"show_modified_date\":\"\",\"el_class\":\"\",\"td_ajax_filter_type\":\"\",\"td_ajax_filter_ids\":\"\",\"td_filter_default_txt\":\"All\",\"td_ajax_preloading\":\"\",\"f_header_font_header\":\"\",\"f_header_font_title\":\"Block header\",\"f_header_font_settings\":\"\",\"f_header_font_family\":\"\",\"f_header_font_size\":\"\",\"f_header_font_line_height\":\"\",\"f_header_font_style\":\"\",\"f_header_font_weight\":\"\",\"f_header_font_transform\":\"\",\"f_header_font_spacing\":\"\",\"f_header_\":\"\",\"f_ajax_font_title\":\"Ajax categories\",\"f_ajax_font_settings\":\"\",\"f_ajax_font_family\":\"\",\"f_ajax_font_size\":\"\",\"f_ajax_font_line_height\":\"\",\"f_ajax_font_style\":\"\",\"f_ajax_font_weight\":\"\",\"f_ajax_font_transform\":\"\",\"f_ajax_font_spacing\":\"\",\"f_ajax_\":\"\",\"f_more_font_title\":\"Load more button\",\"f_more_font_settings\":\"\",\"f_more_font_family\":\"\",\"f_more_font_size\":\"\",\"f_more_font_line_height\":\"\",\"f_more_font_style\":\"\",\"f_more_font_weight\":\"\",\"f_more_font_transform\":\"\",\"f_more_font_spacing\":\"\",\"f_more_\":\"\",\"mx8f_title_font_header\":\"\",\"mx8f_title_font_title\":\"Article title\",\"mx8f_title_font_settings\":\"\",\"mx8f_title_font_family\":\"\",\"mx8f_title_font_size\":\"\",\"mx8f_title_font_line_height\":\"\",\"mx8f_title_font_style\":\"\",\"mx8f_title_font_weight\":\"\",\"mx8f_title_font_transform\":\"\",\"mx8f_title_font_spacing\":\"\",\"mx8f_title_\":\"\",\"mx8f_cat_font_title\":\"Article category tag\",\"mx8f_cat_font_settings\":\"\",\"mx8f_cat_font_family\":\"\",\"mx8f_cat_font_size\":\"\",\"mx8f_cat_font_line_height\":\"\",\"mx8f_cat_font_style\":\"\",\"mx8f_cat_font_weight\":\"\",\"mx8f_cat_font_transform\":\"\",\"mx8f_cat_font_spacing\":\"\",\"mx8f_cat_\":\"\",\"mx8f_meta_font_title\":\"Article meta info\",\"mx8f_meta_font_settings\":\"\",\"mx8f_meta_font_family\":\"\",\"mx8f_meta_font_size\":\"\",\"mx8f_meta_font_line_height\":\"\",\"mx8f_meta_font_style\":\"\",\"mx8f_meta_font_weight\":\"\",\"mx8f_meta_font_transform\":\"\",\"mx8f_meta_font_spacing\":\"\",\"mx8f_meta_\":\"\",\"m10f_title_font_header\":\"\",\"m10f_title_font_title\":\"Article title\",\"m10f_title_font_settings\":\"\",\"m10f_title_font_family\":\"\",\"m10f_title_font_size\":\"\",\"m10f_title_font_line_height\":\"\",\"m10f_title_font_style\":\"\",\"m10f_title_font_weight\":\"\",\"m10f_title_font_transform\":\"\",\"m10f_title_font_spacing\":\"\",\"m10f_title_\":\"\",\"m10f_cat_font_title\":\"Article category tag\",\"m10f_cat_font_settings\":\"\",\"m10f_cat_font_family\":\"\",\"m10f_cat_font_size\":\"\",\"m10f_cat_font_line_height\":\"\",\"m10f_cat_font_style\":\"\",\"m10f_cat_font_weight\":\"\",\"m10f_cat_font_transform\":\"\",\"m10f_cat_font_spacing\":\"\",\"m10f_cat_\":\"\",\"m10f_meta_font_title\":\"Article meta info\",\"m10f_meta_font_settings\":\"\",\"m10f_meta_font_family\":\"\",\"m10f_meta_font_size\":\"\",\"m10f_meta_font_line_height\":\"\",\"m10f_meta_font_style\":\"\",\"m10f_meta_font_weight\":\"\",\"m10f_meta_font_transform\":\"\",\"m10f_meta_font_spacing\":\"\",\"m10f_meta_\":\"\",\"m10f_ex_font_title\":\"Article excerpt\",\"m10f_ex_font_settings\":\"\",\"m10f_ex_font_family\":\"\",\"m10f_ex_font_size\":\"\",\"m10f_ex_font_line_height\":\"\",\"m10f_ex_font_style\":\"\",\"m10f_ex_font_weight\":\"\",\"m10f_ex_font_transform\":\"\",\"m10f_ex_font_spacing\":\"\",\"m10f_ex_\":\"\",\"mx2f_title_font_header\":\"\",\"mx2f_title_font_title\":\"Article title\",\"mx2f_title_font_settings\":\"\",\"mx2f_title_font_family\":\"\",\"mx2f_title_font_size\":\"\",\"mx2f_title_font_line_height\":\"\",\"mx2f_title_font_style\":\"\",\"mx2f_title_font_weight\":\"\",\"mx2f_title_font_transform\":\"\",\"mx2f_title_font_spacing\":\"\",\"mx2f_title_\":\"\",\"mx2f_cat_font_title\":\"Article category tag\",\"mx2f_cat_font_settings\":\"\",\"mx2f_cat_font_family\":\"\",\"mx2f_cat_font_size\":\"\",\"mx2f_cat_font_line_height\":\"\",\"mx2f_cat_font_style\":\"\",\"mx2f_cat_font_weight\":\"\",\"mx2f_cat_font_transform\":\"\",\"mx2f_cat_font_spacing\":\"\",\"mx2f_cat_\":\"\",\"mx2f_meta_font_title\":\"Article meta info\",\"mx2f_meta_font_settings\":\"\",\"mx2f_meta_font_family\":\"\",\"mx2f_meta_font_size\":\"\",\"mx2f_meta_font_line_height\":\"\",\"mx2f_meta_font_style\":\"\",\"mx2f_meta_font_weight\":\"\",\"mx2f_meta_font_transform\":\"\",\"mx2f_meta_font_spacing\":\"\",\"mx2f_meta_\":\"\",\"ajax_pagination_infinite_stop\":\"\",\"css\":\"\",\"tdc_css\":\"\",\"td_column_number\":1,\"header_color\":\"\",\"color_preset\":\"\",\"border_top\":\"\",\"class\":\"td_uid_41_69f4ba94bafec_rand\",\"tdc_css_class\":\"td_uid_41_69f4ba94bafec_rand\",\"tdc_css_class_style\":\"td_uid_41_69f4ba94bafec_rand_style\"}';\nblock_td_uid_41_69f4ba94bafec.td_column_number = \"1\";\nblock_td_uid_41_69f4ba94bafec.block_type = \"td_block_18\";\nblock_td_uid_41_69f4ba94bafec.post_count = \"3\";\nblock_td_uid_41_69f4ba94bafec.found_posts = \"872\";\nblock_td_uid_41_69f4ba94bafec.header_color = \"\";\nblock_td_uid_41_69f4ba94bafec.ajax_pagination_infinite_stop = \"\";\nblock_td_uid_41_69f4ba94bafec.max_num_pages = \"291\";\ntdBlocksArray.push(block_td_uid_41_69f4ba94bafec);\n<\/script><div class=\"td-block-title-wrap\"><\/div><div id=td_uid_41_69f4ba94bafec class=\"td_block_inner td-column-1\">\r\n        <div class=\"td_module_mx8 td_module_wrap td-animation-stack\">\r\n            <div class=\"meta-info-container\">\r\n                <div class=\"td-module-thumb\"><a href=\"https:\/\/www.africa-press.net\/senegal\/parties\/elections-locales-pastef-met-fin-aux-initiatives-isolees\" rel=\"bookmark\" class=\"td-image-wrap\" title=\"E\u0301Lections Locales: PASTEF Met Fin aux Initiatives Isole\u0301es\"><img loading=\"lazy\" decoding=\"async\" class=\"entry-thumb\" src=\"data:image\/png;base64,iVBORw0KGgoAAAANSUhEUgAAArgAAAGBAQMAAAC3k1CUAAAAA1BMVEWurq51dlI4AAAAAXRSTlMmkutdmwAAADdJREFUeNrtwTEBAAAAwiD7p7bETmAAAAAAAAAAAAAAAAAAAAAAAAAAAAAAAAAAAAAAAAAAAEDuhFgAARFpDB8AAAAASUVORK5CYII=\" alt=\"E\u0301Lections Locales: PASTEF Met Fin aux Initiatives Isole\u0301es\" title=\"E\u0301Lections Locales: PASTEF Met Fin aux Initiatives Isole\u0301es\" data-type=\"image_tag\" data-img-url=\"https:\/\/static.africa-press.net\/senegal\/sites\/13\/2026\/04\/sm_1777506271.062624-696x385.jpg\"  width=\"696\" height=\"385\" \/><\/a><\/div>\r\n                <div class=\"td-module-meta-info\">\r\n                    <h3 class=\"entry-title td-module-title\"><a href=\"https:\/\/www.africa-press.net\/senegal\/parties\/elections-locales-pastef-met-fin-aux-initiatives-isolees\" rel=\"bookmark\" title=\"E\u0301Lections Locales: PASTEF Met Fin aux Initiatives Isole\u0301es\">E\u0301Lections Locales: PASTEF Met Fin aux Initiatives Isole\u0301es<\/a><\/h3>                                        <span class=\"td-author-date\">\r\n                                                <span class=\"td-post-date\"><time class=\"entry-date updated td-module-date\" datetime=\"2026-04-29T13:00:00+00:00\" >2026-04-29<\/time><\/span>                                            <\/span>\r\n                <\/div>\r\n            <\/div>\r\n\r\n        <\/div>\r\n\r\n        \r\n        <div class=\"td_module_mx2 td_module_wrap td-animation-stack\">\r\n\r\n            <div class=\"td-module-thumb\"><a href=\"https:\/\/www.africa-press.net\/senegal\/parties\/apr-accuse-sonko-de-travestir-la-verite-sur-le-gaz\" rel=\"bookmark\" class=\"td-image-wrap\" title=\"APR Accuse Sonko de Travestir la V\u00e9rit\u00e9 sur le Gaz\"><img loading=\"lazy\" decoding=\"async\" class=\"entry-thumb\" src=\"data:image\/png;base64,iVBORw0KGgoAAAANSUhEUgAAAFAAAAA8AQMAAADL6a\/PAAAAA1BMVEWurq51dlI4AAAAAXRSTlMmkutdmwAAAA5JREFUKM9jGAWjYJABAAKUAAHoEAeuAAAAAElFTkSuQmCC\" alt=\"APR Accuse Sonko de Travestir la V\u00e9rit\u00e9 sur le Gaz\" title=\"APR Accuse Sonko de Travestir la V\u00e9rit\u00e9 sur le Gaz\" data-type=\"image_tag\" data-img-url=\"https:\/\/static.africa-press.net\/senegal\/sites\/13\/2026\/03\/sm_1773607803.729654-80x60.jpg\"  width=\"80\" height=\"60\" \/><\/a><\/div>\r\n            <div class=\"item-details\">\r\n                <h3 class=\"entry-title td-module-title\"><a href=\"https:\/\/www.africa-press.net\/senegal\/parties\/apr-accuse-sonko-de-travestir-la-verite-sur-le-gaz\" rel=\"bookmark\" title=\"APR Accuse Sonko de Travestir la V\u00e9rit\u00e9 sur le Gaz\">APR Accuse Sonko de Travestir la V\u00e9rit\u00e9 sur le Gaz<\/a><\/h3>                <div class=\"td-module-meta-info\">\r\n                                                            <span class=\"td-post-date\"><time class=\"entry-date updated td-module-date\" datetime=\"2026-03-15T14:00:00+00:00\" >2026-03-15<\/time><\/span>                                    <\/div>\r\n            <\/div>\r\n\r\n        <\/div>\r\n\r\n        \r\n        <div class=\"td_module_mx2 td_module_wrap td-animation-stack\">\r\n\r\n            <div class=\"td-module-thumb\"><a href=\"https:\/\/www.africa-press.net\/senegal\/parties\/djimo-souare-invoque-larticle-62-contre-lassemblee\" rel=\"bookmark\" class=\"td-image-wrap\" title=\"Djimo Souar\u00e9 Invoque L&rsquo;Article 62 Contre L&rsquo;Assembl\u00e9e\"><img loading=\"lazy\" decoding=\"async\" class=\"entry-thumb\" src=\"data:image\/png;base64,iVBORw0KGgoAAAANSUhEUgAAAFAAAAA8AQMAAADL6a\/PAAAAA1BMVEWurq51dlI4AAAAAXRSTlMmkutdmwAAAA5JREFUKM9jGAWjYJABAAKUAAHoEAeuAAAAAElFTkSuQmCC\" alt=\"Djimo Souar\u00e9 Invoque L&#039;Article 62 Contre L&#039;Assembl\u00e9e\" title=\"Djimo Souar\u00e9 Invoque L&rsquo;Article 62 Contre L&rsquo;Assembl\u00e9e\" data-type=\"image_tag\" data-img-url=\"https:\/\/static.africa-press.net\/senegal\/sites\/13\/2026\/02\/sm_1772258361.974461-80x60.jpg\"  width=\"80\" height=\"60\" \/><\/a><\/div>\r\n            <div class=\"item-details\">\r\n                <h3 class=\"entry-title td-module-title\"><a href=\"https:\/\/www.africa-press.net\/senegal\/parties\/djimo-souare-invoque-larticle-62-contre-lassemblee\" rel=\"bookmark\" title=\"Djimo Souar\u00e9 Invoque L&rsquo;Article 62 Contre L&rsquo;Assembl\u00e9e\">Djimo Souar\u00e9 Invoque L&rsquo;Article 62 Contre L&rsquo;Assembl\u00e9e<\/a><\/h3>                <div class=\"td-module-meta-info\">\r\n                                                            <span class=\"td-post-date\"><time class=\"entry-date updated td-module-date\" datetime=\"2026-02-27T14:00:00+00:00\" >2026-02-27<\/time><\/span>                                    <\/div>\r\n            <\/div>\r\n\r\n        <\/div>\r\n\r\n        <\/div><div class=\"td-next-prev-wrap\"><a href=\"#\" class=\"td-ajax-prev-page ajax-page-disabled\" id=\"prev-page-td_uid_41_69f4ba94bafec\" data-td_block_id=\"td_uid_41_69f4ba94bafec\"><i class=\"td-icon-font td-icon-menu-left\"><\/i><\/a><a href=\"#\"  class=\"td-ajax-next-page\" id=\"next-page-td_uid_41_69f4ba94bafec\" data-td_block_id=\"td_uid_41_69f4ba94bafec\"><i class=\"td-icon-font td-icon-menu-right\"><\/i><\/a><\/div><\/div> <!-- .\/block --><\/div><\/div><\/div><div class=\"vc_column_inner td_uid_42_69f4ba94c0ed5_rand  wpb_column vc_column_container tdc-inner-column td-pb-span6\">\n<style scoped>\n\n\/* custom css *\/\n.td_uid_42_69f4ba94c0ed5_rand {\r\n                    vertical-align: baseline;\r\n                }\n<\/style><div class=\"vc_column-inner\"><div class=\"wpb_wrapper\"><div class=\"td_block_wrap td_block_7 td_uid_43_69f4ba94c0f7c_rand td-pb-border-top td_block_template_1 td-column-1 td_block_padding\"  data-td-block-uid=\"td_uid_43_69f4ba94c0f7c\" >\n<style>\n\n\/* inline tdc_css att *\/\n\n\/* phone *\/\n@media (max-width: 767px)\n{\n.td_uid_43_69f4ba94c0f7c_rand{\ndisplay:none !important;\n}\n}\n\n<\/style><script>var block_td_uid_43_69f4ba94c0f7c = new tdBlock();\nblock_td_uid_43_69f4ba94c0f7c.id = \"td_uid_43_69f4ba94c0f7c\";\nblock_td_uid_43_69f4ba94c0f7c.atts = '{\"category_id\":\"4\",\"limit\":\"4\",\"offset\":\"3\",\"tdc_css\":\"eyJwaG9uZSI6eyJkaXNwbGF5Ijoibm9uZSJ9LCJwaG9uZV9tYXhfd2lkdGgiOjc2N30=\",\"separator\":\"\",\"custom_title\":\"\",\"custom_url\":\"\",\"block_template_id\":\"\",\"m6_tl\":\"\",\"post_ids\":\"\",\"category_ids\":\"\",\"tag_slug\":\"\",\"autors_id\":\"\",\"installed_post_types\":\"\",\"sort\":\"\",\"show_modified_date\":\"\",\"el_class\":\"\",\"td_ajax_filter_type\":\"\",\"td_ajax_filter_ids\":\"\",\"td_filter_default_txt\":\"All\",\"td_ajax_preloading\":\"\",\"f_header_font_header\":\"\",\"f_header_font_title\":\"Block header\",\"f_header_font_settings\":\"\",\"f_header_font_family\":\"\",\"f_header_font_size\":\"\",\"f_header_font_line_height\":\"\",\"f_header_font_style\":\"\",\"f_header_font_weight\":\"\",\"f_header_font_transform\":\"\",\"f_header_font_spacing\":\"\",\"f_header_\":\"\",\"f_ajax_font_title\":\"Ajax categories\",\"f_ajax_font_settings\":\"\",\"f_ajax_font_family\":\"\",\"f_ajax_font_size\":\"\",\"f_ajax_font_line_height\":\"\",\"f_ajax_font_style\":\"\",\"f_ajax_font_weight\":\"\",\"f_ajax_font_transform\":\"\",\"f_ajax_font_spacing\":\"\",\"f_ajax_\":\"\",\"f_more_font_title\":\"Load more button\",\"f_more_font_settings\":\"\",\"f_more_font_family\":\"\",\"f_more_font_size\":\"\",\"f_more_font_line_height\":\"\",\"f_more_font_style\":\"\",\"f_more_font_weight\":\"\",\"f_more_font_transform\":\"\",\"f_more_font_spacing\":\"\",\"f_more_\":\"\",\"m6f_title_font_header\":\"\",\"m6f_title_font_title\":\"Article title\",\"m6f_title_font_settings\":\"\",\"m6f_title_font_family\":\"\",\"m6f_title_font_size\":\"\",\"m6f_title_font_line_height\":\"\",\"m6f_title_font_style\":\"\",\"m6f_title_font_weight\":\"\",\"m6f_title_font_transform\":\"\",\"m6f_title_font_spacing\":\"\",\"m6f_title_\":\"\",\"m6f_cat_font_title\":\"Article category tag\",\"m6f_cat_font_settings\":\"\",\"m6f_cat_font_family\":\"\",\"m6f_cat_font_size\":\"\",\"m6f_cat_font_line_height\":\"\",\"m6f_cat_font_style\":\"\",\"m6f_cat_font_weight\":\"\",\"m6f_cat_font_transform\":\"\",\"m6f_cat_font_spacing\":\"\",\"m6f_cat_\":\"\",\"m6f_meta_font_title\":\"Article meta info\",\"m6f_meta_font_settings\":\"\",\"m6f_meta_font_family\":\"\",\"m6f_meta_font_size\":\"\",\"m6f_meta_font_line_height\":\"\",\"m6f_meta_font_style\":\"\",\"m6f_meta_font_weight\":\"\",\"m6f_meta_font_transform\":\"\",\"m6f_meta_font_spacing\":\"\",\"m6f_meta_\":\"\",\"ajax_pagination\":\"\",\"ajax_pagination_infinite_stop\":\"\",\"css\":\"\",\"td_column_number\":1,\"header_color\":\"\",\"color_preset\":\"\",\"border_top\":\"\",\"class\":\"td_uid_43_69f4ba94c0f7c_rand\",\"tdc_css_class\":\"td_uid_43_69f4ba94c0f7c_rand\",\"tdc_css_class_style\":\"td_uid_43_69f4ba94c0f7c_rand_style\"}';\nblock_td_uid_43_69f4ba94c0f7c.td_column_number = \"1\";\nblock_td_uid_43_69f4ba94c0f7c.block_type = \"td_block_7\";\nblock_td_uid_43_69f4ba94c0f7c.post_count = \"4\";\nblock_td_uid_43_69f4ba94c0f7c.found_posts = \"872\";\nblock_td_uid_43_69f4ba94c0f7c.header_color = \"\";\nblock_td_uid_43_69f4ba94c0f7c.ajax_pagination_infinite_stop = \"\";\nblock_td_uid_43_69f4ba94c0f7c.max_num_pages = \"218\";\ntdBlocksArray.push(block_td_uid_43_69f4ba94c0f7c);\n<\/script><div class=\"td-block-title-wrap\"><\/div><div id=td_uid_43_69f4ba94c0f7c class=\"td_block_inner\">\n\n\t<div class=\"td-block-span12\">\n\r\n        <div class=\"td_module_6 td_module_wrap td-animation-stack\">\r\n\r\n        <div class=\"td-module-thumb\"><a href=\"https:\/\/www.africa-press.net\/senegal\/parties\/reponse-de-me-tall-a-me-moussa-bocar-thiam\" rel=\"bookmark\" class=\"td-image-wrap\" title=\"Re\u0301ponse de Me Tall A\u0300 Me Moussa Bocar Thiam\"><img loading=\"lazy\" decoding=\"async\" class=\"entry-thumb\" src=\"data:image\/png;base64,iVBORw0KGgoAAAANSUhEUgAAAGQAAABGAQMAAAAASKMqAAAAA1BMVEWurq51dlI4AAAAAXRSTlMmkutdmwAAABBJREFUKM9jGAWjYBQMKwAAA9QAAQWBn6cAAAAASUVORK5CYII=\" alt=\"Re\u0301ponse de Me Tall A\u0300 Me Moussa Bocar Thiam\" title=\"Re\u0301ponse de Me Tall A\u0300 Me Moussa Bocar Thiam\" data-type=\"image_tag\" data-img-url=\"https:\/\/static.africa-press.net\/senegal\/sites\/13\/2026\/02\/sm_1772258394.138918-100x70.jpg\"  width=\"100\" height=\"70\" \/><\/a><\/div>\r\n        <div class=\"item-details\">\r\n            <h3 class=\"entry-title td-module-title\"><a href=\"https:\/\/www.africa-press.net\/senegal\/parties\/reponse-de-me-tall-a-me-moussa-bocar-thiam\" rel=\"bookmark\" title=\"Re\u0301ponse de Me Tall A\u0300 Me Moussa Bocar Thiam\">Re\u0301ponse de Me Tall A\u0300 Me Moussa Bocar Thiam<\/a><\/h3>            <div class=\"td-module-meta-info\">\r\n                                                <span class=\"td-post-date\"><time class=\"entry-date updated td-module-date\" datetime=\"2026-02-27T13:10:00+00:00\" >2026-02-27<\/time><\/span>                            <\/div>\r\n        <\/div>\r\n\r\n        <\/div>\r\n\r\n        \n\t<\/div> <!-- .\/td-block-span12 -->\n\n\t<div class=\"td-block-span12\">\n\r\n        <div class=\"td_module_6 td_module_wrap td-animation-stack\">\r\n\r\n        <div class=\"td-module-thumb\"><a href=\"https:\/\/www.africa-press.net\/senegal\/parties\/intersyndicale-denonce-blocage-revalorisation-salariale\" rel=\"bookmark\" class=\"td-image-wrap\" title=\"Intersyndicale D\u00e9nonce Blocage Revalorisation Salariale\"><img loading=\"lazy\" decoding=\"async\" class=\"entry-thumb\" src=\"data:image\/png;base64,iVBORw0KGgoAAAANSUhEUgAAAGQAAABGAQMAAAAASKMqAAAAA1BMVEWurq51dlI4AAAAAXRSTlMmkutdmwAAABBJREFUKM9jGAWjYBQMKwAAA9QAAQWBn6cAAAAASUVORK5CYII=\" alt=\"Intersyndicale D\u00e9nonce Blocage Revalorisation Salariale\" title=\"Intersyndicale D\u00e9nonce Blocage Revalorisation Salariale\" data-type=\"image_tag\" data-img-url=\"https:\/\/static.africa-press.net\/senegal\/sites\/13\/2026\/02\/sm_1771816035.491688-100x70.jpg\"  width=\"100\" height=\"70\" \/><\/a><\/div>\r\n        <div class=\"item-details\">\r\n            <h3 class=\"entry-title td-module-title\"><a href=\"https:\/\/www.africa-press.net\/senegal\/parties\/intersyndicale-denonce-blocage-revalorisation-salariale\" rel=\"bookmark\" title=\"Intersyndicale D\u00e9nonce Blocage Revalorisation Salariale\">Intersyndicale D\u00e9nonce Blocage Revalorisation Salariale<\/a><\/h3>            <div class=\"td-module-meta-info\">\r\n                                                <span class=\"td-post-date\"><time class=\"entry-date updated td-module-date\" datetime=\"2026-02-22T14:00:00+00:00\" >2026-02-22<\/time><\/span>                            <\/div>\r\n        <\/div>\r\n\r\n        <\/div>\r\n\r\n        \n\t<\/div> <!-- .\/td-block-span12 -->\n\n\t<div class=\"td-block-span12\">\n\r\n        <div class=\"td_module_6 td_module_wrap td-animation-stack\">\r\n\r\n        <div class=\"td-module-thumb\"><a href=\"https:\/\/www.africa-press.net\/senegal\/parties\/haute-cour-de-justice-reaction-dabdoulaye-diouf-sarr\" rel=\"bookmark\" class=\"td-image-wrap\" title=\"Haute Cour de Justice: R\u00e9action D&rsquo;Abdoulaye Diouf Sarr\"><img loading=\"lazy\" decoding=\"async\" class=\"entry-thumb\" src=\"data:image\/png;base64,iVBORw0KGgoAAAANSUhEUgAAAGQAAABGAQMAAAAASKMqAAAAA1BMVEWurq51dlI4AAAAAXRSTlMmkutdmwAAABBJREFUKM9jGAWjYBQMKwAAA9QAAQWBn6cAAAAASUVORK5CYII=\" alt=\"Haute Cour de Justice: R\u00e9action D&#039;Abdoulaye Diouf Sarr\" title=\"Haute Cour de Justice: R\u00e9action D&rsquo;Abdoulaye Diouf Sarr\" data-type=\"image_tag\" data-img-url=\"https:\/\/static.africa-press.net\/senegal\/sites\/13\/2026\/02\/sm_1771500589.732758-100x70.jpg\"  width=\"100\" height=\"70\" \/><\/a><\/div>\r\n        <div class=\"item-details\">\r\n            <h3 class=\"entry-title td-module-title\"><a href=\"https:\/\/www.africa-press.net\/senegal\/parties\/haute-cour-de-justice-reaction-dabdoulaye-diouf-sarr\" rel=\"bookmark\" title=\"Haute Cour de Justice: R\u00e9action D&rsquo;Abdoulaye Diouf Sarr\">Haute Cour de Justice: R\u00e9action D&rsquo;Abdoulaye Diouf Sarr<\/a><\/h3>            <div class=\"td-module-meta-info\">\r\n                                                <span class=\"td-post-date\"><time class=\"entry-date updated td-module-date\" datetime=\"2026-02-18T14:00:00+00:00\" >2026-02-18<\/time><\/span>                            <\/div>\r\n        <\/div>\r\n\r\n        <\/div>\r\n\r\n        \n\t<\/div> <!-- .\/td-block-span12 -->\n\n\t<div class=\"td-block-span12\">\n\r\n        <div class=\"td_module_6 td_module_wrap td-animation-stack\">\r\n\r\n        <div class=\"td-module-thumb\"><a href=\"https:\/\/www.africa-press.net\/senegal\/parties\/ancienne-deputee-denonce-limpuissance-du-systeme\" rel=\"bookmark\" class=\"td-image-wrap\" title=\"Ancienne D\u00e9put\u00e9e D\u00e9nonce L&rsquo;Impuissance du Syst\u00e8me\"><img loading=\"lazy\" decoding=\"async\" class=\"entry-thumb\" src=\"data:image\/png;base64,iVBORw0KGgoAAAANSUhEUgAAAGQAAABGAQMAAAAASKMqAAAAA1BMVEWurq51dlI4AAAAAXRSTlMmkutdmwAAABBJREFUKM9jGAWjYBQMKwAAA9QAAQWBn6cAAAAASUVORK5CYII=\" alt=\"Ancienne D\u00e9put\u00e9e D\u00e9nonce L&#039;Impuissance du Syst\u00e8me\" title=\"Ancienne D\u00e9put\u00e9e D\u00e9nonce L&rsquo;Impuissance du Syst\u00e8me\" data-type=\"image_tag\" data-img-url=\"https:\/\/static.africa-press.net\/senegal\/sites\/13\/2026\/02\/sm_1771377838.81091-100x70.jpg\"  width=\"100\" height=\"70\" \/><\/a><\/div>\r\n        <div class=\"item-details\">\r\n            <h3 class=\"entry-title td-module-title\"><a href=\"https:\/\/www.africa-press.net\/senegal\/parties\/ancienne-deputee-denonce-limpuissance-du-systeme\" rel=\"bookmark\" title=\"Ancienne D\u00e9put\u00e9e D\u00e9nonce L&rsquo;Impuissance du Syst\u00e8me\">Ancienne D\u00e9put\u00e9e D\u00e9nonce L&rsquo;Impuissance du Syst\u00e8me<\/a><\/h3>            <div class=\"td-module-meta-info\">\r\n                                                <span class=\"td-post-date\"><time class=\"entry-date updated td-module-date\" datetime=\"2026-02-17T13:00:00+00:00\" >2026-02-17<\/time><\/span>                            <\/div>\r\n        <\/div>\r\n\r\n        <\/div>\r\n\r\n        \n\t<\/div> <!-- .\/td-block-span12 --><\/div><\/div> <!-- .\/block --><\/div><\/div><\/div><\/div><div class=\"tdm_block td_block_wrap tdm_block_button td_uid_44_69f4ba94c5f81_rand tdm-block-button-inline tdm-content-horiz-right td-pb-border-top main-box-btn-green-en td_block_template_1\"  data-td-block-uid=\"td_uid_44_69f4ba94c5f81\"     >\n<style>\n.td_uid_45_69f4ba94c6305 i:first-child {\r\n\t\t\t\t\tmargin-right: 14px;\r\n\t\t\t\t}\n<\/style><div class=\"tds-button td-fix-index\"><a \r\n                href=\"\/senegal\/parties\" \r\n                class=\"tds-button1 tdm-btn tdm-btn-sm td_uid_45_69f4ba94c6305\"  target=\"_blank\" ><i class=\"tdc-font-fa tdc-font-fa-arrow-right\"><\/i><span class=\"tdm-btn-text\">Plus de Nouvelles<\/span><\/a><\/div><\/div><\/div><\/div><div class=\"vc_column td_uid_46_69f4ba94c6651_rand all-news-block wpb_column vc_column_container tdc-column td-pb-span4\">\n<style scoped>\n\n\/* custom css *\/\n.td_uid_46_69f4ba94c6651_rand {\r\n                    vertical-align: baseline;\r\n                }\n<\/style><div class=\"wpb_wrapper\"><div class=\"td_block_wrap td_block_9 td_uid_47_69f4ba94c6760_rand td-pb-border-top td_block_template_1 td-column-1 td_block_padding td_block_bot_line\"  data-td-block-uid=\"td_uid_47_69f4ba94c6760\" >\n<style>\n.td-theme-wrap .td_uid_47_69f4ba94c6760_rand .td-pulldown-filter-link:hover,\r\n            .td-theme-wrap .td_uid_47_69f4ba94c6760_rand .td-subcat-item a:hover,\r\n            .td-theme-wrap .td_uid_47_69f4ba94c6760_rand .td-subcat-item .td-cur-simple-item {\r\n                color: #1e73be;\r\n            }\r\n\r\n            .td-theme-wrap .td_uid_47_69f4ba94c6760_rand .block-title > *,\r\n            .td-theme-wrap .td_uid_47_69f4ba94c6760_rand .td-subcat-dropdown:hover .td-subcat-more {\r\n                background-color: #1e73be;\r\n            }\r\n            .td-theme-wrap .td-footer-wrapper .td_uid_47_69f4ba94c6760_rand .block-title > * {\r\n                padding: 6px 7px 5px;\r\n                line-height: 1;\r\n            }\r\n\r\n            .td-theme-wrap .td_uid_47_69f4ba94c6760_rand .block-title {\r\n                border-color: #1e73be;\r\n            }\r\n\r\n            \r\n            .td-theme-wrap .td_uid_47_69f4ba94c6760_rand .td_module_wrap:hover .entry-title a,\r\n            .td-theme-wrap .td_uid_47_69f4ba94c6760_rand .td_quote_on_blocks,\r\n            .td-theme-wrap .td_uid_47_69f4ba94c6760_rand .td-opacity-cat .td-post-category:hover,\r\n            .td-theme-wrap .td_uid_47_69f4ba94c6760_rand .td-opacity-read .td-read-more a:hover,\r\n            .td-theme-wrap .td_uid_47_69f4ba94c6760_rand .td-opacity-author .td-post-author-name a:hover,\r\n            .td-theme-wrap .td_uid_47_69f4ba94c6760_rand .td-instagram-user a {\r\n                color: #1e73be;\r\n            }\r\n\r\n            .td-theme-wrap .td_uid_47_69f4ba94c6760_rand .td-next-prev-wrap a:hover,\r\n            .td-theme-wrap .td_uid_47_69f4ba94c6760_rand .td-load-more-wrap a:hover {\r\n                background-color: #1e73be;\r\n                border-color: #1e73be;\r\n            }\r\n\r\n            .td-theme-wrap .td_uid_47_69f4ba94c6760_rand .td-read-more a,\r\n            .td-theme-wrap .td_uid_47_69f4ba94c6760_rand .td-weather-information:before,\r\n            .td-theme-wrap .td_uid_47_69f4ba94c6760_rand .td-weather-week:before,\r\n            .td-theme-wrap .td_uid_47_69f4ba94c6760_rand .td-exchange-header:before,\r\n            .td-theme-wrap .td-footer-wrapper .td_uid_47_69f4ba94c6760_rand .td-post-category,\r\n            .td-theme-wrap .td_uid_47_69f4ba94c6760_rand .td-post-category:hover {\r\n                background-color: #1e73be;\r\n            }\n\/* inline tdc_css att *\/\n\n\/* phone *\/\n@media (max-width: 767px)\n{\n.td_uid_47_69f4ba94c6760_rand{\ndisplay:none !important;\n}\n}\n\n<\/style><script>var block_td_uid_47_69f4ba94c6760 = new tdBlock();\nblock_td_uid_47_69f4ba94c6760.id = \"td_uid_47_69f4ba94c6760\";\nblock_td_uid_47_69f4ba94c6760.atts = '{\"custom_title\":\"Toutes les actualit\\u00e9s\",\"category_id\":\"10\",\"limit\":\"76\",\"header_color\":\"#1e73be\",\"separator\":\"\",\"custom_url\":\"\\\/senegal\\\/toutes-les-actualites\",\"tdc_css\":\"eyJwaG9uZSI6eyJkaXNwbGF5Ijoibm9uZSJ9LCJwaG9uZV9tYXhfd2lkdGgiOjc2N30=\",\"block_template_id\":\"\",\"m8_tl\":\"\",\"post_ids\":\"\",\"category_ids\":\"\",\"tag_slug\":\"\",\"autors_id\":\"\",\"installed_post_types\":\"\",\"sort\":\"\",\"offset\":\"\",\"show_modified_date\":\"\",\"el_class\":\"\",\"td_ajax_filter_type\":\"\",\"td_ajax_filter_ids\":\"\",\"td_filter_default_txt\":\"All\",\"td_ajax_preloading\":\"\",\"f_header_font_header\":\"\",\"f_header_font_title\":\"Block header\",\"f_header_font_settings\":\"\",\"f_header_font_family\":\"\",\"f_header_font_size\":\"\",\"f_header_font_line_height\":\"\",\"f_header_font_style\":\"\",\"f_header_font_weight\":\"\",\"f_header_font_transform\":\"\",\"f_header_font_spacing\":\"\",\"f_header_\":\"\",\"f_ajax_font_title\":\"Ajax categories\",\"f_ajax_font_settings\":\"\",\"f_ajax_font_family\":\"\",\"f_ajax_font_size\":\"\",\"f_ajax_font_line_height\":\"\",\"f_ajax_font_style\":\"\",\"f_ajax_font_weight\":\"\",\"f_ajax_font_transform\":\"\",\"f_ajax_font_spacing\":\"\",\"f_ajax_\":\"\",\"f_more_font_title\":\"Load more button\",\"f_more_font_settings\":\"\",\"f_more_font_family\":\"\",\"f_more_font_size\":\"\",\"f_more_font_line_height\":\"\",\"f_more_font_style\":\"\",\"f_more_font_weight\":\"\",\"f_more_font_transform\":\"\",\"f_more_font_spacing\":\"\",\"f_more_\":\"\",\"m8f_title_font_header\":\"\",\"m8f_title_font_title\":\"Article title\",\"m8f_title_font_settings\":\"\",\"m8f_title_font_family\":\"\",\"m8f_title_font_size\":\"\",\"m8f_title_font_line_height\":\"\",\"m8f_title_font_style\":\"\",\"m8f_title_font_weight\":\"\",\"m8f_title_font_transform\":\"\",\"m8f_title_font_spacing\":\"\",\"m8f_title_\":\"\",\"m8f_cat_font_title\":\"Article category tag\",\"m8f_cat_font_settings\":\"\",\"m8f_cat_font_family\":\"\",\"m8f_cat_font_size\":\"\",\"m8f_cat_font_line_height\":\"\",\"m8f_cat_font_style\":\"\",\"m8f_cat_font_weight\":\"\",\"m8f_cat_font_transform\":\"\",\"m8f_cat_font_spacing\":\"\",\"m8f_cat_\":\"\",\"m8f_meta_font_title\":\"Article meta info\",\"m8f_meta_font_settings\":\"\",\"m8f_meta_font_family\":\"\",\"m8f_meta_font_size\":\"\",\"m8f_meta_font_line_height\":\"\",\"m8f_meta_font_style\":\"\",\"m8f_meta_font_weight\":\"\",\"m8f_meta_font_transform\":\"\",\"m8f_meta_font_spacing\":\"\",\"m8f_meta_\":\"\",\"ajax_pagination\":\"\",\"ajax_pagination_infinite_stop\":\"\",\"css\":\"\",\"td_column_number\":1,\"color_preset\":\"\",\"border_top\":\"\",\"class\":\"td_uid_47_69f4ba94c6760_rand\",\"tdc_css_class\":\"td_uid_47_69f4ba94c6760_rand\",\"tdc_css_class_style\":\"td_uid_47_69f4ba94c6760_rand_style\"}';\nblock_td_uid_47_69f4ba94c6760.td_column_number = \"1\";\nblock_td_uid_47_69f4ba94c6760.block_type = \"td_block_9\";\nblock_td_uid_47_69f4ba94c6760.post_count = \"76\";\nblock_td_uid_47_69f4ba94c6760.found_posts = \"23149\";\nblock_td_uid_47_69f4ba94c6760.header_color = \"#1e73be\";\nblock_td_uid_47_69f4ba94c6760.ajax_pagination_infinite_stop = \"\";\nblock_td_uid_47_69f4ba94c6760.max_num_pages = \"305\";\ntdBlocksArray.push(block_td_uid_47_69f4ba94c6760);\n<\/script><div class=\"td-block-title-wrap\"><h4 class=\"block-title td-block-title\"><a href=\"\/senegal\/toutes-les-actualites\" class=\"td-pulldown-size\">Toutes les actualit\u00e9s<\/a><\/h4><\/div><div id=td_uid_47_69f4ba94c6760 class=\"td_block_inner\">\n\n\t<div class=\"td-block-span12\">\n\r\n        <div class=\"td_module_8 td_module_wrap\">\r\n\r\n            <div class=\"item-details\">\r\n                <h3 class=\"entry-title td-module-title\"><a href=\"https:\/\/www.africa-press.net\/senegal\/economie\/experts-de-lonu-avertissent-des-violences-au-gabon\" rel=\"bookmark\" title=\"Experts de L&rsquo;Onu Avertissent des Violences au Gabon\">Experts de L&rsquo;Onu Avertissent des Violences au Gabon<\/a><\/h3>\r\n                <div class=\"td-module-meta-info\">\r\n                                                            <span class=\"td-post-date\"><time class=\"entry-date updated td-module-date\" datetime=\"2026-04-30T21:10:27+00:00\" >2026-04-30<\/time><\/span>                                    <\/div>\r\n            <\/div>\r\n\r\n            \r\n        <\/div>\r\n\r\n        \n\t<\/div> <!-- .\/td-block-span12 -->\n\n\t<div class=\"td-block-span12\">\n\r\n        <div class=\"td_module_8 td_module_wrap\">\r\n\r\n            <div class=\"item-details\">\r\n                <h3 class=\"entry-title td-module-title\"><a href=\"https:\/\/www.africa-press.net\/senegal\/economie\/le-marche-commun-dafrique-de-louest-et-la-cedeao\" rel=\"bookmark\" title=\"Le March\u00e9 Commun D&rsquo;Afrique de L&rsquo;Ouest et la CEDEAO\">Le March\u00e9 Commun D&rsquo;Afrique de L&rsquo;Ouest et la CEDEAO<\/a><\/h3>\r\n                <div class=\"td-module-meta-info\">\r\n                                                            <span class=\"td-post-date\"><time class=\"entry-date updated td-module-date\" datetime=\"2026-04-30T21:08:28+00:00\" >2026-04-30<\/time><\/span>                                    <\/div>\r\n            <\/div>\r\n\r\n            \r\n        <\/div>\r\n\r\n        \n\t<\/div> <!-- .\/td-block-span12 -->\n\n\t<div class=\"td-block-span12\">\n\r\n        <div class=\"td_module_8 td_module_wrap\">\r\n\r\n            <div class=\"item-details\">\r\n                <h3 class=\"entry-title td-module-title\"><a href=\"https:\/\/www.africa-press.net\/senegal\/dossiers\/comment-lafrique-a%e2%80%90t%e2%80%90elle-paye-le-prix-de-la-guerre-en-iran\" rel=\"bookmark\" title=\"Comment L\u2019Afrique A\u2010T\u2010Elle Paye\u0301 le Prix de la Guerre en Iran?\">Comment L\u2019Afrique A\u2010T\u2010Elle Paye\u0301 le Prix de la Guerre en Iran?<\/a><\/h3>\r\n                <div class=\"td-module-meta-info\">\r\n                                                            <span class=\"td-post-date\"><time class=\"entry-date updated td-module-date\" datetime=\"2026-04-30T20:31:18+00:00\" >2026-04-30<\/time><\/span>                                    <\/div>\r\n            <\/div>\r\n\r\n            \r\n        <\/div>\r\n\r\n        \n\t<\/div> <!-- .\/td-block-span12 -->\n\n\t<div class=\"td-block-span12\">\n\r\n        <div class=\"td_module_8 td_module_wrap\">\r\n\r\n            <div class=\"item-details\">\r\n                <h3 class=\"entry-title td-module-title\"><a href=\"https:\/\/www.africa-press.net\/senegal\/dossiers\/reforme-du-code-electoral-et-division-politique-au-senegal\" rel=\"bookmark\" title=\"R\u00e9forme du Code \u00c9lectoral et Division Politique au S\u00e9n\u00e9gal\">R\u00e9forme du Code \u00c9lectoral et Division Politique au S\u00e9n\u00e9gal<\/a><\/h3>\r\n                <div class=\"td-module-meta-info\">\r\n                                                            <span class=\"td-post-date\"><time class=\"entry-date updated td-module-date\" datetime=\"2026-04-30T20:26:42+00:00\" >2026-04-30<\/time><\/span>                                    <\/div>\r\n            <\/div>\r\n\r\n            \r\n        <\/div>\r\n\r\n        \n\t<\/div> <!-- .\/td-block-span12 -->\n\n\t<div class=\"td-block-span12\">\n\r\n        <div class=\"td_module_8 td_module_wrap\">\r\n\r\n            <div class=\"item-details\">\r\n                <h3 class=\"entry-title td-module-title\"><a href=\"https:\/\/www.africa-press.net\/senegal\/dossiers\/lune-des-routes-migratoires-les-plus-dangereuses-au-monde\" rel=\"bookmark\" title=\"L\u2019Une des Routes Migratoires les Plus Dangereuses au Monde\">L\u2019Une des Routes Migratoires les Plus Dangereuses au Monde<\/a><\/h3>\r\n                <div class=\"td-module-meta-info\">\r\n                                                            <span class=\"td-post-date\"><time class=\"entry-date updated td-module-date\" datetime=\"2026-04-30T20:18:38+00:00\" >2026-04-30<\/time><\/span>                                    <\/div>\r\n            <\/div>\r\n\r\n            \r\n        <\/div>\r\n\r\n        \n\t<\/div> <!-- .\/td-block-span12 -->\n\n\t<div class=\"td-block-span12\">\n\r\n        <div class=\"td_module_8 td_module_wrap\">\r\n\r\n            <div class=\"item-details\">\r\n                <h3 class=\"entry-title td-module-title\"><a href=\"https:\/\/www.africa-press.net\/senegal\/politique\/derriere-un-vote-a-lonu-equilibres-economiques-concrets\" rel=\"bookmark\" title=\"Derri\u00e8re un Vote \u00c0 L&rsquo;Onu, \u00c9quilibres \u00c9conomiques Concrets\">Derri\u00e8re un Vote \u00c0 L&rsquo;Onu, \u00c9quilibres \u00c9conomiques Concrets<\/a><\/h3>\r\n                <div class=\"td-module-meta-info\">\r\n                                                            <span class=\"td-post-date\"><time class=\"entry-date updated td-module-date\" datetime=\"2026-04-30T17:49:28+00:00\" >2026-04-30<\/time><\/span>                                    <\/div>\r\n            <\/div>\r\n\r\n            \r\n        <\/div>\r\n\r\n        \n\t<\/div> <!-- .\/td-block-span12 -->\n\n\t<div class=\"td-block-span12\">\n\r\n        <div class=\"td_module_8 td_module_wrap\">\r\n\r\n            <div class=\"item-details\">\r\n                <h3 class=\"entry-title td-module-title\"><a href=\"https:\/\/www.africa-press.net\/senegal\/politique\/votes-l29-et-l30-intrigue-sur-voix-manquantes-de-pastef\" rel=\"bookmark\" title=\"Votes L29 et L30: Intrigue sur Voix Manquantes de Pastef\">Votes L29 et L30: Intrigue sur Voix Manquantes de Pastef<\/a><\/h3>\r\n                <div class=\"td-module-meta-info\">\r\n                                                            <span class=\"td-post-date\"><time class=\"entry-date updated td-module-date\" datetime=\"2026-04-30T17:41:53+00:00\" >2026-04-30<\/time><\/span>                                    <\/div>\r\n            <\/div>\r\n\r\n            \r\n        <\/div>\r\n\r\n        \n\t<\/div> <!-- .\/td-block-span12 -->\n\n\t<div class=\"td-block-span12\">\n\r\n        <div class=\"td_module_8 td_module_wrap\">\r\n\r\n            <div class=\"item-details\">\r\n                <h3 class=\"entry-title td-module-title\"><a href=\"https:\/\/www.africa-press.net\/senegal\/economie\/economie-mondiale-lafrique-nouveau-champ-de-bataille\" rel=\"bookmark\" title=\"\u00c9conomie Mondiale: L&rsquo;Afrique, Nouveau Champ de Bataille\">\u00c9conomie Mondiale: L&rsquo;Afrique, Nouveau Champ de Bataille<\/a><\/h3>\r\n                <div class=\"td-module-meta-info\">\r\n                                                            <span class=\"td-post-date\"><time class=\"entry-date updated td-module-date\" datetime=\"2026-04-30T15:00:41+00:00\" >2026-04-30<\/time><\/span>                                    <\/div>\r\n            <\/div>\r\n\r\n            \r\n        <\/div>\r\n\r\n        \n\t<\/div> <!-- .\/td-block-span12 -->\n\n\t<div class=\"td-block-span12\">\n\r\n        <div class=\"td_module_8 td_module_wrap\">\r\n\r\n            <div class=\"item-details\">\r\n                <h3 class=\"entry-title td-module-title\"><a href=\"https:\/\/www.africa-press.net\/senegal\/economie\/prix-du-riz-determine-au-port-de-dakar\" rel=\"bookmark\" title=\"Prix du Riz D\u00e9termin\u00e9 au Port de Dakar\">Prix du Riz D\u00e9termin\u00e9 au Port de Dakar<\/a><\/h3>\r\n                <div class=\"td-module-meta-info\">\r\n                                                            <span class=\"td-post-date\"><time class=\"entry-date updated td-module-date\" datetime=\"2026-04-30T13:58:49+00:00\" >2026-04-30<\/time><\/span>                                    <\/div>\r\n            <\/div>\r\n\r\n            \r\n        <\/div>\r\n\r\n        \n\t<\/div> <!-- .\/td-block-span12 -->\n\n\t<div class=\"td-block-span12\">\n\r\n        <div class=\"td_module_8 td_module_wrap\">\r\n\r\n            <div class=\"item-details\">\r\n                <h3 class=\"entry-title td-module-title\"><a href=\"https:\/\/www.africa-press.net\/senegal\/economie\/diplomatie-economique-comme-front-de-competition-capitale\" rel=\"bookmark\" title=\"Diplomatie \u00c9conomique Comme Front de Comp\u00e9tition Capitale\">Diplomatie \u00c9conomique Comme Front de Comp\u00e9tition Capitale<\/a><\/h3>\r\n                <div class=\"td-module-meta-info\">\r\n                                                            <span class=\"td-post-date\"><time class=\"entry-date updated td-module-date\" datetime=\"2026-04-30T13:55:26+00:00\" >2026-04-30<\/time><\/span>                                    <\/div>\r\n            <\/div>\r\n\r\n            \r\n        <\/div>\r\n\r\n        \n\t<\/div> <!-- .\/td-block-span12 -->\n\n\t<div class=\"td-block-span12\">\n\r\n        <div class=\"td_module_8 td_module_wrap\">\r\n\r\n            <div class=\"item-details\">\r\n                <h3 class=\"entry-title td-module-title\"><a href=\"https:\/\/www.africa-press.net\/senegal\/sports\/caf-et-uefa-participation-des-equipes-africaines\" rel=\"bookmark\" title=\"CAF et UEFA: Participation des E\u0301Quipes Africaines\">CAF et UEFA: Participation des E\u0301Quipes Africaines<\/a><\/h3>\r\n                <div class=\"td-module-meta-info\">\r\n                                                            <span class=\"td-post-date\"><time class=\"entry-date updated td-module-date\" datetime=\"2026-04-30T12:10:00+00:00\" >2026-04-30<\/time><\/span>                                    <\/div>\r\n            <\/div>\r\n\r\n            \r\n        <\/div>\r\n\r\n        \n\t<\/div> <!-- .\/td-block-span12 -->\n\n\t<div class=\"td-block-span12\">\n\r\n        <div class=\"td_module_8 td_module_wrap\">\r\n\r\n            <div class=\"item-details\">\r\n                <h3 class=\"entry-title td-module-title\"><a href=\"https:\/\/www.africa-press.net\/senegal\/sports\/afrique-et-asie-soutiennent-infantino-pour-un-nouveau-mandat\" rel=\"bookmark\" title=\"Afrique et Asie Soutiennent Infantino Pour Un Nouveau Mandat\">Afrique et Asie Soutiennent Infantino Pour Un Nouveau Mandat<\/a><\/h3>\r\n                <div class=\"td-module-meta-info\">\r\n                                                            <span class=\"td-post-date\"><time class=\"entry-date updated td-module-date\" datetime=\"2026-04-30T12:10:00+00:00\" >2026-04-30<\/time><\/span>                                    <\/div>\r\n            <\/div>\r\n\r\n            \r\n        <\/div>\r\n\r\n        \n\t<\/div> <!-- .\/td-block-span12 -->\n\n\t<div class=\"td-block-span12\">\n\r\n        <div class=\"td_module_8 td_module_wrap\">\r\n\r\n            <div class=\"item-details\">\r\n                <h3 class=\"entry-title td-module-title\"><a href=\"https:\/\/www.africa-press.net\/senegal\/sports\/76e-congres-de-la-fifa-unite-des-associations-de-la-caf\" rel=\"bookmark\" title=\"76E Congr\u00e8s de la FIFA: Unit\u00e9 des Associations de la CAF\">76E Congr\u00e8s de la FIFA: Unit\u00e9 des Associations de la CAF<\/a><\/h3>\r\n                <div class=\"td-module-meta-info\">\r\n                                                            <span class=\"td-post-date\"><time class=\"entry-date updated td-module-date\" datetime=\"2026-04-30T12:00:00+00:00\" >2026-04-30<\/time><\/span>                                    <\/div>\r\n            <\/div>\r\n\r\n            \r\n        <\/div>\r\n\r\n        \n\t<\/div> <!-- .\/td-block-span12 -->\n\n\t<div class=\"td-block-span12\">\n\r\n        <div class=\"td_module_8 td_module_wrap\">\r\n\r\n            <div class=\"item-details\">\r\n                <h3 class=\"entry-title td-module-title\"><a href=\"https:\/\/www.africa-press.net\/senegal\/sports\/top-5-des-joueurs-africains-aux-chaussettes-baisees\" rel=\"bookmark\" title=\"Top 5 des Joueurs Africains aux Chaussettes Bais\u00e9es\">Top 5 des Joueurs Africains aux Chaussettes Bais\u00e9es<\/a><\/h3>\r\n                <div class=\"td-module-meta-info\">\r\n                                                            <span class=\"td-post-date\"><time class=\"entry-date updated td-module-date\" datetime=\"2026-04-30T02:38:47+00:00\" >2026-04-30<\/time><\/span>                                    <\/div>\r\n            <\/div>\r\n\r\n            \r\n        <\/div>\r\n\r\n        \n\t<\/div> <!-- .\/td-block-span12 -->\n\n\t<div class=\"td-block-span12\">\n\r\n        <div class=\"td_module_8 td_module_wrap\">\r\n\r\n            <div class=\"item-details\">\r\n                <h3 class=\"entry-title td-module-title\"><a href=\"https:\/\/www.africa-press.net\/senegal\/sports\/etoo-et-onana-revelations-sur-le-football-camerounais\" rel=\"bookmark\" title=\"Eto\u2019O et Onana: Re\u0301ve\u0301lations sur le Football Camerounais\">Eto\u2019O et Onana: Re\u0301ve\u0301lations sur le Football Camerounais<\/a><\/h3>\r\n                <div class=\"td-module-meta-info\">\r\n                                                            <span class=\"td-post-date\"><time class=\"entry-date updated td-module-date\" datetime=\"2026-04-30T02:34:13+00:00\" >2026-04-30<\/time><\/span>                                    <\/div>\r\n            <\/div>\r\n\r\n            \r\n        <\/div>\r\n\r\n        \n\t<\/div> <!-- .\/td-block-span12 -->\n\n\t<div class=\"td-block-span12\">\n\r\n        <div class=\"td_module_8 td_module_wrap\">\r\n\r\n            <div class=\"item-details\">\r\n                <h3 class=\"entry-title td-module-title\"><a href=\"https:\/\/www.africa-press.net\/senegal\/politique\/digitalisation-de-ladministration-sonko-exige-un-plan\" rel=\"bookmark\" title=\"Digitalisation de L&rsquo;Administration: Sonko Exige un Plan\">Digitalisation de L&rsquo;Administration: Sonko Exige un Plan<\/a><\/h3>\r\n                <div class=\"td-module-meta-info\">\r\n                                                            <span class=\"td-post-date\"><time class=\"entry-date updated td-module-date\" datetime=\"2026-04-29T23:32:27+00:00\" >2026-04-29<\/time><\/span>                                    <\/div>\r\n            <\/div>\r\n\r\n            \r\n        <\/div>\r\n\r\n        \n\t<\/div> <!-- .\/td-block-span12 -->\n\n\t<div class=\"td-block-span12\">\n\r\n        <div class=\"td_module_8 td_module_wrap\">\r\n\r\n            <div class=\"item-details\">\r\n                <h3 class=\"entry-title td-module-title\"><a href=\"https:\/\/www.africa-press.net\/senegal\/toutes-les-actualites\/tchernobyl-laboratoire-naturel-de-levolution-irradiee\" rel=\"bookmark\" title=\"Tchernobyl Laboratoire Naturel de L\u2019\u00c9volution Irradi\u00e9e\">Tchernobyl Laboratoire Naturel de L\u2019\u00c9volution Irradi\u00e9e<\/a><\/h3>\r\n                <div class=\"td-module-meta-info\">\r\n                                                            <span class=\"td-post-date\"><time class=\"entry-date updated td-module-date\" datetime=\"2026-04-29T23:01:21+00:00\" >2026-04-29<\/time><\/span>                                    <\/div>\r\n            <\/div>\r\n\r\n            \r\n        <\/div>\r\n\r\n        \n\t<\/div> <!-- .\/td-block-span12 -->\n\n\t<div class=\"td-block-span12\">\n\r\n        <div class=\"td_module_8 td_module_wrap\">\r\n\r\n            <div class=\"item-details\">\r\n                <h3 class=\"entry-title td-module-title\"><a href=\"https:\/\/www.africa-press.net\/senegal\/toutes-les-actualites\/tesla-lance-production-de-son-robotaxi-cybercab\" rel=\"bookmark\" title=\"Tesla Lance Production de Son Robotaxi Cybercab\">Tesla Lance Production de Son Robotaxi Cybercab<\/a><\/h3>\r\n                <div class=\"td-module-meta-info\">\r\n                                                            <span class=\"td-post-date\"><time class=\"entry-date updated td-module-date\" datetime=\"2026-04-29T23:00:19+00:00\" >2026-04-29<\/time><\/span>                                    <\/div>\r\n            <\/div>\r\n\r\n            \r\n        <\/div>\r\n\r\n        \n\t<\/div> <!-- .\/td-block-span12 -->\n\n\t<div class=\"td-block-span12\">\n\r\n        <div class=\"td_module_8 td_module_wrap\">\r\n\r\n            <div class=\"item-details\">\r\n                <h3 class=\"entry-title td-module-title\"><a href=\"https:\/\/www.africa-press.net\/senegal\/politique\/le-pape-leon-xiv-en-afrique-tournee-spirituelle\" rel=\"bookmark\" title=\"Le Pape L\u00e9on XIV en Afrique: Tourn\u00e9e Spirituelle\">Le Pape L\u00e9on XIV en Afrique: Tourn\u00e9e Spirituelle<\/a><\/h3>\r\n                <div class=\"td-module-meta-info\">\r\n                                                            <span class=\"td-post-date\"><time class=\"entry-date updated td-module-date\" datetime=\"2026-04-29T22:42:05+00:00\" >2026-04-29<\/time><\/span>                                    <\/div>\r\n            <\/div>\r\n\r\n            \r\n        <\/div>\r\n\r\n        \n\t<\/div> <!-- .\/td-block-span12 -->\n\n\t<div class=\"td-block-span12\">\n\r\n        <div class=\"td_module_8 td_module_wrap\">\r\n\r\n            <div class=\"item-details\">\r\n                <h3 class=\"entry-title td-module-title\"><a href=\"https:\/\/www.africa-press.net\/senegal\/dossiers\/management-des-lecons-tirees-de-la-guerre-en-iran\" rel=\"bookmark\" title=\"Management des Le\u00e7ons Tir\u00e9es de la Guerre en Iran\">Management des Le\u00e7ons Tir\u00e9es de la Guerre en Iran<\/a><\/h3>\r\n                <div class=\"td-module-meta-info\">\r\n                                                            <span class=\"td-post-date\"><time class=\"entry-date updated td-module-date\" datetime=\"2026-04-29T19:00:00+00:00\" >2026-04-29<\/time><\/span>                                    <\/div>\r\n            <\/div>\r\n\r\n            \r\n        <\/div>\r\n\r\n        \n\t<\/div> <!-- .\/td-block-span12 -->\n\n\t<div class=\"td-block-span12\">\n\r\n        <div class=\"td_module_8 td_module_wrap\">\r\n\r\n            <div class=\"item-details\">\r\n                <h3 class=\"entry-title td-module-title\"><a href=\"https:\/\/www.africa-press.net\/senegal\/politique\/infrastructures-sanitaires-sonko-evalue-310-milliards\" rel=\"bookmark\" title=\"Infrastructures Sanitaires: Sonko \u00c9value 310 Milliards\">Infrastructures Sanitaires: Sonko \u00c9value 310 Milliards<\/a><\/h3>\r\n                <div class=\"td-module-meta-info\">\r\n                                                            <span class=\"td-post-date\"><time class=\"entry-date updated td-module-date\" datetime=\"2026-04-29T13:00:00+00:00\" >2026-04-29<\/time><\/span>                                    <\/div>\r\n            <\/div>\r\n\r\n            \r\n        <\/div>\r\n\r\n        \n\t<\/div> <!-- .\/td-block-span12 -->\n\n\t<div class=\"td-block-span12\">\n\r\n        <div class=\"td_module_8 td_module_wrap\">\r\n\r\n            <div class=\"item-details\">\r\n                <h3 class=\"entry-title td-module-title\"><a href=\"https:\/\/www.africa-press.net\/senegal\/parties\/elections-locales-pastef-met-fin-aux-initiatives-isolees\" rel=\"bookmark\" title=\"E\u0301Lections Locales: PASTEF Met Fin aux Initiatives Isole\u0301es\">E\u0301Lections Locales: PASTEF Met Fin aux Initiatives Isole\u0301es<\/a><\/h3>\r\n                <div class=\"td-module-meta-info\">\r\n                                                            <span class=\"td-post-date\"><time class=\"entry-date updated td-module-date\" datetime=\"2026-04-29T13:00:00+00:00\" >2026-04-29<\/time><\/span>                                    <\/div>\r\n            <\/div>\r\n\r\n            \r\n        <\/div>\r\n\r\n        \n\t<\/div> <!-- .\/td-block-span12 -->\n\n\t<div class=\"td-block-span12\">\n\r\n        <div class=\"td_module_8 td_module_wrap\">\r\n\r\n            <div class=\"item-details\">\r\n                <h3 class=\"entry-title td-module-title\"><a href=\"https:\/\/www.africa-press.net\/senegal\/dossiers\/le-senegal-leader-des-performances-statistiques-africaines\" rel=\"bookmark\" title=\"Le S\u00e9n\u00e9gal Leader des Performances Statistiques Africaines\">Le S\u00e9n\u00e9gal Leader des Performances Statistiques Africaines<\/a><\/h3>\r\n                <div class=\"td-module-meta-info\">\r\n                                                            <span class=\"td-post-date\"><time class=\"entry-date updated td-module-date\" datetime=\"2026-04-29T13:00:00+00:00\" >2026-04-29<\/time><\/span>                                    <\/div>\r\n            <\/div>\r\n\r\n            \r\n        <\/div>\r\n\r\n        \n\t<\/div> <!-- .\/td-block-span12 -->\n\n\t<div class=\"td-block-span12\">\n\r\n        <div class=\"td_module_8 td_module_wrap\">\r\n\r\n            <div class=\"item-details\">\r\n                <h3 class=\"entry-title td-module-title\"><a href=\"https:\/\/www.africa-press.net\/senegal\/dossiers\/de-detroit-dormuz-aux-paniers-des-menages\" rel=\"bookmark\" title=\"De D\u00e9troit D&rsquo;Ormuz aux Paniers des M\u00e9nages\">De D\u00e9troit D&rsquo;Ormuz aux Paniers des M\u00e9nages<\/a><\/h3>\r\n                <div class=\"td-module-meta-info\">\r\n                                                            <span class=\"td-post-date\"><time class=\"entry-date updated td-module-date\" datetime=\"2026-04-29T12:20:00+00:00\" >2026-04-29<\/time><\/span>                                    <\/div>\r\n            <\/div>\r\n\r\n            \r\n        <\/div>\r\n\r\n        \n\t<\/div> <!-- .\/td-block-span12 -->\n\n\t<div class=\"td-block-span12\">\n\r\n        <div class=\"td_module_8 td_module_wrap\">\r\n\r\n            <div class=\"item-details\">\r\n                <h3 class=\"entry-title td-module-title\"><a href=\"https:\/\/www.africa-press.net\/senegal\/economie\/matam-et-lor-blanc-revelations-des-chiffres\" rel=\"bookmark\" title=\"Matam et L&rsquo;Or Blanc: R\u00e9v\u00e9lations des Chiffres\">Matam et L&rsquo;Or Blanc: R\u00e9v\u00e9lations des Chiffres<\/a><\/h3>\r\n                <div class=\"td-module-meta-info\">\r\n                                                            <span class=\"td-post-date\"><time class=\"entry-date updated td-module-date\" datetime=\"2026-04-29T12:20:00+00:00\" >2026-04-29<\/time><\/span>                                    <\/div>\r\n            <\/div>\r\n\r\n            \r\n        <\/div>\r\n\r\n        \n\t<\/div> <!-- .\/td-block-span12 -->\n\n\t<div class=\"td-block-span12\">\n\r\n        <div class=\"td_module_8 td_module_wrap\">\r\n\r\n            <div class=\"item-details\">\r\n                <h3 class=\"entry-title td-module-title\"><a href=\"https:\/\/www.africa-press.net\/senegal\/dossiers\/code-electoral-ne-deviendra-pas-jouet-dambition-personnelle\" rel=\"bookmark\" title=\"Code \u00c9lectoral Ne Deviendra Pas Jouet d&rsquo;Ambition Personnelle\">Code \u00c9lectoral Ne Deviendra Pas Jouet d&rsquo;Ambition Personnelle<\/a><\/h3>\r\n                <div class=\"td-module-meta-info\">\r\n                                                            <span class=\"td-post-date\"><time class=\"entry-date updated td-module-date\" datetime=\"2026-04-29T12:10:00+00:00\" >2026-04-29<\/time><\/span>                                    <\/div>\r\n            <\/div>\r\n\r\n            \r\n        <\/div>\r\n\r\n        \n\t<\/div> <!-- .\/td-block-span12 -->\n\n\t<div class=\"td-block-span12\">\n\r\n        <div class=\"td_module_8 td_module_wrap\">\r\n\r\n            <div class=\"item-details\">\r\n                <h3 class=\"entry-title td-module-title\"><a href=\"https:\/\/www.africa-press.net\/senegal\/economie\/sgo-apporte-460-milliards-fcfa-au-budget-2022-2025\" rel=\"bookmark\" title=\"SGO Apporte 460 Milliards FCFA au Budget 2022-2025\">SGO Apporte 460 Milliards FCFA au Budget 2022-2025<\/a><\/h3>\r\n                <div class=\"td-module-meta-info\">\r\n                                                            <span class=\"td-post-date\"><time class=\"entry-date updated td-module-date\" datetime=\"2026-04-29T12:10:00+00:00\" >2026-04-29<\/time><\/span>                                    <\/div>\r\n            <\/div>\r\n\r\n            \r\n        <\/div>\r\n\r\n        \n\t<\/div> <!-- .\/td-block-span12 -->\n\n\t<div class=\"td-block-span12\">\n\r\n        <div class=\"td_module_8 td_module_wrap\">\r\n\r\n            <div class=\"item-details\">\r\n                <h3 class=\"entry-title td-module-title\"><a href=\"https:\/\/www.africa-press.net\/senegal\/toutes-les-actualites\/google-signe-accord-confidentiel-ia-avec-pentagone\" rel=\"bookmark\" title=\"Google Signe Accord Confidentiel IA avec Pentagone\">Google Signe Accord Confidentiel IA avec Pentagone<\/a><\/h3>\r\n                <div class=\"td-module-meta-info\">\r\n                                                            <span class=\"td-post-date\"><time class=\"entry-date updated td-module-date\" datetime=\"2026-04-29T12:00:00+00:00\" >2026-04-29<\/time><\/span>                                    <\/div>\r\n            <\/div>\r\n\r\n            \r\n        <\/div>\r\n\r\n        \n\t<\/div> <!-- .\/td-block-span12 -->\n\n\t<div class=\"td-block-span12\">\n\r\n        <div class=\"td_module_8 td_module_wrap\">\r\n\r\n            <div class=\"item-details\">\r\n                <h3 class=\"entry-title td-module-title\"><a href=\"https:\/\/www.africa-press.net\/senegal\/toutes-les-actualites\/deepseek-se-detache-de-nvidia-avec-son-modele-v4\" rel=\"bookmark\" title=\"Deepseek se D\u00e9tache de Nvidia avec Son Mod\u00e8le V4\">Deepseek se D\u00e9tache de Nvidia avec Son Mod\u00e8le V4<\/a><\/h3>\r\n                <div class=\"td-module-meta-info\">\r\n                                                            <span class=\"td-post-date\"><time class=\"entry-date updated td-module-date\" datetime=\"2026-04-29T12:00:00+00:00\" >2026-04-29<\/time><\/span>                                    <\/div>\r\n            <\/div>\r\n\r\n            \r\n        <\/div>\r\n\r\n        \n\t<\/div> <!-- .\/td-block-span12 -->\n\n\t<div class=\"td-block-span12\">\n\r\n        <div class=\"td_module_8 td_module_wrap\">\r\n\r\n            <div class=\"item-details\">\r\n                <h3 class=\"entry-title td-module-title\"><a href=\"https:\/\/www.africa-press.net\/senegal\/economie\/au%e2%80%90dela-du-petrole-et-les-rentes-institutionnelles\" rel=\"bookmark\" title=\"Au\u2010Del\u00e0 du P\u00e9trole et les Rentes Institutionnelles\">Au\u2010Del\u00e0 du P\u00e9trole et les Rentes Institutionnelles<\/a><\/h3>\r\n                <div class=\"td-module-meta-info\">\r\n                                                            <span class=\"td-post-date\"><time class=\"entry-date updated td-module-date\" datetime=\"2026-04-29T12:00:00+00:00\" >2026-04-29<\/time><\/span>                                    <\/div>\r\n            <\/div>\r\n\r\n            \r\n        <\/div>\r\n\r\n        \n\t<\/div> <!-- .\/td-block-span12 -->\n\n\t<div class=\"td-block-span12\">\n\r\n        <div class=\"td_module_8 td_module_wrap\">\r\n\r\n            <div class=\"item-details\">\r\n                <h3 class=\"entry-title td-module-title\"><a href=\"https:\/\/www.africa-press.net\/senegal\/sports\/can-2027-le-calendrier-est-fixe-le-defi-commence\" rel=\"bookmark\" title=\"CAN 2027: le Calendrier Est Fixe\u0301, le De\u0301fi Commence\">CAN 2027: le Calendrier Est Fixe\u0301, le De\u0301fi Commence<\/a><\/h3>\r\n                <div class=\"td-module-meta-info\">\r\n                                                            <span class=\"td-post-date\"><time class=\"entry-date updated td-module-date\" datetime=\"2026-04-29T12:00:00+00:00\" >2026-04-29<\/time><\/span>                                    <\/div>\r\n            <\/div>\r\n\r\n            \r\n        <\/div>\r\n\r\n        \n\t<\/div> <!-- .\/td-block-span12 -->\n\n\t<div class=\"td-block-span12\">\n\r\n        <div class=\"td_module_8 td_module_wrap\">\r\n\r\n            <div class=\"item-details\">\r\n                <h3 class=\"entry-title td-module-title\"><a href=\"https:\/\/www.africa-press.net\/senegal\/sports\/basket-comment-le-soudan-du-sud-a-pris-le-pouvoir-en-afrique\" rel=\"bookmark\" title=\"Basket: comment le Soudan du Sud a Pris le Pouvoir en Afrique\">Basket: comment le Soudan du Sud a Pris le Pouvoir en Afrique<\/a><\/h3>\r\n                <div class=\"td-module-meta-info\">\r\n                                                            <span class=\"td-post-date\"><time class=\"entry-date updated td-module-date\" datetime=\"2026-04-29T02:19:22+00:00\" >2026-04-29<\/time><\/span>                                    <\/div>\r\n            <\/div>\r\n\r\n            \r\n        <\/div>\r\n\r\n        \n\t<\/div> <!-- .\/td-block-span12 -->\n\n\t<div class=\"td-block-span12\">\n\r\n        <div class=\"td_module_8 td_module_wrap\">\r\n\r\n            <div class=\"item-details\">\r\n                <h3 class=\"entry-title td-module-title\"><a href=\"https:\/\/www.africa-press.net\/senegal\/sports\/ces-africains-qui-brillent-en-saudi-pro-league\" rel=\"bookmark\" title=\"Ces Africains qui Brillent en Saudi Pro League\">Ces Africains qui Brillent en Saudi Pro League<\/a><\/h3>\r\n                <div class=\"td-module-meta-info\">\r\n                                                            <span class=\"td-post-date\"><time class=\"entry-date updated td-module-date\" datetime=\"2026-04-29T01:46:24+00:00\" >2026-04-29<\/time><\/span>                                    <\/div>\r\n            <\/div>\r\n\r\n            \r\n        <\/div>\r\n\r\n        \n\t<\/div> <!-- .\/td-block-span12 -->\n\n\t<div class=\"td-block-span12\">\n\r\n        <div class=\"td_module_8 td_module_wrap\">\r\n\r\n            <div class=\"item-details\">\r\n                <h3 class=\"entry-title td-module-title\"><a href=\"https:\/\/www.africa-press.net\/senegal\/sports\/tottenham-pape-matar-sarr-linevitable-depart\" rel=\"bookmark\" title=\"Tottenham: Pape Matar Sarr, L&rsquo;ine\u0301vitable De\u0301part\">Tottenham: Pape Matar Sarr, L&rsquo;ine\u0301vitable De\u0301part<\/a><\/h3>\r\n                <div class=\"td-module-meta-info\">\r\n                                                            <span class=\"td-post-date\"><time class=\"entry-date updated td-module-date\" datetime=\"2026-04-28T02:30:49+00:00\" >2026-04-28<\/time><\/span>                                    <\/div>\r\n            <\/div>\r\n\r\n            \r\n        <\/div>\r\n\r\n        \n\t<\/div> <!-- .\/td-block-span12 -->\n\n\t<div class=\"td-block-span12\">\n\r\n        <div class=\"td_module_8 td_module_wrap\">\r\n\r\n            <div class=\"item-details\">\r\n                <h3 class=\"entry-title td-module-title\"><a href=\"https:\/\/www.africa-press.net\/senegal\/sports\/ldc-psg-bayern-munich-ou-le-duel-entre-hakimi-et-jackson\" rel=\"bookmark\" title=\"LDC: PSG &#8211; Bayern Munich, ou le Duel entre Hakimi et Jackson\">LDC: PSG &#8211; Bayern Munich, ou le Duel entre Hakimi et Jackson<\/a><\/h3>\r\n                <div class=\"td-module-meta-info\">\r\n                                                            <span class=\"td-post-date\"><time class=\"entry-date updated td-module-date\" datetime=\"2026-04-28T02:25:55+00:00\" >2026-04-28<\/time><\/span>                                    <\/div>\r\n            <\/div>\r\n\r\n            \r\n        <\/div>\r\n\r\n        \n\t<\/div> <!-- .\/td-block-span12 -->\n\n\t<div class=\"td-block-span12\">\n\r\n        <div class=\"td_module_8 td_module_wrap\">\r\n\r\n            <div class=\"item-details\">\r\n                <h3 class=\"entry-title td-module-title\"><a href=\"https:\/\/www.africa-press.net\/senegal\/sports\/top-10-des-joueurs-africains-les-plus-titres-de-lhistoire\" rel=\"bookmark\" title=\"Top 10 des Joueurs Africains les Plus Titre\u0301s de L\u2019Histoire\">Top 10 des Joueurs Africains les Plus Titre\u0301s de L\u2019Histoire<\/a><\/h3>\r\n                <div class=\"td-module-meta-info\">\r\n                                                            <span class=\"td-post-date\"><time class=\"entry-date updated td-module-date\" datetime=\"2026-04-28T02:24:33+00:00\" >2026-04-28<\/time><\/span>                                    <\/div>\r\n            <\/div>\r\n\r\n            \r\n        <\/div>\r\n\r\n        \n\t<\/div> <!-- .\/td-block-span12 -->\n\n\t<div class=\"td-block-span12\">\n\r\n        <div class=\"td_module_8 td_module_wrap\">\r\n\r\n            <div class=\"item-details\">\r\n                <h3 class=\"entry-title td-module-title\"><a href=\"https:\/\/www.africa-press.net\/senegal\/culture-et-art\/science-fest-africa-2026-renforce-la-cooperation-educative\" rel=\"bookmark\" title=\"Science Fest Africa 2026 Renforce la Coop\u00e9ration \u00c9ducative\">Science Fest Africa 2026 Renforce la Coop\u00e9ration \u00c9ducative<\/a><\/h3>\r\n                <div class=\"td-module-meta-info\">\r\n                                                            <span class=\"td-post-date\"><time class=\"entry-date updated td-module-date\" datetime=\"2026-04-26T19:57:56+00:00\" >2026-04-26<\/time><\/span>                                    <\/div>\r\n            <\/div>\r\n\r\n            \r\n        <\/div>\r\n\r\n        \n\t<\/div> <!-- .\/td-block-span12 -->\n\n\t<div class=\"td-block-span12\">\n\r\n        <div class=\"td_module_8 td_module_wrap\">\r\n\r\n            <div class=\"item-details\">\r\n                <h3 class=\"entry-title td-module-title\"><a href=\"https:\/\/www.africa-press.net\/senegal\/politique\/loccident-et-le-mali-une-lutte-pour-le-controle\" rel=\"bookmark\" title=\"L&rsquo;Occident et le Mali: Une Lutte pour le Contr\u00f4le\">L&rsquo;Occident et le Mali: Une Lutte pour le Contr\u00f4le<\/a><\/h3>\r\n                <div class=\"td-module-meta-info\">\r\n                                                            <span class=\"td-post-date\"><time class=\"entry-date updated td-module-date\" datetime=\"2026-04-25T13:00:03+00:00\" >2026-04-25<\/time><\/span>                                    <\/div>\r\n            <\/div>\r\n\r\n            \r\n        <\/div>\r\n\r\n        \n\t<\/div> <!-- .\/td-block-span12 -->\n\n\t<div class=\"td-block-span12\">\n\r\n        <div class=\"td_module_8 td_module_wrap\">\r\n\r\n            <div class=\"item-details\">\r\n                <h3 class=\"entry-title td-module-title\"><a href=\"https:\/\/www.africa-press.net\/senegal\/toutes-les-actualites\/le-fardier-precurseur-de-lautomobile\" rel=\"bookmark\" title=\"Le Fardier, pr\u00e9curseur de l\u2019automobile\">Le Fardier, pr\u00e9curseur de l\u2019automobile<\/a><\/h3>\r\n                <div class=\"td-module-meta-info\">\r\n                                                            <span class=\"td-post-date\"><time class=\"entry-date updated td-module-date\" datetime=\"2026-03-31T12:06:00+00:00\" >2026-03-31<\/time><\/span>                                    <\/div>\r\n            <\/div>\r\n\r\n            \r\n        <\/div>\r\n\r\n        \n\t<\/div> <!-- .\/td-block-span12 -->\n\n\t<div class=\"td-block-span12\">\n\r\n        <div class=\"td_module_8 td_module_wrap\">\r\n\r\n            <div class=\"item-details\">\r\n                <h3 class=\"entry-title td-module-title\"><a href=\"https:\/\/www.africa-press.net\/senegal\/toutes-les-actualites\/wikipedia-a-25-ans-lavenir-face-a-lia\" rel=\"bookmark\" title=\"Wikipe\u0301dia A\u0300 25 Ans: L\u2019Avenir Face A\u0300 L\u2019IA\">Wikipe\u0301dia A\u0300 25 Ans: L\u2019Avenir Face A\u0300 L\u2019IA<\/a><\/h3>\r\n                <div class=\"td-module-meta-info\">\r\n                                                            <span class=\"td-post-date\"><time class=\"entry-date updated td-module-date\" datetime=\"2026-03-31T12:04:00+00:00\" >2026-03-31<\/time><\/span>                                    <\/div>\r\n            <\/div>\r\n\r\n            \r\n        <\/div>\r\n\r\n        \n\t<\/div> <!-- .\/td-block-span12 -->\n\n\t<div class=\"td-block-span12\">\n\r\n        <div class=\"td_module_8 td_module_wrap\">\r\n\r\n            <div class=\"item-details\">\r\n                <h3 class=\"entry-title td-module-title\"><a href=\"https:\/\/www.africa-press.net\/senegal\/toutes-les-actualites\/box-internet-fibre-la-tres-haute-vitesse-et-nos-usages\" rel=\"bookmark\" title=\"Box Internet Fibre: La Tre\u0300s Haute Vitesse et Nos Usages\">Box Internet Fibre: La Tre\u0300s Haute Vitesse et Nos Usages<\/a><\/h3>\r\n                <div class=\"td-module-meta-info\">\r\n                                                            <span class=\"td-post-date\"><time class=\"entry-date updated td-module-date\" datetime=\"2026-03-31T12:02:00+00:00\" >2026-03-31<\/time><\/span>                                    <\/div>\r\n            <\/div>\r\n\r\n            \r\n        <\/div>\r\n\r\n        \n\t<\/div> <!-- .\/td-block-span12 -->\n\n\t<div class=\"td-block-span12\">\n\r\n        <div class=\"td_module_8 td_module_wrap\">\r\n\r\n            <div class=\"item-details\">\r\n                <h3 class=\"entry-title td-module-title\"><a href=\"https:\/\/www.africa-press.net\/senegal\/toutes-les-actualites\/ia-identifie-mutations-genetiques-de-maladies-rares-2\" rel=\"bookmark\" title=\"IA Identifie Mutations G\u00e9n\u00e9tiques de Maladies Rares\">IA Identifie Mutations G\u00e9n\u00e9tiques de Maladies Rares<\/a><\/h3>\r\n                <div class=\"td-module-meta-info\">\r\n                                                            <span class=\"td-post-date\"><time class=\"entry-date updated td-module-date\" datetime=\"2026-03-31T12:00:00+00:00\" >2026-03-31<\/time><\/span>                                    <\/div>\r\n            <\/div>\r\n\r\n            \r\n        <\/div>\r\n\r\n        \n\t<\/div> <!-- .\/td-block-span12 -->\n\n\t<div class=\"td-block-span12\">\n\r\n        <div class=\"td_module_8 td_module_wrap\">\r\n\r\n            <div class=\"item-details\">\r\n                <h3 class=\"entry-title td-module-title\"><a href=\"https:\/\/www.africa-press.net\/senegal\/toutes-les-actualites\/chatgpt-et-sante-mentale-un-chatbot-ne-remplace-pas-lhumain\" rel=\"bookmark\" title=\"ChatGPT Et Sante\u0301 Mentale: Un Chatbot Ne Remplace Pas L\u2019Humain\">ChatGPT Et Sante\u0301 Mentale: Un Chatbot Ne Remplace Pas L\u2019Humain<\/a><\/h3>\r\n                <div class=\"td-module-meta-info\">\r\n                                                            <span class=\"td-post-date\"><time class=\"entry-date updated td-module-date\" datetime=\"2026-03-29T12:10:00+00:00\" >2026-03-29<\/time><\/span>                                    <\/div>\r\n            <\/div>\r\n\r\n            \r\n        <\/div>\r\n\r\n        \n\t<\/div> <!-- .\/td-block-span12 -->\n\n\t<div class=\"td-block-span12\">\n\r\n        <div class=\"td_module_8 td_module_wrap\">\r\n\r\n            <div class=\"item-details\">\r\n                <h3 class=\"entry-title td-module-title\"><a href=\"https:\/\/www.africa-press.net\/senegal\/toutes-les-actualites\/voici-le-robot-autonome-le-plus-petit-du-monde\" rel=\"bookmark\" title=\"Voici le robot autonome le plus petit du monde\">Voici le robot autonome le plus petit du monde<\/a><\/h3>\r\n                <div class=\"td-module-meta-info\">\r\n                                                            <span class=\"td-post-date\"><time class=\"entry-date updated td-module-date\" datetime=\"2026-03-29T12:08:00+00:00\" >2026-03-29<\/time><\/span>                                    <\/div>\r\n            <\/div>\r\n\r\n            \r\n        <\/div>\r\n\r\n        \n\t<\/div> <!-- .\/td-block-span12 -->\n\n\t<div class=\"td-block-span12\">\n\r\n        <div class=\"td_module_8 td_module_wrap\">\r\n\r\n            <div class=\"item-details\">\r\n                <h3 class=\"entry-title td-module-title\"><a href=\"https:\/\/www.africa-press.net\/senegal\/toutes-les-actualites\/municipales-2026-desinformation-limitee-malgre-ia\" rel=\"bookmark\" title=\"Municipales 2026: De\u0301sinformation Limite\u0301e Malgre\u0301 IA\">Municipales 2026: De\u0301sinformation Limite\u0301e Malgre\u0301 IA<\/a><\/h3>\r\n                <div class=\"td-module-meta-info\">\r\n                                                            <span class=\"td-post-date\"><time class=\"entry-date updated td-module-date\" datetime=\"2026-03-28T12:20:00+00:00\" >2026-03-28<\/time><\/span>                                    <\/div>\r\n            <\/div>\r\n\r\n            \r\n        <\/div>\r\n\r\n        \n\t<\/div> <!-- .\/td-block-span12 -->\n\n\t<div class=\"td-block-span12\">\n\r\n        <div class=\"td_module_8 td_module_wrap\">\r\n\r\n            <div class=\"item-details\">\r\n                <h3 class=\"entry-title td-module-title\"><a href=\"https:\/\/www.africa-press.net\/senegal\/toutes-les-actualites\/drones-lintelligence-artificielle-a-loffensive\" rel=\"bookmark\" title=\"Drones: L\u2019Intelligence Artificielle A\u0300 L\u2019Offensive\">Drones: L\u2019Intelligence Artificielle A\u0300 L\u2019Offensive<\/a><\/h3>\r\n                <div class=\"td-module-meta-info\">\r\n                                                            <span class=\"td-post-date\"><time class=\"entry-date updated td-module-date\" datetime=\"2026-03-28T12:18:00+00:00\" >2026-03-28<\/time><\/span>                                    <\/div>\r\n            <\/div>\r\n\r\n            \r\n        <\/div>\r\n\r\n        \n\t<\/div> <!-- .\/td-block-span12 -->\n\n\t<div class=\"td-block-span12\">\n\r\n        <div class=\"td_module_8 td_module_wrap\">\r\n\r\n            <div class=\"item-details\">\r\n                <h3 class=\"entry-title td-module-title\"><a href=\"https:\/\/www.africa-press.net\/senegal\/toutes-les-actualites\/guide-pour-choisir-son-equipement-pc-gaming\" rel=\"bookmark\" title=\"Guide Pour Choisir Son \u00c9quipement PC Gaming\">Guide Pour Choisir Son \u00c9quipement PC Gaming<\/a><\/h3>\r\n                <div class=\"td-module-meta-info\">\r\n                                                            <span class=\"td-post-date\"><time class=\"entry-date updated td-module-date\" datetime=\"2026-03-28T12:16:00+00:00\" >2026-03-28<\/time><\/span>                                    <\/div>\r\n            <\/div>\r\n\r\n            \r\n        <\/div>\r\n\r\n        \n\t<\/div> <!-- .\/td-block-span12 -->\n\n\t<div class=\"td-block-span12\">\n\r\n        <div class=\"td_module_8 td_module_wrap\">\r\n\r\n            <div class=\"item-details\">\r\n                <h3 class=\"entry-title td-module-title\"><a href=\"https:\/\/www.africa-press.net\/senegal\/toutes-les-actualites\/australie-menace-les-geants-numeriques-pour-enfants\" rel=\"bookmark\" title=\"Australie Menace Les G\u00e9ants Num\u00e9riques Pour Enfants\">Australie Menace Les G\u00e9ants Num\u00e9riques Pour Enfants<\/a><\/h3>\r\n                <div class=\"td-module-meta-info\">\r\n                                                            <span class=\"td-post-date\"><time class=\"entry-date updated td-module-date\" datetime=\"2026-03-28T12:14:00+00:00\" >2026-03-28<\/time><\/span>                                    <\/div>\r\n            <\/div>\r\n\r\n            \r\n        <\/div>\r\n\r\n        \n\t<\/div> <!-- .\/td-block-span12 -->\n\n\t<div class=\"td-block-span12\">\n\r\n        <div class=\"td_module_8 td_module_wrap\">\r\n\r\n            <div class=\"item-details\">\r\n                <h3 class=\"entry-title td-module-title\"><a href=\"https:\/\/www.africa-press.net\/senegal\/toutes-les-actualites\/du-garage-au-geant-de-la-technologie-apple-fete-ses-50-ans\" rel=\"bookmark\" title=\"Du Garage Au G\u00e9ant De La Technologie Apple F\u00eate Ses 50 Ans\">Du Garage Au G\u00e9ant De La Technologie Apple F\u00eate Ses 50 Ans<\/a><\/h3>\r\n                <div class=\"td-module-meta-info\">\r\n                                                            <span class=\"td-post-date\"><time class=\"entry-date updated td-module-date\" datetime=\"2026-03-28T12:12:00+00:00\" >2026-03-28<\/time><\/span>                                    <\/div>\r\n            <\/div>\r\n\r\n            \r\n        <\/div>\r\n\r\n        \n\t<\/div> <!-- .\/td-block-span12 -->\n\n\t<div class=\"td-block-span12\">\n\r\n        <div class=\"td_module_8 td_module_wrap\">\r\n\r\n            <div class=\"item-details\">\r\n                <h3 class=\"entry-title td-module-title\"><a href=\"https:\/\/www.africa-press.net\/senegal\/toutes-les-actualites\/mentez-sur-internet-dejouer-la-manipulation-numerique\" rel=\"bookmark\" title=\"Mentez Sur Internet D\u00e9jouer La Manipulation Num\u00e9rique\">Mentez Sur Internet D\u00e9jouer La Manipulation Num\u00e9rique<\/a><\/h3>\r\n                <div class=\"td-module-meta-info\">\r\n                                                            <span class=\"td-post-date\"><time class=\"entry-date updated td-module-date\" datetime=\"2026-03-27T12:38:00+00:00\" >2026-03-27<\/time><\/span>                                    <\/div>\r\n            <\/div>\r\n\r\n            \r\n        <\/div>\r\n\r\n        \n\t<\/div> <!-- .\/td-block-span12 -->\n\n\t<div class=\"td-block-span12\">\n\r\n        <div class=\"td_module_8 td_module_wrap\">\r\n\r\n            <div class=\"item-details\">\r\n                <h3 class=\"entry-title td-module-title\"><a href=\"https:\/\/www.africa-press.net\/senegal\/toutes-les-actualites\/explosion-des-smartphones-doccasion-et-ecologie\" rel=\"bookmark\" title=\"Explosion Des Smartphones D\u2019Occasion Et \u00c9cologie\">Explosion Des Smartphones D\u2019Occasion Et \u00c9cologie<\/a><\/h3>\r\n                <div class=\"td-module-meta-info\">\r\n                                                            <span class=\"td-post-date\"><time class=\"entry-date updated td-module-date\" datetime=\"2026-03-27T12:36:00+00:00\" >2026-03-27<\/time><\/span>                                    <\/div>\r\n            <\/div>\r\n\r\n            \r\n        <\/div>\r\n\r\n        \n\t<\/div> <!-- .\/td-block-span12 -->\n\n\t<div class=\"td-block-span12\">\n\r\n        <div class=\"td_module_8 td_module_wrap\">\r\n\r\n            <div class=\"item-details\">\r\n                <h3 class=\"entry-title td-module-title\"><a href=\"https:\/\/www.africa-press.net\/senegal\/toutes-les-actualites\/enfants-finlandais-traversent-la-baltique-en-aeroglisseur\" rel=\"bookmark\" title=\"Enfants Finlandais Traversent la Baltique en A\u00e9roglisseur\">Enfants Finlandais Traversent la Baltique en A\u00e9roglisseur<\/a><\/h3>\r\n                <div class=\"td-module-meta-info\">\r\n                                                            <span class=\"td-post-date\"><time class=\"entry-date updated td-module-date\" datetime=\"2026-03-27T12:34:00+00:00\" >2026-03-27<\/time><\/span>                                    <\/div>\r\n            <\/div>\r\n\r\n            \r\n        <\/div>\r\n\r\n        \n\t<\/div> <!-- .\/td-block-span12 -->\n\n\t<div class=\"td-block-span12\">\n\r\n        <div class=\"td_module_8 td_module_wrap\">\r\n\r\n            <div class=\"item-details\">\r\n                <h3 class=\"entry-title td-module-title\"><a href=\"https:\/\/www.africa-press.net\/senegal\/toutes-les-actualites\/ia-comme-monstre-de-frankenstein-rapport-viral\" rel=\"bookmark\" title=\"IA Comme Monstre de Frankenstein: Rapport Viral\">IA Comme Monstre de Frankenstein: Rapport Viral<\/a><\/h3>\r\n                <div class=\"td-module-meta-info\">\r\n                                                            <span class=\"td-post-date\"><time class=\"entry-date updated td-module-date\" datetime=\"2026-03-27T12:32:00+00:00\" >2026-03-27<\/time><\/span>                                    <\/div>\r\n            <\/div>\r\n\r\n            \r\n        <\/div>\r\n\r\n        \n\t<\/div> <!-- .\/td-block-span12 -->\n\n\t<div class=\"td-block-span12\">\n\r\n        <div class=\"td_module_8 td_module_wrap\">\r\n\r\n            <div class=\"item-details\">\r\n                <h3 class=\"entry-title td-module-title\"><a href=\"https:\/\/www.africa-press.net\/senegal\/toutes-les-actualites\/mercedes-bmw-stellantis-abandonnent-aides-autonomes\" rel=\"bookmark\" title=\"Mercedes BMW Stellantis Abandonnent Aides Autonomes\">Mercedes BMW Stellantis Abandonnent Aides Autonomes<\/a><\/h3>\r\n                <div class=\"td-module-meta-info\">\r\n                                                            <span class=\"td-post-date\"><time class=\"entry-date updated td-module-date\" datetime=\"2026-03-27T12:30:00+00:00\" >2026-03-27<\/time><\/span>                                    <\/div>\r\n            <\/div>\r\n\r\n            \r\n        <\/div>\r\n\r\n        \n\t<\/div> <!-- .\/td-block-span12 -->\n\n\t<div class=\"td-block-span12\">\n\r\n        <div class=\"td_module_8 td_module_wrap\">\r\n\r\n            <div class=\"item-details\">\r\n                <h3 class=\"entry-title td-module-title\"><a href=\"https:\/\/www.africa-press.net\/senegal\/toutes-les-actualites\/architectes-de-lia-elus-personnalites-de-lannee-2025\" rel=\"bookmark\" title=\"Architectes De L\u2019IA \u00c9lus Personnalit\u00e9s De L\u2019Ann\u00e9e 2025\">Architectes De L\u2019IA \u00c9lus Personnalit\u00e9s De L\u2019Ann\u00e9e 2025<\/a><\/h3>\r\n                <div class=\"td-module-meta-info\">\r\n                                                            <span class=\"td-post-date\"><time class=\"entry-date updated td-module-date\" datetime=\"2026-03-27T12:28:00+00:00\" >2026-03-27<\/time><\/span>                                    <\/div>\r\n            <\/div>\r\n\r\n            \r\n        <\/div>\r\n\r\n        \n\t<\/div> <!-- .\/td-block-span12 -->\n\n\t<div class=\"td-block-span12\">\n\r\n        <div class=\"td_module_8 td_module_wrap\">\r\n\r\n            <div class=\"item-details\">\r\n                <h3 class=\"entry-title td-module-title\"><a href=\"https:\/\/www.africa-press.net\/senegal\/toutes-les-actualites\/lia-en-proie-a-un-abrutissement\" rel=\"bookmark\" title=\"L\u2019IA en proie \u00e0 un \u00ab abrutissement \u00bb\">L\u2019IA en proie \u00e0 un \u00ab abrutissement \u00bb<\/a><\/h3>\r\n                <div class=\"td-module-meta-info\">\r\n                                                            <span class=\"td-post-date\"><time class=\"entry-date updated td-module-date\" datetime=\"2026-03-27T12:26:00+00:00\" >2026-03-27<\/time><\/span>                                    <\/div>\r\n            <\/div>\r\n\r\n            \r\n        <\/div>\r\n\r\n        \n\t<\/div> <!-- .\/td-block-span12 -->\n\n\t<div class=\"td-block-span12\">\n\r\n        <div class=\"td_module_8 td_module_wrap\">\r\n\r\n            <div class=\"item-details\">\r\n                <h3 class=\"entry-title td-module-title\"><a href=\"https:\/\/www.africa-press.net\/senegal\/toutes-les-actualites\/chronique-lethique-de-lia-selon-saint-musk\" rel=\"bookmark\" title=\"CHRONIQUE. L\u2019\u00e9thique de l\u2019IA selon Saint Musk\">CHRONIQUE. L\u2019\u00e9thique de l\u2019IA selon Saint Musk<\/a><\/h3>\r\n                <div class=\"td-module-meta-info\">\r\n                                                            <span class=\"td-post-date\"><time class=\"entry-date updated td-module-date\" datetime=\"2026-03-27T12:24:00+00:00\" >2026-03-27<\/time><\/span>                                    <\/div>\r\n            <\/div>\r\n\r\n            \r\n        <\/div>\r\n\r\n        \n\t<\/div> <!-- .\/td-block-span12 -->\n\n\t<div class=\"td-block-span12\">\n\r\n        <div class=\"td_module_8 td_module_wrap\">\r\n\r\n            <div class=\"item-details\">\r\n                <h3 class=\"entry-title td-module-title\"><a href=\"https:\/\/www.africa-press.net\/senegal\/toutes-les-actualites\/cachalots-utilisent-des-coups-de-tete-selon-drone\" rel=\"bookmark\" title=\"Cachalots Utilisent des Coups de T\u00eate Selon Drone\">Cachalots Utilisent des Coups de T\u00eate Selon Drone<\/a><\/h3>\r\n                <div class=\"td-module-meta-info\">\r\n                                                            <span class=\"td-post-date\"><time class=\"entry-date updated td-module-date\" datetime=\"2026-03-27T12:22:00+00:00\" >2026-03-27<\/time><\/span>                                    <\/div>\r\n            <\/div>\r\n\r\n            \r\n        <\/div>\r\n\r\n        \n\t<\/div> <!-- .\/td-block-span12 -->\n\n\t<div class=\"td-block-span12\">\n\r\n        <div class=\"td_module_8 td_module_wrap\">\r\n\r\n            <div class=\"item-details\">\r\n                <h3 class=\"entry-title td-module-title\"><a href=\"https:\/\/www.africa-press.net\/senegal\/toutes-les-actualites\/amazon-utilise-lia-pour-la-production-televisuelle\" rel=\"bookmark\" title=\"Amazon Utilise l\u2019IA Pour La Production T\u00e9l\u00e9visuelle\">Amazon Utilise l\u2019IA Pour La Production T\u00e9l\u00e9visuelle<\/a><\/h3>\r\n                <div class=\"td-module-meta-info\">\r\n                                                            <span class=\"td-post-date\"><time class=\"entry-date updated td-module-date\" datetime=\"2026-03-26T12:44:00+00:00\" >2026-03-26<\/time><\/span>                                    <\/div>\r\n            <\/div>\r\n\r\n            \r\n        <\/div>\r\n\r\n        \n\t<\/div> <!-- .\/td-block-span12 -->\n\n\t<div class=\"td-block-span12\">\n\r\n        <div class=\"td_module_8 td_module_wrap\">\r\n\r\n            <div class=\"item-details\">\r\n                <h3 class=\"entry-title td-module-title\"><a href=\"https:\/\/www.africa-press.net\/senegal\/toutes-les-actualites\/les-ours-bruns-dalaska-reconnus-un-par-un-par-ia\" rel=\"bookmark\" title=\"Les ours bruns d\u2019Alaska reconnus un par un par IA\">Les ours bruns d\u2019Alaska reconnus un par un par IA<\/a><\/h3>\r\n                <div class=\"td-module-meta-info\">\r\n                                                            <span class=\"td-post-date\"><time class=\"entry-date updated td-module-date\" datetime=\"2026-03-26T12:42:00+00:00\" >2026-03-26<\/time><\/span>                                    <\/div>\r\n            <\/div>\r\n\r\n            \r\n        <\/div>\r\n\r\n        \n\t<\/div> <!-- .\/td-block-span12 -->\n\n\t<div class=\"td-block-span12\">\n\r\n        <div class=\"td_module_8 td_module_wrap\">\r\n\r\n            <div class=\"item-details\">\r\n                <h3 class=\"entry-title td-module-title\"><a href=\"https:\/\/www.africa-press.net\/senegal\/toutes-les-actualites\/pentagone-choisit-openai-apres-avoir-ecarte-anthropic\" rel=\"bookmark\" title=\"Pentagone Choisit OpenAI Apr\u00e8s Avoir \u00c9cart\u00e9 Anthropic\">Pentagone Choisit OpenAI Apr\u00e8s Avoir \u00c9cart\u00e9 Anthropic<\/a><\/h3>\r\n                <div class=\"td-module-meta-info\">\r\n                                                            <span class=\"td-post-date\"><time class=\"entry-date updated td-module-date\" datetime=\"2026-03-26T12:40:00+00:00\" >2026-03-26<\/time><\/span>                                    <\/div>\r\n            <\/div>\r\n\r\n            \r\n        <\/div>\r\n\r\n        \n\t<\/div> <!-- .\/td-block-span12 -->\n\n\t<div class=\"td-block-span12\">\n\r\n        <div class=\"td_module_8 td_module_wrap\">\r\n\r\n            <div class=\"item-details\">\r\n                <h3 class=\"entry-title td-module-title\"><a href=\"https:\/\/www.africa-press.net\/senegal\/toutes-les-actualites\/interdiction-des-reseaux-sociaux-pour-moins-de-15-ans\" rel=\"bookmark\" title=\"Interdiction des R\u00e9seaux Sociaux Pour Moins de 15 Ans\">Interdiction des R\u00e9seaux Sociaux Pour Moins de 15 Ans<\/a><\/h3>\r\n                <div class=\"td-module-meta-info\">\r\n                                                            <span class=\"td-post-date\"><time class=\"entry-date updated td-module-date\" datetime=\"2026-03-25T12:52:00+00:00\" >2026-03-25<\/time><\/span>                                    <\/div>\r\n            <\/div>\r\n\r\n            \r\n        <\/div>\r\n\r\n        \n\t<\/div> <!-- .\/td-block-span12 -->\n\n\t<div class=\"td-block-span12\">\n\r\n        <div class=\"td_module_8 td_module_wrap\">\r\n\r\n            <div class=\"item-details\">\r\n                <h3 class=\"entry-title td-module-title\"><a href=\"https:\/\/www.africa-press.net\/senegal\/toutes-les-actualites\/cybermenace-2025-annee-des-premieres-attaques-par-lia\" rel=\"bookmark\" title=\"Cybermenace: 2025, Anne\u0301e des Premie\u0300res Attaques par l\u2019IA\">Cybermenace: 2025, Anne\u0301e des Premie\u0300res Attaques par l\u2019IA<\/a><\/h3>\r\n                <div class=\"td-module-meta-info\">\r\n                                                            <span class=\"td-post-date\"><time class=\"entry-date updated td-module-date\" datetime=\"2026-03-25T12:50:00+00:00\" >2026-03-25<\/time><\/span>                                    <\/div>\r\n            <\/div>\r\n\r\n            \r\n        <\/div>\r\n\r\n        \n\t<\/div> <!-- .\/td-block-span12 -->\n\n\t<div class=\"td-block-span12\">\n\r\n        <div class=\"td_module_8 td_module_wrap\">\r\n\r\n            <div class=\"item-details\">\r\n                <h3 class=\"entry-title td-module-title\"><a href=\"https:\/\/www.africa-press.net\/senegal\/toutes-les-actualites\/la-fin-du-web-quand-lia-remodele-internet\" rel=\"bookmark\" title=\"La Fin Du Web Quand L\u2019IA Remod\u00e8le Internet\">La Fin Du Web Quand L\u2019IA Remod\u00e8le Internet<\/a><\/h3>\r\n                <div class=\"td-module-meta-info\">\r\n                                                            <span class=\"td-post-date\"><time class=\"entry-date updated td-module-date\" datetime=\"2026-03-25T12:48:00+00:00\" >2026-03-25<\/time><\/span>                                    <\/div>\r\n            <\/div>\r\n\r\n            \r\n        <\/div>\r\n\r\n        \n\t<\/div> <!-- .\/td-block-span12 -->\n\n\t<div class=\"td-block-span12\">\n\r\n        <div class=\"td_module_8 td_module_wrap\">\r\n\r\n            <div class=\"item-details\">\r\n                <h3 class=\"entry-title td-module-title\"><a href=\"https:\/\/www.africa-press.net\/senegal\/toutes-les-actualites\/touche-pas-a-ma-vf-comediens-de-doublage-et-ia\" rel=\"bookmark\" title=\"Touche Pas A\u0300 Ma VF: Come\u0301diens de Doublage et IA\">Touche Pas A\u0300 Ma VF: Come\u0301diens de Doublage et IA<\/a><\/h3>\r\n                <div class=\"td-module-meta-info\">\r\n                                                            <span class=\"td-post-date\"><time class=\"entry-date updated td-module-date\" datetime=\"2026-03-25T12:46:00+00:00\" >2026-03-25<\/time><\/span>                                    <\/div>\r\n            <\/div>\r\n\r\n            \r\n        <\/div>\r\n\r\n        \n\t<\/div> <!-- .\/td-block-span12 -->\n\n\t<div class=\"td-block-span12\">\n\r\n        <div class=\"td_module_8 td_module_wrap\">\r\n\r\n            <div class=\"item-details\">\r\n                <h3 class=\"entry-title td-module-title\"><a href=\"https:\/\/www.africa-press.net\/senegal\/toutes-les-actualites\/tempete-solaire-et-risques-pour-artemis-ii\" rel=\"bookmark\" title=\"Temp\u00eate Solaire et Risques pour Artemis II\">Temp\u00eate Solaire et Risques pour Artemis II<\/a><\/h3>\r\n                <div class=\"td-module-meta-info\">\r\n                                                            <span class=\"td-post-date\"><time class=\"entry-date updated td-module-date\" datetime=\"2026-03-24T13:04:00+00:00\" >2026-03-24<\/time><\/span>                                    <\/div>\r\n            <\/div>\r\n\r\n            \r\n        <\/div>\r\n\r\n        \n\t<\/div> <!-- .\/td-block-span12 -->\n\n\t<div class=\"td-block-span12\">\n\r\n        <div class=\"td_module_8 td_module_wrap\">\r\n\r\n            <div class=\"item-details\">\r\n                <h3 class=\"entry-title td-module-title\"><a href=\"https:\/\/www.africa-press.net\/senegal\/toutes-les-actualites\/robot-humanoide-gonflable-changeant-de-taille-2\" rel=\"bookmark\" title=\"Robot Humano\u00efde Gonflable Changeant de Taille\">Robot Humano\u00efde Gonflable Changeant de Taille<\/a><\/h3>\r\n                <div class=\"td-module-meta-info\">\r\n                                                            <span class=\"td-post-date\"><time class=\"entry-date updated td-module-date\" datetime=\"2026-03-24T13:02:00+00:00\" >2026-03-24<\/time><\/span>                                    <\/div>\r\n            <\/div>\r\n\r\n            \r\n        <\/div>\r\n\r\n        \n\t<\/div> <!-- .\/td-block-span12 -->\n\n\t<div class=\"td-block-span12\">\n\r\n        <div class=\"td_module_8 td_module_wrap\">\r\n\r\n            <div class=\"item-details\">\r\n                <h3 class=\"entry-title td-module-title\"><a href=\"https:\/\/www.africa-press.net\/senegal\/toutes-les-actualites\/ia-evalue-votre-risque-de-maladies-pendant-votre-sommeil-2\" rel=\"bookmark\" title=\"IA \u00c9value Votre Risque De Maladies Pendant Votre Sommeil\">IA \u00c9value Votre Risque De Maladies Pendant Votre Sommeil<\/a><\/h3>\r\n                <div class=\"td-module-meta-info\">\r\n                                                            <span class=\"td-post-date\"><time class=\"entry-date updated td-module-date\" datetime=\"2026-03-24T13:00:00+00:00\" >2026-03-24<\/time><\/span>                                    <\/div>\r\n            <\/div>\r\n\r\n            \r\n        <\/div>\r\n\r\n        \n\t<\/div> <!-- .\/td-block-span12 -->\n\n\t<div class=\"td-block-span12\">\n\r\n        <div class=\"td_module_8 td_module_wrap\">\r\n\r\n            <div class=\"item-details\">\r\n                <h3 class=\"entry-title td-module-title\"><a href=\"https:\/\/www.africa-press.net\/senegal\/toutes-les-actualites\/nvidia-lance-des-puces-pour-centres-de-donnees-spatiaux\" rel=\"bookmark\" title=\"Nvidia Lance Des Puces Pour Centres De Donn\u00e9es Spatiaux\">Nvidia Lance Des Puces Pour Centres De Donn\u00e9es Spatiaux<\/a><\/h3>\r\n                <div class=\"td-module-meta-info\">\r\n                                                            <span class=\"td-post-date\"><time class=\"entry-date updated td-module-date\" datetime=\"2026-03-24T12:58:00+00:00\" >2026-03-24<\/time><\/span>                                    <\/div>\r\n            <\/div>\r\n\r\n            \r\n        <\/div>\r\n\r\n        \n\t<\/div> <!-- .\/td-block-span12 -->\n\n\t<div class=\"td-block-span12\">\n\r\n        <div class=\"td_module_8 td_module_wrap\">\r\n\r\n            <div class=\"item-details\">\r\n                <h3 class=\"entry-title td-module-title\"><a href=\"https:\/\/www.africa-press.net\/senegal\/toutes-les-actualites\/de-fille-dagriculteurs-a-pionniere-du-gps\" rel=\"bookmark\" title=\"De Fille D\u2019Agriculteurs \u00c0 Pionni\u00e8re Du GPS\">De Fille D\u2019Agriculteurs \u00c0 Pionni\u00e8re Du GPS<\/a><\/h3>\r\n                <div class=\"td-module-meta-info\">\r\n                                                            <span class=\"td-post-date\"><time class=\"entry-date updated td-module-date\" datetime=\"2026-03-24T12:56:00+00:00\" >2026-03-24<\/time><\/span>                                    <\/div>\r\n            <\/div>\r\n\r\n            \r\n        <\/div>\r\n\r\n        \n\t<\/div> <!-- .\/td-block-span12 -->\n\n\t<div class=\"td-block-span12\">\n\r\n        <div class=\"td_module_8 td_module_wrap\">\r\n\r\n            <div class=\"item-details\">\r\n                <h3 class=\"entry-title td-module-title\"><a href=\"https:\/\/www.africa-press.net\/senegal\/toutes-les-actualites\/municipales-le-velo-a-trouve-des-ailes-en-six-ans\" rel=\"bookmark\" title=\"Municipales: Le Ve\u0301lo A Trouve\u0301 Des Ailes En Six Ans\">Municipales: Le Ve\u0301lo A Trouve\u0301 Des Ailes En Six Ans<\/a><\/h3>\r\n                <div class=\"td-module-meta-info\">\r\n                                                            <span class=\"td-post-date\"><time class=\"entry-date updated td-module-date\" datetime=\"2026-03-24T12:54:00+00:00\" >2026-03-24<\/time><\/span>                                    <\/div>\r\n            <\/div>\r\n\r\n            \r\n        <\/div>\r\n\r\n        \n\t<\/div> <!-- .\/td-block-span12 -->\n\n\t<div class=\"td-block-span12\">\n\r\n        <div class=\"td_module_8 td_module_wrap\">\r\n\r\n            <div class=\"item-details\">\r\n                <h3 class=\"entry-title td-module-title\"><a href=\"https:\/\/www.africa-press.net\/senegal\/toutes-les-actualites\/nasa-suspend-son-projet-gateway-pour-une-base-lunaire\" rel=\"bookmark\" title=\"NASA Suspend Son Projet Gateway Pour Une Base Lunaire\">NASA Suspend Son Projet Gateway Pour Une Base Lunaire<\/a><\/h3>\r\n                <div class=\"td-module-meta-info\">\r\n                                                            <span class=\"td-post-date\"><time class=\"entry-date updated td-module-date\" datetime=\"2026-03-23T13:20:00+00:00\" >2026-03-23<\/time><\/span>                                    <\/div>\r\n            <\/div>\r\n\r\n            \r\n        <\/div>\r\n\r\n        \n\t<\/div> <!-- .\/td-block-span12 -->\n\n\t<div class=\"td-block-span12\">\n\r\n        <div class=\"td_module_8 td_module_wrap\">\r\n\r\n            <div class=\"item-details\">\r\n                <h3 class=\"entry-title td-module-title\"><a href=\"https:\/\/www.africa-press.net\/senegal\/toutes-les-actualites\/trio-de-planetes-a-observer-en-avril-2026-a-la-reunion\" rel=\"bookmark\" title=\"Trio de Plan\u00e8tes \u00e0 Observer en Avril 2026 \u00e0 La R\u00e9union\">Trio de Plan\u00e8tes \u00e0 Observer en Avril 2026 \u00e0 La R\u00e9union<\/a><\/h3>\r\n                <div class=\"td-module-meta-info\">\r\n                                                            <span class=\"td-post-date\"><time class=\"entry-date updated td-module-date\" datetime=\"2026-03-23T13:18:00+00:00\" >2026-03-23<\/time><\/span>                                    <\/div>\r\n            <\/div>\r\n\r\n            \r\n        <\/div>\r\n\r\n        \n\t<\/div> <!-- .\/td-block-span12 -->\n\n\t<div class=\"td-block-span12\">\n\r\n        <div class=\"td_module_8 td_module_wrap\">\r\n\r\n            <div class=\"item-details\">\r\n                <h3 class=\"entry-title td-module-title\"><a href=\"https:\/\/www.africa-press.net\/senegal\/toutes-les-actualites\/moscou-relance-les-lancements-depuis-baikonour-endommage\" rel=\"bookmark\" title=\"Moscou Relance Les Lancements Depuis Ba\u00efkonour Endommag\u00e9\">Moscou Relance Les Lancements Depuis Ba\u00efkonour Endommag\u00e9<\/a><\/h3>\r\n                <div class=\"td-module-meta-info\">\r\n                                                            <span class=\"td-post-date\"><time class=\"entry-date updated td-module-date\" datetime=\"2026-03-23T13:16:00+00:00\" >2026-03-23<\/time><\/span>                                    <\/div>\r\n            <\/div>\r\n\r\n            \r\n        <\/div>\r\n\r\n        \n\t<\/div> <!-- .\/td-block-span12 -->\n\n\t<div class=\"td-block-span12\">\n\r\n        <div class=\"td_module_8 td_module_wrap\">\r\n\r\n            <div class=\"item-details\">\r\n                <h3 class=\"entry-title td-module-title\"><a href=\"https:\/\/www.africa-press.net\/senegal\/toutes-les-actualites\/decouverte-dune-exoplanete-unique-par-le-telescope-webb\" rel=\"bookmark\" title=\"D\u00e9couverte d\u2019une Exoplan\u00e8te Unique par le T\u00e9lescope Webb\">D\u00e9couverte d\u2019une Exoplan\u00e8te Unique par le T\u00e9lescope Webb<\/a><\/h3>\r\n                <div class=\"td-module-meta-info\">\r\n                                                            <span class=\"td-post-date\"><time class=\"entry-date updated td-module-date\" datetime=\"2026-03-23T13:14:00+00:00\" >2026-03-23<\/time><\/span>                                    <\/div>\r\n            <\/div>\r\n\r\n            \r\n        <\/div>\r\n\r\n        \n\t<\/div> <!-- .\/td-block-span12 -->\n\n\t<div class=\"td-block-span12\">\n\r\n        <div class=\"td_module_8 td_module_wrap\">\r\n\r\n            <div class=\"item-details\">\r\n                <h3 class=\"entry-title td-module-title\"><a href=\"https:\/\/www.africa-press.net\/senegal\/toutes-les-actualites\/une-vie-possible-dans-lombre-radioactive-deurope\" rel=\"bookmark\" title=\"Une vie possible dans l\u2019ombre radioactive d\u2019Europe\">Une vie possible dans l\u2019ombre radioactive d\u2019Europe<\/a><\/h3>\r\n                <div class=\"td-module-meta-info\">\r\n                                                            <span class=\"td-post-date\"><time class=\"entry-date updated td-module-date\" datetime=\"2026-03-23T13:12:00+00:00\" >2026-03-23<\/time><\/span>                                    <\/div>\r\n            <\/div>\r\n\r\n            \r\n        <\/div>\r\n\r\n        \n\t<\/div> <!-- .\/td-block-span12 --><\/div><\/div> <!-- .\/block --><\/div><\/div><\/div><\/div><div id=\"td_uid_25_69f4ba950cc5d\" class=\"tdc-row\"><div class=\"vc_row vc_custom_1506947545730 td_uid_48_69f4ba950cc66_rand user-select wpb_row td-pb-row\" >\n<style scoped>\n\n\/* tdc_composer_block - inline css att *\/\n.vc_custom_1506947545730{border-top-width: 5px !important;border-right-width: 5px !important;border-bottom-width: 5px !important;border-left-width: 5px !important;border-left-color: #1e612a !important;border-left-style: solid !important;border-right-color: #1e612a !important;border-right-style: solid !important;border-top-color: #1e612a !important;border-top-style: solid !important;border-bottom-color: #1e612a !important;border-bottom-style: solid !important;}\n\/* custom css *\/\n.td_uid_48_69f4ba950cc66_rand {\r\n                    min-height: 0;\r\n                }\n<\/style><div class=\"vc_column td_uid_49_69f4ba950cefb_rand  wpb_column vc_column_container tdc-column td-pb-span12\">\n<style scoped>\n\n\/* custom css *\/\n.td_uid_49_69f4ba950cefb_rand {\r\n                    vertical-align: baseline;\r\n                }\n<\/style><div class=\"wpb_wrapper\"><div class=\"wpb_wrapper wpb_text_column td_block_wrap td_block_wrap vc_column_text td_uid_50_69f4ba950d0ba_rand user-select-title td-pb-border-top td_block_template_1\"  data-td-block-uid=\"td_uid_50_69f4ba950d0ba\" ><div class=\"td-block-title-wrap\"><\/div><div class=\"td-fix-index\"><p>\u00c9lection des lecteurs<\/p>\n<\/div><\/div><div class=\"vc_row_inner td_uid_51_69f4ba950e6f5_rand  vc_row vc_inner wpb_row td-pb-row\" >\n<style scoped>\n\n\/* custom css *\/\n.td_uid_51_69f4ba950e6f5_rand {\r\n                    position: relative !important;\r\n                    top: 0;\r\n                    transform: none;\r\n                    -webkit-transform: none;\r\n                }\n<\/style><div class=\"vc_column_inner td_uid_52_69f4ba950e88c_rand  wpb_column vc_column_container tdc-inner-column td-pb-span6\">\n<style scoped>\n\n\/* custom css *\/\n.td_uid_52_69f4ba950e88c_rand {\r\n                    vertical-align: baseline;\r\n                }\n<\/style><div class=\"vc_column-inner\"><div class=\"wpb_wrapper\"><div class=\"td_block_wrap td_block_19 td_uid_53_69f4ba950ea4c_rand td-pb-border-top td_block_template_1 td-column-1\"  data-td-block-uid=\"td_uid_53_69f4ba950ea4c\" ><script>var block_td_uid_53_69f4ba950ea4c = new tdBlock();\nblock_td_uid_53_69f4ba950ea4c.id = \"td_uid_53_69f4ba950ea4c\";\nblock_td_uid_53_69f4ba950ea4c.atts = '{\"sort\":\"popular7\",\"limit\":\"3\",\"separator\":\"\",\"custom_title\":\"\",\"custom_url\":\"\",\"block_template_id\":\"\",\"mx1_tl\":\"\",\"mx2_tl\":\"\",\"post_ids\":\"\",\"category_id\":\"\",\"category_ids\":\"\",\"tag_slug\":\"\",\"autors_id\":\"\",\"installed_post_types\":\"\",\"offset\":\"\",\"show_modified_date\":\"\",\"el_class\":\"\",\"td_ajax_filter_type\":\"\",\"td_ajax_filter_ids\":\"\",\"td_filter_default_txt\":\"All\",\"td_ajax_preloading\":\"\",\"f_header_font_header\":\"\",\"f_header_font_title\":\"Block header\",\"f_header_font_settings\":\"\",\"f_header_font_family\":\"\",\"f_header_font_size\":\"\",\"f_header_font_line_height\":\"\",\"f_header_font_style\":\"\",\"f_header_font_weight\":\"\",\"f_header_font_transform\":\"\",\"f_header_font_spacing\":\"\",\"f_header_\":\"\",\"f_ajax_font_title\":\"Ajax categories\",\"f_ajax_font_settings\":\"\",\"f_ajax_font_family\":\"\",\"f_ajax_font_size\":\"\",\"f_ajax_font_line_height\":\"\",\"f_ajax_font_style\":\"\",\"f_ajax_font_weight\":\"\",\"f_ajax_font_transform\":\"\",\"f_ajax_font_spacing\":\"\",\"f_ajax_\":\"\",\"f_more_font_title\":\"Load more button\",\"f_more_font_settings\":\"\",\"f_more_font_family\":\"\",\"f_more_font_size\":\"\",\"f_more_font_line_height\":\"\",\"f_more_font_style\":\"\",\"f_more_font_weight\":\"\",\"f_more_font_transform\":\"\",\"f_more_font_spacing\":\"\",\"f_more_\":\"\",\"mx1f_title_font_header\":\"\",\"mx1f_title_font_title\":\"Article title\",\"mx1f_title_font_settings\":\"\",\"mx1f_title_font_family\":\"\",\"mx1f_title_font_size\":\"\",\"mx1f_title_font_line_height\":\"\",\"mx1f_title_font_style\":\"\",\"mx1f_title_font_weight\":\"\",\"mx1f_title_font_transform\":\"\",\"mx1f_title_font_spacing\":\"\",\"mx1f_title_\":\"\",\"mx1f_cat_font_title\":\"Article category tag\",\"mx1f_cat_font_settings\":\"\",\"mx1f_cat_font_family\":\"\",\"mx1f_cat_font_size\":\"\",\"mx1f_cat_font_line_height\":\"\",\"mx1f_cat_font_style\":\"\",\"mx1f_cat_font_weight\":\"\",\"mx1f_cat_font_transform\":\"\",\"mx1f_cat_font_spacing\":\"\",\"mx1f_cat_\":\"\",\"mx1f_meta_font_title\":\"Article meta info\",\"mx1f_meta_font_settings\":\"\",\"mx1f_meta_font_family\":\"\",\"mx1f_meta_font_size\":\"\",\"mx1f_meta_font_line_height\":\"\",\"mx1f_meta_font_style\":\"\",\"mx1f_meta_font_weight\":\"\",\"mx1f_meta_font_transform\":\"\",\"mx1f_meta_font_spacing\":\"\",\"mx1f_meta_\":\"\",\"mx2f_title_font_header\":\"\",\"mx2f_title_font_title\":\"Article title\",\"mx2f_title_font_settings\":\"\",\"mx2f_title_font_family\":\"\",\"mx2f_title_font_size\":\"\",\"mx2f_title_font_line_height\":\"\",\"mx2f_title_font_style\":\"\",\"mx2f_title_font_weight\":\"\",\"mx2f_title_font_transform\":\"\",\"mx2f_title_font_spacing\":\"\",\"mx2f_title_\":\"\",\"mx2f_cat_font_title\":\"Article category tag\",\"mx2f_cat_font_settings\":\"\",\"mx2f_cat_font_family\":\"\",\"mx2f_cat_font_size\":\"\",\"mx2f_cat_font_line_height\":\"\",\"mx2f_cat_font_style\":\"\",\"mx2f_cat_font_weight\":\"\",\"mx2f_cat_font_transform\":\"\",\"mx2f_cat_font_spacing\":\"\",\"mx2f_cat_\":\"\",\"mx2f_meta_font_title\":\"Article meta info\",\"mx2f_meta_font_settings\":\"\",\"mx2f_meta_font_family\":\"\",\"mx2f_meta_font_size\":\"\",\"mx2f_meta_font_line_height\":\"\",\"mx2f_meta_font_style\":\"\",\"mx2f_meta_font_weight\":\"\",\"mx2f_meta_font_transform\":\"\",\"mx2f_meta_font_spacing\":\"\",\"mx2f_meta_\":\"\",\"ajax_pagination\":\"\",\"ajax_pagination_infinite_stop\":\"\",\"css\":\"\",\"tdc_css\":\"\",\"td_column_number\":1,\"header_color\":\"\",\"color_preset\":\"\",\"border_top\":\"\",\"class\":\"td_uid_53_69f4ba950ea4c_rand\",\"tdc_css_class\":\"td_uid_53_69f4ba950ea4c_rand\",\"tdc_css_class_style\":\"td_uid_53_69f4ba950ea4c_rand_style\"}';\nblock_td_uid_53_69f4ba950ea4c.td_column_number = \"1\";\nblock_td_uid_53_69f4ba950ea4c.block_type = \"td_block_19\";\nblock_td_uid_53_69f4ba950ea4c.post_count = \"3\";\nblock_td_uid_53_69f4ba950ea4c.found_posts = \"10526\";\nblock_td_uid_53_69f4ba950ea4c.header_color = \"\";\nblock_td_uid_53_69f4ba950ea4c.ajax_pagination_infinite_stop = \"\";\nblock_td_uid_53_69f4ba950ea4c.max_num_pages = \"3509\";\ntdBlocksArray.push(block_td_uid_53_69f4ba950ea4c);\n<\/script><div class=\"td-block-title-wrap\"><\/div><div id=td_uid_53_69f4ba950ea4c class=\"td_block_inner td-column-1\">\r\n        <div class=\"td_module_mx1 td_module_wrap td-animation-stack\">\r\n            <div class=\"td-module-thumb\"><a href=\"https:\/\/www.africa-press.net\/senegal\/sports\/ligue-des-champions-caf-resultats-du-samedi-3\" rel=\"bookmark\" class=\"td-image-wrap\" title=\"Ligue des Champions Caf: R\u00e9sultats du Samedi\"><img loading=\"lazy\" decoding=\"async\" class=\"entry-thumb\" src=\"data:image\/png;base64,iVBORw0KGgoAAAANSUhEUgAAAWQAAADcAQMAAAB9O0nPAAAAA1BMVEWurq51dlI4AAAAAXRSTlMmkutdmwAAACBJREFUaN7twTEBAAAAwiD7p7bDbmAAAAAAAAAAAABAdieIAAGQh2mWAAAAAElFTkSuQmCC\" alt=\"Ligue des Champions Caf: R\u00e9sultats du Samedi\" title=\"Ligue des Champions Caf: R\u00e9sultats du Samedi\" data-type=\"image_tag\" data-img-url=\"https:\/\/static.africa-press.net\/senegal\/sites\/13\/2025\/11\/sm_1764500369.577219-356x220.jpg\"  width=\"356\" height=\"220\" \/><\/a><\/div>\r\n            <div class=\"td-module-meta-info\">\r\n                <h3 class=\"entry-title td-module-title\"><a href=\"https:\/\/www.africa-press.net\/senegal\/sports\/ligue-des-champions-caf-resultats-du-samedi-3\" rel=\"bookmark\" title=\"Ligue des Champions Caf: R\u00e9sultats du Samedi\">Ligue des Champions Caf: R\u00e9sultats du Samedi<\/a><\/h3>                <div class=\"td-editor-date\">\r\n                                        <span class=\"td-author-date\">\r\n                                                <span class=\"td-post-date\"><time class=\"entry-date updated td-module-date\" datetime=\"2025-11-29T12:10:00+00:00\" >2025-11-29<\/time><\/span>                    <\/span>\r\n                <\/div>\r\n            <\/div>\r\n\r\n        <\/div>\r\n\r\n        \r\n        <div class=\"td_module_mx2 td_module_wrap td-animation-stack\">\r\n\r\n            <div class=\"td-module-thumb\"><a href=\"https:\/\/www.africa-press.net\/senegal\/toutes-les-actualites\/drones-lintelligence-artificielle-a-loffensive\" rel=\"bookmark\" class=\"td-image-wrap\" title=\"Drones: L\u2019Intelligence Artificielle A\u0300 L\u2019Offensive\"><img loading=\"lazy\" decoding=\"async\" class=\"entry-thumb\" src=\"data:image\/png;base64,iVBORw0KGgoAAAANSUhEUgAAAFAAAAA8AQMAAADL6a\/PAAAAA1BMVEWurq51dlI4AAAAAXRSTlMmkutdmwAAAA5JREFUKM9jGAWjYJABAAKUAAHoEAeuAAAAAElFTkSuQmCC\" alt=\"Drones: L\u2019Intelligence Artificielle A\u0300 L\u2019Offensive\" title=\"Drones: L\u2019Intelligence Artificielle A\u0300 L\u2019Offensive\" data-type=\"image_tag\" data-img-url=\"https:\/\/static.africa-press.net\/senegal\/sites\/13\/2026\/04\/sm_1776606796.21357-80x60.jpg\"  width=\"80\" height=\"60\" \/><\/a><\/div>\r\n            <div class=\"item-details\">\r\n                <h3 class=\"entry-title td-module-title\"><a href=\"https:\/\/www.africa-press.net\/senegal\/toutes-les-actualites\/drones-lintelligence-artificielle-a-loffensive\" rel=\"bookmark\" title=\"Drones: L\u2019Intelligence Artificielle A\u0300 L\u2019Offensive\">Drones: L\u2019Intelligence Artificielle A\u0300 L\u2019Offensive<\/a><\/h3>                <div class=\"td-module-meta-info\">\r\n                                                            <span class=\"td-post-date\"><time class=\"entry-date updated td-module-date\" datetime=\"2026-03-28T12:18:00+00:00\" >2026-03-28<\/time><\/span>                                    <\/div>\r\n            <\/div>\r\n\r\n        <\/div>\r\n\r\n        \r\n        <div class=\"td_module_mx2 td_module_wrap td-animation-stack\">\r\n\r\n            <div class=\"td-module-thumb\"><a href=\"https:\/\/www.africa-press.net\/senegal\/politique\/affaire-prodac-3e-mandat-lopposition-charrie-mame-mbaye-niang\" rel=\"bookmark\" class=\"td-image-wrap\" title=\"Affaire Prodac, 3e mandat : L\u2019opposition charrie Mame Mbaye Niang\"><img loading=\"lazy\" decoding=\"async\" class=\"entry-thumb\" src=\"data:image\/png;base64,iVBORw0KGgoAAAANSUhEUgAAAFAAAAA8AQMAAADL6a\/PAAAAA1BMVEWurq51dlI4AAAAAXRSTlMmkutdmwAAAA5JREFUKM9jGAWjYJABAAKUAAHoEAeuAAAAAElFTkSuQmCC\" alt=\"Affaire Prodac, 3e mandat : L\u2019opposition charrie Mame Mbaye Niang\" title=\"Affaire Prodac, 3e mandat : L\u2019opposition charrie Mame Mbaye Niang\" data-type=\"image_tag\" data-img-url=\"https:\/\/static.africa-press.net\/senegal\/sites\/13\/2022\/11\/postQueueImg_1669127484.68-80x60.jpg\"  width=\"80\" height=\"60\" \/><\/a><\/div>\r\n            <div class=\"item-details\">\r\n                <h3 class=\"entry-title td-module-title\"><a href=\"https:\/\/www.africa-press.net\/senegal\/politique\/affaire-prodac-3e-mandat-lopposition-charrie-mame-mbaye-niang\" rel=\"bookmark\" title=\"Affaire Prodac, 3e mandat : L\u2019opposition charrie Mame Mbaye Niang\">Affaire Prodac, 3e mandat : L\u2019opposition charrie Mame Mbaye Niang<\/a><\/h3>                <div class=\"td-module-meta-info\">\r\n                                                            <span class=\"td-post-date\"><time class=\"entry-date updated td-module-date\" datetime=\"2022-11-22T18:00:56+00:00\" >2022-11-22<\/time><\/span>                                    <\/div>\r\n            <\/div>\r\n\r\n        <\/div>\r\n\r\n        <\/div><\/div> <!-- .\/block --><\/div><\/div><\/div><div class=\"vc_column_inner td_uid_54_69f4ba96284af_rand  wpb_column vc_column_container tdc-inner-column td-pb-span6\">\n<style scoped>\n\n\/* custom css *\/\n.td_uid_54_69f4ba96284af_rand {\r\n                    vertical-align: baseline;\r\n                }\n<\/style><div class=\"vc_column-inner\"><div class=\"wpb_wrapper\"><div class=\"td_block_wrap td_block_7 td_uid_55_69f4ba96285d2_rand td-pb-border-top td_block_template_1 td-column-1 td_block_padding\"  data-td-block-uid=\"td_uid_55_69f4ba96285d2\" >\n<style>\n\n\/* inline tdc_css att *\/\n\n\/* phone *\/\n@media (max-width: 767px)\n{\n.td_uid_55_69f4ba96285d2_rand{\ndisplay:none !important;\n}\n}\n\n<\/style><script>var block_td_uid_55_69f4ba96285d2 = new tdBlock();\nblock_td_uid_55_69f4ba96285d2.id = \"td_uid_55_69f4ba96285d2\";\nblock_td_uid_55_69f4ba96285d2.atts = '{\"sort\":\"popular7\",\"limit\":\"4\",\"offset\":\"3\",\"tdc_css\":\"eyJwaG9uZSI6eyJkaXNwbGF5Ijoibm9uZSJ9LCJwaG9uZV9tYXhfd2lkdGgiOjc2N30=\",\"separator\":\"\",\"custom_title\":\"\",\"custom_url\":\"\",\"block_template_id\":\"\",\"m6_tl\":\"\",\"post_ids\":\"\",\"category_id\":\"\",\"category_ids\":\"\",\"tag_slug\":\"\",\"autors_id\":\"\",\"installed_post_types\":\"\",\"show_modified_date\":\"\",\"el_class\":\"\",\"td_ajax_filter_type\":\"\",\"td_ajax_filter_ids\":\"\",\"td_filter_default_txt\":\"All\",\"td_ajax_preloading\":\"\",\"f_header_font_header\":\"\",\"f_header_font_title\":\"Block header\",\"f_header_font_settings\":\"\",\"f_header_font_family\":\"\",\"f_header_font_size\":\"\",\"f_header_font_line_height\":\"\",\"f_header_font_style\":\"\",\"f_header_font_weight\":\"\",\"f_header_font_transform\":\"\",\"f_header_font_spacing\":\"\",\"f_header_\":\"\",\"f_ajax_font_title\":\"Ajax categories\",\"f_ajax_font_settings\":\"\",\"f_ajax_font_family\":\"\",\"f_ajax_font_size\":\"\",\"f_ajax_font_line_height\":\"\",\"f_ajax_font_style\":\"\",\"f_ajax_font_weight\":\"\",\"f_ajax_font_transform\":\"\",\"f_ajax_font_spacing\":\"\",\"f_ajax_\":\"\",\"f_more_font_title\":\"Load more button\",\"f_more_font_settings\":\"\",\"f_more_font_family\":\"\",\"f_more_font_size\":\"\",\"f_more_font_line_height\":\"\",\"f_more_font_style\":\"\",\"f_more_font_weight\":\"\",\"f_more_font_transform\":\"\",\"f_more_font_spacing\":\"\",\"f_more_\":\"\",\"m6f_title_font_header\":\"\",\"m6f_title_font_title\":\"Article title\",\"m6f_title_font_settings\":\"\",\"m6f_title_font_family\":\"\",\"m6f_title_font_size\":\"\",\"m6f_title_font_line_height\":\"\",\"m6f_title_font_style\":\"\",\"m6f_title_font_weight\":\"\",\"m6f_title_font_transform\":\"\",\"m6f_title_font_spacing\":\"\",\"m6f_title_\":\"\",\"m6f_cat_font_title\":\"Article category tag\",\"m6f_cat_font_settings\":\"\",\"m6f_cat_font_family\":\"\",\"m6f_cat_font_size\":\"\",\"m6f_cat_font_line_height\":\"\",\"m6f_cat_font_style\":\"\",\"m6f_cat_font_weight\":\"\",\"m6f_cat_font_transform\":\"\",\"m6f_cat_font_spacing\":\"\",\"m6f_cat_\":\"\",\"m6f_meta_font_title\":\"Article meta info\",\"m6f_meta_font_settings\":\"\",\"m6f_meta_font_family\":\"\",\"m6f_meta_font_size\":\"\",\"m6f_meta_font_line_height\":\"\",\"m6f_meta_font_style\":\"\",\"m6f_meta_font_weight\":\"\",\"m6f_meta_font_transform\":\"\",\"m6f_meta_font_spacing\":\"\",\"m6f_meta_\":\"\",\"ajax_pagination\":\"\",\"ajax_pagination_infinite_stop\":\"\",\"css\":\"\",\"td_column_number\":1,\"header_color\":\"\",\"color_preset\":\"\",\"border_top\":\"\",\"class\":\"td_uid_55_69f4ba96285d2_rand\",\"tdc_css_class\":\"td_uid_55_69f4ba96285d2_rand\",\"tdc_css_class_style\":\"td_uid_55_69f4ba96285d2_rand_style\"}';\nblock_td_uid_55_69f4ba96285d2.td_column_number = \"1\";\nblock_td_uid_55_69f4ba96285d2.block_type = \"td_block_7\";\nblock_td_uid_55_69f4ba96285d2.post_count = \"4\";\nblock_td_uid_55_69f4ba96285d2.found_posts = \"10526\";\nblock_td_uid_55_69f4ba96285d2.header_color = \"\";\nblock_td_uid_55_69f4ba96285d2.ajax_pagination_infinite_stop = \"\";\nblock_td_uid_55_69f4ba96285d2.max_num_pages = \"2631\";\ntdBlocksArray.push(block_td_uid_55_69f4ba96285d2);\n<\/script><div class=\"td-block-title-wrap\"><\/div><div id=td_uid_55_69f4ba96285d2 class=\"td_block_inner\">\n\n\t<div class=\"td-block-span12\">\n\r\n        <div class=\"td_module_6 td_module_wrap td-animation-stack\">\r\n\r\n        <div class=\"td-module-thumb\"><a href=\"https:\/\/www.africa-press.net\/senegal\/economie\/macky-sall-preconise-une-evaluation-de-la-contribution-economique-locale-cel\" rel=\"bookmark\" class=\"td-image-wrap\" title=\"Macky Sall pr\u00e9conise une \u00e9valuation de la Contribution \u00e9conomique locale (CEL)\"><img loading=\"lazy\" decoding=\"async\" class=\"entry-thumb\" src=\"data:image\/png;base64,iVBORw0KGgoAAAANSUhEUgAAAGQAAABGAQMAAAAASKMqAAAAA1BMVEWurq51dlI4AAAAAXRSTlMmkutdmwAAABBJREFUKM9jGAWjYBQMKwAAA9QAAQWBn6cAAAAASUVORK5CYII=\" alt=\"Macky Sall pr\u00e9conise une \u00e9valuation de la Contribution \u00e9conomique locale (CEL)\" title=\"Macky Sall pr\u00e9conise une \u00e9valuation de la Contribution \u00e9conomique locale (CEL)\" data-type=\"image_tag\" data-img-url=\"https:\/\/static.africa-press.net\/senegal\/sites\/13\/2022\/12\/postQueueImg_1671819043.33-100x70.jpg\"  width=\"100\" height=\"70\" \/><\/a><\/div>\r\n        <div class=\"item-details\">\r\n            <h3 class=\"entry-title td-module-title\"><a href=\"https:\/\/www.africa-press.net\/senegal\/economie\/macky-sall-preconise-une-evaluation-de-la-contribution-economique-locale-cel\" rel=\"bookmark\" title=\"Macky Sall pr\u00e9conise une \u00e9valuation de la Contribution \u00e9conomique locale (CEL)\">Macky Sall pr\u00e9conise une \u00e9valuation de la Contribution \u00e9conomique locale (CEL)<\/a><\/h3>            <div class=\"td-module-meta-info\">\r\n                                                <span class=\"td-post-date\"><time class=\"entry-date updated td-module-date\" datetime=\"2022-12-23T21:33:38+00:00\" >2022-12-23<\/time><\/span>                            <\/div>\r\n        <\/div>\r\n\r\n        <\/div>\r\n\r\n        \n\t<\/div> <!-- .\/td-block-span12 -->\n\n\t<div class=\"td-block-span12\">\n\r\n        <div class=\"td_module_6 td_module_wrap td-animation-stack\">\r\n\r\n        <div class=\"td-module-thumb\"><a href=\"https:\/\/www.africa-press.net\/senegal\/toutes-les-actualites\/ia-decouvre-nouvelles-exoplanetes-grace-a-tess\" rel=\"bookmark\" class=\"td-image-wrap\" title=\"IA D\u00e9couvre Nouvelles Exoplan\u00e8tes Gr\u00e2ce \u00e0 TESS\"><img loading=\"lazy\" decoding=\"async\" class=\"entry-thumb\" src=\"data:image\/png;base64,iVBORw0KGgoAAAANSUhEUgAAAGQAAABGAQMAAAAASKMqAAAAA1BMVEWurq51dlI4AAAAAXRSTlMmkutdmwAAABBJREFUKM9jGAWjYBQMKwAAA9QAAQWBn6cAAAAASUVORK5CYII=\" alt=\"IA D\u00e9couvre Nouvelles Exoplan\u00e8tes Gr\u00e2ce \u00e0 TESS\" title=\"IA D\u00e9couvre Nouvelles Exoplan\u00e8tes Gr\u00e2ce \u00e0 TESS\" data-type=\"image_tag\" data-img-url=\"https:\/\/static.africa-press.net\/senegal\/sites\/13\/2026\/04\/sm_1776611426.845842-100x70.jpg\"  width=\"100\" height=\"70\" \/><\/a><\/div>\r\n        <div class=\"item-details\">\r\n            <h3 class=\"entry-title td-module-title\"><a href=\"https:\/\/www.africa-press.net\/senegal\/toutes-les-actualites\/ia-decouvre-nouvelles-exoplanetes-grace-a-tess\" rel=\"bookmark\" title=\"IA D\u00e9couvre Nouvelles Exoplan\u00e8tes Gr\u00e2ce \u00e0 TESS\">IA D\u00e9couvre Nouvelles Exoplan\u00e8tes Gr\u00e2ce \u00e0 TESS<\/a><\/h3>            <div class=\"td-module-meta-info\">\r\n                                                <span class=\"td-post-date\"><time class=\"entry-date updated td-module-date\" datetime=\"2026-03-22T13:26:00+00:00\" >2026-03-22<\/time><\/span>                            <\/div>\r\n        <\/div>\r\n\r\n        <\/div>\r\n\r\n        \n\t<\/div> <!-- .\/td-block-span12 -->\n\n\t<div class=\"td-block-span12\">\n\r\n        <div class=\"td_module_6 td_module_wrap td-animation-stack\">\r\n\r\n        <div class=\"td-module-thumb\"><a href=\"https:\/\/www.africa-press.net\/senegal\/toutes-les-actualites\/sante-le-gros-exploit-de-lhopital-militaire-de-ouakam\" rel=\"bookmark\" class=\"td-image-wrap\" title=\"Sant\u00e9 : le gros exploit de l\u2019h\u00f4pital militaire de Ouakam\"><img loading=\"lazy\" decoding=\"async\" class=\"entry-thumb\" src=\"data:image\/png;base64,iVBORw0KGgoAAAANSUhEUgAAAGQAAABGAQMAAAAASKMqAAAAA1BMVEWurq51dlI4AAAAAXRSTlMmkutdmwAAABBJREFUKM9jGAWjYBQMKwAAA9QAAQWBn6cAAAAASUVORK5CYII=\" alt=\"Sant\u00e9 : le gros exploit de l\u2019h\u00f4pital militaire de Ouakam\" title=\"Sant\u00e9 : le gros exploit de l\u2019h\u00f4pital militaire de Ouakam\" data-type=\"image_tag\" data-img-url=\"https:\/\/static.africa-press.net\/senegal\/sites\/13\/2023\/11\/sm_1701102171.123161-100x70.jpg\"  width=\"100\" height=\"70\" \/><\/a><\/div>\r\n        <div class=\"item-details\">\r\n            <h3 class=\"entry-title td-module-title\"><a href=\"https:\/\/www.africa-press.net\/senegal\/toutes-les-actualites\/sante-le-gros-exploit-de-lhopital-militaire-de-ouakam\" rel=\"bookmark\" title=\"Sant\u00e9 : le gros exploit de l\u2019h\u00f4pital militaire de Ouakam\">Sant\u00e9 : le gros exploit de l\u2019h\u00f4pital militaire de Ouakam<\/a><\/h3>            <div class=\"td-module-meta-info\">\r\n                                                <span class=\"td-post-date\"><time class=\"entry-date updated td-module-date\" datetime=\"2023-11-27T19:04:01+00:00\" >2023-11-27<\/time><\/span>                            <\/div>\r\n        <\/div>\r\n\r\n        <\/div>\r\n\r\n        \n\t<\/div> <!-- .\/td-block-span12 -->\n\n\t<div class=\"td-block-span12\">\n\r\n        <div class=\"td_module_6 td_module_wrap td-animation-stack\">\r\n\r\n        <div class=\"td-module-thumb\"><a href=\"https:\/\/www.africa-press.net\/senegal\/dossiers\/lafrique-bataille-pour-briser-sa-dependance-au-riz-indien-sous-restrictions-2\" rel=\"bookmark\" class=\"td-image-wrap\" title=\"L&rsquo;Afrique bataille pour briser sa d\u00e9pendance au riz indien sous restrictions\"><img loading=\"lazy\" decoding=\"async\" class=\"entry-thumb\" src=\"data:image\/png;base64,iVBORw0KGgoAAAANSUhEUgAAAGQAAABGAQMAAAAASKMqAAAAA1BMVEWurq51dlI4AAAAAXRSTlMmkutdmwAAABBJREFUKM9jGAWjYBQMKwAAA9QAAQWBn6cAAAAASUVORK5CYII=\" alt=\"L&#039;Afrique bataille pour briser sa d\u00e9pendance au riz indien sous restrictions\" title=\"L&rsquo;Afrique bataille pour briser sa d\u00e9pendance au riz indien sous restrictions\" data-type=\"image_tag\" data-img-url=\"https:\/\/static.africa-press.net\/senegal\/sites\/13\/2022\/12\/postQueueImg_1671820925.19-100x70.jpg\"  width=\"100\" height=\"70\" \/><\/a><\/div>\r\n        <div class=\"item-details\">\r\n            <h3 class=\"entry-title td-module-title\"><a href=\"https:\/\/www.africa-press.net\/senegal\/dossiers\/lafrique-bataille-pour-briser-sa-dependance-au-riz-indien-sous-restrictions-2\" rel=\"bookmark\" title=\"L&rsquo;Afrique bataille pour briser sa d\u00e9pendance au riz indien sous restrictions\">L&rsquo;Afrique bataille pour briser sa d\u00e9pendance au riz indien sous restrictions<\/a><\/h3>            <div class=\"td-module-meta-info\">\r\n                                                <span class=\"td-post-date\"><time class=\"entry-date updated td-module-date\" datetime=\"2022-12-23T21:59:24+00:00\" >2022-12-23<\/time><\/span>                            <\/div>\r\n        <\/div>\r\n\r\n        <\/div>\r\n\r\n        \n\t<\/div> <!-- .\/td-block-span12 --><\/div><\/div> <!-- .\/block --><\/div><\/div><\/div><\/div><\/div><\/div><\/div><\/div><div id=\"td_uid_30_69f4ba96ac9f6\" class=\"tdc-row\"><div class=\"vc_row td_uid_56_69f4ba96aca00_rand  wpb_row td-pb-row\" >\n<style scoped>\n\n\/* custom css *\/\n.td_uid_56_69f4ba96aca00_rand {\r\n                    min-height: 0;\r\n                }\n<\/style><div class=\"vc_column td_uid_57_69f4ba96acd89_rand ar-newsbox wpb_column vc_column_container tdc-column td-pb-span8\">\n<style scoped>\n\n\/* custom css *\/\n.td_uid_57_69f4ba96acd89_rand {\r\n                    vertical-align: baseline;\r\n                }\n<\/style><div class=\"wpb_wrapper\"><div class=\"vc_row_inner td_uid_58_69f4ba96acfc2_rand  vc_row vc_inner wpb_row td-pb-row\" >\n<style scoped>\n\n\/* custom css *\/\n.td_uid_58_69f4ba96acfc2_rand {\r\n                    position: relative !important;\r\n                    top: 0;\r\n                    transform: none;\r\n                    -webkit-transform: none;\r\n                }\n<\/style><div class=\"vc_column_inner td_uid_59_69f4ba96ad1bd_rand  wpb_column vc_column_container tdc-inner-column td-pb-span12\">\n<style scoped>\n\n\/* custom css *\/\n.td_uid_59_69f4ba96ad1bd_rand {\r\n                    vertical-align: baseline;\r\n                }\n<\/style><div class=\"vc_column-inner\"><div class=\"wpb_wrapper\"><div class=\"wpb_wrapper td_block_wrap vc_raw_html td_uid_60_69f4ba96ad34e_rand \"><div class=\"td-fix-index\"><div class=\"td-block-title-wrap\"><h4 class=\"block-title\"><a href=\"\/senegal\/culture-et-art\" class=\"td-pulldown-size\">Culture et Art<\/a><\/h4><\/div><\/div><\/div><\/div><\/div><\/div><\/div><div id=\"main-box\" class=\"vc_row_inner td_uid_61_69f4ba96ad3c4_rand  vc_row vc_inner wpb_row td-pb-row\" >\n<style scoped>\n\n\/* custom css *\/\n.td_uid_61_69f4ba96ad3c4_rand {\r\n                    position: relative !important;\r\n                    top: 0;\r\n                    transform: none;\r\n                    -webkit-transform: none;\r\n                }\n<\/style><div class=\"vc_column_inner td_uid_62_69f4ba96ad503_rand  wpb_column vc_column_container tdc-inner-column td-pb-span6\">\n<style scoped>\n\n\/* custom css *\/\n.td_uid_62_69f4ba96ad503_rand {\r\n                    vertical-align: baseline;\r\n                }\n<\/style><div class=\"vc_column-inner\"><div class=\"wpb_wrapper\"><div class=\"td_block_wrap td_block_18 td_uid_63_69f4ba96ad65a_rand td_with_ajax_pagination td-pb-border-top td_block_template_1 td-column-1\"  data-td-block-uid=\"td_uid_63_69f4ba96ad65a\" ><script>var block_td_uid_63_69f4ba96ad65a = new tdBlock();\nblock_td_uid_63_69f4ba96ad65a.id = \"td_uid_63_69f4ba96ad65a\";\nblock_td_uid_63_69f4ba96ad65a.atts = '{\"category_id\":\"5\",\"limit\":\"3\",\"ajax_pagination\":\"next_prev\",\"separator\":\"\",\"custom_title\":\"\",\"custom_url\":\"\",\"block_template_id\":\"\",\"mx8_tl\":\"\",\"m10_tl\":\"\",\"m10_el\":\"\",\"mx2_tl\":\"\",\"post_ids\":\"\",\"category_ids\":\"\",\"tag_slug\":\"\",\"autors_id\":\"\",\"installed_post_types\":\"\",\"sort\":\"\",\"offset\":\"\",\"show_modified_date\":\"\",\"el_class\":\"\",\"td_ajax_filter_type\":\"\",\"td_ajax_filter_ids\":\"\",\"td_filter_default_txt\":\"All\",\"td_ajax_preloading\":\"\",\"f_header_font_header\":\"\",\"f_header_font_title\":\"Block header\",\"f_header_font_settings\":\"\",\"f_header_font_family\":\"\",\"f_header_font_size\":\"\",\"f_header_font_line_height\":\"\",\"f_header_font_style\":\"\",\"f_header_font_weight\":\"\",\"f_header_font_transform\":\"\",\"f_header_font_spacing\":\"\",\"f_header_\":\"\",\"f_ajax_font_title\":\"Ajax categories\",\"f_ajax_font_settings\":\"\",\"f_ajax_font_family\":\"\",\"f_ajax_font_size\":\"\",\"f_ajax_font_line_height\":\"\",\"f_ajax_font_style\":\"\",\"f_ajax_font_weight\":\"\",\"f_ajax_font_transform\":\"\",\"f_ajax_font_spacing\":\"\",\"f_ajax_\":\"\",\"f_more_font_title\":\"Load more button\",\"f_more_font_settings\":\"\",\"f_more_font_family\":\"\",\"f_more_font_size\":\"\",\"f_more_font_line_height\":\"\",\"f_more_font_style\":\"\",\"f_more_font_weight\":\"\",\"f_more_font_transform\":\"\",\"f_more_font_spacing\":\"\",\"f_more_\":\"\",\"mx8f_title_font_header\":\"\",\"mx8f_title_font_title\":\"Article title\",\"mx8f_title_font_settings\":\"\",\"mx8f_title_font_family\":\"\",\"mx8f_title_font_size\":\"\",\"mx8f_title_font_line_height\":\"\",\"mx8f_title_font_style\":\"\",\"mx8f_title_font_weight\":\"\",\"mx8f_title_font_transform\":\"\",\"mx8f_title_font_spacing\":\"\",\"mx8f_title_\":\"\",\"mx8f_cat_font_title\":\"Article category tag\",\"mx8f_cat_font_settings\":\"\",\"mx8f_cat_font_family\":\"\",\"mx8f_cat_font_size\":\"\",\"mx8f_cat_font_line_height\":\"\",\"mx8f_cat_font_style\":\"\",\"mx8f_cat_font_weight\":\"\",\"mx8f_cat_font_transform\":\"\",\"mx8f_cat_font_spacing\":\"\",\"mx8f_cat_\":\"\",\"mx8f_meta_font_title\":\"Article meta info\",\"mx8f_meta_font_settings\":\"\",\"mx8f_meta_font_family\":\"\",\"mx8f_meta_font_size\":\"\",\"mx8f_meta_font_line_height\":\"\",\"mx8f_meta_font_style\":\"\",\"mx8f_meta_font_weight\":\"\",\"mx8f_meta_font_transform\":\"\",\"mx8f_meta_font_spacing\":\"\",\"mx8f_meta_\":\"\",\"m10f_title_font_header\":\"\",\"m10f_title_font_title\":\"Article title\",\"m10f_title_font_settings\":\"\",\"m10f_title_font_family\":\"\",\"m10f_title_font_size\":\"\",\"m10f_title_font_line_height\":\"\",\"m10f_title_font_style\":\"\",\"m10f_title_font_weight\":\"\",\"m10f_title_font_transform\":\"\",\"m10f_title_font_spacing\":\"\",\"m10f_title_\":\"\",\"m10f_cat_font_title\":\"Article category tag\",\"m10f_cat_font_settings\":\"\",\"m10f_cat_font_family\":\"\",\"m10f_cat_font_size\":\"\",\"m10f_cat_font_line_height\":\"\",\"m10f_cat_font_style\":\"\",\"m10f_cat_font_weight\":\"\",\"m10f_cat_font_transform\":\"\",\"m10f_cat_font_spacing\":\"\",\"m10f_cat_\":\"\",\"m10f_meta_font_title\":\"Article meta info\",\"m10f_meta_font_settings\":\"\",\"m10f_meta_font_family\":\"\",\"m10f_meta_font_size\":\"\",\"m10f_meta_font_line_height\":\"\",\"m10f_meta_font_style\":\"\",\"m10f_meta_font_weight\":\"\",\"m10f_meta_font_transform\":\"\",\"m10f_meta_font_spacing\":\"\",\"m10f_meta_\":\"\",\"m10f_ex_font_title\":\"Article excerpt\",\"m10f_ex_font_settings\":\"\",\"m10f_ex_font_family\":\"\",\"m10f_ex_font_size\":\"\",\"m10f_ex_font_line_height\":\"\",\"m10f_ex_font_style\":\"\",\"m10f_ex_font_weight\":\"\",\"m10f_ex_font_transform\":\"\",\"m10f_ex_font_spacing\":\"\",\"m10f_ex_\":\"\",\"mx2f_title_font_header\":\"\",\"mx2f_title_font_title\":\"Article title\",\"mx2f_title_font_settings\":\"\",\"mx2f_title_font_family\":\"\",\"mx2f_title_font_size\":\"\",\"mx2f_title_font_line_height\":\"\",\"mx2f_title_font_style\":\"\",\"mx2f_title_font_weight\":\"\",\"mx2f_title_font_transform\":\"\",\"mx2f_title_font_spacing\":\"\",\"mx2f_title_\":\"\",\"mx2f_cat_font_title\":\"Article category tag\",\"mx2f_cat_font_settings\":\"\",\"mx2f_cat_font_family\":\"\",\"mx2f_cat_font_size\":\"\",\"mx2f_cat_font_line_height\":\"\",\"mx2f_cat_font_style\":\"\",\"mx2f_cat_font_weight\":\"\",\"mx2f_cat_font_transform\":\"\",\"mx2f_cat_font_spacing\":\"\",\"mx2f_cat_\":\"\",\"mx2f_meta_font_title\":\"Article meta info\",\"mx2f_meta_font_settings\":\"\",\"mx2f_meta_font_family\":\"\",\"mx2f_meta_font_size\":\"\",\"mx2f_meta_font_line_height\":\"\",\"mx2f_meta_font_style\":\"\",\"mx2f_meta_font_weight\":\"\",\"mx2f_meta_font_transform\":\"\",\"mx2f_meta_font_spacing\":\"\",\"mx2f_meta_\":\"\",\"ajax_pagination_infinite_stop\":\"\",\"css\":\"\",\"tdc_css\":\"\",\"td_column_number\":1,\"header_color\":\"\",\"color_preset\":\"\",\"border_top\":\"\",\"class\":\"td_uid_63_69f4ba96ad65a_rand\",\"tdc_css_class\":\"td_uid_63_69f4ba96ad65a_rand\",\"tdc_css_class_style\":\"td_uid_63_69f4ba96ad65a_rand_style\"}';\nblock_td_uid_63_69f4ba96ad65a.td_column_number = \"1\";\nblock_td_uid_63_69f4ba96ad65a.block_type = \"td_block_18\";\nblock_td_uid_63_69f4ba96ad65a.post_count = \"3\";\nblock_td_uid_63_69f4ba96ad65a.found_posts = \"510\";\nblock_td_uid_63_69f4ba96ad65a.header_color = \"\";\nblock_td_uid_63_69f4ba96ad65a.ajax_pagination_infinite_stop = \"\";\nblock_td_uid_63_69f4ba96ad65a.max_num_pages = \"170\";\ntdBlocksArray.push(block_td_uid_63_69f4ba96ad65a);\n<\/script><div class=\"td-block-title-wrap\"><\/div><div id=td_uid_63_69f4ba96ad65a class=\"td_block_inner td-column-1\">\r\n        <div class=\"td_module_mx8 td_module_wrap td-animation-stack\">\r\n            <div class=\"meta-info-container\">\r\n                <div class=\"td-module-thumb\"><a href=\"https:\/\/www.africa-press.net\/senegal\/culture-et-art\/science-fest-africa-2026-renforce-la-cooperation-educative\" rel=\"bookmark\" class=\"td-image-wrap\" title=\"Science Fest Africa 2026 Renforce la Coop\u00e9ration \u00c9ducative\"><img loading=\"lazy\" decoding=\"async\" class=\"entry-thumb\" src=\"data:image\/png;base64,iVBORw0KGgoAAAANSUhEUgAAArgAAAGBAQMAAAC3k1CUAAAAA1BMVEWurq51dlI4AAAAAXRSTlMmkutdmwAAADdJREFUeNrtwTEBAAAAwiD7p7bETmAAAAAAAAAAAAAAAAAAAAAAAAAAAAAAAAAAAAAAAAAAAEDuhFgAARFpDB8AAAAASUVORK5CYII=\" alt=\"Science Fest Africa 2026 Renforce la Coop\u00e9ration \u00c9ducative\" title=\"Science Fest Africa 2026 Renforce la Coop\u00e9ration \u00c9ducative\" data-type=\"image_tag\" data-img-url=\"https:\/\/static.africa-press.net\/senegal\/sites\/13\/2026\/04\/sm_1777496334.00023-696x385.jpg\"  width=\"696\" height=\"385\" \/><\/a><\/div>\r\n                <div class=\"td-module-meta-info\">\r\n                    <h3 class=\"entry-title td-module-title\"><a href=\"https:\/\/www.africa-press.net\/senegal\/culture-et-art\/science-fest-africa-2026-renforce-la-cooperation-educative\" rel=\"bookmark\" title=\"Science Fest Africa 2026 Renforce la Coop\u00e9ration \u00c9ducative\">Science Fest Africa 2026 Renforce la Coop\u00e9ration \u00c9ducative<\/a><\/h3>                                        <span class=\"td-author-date\">\r\n                                                <span class=\"td-post-date\"><time class=\"entry-date updated td-module-date\" datetime=\"2026-04-26T19:57:56+00:00\" >2026-04-26<\/time><\/span>                                            <\/span>\r\n                <\/div>\r\n            <\/div>\r\n\r\n        <\/div>\r\n\r\n        \r\n        <div class=\"td_module_mx2 td_module_wrap td-animation-stack\">\r\n\r\n            <div class=\"td-module-thumb\"><a href=\"https:\/\/www.africa-press.net\/senegal\/culture-et-art\/bamako-accueille-la-15%e1%b5%89-biennale-africaine-de-photographie\" rel=\"bookmark\" class=\"td-image-wrap\" title=\"Bamako Accueille la 15\u1d49 Biennale Africaine de Photographie\"><img loading=\"lazy\" decoding=\"async\" class=\"entry-thumb\" src=\"data:image\/png;base64,iVBORw0KGgoAAAANSUhEUgAAAFAAAAA8AQMAAADL6a\/PAAAAA1BMVEWurq51dlI4AAAAAXRSTlMmkutdmwAAAA5JREFUKM9jGAWjYJABAAKUAAHoEAeuAAAAAElFTkSuQmCC\" alt=\"Bamako Accueille la 15\u1d49 Biennale Africaine de Photographie\" title=\"Bamako Accueille la 15\u1d49 Biennale Africaine de Photographie\" data-type=\"image_tag\" data-img-url=\"https:\/\/static.africa-press.net\/senegal\/sites\/13\/2026\/02\/sm_1772104684.832372-80x60.jpg\"  width=\"80\" height=\"60\" \/><\/a><\/div>\r\n            <div class=\"item-details\">\r\n                <h3 class=\"entry-title td-module-title\"><a href=\"https:\/\/www.africa-press.net\/senegal\/culture-et-art\/bamako-accueille-la-15%e1%b5%89-biennale-africaine-de-photographie\" rel=\"bookmark\" title=\"Bamako Accueille la 15\u1d49 Biennale Africaine de Photographie\">Bamako Accueille la 15\u1d49 Biennale Africaine de Photographie<\/a><\/h3>                <div class=\"td-module-meta-info\">\r\n                                                            <span class=\"td-post-date\"><time class=\"entry-date updated td-module-date\" datetime=\"2026-02-25T12:10:00+00:00\" >2026-02-25<\/time><\/span>                                    <\/div>\r\n            <\/div>\r\n\r\n        <\/div>\r\n\r\n        \r\n        <div class=\"td_module_mx2 td_module_wrap td-animation-stack\">\r\n\r\n            <div class=\"td-module-thumb\"><a href=\"https:\/\/www.africa-press.net\/senegal\/culture-et-art\/appel-de-seydina-limamou-lahi-et-preparatifs-en-cours\" rel=\"bookmark\" class=\"td-image-wrap\" title=\"Appel de Seydina Limamou Lahi et Pr\u00e9paratifs en Cours\"><img loading=\"lazy\" decoding=\"async\" class=\"entry-thumb\" src=\"data:image\/png;base64,iVBORw0KGgoAAAANSUhEUgAAAFAAAAA8AQMAAADL6a\/PAAAAA1BMVEWurq51dlI4AAAAAXRSTlMmkutdmwAAAA5JREFUKM9jGAWjYJABAAKUAAHoEAeuAAAAAElFTkSuQmCC\" alt=\"Appel de Seydina Limamou Lahi et Pr\u00e9paratifs en Cours\" title=\"Appel de Seydina Limamou Lahi et Pr\u00e9paratifs en Cours\" data-type=\"image_tag\" data-img-url=\"https:\/\/static.africa-press.net\/senegal\/sites\/13\/2026\/01\/sm_1767437496.154879-80x60.jpg\"  width=\"80\" height=\"60\" \/><\/a><\/div>\r\n            <div class=\"item-details\">\r\n                <h3 class=\"entry-title td-module-title\"><a href=\"https:\/\/www.africa-press.net\/senegal\/culture-et-art\/appel-de-seydina-limamou-lahi-et-preparatifs-en-cours\" rel=\"bookmark\" title=\"Appel de Seydina Limamou Lahi et Pr\u00e9paratifs en Cours\">Appel de Seydina Limamou Lahi et Pr\u00e9paratifs en Cours<\/a><\/h3>                <div class=\"td-module-meta-info\">\r\n                                                            <span class=\"td-post-date\"><time class=\"entry-date updated td-module-date\" datetime=\"2026-01-02T12:10:00+00:00\" >2026-01-02<\/time><\/span>                                    <\/div>\r\n            <\/div>\r\n\r\n        <\/div>\r\n\r\n        <\/div><div class=\"td-next-prev-wrap\"><a href=\"#\" class=\"td-ajax-prev-page ajax-page-disabled\" id=\"prev-page-td_uid_63_69f4ba96ad65a\" data-td_block_id=\"td_uid_63_69f4ba96ad65a\"><i class=\"td-icon-font td-icon-menu-left\"><\/i><\/a><a href=\"#\"  class=\"td-ajax-next-page\" id=\"next-page-td_uid_63_69f4ba96ad65a\" data-td_block_id=\"td_uid_63_69f4ba96ad65a\"><i class=\"td-icon-font td-icon-menu-right\"><\/i><\/a><\/div><\/div> <!-- .\/block --><\/div><\/div><\/div><div class=\"vc_column_inner td_uid_64_69f4ba96b3d49_rand  wpb_column vc_column_container tdc-inner-column td-pb-span6\">\n<style scoped>\n\n\/* custom css *\/\n.td_uid_64_69f4ba96b3d49_rand {\r\n                    vertical-align: baseline;\r\n                }\n<\/style><div class=\"vc_column-inner\"><div class=\"wpb_wrapper\"><div class=\"td_block_wrap td_block_7 td_uid_65_69f4ba96b3ea5_rand td-pb-border-top td_block_template_1 td-column-1 td_block_padding\"  data-td-block-uid=\"td_uid_65_69f4ba96b3ea5\" >\n<style>\n\n\/* inline tdc_css att *\/\n\n\/* phone *\/\n@media (max-width: 767px)\n{\n.td_uid_65_69f4ba96b3ea5_rand{\ndisplay:none !important;\n}\n}\n\n<\/style><script>var block_td_uid_65_69f4ba96b3ea5 = new tdBlock();\nblock_td_uid_65_69f4ba96b3ea5.id = \"td_uid_65_69f4ba96b3ea5\";\nblock_td_uid_65_69f4ba96b3ea5.atts = '{\"category_id\":\"5\",\"limit\":\"4\",\"offset\":\"3\",\"tdc_css\":\"eyJwaG9uZSI6eyJkaXNwbGF5Ijoibm9uZSJ9LCJwaG9uZV9tYXhfd2lkdGgiOjc2N30=\",\"separator\":\"\",\"custom_title\":\"\",\"custom_url\":\"\",\"block_template_id\":\"\",\"m6_tl\":\"\",\"post_ids\":\"\",\"category_ids\":\"\",\"tag_slug\":\"\",\"autors_id\":\"\",\"installed_post_types\":\"\",\"sort\":\"\",\"show_modified_date\":\"\",\"el_class\":\"\",\"td_ajax_filter_type\":\"\",\"td_ajax_filter_ids\":\"\",\"td_filter_default_txt\":\"All\",\"td_ajax_preloading\":\"\",\"f_header_font_header\":\"\",\"f_header_font_title\":\"Block header\",\"f_header_font_settings\":\"\",\"f_header_font_family\":\"\",\"f_header_font_size\":\"\",\"f_header_font_line_height\":\"\",\"f_header_font_style\":\"\",\"f_header_font_weight\":\"\",\"f_header_font_transform\":\"\",\"f_header_font_spacing\":\"\",\"f_header_\":\"\",\"f_ajax_font_title\":\"Ajax categories\",\"f_ajax_font_settings\":\"\",\"f_ajax_font_family\":\"\",\"f_ajax_font_size\":\"\",\"f_ajax_font_line_height\":\"\",\"f_ajax_font_style\":\"\",\"f_ajax_font_weight\":\"\",\"f_ajax_font_transform\":\"\",\"f_ajax_font_spacing\":\"\",\"f_ajax_\":\"\",\"f_more_font_title\":\"Load more button\",\"f_more_font_settings\":\"\",\"f_more_font_family\":\"\",\"f_more_font_size\":\"\",\"f_more_font_line_height\":\"\",\"f_more_font_style\":\"\",\"f_more_font_weight\":\"\",\"f_more_font_transform\":\"\",\"f_more_font_spacing\":\"\",\"f_more_\":\"\",\"m6f_title_font_header\":\"\",\"m6f_title_font_title\":\"Article title\",\"m6f_title_font_settings\":\"\",\"m6f_title_font_family\":\"\",\"m6f_title_font_size\":\"\",\"m6f_title_font_line_height\":\"\",\"m6f_title_font_style\":\"\",\"m6f_title_font_weight\":\"\",\"m6f_title_font_transform\":\"\",\"m6f_title_font_spacing\":\"\",\"m6f_title_\":\"\",\"m6f_cat_font_title\":\"Article category tag\",\"m6f_cat_font_settings\":\"\",\"m6f_cat_font_family\":\"\",\"m6f_cat_font_size\":\"\",\"m6f_cat_font_line_height\":\"\",\"m6f_cat_font_style\":\"\",\"m6f_cat_font_weight\":\"\",\"m6f_cat_font_transform\":\"\",\"m6f_cat_font_spacing\":\"\",\"m6f_cat_\":\"\",\"m6f_meta_font_title\":\"Article meta info\",\"m6f_meta_font_settings\":\"\",\"m6f_meta_font_family\":\"\",\"m6f_meta_font_size\":\"\",\"m6f_meta_font_line_height\":\"\",\"m6f_meta_font_style\":\"\",\"m6f_meta_font_weight\":\"\",\"m6f_meta_font_transform\":\"\",\"m6f_meta_font_spacing\":\"\",\"m6f_meta_\":\"\",\"ajax_pagination\":\"\",\"ajax_pagination_infinite_stop\":\"\",\"css\":\"\",\"td_column_number\":1,\"header_color\":\"\",\"color_preset\":\"\",\"border_top\":\"\",\"class\":\"td_uid_65_69f4ba96b3ea5_rand\",\"tdc_css_class\":\"td_uid_65_69f4ba96b3ea5_rand\",\"tdc_css_class_style\":\"td_uid_65_69f4ba96b3ea5_rand_style\"}';\nblock_td_uid_65_69f4ba96b3ea5.td_column_number = \"1\";\nblock_td_uid_65_69f4ba96b3ea5.block_type = \"td_block_7\";\nblock_td_uid_65_69f4ba96b3ea5.post_count = \"4\";\nblock_td_uid_65_69f4ba96b3ea5.found_posts = \"510\";\nblock_td_uid_65_69f4ba96b3ea5.header_color = \"\";\nblock_td_uid_65_69f4ba96b3ea5.ajax_pagination_infinite_stop = \"\";\nblock_td_uid_65_69f4ba96b3ea5.max_num_pages = \"127\";\ntdBlocksArray.push(block_td_uid_65_69f4ba96b3ea5);\n<\/script><div class=\"td-block-title-wrap\"><\/div><div id=td_uid_65_69f4ba96b3ea5 class=\"td_block_inner\">\n\n\t<div class=\"td-block-span12\">\n\r\n        <div class=\"td_module_6 td_module_wrap td-animation-stack\">\r\n\r\n        <div class=\"td-module-thumb\"><a href=\"https:\/\/www.africa-press.net\/senegal\/culture-et-art\/defile-douverture-de-la-semaine-de-la-mode-a-dakar\" rel=\"bookmark\" class=\"td-image-wrap\" title=\"D\u00e9fil\u00e9 D&rsquo;Ouverture de la Semaine de la Mode \u00e0 Dakar\"><img loading=\"lazy\" decoding=\"async\" class=\"entry-thumb\" src=\"data:image\/png;base64,iVBORw0KGgoAAAANSUhEUgAAAGQAAABGAQMAAAAASKMqAAAAA1BMVEWurq51dlI4AAAAAXRSTlMmkutdmwAAABBJREFUKM9jGAWjYBQMKwAAA9QAAQWBn6cAAAAASUVORK5CYII=\" alt=\"D\u00e9fil\u00e9 D&#039;Ouverture de la Semaine de la Mode \u00e0 Dakar\" title=\"D\u00e9fil\u00e9 D&rsquo;Ouverture de la Semaine de la Mode \u00e0 Dakar\" data-type=\"image_tag\" data-img-url=\"https:\/\/static.africa-press.net\/senegal\/sites\/13\/2025\/12\/sm_1765082117.339032-100x70.jpg\"  width=\"100\" height=\"70\" \/><\/a><\/div>\r\n        <div class=\"item-details\">\r\n            <h3 class=\"entry-title td-module-title\"><a href=\"https:\/\/www.africa-press.net\/senegal\/culture-et-art\/defile-douverture-de-la-semaine-de-la-mode-a-dakar\" rel=\"bookmark\" title=\"D\u00e9fil\u00e9 D&rsquo;Ouverture de la Semaine de la Mode \u00e0 Dakar\">D\u00e9fil\u00e9 D&rsquo;Ouverture de la Semaine de la Mode \u00e0 Dakar<\/a><\/h3>            <div class=\"td-module-meta-info\">\r\n                                                <span class=\"td-post-date\"><time class=\"entry-date updated td-module-date\" datetime=\"2025-12-06T12:10:00+00:00\" >2025-12-06<\/time><\/span>                            <\/div>\r\n        <\/div>\r\n\r\n        <\/div>\r\n\r\n        \n\t<\/div> <!-- .\/td-block-span12 -->\n\n\t<div class=\"td-block-span12\">\n\r\n        <div class=\"td_module_6 td_module_wrap td-animation-stack\">\r\n\r\n        <div class=\"td-module-thumb\"><a href=\"https:\/\/www.africa-press.net\/senegal\/culture-et-art\/prenoms-traditionnels-longs-persistant-en-afrique\" rel=\"bookmark\" class=\"td-image-wrap\" title=\"Pr\u00e9noms Traditionnels Longs Persistant en Afrique\"><img loading=\"lazy\" decoding=\"async\" class=\"entry-thumb\" src=\"data:image\/png;base64,iVBORw0KGgoAAAANSUhEUgAAAGQAAABGAQMAAAAASKMqAAAAA1BMVEWurq51dlI4AAAAAXRSTlMmkutdmwAAABBJREFUKM9jGAWjYBQMKwAAA9QAAQWBn6cAAAAASUVORK5CYII=\" alt=\"Pr\u00e9noms Traditionnels Longs Persistant en Afrique\" title=\"Pr\u00e9noms Traditionnels Longs Persistant en Afrique\" data-type=\"image_tag\" data-img-url=\"https:\/\/static.africa-press.net\/senegal\/sites\/13\/2025\/12\/sm_1764989830.22732-100x70.jpg\"  width=\"100\" height=\"70\" \/><\/a><\/div>\r\n        <div class=\"item-details\">\r\n            <h3 class=\"entry-title td-module-title\"><a href=\"https:\/\/www.africa-press.net\/senegal\/culture-et-art\/prenoms-traditionnels-longs-persistant-en-afrique\" rel=\"bookmark\" title=\"Pr\u00e9noms Traditionnels Longs Persistant en Afrique\">Pr\u00e9noms Traditionnels Longs Persistant en Afrique<\/a><\/h3>            <div class=\"td-module-meta-info\">\r\n                                                <span class=\"td-post-date\"><time class=\"entry-date updated td-module-date\" datetime=\"2025-12-05T12:10:00+00:00\" >2025-12-05<\/time><\/span>                            <\/div>\r\n        <\/div>\r\n\r\n        <\/div>\r\n\r\n        \n\t<\/div> <!-- .\/td-block-span12 -->\n\n\t<div class=\"td-block-span12\">\n\r\n        <div class=\"td_module_6 td_module_wrap td-animation-stack\">\r\n\r\n        <div class=\"td-module-thumb\"><a href=\"https:\/\/www.africa-press.net\/senegal\/culture-et-art\/mosquee-de-la-divinite-de-dakar-chef-doeuvre-reve\" rel=\"bookmark\" class=\"td-image-wrap\" title=\"Mosqu\u00e9e de la Divinit\u00e9 de Dakar, Chef-D&rsquo;\u0152uvre R\u00eav\u00e9\"><img loading=\"lazy\" decoding=\"async\" class=\"entry-thumb\" src=\"data:image\/png;base64,iVBORw0KGgoAAAANSUhEUgAAAGQAAABGAQMAAAAASKMqAAAAA1BMVEWurq51dlI4AAAAAXRSTlMmkutdmwAAABBJREFUKM9jGAWjYBQMKwAAA9QAAQWBn6cAAAAASUVORK5CYII=\" alt=\"Mosqu\u00e9e de la Divinit\u00e9 de Dakar, Chef-D&#039;\u0152uvre R\u00eav\u00e9\" title=\"Mosqu\u00e9e de la Divinit\u00e9 de Dakar, Chef-D&rsquo;\u0152uvre R\u00eav\u00e9\" data-type=\"image_tag\" data-img-url=\"https:\/\/static.africa-press.net\/senegal\/sites\/13\/2025\/11\/sm_1764476062.503215-100x70.jpg\"  width=\"100\" height=\"70\" \/><\/a><\/div>\r\n        <div class=\"item-details\">\r\n            <h3 class=\"entry-title td-module-title\"><a href=\"https:\/\/www.africa-press.net\/senegal\/culture-et-art\/mosquee-de-la-divinite-de-dakar-chef-doeuvre-reve\" rel=\"bookmark\" title=\"Mosqu\u00e9e de la Divinit\u00e9 de Dakar, Chef-D&rsquo;\u0152uvre R\u00eav\u00e9\">Mosqu\u00e9e de la Divinit\u00e9 de Dakar, Chef-D&rsquo;\u0152uvre R\u00eav\u00e9<\/a><\/h3>            <div class=\"td-module-meta-info\">\r\n                                                <span class=\"td-post-date\"><time class=\"entry-date updated td-module-date\" datetime=\"2025-11-29T12:10:00+00:00\" >2025-11-29<\/time><\/span>                            <\/div>\r\n        <\/div>\r\n\r\n        <\/div>\r\n\r\n        \n\t<\/div> <!-- .\/td-block-span12 -->\n\n\t<div class=\"td-block-span12\">\n\r\n        <div class=\"td_module_6 td_module_wrap td-animation-stack\">\r\n\r\n        <div class=\"td-module-thumb\"><a href=\"https:\/\/www.africa-press.net\/senegal\/culture-et-art\/ecofest-dakar-abritera-la-1ere-edition\" rel=\"bookmark\" class=\"td-image-wrap\" title=\"ECOFEST: Dakar Abritera la 1E\u0300Re E\u0301Dition\"><img loading=\"lazy\" decoding=\"async\" class=\"entry-thumb\" src=\"data:image\/png;base64,iVBORw0KGgoAAAANSUhEUgAAAGQAAABGAQMAAAAASKMqAAAAA1BMVEWurq51dlI4AAAAAXRSTlMmkutdmwAAABBJREFUKM9jGAWjYBQMKwAAA9QAAQWBn6cAAAAASUVORK5CYII=\" alt=\"ECOFEST: Dakar Abritera la 1E\u0300Re E\u0301Dition\" title=\"ECOFEST: Dakar Abritera la 1E\u0300Re E\u0301Dition\" data-type=\"image_tag\" data-img-url=\"https:\/\/static.africa-press.net\/senegal\/sites\/13\/2025\/11\/sm_1764315366.657224-100x70.jpg\"  width=\"100\" height=\"70\" \/><\/a><\/div>\r\n        <div class=\"item-details\">\r\n            <h3 class=\"entry-title td-module-title\"><a href=\"https:\/\/www.africa-press.net\/senegal\/culture-et-art\/ecofest-dakar-abritera-la-1ere-edition\" rel=\"bookmark\" title=\"ECOFEST: Dakar Abritera la 1E\u0300Re E\u0301Dition\">ECOFEST: Dakar Abritera la 1E\u0300Re E\u0301Dition<\/a><\/h3>            <div class=\"td-module-meta-info\">\r\n                                                <span class=\"td-post-date\"><time class=\"entry-date updated td-module-date\" datetime=\"2025-11-27T12:10:00+00:00\" >2025-11-27<\/time><\/span>                            <\/div>\r\n        <\/div>\r\n\r\n        <\/div>\r\n\r\n        \n\t<\/div> <!-- .\/td-block-span12 --><\/div><\/div> <!-- .\/block --><\/div><\/div><\/div><\/div><div class=\"tdm_block td_block_wrap tdm_block_button td_uid_66_69f4ba96b9fb3_rand tdm-block-button-inline tdm-content-horiz-right td-pb-border-top main-box-btn-green-en td_block_template_1\"  data-td-block-uid=\"td_uid_66_69f4ba96b9fb3\"     >\n<style>\n.td_uid_67_69f4ba96ba79f i:first-child {\r\n\t\t\t\t\tmargin-right: 14px;\r\n\t\t\t\t}\n<\/style><div class=\"tds-button td-fix-index\"><a \r\n                href=\"\/senegal\/culture-et-art\" \r\n                class=\"tds-button1 tdm-btn tdm-btn-sm td_uid_67_69f4ba96ba79f\"  target=\"_blank\" ><i class=\"tdc-font-fa tdc-font-fa-arrow-right\"><\/i><span class=\"tdm-btn-text\">Plus de Nouvelles<\/span><\/a><\/div><\/div><div class=\"wpb_wrapper td_block_wrap vc_raw_html td_uid_68_69f4ba96bacfe_rand \"><div class=\"td-fix-index\"><div class=\"td-block-title-wrap\"><h4 class=\"block-title\"><a href=\"\/senegal\/Sports\" class=\"td-pulldown-size\">Sports<\/a><\/h4><\/div><\/div><\/div><div id=\"main-box\" class=\"vc_row_inner td_uid_69_69f4ba96bad57_rand  vc_row vc_inner wpb_row td-pb-row\" >\n<style scoped>\n\n\/* custom css *\/\n.td_uid_69_69f4ba96bad57_rand {\r\n                    position: relative !important;\r\n                    top: 0;\r\n                    transform: none;\r\n                    -webkit-transform: none;\r\n                }\n<\/style><div class=\"vc_column_inner td_uid_70_69f4ba96baeb0_rand  wpb_column vc_column_container tdc-inner-column td-pb-span6\">\n<style scoped>\n\n\/* custom css *\/\n.td_uid_70_69f4ba96baeb0_rand {\r\n                    vertical-align: baseline;\r\n                }\n<\/style><div class=\"vc_column-inner\"><div class=\"wpb_wrapper\"><div class=\"td_block_wrap td_block_18 td_uid_71_69f4ba96bb002_rand td_with_ajax_pagination td-pb-border-top td_block_template_1 td-column-1\"  data-td-block-uid=\"td_uid_71_69f4ba96bb002\" ><script>var block_td_uid_71_69f4ba96bb002 = new tdBlock();\nblock_td_uid_71_69f4ba96bb002.id = \"td_uid_71_69f4ba96bb002\";\nblock_td_uid_71_69f4ba96bb002.atts = '{\"category_id\":\"6\",\"limit\":\"3\",\"ajax_pagination\":\"next_prev\",\"separator\":\"\",\"custom_title\":\"\",\"custom_url\":\"\",\"block_template_id\":\"\",\"mx8_tl\":\"\",\"m10_tl\":\"\",\"m10_el\":\"\",\"mx2_tl\":\"\",\"post_ids\":\"\",\"category_ids\":\"\",\"tag_slug\":\"\",\"autors_id\":\"\",\"installed_post_types\":\"\",\"sort\":\"\",\"offset\":\"\",\"show_modified_date\":\"\",\"el_class\":\"\",\"td_ajax_filter_type\":\"\",\"td_ajax_filter_ids\":\"\",\"td_filter_default_txt\":\"All\",\"td_ajax_preloading\":\"\",\"f_header_font_header\":\"\",\"f_header_font_title\":\"Block header\",\"f_header_font_settings\":\"\",\"f_header_font_family\":\"\",\"f_header_font_size\":\"\",\"f_header_font_line_height\":\"\",\"f_header_font_style\":\"\",\"f_header_font_weight\":\"\",\"f_header_font_transform\":\"\",\"f_header_font_spacing\":\"\",\"f_header_\":\"\",\"f_ajax_font_title\":\"Ajax categories\",\"f_ajax_font_settings\":\"\",\"f_ajax_font_family\":\"\",\"f_ajax_font_size\":\"\",\"f_ajax_font_line_height\":\"\",\"f_ajax_font_style\":\"\",\"f_ajax_font_weight\":\"\",\"f_ajax_font_transform\":\"\",\"f_ajax_font_spacing\":\"\",\"f_ajax_\":\"\",\"f_more_font_title\":\"Load more button\",\"f_more_font_settings\":\"\",\"f_more_font_family\":\"\",\"f_more_font_size\":\"\",\"f_more_font_line_height\":\"\",\"f_more_font_style\":\"\",\"f_more_font_weight\":\"\",\"f_more_font_transform\":\"\",\"f_more_font_spacing\":\"\",\"f_more_\":\"\",\"mx8f_title_font_header\":\"\",\"mx8f_title_font_title\":\"Article title\",\"mx8f_title_font_settings\":\"\",\"mx8f_title_font_family\":\"\",\"mx8f_title_font_size\":\"\",\"mx8f_title_font_line_height\":\"\",\"mx8f_title_font_style\":\"\",\"mx8f_title_font_weight\":\"\",\"mx8f_title_font_transform\":\"\",\"mx8f_title_font_spacing\":\"\",\"mx8f_title_\":\"\",\"mx8f_cat_font_title\":\"Article category tag\",\"mx8f_cat_font_settings\":\"\",\"mx8f_cat_font_family\":\"\",\"mx8f_cat_font_size\":\"\",\"mx8f_cat_font_line_height\":\"\",\"mx8f_cat_font_style\":\"\",\"mx8f_cat_font_weight\":\"\",\"mx8f_cat_font_transform\":\"\",\"mx8f_cat_font_spacing\":\"\",\"mx8f_cat_\":\"\",\"mx8f_meta_font_title\":\"Article meta info\",\"mx8f_meta_font_settings\":\"\",\"mx8f_meta_font_family\":\"\",\"mx8f_meta_font_size\":\"\",\"mx8f_meta_font_line_height\":\"\",\"mx8f_meta_font_style\":\"\",\"mx8f_meta_font_weight\":\"\",\"mx8f_meta_font_transform\":\"\",\"mx8f_meta_font_spacing\":\"\",\"mx8f_meta_\":\"\",\"m10f_title_font_header\":\"\",\"m10f_title_font_title\":\"Article title\",\"m10f_title_font_settings\":\"\",\"m10f_title_font_family\":\"\",\"m10f_title_font_size\":\"\",\"m10f_title_font_line_height\":\"\",\"m10f_title_font_style\":\"\",\"m10f_title_font_weight\":\"\",\"m10f_title_font_transform\":\"\",\"m10f_title_font_spacing\":\"\",\"m10f_title_\":\"\",\"m10f_cat_font_title\":\"Article category tag\",\"m10f_cat_font_settings\":\"\",\"m10f_cat_font_family\":\"\",\"m10f_cat_font_size\":\"\",\"m10f_cat_font_line_height\":\"\",\"m10f_cat_font_style\":\"\",\"m10f_cat_font_weight\":\"\",\"m10f_cat_font_transform\":\"\",\"m10f_cat_font_spacing\":\"\",\"m10f_cat_\":\"\",\"m10f_meta_font_title\":\"Article meta info\",\"m10f_meta_font_settings\":\"\",\"m10f_meta_font_family\":\"\",\"m10f_meta_font_size\":\"\",\"m10f_meta_font_line_height\":\"\",\"m10f_meta_font_style\":\"\",\"m10f_meta_font_weight\":\"\",\"m10f_meta_font_transform\":\"\",\"m10f_meta_font_spacing\":\"\",\"m10f_meta_\":\"\",\"m10f_ex_font_title\":\"Article excerpt\",\"m10f_ex_font_settings\":\"\",\"m10f_ex_font_family\":\"\",\"m10f_ex_font_size\":\"\",\"m10f_ex_font_line_height\":\"\",\"m10f_ex_font_style\":\"\",\"m10f_ex_font_weight\":\"\",\"m10f_ex_font_transform\":\"\",\"m10f_ex_font_spacing\":\"\",\"m10f_ex_\":\"\",\"mx2f_title_font_header\":\"\",\"mx2f_title_font_title\":\"Article title\",\"mx2f_title_font_settings\":\"\",\"mx2f_title_font_family\":\"\",\"mx2f_title_font_size\":\"\",\"mx2f_title_font_line_height\":\"\",\"mx2f_title_font_style\":\"\",\"mx2f_title_font_weight\":\"\",\"mx2f_title_font_transform\":\"\",\"mx2f_title_font_spacing\":\"\",\"mx2f_title_\":\"\",\"mx2f_cat_font_title\":\"Article category tag\",\"mx2f_cat_font_settings\":\"\",\"mx2f_cat_font_family\":\"\",\"mx2f_cat_font_size\":\"\",\"mx2f_cat_font_line_height\":\"\",\"mx2f_cat_font_style\":\"\",\"mx2f_cat_font_weight\":\"\",\"mx2f_cat_font_transform\":\"\",\"mx2f_cat_font_spacing\":\"\",\"mx2f_cat_\":\"\",\"mx2f_meta_font_title\":\"Article meta info\",\"mx2f_meta_font_settings\":\"\",\"mx2f_meta_font_family\":\"\",\"mx2f_meta_font_size\":\"\",\"mx2f_meta_font_line_height\":\"\",\"mx2f_meta_font_style\":\"\",\"mx2f_meta_font_weight\":\"\",\"mx2f_meta_font_transform\":\"\",\"mx2f_meta_font_spacing\":\"\",\"mx2f_meta_\":\"\",\"ajax_pagination_infinite_stop\":\"\",\"css\":\"\",\"tdc_css\":\"\",\"td_column_number\":1,\"header_color\":\"\",\"color_preset\":\"\",\"border_top\":\"\",\"class\":\"td_uid_71_69f4ba96bb002_rand\",\"tdc_css_class\":\"td_uid_71_69f4ba96bb002_rand\",\"tdc_css_class_style\":\"td_uid_71_69f4ba96bb002_rand_style\"}';\nblock_td_uid_71_69f4ba96bb002.td_column_number = \"1\";\nblock_td_uid_71_69f4ba96bb002.block_type = \"td_block_18\";\nblock_td_uid_71_69f4ba96bb002.post_count = \"3\";\nblock_td_uid_71_69f4ba96bb002.found_posts = \"3230\";\nblock_td_uid_71_69f4ba96bb002.header_color = \"\";\nblock_td_uid_71_69f4ba96bb002.ajax_pagination_infinite_stop = \"\";\nblock_td_uid_71_69f4ba96bb002.max_num_pages = \"1077\";\ntdBlocksArray.push(block_td_uid_71_69f4ba96bb002);\n<\/script><div class=\"td-block-title-wrap\"><\/div><div id=td_uid_71_69f4ba96bb002 class=\"td_block_inner td-column-1\">\r\n        <div class=\"td_module_mx8 td_module_wrap td-animation-stack\">\r\n            <div class=\"meta-info-container\">\r\n                <div class=\"td-module-thumb\"><a href=\"https:\/\/www.africa-press.net\/senegal\/sports\/caf-et-uefa-participation-des-equipes-africaines\" rel=\"bookmark\" class=\"td-image-wrap\" title=\"CAF et UEFA: Participation des E\u0301Quipes Africaines\"><img loading=\"lazy\" decoding=\"async\" class=\"entry-thumb\" src=\"data:image\/png;base64,iVBORw0KGgoAAAANSUhEUgAAArgAAAGBAQMAAAC3k1CUAAAAA1BMVEWurq51dlI4AAAAAXRSTlMmkutdmwAAADdJREFUeNrtwTEBAAAAwiD7p7bETmAAAAAAAAAAAAAAAAAAAAAAAAAAAAAAAAAAAAAAAAAAAEDuhFgAARFpDB8AAAAASUVORK5CYII=\" alt=\"CAF et UEFA: Participation des E\u0301Quipes Africaines\" title=\"CAF et UEFA: Participation des E\u0301Quipes Africaines\" data-type=\"image_tag\" data-img-url=\"https:\/\/static.africa-press.net\/senegal\/sites\/13\/2026\/04\/sm_1777574173.920439-696x385.jpg\"  width=\"696\" height=\"385\" \/><\/a><\/div>\r\n                <div class=\"td-module-meta-info\">\r\n                    <h3 class=\"entry-title td-module-title\"><a href=\"https:\/\/www.africa-press.net\/senegal\/sports\/caf-et-uefa-participation-des-equipes-africaines\" rel=\"bookmark\" title=\"CAF et UEFA: Participation des E\u0301Quipes Africaines\">CAF et UEFA: Participation des E\u0301Quipes Africaines<\/a><\/h3>                                        <span class=\"td-author-date\">\r\n                                                <span class=\"td-post-date\"><time class=\"entry-date updated td-module-date\" datetime=\"2026-04-30T12:10:00+00:00\" >2026-04-30<\/time><\/span>                                            <\/span>\r\n                <\/div>\r\n            <\/div>\r\n\r\n        <\/div>\r\n\r\n        \r\n        <div class=\"td_module_mx2 td_module_wrap td-animation-stack\">\r\n\r\n            <div class=\"td-module-thumb\"><a href=\"https:\/\/www.africa-press.net\/senegal\/sports\/afrique-et-asie-soutiennent-infantino-pour-un-nouveau-mandat\" rel=\"bookmark\" class=\"td-image-wrap\" title=\"Afrique et Asie Soutiennent Infantino Pour Un Nouveau Mandat\"><img loading=\"lazy\" decoding=\"async\" class=\"entry-thumb\" src=\"data:image\/png;base64,iVBORw0KGgoAAAANSUhEUgAAAFAAAAA8AQMAAADL6a\/PAAAAA1BMVEWurq51dlI4AAAAAXRSTlMmkutdmwAAAA5JREFUKM9jGAWjYJABAAKUAAHoEAeuAAAAAElFTkSuQmCC\" alt=\"Afrique et Asie Soutiennent Infantino Pour Un Nouveau Mandat\" title=\"Afrique et Asie Soutiennent Infantino Pour Un Nouveau Mandat\" data-type=\"image_tag\" data-img-url=\"https:\/\/static.africa-press.net\/senegal\/sites\/13\/2026\/04\/sm_1777574325.535199-80x60.jpg\"  width=\"80\" height=\"60\" \/><\/a><\/div>\r\n            <div class=\"item-details\">\r\n                <h3 class=\"entry-title td-module-title\"><a href=\"https:\/\/www.africa-press.net\/senegal\/sports\/afrique-et-asie-soutiennent-infantino-pour-un-nouveau-mandat\" rel=\"bookmark\" title=\"Afrique et Asie Soutiennent Infantino Pour Un Nouveau Mandat\">Afrique et Asie Soutiennent Infantino Pour Un Nouveau Mandat<\/a><\/h3>                <div class=\"td-module-meta-info\">\r\n                                                            <span class=\"td-post-date\"><time class=\"entry-date updated td-module-date\" datetime=\"2026-04-30T12:10:00+00:00\" >2026-04-30<\/time><\/span>                                    <\/div>\r\n            <\/div>\r\n\r\n        <\/div>\r\n\r\n        \r\n        <div class=\"td_module_mx2 td_module_wrap td-animation-stack\">\r\n\r\n            <div class=\"td-module-thumb\"><a href=\"https:\/\/www.africa-press.net\/senegal\/sports\/76e-congres-de-la-fifa-unite-des-associations-de-la-caf\" rel=\"bookmark\" class=\"td-image-wrap\" title=\"76E Congr\u00e8s de la FIFA: Unit\u00e9 des Associations de la CAF\"><img loading=\"lazy\" decoding=\"async\" class=\"entry-thumb\" src=\"data:image\/png;base64,iVBORw0KGgoAAAANSUhEUgAAAFAAAAA8AQMAAADL6a\/PAAAAA1BMVEWurq51dlI4AAAAAXRSTlMmkutdmwAAAA5JREFUKM9jGAWjYJABAAKUAAHoEAeuAAAAAElFTkSuQmCC\" alt=\"76E Congr\u00e8s de la FIFA: Unit\u00e9 des Associations de la CAF\" title=\"76E Congr\u00e8s de la FIFA: Unit\u00e9 des Associations de la CAF\" data-type=\"image_tag\" data-img-url=\"https:\/\/static.africa-press.net\/senegal\/sites\/13\/2026\/04\/sm_1777574469.83487-80x60.jpg\"  width=\"80\" height=\"60\" \/><\/a><\/div>\r\n            <div class=\"item-details\">\r\n                <h3 class=\"entry-title td-module-title\"><a href=\"https:\/\/www.africa-press.net\/senegal\/sports\/76e-congres-de-la-fifa-unite-des-associations-de-la-caf\" rel=\"bookmark\" title=\"76E Congr\u00e8s de la FIFA: Unit\u00e9 des Associations de la CAF\">76E Congr\u00e8s de la FIFA: Unit\u00e9 des Associations de la CAF<\/a><\/h3>                <div class=\"td-module-meta-info\">\r\n                                                            <span class=\"td-post-date\"><time class=\"entry-date updated td-module-date\" datetime=\"2026-04-30T12:00:00+00:00\" >2026-04-30<\/time><\/span>                                    <\/div>\r\n            <\/div>\r\n\r\n        <\/div>\r\n\r\n        <\/div><div class=\"td-next-prev-wrap\"><a href=\"#\" class=\"td-ajax-prev-page ajax-page-disabled\" id=\"prev-page-td_uid_71_69f4ba96bb002\" data-td_block_id=\"td_uid_71_69f4ba96bb002\"><i class=\"td-icon-font td-icon-menu-left\"><\/i><\/a><a href=\"#\"  class=\"td-ajax-next-page\" id=\"next-page-td_uid_71_69f4ba96bb002\" data-td_block_id=\"td_uid_71_69f4ba96bb002\"><i class=\"td-icon-font td-icon-menu-right\"><\/i><\/a><\/div><\/div> <!-- .\/block --><\/div><\/div><\/div><div class=\"vc_column_inner td_uid_72_69f4ba96c7cfd_rand  wpb_column vc_column_container tdc-inner-column td-pb-span6\">\n<style scoped>\n\n\/* custom css *\/\n.td_uid_72_69f4ba96c7cfd_rand {\r\n                    vertical-align: baseline;\r\n                }\n<\/style><div class=\"vc_column-inner\"><div class=\"wpb_wrapper\"><div class=\"td_block_wrap td_block_7 td_uid_73_69f4ba96c7e5f_rand td-pb-border-top td_block_template_1 td-column-1 td_block_padding\"  data-td-block-uid=\"td_uid_73_69f4ba96c7e5f\" >\n<style>\n\n\/* inline tdc_css att *\/\n\n\/* phone *\/\n@media (max-width: 767px)\n{\n.td_uid_73_69f4ba96c7e5f_rand{\ndisplay:none !important;\n}\n}\n\n<\/style><script>var block_td_uid_73_69f4ba96c7e5f = new tdBlock();\nblock_td_uid_73_69f4ba96c7e5f.id = \"td_uid_73_69f4ba96c7e5f\";\nblock_td_uid_73_69f4ba96c7e5f.atts = '{\"category_id\":\"6\",\"limit\":\"4\",\"offset\":\"3\",\"tdc_css\":\"eyJwaG9uZSI6eyJkaXNwbGF5Ijoibm9uZSJ9LCJwaG9uZV9tYXhfd2lkdGgiOjc2N30=\",\"separator\":\"\",\"custom_title\":\"\",\"custom_url\":\"\",\"block_template_id\":\"\",\"m6_tl\":\"\",\"post_ids\":\"\",\"category_ids\":\"\",\"tag_slug\":\"\",\"autors_id\":\"\",\"installed_post_types\":\"\",\"sort\":\"\",\"show_modified_date\":\"\",\"el_class\":\"\",\"td_ajax_filter_type\":\"\",\"td_ajax_filter_ids\":\"\",\"td_filter_default_txt\":\"All\",\"td_ajax_preloading\":\"\",\"f_header_font_header\":\"\",\"f_header_font_title\":\"Block header\",\"f_header_font_settings\":\"\",\"f_header_font_family\":\"\",\"f_header_font_size\":\"\",\"f_header_font_line_height\":\"\",\"f_header_font_style\":\"\",\"f_header_font_weight\":\"\",\"f_header_font_transform\":\"\",\"f_header_font_spacing\":\"\",\"f_header_\":\"\",\"f_ajax_font_title\":\"Ajax categories\",\"f_ajax_font_settings\":\"\",\"f_ajax_font_family\":\"\",\"f_ajax_font_size\":\"\",\"f_ajax_font_line_height\":\"\",\"f_ajax_font_style\":\"\",\"f_ajax_font_weight\":\"\",\"f_ajax_font_transform\":\"\",\"f_ajax_font_spacing\":\"\",\"f_ajax_\":\"\",\"f_more_font_title\":\"Load more button\",\"f_more_font_settings\":\"\",\"f_more_font_family\":\"\",\"f_more_font_size\":\"\",\"f_more_font_line_height\":\"\",\"f_more_font_style\":\"\",\"f_more_font_weight\":\"\",\"f_more_font_transform\":\"\",\"f_more_font_spacing\":\"\",\"f_more_\":\"\",\"m6f_title_font_header\":\"\",\"m6f_title_font_title\":\"Article title\",\"m6f_title_font_settings\":\"\",\"m6f_title_font_family\":\"\",\"m6f_title_font_size\":\"\",\"m6f_title_font_line_height\":\"\",\"m6f_title_font_style\":\"\",\"m6f_title_font_weight\":\"\",\"m6f_title_font_transform\":\"\",\"m6f_title_font_spacing\":\"\",\"m6f_title_\":\"\",\"m6f_cat_font_title\":\"Article category tag\",\"m6f_cat_font_settings\":\"\",\"m6f_cat_font_family\":\"\",\"m6f_cat_font_size\":\"\",\"m6f_cat_font_line_height\":\"\",\"m6f_cat_font_style\":\"\",\"m6f_cat_font_weight\":\"\",\"m6f_cat_font_transform\":\"\",\"m6f_cat_font_spacing\":\"\",\"m6f_cat_\":\"\",\"m6f_meta_font_title\":\"Article meta info\",\"m6f_meta_font_settings\":\"\",\"m6f_meta_font_family\":\"\",\"m6f_meta_font_size\":\"\",\"m6f_meta_font_line_height\":\"\",\"m6f_meta_font_style\":\"\",\"m6f_meta_font_weight\":\"\",\"m6f_meta_font_transform\":\"\",\"m6f_meta_font_spacing\":\"\",\"m6f_meta_\":\"\",\"ajax_pagination\":\"\",\"ajax_pagination_infinite_stop\":\"\",\"css\":\"\",\"td_column_number\":1,\"header_color\":\"\",\"color_preset\":\"\",\"border_top\":\"\",\"class\":\"td_uid_73_69f4ba96c7e5f_rand\",\"tdc_css_class\":\"td_uid_73_69f4ba96c7e5f_rand\",\"tdc_css_class_style\":\"td_uid_73_69f4ba96c7e5f_rand_style\"}';\nblock_td_uid_73_69f4ba96c7e5f.td_column_number = \"1\";\nblock_td_uid_73_69f4ba96c7e5f.block_type = \"td_block_7\";\nblock_td_uid_73_69f4ba96c7e5f.post_count = \"4\";\nblock_td_uid_73_69f4ba96c7e5f.found_posts = \"3230\";\nblock_td_uid_73_69f4ba96c7e5f.header_color = \"\";\nblock_td_uid_73_69f4ba96c7e5f.ajax_pagination_infinite_stop = \"\";\nblock_td_uid_73_69f4ba96c7e5f.max_num_pages = \"807\";\ntdBlocksArray.push(block_td_uid_73_69f4ba96c7e5f);\n<\/script><div class=\"td-block-title-wrap\"><\/div><div id=td_uid_73_69f4ba96c7e5f class=\"td_block_inner\">\n\n\t<div class=\"td-block-span12\">\n\r\n        <div class=\"td_module_6 td_module_wrap td-animation-stack\">\r\n\r\n        <div class=\"td-module-thumb\"><a href=\"https:\/\/www.africa-press.net\/senegal\/sports\/top-5-des-joueurs-africains-aux-chaussettes-baisees\" rel=\"bookmark\" class=\"td-image-wrap\" title=\"Top 5 des Joueurs Africains aux Chaussettes Bais\u00e9es\"><img loading=\"lazy\" decoding=\"async\" class=\"entry-thumb\" src=\"data:image\/png;base64,iVBORw0KGgoAAAANSUhEUgAAAGQAAABGAQMAAAAASKMqAAAAA1BMVEWurq51dlI4AAAAAXRSTlMmkutdmwAAABBJREFUKM9jGAWjYBQMKwAAA9QAAQWBn6cAAAAASUVORK5CYII=\" alt=\"Top 5 des Joueurs Africains aux Chaussettes Bais\u00e9es\" title=\"Top 5 des Joueurs Africains aux Chaussettes Bais\u00e9es\" data-type=\"image_tag\" data-img-url=\"https:\/\/static.africa-press.net\/senegal\/sites\/13\/2026\/05\/sm_1777604927.810826-100x70.jpg\"  width=\"100\" height=\"70\" \/><\/a><\/div>\r\n        <div class=\"item-details\">\r\n            <h3 class=\"entry-title td-module-title\"><a href=\"https:\/\/www.africa-press.net\/senegal\/sports\/top-5-des-joueurs-africains-aux-chaussettes-baisees\" rel=\"bookmark\" title=\"Top 5 des Joueurs Africains aux Chaussettes Bais\u00e9es\">Top 5 des Joueurs Africains aux Chaussettes Bais\u00e9es<\/a><\/h3>            <div class=\"td-module-meta-info\">\r\n                                                <span class=\"td-post-date\"><time class=\"entry-date updated td-module-date\" datetime=\"2026-04-30T02:38:47+00:00\" >2026-04-30<\/time><\/span>                            <\/div>\r\n        <\/div>\r\n\r\n        <\/div>\r\n\r\n        \n\t<\/div> <!-- .\/td-block-span12 -->\n\n\t<div class=\"td-block-span12\">\n\r\n        <div class=\"td_module_6 td_module_wrap td-animation-stack\">\r\n\r\n        <div class=\"td-module-thumb\"><a href=\"https:\/\/www.africa-press.net\/senegal\/sports\/etoo-et-onana-revelations-sur-le-football-camerounais\" rel=\"bookmark\" class=\"td-image-wrap\" title=\"Eto\u2019O et Onana: Re\u0301ve\u0301lations sur le Football Camerounais\"><img loading=\"lazy\" decoding=\"async\" class=\"entry-thumb\" src=\"data:image\/png;base64,iVBORw0KGgoAAAANSUhEUgAAAGQAAABGAQMAAAAASKMqAAAAA1BMVEWurq51dlI4AAAAAXRSTlMmkutdmwAAABBJREFUKM9jGAWjYBQMKwAAA9QAAQWBn6cAAAAASUVORK5CYII=\" alt=\"Eto\u2019O et Onana: Re\u0301ve\u0301lations sur le Football Camerounais\" title=\"Eto\u2019O et Onana: Re\u0301ve\u0301lations sur le Football Camerounais\" data-type=\"image_tag\" data-img-url=\"https:\/\/static.africa-press.net\/senegal\/sites\/13\/2026\/05\/sm_1777604654.909984-100x70.jpg\"  width=\"100\" height=\"70\" \/><\/a><\/div>\r\n        <div class=\"item-details\">\r\n            <h3 class=\"entry-title td-module-title\"><a href=\"https:\/\/www.africa-press.net\/senegal\/sports\/etoo-et-onana-revelations-sur-le-football-camerounais\" rel=\"bookmark\" title=\"Eto\u2019O et Onana: Re\u0301ve\u0301lations sur le Football Camerounais\">Eto\u2019O et Onana: Re\u0301ve\u0301lations sur le Football Camerounais<\/a><\/h3>            <div class=\"td-module-meta-info\">\r\n                                                <span class=\"td-post-date\"><time class=\"entry-date updated td-module-date\" datetime=\"2026-04-30T02:34:13+00:00\" >2026-04-30<\/time><\/span>                            <\/div>\r\n        <\/div>\r\n\r\n        <\/div>\r\n\r\n        \n\t<\/div> <!-- .\/td-block-span12 -->\n\n\t<div class=\"td-block-span12\">\n\r\n        <div class=\"td_module_6 td_module_wrap td-animation-stack\">\r\n\r\n        <div class=\"td-module-thumb\"><a href=\"https:\/\/www.africa-press.net\/senegal\/sports\/can-2027-le-calendrier-est-fixe-le-defi-commence\" rel=\"bookmark\" class=\"td-image-wrap\" title=\"CAN 2027: le Calendrier Est Fixe\u0301, le De\u0301fi Commence\"><img loading=\"lazy\" decoding=\"async\" class=\"entry-thumb\" src=\"data:image\/png;base64,iVBORw0KGgoAAAANSUhEUgAAAGQAAABGAQMAAAAASKMqAAAAA1BMVEWurq51dlI4AAAAAXRSTlMmkutdmwAAABBJREFUKM9jGAWjYBQMKwAAA9QAAQWBn6cAAAAASUVORK5CYII=\" alt=\"CAN 2027: le Calendrier Est Fixe\u0301, le De\u0301fi Commence\" title=\"CAN 2027: le Calendrier Est Fixe\u0301, le De\u0301fi Commence\" data-type=\"image_tag\" data-img-url=\"https:\/\/static.africa-press.net\/senegal\/sites\/13\/2026\/04\/sm_1777508539.871637-100x70.jpg\"  width=\"100\" height=\"70\" \/><\/a><\/div>\r\n        <div class=\"item-details\">\r\n            <h3 class=\"entry-title td-module-title\"><a href=\"https:\/\/www.africa-press.net\/senegal\/sports\/can-2027-le-calendrier-est-fixe-le-defi-commence\" rel=\"bookmark\" title=\"CAN 2027: le Calendrier Est Fixe\u0301, le De\u0301fi Commence\">CAN 2027: le Calendrier Est Fixe\u0301, le De\u0301fi Commence<\/a><\/h3>            <div class=\"td-module-meta-info\">\r\n                                                <span class=\"td-post-date\"><time class=\"entry-date updated td-module-date\" datetime=\"2026-04-29T12:00:00+00:00\" >2026-04-29<\/time><\/span>                            <\/div>\r\n        <\/div>\r\n\r\n        <\/div>\r\n\r\n        \n\t<\/div> <!-- .\/td-block-span12 -->\n\n\t<div class=\"td-block-span12\">\n\r\n        <div class=\"td_module_6 td_module_wrap td-animation-stack\">\r\n\r\n        <div class=\"td-module-thumb\"><a href=\"https:\/\/www.africa-press.net\/senegal\/sports\/basket-comment-le-soudan-du-sud-a-pris-le-pouvoir-en-afrique\" rel=\"bookmark\" class=\"td-image-wrap\" title=\"Basket: comment le Soudan du Sud a Pris le Pouvoir en Afrique\"><img loading=\"lazy\" decoding=\"async\" class=\"entry-thumb\" src=\"data:image\/png;base64,iVBORw0KGgoAAAANSUhEUgAAAGQAAABGAQMAAAAASKMqAAAAA1BMVEWurq51dlI4AAAAAXRSTlMmkutdmwAAABBJREFUKM9jGAWjYBQMKwAAA9QAAQWBn6cAAAAASUVORK5CYII=\" alt=\"Basket: comment le Soudan du Sud a Pris le Pouvoir en Afrique\" title=\"Basket: comment le Soudan du Sud a Pris le Pouvoir en Afrique\" data-type=\"image_tag\" data-img-url=\"https:\/\/static.africa-press.net\/senegal\/sites\/13\/2026\/05\/sm_1777603630.502973-100x70.jpg\"  width=\"100\" height=\"70\" \/><\/a><\/div>\r\n        <div class=\"item-details\">\r\n            <h3 class=\"entry-title td-module-title\"><a href=\"https:\/\/www.africa-press.net\/senegal\/sports\/basket-comment-le-soudan-du-sud-a-pris-le-pouvoir-en-afrique\" rel=\"bookmark\" title=\"Basket: comment le Soudan du Sud a Pris le Pouvoir en Afrique\">Basket: comment le Soudan du Sud a Pris le Pouvoir en...<\/a><\/h3>            <div class=\"td-module-meta-info\">\r\n                                                <span class=\"td-post-date\"><time class=\"entry-date updated td-module-date\" datetime=\"2026-04-29T02:19:22+00:00\" >2026-04-29<\/time><\/span>                            <\/div>\r\n        <\/div>\r\n\r\n        <\/div>\r\n\r\n        \n\t<\/div> <!-- .\/td-block-span12 --><\/div><\/div> <!-- .\/block --><\/div><\/div><\/div><\/div><div class=\"tdm_block td_block_wrap tdm_block_button td_uid_74_69f4ba96d2dc3_rand tdm-block-button-inline tdm-content-horiz-right td-pb-border-top main-box-btn-green-en td_block_template_1\"  data-td-block-uid=\"td_uid_74_69f4ba96d2dc3\"     >\n<style>\n.td_uid_75_69f4ba96d31c2 i:first-child {\r\n\t\t\t\t\tmargin-right: 14px;\r\n\t\t\t\t}\n<\/style><div class=\"tds-button td-fix-index\"><a \r\n                href=\"\/senegal\/Sports\" \r\n                class=\"tds-button1 tdm-btn tdm-btn-sm td_uid_75_69f4ba96d31c2\"  target=\"_blank\" ><i class=\"tdc-font-fa tdc-font-fa-arrow-right\"><\/i><span class=\"tdm-btn-text\">Plus de Nouvelles<\/span><\/a><\/div><\/div><div class=\"wpb_wrapper td_block_wrap vc_raw_html td_uid_76_69f4ba96d344f_rand \"><div class=\"td-fix-index\"><div class=\"td-block-title-wrap\"><h4 class=\"block-title\"><a href=\"\/senegal\/Dossiers\" class=\"td-pulldown-size\">Dossiers<\/a><\/h4><\/div><\/div><\/div><div id=\"main-box\" class=\"vc_row_inner td_uid_77_69f4ba96d347e_rand  vc_row vc_inner wpb_row td-pb-row\" >\n<style scoped>\n\n\/* custom css *\/\n.td_uid_77_69f4ba96d347e_rand {\r\n                    position: relative !important;\r\n                    top: 0;\r\n                    transform: none;\r\n                    -webkit-transform: none;\r\n                }\n<\/style><div class=\"vc_column_inner td_uid_78_69f4ba96d3534_rand  wpb_column vc_column_container tdc-inner-column td-pb-span6\">\n<style scoped>\n\n\/* custom css *\/\n.td_uid_78_69f4ba96d3534_rand {\r\n                    vertical-align: baseline;\r\n                }\n<\/style><div class=\"vc_column-inner\"><div class=\"wpb_wrapper\"><div class=\"td_block_wrap td_block_18 td_uid_79_69f4ba96d35e2_rand td_with_ajax_pagination td-pb-border-top td_block_template_1 td-column-1\"  data-td-block-uid=\"td_uid_79_69f4ba96d35e2\" ><script>var block_td_uid_79_69f4ba96d35e2 = new tdBlock();\nblock_td_uid_79_69f4ba96d35e2.id = \"td_uid_79_69f4ba96d35e2\";\nblock_td_uid_79_69f4ba96d35e2.atts = '{\"category_id\":\"7\",\"limit\":\"3\",\"ajax_pagination\":\"next_prev\",\"tdc_css\":\"\",\"separator\":\"\",\"custom_title\":\"\",\"custom_url\":\"\",\"block_template_id\":\"\",\"mx8_tl\":\"\",\"m10_tl\":\"\",\"m10_el\":\"\",\"mx2_tl\":\"\",\"post_ids\":\"\",\"category_ids\":\"\",\"tag_slug\":\"\",\"autors_id\":\"\",\"installed_post_types\":\"\",\"sort\":\"\",\"offset\":\"\",\"show_modified_date\":\"\",\"el_class\":\"\",\"td_ajax_filter_type\":\"\",\"td_ajax_filter_ids\":\"\",\"td_filter_default_txt\":\"All\",\"td_ajax_preloading\":\"\",\"f_header_font_header\":\"\",\"f_header_font_title\":\"Block header\",\"f_header_font_settings\":\"\",\"f_header_font_family\":\"\",\"f_header_font_size\":\"\",\"f_header_font_line_height\":\"\",\"f_header_font_style\":\"\",\"f_header_font_weight\":\"\",\"f_header_font_transform\":\"\",\"f_header_font_spacing\":\"\",\"f_header_\":\"\",\"f_ajax_font_title\":\"Ajax categories\",\"f_ajax_font_settings\":\"\",\"f_ajax_font_family\":\"\",\"f_ajax_font_size\":\"\",\"f_ajax_font_line_height\":\"\",\"f_ajax_font_style\":\"\",\"f_ajax_font_weight\":\"\",\"f_ajax_font_transform\":\"\",\"f_ajax_font_spacing\":\"\",\"f_ajax_\":\"\",\"f_more_font_title\":\"Load more button\",\"f_more_font_settings\":\"\",\"f_more_font_family\":\"\",\"f_more_font_size\":\"\",\"f_more_font_line_height\":\"\",\"f_more_font_style\":\"\",\"f_more_font_weight\":\"\",\"f_more_font_transform\":\"\",\"f_more_font_spacing\":\"\",\"f_more_\":\"\",\"mx8f_title_font_header\":\"\",\"mx8f_title_font_title\":\"Article title\",\"mx8f_title_font_settings\":\"\",\"mx8f_title_font_family\":\"\",\"mx8f_title_font_size\":\"\",\"mx8f_title_font_line_height\":\"\",\"mx8f_title_font_style\":\"\",\"mx8f_title_font_weight\":\"\",\"mx8f_title_font_transform\":\"\",\"mx8f_title_font_spacing\":\"\",\"mx8f_title_\":\"\",\"mx8f_cat_font_title\":\"Article category tag\",\"mx8f_cat_font_settings\":\"\",\"mx8f_cat_font_family\":\"\",\"mx8f_cat_font_size\":\"\",\"mx8f_cat_font_line_height\":\"\",\"mx8f_cat_font_style\":\"\",\"mx8f_cat_font_weight\":\"\",\"mx8f_cat_font_transform\":\"\",\"mx8f_cat_font_spacing\":\"\",\"mx8f_cat_\":\"\",\"mx8f_meta_font_title\":\"Article meta info\",\"mx8f_meta_font_settings\":\"\",\"mx8f_meta_font_family\":\"\",\"mx8f_meta_font_size\":\"\",\"mx8f_meta_font_line_height\":\"\",\"mx8f_meta_font_style\":\"\",\"mx8f_meta_font_weight\":\"\",\"mx8f_meta_font_transform\":\"\",\"mx8f_meta_font_spacing\":\"\",\"mx8f_meta_\":\"\",\"m10f_title_font_header\":\"\",\"m10f_title_font_title\":\"Article title\",\"m10f_title_font_settings\":\"\",\"m10f_title_font_family\":\"\",\"m10f_title_font_size\":\"\",\"m10f_title_font_line_height\":\"\",\"m10f_title_font_style\":\"\",\"m10f_title_font_weight\":\"\",\"m10f_title_font_transform\":\"\",\"m10f_title_font_spacing\":\"\",\"m10f_title_\":\"\",\"m10f_cat_font_title\":\"Article category tag\",\"m10f_cat_font_settings\":\"\",\"m10f_cat_font_family\":\"\",\"m10f_cat_font_size\":\"\",\"m10f_cat_font_line_height\":\"\",\"m10f_cat_font_style\":\"\",\"m10f_cat_font_weight\":\"\",\"m10f_cat_font_transform\":\"\",\"m10f_cat_font_spacing\":\"\",\"m10f_cat_\":\"\",\"m10f_meta_font_title\":\"Article meta info\",\"m10f_meta_font_settings\":\"\",\"m10f_meta_font_family\":\"\",\"m10f_meta_font_size\":\"\",\"m10f_meta_font_line_height\":\"\",\"m10f_meta_font_style\":\"\",\"m10f_meta_font_weight\":\"\",\"m10f_meta_font_transform\":\"\",\"m10f_meta_font_spacing\":\"\",\"m10f_meta_\":\"\",\"m10f_ex_font_title\":\"Article excerpt\",\"m10f_ex_font_settings\":\"\",\"m10f_ex_font_family\":\"\",\"m10f_ex_font_size\":\"\",\"m10f_ex_font_line_height\":\"\",\"m10f_ex_font_style\":\"\",\"m10f_ex_font_weight\":\"\",\"m10f_ex_font_transform\":\"\",\"m10f_ex_font_spacing\":\"\",\"m10f_ex_\":\"\",\"mx2f_title_font_header\":\"\",\"mx2f_title_font_title\":\"Article title\",\"mx2f_title_font_settings\":\"\",\"mx2f_title_font_family\":\"\",\"mx2f_title_font_size\":\"\",\"mx2f_title_font_line_height\":\"\",\"mx2f_title_font_style\":\"\",\"mx2f_title_font_weight\":\"\",\"mx2f_title_font_transform\":\"\",\"mx2f_title_font_spacing\":\"\",\"mx2f_title_\":\"\",\"mx2f_cat_font_title\":\"Article category tag\",\"mx2f_cat_font_settings\":\"\",\"mx2f_cat_font_family\":\"\",\"mx2f_cat_font_size\":\"\",\"mx2f_cat_font_line_height\":\"\",\"mx2f_cat_font_style\":\"\",\"mx2f_cat_font_weight\":\"\",\"mx2f_cat_font_transform\":\"\",\"mx2f_cat_font_spacing\":\"\",\"mx2f_cat_\":\"\",\"mx2f_meta_font_title\":\"Article meta info\",\"mx2f_meta_font_settings\":\"\",\"mx2f_meta_font_family\":\"\",\"mx2f_meta_font_size\":\"\",\"mx2f_meta_font_line_height\":\"\",\"mx2f_meta_font_style\":\"\",\"mx2f_meta_font_weight\":\"\",\"mx2f_meta_font_transform\":\"\",\"mx2f_meta_font_spacing\":\"\",\"mx2f_meta_\":\"\",\"ajax_pagination_infinite_stop\":\"\",\"css\":\"\",\"td_column_number\":1,\"header_color\":\"\",\"color_preset\":\"\",\"border_top\":\"\",\"class\":\"td_uid_79_69f4ba96d35e2_rand\",\"tdc_css_class\":\"td_uid_79_69f4ba96d35e2_rand\",\"tdc_css_class_style\":\"td_uid_79_69f4ba96d35e2_rand_style\"}';\nblock_td_uid_79_69f4ba96d35e2.td_column_number = \"1\";\nblock_td_uid_79_69f4ba96d35e2.block_type = \"td_block_18\";\nblock_td_uid_79_69f4ba96d35e2.post_count = \"3\";\nblock_td_uid_79_69f4ba96d35e2.found_posts = \"1224\";\nblock_td_uid_79_69f4ba96d35e2.header_color = \"\";\nblock_td_uid_79_69f4ba96d35e2.ajax_pagination_infinite_stop = \"\";\nblock_td_uid_79_69f4ba96d35e2.max_num_pages = \"408\";\ntdBlocksArray.push(block_td_uid_79_69f4ba96d35e2);\n<\/script><div class=\"td-block-title-wrap\"><\/div><div id=td_uid_79_69f4ba96d35e2 class=\"td_block_inner td-column-1\">\r\n        <div class=\"td_module_mx8 td_module_wrap td-animation-stack\">\r\n            <div class=\"meta-info-container\">\r\n                <div class=\"td-module-thumb\"><a href=\"https:\/\/www.africa-press.net\/senegal\/dossiers\/comment-lafrique-a%e2%80%90t%e2%80%90elle-paye-le-prix-de-la-guerre-en-iran\" rel=\"bookmark\" class=\"td-image-wrap\" title=\"Comment L\u2019Afrique A\u2010T\u2010Elle Paye\u0301 le Prix de la Guerre en Iran?\"><img loading=\"lazy\" decoding=\"async\" class=\"entry-thumb\" src=\"data:image\/png;base64,iVBORw0KGgoAAAANSUhEUgAAArgAAAGBAQMAAAC3k1CUAAAAA1BMVEWurq51dlI4AAAAAXRSTlMmkutdmwAAADdJREFUeNrtwTEBAAAAwiD7p7bETmAAAAAAAAAAAAAAAAAAAAAAAAAAAAAAAAAAAAAAAAAAAEDuhFgAARFpDB8AAAAASUVORK5CYII=\" alt=\"Comment L\u2019Afrique A\u2010T\u2010Elle Paye\u0301 le Prix de la Guerre en Iran?\" title=\"Comment L\u2019Afrique A\u2010T\u2010Elle Paye\u0301 le Prix de la Guerre en Iran?\" data-type=\"image_tag\" data-img-url=\"https:\/\/static.africa-press.net\/senegal\/sites\/13\/2026\/05\/sm_1777594158.448779-696x385.jpg\"  width=\"696\" height=\"385\" \/><\/a><\/div>\r\n                <div class=\"td-module-meta-info\">\r\n                    <h3 class=\"entry-title td-module-title\"><a href=\"https:\/\/www.africa-press.net\/senegal\/dossiers\/comment-lafrique-a%e2%80%90t%e2%80%90elle-paye-le-prix-de-la-guerre-en-iran\" rel=\"bookmark\" title=\"Comment L\u2019Afrique A\u2010T\u2010Elle Paye\u0301 le Prix de la Guerre en Iran?\">Comment L\u2019Afrique A\u2010T\u2010Elle Paye\u0301 le Prix de la Guerre en Iran?<\/a><\/h3>                                        <span class=\"td-author-date\">\r\n                                                <span class=\"td-post-date\"><time class=\"entry-date updated td-module-date\" datetime=\"2026-04-30T20:31:18+00:00\" >2026-04-30<\/time><\/span>                                            <\/span>\r\n                <\/div>\r\n            <\/div>\r\n\r\n        <\/div>\r\n\r\n        \r\n        <div class=\"td_module_mx2 td_module_wrap td-animation-stack\">\r\n\r\n            <div class=\"td-module-thumb\"><a href=\"https:\/\/www.africa-press.net\/senegal\/dossiers\/reforme-du-code-electoral-et-division-politique-au-senegal\" rel=\"bookmark\" class=\"td-image-wrap\" title=\"R\u00e9forme du Code \u00c9lectoral et Division Politique au S\u00e9n\u00e9gal\"><img loading=\"lazy\" decoding=\"async\" class=\"entry-thumb\" src=\"data:image\/png;base64,iVBORw0KGgoAAAANSUhEUgAAAFAAAAA8AQMAAADL6a\/PAAAAA1BMVEWurq51dlI4AAAAAXRSTlMmkutdmwAAAA5JREFUKM9jGAWjYJABAAKUAAHoEAeuAAAAAElFTkSuQmCC\" alt=\"R\u00e9forme du Code \u00c9lectoral et Division Politique au S\u00e9n\u00e9gal\" title=\"R\u00e9forme du Code \u00c9lectoral et Division Politique au S\u00e9n\u00e9gal\" data-type=\"image_tag\" data-img-url=\"https:\/\/static.africa-press.net\/senegal\/sites\/13\/2026\/05\/sm_1777594055.14259-80x60.jpg\"  width=\"80\" height=\"60\" \/><\/a><\/div>\r\n            <div class=\"item-details\">\r\n                <h3 class=\"entry-title td-module-title\"><a href=\"https:\/\/www.africa-press.net\/senegal\/dossiers\/reforme-du-code-electoral-et-division-politique-au-senegal\" rel=\"bookmark\" title=\"R\u00e9forme du Code \u00c9lectoral et Division Politique au S\u00e9n\u00e9gal\">R\u00e9forme du Code \u00c9lectoral et Division Politique au S\u00e9n\u00e9gal<\/a><\/h3>                <div class=\"td-module-meta-info\">\r\n                                                            <span class=\"td-post-date\"><time class=\"entry-date updated td-module-date\" datetime=\"2026-04-30T20:26:42+00:00\" >2026-04-30<\/time><\/span>                                    <\/div>\r\n            <\/div>\r\n\r\n        <\/div>\r\n\r\n        \r\n        <div class=\"td_module_mx2 td_module_wrap td-animation-stack\">\r\n\r\n            <div class=\"td-module-thumb\"><a href=\"https:\/\/www.africa-press.net\/senegal\/dossiers\/lune-des-routes-migratoires-les-plus-dangereuses-au-monde\" rel=\"bookmark\" class=\"td-image-wrap\" title=\"L\u2019Une des Routes Migratoires les Plus Dangereuses au Monde\"><img loading=\"lazy\" decoding=\"async\" class=\"entry-thumb\" src=\"data:image\/png;base64,iVBORw0KGgoAAAANSUhEUgAAAFAAAAA8AQMAAADL6a\/PAAAAA1BMVEWurq51dlI4AAAAAXRSTlMmkutdmwAAAA5JREFUKM9jGAWjYJABAAKUAAHoEAeuAAAAAElFTkSuQmCC\" alt=\"L\u2019Une des Routes Migratoires les Plus Dangereuses au Monde\" title=\"L\u2019Une des Routes Migratoires les Plus Dangereuses au Monde\" data-type=\"image_tag\" data-img-url=\"https:\/\/static.africa-press.net\/senegal\/sites\/13\/2026\/05\/sm_1777593781.155577-80x60.jpg\"  width=\"80\" height=\"60\" \/><\/a><\/div>\r\n            <div class=\"item-details\">\r\n                <h3 class=\"entry-title td-module-title\"><a href=\"https:\/\/www.africa-press.net\/senegal\/dossiers\/lune-des-routes-migratoires-les-plus-dangereuses-au-monde\" rel=\"bookmark\" title=\"L\u2019Une des Routes Migratoires les Plus Dangereuses au Monde\">L\u2019Une des Routes Migratoires les Plus Dangereuses au Monde<\/a><\/h3>                <div class=\"td-module-meta-info\">\r\n                                                            <span class=\"td-post-date\"><time class=\"entry-date updated td-module-date\" datetime=\"2026-04-30T20:18:38+00:00\" >2026-04-30<\/time><\/span>                                    <\/div>\r\n            <\/div>\r\n\r\n        <\/div>\r\n\r\n        <\/div><div class=\"td-next-prev-wrap\"><a href=\"#\" class=\"td-ajax-prev-page ajax-page-disabled\" id=\"prev-page-td_uid_79_69f4ba96d35e2\" data-td_block_id=\"td_uid_79_69f4ba96d35e2\"><i class=\"td-icon-font td-icon-menu-left\"><\/i><\/a><a href=\"#\"  class=\"td-ajax-next-page\" id=\"next-page-td_uid_79_69f4ba96d35e2\" data-td_block_id=\"td_uid_79_69f4ba96d35e2\"><i class=\"td-icon-font td-icon-menu-right\"><\/i><\/a><\/div><\/div> <!-- .\/block --><\/div><\/div><\/div><div class=\"vc_column_inner td_uid_80_69f4ba96d992f_rand  wpb_column vc_column_container tdc-inner-column td-pb-span6\">\n<style scoped>\n\n\/* custom css *\/\n.td_uid_80_69f4ba96d992f_rand {\r\n                    vertical-align: baseline;\r\n                }\n<\/style><div class=\"vc_column-inner\"><div class=\"wpb_wrapper\"><div class=\"td_block_wrap td_block_7 td_uid_81_69f4ba96d99ec_rand td-pb-border-top td_block_template_1 td-column-1 td_block_padding\"  data-td-block-uid=\"td_uid_81_69f4ba96d99ec\" >\n<style>\n\n\/* inline tdc_css att *\/\n\n\/* phone *\/\n@media (max-width: 767px)\n{\n.td_uid_81_69f4ba96d99ec_rand{\ndisplay:none !important;\n}\n}\n\n<\/style><script>var block_td_uid_81_69f4ba96d99ec = new tdBlock();\nblock_td_uid_81_69f4ba96d99ec.id = \"td_uid_81_69f4ba96d99ec\";\nblock_td_uid_81_69f4ba96d99ec.atts = '{\"category_id\":\"7\",\"limit\":\"4\",\"offset\":\"3\",\"tdc_css\":\"eyJwaG9uZSI6eyJkaXNwbGF5Ijoibm9uZSJ9LCJwaG9uZV9tYXhfd2lkdGgiOjc2N30=\",\"separator\":\"\",\"custom_title\":\"\",\"custom_url\":\"\",\"block_template_id\":\"\",\"m6_tl\":\"\",\"post_ids\":\"\",\"category_ids\":\"\",\"tag_slug\":\"\",\"autors_id\":\"\",\"installed_post_types\":\"\",\"sort\":\"\",\"show_modified_date\":\"\",\"el_class\":\"\",\"td_ajax_filter_type\":\"\",\"td_ajax_filter_ids\":\"\",\"td_filter_default_txt\":\"All\",\"td_ajax_preloading\":\"\",\"f_header_font_header\":\"\",\"f_header_font_title\":\"Block header\",\"f_header_font_settings\":\"\",\"f_header_font_family\":\"\",\"f_header_font_size\":\"\",\"f_header_font_line_height\":\"\",\"f_header_font_style\":\"\",\"f_header_font_weight\":\"\",\"f_header_font_transform\":\"\",\"f_header_font_spacing\":\"\",\"f_header_\":\"\",\"f_ajax_font_title\":\"Ajax categories\",\"f_ajax_font_settings\":\"\",\"f_ajax_font_family\":\"\",\"f_ajax_font_size\":\"\",\"f_ajax_font_line_height\":\"\",\"f_ajax_font_style\":\"\",\"f_ajax_font_weight\":\"\",\"f_ajax_font_transform\":\"\",\"f_ajax_font_spacing\":\"\",\"f_ajax_\":\"\",\"f_more_font_title\":\"Load more button\",\"f_more_font_settings\":\"\",\"f_more_font_family\":\"\",\"f_more_font_size\":\"\",\"f_more_font_line_height\":\"\",\"f_more_font_style\":\"\",\"f_more_font_weight\":\"\",\"f_more_font_transform\":\"\",\"f_more_font_spacing\":\"\",\"f_more_\":\"\",\"m6f_title_font_header\":\"\",\"m6f_title_font_title\":\"Article title\",\"m6f_title_font_settings\":\"\",\"m6f_title_font_family\":\"\",\"m6f_title_font_size\":\"\",\"m6f_title_font_line_height\":\"\",\"m6f_title_font_style\":\"\",\"m6f_title_font_weight\":\"\",\"m6f_title_font_transform\":\"\",\"m6f_title_font_spacing\":\"\",\"m6f_title_\":\"\",\"m6f_cat_font_title\":\"Article category tag\",\"m6f_cat_font_settings\":\"\",\"m6f_cat_font_family\":\"\",\"m6f_cat_font_size\":\"\",\"m6f_cat_font_line_height\":\"\",\"m6f_cat_font_style\":\"\",\"m6f_cat_font_weight\":\"\",\"m6f_cat_font_transform\":\"\",\"m6f_cat_font_spacing\":\"\",\"m6f_cat_\":\"\",\"m6f_meta_font_title\":\"Article meta info\",\"m6f_meta_font_settings\":\"\",\"m6f_meta_font_family\":\"\",\"m6f_meta_font_size\":\"\",\"m6f_meta_font_line_height\":\"\",\"m6f_meta_font_style\":\"\",\"m6f_meta_font_weight\":\"\",\"m6f_meta_font_transform\":\"\",\"m6f_meta_font_spacing\":\"\",\"m6f_meta_\":\"\",\"ajax_pagination\":\"\",\"ajax_pagination_infinite_stop\":\"\",\"css\":\"\",\"td_column_number\":1,\"header_color\":\"\",\"color_preset\":\"\",\"border_top\":\"\",\"class\":\"td_uid_81_69f4ba96d99ec_rand\",\"tdc_css_class\":\"td_uid_81_69f4ba96d99ec_rand\",\"tdc_css_class_style\":\"td_uid_81_69f4ba96d99ec_rand_style\"}';\nblock_td_uid_81_69f4ba96d99ec.td_column_number = \"1\";\nblock_td_uid_81_69f4ba96d99ec.block_type = \"td_block_7\";\nblock_td_uid_81_69f4ba96d99ec.post_count = \"4\";\nblock_td_uid_81_69f4ba96d99ec.found_posts = \"1224\";\nblock_td_uid_81_69f4ba96d99ec.header_color = \"\";\nblock_td_uid_81_69f4ba96d99ec.ajax_pagination_infinite_stop = \"\";\nblock_td_uid_81_69f4ba96d99ec.max_num_pages = \"306\";\ntdBlocksArray.push(block_td_uid_81_69f4ba96d99ec);\n<\/script><div class=\"td-block-title-wrap\"><\/div><div id=td_uid_81_69f4ba96d99ec class=\"td_block_inner\">\n\n\t<div class=\"td-block-span12\">\n\r\n        <div class=\"td_module_6 td_module_wrap td-animation-stack\">\r\n\r\n        <div class=\"td-module-thumb\"><a href=\"https:\/\/www.africa-press.net\/senegal\/dossiers\/management-des-lecons-tirees-de-la-guerre-en-iran\" rel=\"bookmark\" class=\"td-image-wrap\" title=\"Management des Le\u00e7ons Tir\u00e9es de la Guerre en Iran\"><img loading=\"lazy\" decoding=\"async\" class=\"entry-thumb\" src=\"data:image\/png;base64,iVBORw0KGgoAAAANSUhEUgAAAGQAAABGAQMAAAAASKMqAAAAA1BMVEWurq51dlI4AAAAAXRSTlMmkutdmwAAABBJREFUKM9jGAWjYBQMKwAAA9QAAQWBn6cAAAAASUVORK5CYII=\" alt=\"Management des Le\u00e7ons Tir\u00e9es de la Guerre en Iran\" title=\"Management des Le\u00e7ons Tir\u00e9es de la Guerre en Iran\" data-type=\"image_tag\" data-img-url=\"https:\/\/static.africa-press.net\/senegal\/sites\/13\/2026\/04\/sm_1777508660.711634-100x70.jpg\"  width=\"100\" height=\"70\" \/><\/a><\/div>\r\n        <div class=\"item-details\">\r\n            <h3 class=\"entry-title td-module-title\"><a href=\"https:\/\/www.africa-press.net\/senegal\/dossiers\/management-des-lecons-tirees-de-la-guerre-en-iran\" rel=\"bookmark\" title=\"Management des Le\u00e7ons Tir\u00e9es de la Guerre en Iran\">Management des Le\u00e7ons Tir\u00e9es de la Guerre en Iran<\/a><\/h3>            <div class=\"td-module-meta-info\">\r\n                                                <span class=\"td-post-date\"><time class=\"entry-date updated td-module-date\" datetime=\"2026-04-29T19:00:00+00:00\" >2026-04-29<\/time><\/span>                            <\/div>\r\n        <\/div>\r\n\r\n        <\/div>\r\n\r\n        \n\t<\/div> <!-- .\/td-block-span12 -->\n\n\t<div class=\"td-block-span12\">\n\r\n        <div class=\"td_module_6 td_module_wrap td-animation-stack\">\r\n\r\n        <div class=\"td-module-thumb\"><a href=\"https:\/\/www.africa-press.net\/senegal\/dossiers\/le-senegal-leader-des-performances-statistiques-africaines\" rel=\"bookmark\" class=\"td-image-wrap\" title=\"Le S\u00e9n\u00e9gal Leader des Performances Statistiques Africaines\"><img loading=\"lazy\" decoding=\"async\" class=\"entry-thumb\" src=\"data:image\/png;base64,iVBORw0KGgoAAAANSUhEUgAAAGQAAABGAQMAAAAASKMqAAAAA1BMVEWurq51dlI4AAAAAXRSTlMmkutdmwAAABBJREFUKM9jGAWjYBQMKwAAA9QAAQWBn6cAAAAASUVORK5CYII=\" alt=\"Le S\u00e9n\u00e9gal Leader des Performances Statistiques Africaines\" title=\"Le S\u00e9n\u00e9gal Leader des Performances Statistiques Africaines\" data-type=\"image_tag\" data-img-url=\"https:\/\/static.africa-press.net\/senegal\/sites\/13\/2026\/04\/sm_1777508145.423039-100x70.jpg\"  width=\"100\" height=\"70\" \/><\/a><\/div>\r\n        <div class=\"item-details\">\r\n            <h3 class=\"entry-title td-module-title\"><a href=\"https:\/\/www.africa-press.net\/senegal\/dossiers\/le-senegal-leader-des-performances-statistiques-africaines\" rel=\"bookmark\" title=\"Le S\u00e9n\u00e9gal Leader des Performances Statistiques Africaines\">Le S\u00e9n\u00e9gal Leader des Performances Statistiques Africaines<\/a><\/h3>            <div class=\"td-module-meta-info\">\r\n                                                <span class=\"td-post-date\"><time class=\"entry-date updated td-module-date\" datetime=\"2026-04-29T13:00:00+00:00\" >2026-04-29<\/time><\/span>                            <\/div>\r\n        <\/div>\r\n\r\n        <\/div>\r\n\r\n        \n\t<\/div> <!-- .\/td-block-span12 -->\n\n\t<div class=\"td-block-span12\">\n\r\n        <div class=\"td_module_6 td_module_wrap td-animation-stack\">\r\n\r\n        <div class=\"td-module-thumb\"><a href=\"https:\/\/www.africa-press.net\/senegal\/dossiers\/de-detroit-dormuz-aux-paniers-des-menages\" rel=\"bookmark\" class=\"td-image-wrap\" title=\"De D\u00e9troit D&rsquo;Ormuz aux Paniers des M\u00e9nages\"><img loading=\"lazy\" decoding=\"async\" class=\"entry-thumb\" src=\"data:image\/png;base64,iVBORw0KGgoAAAANSUhEUgAAAGQAAABGAQMAAAAASKMqAAAAA1BMVEWurq51dlI4AAAAAXRSTlMmkutdmwAAABBJREFUKM9jGAWjYBQMKwAAA9QAAQWBn6cAAAAASUVORK5CYII=\" alt=\"De D\u00e9troit D&#039;Ormuz aux Paniers des M\u00e9nages\" title=\"De D\u00e9troit D&rsquo;Ormuz aux Paniers des M\u00e9nages\" data-type=\"image_tag\" data-img-url=\"https:\/\/static.africa-press.net\/senegal\/sites\/13\/2026\/04\/sm_1777508281.607766-100x70.jpg\"  width=\"100\" height=\"70\" \/><\/a><\/div>\r\n        <div class=\"item-details\">\r\n            <h3 class=\"entry-title td-module-title\"><a href=\"https:\/\/www.africa-press.net\/senegal\/dossiers\/de-detroit-dormuz-aux-paniers-des-menages\" rel=\"bookmark\" title=\"De D\u00e9troit D&rsquo;Ormuz aux Paniers des M\u00e9nages\">De D\u00e9troit D&rsquo;Ormuz aux Paniers des M\u00e9nages<\/a><\/h3>            <div class=\"td-module-meta-info\">\r\n                                                <span class=\"td-post-date\"><time class=\"entry-date updated td-module-date\" datetime=\"2026-04-29T12:20:00+00:00\" >2026-04-29<\/time><\/span>                            <\/div>\r\n        <\/div>\r\n\r\n        <\/div>\r\n\r\n        \n\t<\/div> <!-- .\/td-block-span12 -->\n\n\t<div class=\"td-block-span12\">\n\r\n        <div class=\"td_module_6 td_module_wrap td-animation-stack\">\r\n\r\n        <div class=\"td-module-thumb\"><a href=\"https:\/\/www.africa-press.net\/senegal\/economie\/matam-et-lor-blanc-revelations-des-chiffres\" rel=\"bookmark\" class=\"td-image-wrap\" title=\"Matam et L&rsquo;Or Blanc: R\u00e9v\u00e9lations des Chiffres\"><img loading=\"lazy\" decoding=\"async\" class=\"entry-thumb\" src=\"data:image\/png;base64,iVBORw0KGgoAAAANSUhEUgAAAGQAAABGAQMAAAAASKMqAAAAA1BMVEWurq51dlI4AAAAAXRSTlMmkutdmwAAABBJREFUKM9jGAWjYBQMKwAAA9QAAQWBn6cAAAAASUVORK5CYII=\" alt=\"Matam et L&#039;Or Blanc: R\u00e9v\u00e9lations des Chiffres\" title=\"Matam et L&rsquo;Or Blanc: R\u00e9v\u00e9lations des Chiffres\" data-type=\"image_tag\" data-img-url=\"https:\/\/static.africa-press.net\/senegal\/sites\/13\/2026\/04\/sm_1777508455.482959-100x70.jpg\"  width=\"100\" height=\"70\" \/><\/a><\/div>\r\n        <div class=\"item-details\">\r\n            <h3 class=\"entry-title td-module-title\"><a href=\"https:\/\/www.africa-press.net\/senegal\/economie\/matam-et-lor-blanc-revelations-des-chiffres\" rel=\"bookmark\" title=\"Matam et L&rsquo;Or Blanc: R\u00e9v\u00e9lations des Chiffres\">Matam et L&rsquo;Or Blanc: R\u00e9v\u00e9lations des Chiffres<\/a><\/h3>            <div class=\"td-module-meta-info\">\r\n                                                <span class=\"td-post-date\"><time class=\"entry-date updated td-module-date\" datetime=\"2026-04-29T12:20:00+00:00\" >2026-04-29<\/time><\/span>                            <\/div>\r\n        <\/div>\r\n\r\n        <\/div>\r\n\r\n        \n\t<\/div> <!-- .\/td-block-span12 --><\/div><\/div> <!-- .\/block --><\/div><\/div><\/div><\/div><div class=\"tdm_block td_block_wrap tdm_block_button td_uid_82_69f4ba96df31c_rand tdm-block-button-inline tdm-content-horiz-right td-pb-border-top main-box-btn-green-en td_block_template_1\"  data-td-block-uid=\"td_uid_82_69f4ba96df31c\"     >\n<style>\n.td_uid_83_69f4ba96df70c i:first-child {\r\n\t\t\t\t\tmargin-right: 14px;\r\n\t\t\t\t}\n<\/style><div class=\"tds-button td-fix-index\"><a \r\n                href=\"\/senegal\/Dossiers\" \r\n                class=\"tds-button1 tdm-btn tdm-btn-sm td_uid_83_69f4ba96df70c\"  target=\"_blank\" ><i class=\"tdc-font-fa tdc-font-fa-arrow-right\"><\/i><span class=\"tdm-btn-text\">Plus de Nouvelles<\/span><\/a><\/div><\/div><div class=\"wpb_wrapper td_block_wrap vc_raw_html td_uid_84_69f4ba96df99e_rand \"><div class=\"td-fix-index\"><div class=\"td-block-title-wrap\"><h4 class=\"block-title\"><a href=\"\/senegal\/Photos\" class=\"td-pulldown-size\">Photos<\/a><\/h4><\/div><\/div><\/div><div id=\"main-box\" class=\"vc_row_inner td_uid_85_69f4ba96df9cd_rand  vc_row vc_inner wpb_row td-pb-row\" >\n<style scoped>\n\n\/* custom css *\/\n.td_uid_85_69f4ba96df9cd_rand {\r\n                    position: relative !important;\r\n                    top: 0;\r\n                    transform: none;\r\n                    -webkit-transform: none;\r\n                }\n<\/style><div class=\"vc_column_inner td_uid_86_69f4ba96dfa74_rand  wpb_column vc_column_container tdc-inner-column td-pb-span6\">\n<style scoped>\n\n\/* custom css *\/\n.td_uid_86_69f4ba96dfa74_rand {\r\n                    vertical-align: baseline;\r\n                }\n<\/style><div class=\"vc_column-inner\"><div class=\"wpb_wrapper\"><div class=\"td_block_wrap td_block_18 td_uid_87_69f4ba96dfb20_rand td_with_ajax_pagination td-pb-border-top td_block_template_1 td-column-1\"  data-td-block-uid=\"td_uid_87_69f4ba96dfb20\" ><script>var block_td_uid_87_69f4ba96dfb20 = new tdBlock();\nblock_td_uid_87_69f4ba96dfb20.id = \"td_uid_87_69f4ba96dfb20\";\nblock_td_uid_87_69f4ba96dfb20.atts = '{\"category_id\":\"8\",\"limit\":\"3\",\"ajax_pagination\":\"next_prev\",\"separator\":\"\",\"custom_title\":\"\",\"custom_url\":\"\",\"block_template_id\":\"\",\"mx8_tl\":\"\",\"m10_tl\":\"\",\"m10_el\":\"\",\"mx2_tl\":\"\",\"post_ids\":\"\",\"category_ids\":\"\",\"tag_slug\":\"\",\"autors_id\":\"\",\"installed_post_types\":\"\",\"sort\":\"\",\"offset\":\"\",\"show_modified_date\":\"\",\"el_class\":\"\",\"td_ajax_filter_type\":\"\",\"td_ajax_filter_ids\":\"\",\"td_filter_default_txt\":\"All\",\"td_ajax_preloading\":\"\",\"f_header_font_header\":\"\",\"f_header_font_title\":\"Block header\",\"f_header_font_settings\":\"\",\"f_header_font_family\":\"\",\"f_header_font_size\":\"\",\"f_header_font_line_height\":\"\",\"f_header_font_style\":\"\",\"f_header_font_weight\":\"\",\"f_header_font_transform\":\"\",\"f_header_font_spacing\":\"\",\"f_header_\":\"\",\"f_ajax_font_title\":\"Ajax categories\",\"f_ajax_font_settings\":\"\",\"f_ajax_font_family\":\"\",\"f_ajax_font_size\":\"\",\"f_ajax_font_line_height\":\"\",\"f_ajax_font_style\":\"\",\"f_ajax_font_weight\":\"\",\"f_ajax_font_transform\":\"\",\"f_ajax_font_spacing\":\"\",\"f_ajax_\":\"\",\"f_more_font_title\":\"Load more button\",\"f_more_font_settings\":\"\",\"f_more_font_family\":\"\",\"f_more_font_size\":\"\",\"f_more_font_line_height\":\"\",\"f_more_font_style\":\"\",\"f_more_font_weight\":\"\",\"f_more_font_transform\":\"\",\"f_more_font_spacing\":\"\",\"f_more_\":\"\",\"mx8f_title_font_header\":\"\",\"mx8f_title_font_title\":\"Article title\",\"mx8f_title_font_settings\":\"\",\"mx8f_title_font_family\":\"\",\"mx8f_title_font_size\":\"\",\"mx8f_title_font_line_height\":\"\",\"mx8f_title_font_style\":\"\",\"mx8f_title_font_weight\":\"\",\"mx8f_title_font_transform\":\"\",\"mx8f_title_font_spacing\":\"\",\"mx8f_title_\":\"\",\"mx8f_cat_font_title\":\"Article category tag\",\"mx8f_cat_font_settings\":\"\",\"mx8f_cat_font_family\":\"\",\"mx8f_cat_font_size\":\"\",\"mx8f_cat_font_line_height\":\"\",\"mx8f_cat_font_style\":\"\",\"mx8f_cat_font_weight\":\"\",\"mx8f_cat_font_transform\":\"\",\"mx8f_cat_font_spacing\":\"\",\"mx8f_cat_\":\"\",\"mx8f_meta_font_title\":\"Article meta info\",\"mx8f_meta_font_settings\":\"\",\"mx8f_meta_font_family\":\"\",\"mx8f_meta_font_size\":\"\",\"mx8f_meta_font_line_height\":\"\",\"mx8f_meta_font_style\":\"\",\"mx8f_meta_font_weight\":\"\",\"mx8f_meta_font_transform\":\"\",\"mx8f_meta_font_spacing\":\"\",\"mx8f_meta_\":\"\",\"m10f_title_font_header\":\"\",\"m10f_title_font_title\":\"Article title\",\"m10f_title_font_settings\":\"\",\"m10f_title_font_family\":\"\",\"m10f_title_font_size\":\"\",\"m10f_title_font_line_height\":\"\",\"m10f_title_font_style\":\"\",\"m10f_title_font_weight\":\"\",\"m10f_title_font_transform\":\"\",\"m10f_title_font_spacing\":\"\",\"m10f_title_\":\"\",\"m10f_cat_font_title\":\"Article category tag\",\"m10f_cat_font_settings\":\"\",\"m10f_cat_font_family\":\"\",\"m10f_cat_font_size\":\"\",\"m10f_cat_font_line_height\":\"\",\"m10f_cat_font_style\":\"\",\"m10f_cat_font_weight\":\"\",\"m10f_cat_font_transform\":\"\",\"m10f_cat_font_spacing\":\"\",\"m10f_cat_\":\"\",\"m10f_meta_font_title\":\"Article meta info\",\"m10f_meta_font_settings\":\"\",\"m10f_meta_font_family\":\"\",\"m10f_meta_font_size\":\"\",\"m10f_meta_font_line_height\":\"\",\"m10f_meta_font_style\":\"\",\"m10f_meta_font_weight\":\"\",\"m10f_meta_font_transform\":\"\",\"m10f_meta_font_spacing\":\"\",\"m10f_meta_\":\"\",\"m10f_ex_font_title\":\"Article excerpt\",\"m10f_ex_font_settings\":\"\",\"m10f_ex_font_family\":\"\",\"m10f_ex_font_size\":\"\",\"m10f_ex_font_line_height\":\"\",\"m10f_ex_font_style\":\"\",\"m10f_ex_font_weight\":\"\",\"m10f_ex_font_transform\":\"\",\"m10f_ex_font_spacing\":\"\",\"m10f_ex_\":\"\",\"mx2f_title_font_header\":\"\",\"mx2f_title_font_title\":\"Article title\",\"mx2f_title_font_settings\":\"\",\"mx2f_title_font_family\":\"\",\"mx2f_title_font_size\":\"\",\"mx2f_title_font_line_height\":\"\",\"mx2f_title_font_style\":\"\",\"mx2f_title_font_weight\":\"\",\"mx2f_title_font_transform\":\"\",\"mx2f_title_font_spacing\":\"\",\"mx2f_title_\":\"\",\"mx2f_cat_font_title\":\"Article category tag\",\"mx2f_cat_font_settings\":\"\",\"mx2f_cat_font_family\":\"\",\"mx2f_cat_font_size\":\"\",\"mx2f_cat_font_line_height\":\"\",\"mx2f_cat_font_style\":\"\",\"mx2f_cat_font_weight\":\"\",\"mx2f_cat_font_transform\":\"\",\"mx2f_cat_font_spacing\":\"\",\"mx2f_cat_\":\"\",\"mx2f_meta_font_title\":\"Article meta info\",\"mx2f_meta_font_settings\":\"\",\"mx2f_meta_font_family\":\"\",\"mx2f_meta_font_size\":\"\",\"mx2f_meta_font_line_height\":\"\",\"mx2f_meta_font_style\":\"\",\"mx2f_meta_font_weight\":\"\",\"mx2f_meta_font_transform\":\"\",\"mx2f_meta_font_spacing\":\"\",\"mx2f_meta_\":\"\",\"ajax_pagination_infinite_stop\":\"\",\"css\":\"\",\"tdc_css\":\"\",\"td_column_number\":1,\"header_color\":\"\",\"color_preset\":\"\",\"border_top\":\"\",\"class\":\"td_uid_87_69f4ba96dfb20_rand\",\"tdc_css_class\":\"td_uid_87_69f4ba96dfb20_rand\",\"tdc_css_class_style\":\"td_uid_87_69f4ba96dfb20_rand_style\"}';\nblock_td_uid_87_69f4ba96dfb20.td_column_number = \"1\";\nblock_td_uid_87_69f4ba96dfb20.block_type = \"td_block_18\";\nblock_td_uid_87_69f4ba96dfb20.post_count = \"3\";\nblock_td_uid_87_69f4ba96dfb20.found_posts = \"124\";\nblock_td_uid_87_69f4ba96dfb20.header_color = \"\";\nblock_td_uid_87_69f4ba96dfb20.ajax_pagination_infinite_stop = \"\";\nblock_td_uid_87_69f4ba96dfb20.max_num_pages = \"42\";\ntdBlocksArray.push(block_td_uid_87_69f4ba96dfb20);\n<\/script><div class=\"td-block-title-wrap\"><\/div><div id=td_uid_87_69f4ba96dfb20 class=\"td_block_inner td-column-1\">\r\n        <div class=\"td_module_mx8 td_module_wrap td-animation-stack\">\r\n            <div class=\"meta-info-container\">\r\n                <div class=\"td-module-thumb\"><a href=\"https:\/\/www.africa-press.net\/senegal\/economie\/taux-demprunt-quatre-fois-superieurs-a-la-discrimination\" rel=\"bookmark\" class=\"td-image-wrap\" title=\"Taux D&rsquo;Emprunt Quatre Fois Sup\u00e9rieurs \u00c0 la Discrimination\"><img loading=\"lazy\" decoding=\"async\" class=\"entry-thumb\" src=\"data:image\/png;base64,iVBORw0KGgoAAAANSUhEUgAAArgAAAGBAQMAAAC3k1CUAAAAA1BMVEWurq51dlI4AAAAAXRSTlMmkutdmwAAADdJREFUeNrtwTEBAAAAwiD7p7bETmAAAAAAAAAAAAAAAAAAAAAAAAAAAAAAAAAAAAAAAAAAAEDuhFgAARFpDB8AAAAASUVORK5CYII=\" alt=\"Taux D&#039;Emprunt Quatre Fois Sup\u00e9rieurs \u00c0 la Discrimination\" title=\"Taux D&rsquo;Emprunt Quatre Fois Sup\u00e9rieurs \u00c0 la Discrimination\" data-type=\"image_tag\" data-img-url=\"https:\/\/static.africa-press.net\/senegal\/sites\/13\/2025\/10\/sm_1761644001.930351-696x385.jpg\"  width=\"696\" height=\"385\" \/><\/a><\/div>\r\n                <div class=\"td-module-meta-info\">\r\n                    <h3 class=\"entry-title td-module-title\"><a href=\"https:\/\/www.africa-press.net\/senegal\/economie\/taux-demprunt-quatre-fois-superieurs-a-la-discrimination\" rel=\"bookmark\" title=\"Taux D&rsquo;Emprunt Quatre Fois Sup\u00e9rieurs \u00c0 la Discrimination\">Taux D&rsquo;Emprunt Quatre Fois Sup\u00e9rieurs \u00c0 la Discrimination<\/a><\/h3>                                        <span class=\"td-author-date\">\r\n                                                <span class=\"td-post-date\"><time class=\"entry-date updated td-module-date\" datetime=\"2025-10-27T12:10:00+00:00\" >2025-10-27<\/time><\/span>                                            <\/span>\r\n                <\/div>\r\n            <\/div>\r\n\r\n        <\/div>\r\n\r\n        \r\n        <div class=\"td_module_mx2 td_module_wrap td-animation-stack\">\r\n\r\n            <div class=\"td-module-thumb\"><a href=\"https:\/\/www.africa-press.net\/senegal\/politique\/passation-de-service-a-huis-clos-au-ministere-de-la-justice\" rel=\"bookmark\" class=\"td-image-wrap\" title=\"Passation de Service \u00c0 Huis Clos au Minist\u00e8re de la Justice\"><img loading=\"lazy\" decoding=\"async\" class=\"entry-thumb\" src=\"data:image\/png;base64,iVBORw0KGgoAAAANSUhEUgAAAFAAAAA8AQMAAADL6a\/PAAAAA1BMVEWurq51dlI4AAAAAXRSTlMmkutdmwAAAA5JREFUKM9jGAWjYJABAAKUAAHoEAeuAAAAAElFTkSuQmCC\" alt=\"Passation de Service \u00c0 Huis Clos au Minist\u00e8re de la Justice\" title=\"Passation de Service \u00c0 Huis Clos au Minist\u00e8re de la Justice\" data-type=\"image_tag\" data-img-url=\"https:\/\/static.africa-press.net\/senegal\/sites\/13\/2025\/09\/sm_1758101403.742728-80x60.jpg\"  width=\"80\" height=\"60\" \/><\/a><\/div>\r\n            <div class=\"item-details\">\r\n                <h3 class=\"entry-title td-module-title\"><a href=\"https:\/\/www.africa-press.net\/senegal\/politique\/passation-de-service-a-huis-clos-au-ministere-de-la-justice\" rel=\"bookmark\" title=\"Passation de Service \u00c0 Huis Clos au Minist\u00e8re de la Justice\">Passation de Service \u00c0 Huis Clos au Minist\u00e8re de la Justice<\/a><\/h3>                <div class=\"td-module-meta-info\">\r\n                                                            <span class=\"td-post-date\"><time class=\"entry-date updated td-module-date\" datetime=\"2025-09-16T14:00:00+00:00\" >2025-09-16<\/time><\/span>                                    <\/div>\r\n            <\/div>\r\n\r\n        <\/div>\r\n\r\n        \r\n        <div class=\"td_module_mx2 td_module_wrap td-animation-stack\">\r\n\r\n            <div class=\"td-module-thumb\"><a href=\"https:\/\/www.africa-press.net\/senegal\/photo\/mariage-et-divorce-en-charia-selon-oustaz-alioune-sall-2\" rel=\"bookmark\" class=\"td-image-wrap\" title=\"Mariage et Divorce en Charia Selon Oustaz Alioune Sall\"><img loading=\"lazy\" decoding=\"async\" class=\"entry-thumb\" src=\"data:image\/png;base64,iVBORw0KGgoAAAANSUhEUgAAAFAAAAA8AQMAAADL6a\/PAAAAA1BMVEWurq51dlI4AAAAAXRSTlMmkutdmwAAAA5JREFUKM9jGAWjYJABAAKUAAHoEAeuAAAAAElFTkSuQmCC\" alt=\"Mariage et Divorce en Charia Selon Oustaz Alioune Sall\" title=\"Mariage et Divorce en Charia Selon Oustaz Alioune Sall\" data-type=\"image_tag\" data-img-url=\"https:\/\/static.africa-press.net\/senegal\/sites\/13\/2025\/07\/sm_1751907497.687646-80x60.jpg\"  width=\"80\" height=\"60\" \/><\/a><\/div>\r\n            <div class=\"item-details\">\r\n                <h3 class=\"entry-title td-module-title\"><a href=\"https:\/\/www.africa-press.net\/senegal\/photo\/mariage-et-divorce-en-charia-selon-oustaz-alioune-sall-2\" rel=\"bookmark\" title=\"Mariage et Divorce en Charia Selon Oustaz Alioune Sall\">Mariage et Divorce en Charia Selon Oustaz Alioune Sall<\/a><\/h3>                <div class=\"td-module-meta-info\">\r\n                                                            <span class=\"td-post-date\"><time class=\"entry-date updated td-module-date\" datetime=\"2025-07-07T12:10:00+00:00\" >2025-07-07<\/time><\/span>                                    <\/div>\r\n            <\/div>\r\n\r\n        <\/div>\r\n\r\n        <\/div><div class=\"td-next-prev-wrap\"><a href=\"#\" class=\"td-ajax-prev-page ajax-page-disabled\" id=\"prev-page-td_uid_87_69f4ba96dfb20\" data-td_block_id=\"td_uid_87_69f4ba96dfb20\"><i class=\"td-icon-font td-icon-menu-left\"><\/i><\/a><a href=\"#\"  class=\"td-ajax-next-page\" id=\"next-page-td_uid_87_69f4ba96dfb20\" data-td_block_id=\"td_uid_87_69f4ba96dfb20\"><i class=\"td-icon-font td-icon-menu-right\"><\/i><\/a><\/div><\/div> <!-- .\/block --><\/div><\/div><\/div><div class=\"vc_column_inner td_uid_88_69f4ba96e41b1_rand  wpb_column vc_column_container tdc-inner-column td-pb-span6\">\n<style scoped>\n\n\/* custom css *\/\n.td_uid_88_69f4ba96e41b1_rand {\r\n                    vertical-align: baseline;\r\n                }\n<\/style><div class=\"vc_column-inner\"><div class=\"wpb_wrapper\"><div class=\"td_block_wrap td_block_7 td_uid_89_69f4ba96e428e_rand td-pb-border-top td_block_template_1 td-column-1 td_block_padding\"  data-td-block-uid=\"td_uid_89_69f4ba96e428e\" >\n<style>\n\n\/* inline tdc_css att *\/\n\n\/* phone *\/\n@media (max-width: 767px)\n{\n.td_uid_89_69f4ba96e428e_rand{\ndisplay:none !important;\n}\n}\n\n<\/style><script>var block_td_uid_89_69f4ba96e428e = new tdBlock();\nblock_td_uid_89_69f4ba96e428e.id = \"td_uid_89_69f4ba96e428e\";\nblock_td_uid_89_69f4ba96e428e.atts = '{\"category_id\":\"8\",\"limit\":\"4\",\"offset\":\"3\",\"tdc_css\":\"eyJwaG9uZSI6eyJkaXNwbGF5Ijoibm9uZSJ9LCJwaG9uZV9tYXhfd2lkdGgiOjc2N30=\",\"separator\":\"\",\"custom_title\":\"\",\"custom_url\":\"\",\"block_template_id\":\"\",\"m6_tl\":\"\",\"post_ids\":\"\",\"category_ids\":\"\",\"tag_slug\":\"\",\"autors_id\":\"\",\"installed_post_types\":\"\",\"sort\":\"\",\"show_modified_date\":\"\",\"el_class\":\"\",\"td_ajax_filter_type\":\"\",\"td_ajax_filter_ids\":\"\",\"td_filter_default_txt\":\"All\",\"td_ajax_preloading\":\"\",\"f_header_font_header\":\"\",\"f_header_font_title\":\"Block header\",\"f_header_font_settings\":\"\",\"f_header_font_family\":\"\",\"f_header_font_size\":\"\",\"f_header_font_line_height\":\"\",\"f_header_font_style\":\"\",\"f_header_font_weight\":\"\",\"f_header_font_transform\":\"\",\"f_header_font_spacing\":\"\",\"f_header_\":\"\",\"f_ajax_font_title\":\"Ajax categories\",\"f_ajax_font_settings\":\"\",\"f_ajax_font_family\":\"\",\"f_ajax_font_size\":\"\",\"f_ajax_font_line_height\":\"\",\"f_ajax_font_style\":\"\",\"f_ajax_font_weight\":\"\",\"f_ajax_font_transform\":\"\",\"f_ajax_font_spacing\":\"\",\"f_ajax_\":\"\",\"f_more_font_title\":\"Load more button\",\"f_more_font_settings\":\"\",\"f_more_font_family\":\"\",\"f_more_font_size\":\"\",\"f_more_font_line_height\":\"\",\"f_more_font_style\":\"\",\"f_more_font_weight\":\"\",\"f_more_font_transform\":\"\",\"f_more_font_spacing\":\"\",\"f_more_\":\"\",\"m6f_title_font_header\":\"\",\"m6f_title_font_title\":\"Article title\",\"m6f_title_font_settings\":\"\",\"m6f_title_font_family\":\"\",\"m6f_title_font_size\":\"\",\"m6f_title_font_line_height\":\"\",\"m6f_title_font_style\":\"\",\"m6f_title_font_weight\":\"\",\"m6f_title_font_transform\":\"\",\"m6f_title_font_spacing\":\"\",\"m6f_title_\":\"\",\"m6f_cat_font_title\":\"Article category tag\",\"m6f_cat_font_settings\":\"\",\"m6f_cat_font_family\":\"\",\"m6f_cat_font_size\":\"\",\"m6f_cat_font_line_height\":\"\",\"m6f_cat_font_style\":\"\",\"m6f_cat_font_weight\":\"\",\"m6f_cat_font_transform\":\"\",\"m6f_cat_font_spacing\":\"\",\"m6f_cat_\":\"\",\"m6f_meta_font_title\":\"Article meta info\",\"m6f_meta_font_settings\":\"\",\"m6f_meta_font_family\":\"\",\"m6f_meta_font_size\":\"\",\"m6f_meta_font_line_height\":\"\",\"m6f_meta_font_style\":\"\",\"m6f_meta_font_weight\":\"\",\"m6f_meta_font_transform\":\"\",\"m6f_meta_font_spacing\":\"\",\"m6f_meta_\":\"\",\"ajax_pagination\":\"\",\"ajax_pagination_infinite_stop\":\"\",\"css\":\"\",\"td_column_number\":1,\"header_color\":\"\",\"color_preset\":\"\",\"border_top\":\"\",\"class\":\"td_uid_89_69f4ba96e428e_rand\",\"tdc_css_class\":\"td_uid_89_69f4ba96e428e_rand\",\"tdc_css_class_style\":\"td_uid_89_69f4ba96e428e_rand_style\"}';\nblock_td_uid_89_69f4ba96e428e.td_column_number = \"1\";\nblock_td_uid_89_69f4ba96e428e.block_type = \"td_block_7\";\nblock_td_uid_89_69f4ba96e428e.post_count = \"4\";\nblock_td_uid_89_69f4ba96e428e.found_posts = \"124\";\nblock_td_uid_89_69f4ba96e428e.header_color = \"\";\nblock_td_uid_89_69f4ba96e428e.ajax_pagination_infinite_stop = \"\";\nblock_td_uid_89_69f4ba96e428e.max_num_pages = \"31\";\ntdBlocksArray.push(block_td_uid_89_69f4ba96e428e);\n<\/script><div class=\"td-block-title-wrap\"><\/div><div id=td_uid_89_69f4ba96e428e class=\"td_block_inner\">\n\n\t<div class=\"td-block-span12\">\n\r\n        <div class=\"td_module_6 td_module_wrap td-animation-stack\">\r\n\r\n        <div class=\"td-module-thumb\"><a href=\"https:\/\/www.africa-press.net\/senegal\/photo\/les-visages-du-brt-et-la-mobilite-urbaine-vecue-photo\" rel=\"bookmark\" class=\"td-image-wrap\" title=\"Les Visages du BRT et la Mobilit\u00e9 Urbaine V\u00e9cue ( Photo )\"><img loading=\"lazy\" decoding=\"async\" class=\"entry-thumb\" src=\"data:image\/png;base64,iVBORw0KGgoAAAANSUhEUgAAAGQAAABGAQMAAAAASKMqAAAAA1BMVEWurq51dlI4AAAAAXRSTlMmkutdmwAAABBJREFUKM9jGAWjYBQMKwAAA9QAAQWBn6cAAAAASUVORK5CYII=\" alt=\"Les Visages du BRT et la Mobilit\u00e9 Urbaine V\u00e9cue ( Photo )\" title=\"Les Visages du BRT et la Mobilit\u00e9 Urbaine V\u00e9cue ( Photo )\" data-type=\"image_tag\" data-img-url=\"https:\/\/static.africa-press.net\/senegal\/sites\/13\/2025\/07\/sm_1751732996.14043-100x70.jpg\"  width=\"100\" height=\"70\" \/><\/a><\/div>\r\n        <div class=\"item-details\">\r\n            <h3 class=\"entry-title td-module-title\"><a href=\"https:\/\/www.africa-press.net\/senegal\/photo\/les-visages-du-brt-et-la-mobilite-urbaine-vecue-photo\" rel=\"bookmark\" title=\"Les Visages du BRT et la Mobilit\u00e9 Urbaine V\u00e9cue ( Photo )\">Les Visages du BRT et la Mobilit\u00e9 Urbaine V\u00e9cue ( Photo...<\/a><\/h3>            <div class=\"td-module-meta-info\">\r\n                                                <span class=\"td-post-date\"><time class=\"entry-date updated td-module-date\" datetime=\"2025-07-05T12:10:00+00:00\" >2025-07-05<\/time><\/span>                            <\/div>\r\n        <\/div>\r\n\r\n        <\/div>\r\n\r\n        \n\t<\/div> <!-- .\/td-block-span12 -->\n\n\t<div class=\"td-block-span12\">\n\r\n        <div class=\"td_module_6 td_module_wrap td-animation-stack\">\r\n\r\n        <div class=\"td-module-thumb\"><a href=\"https:\/\/www.africa-press.net\/senegal\/photo\/dakar-et-nouakchott-travaillent-au-renforcement-de-leur-cooperation-militaire-photo\" rel=\"bookmark\" class=\"td-image-wrap\" title=\"Dakar et Nouakchott Travaillent au Renforcement de leur Coope\u0301ration Militaire (Photo)\"><img loading=\"lazy\" decoding=\"async\" class=\"entry-thumb\" src=\"data:image\/png;base64,iVBORw0KGgoAAAANSUhEUgAAAGQAAABGAQMAAAAASKMqAAAAA1BMVEWurq51dlI4AAAAAXRSTlMmkutdmwAAABBJREFUKM9jGAWjYBQMKwAAA9QAAQWBn6cAAAAASUVORK5CYII=\" alt=\"Dakar et Nouakchott Travaillent au Renforcement de leur Coope\u0301ration Militaire (Photo)\" title=\"Dakar et Nouakchott Travaillent au Renforcement de leur Coope\u0301ration Militaire (Photo)\" data-type=\"image_tag\" data-img-url=\"https:\/\/static.africa-press.net\/senegal\/sites\/13\/2025\/04\/sm_1746077140.590913-100x70.jpg\"  width=\"100\" height=\"70\" \/><\/a><\/div>\r\n        <div class=\"item-details\">\r\n            <h3 class=\"entry-title td-module-title\"><a href=\"https:\/\/www.africa-press.net\/senegal\/photo\/dakar-et-nouakchott-travaillent-au-renforcement-de-leur-cooperation-militaire-photo\" rel=\"bookmark\" title=\"Dakar et Nouakchott Travaillent au Renforcement de leur Coope\u0301ration Militaire (Photo)\">Dakar et Nouakchott Travaillent au Renforcement de leur Coope\u0301ration Militaire (Photo)<\/a><\/h3>            <div class=\"td-module-meta-info\">\r\n                                                <span class=\"td-post-date\"><time class=\"entry-date updated td-module-date\" datetime=\"2025-04-30T12:20:00+00:00\" >2025-04-30<\/time><\/span>                            <\/div>\r\n        <\/div>\r\n\r\n        <\/div>\r\n\r\n        \n\t<\/div> <!-- .\/td-block-span12 -->\n\n\t<div class=\"td-block-span12\">\n\r\n        <div class=\"td_module_6 td_module_wrap td-animation-stack\">\r\n\r\n        <div class=\"td-module-thumb\"><a href=\"https:\/\/www.africa-press.net\/senegal\/photo\/ouverture-a-conakry-de-la-iveme-conference-panafricaine-de-lagence-universitaire-de-la-francophonie-photo\" rel=\"bookmark\" class=\"td-image-wrap\" title=\"Ouverture \u00e0 Conakry de la IV\u00e8me Conf\u00e9rence Panafricaine de L\u2019Agence Universitaire de la Francophonie ( Photo )\"><img loading=\"lazy\" decoding=\"async\" class=\"entry-thumb\" src=\"data:image\/png;base64,iVBORw0KGgoAAAANSUhEUgAAAGQAAABGAQMAAAAASKMqAAAAA1BMVEWurq51dlI4AAAAAXRSTlMmkutdmwAAABBJREFUKM9jGAWjYBQMKwAAA9QAAQWBn6cAAAAASUVORK5CYII=\" alt=\"Ouverture \u00e0 Conakry de la IV\u00e8me Conf\u00e9rence Panafricaine de L\u2019Agence Universitaire de la Francophonie ( Photo )\" title=\"Ouverture \u00e0 Conakry de la IV\u00e8me Conf\u00e9rence Panafricaine de L\u2019Agence Universitaire de la Francophonie ( Photo )\" data-type=\"image_tag\" data-img-url=\"https:\/\/static.africa-press.net\/senegal\/sites\/13\/2025\/04\/sm_1745897257.382765-100x70.jpg\"  width=\"100\" height=\"70\" \/><\/a><\/div>\r\n        <div class=\"item-details\">\r\n            <h3 class=\"entry-title td-module-title\"><a href=\"https:\/\/www.africa-press.net\/senegal\/photo\/ouverture-a-conakry-de-la-iveme-conference-panafricaine-de-lagence-universitaire-de-la-francophonie-photo\" rel=\"bookmark\" title=\"Ouverture \u00e0 Conakry de la IV\u00e8me Conf\u00e9rence Panafricaine de L\u2019Agence Universitaire de la Francophonie ( Photo )\">Ouverture \u00e0 Conakry de la IV\u00e8me Conf\u00e9rence Panafricaine de L\u2019Agence Universitaire...<\/a><\/h3>            <div class=\"td-module-meta-info\">\r\n                                                <span class=\"td-post-date\"><time class=\"entry-date updated td-module-date\" datetime=\"2025-04-28T14:00:00+00:00\" >2025-04-28<\/time><\/span>                            <\/div>\r\n        <\/div>\r\n\r\n        <\/div>\r\n\r\n        \n\t<\/div> <!-- .\/td-block-span12 -->\n\n\t<div class=\"td-block-span12\">\n\r\n        <div class=\"td_module_6 td_module_wrap td-animation-stack\">\r\n\r\n        <div class=\"td-module-thumb\"><a href=\"https:\/\/www.africa-press.net\/senegal\/photo\/des-manifestations-massives-dans-le-monde-en-soutien-a-la-palestine\" rel=\"bookmark\" class=\"td-image-wrap\" title=\"Des Manifestations Massives dans le Monde en Soutien \u00e0 la Palestine\"><img loading=\"lazy\" decoding=\"async\" class=\"entry-thumb\" src=\"data:image\/png;base64,iVBORw0KGgoAAAANSUhEUgAAAGQAAABGAQMAAAAASKMqAAAAA1BMVEWurq51dlI4AAAAAXRSTlMmkutdmwAAABBJREFUKM9jGAWjYBQMKwAAA9QAAQWBn6cAAAAASUVORK5CYII=\" alt=\"Des Manifestations Massives dans le Monde en Soutien \u00e0 la Palestine\" title=\"Des Manifestations Massives dans le Monde en Soutien \u00e0 la Palestine\" data-type=\"image_tag\" data-img-url=\"https:\/\/static.africa-press.net\/senegal\/sites\/13\/2025\/04\/sm_1745844529.780698-100x70.jpg\"  width=\"100\" height=\"70\" \/><\/a><\/div>\r\n        <div class=\"item-details\">\r\n            <h3 class=\"entry-title td-module-title\"><a href=\"https:\/\/www.africa-press.net\/senegal\/photo\/des-manifestations-massives-dans-le-monde-en-soutien-a-la-palestine\" rel=\"bookmark\" title=\"Des Manifestations Massives dans le Monde en Soutien \u00e0 la Palestine\">Des Manifestations Massives dans le Monde en Soutien \u00e0 la Palestine<\/a><\/h3>            <div class=\"td-module-meta-info\">\r\n                                                <span class=\"td-post-date\"><time class=\"entry-date updated td-module-date\" datetime=\"2025-04-25T16:14:03+00:00\" >2025-04-25<\/time><\/span>                            <\/div>\r\n        <\/div>\r\n\r\n        <\/div>\r\n\r\n        \n\t<\/div> <!-- .\/td-block-span12 --><\/div><\/div> <!-- .\/block --><\/div><\/div><\/div><\/div><div class=\"tdm_block td_block_wrap tdm_block_button td_uid_90_69f4ba96e8b04_rand tdm-block-button-inline tdm-content-horiz-right td-pb-border-top main-box-btn-green-en td_block_template_1\"  data-td-block-uid=\"td_uid_90_69f4ba96e8b04\"     >\n<style>\n.td_uid_91_69f4ba96e90b8 i:first-child {\r\n\t\t\t\t\tmargin-right: 14px;\r\n\t\t\t\t}\n<\/style><div class=\"tds-button td-fix-index\"><a \r\n                href=\"\/senegal\/Photos\" \r\n                class=\"tds-button1 tdm-btn tdm-btn-sm td_uid_91_69f4ba96e90b8\"  target=\"_blank\" ><i class=\"tdc-font-fa tdc-font-fa-arrow-right\"><\/i><span class=\"tdm-btn-text\">Plus de Nouvelles<\/span><\/a><\/div><\/div><div class=\"wpb_wrapper td_block_wrap vc_raw_html td_uid_92_69f4ba96e948f_rand \"><div class=\"td-fix-index\"><div class=\"td-block-title-wrap\"><h4 class=\"block-title\"><a href=\"\/senegal\/video\" class=\"td-pulldown-size\">Vid\u00e9o<\/a><\/h4><\/div><\/div><\/div><div id=\"main-box\" class=\"vc_row_inner td_uid_93_69f4ba96e94cf_rand  vc_row vc_inner wpb_row td-pb-row\" >\n<style scoped>\n\n\/* custom css *\/\n.td_uid_93_69f4ba96e94cf_rand {\r\n                    position: relative !important;\r\n                    top: 0;\r\n                    transform: none;\r\n                    -webkit-transform: none;\r\n                }\n<\/style><div class=\"vc_column_inner td_uid_94_69f4ba96e95c7_rand  wpb_column vc_column_container tdc-inner-column td-pb-span6\">\n<style scoped>\n\n\/* custom css *\/\n.td_uid_94_69f4ba96e95c7_rand {\r\n                    vertical-align: baseline;\r\n                }\n<\/style><div class=\"vc_column-inner\"><div class=\"wpb_wrapper\"><div class=\"td_block_wrap td_block_18 td_uid_95_69f4ba96e96bd_rand td_with_ajax_pagination td-pb-border-top td_block_template_1 td-column-1\"  data-td-block-uid=\"td_uid_95_69f4ba96e96bd\" ><script>var block_td_uid_95_69f4ba96e96bd = new tdBlock();\nblock_td_uid_95_69f4ba96e96bd.id = \"td_uid_95_69f4ba96e96bd\";\nblock_td_uid_95_69f4ba96e96bd.atts = '{\"category_id\":\"9\",\"limit\":\"3\",\"ajax_pagination\":\"next_prev\",\"separator\":\"\",\"custom_title\":\"\",\"custom_url\":\"\",\"block_template_id\":\"\",\"mx8_tl\":\"\",\"m10_tl\":\"\",\"m10_el\":\"\",\"mx2_tl\":\"\",\"post_ids\":\"\",\"category_ids\":\"\",\"tag_slug\":\"\",\"autors_id\":\"\",\"installed_post_types\":\"\",\"sort\":\"\",\"offset\":\"\",\"show_modified_date\":\"\",\"el_class\":\"\",\"td_ajax_filter_type\":\"\",\"td_ajax_filter_ids\":\"\",\"td_filter_default_txt\":\"All\",\"td_ajax_preloading\":\"\",\"f_header_font_header\":\"\",\"f_header_font_title\":\"Block header\",\"f_header_font_settings\":\"\",\"f_header_font_family\":\"\",\"f_header_font_size\":\"\",\"f_header_font_line_height\":\"\",\"f_header_font_style\":\"\",\"f_header_font_weight\":\"\",\"f_header_font_transform\":\"\",\"f_header_font_spacing\":\"\",\"f_header_\":\"\",\"f_ajax_font_title\":\"Ajax categories\",\"f_ajax_font_settings\":\"\",\"f_ajax_font_family\":\"\",\"f_ajax_font_size\":\"\",\"f_ajax_font_line_height\":\"\",\"f_ajax_font_style\":\"\",\"f_ajax_font_weight\":\"\",\"f_ajax_font_transform\":\"\",\"f_ajax_font_spacing\":\"\",\"f_ajax_\":\"\",\"f_more_font_title\":\"Load more button\",\"f_more_font_settings\":\"\",\"f_more_font_family\":\"\",\"f_more_font_size\":\"\",\"f_more_font_line_height\":\"\",\"f_more_font_style\":\"\",\"f_more_font_weight\":\"\",\"f_more_font_transform\":\"\",\"f_more_font_spacing\":\"\",\"f_more_\":\"\",\"mx8f_title_font_header\":\"\",\"mx8f_title_font_title\":\"Article title\",\"mx8f_title_font_settings\":\"\",\"mx8f_title_font_family\":\"\",\"mx8f_title_font_size\":\"\",\"mx8f_title_font_line_height\":\"\",\"mx8f_title_font_style\":\"\",\"mx8f_title_font_weight\":\"\",\"mx8f_title_font_transform\":\"\",\"mx8f_title_font_spacing\":\"\",\"mx8f_title_\":\"\",\"mx8f_cat_font_title\":\"Article category tag\",\"mx8f_cat_font_settings\":\"\",\"mx8f_cat_font_family\":\"\",\"mx8f_cat_font_size\":\"\",\"mx8f_cat_font_line_height\":\"\",\"mx8f_cat_font_style\":\"\",\"mx8f_cat_font_weight\":\"\",\"mx8f_cat_font_transform\":\"\",\"mx8f_cat_font_spacing\":\"\",\"mx8f_cat_\":\"\",\"mx8f_meta_font_title\":\"Article meta info\",\"mx8f_meta_font_settings\":\"\",\"mx8f_meta_font_family\":\"\",\"mx8f_meta_font_size\":\"\",\"mx8f_meta_font_line_height\":\"\",\"mx8f_meta_font_style\":\"\",\"mx8f_meta_font_weight\":\"\",\"mx8f_meta_font_transform\":\"\",\"mx8f_meta_font_spacing\":\"\",\"mx8f_meta_\":\"\",\"m10f_title_font_header\":\"\",\"m10f_title_font_title\":\"Article title\",\"m10f_title_font_settings\":\"\",\"m10f_title_font_family\":\"\",\"m10f_title_font_size\":\"\",\"m10f_title_font_line_height\":\"\",\"m10f_title_font_style\":\"\",\"m10f_title_font_weight\":\"\",\"m10f_title_font_transform\":\"\",\"m10f_title_font_spacing\":\"\",\"m10f_title_\":\"\",\"m10f_cat_font_title\":\"Article category tag\",\"m10f_cat_font_settings\":\"\",\"m10f_cat_font_family\":\"\",\"m10f_cat_font_size\":\"\",\"m10f_cat_font_line_height\":\"\",\"m10f_cat_font_style\":\"\",\"m10f_cat_font_weight\":\"\",\"m10f_cat_font_transform\":\"\",\"m10f_cat_font_spacing\":\"\",\"m10f_cat_\":\"\",\"m10f_meta_font_title\":\"Article meta info\",\"m10f_meta_font_settings\":\"\",\"m10f_meta_font_family\":\"\",\"m10f_meta_font_size\":\"\",\"m10f_meta_font_line_height\":\"\",\"m10f_meta_font_style\":\"\",\"m10f_meta_font_weight\":\"\",\"m10f_meta_font_transform\":\"\",\"m10f_meta_font_spacing\":\"\",\"m10f_meta_\":\"\",\"m10f_ex_font_title\":\"Article excerpt\",\"m10f_ex_font_settings\":\"\",\"m10f_ex_font_family\":\"\",\"m10f_ex_font_size\":\"\",\"m10f_ex_font_line_height\":\"\",\"m10f_ex_font_style\":\"\",\"m10f_ex_font_weight\":\"\",\"m10f_ex_font_transform\":\"\",\"m10f_ex_font_spacing\":\"\",\"m10f_ex_\":\"\",\"mx2f_title_font_header\":\"\",\"mx2f_title_font_title\":\"Article title\",\"mx2f_title_font_settings\":\"\",\"mx2f_title_font_family\":\"\",\"mx2f_title_font_size\":\"\",\"mx2f_title_font_line_height\":\"\",\"mx2f_title_font_style\":\"\",\"mx2f_title_font_weight\":\"\",\"mx2f_title_font_transform\":\"\",\"mx2f_title_font_spacing\":\"\",\"mx2f_title_\":\"\",\"mx2f_cat_font_title\":\"Article category tag\",\"mx2f_cat_font_settings\":\"\",\"mx2f_cat_font_family\":\"\",\"mx2f_cat_font_size\":\"\",\"mx2f_cat_font_line_height\":\"\",\"mx2f_cat_font_style\":\"\",\"mx2f_cat_font_weight\":\"\",\"mx2f_cat_font_transform\":\"\",\"mx2f_cat_font_spacing\":\"\",\"mx2f_cat_\":\"\",\"mx2f_meta_font_title\":\"Article meta info\",\"mx2f_meta_font_settings\":\"\",\"mx2f_meta_font_family\":\"\",\"mx2f_meta_font_size\":\"\",\"mx2f_meta_font_line_height\":\"\",\"mx2f_meta_font_style\":\"\",\"mx2f_meta_font_weight\":\"\",\"mx2f_meta_font_transform\":\"\",\"mx2f_meta_font_spacing\":\"\",\"mx2f_meta_\":\"\",\"ajax_pagination_infinite_stop\":\"\",\"css\":\"\",\"tdc_css\":\"\",\"td_column_number\":1,\"header_color\":\"\",\"color_preset\":\"\",\"border_top\":\"\",\"class\":\"td_uid_95_69f4ba96e96bd_rand\",\"tdc_css_class\":\"td_uid_95_69f4ba96e96bd_rand\",\"tdc_css_class_style\":\"td_uid_95_69f4ba96e96bd_rand_style\"}';\nblock_td_uid_95_69f4ba96e96bd.td_column_number = \"1\";\nblock_td_uid_95_69f4ba96e96bd.block_type = \"td_block_18\";\nblock_td_uid_95_69f4ba96e96bd.post_count = \"3\";\nblock_td_uid_95_69f4ba96e96bd.found_posts = \"278\";\nblock_td_uid_95_69f4ba96e96bd.header_color = \"\";\nblock_td_uid_95_69f4ba96e96bd.ajax_pagination_infinite_stop = \"\";\nblock_td_uid_95_69f4ba96e96bd.max_num_pages = \"93\";\ntdBlocksArray.push(block_td_uid_95_69f4ba96e96bd);\n<\/script><div class=\"td-block-title-wrap\"><\/div><div id=td_uid_95_69f4ba96e96bd class=\"td_block_inner td-column-1\">\r\n        <div class=\"td_module_mx8 td_module_wrap td-animation-stack\">\r\n            <div class=\"meta-info-container\">\r\n                <div class=\"td-module-thumb\"><a href=\"https:\/\/www.africa-press.net\/senegal\/sports\/le-senegal-bat-le-maroc-et-remporte-la-can-2025\" rel=\"bookmark\" class=\"td-image-wrap\" title=\"Le S\u00e9n\u00e9gal Bat le Maroc et Remporte la CAN 2025\"><img loading=\"lazy\" decoding=\"async\" class=\"entry-thumb\" src=\"data:image\/png;base64,iVBORw0KGgoAAAANSUhEUgAAArgAAAGBAQMAAAC3k1CUAAAAA1BMVEWurq51dlI4AAAAAXRSTlMmkutdmwAAADdJREFUeNrtwTEBAAAAwiD7p7bETmAAAAAAAAAAAAAAAAAAAAAAAAAAAAAAAAAAAAAAAAAAAEDuhFgAARFpDB8AAAAASUVORK5CYII=\" alt=\"Le S\u00e9n\u00e9gal Bat le Maroc et Remporte la CAN 2025\" title=\"Le S\u00e9n\u00e9gal Bat le Maroc et Remporte la CAN 2025\" data-type=\"image_tag\" data-img-url=\"https:\/\/static.africa-press.net\/senegal\/sites\/13\/2026\/01\/sm_1768943330.404175-696x385.jpg\"  width=\"696\" height=\"385\" \/><\/a><\/div>\r\n                <div class=\"td-module-meta-info\">\r\n                    <h3 class=\"entry-title td-module-title\"><a href=\"https:\/\/www.africa-press.net\/senegal\/sports\/le-senegal-bat-le-maroc-et-remporte-la-can-2025\" rel=\"bookmark\" title=\"Le S\u00e9n\u00e9gal Bat le Maroc et Remporte la CAN 2025\">Le S\u00e9n\u00e9gal Bat le Maroc et Remporte la CAN 2025<\/a><\/h3>                                        <span class=\"td-author-date\">\r\n                                                <span class=\"td-post-date\"><time class=\"entry-date updated td-module-date\" datetime=\"2026-01-18T20:29:10+00:00\" >2026-01-18<\/time><\/span>                                            <\/span>\r\n                <\/div>\r\n            <\/div>\r\n\r\n        <\/div>\r\n\r\n        \r\n        <div class=\"td_module_mx2 td_module_wrap td-animation-stack\">\r\n\r\n            <div class=\"td-module-thumb\"><a href=\"https:\/\/www.africa-press.net\/senegal\/video\/macky-sall-face-a-dame-mbodj-arrestation-demandee-2\" rel=\"bookmark\" class=\"td-image-wrap\" title=\"Macky Sall Face \u00e0 Dame Mbodj: Arrestation Demand\u00e9e\"><img loading=\"lazy\" decoding=\"async\" class=\"entry-thumb\" src=\"data:image\/png;base64,iVBORw0KGgoAAAANSUhEUgAAAFAAAAA8AQMAAADL6a\/PAAAAA1BMVEWurq51dlI4AAAAAXRSTlMmkutdmwAAAA5JREFUKM9jGAWjYJABAAKUAAHoEAeuAAAAAElFTkSuQmCC\" alt=\"Macky Sall Face \u00e0 Dame Mbodj: Arrestation Demand\u00e9e\" title=\"Macky Sall Face \u00e0 Dame Mbodj: Arrestation Demand\u00e9e\" data-type=\"image_tag\" data-img-url=\"https:\/\/static.africa-press.net\/senegal\/sites\/13\/2025\/10\/sm_1761473509.229773-80x60.jpg\"  width=\"80\" height=\"60\" \/><\/a><\/div>\r\n            <div class=\"item-details\">\r\n                <h3 class=\"entry-title td-module-title\"><a href=\"https:\/\/www.africa-press.net\/senegal\/video\/macky-sall-face-a-dame-mbodj-arrestation-demandee-2\" rel=\"bookmark\" title=\"Macky Sall Face \u00e0 Dame Mbodj: Arrestation Demand\u00e9e\">Macky Sall Face \u00e0 Dame Mbodj: Arrestation Demand\u00e9e<\/a><\/h3>                <div class=\"td-module-meta-info\">\r\n                                                            <span class=\"td-post-date\"><time class=\"entry-date updated td-module-date\" datetime=\"2025-10-25T12:10:00+00:00\" >2025-10-25<\/time><\/span>                                    <\/div>\r\n            <\/div>\r\n\r\n        <\/div>\r\n\r\n        \r\n        <div class=\"td_module_mx2 td_module_wrap td-animation-stack\">\r\n\r\n            <div class=\"td-module-thumb\"><a href=\"https:\/\/www.africa-press.net\/senegal\/video\/diomaye-faye-sur-lhonneur-des-elus-face-au-pouvoir\" rel=\"bookmark\" class=\"td-image-wrap\" title=\"Diomaye Faye sur L&rsquo;Honneur des \u00c9lus Face au Pouvoir\"><img loading=\"lazy\" decoding=\"async\" class=\"entry-thumb\" src=\"data:image\/png;base64,iVBORw0KGgoAAAANSUhEUgAAAFAAAAA8AQMAAADL6a\/PAAAAA1BMVEWurq51dlI4AAAAAXRSTlMmkutdmwAAAA5JREFUKM9jGAWjYJABAAKUAAHoEAeuAAAAAElFTkSuQmCC\" alt=\"Diomaye Faye sur L&#039;Honneur des \u00c9lus Face au Pouvoir\" title=\"Diomaye Faye sur L&rsquo;Honneur des \u00c9lus Face au Pouvoir\" data-type=\"image_tag\" data-img-url=\"https:\/\/static.africa-press.net\/senegal\/sites\/13\/2025\/08\/sm_1754126701.071846-80x60.jpg\"  width=\"80\" height=\"60\" \/><\/a><\/div>\r\n            <div class=\"item-details\">\r\n                <h3 class=\"entry-title td-module-title\"><a href=\"https:\/\/www.africa-press.net\/senegal\/video\/diomaye-faye-sur-lhonneur-des-elus-face-au-pouvoir\" rel=\"bookmark\" title=\"Diomaye Faye sur L&rsquo;Honneur des \u00c9lus Face au Pouvoir\">Diomaye Faye sur L&rsquo;Honneur des \u00c9lus Face au Pouvoir<\/a><\/h3>                <div class=\"td-module-meta-info\">\r\n                                                            <span class=\"td-post-date\"><time class=\"entry-date updated td-module-date\" datetime=\"2025-08-01T12:10:00+00:00\" >2025-08-01<\/time><\/span>                                    <\/div>\r\n            <\/div>\r\n\r\n        <\/div>\r\n\r\n        <\/div><div class=\"td-next-prev-wrap\"><a href=\"#\" class=\"td-ajax-prev-page ajax-page-disabled\" id=\"prev-page-td_uid_95_69f4ba96e96bd\" data-td_block_id=\"td_uid_95_69f4ba96e96bd\"><i class=\"td-icon-font td-icon-menu-left\"><\/i><\/a><a href=\"#\"  class=\"td-ajax-next-page\" id=\"next-page-td_uid_95_69f4ba96e96bd\" data-td_block_id=\"td_uid_95_69f4ba96e96bd\"><i class=\"td-icon-font td-icon-menu-right\"><\/i><\/a><\/div><\/div> <!-- .\/block --><\/div><\/div><\/div><div class=\"vc_column_inner td_uid_96_69f4ba96efae6_rand  wpb_column vc_column_container tdc-inner-column td-pb-span6\">\n<style scoped>\n\n\/* custom css *\/\n.td_uid_96_69f4ba96efae6_rand {\r\n                    vertical-align: baseline;\r\n                }\n<\/style><div class=\"vc_column-inner\"><div class=\"wpb_wrapper\"><div class=\"td_block_wrap td_block_7 td_uid_97_69f4ba96efbf9_rand td-pb-border-top td_block_template_1 td-column-1 td_block_padding\"  data-td-block-uid=\"td_uid_97_69f4ba96efbf9\" >\n<style>\n\n\/* inline tdc_css att *\/\n\n\/* phone *\/\n@media (max-width: 767px)\n{\n.td_uid_97_69f4ba96efbf9_rand{\ndisplay:none !important;\n}\n}\n\n<\/style><script>var block_td_uid_97_69f4ba96efbf9 = new tdBlock();\nblock_td_uid_97_69f4ba96efbf9.id = \"td_uid_97_69f4ba96efbf9\";\nblock_td_uid_97_69f4ba96efbf9.atts = '{\"category_id\":\"9\",\"limit\":\"4\",\"offset\":\"3\",\"tdc_css\":\"eyJwaG9uZSI6eyJkaXNwbGF5Ijoibm9uZSJ9LCJwaG9uZV9tYXhfd2lkdGgiOjc2N30=\",\"separator\":\"\",\"custom_title\":\"\",\"custom_url\":\"\",\"block_template_id\":\"\",\"m6_tl\":\"\",\"post_ids\":\"\",\"category_ids\":\"\",\"tag_slug\":\"\",\"autors_id\":\"\",\"installed_post_types\":\"\",\"sort\":\"\",\"show_modified_date\":\"\",\"el_class\":\"\",\"td_ajax_filter_type\":\"\",\"td_ajax_filter_ids\":\"\",\"td_filter_default_txt\":\"All\",\"td_ajax_preloading\":\"\",\"f_header_font_header\":\"\",\"f_header_font_title\":\"Block header\",\"f_header_font_settings\":\"\",\"f_header_font_family\":\"\",\"f_header_font_size\":\"\",\"f_header_font_line_height\":\"\",\"f_header_font_style\":\"\",\"f_header_font_weight\":\"\",\"f_header_font_transform\":\"\",\"f_header_font_spacing\":\"\",\"f_header_\":\"\",\"f_ajax_font_title\":\"Ajax categories\",\"f_ajax_font_settings\":\"\",\"f_ajax_font_family\":\"\",\"f_ajax_font_size\":\"\",\"f_ajax_font_line_height\":\"\",\"f_ajax_font_style\":\"\",\"f_ajax_font_weight\":\"\",\"f_ajax_font_transform\":\"\",\"f_ajax_font_spacing\":\"\",\"f_ajax_\":\"\",\"f_more_font_title\":\"Load more button\",\"f_more_font_settings\":\"\",\"f_more_font_family\":\"\",\"f_more_font_size\":\"\",\"f_more_font_line_height\":\"\",\"f_more_font_style\":\"\",\"f_more_font_weight\":\"\",\"f_more_font_transform\":\"\",\"f_more_font_spacing\":\"\",\"f_more_\":\"\",\"m6f_title_font_header\":\"\",\"m6f_title_font_title\":\"Article title\",\"m6f_title_font_settings\":\"\",\"m6f_title_font_family\":\"\",\"m6f_title_font_size\":\"\",\"m6f_title_font_line_height\":\"\",\"m6f_title_font_style\":\"\",\"m6f_title_font_weight\":\"\",\"m6f_title_font_transform\":\"\",\"m6f_title_font_spacing\":\"\",\"m6f_title_\":\"\",\"m6f_cat_font_title\":\"Article category tag\",\"m6f_cat_font_settings\":\"\",\"m6f_cat_font_family\":\"\",\"m6f_cat_font_size\":\"\",\"m6f_cat_font_line_height\":\"\",\"m6f_cat_font_style\":\"\",\"m6f_cat_font_weight\":\"\",\"m6f_cat_font_transform\":\"\",\"m6f_cat_font_spacing\":\"\",\"m6f_cat_\":\"\",\"m6f_meta_font_title\":\"Article meta info\",\"m6f_meta_font_settings\":\"\",\"m6f_meta_font_family\":\"\",\"m6f_meta_font_size\":\"\",\"m6f_meta_font_line_height\":\"\",\"m6f_meta_font_style\":\"\",\"m6f_meta_font_weight\":\"\",\"m6f_meta_font_transform\":\"\",\"m6f_meta_font_spacing\":\"\",\"m6f_meta_\":\"\",\"ajax_pagination\":\"\",\"ajax_pagination_infinite_stop\":\"\",\"css\":\"\",\"td_column_number\":1,\"header_color\":\"\",\"color_preset\":\"\",\"border_top\":\"\",\"class\":\"td_uid_97_69f4ba96efbf9_rand\",\"tdc_css_class\":\"td_uid_97_69f4ba96efbf9_rand\",\"tdc_css_class_style\":\"td_uid_97_69f4ba96efbf9_rand_style\"}';\nblock_td_uid_97_69f4ba96efbf9.td_column_number = \"1\";\nblock_td_uid_97_69f4ba96efbf9.block_type = \"td_block_7\";\nblock_td_uid_97_69f4ba96efbf9.post_count = \"4\";\nblock_td_uid_97_69f4ba96efbf9.found_posts = \"278\";\nblock_td_uid_97_69f4ba96efbf9.header_color = \"\";\nblock_td_uid_97_69f4ba96efbf9.ajax_pagination_infinite_stop = \"\";\nblock_td_uid_97_69f4ba96efbf9.max_num_pages = \"69\";\ntdBlocksArray.push(block_td_uid_97_69f4ba96efbf9);\n<\/script><div class=\"td-block-title-wrap\"><\/div><div id=td_uid_97_69f4ba96efbf9 class=\"td_block_inner\">\n\n\t<div class=\"td-block-span12\">\n\r\n        <div class=\"td_module_6 td_module_wrap td-animation-stack\">\r\n\r\n        <div class=\"td-module-thumb\"><a href=\"https:\/\/www.africa-press.net\/senegal\/video\/rejet-de-lamendement-de-maguette-sene-sur-la-parite-2\" rel=\"bookmark\" class=\"td-image-wrap\" title=\"Rejet de L\u2019Amendement de Maguette S\u00e8ne sur la Parit\u00e9 (Video)\"><img loading=\"lazy\" decoding=\"async\" class=\"entry-thumb\" src=\"data:image\/png;base64,iVBORw0KGgoAAAANSUhEUgAAAGQAAABGAQMAAAAASKMqAAAAA1BMVEWurq51dlI4AAAAAXRSTlMmkutdmwAAABBJREFUKM9jGAWjYBQMKwAAA9QAAQWBn6cAAAAASUVORK5CYII=\" alt=\"Rejet de L&#039;Amendement de Maguette S\u00e8ne sur la Parit\u00e9\" title=\"Rejet de L\u2019Amendement de Maguette S\u00e8ne sur la Parit\u00e9 (Video)\" data-type=\"image_tag\" data-img-url=\"https:\/\/static.africa-press.net\/senegal\/sites\/13\/2025\/06\/sm_1751121556.867789-100x70.jpg\"  width=\"100\" height=\"70\" \/><\/a><\/div>\r\n        <div class=\"item-details\">\r\n            <h3 class=\"entry-title td-module-title\"><a href=\"https:\/\/www.africa-press.net\/senegal\/video\/rejet-de-lamendement-de-maguette-sene-sur-la-parite-2\" rel=\"bookmark\" title=\"Rejet de L\u2019Amendement de Maguette S\u00e8ne sur la Parit\u00e9 (Video)\">Rejet de L\u2019Amendement de Maguette S\u00e8ne sur la Parit\u00e9 (Video)<\/a><\/h3>            <div class=\"td-module-meta-info\">\r\n                                                <span class=\"td-post-date\"><time class=\"entry-date updated td-module-date\" datetime=\"2025-06-28T12:10:00+00:00\" >2025-06-28<\/time><\/span>                            <\/div>\r\n        <\/div>\r\n\r\n        <\/div>\r\n\r\n        \n\t<\/div> <!-- .\/td-block-span12 -->\n\n\t<div class=\"td-block-span12\">\n\r\n        <div class=\"td_module_6 td_module_wrap td-animation-stack\">\r\n\r\n        <div class=\"td-module-thumb\"><a href=\"https:\/\/www.africa-press.net\/senegal\/politique\/journee-des-poles-urbains-enjeux-et-opportunites-2050\" rel=\"bookmark\" class=\"td-image-wrap\" title=\"Journ\u00e9e des P\u00f4les Urbains: Enjeux et Opportunit\u00e9s 2050\"><img loading=\"lazy\" decoding=\"async\" class=\"entry-thumb\" src=\"data:image\/png;base64,iVBORw0KGgoAAAANSUhEUgAAAGQAAABGAQMAAAAASKMqAAAAA1BMVEWurq51dlI4AAAAAXRSTlMmkutdmwAAABBJREFUKM9jGAWjYBQMKwAAA9QAAQWBn6cAAAAASUVORK5CYII=\" alt=\"Journ\u00e9e des P\u00f4les Urbains: Enjeux et Opportunit\u00e9s 2050\" title=\"Journ\u00e9e des P\u00f4les Urbains: Enjeux et Opportunit\u00e9s 2050\" data-type=\"image_tag\" data-img-url=\"https:\/\/static.africa-press.net\/senegal\/sites\/13\/2025\/06\/sm_1750708350.578709-100x70.jpg\"  width=\"100\" height=\"70\" \/><\/a><\/div>\r\n        <div class=\"item-details\">\r\n            <h3 class=\"entry-title td-module-title\"><a href=\"https:\/\/www.africa-press.net\/senegal\/politique\/journee-des-poles-urbains-enjeux-et-opportunites-2050\" rel=\"bookmark\" title=\"Journ\u00e9e des P\u00f4les Urbains: Enjeux et Opportunit\u00e9s 2050\">Journ\u00e9e des P\u00f4les Urbains: Enjeux et Opportunit\u00e9s 2050<\/a><\/h3>            <div class=\"td-module-meta-info\">\r\n                                                <span class=\"td-post-date\"><time class=\"entry-date updated td-module-date\" datetime=\"2025-06-20T12:10:00+00:00\" >2025-06-20<\/time><\/span>                            <\/div>\r\n        <\/div>\r\n\r\n        <\/div>\r\n\r\n        \n\t<\/div> <!-- .\/td-block-span12 -->\n\n\t<div class=\"td-block-span12\">\n\r\n        <div class=\"td_module_6 td_module_wrap td-animation-stack\">\r\n\r\n        <div class=\"td-module-thumb\"><a href=\"https:\/\/www.africa-press.net\/senegal\/sports\/liverpool-mohamed-salah-marque-but-historique-video\" rel=\"bookmark\" class=\"td-image-wrap\" title=\"Liverpool: Mohamed Salah Marque But Historique (Vid\u00e9o)\"><img loading=\"lazy\" decoding=\"async\" class=\"entry-thumb\" src=\"data:image\/png;base64,iVBORw0KGgoAAAANSUhEUgAAAGQAAABGAQMAAAAASKMqAAAAA1BMVEWurq51dlI4AAAAAXRSTlMmkutdmwAAABBJREFUKM9jGAWjYBQMKwAAA9QAAQWBn6cAAAAASUVORK5CYII=\" alt=\"Liverpool: Mohamed Salah Marque But Historique (Vid\u00e9o)\" title=\"Liverpool: Mohamed Salah Marque But Historique (Vid\u00e9o)\" data-type=\"image_tag\" data-img-url=\"https:\/\/static.africa-press.net\/senegal\/sites\/13\/2025\/05\/sm_1748255722.340358-100x70.jpg\"  width=\"100\" height=\"70\" \/><\/a><\/div>\r\n        <div class=\"item-details\">\r\n            <h3 class=\"entry-title td-module-title\"><a href=\"https:\/\/www.africa-press.net\/senegal\/sports\/liverpool-mohamed-salah-marque-but-historique-video\" rel=\"bookmark\" title=\"Liverpool: Mohamed Salah Marque But Historique (Vid\u00e9o)\">Liverpool: Mohamed Salah Marque But Historique (Vid\u00e9o)<\/a><\/h3>            <div class=\"td-module-meta-info\">\r\n                                                <span class=\"td-post-date\"><time class=\"entry-date updated td-module-date\" datetime=\"2025-05-25T23:51:09+00:00\" >2025-05-25<\/time><\/span>                            <\/div>\r\n        <\/div>\r\n\r\n        <\/div>\r\n\r\n        \n\t<\/div> <!-- .\/td-block-span12 -->\n\n\t<div class=\"td-block-span12\">\n\r\n        <div class=\"td_module_6 td_module_wrap td-animation-stack\">\r\n\r\n        <div class=\"td-module-thumb\"><a href=\"https:\/\/www.africa-press.net\/senegal\/politique\/affaire-farba-ngom-le-depute-mbaye-dione-denonce-limmixtion-de-sonko\" rel=\"bookmark\" class=\"td-image-wrap\" title=\"Affaire Farba Ngom: le D\u00e9put\u00e9 Mbaye Dione D\u00e9nonce \u00ab\u00a0L&rsquo;Immixtion de Sonko\u00a0\u00bb\"><img loading=\"lazy\" decoding=\"async\" class=\"entry-thumb\" src=\"data:image\/png;base64,iVBORw0KGgoAAAANSUhEUgAAAGQAAABGAQMAAAAASKMqAAAAA1BMVEWurq51dlI4AAAAAXRSTlMmkutdmwAAABBJREFUKM9jGAWjYBQMKwAAA9QAAQWBn6cAAAAASUVORK5CYII=\" alt=\"Affaire Farba Ngom: le D\u00e9put\u00e9 Mbaye Dione D\u00e9nonce &quot;L&#039;Immixtion de Sonko&quot;\" title=\"Affaire Farba Ngom: le D\u00e9put\u00e9 Mbaye Dione D\u00e9nonce \u00ab\u00a0L&rsquo;Immixtion de Sonko\u00a0\u00bb\" data-type=\"image_tag\" data-img-url=\"https:\/\/static.africa-press.net\/senegal\/sites\/13\/2025\/01\/sm_1738063390.535887-100x70.jpg\"  width=\"100\" height=\"70\" \/><\/a><\/div>\r\n        <div class=\"item-details\">\r\n            <h3 class=\"entry-title td-module-title\"><a href=\"https:\/\/www.africa-press.net\/senegal\/politique\/affaire-farba-ngom-le-depute-mbaye-dione-denonce-limmixtion-de-sonko\" rel=\"bookmark\" title=\"Affaire Farba Ngom: le D\u00e9put\u00e9 Mbaye Dione D\u00e9nonce \u00ab\u00a0L&rsquo;Immixtion de Sonko\u00a0\u00bb\">Affaire Farba Ngom: le D\u00e9put\u00e9 Mbaye Dione D\u00e9nonce \u00ab\u00a0L&rsquo;Immixtion de Sonko\u00a0\u00bb<\/a><\/h3>            <div class=\"td-module-meta-info\">\r\n                                                <span class=\"td-post-date\"><time class=\"entry-date updated td-module-date\" datetime=\"2025-01-27T12:10:00+00:00\" >2025-01-27<\/time><\/span>                            <\/div>\r\n        <\/div>\r\n\r\n        <\/div>\r\n\r\n        \n\t<\/div> <!-- .\/td-block-span12 --><\/div><\/div> <!-- .\/block --><\/div><\/div><\/div><\/div><div class=\"tdm_block td_block_wrap tdm_block_button td_uid_98_69f4ba970238f_rand tdm-block-button-inline tdm-content-horiz-right td-pb-border-top main-box-btn-green-en td_block_template_1\"  data-td-block-uid=\"td_uid_98_69f4ba970238f\"     >\n<style>\n.td_uid_99_69f4ba9702a08 i:first-child {\r\n\t\t\t\t\tmargin-right: 14px;\r\n\t\t\t\t}\n<\/style><div class=\"tds-button td-fix-index\"><a \r\n                href=\"\/senegal\/video\" \r\n                class=\"tds-button1 tdm-btn tdm-btn-sm td_uid_99_69f4ba9702a08\"  target=\"_blank\" ><i class=\"tdc-font-fa tdc-font-fa-arrow-right\"><\/i><span class=\"tdm-btn-text\">Plus de Nouvelles<\/span><\/a><\/div><\/div><div class=\"wpb_wrapper td_block_wrap vc_raw_html td_uid_100_69f4ba9702e87_rand \"><div class=\"td-fix-index\"><div class=\"td-block-title-wrap\"><h4 class=\"block-title\"><a href=\"\/senegal\/Divers\" class=\"td-pulldown-size\">Divers<\/a><\/h4><\/div><\/div><\/div><div id=\"main-box\" class=\"vc_row_inner td_uid_101_69f4ba9702ecf_rand  vc_row vc_inner wpb_row td-pb-row\" >\n<style scoped>\n\n\/* custom css *\/\n.td_uid_101_69f4ba9702ecf_rand {\r\n                    position: relative !important;\r\n                    top: 0;\r\n                    transform: none;\r\n                    -webkit-transform: none;\r\n                }\n<\/style><div class=\"vc_column_inner td_uid_102_69f4ba9702fed_rand  wpb_column vc_column_container tdc-inner-column td-pb-span6\">\n<style scoped>\n\n\/* custom css *\/\n.td_uid_102_69f4ba9702fed_rand {\r\n                    vertical-align: baseline;\r\n                }\n<\/style><div class=\"vc_column-inner\"><div class=\"wpb_wrapper\"><div class=\"td_block_wrap td_block_18 td_uid_103_69f4ba9703106_rand td_with_ajax_pagination td-pb-border-top td_block_template_1 td-column-1\"  data-td-block-uid=\"td_uid_103_69f4ba9703106\" ><script>var block_td_uid_103_69f4ba9703106 = new tdBlock();\nblock_td_uid_103_69f4ba9703106.id = \"td_uid_103_69f4ba9703106\";\nblock_td_uid_103_69f4ba9703106.atts = '{\"category_id\":\"22\",\"limit\":\"3\",\"ajax_pagination\":\"next_prev\",\"separator\":\"\",\"custom_title\":\"\",\"custom_url\":\"\",\"block_template_id\":\"\",\"mx8_tl\":\"\",\"m10_tl\":\"\",\"m10_el\":\"\",\"mx2_tl\":\"\",\"post_ids\":\"\",\"category_ids\":\"\",\"tag_slug\":\"\",\"autors_id\":\"\",\"installed_post_types\":\"\",\"sort\":\"\",\"offset\":\"\",\"show_modified_date\":\"\",\"el_class\":\"\",\"td_ajax_filter_type\":\"\",\"td_ajax_filter_ids\":\"\",\"td_filter_default_txt\":\"All\",\"td_ajax_preloading\":\"\",\"f_header_font_header\":\"\",\"f_header_font_title\":\"Block header\",\"f_header_font_settings\":\"\",\"f_header_font_family\":\"\",\"f_header_font_size\":\"\",\"f_header_font_line_height\":\"\",\"f_header_font_style\":\"\",\"f_header_font_weight\":\"\",\"f_header_font_transform\":\"\",\"f_header_font_spacing\":\"\",\"f_header_\":\"\",\"f_ajax_font_title\":\"Ajax categories\",\"f_ajax_font_settings\":\"\",\"f_ajax_font_family\":\"\",\"f_ajax_font_size\":\"\",\"f_ajax_font_line_height\":\"\",\"f_ajax_font_style\":\"\",\"f_ajax_font_weight\":\"\",\"f_ajax_font_transform\":\"\",\"f_ajax_font_spacing\":\"\",\"f_ajax_\":\"\",\"f_more_font_title\":\"Load more button\",\"f_more_font_settings\":\"\",\"f_more_font_family\":\"\",\"f_more_font_size\":\"\",\"f_more_font_line_height\":\"\",\"f_more_font_style\":\"\",\"f_more_font_weight\":\"\",\"f_more_font_transform\":\"\",\"f_more_font_spacing\":\"\",\"f_more_\":\"\",\"mx8f_title_font_header\":\"\",\"mx8f_title_font_title\":\"Article title\",\"mx8f_title_font_settings\":\"\",\"mx8f_title_font_family\":\"\",\"mx8f_title_font_size\":\"\",\"mx8f_title_font_line_height\":\"\",\"mx8f_title_font_style\":\"\",\"mx8f_title_font_weight\":\"\",\"mx8f_title_font_transform\":\"\",\"mx8f_title_font_spacing\":\"\",\"mx8f_title_\":\"\",\"mx8f_cat_font_title\":\"Article category tag\",\"mx8f_cat_font_settings\":\"\",\"mx8f_cat_font_family\":\"\",\"mx8f_cat_font_size\":\"\",\"mx8f_cat_font_line_height\":\"\",\"mx8f_cat_font_style\":\"\",\"mx8f_cat_font_weight\":\"\",\"mx8f_cat_font_transform\":\"\",\"mx8f_cat_font_spacing\":\"\",\"mx8f_cat_\":\"\",\"mx8f_meta_font_title\":\"Article meta info\",\"mx8f_meta_font_settings\":\"\",\"mx8f_meta_font_family\":\"\",\"mx8f_meta_font_size\":\"\",\"mx8f_meta_font_line_height\":\"\",\"mx8f_meta_font_style\":\"\",\"mx8f_meta_font_weight\":\"\",\"mx8f_meta_font_transform\":\"\",\"mx8f_meta_font_spacing\":\"\",\"mx8f_meta_\":\"\",\"m10f_title_font_header\":\"\",\"m10f_title_font_title\":\"Article title\",\"m10f_title_font_settings\":\"\",\"m10f_title_font_family\":\"\",\"m10f_title_font_size\":\"\",\"m10f_title_font_line_height\":\"\",\"m10f_title_font_style\":\"\",\"m10f_title_font_weight\":\"\",\"m10f_title_font_transform\":\"\",\"m10f_title_font_spacing\":\"\",\"m10f_title_\":\"\",\"m10f_cat_font_title\":\"Article category tag\",\"m10f_cat_font_settings\":\"\",\"m10f_cat_font_family\":\"\",\"m10f_cat_font_size\":\"\",\"m10f_cat_font_line_height\":\"\",\"m10f_cat_font_style\":\"\",\"m10f_cat_font_weight\":\"\",\"m10f_cat_font_transform\":\"\",\"m10f_cat_font_spacing\":\"\",\"m10f_cat_\":\"\",\"m10f_meta_font_title\":\"Article meta info\",\"m10f_meta_font_settings\":\"\",\"m10f_meta_font_family\":\"\",\"m10f_meta_font_size\":\"\",\"m10f_meta_font_line_height\":\"\",\"m10f_meta_font_style\":\"\",\"m10f_meta_font_weight\":\"\",\"m10f_meta_font_transform\":\"\",\"m10f_meta_font_spacing\":\"\",\"m10f_meta_\":\"\",\"m10f_ex_font_title\":\"Article excerpt\",\"m10f_ex_font_settings\":\"\",\"m10f_ex_font_family\":\"\",\"m10f_ex_font_size\":\"\",\"m10f_ex_font_line_height\":\"\",\"m10f_ex_font_style\":\"\",\"m10f_ex_font_weight\":\"\",\"m10f_ex_font_transform\":\"\",\"m10f_ex_font_spacing\":\"\",\"m10f_ex_\":\"\",\"mx2f_title_font_header\":\"\",\"mx2f_title_font_title\":\"Article title\",\"mx2f_title_font_settings\":\"\",\"mx2f_title_font_family\":\"\",\"mx2f_title_font_size\":\"\",\"mx2f_title_font_line_height\":\"\",\"mx2f_title_font_style\":\"\",\"mx2f_title_font_weight\":\"\",\"mx2f_title_font_transform\":\"\",\"mx2f_title_font_spacing\":\"\",\"mx2f_title_\":\"\",\"mx2f_cat_font_title\":\"Article category tag\",\"mx2f_cat_font_settings\":\"\",\"mx2f_cat_font_family\":\"\",\"mx2f_cat_font_size\":\"\",\"mx2f_cat_font_line_height\":\"\",\"mx2f_cat_font_style\":\"\",\"mx2f_cat_font_weight\":\"\",\"mx2f_cat_font_transform\":\"\",\"mx2f_cat_font_spacing\":\"\",\"mx2f_cat_\":\"\",\"mx2f_meta_font_title\":\"Article meta info\",\"mx2f_meta_font_settings\":\"\",\"mx2f_meta_font_family\":\"\",\"mx2f_meta_font_size\":\"\",\"mx2f_meta_font_line_height\":\"\",\"mx2f_meta_font_style\":\"\",\"mx2f_meta_font_weight\":\"\",\"mx2f_meta_font_transform\":\"\",\"mx2f_meta_font_spacing\":\"\",\"mx2f_meta_\":\"\",\"ajax_pagination_infinite_stop\":\"\",\"css\":\"\",\"tdc_css\":\"\",\"td_column_number\":1,\"header_color\":\"\",\"color_preset\":\"\",\"border_top\":\"\",\"class\":\"td_uid_103_69f4ba9703106_rand\",\"tdc_css_class\":\"td_uid_103_69f4ba9703106_rand\",\"tdc_css_class_style\":\"td_uid_103_69f4ba9703106_rand_style\"}';\nblock_td_uid_103_69f4ba9703106.td_column_number = \"1\";\nblock_td_uid_103_69f4ba9703106.block_type = \"td_block_18\";\nblock_td_uid_103_69f4ba9703106.post_count = \"3\";\nblock_td_uid_103_69f4ba9703106.found_posts = \"4567\";\nblock_td_uid_103_69f4ba9703106.header_color = \"\";\nblock_td_uid_103_69f4ba9703106.ajax_pagination_infinite_stop = \"\";\nblock_td_uid_103_69f4ba9703106.max_num_pages = \"1523\";\ntdBlocksArray.push(block_td_uid_103_69f4ba9703106);\n<\/script><div class=\"td-block-title-wrap\"><\/div><div id=td_uid_103_69f4ba9703106 class=\"td_block_inner td-column-1\">\r\n        <div class=\"td_module_mx8 td_module_wrap td-animation-stack\">\r\n            <div class=\"meta-info-container\">\r\n                <div class=\"td-module-thumb\"><a href=\"https:\/\/www.africa-press.net\/senegal\/toutes-les-actualites\/tchernobyl-laboratoire-naturel-de-levolution-irradiee\" rel=\"bookmark\" class=\"td-image-wrap\" title=\"Tchernobyl Laboratoire Naturel de L\u2019\u00c9volution Irradi\u00e9e\"><img loading=\"lazy\" decoding=\"async\" class=\"entry-thumb\" src=\"data:image\/png;base64,iVBORw0KGgoAAAANSUhEUgAAArgAAAGBAQMAAAC3k1CUAAAAA1BMVEWurq51dlI4AAAAAXRSTlMmkutdmwAAADdJREFUeNrtwTEBAAAAwiD7p7bETmAAAAAAAAAAAAAAAAAAAAAAAAAAAAAAAAAAAAAAAAAAAEDuhFgAARFpDB8AAAAASUVORK5CYII=\" alt=\"Tchernobyl Laboratoire Naturel de L\u2019\u00c9volution Irradi\u00e9e\" title=\"Tchernobyl Laboratoire Naturel de L\u2019\u00c9volution Irradi\u00e9e\" data-type=\"image_tag\" data-img-url=\"https:\/\/static.africa-press.net\/senegal\/sites\/13\/2026\/04\/sm_1777504600.862747-696x385.jpg\"  width=\"696\" height=\"385\" \/><\/a><\/div>\r\n                <div class=\"td-module-meta-info\">\r\n                    <h3 class=\"entry-title td-module-title\"><a href=\"https:\/\/www.africa-press.net\/senegal\/toutes-les-actualites\/tchernobyl-laboratoire-naturel-de-levolution-irradiee\" rel=\"bookmark\" title=\"Tchernobyl Laboratoire Naturel de L\u2019\u00c9volution Irradi\u00e9e\">Tchernobyl Laboratoire Naturel de L\u2019\u00c9volution Irradi\u00e9e<\/a><\/h3>                                        <span class=\"td-author-date\">\r\n                                                <span class=\"td-post-date\"><time class=\"entry-date updated td-module-date\" datetime=\"2026-04-29T23:01:21+00:00\" >2026-04-29<\/time><\/span>                                            <\/span>\r\n                <\/div>\r\n            <\/div>\r\n\r\n        <\/div>\r\n\r\n        \r\n        <div class=\"td_module_mx2 td_module_wrap td-animation-stack\">\r\n\r\n            <div class=\"td-module-thumb\"><a href=\"https:\/\/www.africa-press.net\/senegal\/toutes-les-actualites\/tesla-lance-production-de-son-robotaxi-cybercab\" rel=\"bookmark\" class=\"td-image-wrap\" title=\"Tesla Lance Production de Son Robotaxi Cybercab\"><img loading=\"lazy\" decoding=\"async\" class=\"entry-thumb\" src=\"data:image\/png;base64,iVBORw0KGgoAAAANSUhEUgAAAFAAAAA8AQMAAADL6a\/PAAAAA1BMVEWurq51dlI4AAAAAXRSTlMmkutdmwAAAA5JREFUKM9jGAWjYJABAAKUAAHoEAeuAAAAAElFTkSuQmCC\" alt=\"Tesla Lance Production de Son Robotaxi Cybercab\" title=\"Tesla Lance Production de Son Robotaxi Cybercab\" data-type=\"image_tag\" data-img-url=\"https:\/\/static.africa-press.net\/senegal\/sites\/13\/2026\/04\/sm_1777504460.605616-80x60.jpg\"  width=\"80\" height=\"60\" \/><\/a><\/div>\r\n            <div class=\"item-details\">\r\n                <h3 class=\"entry-title td-module-title\"><a href=\"https:\/\/www.africa-press.net\/senegal\/toutes-les-actualites\/tesla-lance-production-de-son-robotaxi-cybercab\" rel=\"bookmark\" title=\"Tesla Lance Production de Son Robotaxi Cybercab\">Tesla Lance Production de Son Robotaxi Cybercab<\/a><\/h3>                <div class=\"td-module-meta-info\">\r\n                                                            <span class=\"td-post-date\"><time class=\"entry-date updated td-module-date\" datetime=\"2026-04-29T23:00:19+00:00\" >2026-04-29<\/time><\/span>                                    <\/div>\r\n            <\/div>\r\n\r\n        <\/div>\r\n\r\n        \r\n        <div class=\"td_module_mx2 td_module_wrap td-animation-stack\">\r\n\r\n            <div class=\"td-module-thumb\"><a href=\"https:\/\/www.africa-press.net\/senegal\/toutes-les-actualites\/google-signe-accord-confidentiel-ia-avec-pentagone\" rel=\"bookmark\" class=\"td-image-wrap\" title=\"Google Signe Accord Confidentiel IA avec Pentagone\"><img loading=\"lazy\" decoding=\"async\" class=\"entry-thumb\" src=\"data:image\/png;base64,iVBORw0KGgoAAAANSUhEUgAAAFAAAAA8AQMAAADL6a\/PAAAAA1BMVEWurq51dlI4AAAAAXRSTlMmkutdmwAAAA5JREFUKM9jGAWjYJABAAKUAAHoEAeuAAAAAElFTkSuQmCC\" alt=\"Google Signe Accord Confidentiel IA avec Pentagone\" title=\"Google Signe Accord Confidentiel IA avec Pentagone\" data-type=\"image_tag\" data-img-url=\"https:\/\/static.africa-press.net\/senegal\/sites\/13\/2026\/04\/sm_1777504163.179594-80x60.jpg\"  width=\"80\" height=\"60\" \/><\/a><\/div>\r\n            <div class=\"item-details\">\r\n                <h3 class=\"entry-title td-module-title\"><a href=\"https:\/\/www.africa-press.net\/senegal\/toutes-les-actualites\/google-signe-accord-confidentiel-ia-avec-pentagone\" rel=\"bookmark\" title=\"Google Signe Accord Confidentiel IA avec Pentagone\">Google Signe Accord Confidentiel IA avec Pentagone<\/a><\/h3>                <div class=\"td-module-meta-info\">\r\n                                                            <span class=\"td-post-date\"><time class=\"entry-date updated td-module-date\" datetime=\"2026-04-29T12:00:00+00:00\" >2026-04-29<\/time><\/span>                                    <\/div>\r\n            <\/div>\r\n\r\n        <\/div>\r\n\r\n        <\/div><div class=\"td-next-prev-wrap\"><a href=\"#\" class=\"td-ajax-prev-page ajax-page-disabled\" id=\"prev-page-td_uid_103_69f4ba9703106\" data-td_block_id=\"td_uid_103_69f4ba9703106\"><i class=\"td-icon-font td-icon-menu-left\"><\/i><\/a><a href=\"#\"  class=\"td-ajax-next-page\" id=\"next-page-td_uid_103_69f4ba9703106\" data-td_block_id=\"td_uid_103_69f4ba9703106\"><i class=\"td-icon-font td-icon-menu-right\"><\/i><\/a><\/div><\/div> <!-- .\/block --><\/div><\/div><\/div><div class=\"vc_column_inner td_uid_104_69f4ba97124e6_rand  wpb_column vc_column_container tdc-inner-column td-pb-span6\">\n<style scoped>\n\n\/* custom css *\/\n.td_uid_104_69f4ba97124e6_rand {\r\n                    vertical-align: baseline;\r\n                }\n<\/style><div class=\"vc_column-inner\"><div class=\"wpb_wrapper\"><div class=\"td_block_wrap td_block_7 td_uid_105_69f4ba9712599_rand td-pb-border-top td_block_template_1 td-column-1 td_block_padding\"  data-td-block-uid=\"td_uid_105_69f4ba9712599\" >\n<style>\n\n\/* inline tdc_css att *\/\n\n\/* phone *\/\n@media (max-width: 767px)\n{\n.td_uid_105_69f4ba9712599_rand{\ndisplay:none !important;\n}\n}\n\n<\/style><script>var block_td_uid_105_69f4ba9712599 = new tdBlock();\nblock_td_uid_105_69f4ba9712599.id = \"td_uid_105_69f4ba9712599\";\nblock_td_uid_105_69f4ba9712599.atts = '{\"category_id\":\"22\",\"limit\":\"4\",\"offset\":\"3\",\"tdc_css\":\"eyJwaG9uZSI6eyJkaXNwbGF5Ijoibm9uZSJ9LCJwaG9uZV9tYXhfd2lkdGgiOjc2N30=\",\"separator\":\"\",\"custom_title\":\"\",\"custom_url\":\"\",\"block_template_id\":\"\",\"m6_tl\":\"\",\"post_ids\":\"\",\"category_ids\":\"\",\"tag_slug\":\"\",\"autors_id\":\"\",\"installed_post_types\":\"\",\"sort\":\"\",\"show_modified_date\":\"\",\"el_class\":\"\",\"td_ajax_filter_type\":\"\",\"td_ajax_filter_ids\":\"\",\"td_filter_default_txt\":\"All\",\"td_ajax_preloading\":\"\",\"f_header_font_header\":\"\",\"f_header_font_title\":\"Block header\",\"f_header_font_settings\":\"\",\"f_header_font_family\":\"\",\"f_header_font_size\":\"\",\"f_header_font_line_height\":\"\",\"f_header_font_style\":\"\",\"f_header_font_weight\":\"\",\"f_header_font_transform\":\"\",\"f_header_font_spacing\":\"\",\"f_header_\":\"\",\"f_ajax_font_title\":\"Ajax categories\",\"f_ajax_font_settings\":\"\",\"f_ajax_font_family\":\"\",\"f_ajax_font_size\":\"\",\"f_ajax_font_line_height\":\"\",\"f_ajax_font_style\":\"\",\"f_ajax_font_weight\":\"\",\"f_ajax_font_transform\":\"\",\"f_ajax_font_spacing\":\"\",\"f_ajax_\":\"\",\"f_more_font_title\":\"Load more button\",\"f_more_font_settings\":\"\",\"f_more_font_family\":\"\",\"f_more_font_size\":\"\",\"f_more_font_line_height\":\"\",\"f_more_font_style\":\"\",\"f_more_font_weight\":\"\",\"f_more_font_transform\":\"\",\"f_more_font_spacing\":\"\",\"f_more_\":\"\",\"m6f_title_font_header\":\"\",\"m6f_title_font_title\":\"Article title\",\"m6f_title_font_settings\":\"\",\"m6f_title_font_family\":\"\",\"m6f_title_font_size\":\"\",\"m6f_title_font_line_height\":\"\",\"m6f_title_font_style\":\"\",\"m6f_title_font_weight\":\"\",\"m6f_title_font_transform\":\"\",\"m6f_title_font_spacing\":\"\",\"m6f_title_\":\"\",\"m6f_cat_font_title\":\"Article category tag\",\"m6f_cat_font_settings\":\"\",\"m6f_cat_font_family\":\"\",\"m6f_cat_font_size\":\"\",\"m6f_cat_font_line_height\":\"\",\"m6f_cat_font_style\":\"\",\"m6f_cat_font_weight\":\"\",\"m6f_cat_font_transform\":\"\",\"m6f_cat_font_spacing\":\"\",\"m6f_cat_\":\"\",\"m6f_meta_font_title\":\"Article meta info\",\"m6f_meta_font_settings\":\"\",\"m6f_meta_font_family\":\"\",\"m6f_meta_font_size\":\"\",\"m6f_meta_font_line_height\":\"\",\"m6f_meta_font_style\":\"\",\"m6f_meta_font_weight\":\"\",\"m6f_meta_font_transform\":\"\",\"m6f_meta_font_spacing\":\"\",\"m6f_meta_\":\"\",\"ajax_pagination\":\"\",\"ajax_pagination_infinite_stop\":\"\",\"css\":\"\",\"td_column_number\":1,\"header_color\":\"\",\"color_preset\":\"\",\"border_top\":\"\",\"class\":\"td_uid_105_69f4ba9712599_rand\",\"tdc_css_class\":\"td_uid_105_69f4ba9712599_rand\",\"tdc_css_class_style\":\"td_uid_105_69f4ba9712599_rand_style\"}';\nblock_td_uid_105_69f4ba9712599.td_column_number = \"1\";\nblock_td_uid_105_69f4ba9712599.block_type = \"td_block_7\";\nblock_td_uid_105_69f4ba9712599.post_count = \"4\";\nblock_td_uid_105_69f4ba9712599.found_posts = \"4567\";\nblock_td_uid_105_69f4ba9712599.header_color = \"\";\nblock_td_uid_105_69f4ba9712599.ajax_pagination_infinite_stop = \"\";\nblock_td_uid_105_69f4ba9712599.max_num_pages = \"1141\";\ntdBlocksArray.push(block_td_uid_105_69f4ba9712599);\n<\/script><div class=\"td-block-title-wrap\"><\/div><div id=td_uid_105_69f4ba9712599 class=\"td_block_inner\">\n\n\t<div class=\"td-block-span12\">\n\r\n        <div class=\"td_module_6 td_module_wrap td-animation-stack\">\r\n\r\n        <div class=\"td-module-thumb\"><a href=\"https:\/\/www.africa-press.net\/senegal\/toutes-les-actualites\/deepseek-se-detache-de-nvidia-avec-son-modele-v4\" rel=\"bookmark\" class=\"td-image-wrap\" title=\"Deepseek se D\u00e9tache de Nvidia avec Son Mod\u00e8le V4\"><img loading=\"lazy\" decoding=\"async\" class=\"entry-thumb\" src=\"data:image\/png;base64,iVBORw0KGgoAAAANSUhEUgAAAGQAAABGAQMAAAAASKMqAAAAA1BMVEWurq51dlI4AAAAAXRSTlMmkutdmwAAABBJREFUKM9jGAWjYBQMKwAAA9QAAQWBn6cAAAAASUVORK5CYII=\" alt=\"Deepseek se D\u00e9tache de Nvidia avec Son Mod\u00e8le V4\" title=\"Deepseek se D\u00e9tache de Nvidia avec Son Mod\u00e8le V4\" data-type=\"image_tag\" data-img-url=\"https:\/\/static.africa-press.net\/senegal\/sites\/13\/2026\/04\/sm_1777504318.432693-100x70.jpg\"  width=\"100\" height=\"70\" \/><\/a><\/div>\r\n        <div class=\"item-details\">\r\n            <h3 class=\"entry-title td-module-title\"><a href=\"https:\/\/www.africa-press.net\/senegal\/toutes-les-actualites\/deepseek-se-detache-de-nvidia-avec-son-modele-v4\" rel=\"bookmark\" title=\"Deepseek se D\u00e9tache de Nvidia avec Son Mod\u00e8le V4\">Deepseek se D\u00e9tache de Nvidia avec Son Mod\u00e8le V4<\/a><\/h3>            <div class=\"td-module-meta-info\">\r\n                                                <span class=\"td-post-date\"><time class=\"entry-date updated td-module-date\" datetime=\"2026-04-29T12:00:00+00:00\" >2026-04-29<\/time><\/span>                            <\/div>\r\n        <\/div>\r\n\r\n        <\/div>\r\n\r\n        \n\t<\/div> <!-- .\/td-block-span12 -->\n\n\t<div class=\"td-block-span12\">\n\r\n        <div class=\"td_module_6 td_module_wrap td-animation-stack\">\r\n\r\n        <div class=\"td-module-thumb\"><a href=\"https:\/\/www.africa-press.net\/senegal\/toutes-les-actualites\/le-fardier-precurseur-de-lautomobile\" rel=\"bookmark\" class=\"td-image-wrap\" title=\"Le Fardier, pr\u00e9curseur de l\u2019automobile\"><img loading=\"lazy\" decoding=\"async\" class=\"entry-thumb\" src=\"data:image\/png;base64,iVBORw0KGgoAAAANSUhEUgAAAGQAAABGAQMAAAAASKMqAAAAA1BMVEWurq51dlI4AAAAAXRSTlMmkutdmwAAABBJREFUKM9jGAWjYBQMKwAAA9QAAQWBn6cAAAAASUVORK5CYII=\" alt=\"Le Fardier, pr\u00e9curseur de l\u2019automobile\" title=\"Le Fardier, pr\u00e9curseur de l\u2019automobile\" data-type=\"image_tag\" data-img-url=\"https:\/\/static.africa-press.net\/senegal\/sites\/13\/2026\/04\/sm_1776605851.987873-100x70.jpg\"  width=\"100\" height=\"70\" \/><\/a><\/div>\r\n        <div class=\"item-details\">\r\n            <h3 class=\"entry-title td-module-title\"><a href=\"https:\/\/www.africa-press.net\/senegal\/toutes-les-actualites\/le-fardier-precurseur-de-lautomobile\" rel=\"bookmark\" title=\"Le Fardier, pr\u00e9curseur de l\u2019automobile\">Le Fardier, pr\u00e9curseur de l\u2019automobile<\/a><\/h3>            <div class=\"td-module-meta-info\">\r\n                                                <span class=\"td-post-date\"><time class=\"entry-date updated td-module-date\" datetime=\"2026-03-31T12:06:00+00:00\" >2026-03-31<\/time><\/span>                            <\/div>\r\n        <\/div>\r\n\r\n        <\/div>\r\n\r\n        \n\t<\/div> <!-- .\/td-block-span12 -->\n\n\t<div class=\"td-block-span12\">\n\r\n        <div class=\"td_module_6 td_module_wrap td-animation-stack\">\r\n\r\n        <div class=\"td-module-thumb\"><a href=\"https:\/\/www.africa-press.net\/senegal\/toutes-les-actualites\/wikipedia-a-25-ans-lavenir-face-a-lia\" rel=\"bookmark\" class=\"td-image-wrap\" title=\"Wikipe\u0301dia A\u0300 25 Ans: L\u2019Avenir Face A\u0300 L\u2019IA\"><img loading=\"lazy\" decoding=\"async\" class=\"entry-thumb\" src=\"data:image\/png;base64,iVBORw0KGgoAAAANSUhEUgAAAGQAAABGAQMAAAAASKMqAAAAA1BMVEWurq51dlI4AAAAAXRSTlMmkutdmwAAABBJREFUKM9jGAWjYBQMKwAAA9QAAQWBn6cAAAAASUVORK5CYII=\" alt=\"Wikipe\u0301dia A\u0300 25 Ans: L\u2019Avenir Face A\u0300 L\u2019IA\" title=\"Wikipe\u0301dia A\u0300 25 Ans: L\u2019Avenir Face A\u0300 L\u2019IA\" data-type=\"image_tag\" data-img-url=\"https:\/\/static.africa-press.net\/senegal\/sites\/13\/2026\/04\/sm_1776605714.676538-100x70.jpg\"  width=\"100\" height=\"70\" \/><\/a><\/div>\r\n        <div class=\"item-details\">\r\n            <h3 class=\"entry-title td-module-title\"><a href=\"https:\/\/www.africa-press.net\/senegal\/toutes-les-actualites\/wikipedia-a-25-ans-lavenir-face-a-lia\" rel=\"bookmark\" title=\"Wikipe\u0301dia A\u0300 25 Ans: L\u2019Avenir Face A\u0300 L\u2019IA\">Wikipe\u0301dia A\u0300 25 Ans: L\u2019Avenir Face A\u0300 L\u2019IA<\/a><\/h3>            <div class=\"td-module-meta-info\">\r\n                                                <span class=\"td-post-date\"><time class=\"entry-date updated td-module-date\" datetime=\"2026-03-31T12:04:00+00:00\" >2026-03-31<\/time><\/span>                            <\/div>\r\n        <\/div>\r\n\r\n        <\/div>\r\n\r\n        \n\t<\/div> <!-- .\/td-block-span12 -->\n\n\t<div class=\"td-block-span12\">\n\r\n        <div class=\"td_module_6 td_module_wrap td-animation-stack\">\r\n\r\n        <div class=\"td-module-thumb\"><a href=\"https:\/\/www.africa-press.net\/senegal\/toutes-les-actualites\/box-internet-fibre-la-tres-haute-vitesse-et-nos-usages\" rel=\"bookmark\" class=\"td-image-wrap\" title=\"Box Internet Fibre: La Tre\u0300s Haute Vitesse et Nos Usages\"><img loading=\"lazy\" decoding=\"async\" class=\"entry-thumb\" src=\"data:image\/png;base64,iVBORw0KGgoAAAANSUhEUgAAAGQAAABGAQMAAAAASKMqAAAAA1BMVEWurq51dlI4AAAAAXRSTlMmkutdmwAAABBJREFUKM9jGAWjYBQMKwAAA9QAAQWBn6cAAAAASUVORK5CYII=\" alt=\"Box Internet Fibre: La Tre\u0300s Haute Vitesse et Nos Usages\" title=\"Box Internet Fibre: La Tre\u0300s Haute Vitesse et Nos Usages\" data-type=\"image_tag\" data-img-url=\"https:\/\/static.africa-press.net\/senegal\/sites\/13\/2026\/04\/sm_1776605585.47136-100x70.jpg\"  width=\"100\" height=\"70\" \/><\/a><\/div>\r\n        <div class=\"item-details\">\r\n            <h3 class=\"entry-title td-module-title\"><a href=\"https:\/\/www.africa-press.net\/senegal\/toutes-les-actualites\/box-internet-fibre-la-tres-haute-vitesse-et-nos-usages\" rel=\"bookmark\" title=\"Box Internet Fibre: La Tre\u0300s Haute Vitesse et Nos Usages\">Box Internet Fibre: La Tre\u0300s Haute Vitesse et Nos Usages<\/a><\/h3>            <div class=\"td-module-meta-info\">\r\n                                                <span class=\"td-post-date\"><time class=\"entry-date updated td-module-date\" datetime=\"2026-03-31T12:02:00+00:00\" >2026-03-31<\/time><\/span>                            <\/div>\r\n        <\/div>\r\n\r\n        <\/div>\r\n\r\n        \n\t<\/div> <!-- .\/td-block-span12 --><\/div><\/div> <!-- .\/block --><\/div><\/div><\/div><\/div><div class=\"tdm_block td_block_wrap tdm_block_button td_uid_106_69f4ba9725d53_rand tdm-block-button-inline tdm-content-horiz-right td-pb-border-top main-box-btn-green-en td_block_template_1\"  data-td-block-uid=\"td_uid_106_69f4ba9725d53\"     >\n<style>\n.td_uid_107_69f4ba97262c8 i:first-child {\r\n\t\t\t\t\tmargin-right: 14px;\r\n\t\t\t\t}\n<\/style><div class=\"tds-button td-fix-index\"><a \r\n                href=\"\/senegal\/Divers\" \r\n                class=\"tds-button1 tdm-btn tdm-btn-sm td_uid_107_69f4ba97262c8\"  target=\"_blank\" ><i class=\"tdc-font-fa tdc-font-fa-arrow-right\"><\/i><span class=\"tdm-btn-text\">Plus de Nouvelles<\/span><\/a><\/div><\/div><\/div><\/div><div class=\"vc_column td_uid_108_69f4ba972688e_rand all-news-block wpb_column vc_column_container tdc-column td-pb-span4\">\n<style scoped>\n\n\/* custom css *\/\n.td_uid_108_69f4ba972688e_rand {\r\n                    vertical-align: baseline;\r\n                }\n<\/style><div class=\"wpb_wrapper\"><div class=\"td_block_wrap td_block_weather td_uid_109_69f4ba9726a8d_rand td-pb-border-top td_block_template_1\"  data-td-block-uid=\"td_uid_109_69f4ba9726a8d\" ><div class=\"td-block-title-wrap\"><\/div><div id=td_uid_109_69f4ba9726a8d class=\"td-weather-wrap td_block_inner td-column-1\"><!-- td weather source: api -->\r\n\t\t<div class=\"td-weather-header\">\r\n\t\t\t<div class=\"td-weather-city\">Lom\u00e9<\/div>\r\n\t\t\t<div class=\"td-weather-condition\">peu nuageux<\/div>\r\n\t\t\t<i class=\"td-location-icon td-icons-location\" data-block-uid=\"td_uid_109_69f4ba9726a8d\"><\/i>\r\n\t\t<\/div>\r\n\r\n\t\t<div class=\"td-weather-set-location\">\r\n\t\t\t<form class=\"td-manual-location-form\" action=\"#\" data-block-uid=\"td_uid_109_69f4ba9726a8d\">\r\n\t\t\t\t<input id=\"td_uid_109_69f4ba9726a8d\" class=\"td-location-set-input\" type=\"text\"\r\n\t\t\t\t\t   name=\"location\" value=\"\">\r\n\t\t\t\t<label>enter location<\/label>\r\n\t\t\t<\/form>\r\n\t\t<\/div>\r\n\r\n\t\t<div class=\"td-weather-temperature\">\r\n\t\t\t<div class=\"td-weather-temp-wrap\">\r\n\t\t\t\t<div class=\"td-weather-animated-icon\">\r\n\t\t\t\t\t<span\r\n\t\t\t\t\t\tclass=\"td_animation_sprite-27-100-80-0-0-1 few-clouds-d td-w-today-icon\"\r\n\t\t\t\t\t\tdata-td-block-uid=\"td_uid_109_69f4ba9726a8d\"><\/span>\r\n\t\t\t\t<\/div>\r\n\t\t\t\t<div class=\"td-weather-now\" data-block-uid=\"td_uid_109_69f4ba9726a8d\">\r\n\t\t\t\t\t<span class=\"td-big-degrees\">32.1<\/span>\r\n\t\t\t\t\t<span class=\"td-circle\">&deg;<\/span>\r\n\t\t\t\t\t<span class=\"td-weather-unit\">C<\/span>\r\n\t\t\t\t<\/div>\r\n\t\t\t\t<div class=\"td-weather-lo-hi\">\r\n\t\t\t\t\t<div class=\"td-weather-degrees-wrap\">\r\n\t\t\t\t\t\t<i class=\"td-up-icon td-icons-arrows-up\"><\/i>\r\n\t\t\t\t\t\t<span\r\n\t\t\t\t\t\t\tclass=\"td-small-degrees td-w-high-temp\">32.1<\/span>\r\n\t\t\t\t\t\t<span class=\"td-circle\">&deg;<\/span>\r\n\t\t\t\t\t<\/div>\r\n\t\t\t\t\t<div class=\"td-weather-degrees-wrap\">\r\n\t\t\t\t\t\t<i class=\"td-down-icon td-icons-arrows-down\"><\/i>\r\n\t\t\t\t\t\t<span\r\n\t\t\t\t\t\t\tclass=\"td-small-degrees td-w-low-temp\">32.1<\/span>\r\n\t\t\t\t\t\t<span class=\"td-circle\">&deg;<\/span>\r\n\t\t\t\t\t<\/div>\r\n\t\t\t\t<\/div>\r\n\t\t\t<\/div>\r\n\t\t<\/div>\r\n\r\n\t\t<div class=\"td-weather-info-wrap\">\r\n\t\t\t<div class=\"td-weather-information\">\r\n\t\t\t\t<div class=\"td-weather-section-1\">\r\n\t\t\t\t\t<i class=\"td-icons-drop\"><\/i>\r\n\t\t\t\t\t<span class=\"td-weather-parameter td-w-today-humidity\">66\t\t\t\t\t\t%<\/span>\r\n\t\t\t\t<\/div>\r\n\t\t\t\t<div class=\"td-weather-section-2\">\r\n\t\t\t\t\t<i class=\"td-icons-wind\"><\/i>\r\n\t\t\t\t\t<span\r\n\t\t\t\t\t\tclass=\"td-weather-parameter td-w-today-wind-speed\">5.1kmh<\/span>\r\n\t\t\t\t<\/div>\r\n\t\t\t\t<div class=\"td-weather-section-3\">\r\n\t\t\t\t\t<i class=\"td-icons-cloud\"><\/i>\r\n\t\t\t\t\t<span class=\"td-weather-parameter td-w-today-clouds\">20\t\t\t\t\t\t%<\/span>\r\n\t\t\t\t<\/div>\r\n\t\t\t<\/div>\r\n\r\n\r\n\t\t\t<div class=\"td-weather-week\">\r\n\t\t\t\t\t\t\t\t\t<div class=\"td-weather-days\">\r\n\t\t\t\t\t\t<div class=\"td-day-0\">ven<\/div>\r\n\r\n\t\t\t\t\t\t<div class=\"td-day-degrees\">\r\n\t\t\t\t\t\t\t<span\r\n\t\t\t\t\t\t\t\tclass=\"td-degrees-0\">32<\/span>\r\n\t\t\t\t\t\t\t<span class=\"td-circle\">&deg;<\/span>\r\n\t\t\t\t\t\t<\/div>\r\n\t\t\t\t\t<\/div>\r\n\t\t\t\t\t\t\t\t\t\t<div class=\"td-weather-days\">\r\n\t\t\t\t\t\t<div class=\"td-day-1\">sam<\/div>\r\n\r\n\t\t\t\t\t\t<div class=\"td-day-degrees\">\r\n\t\t\t\t\t\t\t<span\r\n\t\t\t\t\t\t\t\tclass=\"td-degrees-1\">32<\/span>\r\n\t\t\t\t\t\t\t<span class=\"td-circle\">&deg;<\/span>\r\n\t\t\t\t\t\t<\/div>\r\n\t\t\t\t\t<\/div>\r\n\t\t\t\t\t\t\t\t\t\t<div class=\"td-weather-days\">\r\n\t\t\t\t\t\t<div class=\"td-day-2\">dim<\/div>\r\n\r\n\t\t\t\t\t\t<div class=\"td-day-degrees\">\r\n\t\t\t\t\t\t\t<span\r\n\t\t\t\t\t\t\t\tclass=\"td-degrees-2\">31<\/span>\r\n\t\t\t\t\t\t\t<span class=\"td-circle\">&deg;<\/span>\r\n\t\t\t\t\t\t<\/div>\r\n\t\t\t\t\t<\/div>\r\n\t\t\t\t\t\t\t\t\t\t<div class=\"td-weather-days\">\r\n\t\t\t\t\t\t<div class=\"td-day-3\">lun<\/div>\r\n\r\n\t\t\t\t\t\t<div class=\"td-day-degrees\">\r\n\t\t\t\t\t\t\t<span\r\n\t\t\t\t\t\t\t\tclass=\"td-degrees-3\">32<\/span>\r\n\t\t\t\t\t\t\t<span class=\"td-circle\">&deg;<\/span>\r\n\t\t\t\t\t\t<\/div>\r\n\t\t\t\t\t<\/div>\r\n\t\t\t\t\t\t\t\t\t\t<div class=\"td-weather-days\">\r\n\t\t\t\t\t\t<div class=\"td-day-4\">mar<\/div>\r\n\r\n\t\t\t\t\t\t<div class=\"td-day-degrees\">\r\n\t\t\t\t\t\t\t<span\r\n\t\t\t\t\t\t\t\tclass=\"td-degrees-4\">32<\/span>\r\n\t\t\t\t\t\t\t<span class=\"td-circle\">&deg;<\/span>\r\n\t\t\t\t\t\t<\/div>\r\n\t\t\t\t\t<\/div>\r\n\t\t\t\t\t\t\t\t<\/div>\r\n\t\t<\/div>\r\n\r\n\t\t<\/div><\/div> <!-- .\/block --><\/div><\/div><\/div><\/div><\/div><\/div>\r\n\t\t\t<script>\r\n\r\n\t\t\t\tjQuery(window).load(function () {\r\n\r\n                    var $content = jQuery('body').find('#tdc-live-iframe'),\r\n                        refWindow = undefined;\r\n\r\n                    if ($content.length) {\r\n                        $content = $content.contents();\r\n                        refWindow = document.getElementById('tdc-live-iframe').contentWindow || document.getElementById('tdc-live-iframe').contentDocument;\r\n\r\n                    } else {\r\n                        $content = jQuery('body');\r\n                        refWindow = window;\r\n                    }\r\n\r\n                    $content.find('#td_uid_1_69f4ba93b2a26 .td-element-style').each(function (index, element) {\r\n                        \/\/jQuery(element).css('opacity', 1);\r\n                        return;\r\n                    });\r\n                });\r\n\r\n\t\t\t<\/script>\r\n\r\n\t\t\t","protected":false},"excerpt":{"rendered":"","protected":false},"author":61,"featured_media":0,"parent":0,"menu_order":0,"comment_status":"closed","ping_status":"closed","template":"","meta":{"footnotes":""},"class_list":["post-190","page","type-page","status-publish","hentry"],"yoast_head":"<!-- This site is optimized with the Yoast SEO Premium plugin v26.1 (Yoast SEO v27.0) - https:\/\/yoast.com\/product\/yoast-seo-premium-wordpress\/ -->\n<title>Africa press | Homepage | Senegal<\/title>\n<meta name=\"robots\" content=\"index, follow, max-snippet:-1, max-image-preview:large, max-video-preview:-1\" \/>\n<link rel=\"canonical\" href=\"https:\/\/www.africa-press.net\/senegal\/\" \/>\n<meta property=\"og:locale\" content=\"fr_FR\" \/>\n<meta property=\"og:type\" content=\"article\" \/>\n<meta property=\"og:title\" content=\"senegal\" \/>\n<meta property=\"og:url\" content=\"https:\/\/www.africa-press.net\/senegal\/\" \/>\n<meta property=\"og:site_name\" content=\"Senegal\" \/>\n<meta property=\"article:modified_time\" content=\"2021-01-03T16:32:44+00:00\" \/>\n<meta name=\"twitter:card\" content=\"summary_large_image\" \/>\n<meta name=\"twitter:label1\" content=\"Dur\u00e9e de lecture estim\u00e9e\" \/>\n\t<meta name=\"twitter:data1\" content=\"8 minutes\" \/>\n<script type=\"application\/ld+json\" class=\"yoast-schema-graph\">{\"@context\":\"https:\/\/schema.org\",\"@graph\":[{\"@type\":\"WebPage\",\"@id\":\"https:\/\/www.africa-press.net\/senegal\/\",\"url\":\"https:\/\/www.africa-press.net\/senegal\/\",\"name\":\"Africa press | Homepage | Senegal\",\"isPartOf\":{\"@id\":\"https:\/\/www.africa-press.net\/senegal\/#website\"},\"datePublished\":\"2017-09-28T09:43:30+00:00\",\"dateModified\":\"2021-01-03T16:32:44+00:00\",\"breadcrumb\":{\"@id\":\"https:\/\/www.africa-press.net\/senegal\/#breadcrumb\"},\"inLanguage\":\"fr-FR\",\"potentialAction\":[{\"@type\":\"ReadAction\",\"target\":[\"https:\/\/www.africa-press.net\/senegal\/\"]}]},{\"@type\":\"BreadcrumbList\",\"@id\":\"https:\/\/www.africa-press.net\/senegal\/#breadcrumb\",\"itemListElement\":[{\"@type\":\"ListItem\",\"position\":1,\"name\":\"Accueil\",\"item\":\"https:\/\/www.africa-press.net\/senegal\/\"},{\"@type\":\"ListItem\",\"position\":2,\"name\":\"senegal\"}]},{\"@type\":\"WebSite\",\"@id\":\"https:\/\/www.africa-press.net\/senegal\/#website\",\"url\":\"https:\/\/www.africa-press.net\/senegal\/\",\"name\":\"Africa Press | Senegal | Homepage\",\"description\":\"Just another Africa News Agency Sites site\",\"potentialAction\":[{\"@type\":\"SearchAction\",\"target\":{\"@type\":\"EntryPoint\",\"urlTemplate\":\"https:\/\/www.africa-press.net\/senegal\/?s={search_term_string}\"},\"query-input\":{\"@type\":\"PropertyValueSpecification\",\"valueRequired\":true,\"valueName\":\"search_term_string\"}}],\"inLanguage\":\"fr-FR\"}]}<\/script>\n<!-- \/ Yoast SEO Premium plugin. -->","yoast_head_json":{"title":"Africa press | Homepage | Senegal","robots":{"index":"index","follow":"follow","max-snippet":"max-snippet:-1","max-image-preview":"max-image-preview:large","max-video-preview":"max-video-preview:-1"},"canonical":"https:\/\/www.africa-press.net\/senegal\/","og_locale":"fr_FR","og_type":"article","og_title":"senegal","og_url":"https:\/\/www.africa-press.net\/senegal\/","og_site_name":"Senegal","article_modified_time":"2021-01-03T16:32:44+00:00","twitter_card":"summary_large_image","twitter_misc":{"Dur\u00e9e de lecture estim\u00e9e":"8 minutes"},"schema":{"@context":"https:\/\/schema.org","@graph":[{"@type":"WebPage","@id":"https:\/\/www.africa-press.net\/senegal\/","url":"https:\/\/www.africa-press.net\/senegal\/","name":"Africa press | Homepage | Senegal","isPartOf":{"@id":"https:\/\/www.africa-press.net\/senegal\/#website"},"datePublished":"2017-09-28T09:43:30+00:00","dateModified":"2021-01-03T16:32:44+00:00","breadcrumb":{"@id":"https:\/\/www.africa-press.net\/senegal\/#breadcrumb"},"inLanguage":"fr-FR","potentialAction":[{"@type":"ReadAction","target":["https:\/\/www.africa-press.net\/senegal\/"]}]},{"@type":"BreadcrumbList","@id":"https:\/\/www.africa-press.net\/senegal\/#breadcrumb","itemListElement":[{"@type":"ListItem","position":1,"name":"Accueil","item":"https:\/\/www.africa-press.net\/senegal\/"},{"@type":"ListItem","position":2,"name":"senegal"}]},{"@type":"WebSite","@id":"https:\/\/www.africa-press.net\/senegal\/#website","url":"https:\/\/www.africa-press.net\/senegal\/","name":"Africa Press | Senegal | Homepage","description":"Just another Africa News Agency Sites site","potentialAction":[{"@type":"SearchAction","target":{"@type":"EntryPoint","urlTemplate":"https:\/\/www.africa-press.net\/senegal\/?s={search_term_string}"},"query-input":{"@type":"PropertyValueSpecification","valueRequired":true,"valueName":"search_term_string"}}],"inLanguage":"fr-FR"}]}},"_links":{"self":[{"href":"https:\/\/www.africa-press.net\/senegal\/wp-json\/wp\/v2\/pages\/190","targetHints":{"allow":["GET"]}}],"collection":[{"href":"https:\/\/www.africa-press.net\/senegal\/wp-json\/wp\/v2\/pages"}],"about":[{"href":"https:\/\/www.africa-press.net\/senegal\/wp-json\/wp\/v2\/types\/page"}],"author":[{"embeddable":true,"href":"https:\/\/www.africa-press.net\/senegal\/wp-json\/wp\/v2\/users\/61"}],"replies":[{"embeddable":true,"href":"https:\/\/www.africa-press.net\/senegal\/wp-json\/wp\/v2\/comments?post=190"}],"version-history":[{"count":0,"href":"https:\/\/www.africa-press.net\/senegal\/wp-json\/wp\/v2\/pages\/190\/revisions"}],"wp:attachment":[{"href":"https:\/\/www.africa-press.net\/senegal\/wp-json\/wp\/v2\/media?parent=190"}],"curies":[{"name":"wp","href":"https:\/\/api.w.org\/{rel}","templated":true}]}}